{"id":33379,"date":"2024-05-25T01:30:21","date_gmt":"2024-05-24T23:30:21","guid":{"rendered":"https:\/\/groupecoiff.com\/?post_type=product&#038;p=33379"},"modified":"2024-10-21T07:54:22","modified_gmt":"2024-10-21T05:54:22","slug":"tattoo-stand-pro-ink-701","status":"publish","type":"product","link":"https:\/\/groupecoiff.com\/en\/produit\/desserte-de-tatouage-pro-ink-701\/","title":{"rendered":"Desserte de tatouage Pro Ink 701"},"content":{"rendered":"<ul>\n<li>\n<h5>Pro Ink 701 Tattoo Stand: The Ideal Workstation for Demanding Tattooers<\/h5>\n<\/li>\n<\/ul>\n<p>The Pro Ink 701 tattoo table, with its solid steel structure, guarantees a long service life. This professional tattoo furniture withstands the most demanding working environments.<\/p>\n<h5>Optimal Organization<\/h5>\n<p>The Pro Ink 701 tattoo station features sturdy drawers with discreet handles. The aluminum table top is easy to clean, ideal for carefree handling of pigments.<\/p>\n<h5>Spacious storage<\/h5>\n<p>Ce poste de tatouage Pro Ink 701 est \u00e9quip\u00e9 de trois petits tiroirs \u00e0 l&rsquo;avant et d&rsquo;une grande armoire spacieuse. Parfait pour organiser tout votre \u00e9quipement de tatouage et vos accessoires essentiels.<\/p>\n<h5>Integrated power and USB sockets<\/h5>\n<p>Vertical drawers on the sides include two power outlets and two USB sockets. The rear cable organizer keeps your cables tidy and accessible.<\/p>\n<h5>Easy Mobility<\/h5>\n<p>Rubberized wheels with brakes make the Pro Ink 701 mobile workstation easy to move, despite its 75 kg weight. Move this Pro Ink 701 tattoo unit effortlessly wherever you need it.<\/p>\n<h5>Technical specifications<\/h5>\n<p>- Height: 83 cm<br \/>\n- Top dimensions: 68 x 50.5 cm<br \/>\n- Internal dimensions of smaller drawers: 55 x 29 x 7.5 cm<br \/>\n- Internal dimensions of large drawer: 55 x 29 x 25 cm<br \/>\n&#8211; Largeur de l&rsquo;extension : 13 cm<br \/>\n- Weight: 75 kg<\/p>\n<p>Why choose the Pro Ink 701 Tattoo Gun Stand?<\/p>\n<p>This professional tattoo furniture combines sturdiness, organization and mobility. It's designed to improve your efficiency and optimize your workspace.<\/p>","protected":false},"excerpt":{"rendered":"<p>D\u00e9couvrez le poste de travail Pro Ink 701, con\u00e7u pour optimiser l&rsquo;espace et l&rsquo;efficacit\u00e9 des tatoueurs professionnels.<\/p>","protected":false},"featured_media":34066,"comment_status":"open","ping_status":"closed","template":"","meta":{"googlesitekit_rrm_CAow0YCiDA:productID":"","jetpack_post_was_ever_published":false,"jetpack_publicize_message":"","jetpack_publicize_feature_enabled":true,"jetpack_social_post_already_shared":true,"jetpack_social_options":{"image_generator_settings":{"template":"highway","default_image_id":0,"font":"","enabled":false},"version":2}},"product_brand":[],"product_cat":[47,61],"product_tag":[359,360,358,361],"class_list":{"0":"post-33379","1":"product","2":"type-product","3":"status-publish","4":"has-post-thumbnail","6":"product_cat-chariots","7":"product_cat-mobilier-esthetique","8":"product_tag-desserte-de-tatouage","9":"product_tag-mobilier-de-tatouage-professionnel","10":"product_tag-poste-de-travail-mobile","11":"product_tag-servante-de-tatouage","13":"first","14":"instock","15":"featured","16":"taxable","17":"shipping-taxable","18":"purchasable","19":"product-type-simple"},"yoast_head":"<!-- This site is optimized with the Yoast SEO Premium plugin v27.4 (Yoast SEO v27.4) - https:\/\/yoast.com\/product\/yoast-seo-premium-wordpress\/ -->\n<title>La Desserte de Tatouage Pro Ink 701 - R\u00e9sistante et Pratique - Groupe Coiff<\/title>\n<meta name=\"description\" content=\"Offrez-vous une desserte de tatouage durable et pratique avec le mod\u00e8le Pro Ink 701. Parfait pour les professionnels exigeants.\" \/>\n<meta name=\"robots\" content=\"index, follow, max-snippet:-1, max-image-preview:large, max-video-preview:-1\" \/>\n<link rel=\"canonical\" href=\"https:\/\/groupecoiff.com\/en\/product-2\/tattoo-stand-pro-ink-701\/\" \/>\n<meta property=\"og:locale\" content=\"en_US\" \/>\n<meta property=\"og:type\" content=\"article\" \/>\n<meta property=\"og:title\" content=\"Desserte de tatouage Pro Ink 701\" \/>\n<meta property=\"og:description\" content=\"Offrez-vous une desserte de tatouage durable et pratique avec le mod\u00e8le Pro Ink 701. Parfait pour les professionnels exigeants.\" \/>\n<meta property=\"og:url\" content=\"https:\/\/groupecoiff.com\/en\/product-2\/tattoo-stand-pro-ink-701\/\" \/>\n<meta property=\"og:site_name\" content=\"Groupe Coiff\" \/>\n<meta property=\"article:publisher\" content=\"https:\/\/www.facebook.com\/GroupeCoiff\" \/>\n<meta property=\"article:modified_time\" content=\"2024-10-21T05:54:22+00:00\" \/>\n<meta property=\"og:image\" content=\"https:\/\/groupecoiff.com\/wp-content\/uploads\/2024\/05\/Servante-de-tatouage-Pro-Ink-701-7.webp\" \/>\n\t<meta property=\"og:image:width\" content=\"1080\" \/>\n\t<meta property=\"og:image:height\" content=\"1080\" \/>\n\t<meta property=\"og:image:type\" content=\"image\/webp\" \/>\n<meta name=\"twitter:card\" content=\"summary_large_image\" \/>\n<meta name=\"twitter:site\" content=\"@groupecoiff\" \/>\n<meta name=\"twitter:label1\" content=\"Price\" \/>\n\t<meta name=\"twitter:data1\" content=\"949,00&nbsp;&euro;\" \/>\n\t<meta name=\"twitter:label2\" content=\"Availability\" \/>\n\t<meta name=\"twitter:data2\" content=\"In stock\" \/>\n<script type=\"application\/ld+json\" class=\"yoast-schema-graph\">{\"@context\":\"https:\\\/\\\/schema.org\",\"@graph\":[{\"@type\":\"WebPage\",\"@id\":\"https:\\\/\\\/groupecoiff.com\\\/produit\\\/desserte-de-tatouage-pro-ink-701\\\/\",\"url\":\"https:\\\/\\\/groupecoiff.com\\\/produit\\\/desserte-de-tatouage-pro-ink-701\\\/\",\"name\":\"La Desserte de Tatouage Pro Ink 701 - R\u00e9sistante et Pratique - Groupe Coiff\",\"isPartOf\":{\"@id\":\"https:\\\/\\\/groupecoiff.com\\\/#website\"},\"primaryImageOfPage\":{\"@id\":\"https:\\\/\\\/groupecoiff.com\\\/produit\\\/desserte-de-tatouage-pro-ink-701\\\/#primaryimage\"},\"image\":{\"@id\":\"https:\\\/\\\/groupecoiff.com\\\/produit\\\/desserte-de-tatouage-pro-ink-701\\\/#primaryimage\"},\"thumbnailUrl\":\"https:\\\/\\\/groupecoiff.com\\\/wp-content\\\/uploads\\\/2024\\\/05\\\/Servante-de-tatouage-Pro-Ink-701-7.webp\",\"datePublished\":\"2024-05-24T23:30:21+00:00\",\"dateModified\":\"2024-10-21T05:54:22+00:00\",\"description\":\"Offrez-vous une desserte de tatouage durable et pratique avec le mod\u00e8le Pro Ink 701. Parfait pour les professionnels exigeants.\",\"breadcrumb\":{\"@id\":\"https:\\\/\\\/groupecoiff.com\\\/produit\\\/desserte-de-tatouage-pro-ink-701\\\/#breadcrumb\"},\"inLanguage\":\"en-US\",\"potentialAction\":[{\"@type\":\"ReadAction\",\"target\":[\"https:\\\/\\\/groupecoiff.com\\\/produit\\\/desserte-de-tatouage-pro-ink-701\\\/\"]}]},{\"@type\":\"ImageObject\",\"inLanguage\":\"en-US\",\"@id\":\"https:\\\/\\\/groupecoiff.com\\\/produit\\\/desserte-de-tatouage-pro-ink-701\\\/#primaryimage\",\"url\":\"https:\\\/\\\/groupecoiff.com\\\/wp-content\\\/uploads\\\/2024\\\/05\\\/Servante-de-tatouage-Pro-Ink-701-7.webp\",\"contentUrl\":\"https:\\\/\\\/groupecoiff.com\\\/wp-content\\\/uploads\\\/2024\\\/05\\\/Servante-de-tatouage-Pro-Ink-701-7.webp\",\"width\":1080,\"height\":1080,\"caption\":\"Desserte de tatouage Pro Ink 701 - Servante de tatouage Pro Ink 701 - Poste de tatouage Pro Ink 701 -Mobilier de tatouage professionnel - Poste de travail mobile Pro Ink 701\"},{\"@type\":\"BreadcrumbList\",\"@id\":\"https:\\\/\\\/groupecoiff.com\\\/produit\\\/desserte-de-tatouage-pro-ink-701\\\/#breadcrumb\",\"itemListElement\":[{\"@type\":\"ListItem\",\"position\":1,\"name\":\"Accueil\",\"item\":\"https:\\\/\\\/groupecoiff.com\\\/\"},{\"@type\":\"ListItem\",\"position\":2,\"name\":\"Boutique\",\"item\":\"https:\\\/\\\/groupecoiff.com\\\/boutique\\\/\"},{\"@type\":\"ListItem\",\"position\":3,\"name\":\"Desserte de tatouage Pro Ink 701\"}]},{\"@type\":\"WebSite\",\"@id\":\"https:\\\/\\\/groupecoiff.com\\\/#website\",\"url\":\"https:\\\/\\\/groupecoiff.com\\\/\",\"name\":\"Groupe Coiff\",\"description\":\"Tout pour la coiffure\",\"publisher\":{\"@id\":\"https:\\\/\\\/groupecoiff.com\\\/#organization\"},\"potentialAction\":[{\"@type\":\"SearchAction\",\"target\":{\"@type\":\"EntryPoint\",\"urlTemplate\":\"https:\\\/\\\/groupecoiff.com\\\/?s={search_term_string}\"},\"query-input\":{\"@type\":\"PropertyValueSpecification\",\"valueRequired\":true,\"valueName\":\"search_term_string\"}}],\"inLanguage\":\"en-US\"},{\"@type\":\"Organization\",\"@id\":\"https:\\\/\\\/groupecoiff.com\\\/#organization\",\"name\":\"Groupe Coiff\",\"alternateName\":\"Groupe Coiff : Le Mobilier De Coiffure Haut de Gamme Pour Une \u00c9l\u00e9gance In\u00e9gal\u00e9e\",\"url\":\"https:\\\/\\\/groupecoiff.com\\\/\",\"logo\":{\"@type\":\"ImageObject\",\"inLanguage\":\"en-US\",\"@id\":\"https:\\\/\\\/groupecoiff.com\\\/#\\\/schema\\\/logo\\\/image\\\/\",\"url\":\"https:\\\/\\\/groupecoiff.com\\\/wp-content\\\/uploads\\\/2024\\\/01\\\/cropped-Groupe-Coiff-Logo.webp\",\"contentUrl\":\"https:\\\/\\\/groupecoiff.com\\\/wp-content\\\/uploads\\\/2024\\\/01\\\/cropped-Groupe-Coiff-Logo.webp\",\"width\":512,\"height\":512,\"caption\":\"Groupe Coiff\"},\"image\":{\"@id\":\"https:\\\/\\\/groupecoiff.com\\\/#\\\/schema\\\/logo\\\/image\\\/\"},\"sameAs\":[\"https:\\\/\\\/www.facebook.com\\\/GroupeCoiff\",\"https:\\\/\\\/x.com\\\/groupecoiff\",\"https:\\\/\\\/www.instagram.com\\\/groupecoiff\\\/\",\"https:\\\/\\\/www.tiktok.com\\\/@groupecoiff\",\"https:\\\/\\\/www.youtube.com\\\/@groupecoiff\",\"https:\\\/\\\/twitter.com\\\/groupecoiff\",\"https:\\\/\\\/www.leboncoin.fr\\\/boutique\\\/3961302\\\/groupe_coiff.htm\"],\"description\":\"D\u00e9couvrez le mobilier de coiffure haut de gamme de Groupe Coiff, alliant \u00e9l\u00e9gance et fonctionnalit\u00e9 pour sublimer votre salon et satisfaire vos clients.\",\"email\":\"contact@groupecoiff.com\",\"telephone\":\"0676951605\",\"legalName\":\"Groupe Coiff\",\"foundingDate\":\"2022-11-16\",\"vatID\":\"FR84921406419\",\"taxID\":\"92140641900025\"}]}<\/script>\n<meta property=\"product:price:amount\" content=\"949.00\" \/>\n<meta property=\"product:price:currency\" content=\"EUR\" \/>\n<meta property=\"og:availability\" content=\"instock\" \/>\n<meta property=\"product:availability\" content=\"instock\" \/>\n<meta property=\"product:condition\" content=\"new\" \/>\n<!-- \/ Yoast SEO Premium plugin. -->","yoast_head_json":{"title":"Pro Ink 701 Tattoo Stand - Durable and Practical - Groupe Coiff","description":"Treat yourself to a durable and practical tattoo stand with the Pro Ink 701. Perfect for demanding professionals.","robots":{"index":"index","follow":"follow","max-snippet":"max-snippet:-1","max-image-preview":"max-image-preview:large","max-video-preview":"max-video-preview:-1"},"canonical":"https:\/\/groupecoiff.com\/en\/product-2\/tattoo-stand-pro-ink-701\/","og_locale":"en_US","og_type":"article","og_title":"Desserte de tatouage Pro Ink 701","og_description":"Offrez-vous une desserte de tatouage durable et pratique avec le mod\u00e8le Pro Ink 701. Parfait pour les professionnels exigeants.","og_url":"https:\/\/groupecoiff.com\/en\/product-2\/tattoo-stand-pro-ink-701\/","og_site_name":"Groupe Coiff","article_publisher":"https:\/\/www.facebook.com\/GroupeCoiff","article_modified_time":"2024-10-21T05:54:22+00:00","og_image":[{"width":1080,"height":1080,"url":"https:\/\/groupecoiff.com\/wp-content\/uploads\/2024\/05\/Servante-de-tatouage-Pro-Ink-701-7.webp","type":"image\/webp"}],"twitter_card":"summary_large_image","twitter_site":"@groupecoiff","twitter_misc":{"Price":"949,00&nbsp;&euro;","Availability":"In stock"},"schema":{"@context":"https:\/\/schema.org","@graph":[{"@type":"WebPage","@id":"https:\/\/groupecoiff.com\/produit\/desserte-de-tatouage-pro-ink-701\/","url":"https:\/\/groupecoiff.com\/produit\/desserte-de-tatouage-pro-ink-701\/","name":"Pro Ink 701 Tattoo Stand - Durable and Practical - Groupe Coiff","isPartOf":{"@id":"https:\/\/groupecoiff.com\/#website"},"primaryImageOfPage":{"@id":"https:\/\/groupecoiff.com\/produit\/desserte-de-tatouage-pro-ink-701\/#primaryimage"},"image":{"@id":"https:\/\/groupecoiff.com\/produit\/desserte-de-tatouage-pro-ink-701\/#primaryimage"},"thumbnailUrl":"https:\/\/groupecoiff.com\/wp-content\/uploads\/2024\/05\/Servante-de-tatouage-Pro-Ink-701-7.webp","datePublished":"2024-05-24T23:30:21+00:00","dateModified":"2024-10-21T05:54:22+00:00","description":"Treat yourself to a durable and practical tattoo stand with the Pro Ink 701. Perfect for demanding professionals.","breadcrumb":{"@id":"https:\/\/groupecoiff.com\/produit\/desserte-de-tatouage-pro-ink-701\/#breadcrumb"},"inLanguage":"en-US","potentialAction":[{"@type":"ReadAction","target":["https:\/\/groupecoiff.com\/produit\/desserte-de-tatouage-pro-ink-701\/"]}]},{"@type":"ImageObject","inLanguage":"en-US","@id":"https:\/\/groupecoiff.com\/produit\/desserte-de-tatouage-pro-ink-701\/#primaryimage","url":"https:\/\/groupecoiff.com\/wp-content\/uploads\/2024\/05\/Servante-de-tatouage-Pro-Ink-701-7.webp","contentUrl":"https:\/\/groupecoiff.com\/wp-content\/uploads\/2024\/05\/Servante-de-tatouage-Pro-Ink-701-7.webp","width":1080,"height":1080,"caption":"Desserte de tatouage Pro Ink 701 - Servante de tatouage Pro Ink 701 - Poste de tatouage Pro Ink 701 -Mobilier de tatouage professionnel - Poste de travail mobile Pro Ink 701"},{"@type":"BreadcrumbList","@id":"https:\/\/groupecoiff.com\/produit\/desserte-de-tatouage-pro-ink-701\/#breadcrumb","itemListElement":[{"@type":"ListItem","position":1,"name":"Accueil","item":"https:\/\/groupecoiff.com\/"},{"@type":"ListItem","position":2,"name":"Boutique","item":"https:\/\/groupecoiff.com\/boutique\/"},{"@type":"ListItem","position":3,"name":"Desserte de tatouage Pro Ink 701"}]},{"@type":"WebSite","@id":"https:\/\/groupecoiff.com\/#website","url":"https:\/\/groupecoiff.com\/","name":"Coiff Group","description":"Everything for the hairdresser","publisher":{"@id":"https:\/\/groupecoiff.com\/#organization"},"potentialAction":[{"@type":"SearchAction","target":{"@type":"EntryPoint","urlTemplate":"https:\/\/groupecoiff.com\/?s={search_term_string}"},"query-input":{"@type":"PropertyValueSpecification","valueRequired":true,"valueName":"search_term_string"}}],"inLanguage":"en-US"},{"@type":"Organization","@id":"https:\/\/groupecoiff.com\/#organization","name":"Coiff Group","alternateName":"Groupe Coiff : Le Mobilier De Coiffure Haut de Gamme Pour Une \u00c9l\u00e9gance In\u00e9gal\u00e9e","url":"https:\/\/groupecoiff.com\/","logo":{"@type":"ImageObject","inLanguage":"en-US","@id":"https:\/\/groupecoiff.com\/#\/schema\/logo\/image\/","url":"https:\/\/groupecoiff.com\/wp-content\/uploads\/2024\/01\/cropped-Groupe-Coiff-Logo.webp","contentUrl":"https:\/\/groupecoiff.com\/wp-content\/uploads\/2024\/01\/cropped-Groupe-Coiff-Logo.webp","width":512,"height":512,"caption":"Groupe Coiff"},"image":{"@id":"https:\/\/groupecoiff.com\/#\/schema\/logo\/image\/"},"sameAs":["https:\/\/www.facebook.com\/GroupeCoiff","https:\/\/x.com\/groupecoiff","https:\/\/www.instagram.com\/groupecoiff\/","https:\/\/www.tiktok.com\/@groupecoiff","https:\/\/www.youtube.com\/@groupecoiff","https:\/\/twitter.com\/groupecoiff","https:\/\/www.leboncoin.fr\/boutique\/3961302\/groupe_coiff.htm"],"description":"Discover Groupe Coiff's top-of-the-range hairdressing furniture, combining elegance and functionality to enhance your salon and satisfy your customers.","email":"contact@groupecoiff.com","telephone":"0676951605","legalName":"Groupe Coiff","foundingDate":"2022-11-16","vatID":"FR84921406419","taxID":"92140641900025"}]},"product_price_amount":"949.00","product_price_currency":"EUR","og_availability":"instock","product_availability":"instock","product_condition":"new"},"jetpack_publicize_connections":[],"jetpack_likes_enabled":true,"jetpack_sharing_enabled":true,"_links":{"self":[{"href":"https:\/\/groupecoiff.com\/en\/wp-json\/wp\/v2\/product\/33379","targetHints":{"allow":["GET"]}}],"collection":[{"href":"https:\/\/groupecoiff.com\/en\/wp-json\/wp\/v2\/product"}],"about":[{"href":"https:\/\/groupecoiff.com\/en\/wp-json\/wp\/v2\/types\/product"}],"replies":[{"embeddable":true,"href":"https:\/\/groupecoiff.com\/en\/wp-json\/wp\/v2\/comments?post=33379"}],"version-history":[{"count":0,"href":"https:\/\/groupecoiff.com\/en\/wp-json\/wp\/v2\/product\/33379\/revisions"}],"wp:featuredmedia":[{"embeddable":true,"href":"https:\/\/groupecoiff.com\/en\/wp-json\/wp\/v2\/media\/34066"}],"wp:attachment":[{"href":"https:\/\/groupecoiff.com\/en\/wp-json\/wp\/v2\/media?parent=33379"}],"wp:term":[{"taxonomy":"product_brand","embeddable":true,"href":"https:\/\/groupecoiff.com\/en\/wp-json\/wp\/v2\/product_brand?post=33379"},{"taxonomy":"product_cat","embeddable":true,"href":"https:\/\/groupecoiff.com\/en\/wp-json\/wp\/v2\/product_cat?post=33379"},{"taxonomy":"product_tag","embeddable":true,"href":"https:\/\/groupecoiff.com\/en\/wp-json\/wp\/v2\/product_tag?post=33379"}],"curies":[{"name":"wp","href":"https:\/\/api.w.org\/{rel}","templated":true}]}}