{"id":33567,"date":"2024-06-04T20:27:59","date_gmt":"2024-06-04T18:27:59","guid":{"rendered":"https:\/\/groupecoiff.com\/?post_type=product&#038;p=33567"},"modified":"2024-11-15T17:45:55","modified_gmt":"2024-11-15T16:45:55","slug":"fauteuil-esthetique-electrique-ivette","status":"publish","type":"product","link":"https:\/\/groupecoiff.com\/en\/produit\/fauteuil-esthetique-electrique-ivette\/","title":{"rendered":"Ivette Electric Aesthetic Chair"},"content":{"rendered":"<ul>\n<li>\n<h5>Ivette Electric Treatment Chair: The Alliance of Style and Comfort<\/h5>\n<\/li>\n<\/ul>\n<p>The Ivette Electric Aesthetic Chair is the quintessence of comfort and convenience, offering unmatched satisfaction for aesthetic professionals and their clients. This high-end chair is essential to guarantee a perfect aesthetic treatment session.<\/p>\n<h5>Advanced Technology for Perfect Adjustment<\/h5>\n<p>Equipped with a single motor, the chair allows electric height adjustment of the seat between 59 cm and 85 cm. The backrest and seat are hydraulically reclining, while the leg rest is manually adjustable, offering total flexibility to adapt to each client.<\/p>\n<h5>Technical specifications<\/h5>\n<p>Motor: 1 motor for precise adjustment.<br \/>\nAdjustments: Electric seat height, hydraulically reclining backrest and seat, manually reclining leg rest.<br \/>\nSeat Height: Adjustable from 59 cm to 85 cm.<br \/>\nUpholstery: High-quality eco leather, easy to clean.<br \/>\nTrendelenburg Function: Allows an inclination where the legs are higher than the head.<br \/>\nLoad Capacity: Up to 150 kg.<br \/>\nColor: Elegant white.<br \/>\nDimensions: Width of 58 cm.<br \/>\nWeight: 95 kg.<br \/>\nHorizontal Position: Possibility to position the chair completely flat.<\/p>\n<h5>Design and Durability<\/h5>\n<p>The sleek and modern design of the Ivette Electric Treatment Chair integrates perfectly into any professional environment. Its robust construction and Eco leather upholstery give it exceptional longevity, while being an aesthetic choice of the highest order.<\/p>","protected":false},"excerpt":{"rendered":"<p>Le Fauteuil de Soins \u00c9lectrique Ivette, un bijou de l'esth\u00e9tique. R\u00e9glage en hauteur \u00e9lectrique pour des s\u00e9ances parfaites. Le choix des pros! \ud83d\udc85<\/p>","protected":false},"featured_media":33573,"comment_status":"open","ping_status":"closed","template":"","meta":{"googlesitekit_rrm_CAow0YCiDA:productID":"","jetpack_post_was_ever_published":false,"jetpack_publicize_message":"","jetpack_publicize_feature_enabled":true,"jetpack_social_post_already_shared":true,"jetpack_social_options":{"image_generator_settings":{"template":"highway","default_image_id":0,"font":"","enabled":false},"version":2}},"product_brand":[],"product_cat":[486,61],"product_tag":[345,369,370,330,360,368,125,362,364],"class_list":{"0":"post-33567","1":"product","2":"type-product","3":"status-publish","4":"has-post-thumbnail","6":"product_cat-fauteuil-de-soins-esthetique","7":"product_cat-mobilier-esthetique","8":"product_tag-equipements-de-coiffure-professionnel","9":"product_tag-fauteuil-de-soins-electrique","10":"product_tag-fauteuil-esthetique-electrique","11":"product_tag-fauteuil-spa","12":"product_tag-mobilier-de-tatouage-professionnel","13":"product_tag-mobilier-esthetique-professionnel","14":"product_tag-salon-de-coiffure","15":"product_tag-table-de-massage","16":"product_tag-table-de-massage-professionnel","18":"first","19":"instock","20":"featured","21":"taxable","22":"shipping-taxable","23":"purchasable","24":"product-type-simple"},"yoast_head":"<!-- This site is optimized with the Yoast SEO Premium plugin v27.4 (Yoast SEO v27.4) - https:\/\/yoast.com\/product\/yoast-seo-premium-wordpress\/ -->\n<title>Fauteuil Esth\u00e9tique \u00c9lectrique Ivette: Luxe et Performance - Groupe Coiff<\/title>\n<meta name=\"description\" content=\"Profitez d&#039;une satisfaction in\u00e9gal\u00e9e avec le Fauteuil Esth\u00e9tique \u00c9lectrique Ivette. Un choix essentiel pour les professionnels de l&#039;esth\u00e9tique!\" \/>\n<meta name=\"robots\" content=\"index, follow, max-snippet:-1, max-image-preview:large, max-video-preview:-1\" \/>\n<link rel=\"canonical\" href=\"https:\/\/groupecoiff.com\/en\/product-2\/fauteuil-esthetique-electrique-ivette\/\" \/>\n<meta property=\"og:locale\" content=\"en_US\" \/>\n<meta property=\"og:type\" content=\"article\" \/>\n<meta property=\"og:title\" content=\"Fauteuil Esth\u00e9tique \u00c9lectrique Ivette\" \/>\n<meta property=\"og:description\" content=\"Profitez d&#039;une satisfaction in\u00e9gal\u00e9e avec le Fauteuil Esth\u00e9tique \u00c9lectrique Ivette. Un choix essentiel pour les professionnels de l&#039;esth\u00e9tique!\" \/>\n<meta property=\"og:url\" content=\"https:\/\/groupecoiff.com\/en\/product-2\/fauteuil-esthetique-electrique-ivette\/\" \/>\n<meta property=\"og:site_name\" content=\"Groupe Coiff\" \/>\n<meta property=\"article:publisher\" content=\"https:\/\/www.facebook.com\/GroupeCoiff\" \/>\n<meta property=\"article:modified_time\" content=\"2024-11-15T16:45:55+00:00\" \/>\n<meta property=\"og:image\" content=\"https:\/\/groupecoiff.com\/wp-content\/uploads\/2024\/06\/Fauteuil-Esthetique-Electrique-Ivette-6.webp\" \/>\n\t<meta property=\"og:image:width\" content=\"1080\" \/>\n\t<meta property=\"og:image:height\" content=\"1080\" \/>\n\t<meta property=\"og:image:type\" content=\"image\/webp\" \/>\n<meta name=\"twitter:card\" content=\"summary_large_image\" \/>\n<meta name=\"twitter:site\" content=\"@groupecoiff\" \/>\n<meta name=\"twitter:label1\" content=\"Price\" \/>\n\t<meta name=\"twitter:data1\" content=\"1549,00&nbsp;&euro;\" \/>\n\t<meta name=\"twitter:label2\" content=\"Availability\" \/>\n\t<meta name=\"twitter:data2\" content=\"In stock\" \/>\n<script type=\"application\/ld+json\" class=\"yoast-schema-graph\">{\"@context\":\"https:\\\/\\\/schema.org\",\"@graph\":[{\"@type\":\"WebPage\",\"@id\":\"https:\\\/\\\/groupecoiff.com\\\/produit\\\/fauteuil-esthetique-electrique-ivette\\\/\",\"url\":\"https:\\\/\\\/groupecoiff.com\\\/produit\\\/fauteuil-esthetique-electrique-ivette\\\/\",\"name\":\"Fauteuil Esth\u00e9tique \u00c9lectrique Ivette: Luxe et Performance - Groupe Coiff\",\"isPartOf\":{\"@id\":\"https:\\\/\\\/groupecoiff.com\\\/#website\"},\"primaryImageOfPage\":{\"@id\":\"https:\\\/\\\/groupecoiff.com\\\/produit\\\/fauteuil-esthetique-electrique-ivette\\\/#primaryimage\"},\"image\":{\"@id\":\"https:\\\/\\\/groupecoiff.com\\\/produit\\\/fauteuil-esthetique-electrique-ivette\\\/#primaryimage\"},\"thumbnailUrl\":\"https:\\\/\\\/groupecoiff.com\\\/wp-content\\\/uploads\\\/2024\\\/06\\\/Fauteuil-Esthetique-Electrique-Ivette-6.webp\",\"datePublished\":\"2024-06-04T18:27:59+00:00\",\"dateModified\":\"2024-11-15T16:45:55+00:00\",\"description\":\"Profitez d'une satisfaction in\u00e9gal\u00e9e avec le Fauteuil Esth\u00e9tique \u00c9lectrique Ivette. Un choix essentiel pour les professionnels de l'esth\u00e9tique!\",\"breadcrumb\":{\"@id\":\"https:\\\/\\\/groupecoiff.com\\\/produit\\\/fauteuil-esthetique-electrique-ivette\\\/#breadcrumb\"},\"inLanguage\":\"en-US\",\"potentialAction\":[{\"@type\":\"ReadAction\",\"target\":[\"https:\\\/\\\/groupecoiff.com\\\/produit\\\/fauteuil-esthetique-electrique-ivette\\\/\"]}]},{\"@type\":\"ImageObject\",\"inLanguage\":\"en-US\",\"@id\":\"https:\\\/\\\/groupecoiff.com\\\/produit\\\/fauteuil-esthetique-electrique-ivette\\\/#primaryimage\",\"url\":\"https:\\\/\\\/groupecoiff.com\\\/wp-content\\\/uploads\\\/2024\\\/06\\\/Fauteuil-Esthetique-Electrique-Ivette-6.webp\",\"contentUrl\":\"https:\\\/\\\/groupecoiff.com\\\/wp-content\\\/uploads\\\/2024\\\/06\\\/Fauteuil-Esthetique-Electrique-Ivette-6.webp\",\"width\":1080,\"height\":1080,\"caption\":\"Fauteuil Esth\u00e9tique \u00c9lectrique Ivette - Fauteuil de Soins \u00c9lectrique Ivette - Table Esth\u00e9tique professionnelle Ivette - Table de massage \u00e9lectrique - mobilier Esth\u00e9tique haut de gamme\"},{\"@type\":\"BreadcrumbList\",\"@id\":\"https:\\\/\\\/groupecoiff.com\\\/produit\\\/fauteuil-esthetique-electrique-ivette\\\/#breadcrumb\",\"itemListElement\":[{\"@type\":\"ListItem\",\"position\":1,\"name\":\"Accueil\",\"item\":\"https:\\\/\\\/groupecoiff.com\\\/\"},{\"@type\":\"ListItem\",\"position\":2,\"name\":\"Boutique\",\"item\":\"https:\\\/\\\/groupecoiff.com\\\/boutique\\\/\"},{\"@type\":\"ListItem\",\"position\":3,\"name\":\"Fauteuil Esth\u00e9tique \u00c9lectrique Ivette\"}]},{\"@type\":\"WebSite\",\"@id\":\"https:\\\/\\\/groupecoiff.com\\\/#website\",\"url\":\"https:\\\/\\\/groupecoiff.com\\\/\",\"name\":\"Groupe Coiff\",\"description\":\"Tout pour la coiffure\",\"publisher\":{\"@id\":\"https:\\\/\\\/groupecoiff.com\\\/#organization\"},\"potentialAction\":[{\"@type\":\"SearchAction\",\"target\":{\"@type\":\"EntryPoint\",\"urlTemplate\":\"https:\\\/\\\/groupecoiff.com\\\/?s={search_term_string}\"},\"query-input\":{\"@type\":\"PropertyValueSpecification\",\"valueRequired\":true,\"valueName\":\"search_term_string\"}}],\"inLanguage\":\"en-US\"},{\"@type\":\"Organization\",\"@id\":\"https:\\\/\\\/groupecoiff.com\\\/#organization\",\"name\":\"Groupe Coiff\",\"alternateName\":\"Groupe Coiff : Le Mobilier De Coiffure Haut de Gamme Pour Une \u00c9l\u00e9gance In\u00e9gal\u00e9e\",\"url\":\"https:\\\/\\\/groupecoiff.com\\\/\",\"logo\":{\"@type\":\"ImageObject\",\"inLanguage\":\"en-US\",\"@id\":\"https:\\\/\\\/groupecoiff.com\\\/#\\\/schema\\\/logo\\\/image\\\/\",\"url\":\"https:\\\/\\\/groupecoiff.com\\\/wp-content\\\/uploads\\\/2024\\\/01\\\/cropped-Groupe-Coiff-Logo.webp\",\"contentUrl\":\"https:\\\/\\\/groupecoiff.com\\\/wp-content\\\/uploads\\\/2024\\\/01\\\/cropped-Groupe-Coiff-Logo.webp\",\"width\":512,\"height\":512,\"caption\":\"Groupe Coiff\"},\"image\":{\"@id\":\"https:\\\/\\\/groupecoiff.com\\\/#\\\/schema\\\/logo\\\/image\\\/\"},\"sameAs\":[\"https:\\\/\\\/www.facebook.com\\\/GroupeCoiff\",\"https:\\\/\\\/x.com\\\/groupecoiff\",\"https:\\\/\\\/www.instagram.com\\\/groupecoiff\\\/\",\"https:\\\/\\\/www.tiktok.com\\\/@groupecoiff\",\"https:\\\/\\\/www.youtube.com\\\/@groupecoiff\",\"https:\\\/\\\/twitter.com\\\/groupecoiff\",\"https:\\\/\\\/www.leboncoin.fr\\\/boutique\\\/3961302\\\/groupe_coiff.htm\"],\"description\":\"D\u00e9couvrez le mobilier de coiffure haut de gamme de Groupe Coiff, alliant \u00e9l\u00e9gance et fonctionnalit\u00e9 pour sublimer votre salon et satisfaire vos clients.\",\"email\":\"contact@groupecoiff.com\",\"telephone\":\"0676951605\",\"legalName\":\"Groupe Coiff\",\"foundingDate\":\"2022-11-16\",\"vatID\":\"FR84921406419\",\"taxID\":\"92140641900025\"}]}<\/script>\n<meta property=\"product:price:amount\" content=\"1549.00\" \/>\n<meta property=\"product:price:currency\" content=\"EUR\" \/>\n<meta property=\"og:availability\" content=\"instock\" \/>\n<meta property=\"product:availability\" content=\"instock\" \/>\n<meta property=\"product:condition\" content=\"new\" \/>\n<!-- \/ Yoast SEO Premium plugin. -->","yoast_head_json":{"title":"Ivette Electric Aesthetic Chair: Luxury and Performance - Groupe Coiff","description":"Enjoy unmatched satisfaction with the Ivette Electric Aesthetic Chair. An essential choice for aesthetic professionals!","robots":{"index":"index","follow":"follow","max-snippet":"max-snippet:-1","max-image-preview":"max-image-preview:large","max-video-preview":"max-video-preview:-1"},"canonical":"https:\/\/groupecoiff.com\/en\/product-2\/fauteuil-esthetique-electrique-ivette\/","og_locale":"en_US","og_type":"article","og_title":"Fauteuil Esth\u00e9tique \u00c9lectrique Ivette","og_description":"Profitez d'une satisfaction in\u00e9gal\u00e9e avec le Fauteuil Esth\u00e9tique \u00c9lectrique Ivette. Un choix essentiel pour les professionnels de l'esth\u00e9tique!","og_url":"https:\/\/groupecoiff.com\/en\/product-2\/fauteuil-esthetique-electrique-ivette\/","og_site_name":"Groupe Coiff","article_publisher":"https:\/\/www.facebook.com\/GroupeCoiff","article_modified_time":"2024-11-15T16:45:55+00:00","og_image":[{"width":1080,"height":1080,"url":"https:\/\/groupecoiff.com\/wp-content\/uploads\/2024\/06\/Fauteuil-Esthetique-Electrique-Ivette-6.webp","type":"image\/webp"}],"twitter_card":"summary_large_image","twitter_site":"@groupecoiff","twitter_misc":{"Price":"1549,00&nbsp;&euro;","Availability":"In stock"},"schema":{"@context":"https:\/\/schema.org","@graph":[{"@type":"WebPage","@id":"https:\/\/groupecoiff.com\/produit\/fauteuil-esthetique-electrique-ivette\/","url":"https:\/\/groupecoiff.com\/produit\/fauteuil-esthetique-electrique-ivette\/","name":"Ivette Electric Aesthetic Chair: Luxury and Performance - Groupe Coiff","isPartOf":{"@id":"https:\/\/groupecoiff.com\/#website"},"primaryImageOfPage":{"@id":"https:\/\/groupecoiff.com\/produit\/fauteuil-esthetique-electrique-ivette\/#primaryimage"},"image":{"@id":"https:\/\/groupecoiff.com\/produit\/fauteuil-esthetique-electrique-ivette\/#primaryimage"},"thumbnailUrl":"https:\/\/groupecoiff.com\/wp-content\/uploads\/2024\/06\/Fauteuil-Esthetique-Electrique-Ivette-6.webp","datePublished":"2024-06-04T18:27:59+00:00","dateModified":"2024-11-15T16:45:55+00:00","description":"Enjoy unmatched satisfaction with the Ivette Electric Aesthetic Chair. An essential choice for aesthetic professionals!","breadcrumb":{"@id":"https:\/\/groupecoiff.com\/produit\/fauteuil-esthetique-electrique-ivette\/#breadcrumb"},"inLanguage":"en-US","potentialAction":[{"@type":"ReadAction","target":["https:\/\/groupecoiff.com\/produit\/fauteuil-esthetique-electrique-ivette\/"]}]},{"@type":"ImageObject","inLanguage":"en-US","@id":"https:\/\/groupecoiff.com\/produit\/fauteuil-esthetique-electrique-ivette\/#primaryimage","url":"https:\/\/groupecoiff.com\/wp-content\/uploads\/2024\/06\/Fauteuil-Esthetique-Electrique-Ivette-6.webp","contentUrl":"https:\/\/groupecoiff.com\/wp-content\/uploads\/2024\/06\/Fauteuil-Esthetique-Electrique-Ivette-6.webp","width":1080,"height":1080,"caption":"Fauteuil Esth\u00e9tique \u00c9lectrique Ivette - Fauteuil de Soins \u00c9lectrique Ivette - Table Esth\u00e9tique professionnelle Ivette - Table de massage \u00e9lectrique - mobilier Esth\u00e9tique haut de gamme"},{"@type":"BreadcrumbList","@id":"https:\/\/groupecoiff.com\/produit\/fauteuil-esthetique-electrique-ivette\/#breadcrumb","itemListElement":[{"@type":"ListItem","position":1,"name":"Accueil","item":"https:\/\/groupecoiff.com\/"},{"@type":"ListItem","position":2,"name":"Boutique","item":"https:\/\/groupecoiff.com\/boutique\/"},{"@type":"ListItem","position":3,"name":"Fauteuil Esth\u00e9tique \u00c9lectrique Ivette"}]},{"@type":"WebSite","@id":"https:\/\/groupecoiff.com\/#website","url":"https:\/\/groupecoiff.com\/","name":"Coiff Group","description":"Everything for the hairdresser","publisher":{"@id":"https:\/\/groupecoiff.com\/#organization"},"potentialAction":[{"@type":"SearchAction","target":{"@type":"EntryPoint","urlTemplate":"https:\/\/groupecoiff.com\/?s={search_term_string}"},"query-input":{"@type":"PropertyValueSpecification","valueRequired":true,"valueName":"search_term_string"}}],"inLanguage":"en-US"},{"@type":"Organization","@id":"https:\/\/groupecoiff.com\/#organization","name":"Coiff Group","alternateName":"Groupe Coiff : Le Mobilier De Coiffure Haut de Gamme Pour Une \u00c9l\u00e9gance In\u00e9gal\u00e9e","url":"https:\/\/groupecoiff.com\/","logo":{"@type":"ImageObject","inLanguage":"en-US","@id":"https:\/\/groupecoiff.com\/#\/schema\/logo\/image\/","url":"https:\/\/groupecoiff.com\/wp-content\/uploads\/2024\/01\/cropped-Groupe-Coiff-Logo.webp","contentUrl":"https:\/\/groupecoiff.com\/wp-content\/uploads\/2024\/01\/cropped-Groupe-Coiff-Logo.webp","width":512,"height":512,"caption":"Groupe Coiff"},"image":{"@id":"https:\/\/groupecoiff.com\/#\/schema\/logo\/image\/"},"sameAs":["https:\/\/www.facebook.com\/GroupeCoiff","https:\/\/x.com\/groupecoiff","https:\/\/www.instagram.com\/groupecoiff\/","https:\/\/www.tiktok.com\/@groupecoiff","https:\/\/www.youtube.com\/@groupecoiff","https:\/\/twitter.com\/groupecoiff","https:\/\/www.leboncoin.fr\/boutique\/3961302\/groupe_coiff.htm"],"description":"Discover Groupe Coiff's top-of-the-range hairdressing furniture, combining elegance and functionality to enhance your salon and satisfy your customers.","email":"contact@groupecoiff.com","telephone":"0676951605","legalName":"Groupe Coiff","foundingDate":"2022-11-16","vatID":"FR84921406419","taxID":"92140641900025"}]},"product_price_amount":"1549.00","product_price_currency":"EUR","og_availability":"instock","product_availability":"instock","product_condition":"new"},"jetpack_publicize_connections":[],"jetpack_likes_enabled":true,"jetpack_sharing_enabled":true,"_links":{"self":[{"href":"https:\/\/groupecoiff.com\/en\/wp-json\/wp\/v2\/product\/33567","targetHints":{"allow":["GET"]}}],"collection":[{"href":"https:\/\/groupecoiff.com\/en\/wp-json\/wp\/v2\/product"}],"about":[{"href":"https:\/\/groupecoiff.com\/en\/wp-json\/wp\/v2\/types\/product"}],"replies":[{"embeddable":true,"href":"https:\/\/groupecoiff.com\/en\/wp-json\/wp\/v2\/comments?post=33567"}],"version-history":[{"count":0,"href":"https:\/\/groupecoiff.com\/en\/wp-json\/wp\/v2\/product\/33567\/revisions"}],"wp:featuredmedia":[{"embeddable":true,"href":"https:\/\/groupecoiff.com\/en\/wp-json\/wp\/v2\/media\/33573"}],"wp:attachment":[{"href":"https:\/\/groupecoiff.com\/en\/wp-json\/wp\/v2\/media?parent=33567"}],"wp:term":[{"taxonomy":"product_brand","embeddable":true,"href":"https:\/\/groupecoiff.com\/en\/wp-json\/wp\/v2\/product_brand?post=33567"},{"taxonomy":"product_cat","embeddable":true,"href":"https:\/\/groupecoiff.com\/en\/wp-json\/wp\/v2\/product_cat?post=33567"},{"taxonomy":"product_tag","embeddable":true,"href":"https:\/\/groupecoiff.com\/en\/wp-json\/wp\/v2\/product_tag?post=33567"}],"curies":[{"name":"wp","href":"https:\/\/api.w.org\/{rel}","templated":true}]}}