{"id":34476,"date":"2024-08-13T11:53:37","date_gmt":"2024-08-13T09:53:37","guid":{"rendered":"https:\/\/groupecoiff.com\/?post_type=product&#038;p=34476"},"modified":"2024-08-13T11:55:15","modified_gmt":"2024-08-13T09:55:15","slug":"casque-vapeur-ozone-suspendu-silver-408d-gabbiano","status":"publish","type":"product","link":"https:\/\/groupecoiff.com\/en\/produit\/casque-vapeur-ozone-suspendu-silver-408d-gabbiano\/","title":{"rendered":"Ozone Suspended Silver 408D Gabbiano Steamer Helmet"},"content":{"rendered":"<ul>\n<li>\n<h4>Casque de coiffure vaporisateur suspendu Silver 408D Gabbiano : Innovation pour le Salon<\/h4>\n<\/li>\n<\/ul>\n<p>Le Casque Vapeur Ozone Suspendu 408D Silver de Gabbiano est l&rsquo;\u00e9quipement ultime pour une reconstruction capillaire en profondeur. Cet appareil innovant utilise de la vapeur d&rsquo;eau chaude pour ouvrir les cuticules des cheveux, permettant ainsi une absorption plus efficace des produits de soin tels que les masques hydratants ou les ampoules reconstructrices.<\/p>\n<p>L&rsquo;ozone actif purifie les cheveux, \u00e9limine les odeurs de produits chimiques et am\u00e9liore la circulation sanguine du cuir chevelu.<\/p>\n<h5>Main Features<\/h5>\n<p>&#8211; Ouvrir et Fermer les Cuticules : Facilite l&rsquo;absorption des soins capillaires.<br \/>\n&#8211; Modes Multiples : 5 niveaux d&rsquo;intensit\u00e9 de vapeur et 5 modes d&rsquo;op\u00e9ration (45-99 minutes).<br \/>\n&#8211; Ozonation : Purifie les cheveux avec 150 mg\/min d&rsquo;ozone.<br \/>\n&#8211; Temp\u00e9rature R\u00e9glable : Jusqu&rsquo;\u00e0 65 \u2103 pour un confort optimal.<br \/>\n&#8211; Facilit\u00e9 d&rsquo;Utilisation : \u00c9cran avec notifications sonores pour niveau d&rsquo;eau faible.<\/p>\n<h5>Technical Data<\/h5>\n<p>&#8211; Alimentation : 220V \/ 230V \/ 240V 50 \/ 60Hz<br \/>\n&#8211; Puissance : 700W<br \/>\n&#8211; Capacit\u00e9 du R\u00e9servoir : 1,7 L<br \/>\n&#8211; Poids : 12 kg<br \/>\n&#8211; Chauffage Durable : \u00c9l\u00e9ment chauffant en cuivre de haute qualit\u00e9.<\/p>\n<h5>Pourquoi Choisir ce Casque de Coiffure ?<\/h5>\n<p>Le Casque Vaporisateur de Coiffure Suspendu 408D est con\u00e7u pour offrir une exp\u00e9rience de soin capillaire in\u00e9gal\u00e9e. Sa structure moderne et ses fonctionnalit\u00e9s avanc\u00e9es le rendent indispensable dans tout salon de coiffure professionnel.<\/p>\n<h5>Benefits<\/h5>\n<p>&#8211; Design Moderne : \u00c9l\u00e9gant et durable.<br \/>\n&#8211; Soins Efficaces : Id\u00e9al pour les soins profonds et les traitements capillaires.<br \/>\n&#8211; Contr\u00f4le Pr\u00e9cis : R\u00e9glage facile de la temp\u00e9rature et de l&rsquo;intensit\u00e9 de la vapeur.<\/p>\n<h5>Dimensions<\/h5>\n<p>&#8211; Poids Net : 12 kg<br \/>\n&#8211; Capacit\u00e9 du R\u00e9servoir : 1,7 L<br \/>\n&#8211; Temp\u00e9rature Maximale : 65 \u2103<\/p>","protected":false},"excerpt":{"rendered":"<p>Obtenez des cheveux magnifiques avec le casque de coiffure vaporisateur suspendu Silver 408D Gabbiano. Maximisez l&rsquo;efficacit\u00e9 de vos produits capillaires pr\u00e9f\u00e9r\u00e9s! \ud83d\udc86\u200d\u2640\ufe0f<\/p>","protected":false},"featured_media":34482,"comment_status":"open","ping_status":"closed","template":"","meta":{"googlesitekit_rrm_CAow0YCiDA:productID":"","jetpack_post_was_ever_published":false,"jetpack_publicize_message":"","jetpack_publicize_feature_enabled":true,"jetpack_social_post_already_shared":true,"jetpack_social_options":{"image_generator_settings":{"template":"highway","default_image_id":0,"font":"","enabled":false},"version":2}},"product_brand":[],"product_cat":[312,45,56],"product_tag":[429,428,427],"class_list":{"0":"post-34476","1":"product","2":"type-product","3":"status-publish","4":"has-post-thumbnail","6":"product_cat-accessoires-esthetique","7":"product_cat-casque-vapeur","8":"product_cat-hygiene-coiffure","9":"product_tag-casque-de-coiffure-suspendu","10":"product_tag-casque-vapeur-ozone-suspendu","11":"product_tag-casque-vapeur-suspendu","13":"first","14":"instock","15":"taxable","16":"shipping-taxable","17":"purchasable","18":"product-type-simple"},"yoast_head":"<!-- This site is optimized with the Yoast SEO Premium plugin v27.4 (Yoast SEO v27.4) - https:\/\/yoast.com\/product\/yoast-seo-premium-wordpress\/ -->\n<title>Casque Vapeur Ozone Suspendu Silver 408D Gabbiano: - Groupe Coiff<\/title>\n<meta name=\"description\" content=\"Retrouvez des cheveux forts et \u00e9clatants avec le Casque Vapeur Ozone Suspendu 408D Silver de Gabbiano. Offrez-leur les soins qu&#039;ils m\u00e9ritent! \ud83d\udc87\u200d\u2640\ufe0f\" \/>\n<meta name=\"robots\" content=\"index, follow, max-snippet:-1, max-image-preview:large, max-video-preview:-1\" \/>\n<link rel=\"canonical\" href=\"https:\/\/groupecoiff.com\/en\/product-2\/casque-vapeur-ozone-suspendu-silver-408d-gabbiano\/\" \/>\n<meta property=\"og:locale\" content=\"en_US\" \/>\n<meta property=\"og:type\" content=\"article\" \/>\n<meta property=\"og:title\" content=\"Casque Vapeur Ozone Suspendu Silver 408D Gabbiano\" \/>\n<meta property=\"og:description\" content=\"Retrouvez des cheveux forts et \u00e9clatants avec le Casque Vapeur Ozone Suspendu 408D Silver de Gabbiano. Offrez-leur les soins qu&#039;ils m\u00e9ritent! \ud83d\udc87\u200d\u2640\ufe0f\" \/>\n<meta property=\"og:url\" content=\"https:\/\/groupecoiff.com\/en\/product-2\/casque-vapeur-ozone-suspendu-silver-408d-gabbiano\/\" \/>\n<meta property=\"og:site_name\" content=\"Groupe Coiff\" \/>\n<meta property=\"article:publisher\" content=\"https:\/\/www.facebook.com\/GroupeCoiff\" \/>\n<meta property=\"article:modified_time\" content=\"2024-08-13T09:55:15+00:00\" \/>\n<meta property=\"og:image\" content=\"https:\/\/groupecoiff.com\/wp-content\/uploads\/2024\/08\/Casque-Vapeur-Ozone-Suspendu-Silver-408D-Gabbiano-6.webp\" \/>\n\t<meta property=\"og:image:width\" content=\"1080\" \/>\n\t<meta property=\"og:image:height\" content=\"1080\" \/>\n\t<meta property=\"og:image:type\" content=\"image\/webp\" \/>\n<meta name=\"twitter:card\" content=\"summary_large_image\" \/>\n<meta name=\"twitter:site\" content=\"@groupecoiff\" \/>\n<meta name=\"twitter:label1\" content=\"Price\" \/>\n\t<meta name=\"twitter:data1\" content=\"625,00&nbsp;&euro;\" \/>\n\t<meta name=\"twitter:label2\" content=\"Availability\" \/>\n\t<meta name=\"twitter:data2\" content=\"In stock\" \/>\n<script type=\"application\/ld+json\" class=\"yoast-schema-graph\">{\"@context\":\"https:\\\/\\\/schema.org\",\"@graph\":[{\"@type\":\"WebPage\",\"@id\":\"https:\\\/\\\/groupecoiff.com\\\/produit\\\/casque-vapeur-ozone-suspendu-silver-408d-gabbiano\\\/\",\"url\":\"https:\\\/\\\/groupecoiff.com\\\/produit\\\/casque-vapeur-ozone-suspendu-silver-408d-gabbiano\\\/\",\"name\":\"Casque Vapeur Ozone Suspendu Silver 408D Gabbiano: - Groupe Coiff\",\"isPartOf\":{\"@id\":\"https:\\\/\\\/groupecoiff.com\\\/#website\"},\"primaryImageOfPage\":{\"@id\":\"https:\\\/\\\/groupecoiff.com\\\/produit\\\/casque-vapeur-ozone-suspendu-silver-408d-gabbiano\\\/#primaryimage\"},\"image\":{\"@id\":\"https:\\\/\\\/groupecoiff.com\\\/produit\\\/casque-vapeur-ozone-suspendu-silver-408d-gabbiano\\\/#primaryimage\"},\"thumbnailUrl\":\"https:\\\/\\\/groupecoiff.com\\\/wp-content\\\/uploads\\\/2024\\\/08\\\/Casque-Vapeur-Ozone-Suspendu-Silver-408D-Gabbiano-6.webp\",\"datePublished\":\"2024-08-13T09:53:37+00:00\",\"dateModified\":\"2024-08-13T09:55:15+00:00\",\"description\":\"Retrouvez des cheveux forts et \u00e9clatants avec le Casque Vapeur Ozone Suspendu 408D Silver de Gabbiano. Offrez-leur les soins qu'ils m\u00e9ritent! \ud83d\udc87\u200d\u2640\ufe0f\",\"breadcrumb\":{\"@id\":\"https:\\\/\\\/groupecoiff.com\\\/produit\\\/casque-vapeur-ozone-suspendu-silver-408d-gabbiano\\\/#breadcrumb\"},\"inLanguage\":\"en-US\",\"potentialAction\":[{\"@type\":\"ReadAction\",\"target\":[\"https:\\\/\\\/groupecoiff.com\\\/produit\\\/casque-vapeur-ozone-suspendu-silver-408d-gabbiano\\\/\"]}]},{\"@type\":\"ImageObject\",\"inLanguage\":\"en-US\",\"@id\":\"https:\\\/\\\/groupecoiff.com\\\/produit\\\/casque-vapeur-ozone-suspendu-silver-408d-gabbiano\\\/#primaryimage\",\"url\":\"https:\\\/\\\/groupecoiff.com\\\/wp-content\\\/uploads\\\/2024\\\/08\\\/Casque-Vapeur-Ozone-Suspendu-Silver-408D-Gabbiano-6.webp\",\"contentUrl\":\"https:\\\/\\\/groupecoiff.com\\\/wp-content\\\/uploads\\\/2024\\\/08\\\/Casque-Vapeur-Ozone-Suspendu-Silver-408D-Gabbiano-6.webp\",\"width\":1080,\"height\":1080,\"caption\":\"Casque Vapeur Ozone Suspendu Silver 408D Gabbiano - Casque de coiffure vaporisateur suspendu - Casque vapeur ozone Gabbiano - Casque vaporisateur de coiffure suspendu - \u00c9quipements de coiffure professionnels\"},{\"@type\":\"BreadcrumbList\",\"@id\":\"https:\\\/\\\/groupecoiff.com\\\/produit\\\/casque-vapeur-ozone-suspendu-silver-408d-gabbiano\\\/#breadcrumb\",\"itemListElement\":[{\"@type\":\"ListItem\",\"position\":1,\"name\":\"Accueil\",\"item\":\"https:\\\/\\\/groupecoiff.com\\\/\"},{\"@type\":\"ListItem\",\"position\":2,\"name\":\"Boutique\",\"item\":\"https:\\\/\\\/groupecoiff.com\\\/boutique\\\/\"},{\"@type\":\"ListItem\",\"position\":3,\"name\":\"Casque Vapeur Ozone Suspendu Silver 408D Gabbiano\"}]},{\"@type\":\"WebSite\",\"@id\":\"https:\\\/\\\/groupecoiff.com\\\/#website\",\"url\":\"https:\\\/\\\/groupecoiff.com\\\/\",\"name\":\"Groupe Coiff\",\"description\":\"Tout pour la coiffure\",\"publisher\":{\"@id\":\"https:\\\/\\\/groupecoiff.com\\\/#organization\"},\"potentialAction\":[{\"@type\":\"SearchAction\",\"target\":{\"@type\":\"EntryPoint\",\"urlTemplate\":\"https:\\\/\\\/groupecoiff.com\\\/?s={search_term_string}\"},\"query-input\":{\"@type\":\"PropertyValueSpecification\",\"valueRequired\":true,\"valueName\":\"search_term_string\"}}],\"inLanguage\":\"en-US\"},{\"@type\":\"Organization\",\"@id\":\"https:\\\/\\\/groupecoiff.com\\\/#organization\",\"name\":\"Groupe Coiff\",\"alternateName\":\"Groupe Coiff : Le Mobilier De Coiffure Haut de Gamme Pour Une \u00c9l\u00e9gance In\u00e9gal\u00e9e\",\"url\":\"https:\\\/\\\/groupecoiff.com\\\/\",\"logo\":{\"@type\":\"ImageObject\",\"inLanguage\":\"en-US\",\"@id\":\"https:\\\/\\\/groupecoiff.com\\\/#\\\/schema\\\/logo\\\/image\\\/\",\"url\":\"https:\\\/\\\/groupecoiff.com\\\/wp-content\\\/uploads\\\/2024\\\/01\\\/cropped-Groupe-Coiff-Logo.webp\",\"contentUrl\":\"https:\\\/\\\/groupecoiff.com\\\/wp-content\\\/uploads\\\/2024\\\/01\\\/cropped-Groupe-Coiff-Logo.webp\",\"width\":512,\"height\":512,\"caption\":\"Groupe Coiff\"},\"image\":{\"@id\":\"https:\\\/\\\/groupecoiff.com\\\/#\\\/schema\\\/logo\\\/image\\\/\"},\"sameAs\":[\"https:\\\/\\\/www.facebook.com\\\/GroupeCoiff\",\"https:\\\/\\\/x.com\\\/groupecoiff\",\"https:\\\/\\\/www.instagram.com\\\/groupecoiff\\\/\",\"https:\\\/\\\/www.tiktok.com\\\/@groupecoiff\",\"https:\\\/\\\/www.youtube.com\\\/@groupecoiff\",\"https:\\\/\\\/twitter.com\\\/groupecoiff\",\"https:\\\/\\\/www.leboncoin.fr\\\/boutique\\\/3961302\\\/groupe_coiff.htm\"],\"description\":\"D\u00e9couvrez le mobilier de coiffure haut de gamme de Groupe Coiff, alliant \u00e9l\u00e9gance et fonctionnalit\u00e9 pour sublimer votre salon et satisfaire vos clients.\",\"email\":\"contact@groupecoiff.com\",\"telephone\":\"0676951605\",\"legalName\":\"Groupe Coiff\",\"foundingDate\":\"2022-11-16\",\"vatID\":\"FR84921406419\",\"taxID\":\"92140641900025\"}]}<\/script>\n<meta property=\"product:price:amount\" content=\"625.00\" \/>\n<meta property=\"product:price:currency\" content=\"EUR\" \/>\n<meta property=\"og:availability\" content=\"instock\" \/>\n<meta property=\"product:availability\" content=\"instock\" \/>\n<meta property=\"product:condition\" content=\"new\" \/>\n<!-- \/ Yoast SEO Premium plugin. -->","yoast_head_json":{"title":"Casque Vapeur Ozone Suspendu Silver 408D Gabbiano: - Groupe Coiff","description":"Retrouvez des cheveux forts et \u00e9clatants avec le Casque Vapeur Ozone Suspendu 408D Silver de Gabbiano. Offrez-leur les soins qu'ils m\u00e9ritent! \ud83d\udc87\u200d\u2640\ufe0f","robots":{"index":"index","follow":"follow","max-snippet":"max-snippet:-1","max-image-preview":"max-image-preview:large","max-video-preview":"max-video-preview:-1"},"canonical":"https:\/\/groupecoiff.com\/en\/product-2\/casque-vapeur-ozone-suspendu-silver-408d-gabbiano\/","og_locale":"en_US","og_type":"article","og_title":"Casque Vapeur Ozone Suspendu Silver 408D Gabbiano","og_description":"Retrouvez des cheveux forts et \u00e9clatants avec le Casque Vapeur Ozone Suspendu 408D Silver de Gabbiano. Offrez-leur les soins qu'ils m\u00e9ritent! \ud83d\udc87\u200d\u2640\ufe0f","og_url":"https:\/\/groupecoiff.com\/en\/product-2\/casque-vapeur-ozone-suspendu-silver-408d-gabbiano\/","og_site_name":"Groupe Coiff","article_publisher":"https:\/\/www.facebook.com\/GroupeCoiff","article_modified_time":"2024-08-13T09:55:15+00:00","og_image":[{"width":1080,"height":1080,"url":"https:\/\/groupecoiff.com\/wp-content\/uploads\/2024\/08\/Casque-Vapeur-Ozone-Suspendu-Silver-408D-Gabbiano-6.webp","type":"image\/webp"}],"twitter_card":"summary_large_image","twitter_site":"@groupecoiff","twitter_misc":{"Price":"625,00&nbsp;&euro;","Availability":"In stock"},"schema":{"@context":"https:\/\/schema.org","@graph":[{"@type":"WebPage","@id":"https:\/\/groupecoiff.com\/produit\/casque-vapeur-ozone-suspendu-silver-408d-gabbiano\/","url":"https:\/\/groupecoiff.com\/produit\/casque-vapeur-ozone-suspendu-silver-408d-gabbiano\/","name":"Casque Vapeur Ozone Suspendu Silver 408D Gabbiano: - Groupe Coiff","isPartOf":{"@id":"https:\/\/groupecoiff.com\/#website"},"primaryImageOfPage":{"@id":"https:\/\/groupecoiff.com\/produit\/casque-vapeur-ozone-suspendu-silver-408d-gabbiano\/#primaryimage"},"image":{"@id":"https:\/\/groupecoiff.com\/produit\/casque-vapeur-ozone-suspendu-silver-408d-gabbiano\/#primaryimage"},"thumbnailUrl":"https:\/\/groupecoiff.com\/wp-content\/uploads\/2024\/08\/Casque-Vapeur-Ozone-Suspendu-Silver-408D-Gabbiano-6.webp","datePublished":"2024-08-13T09:53:37+00:00","dateModified":"2024-08-13T09:55:15+00:00","description":"Retrouvez des cheveux forts et \u00e9clatants avec le Casque Vapeur Ozone Suspendu 408D Silver de Gabbiano. Offrez-leur les soins qu'ils m\u00e9ritent! \ud83d\udc87\u200d\u2640\ufe0f","breadcrumb":{"@id":"https:\/\/groupecoiff.com\/produit\/casque-vapeur-ozone-suspendu-silver-408d-gabbiano\/#breadcrumb"},"inLanguage":"en-US","potentialAction":[{"@type":"ReadAction","target":["https:\/\/groupecoiff.com\/produit\/casque-vapeur-ozone-suspendu-silver-408d-gabbiano\/"]}]},{"@type":"ImageObject","inLanguage":"en-US","@id":"https:\/\/groupecoiff.com\/produit\/casque-vapeur-ozone-suspendu-silver-408d-gabbiano\/#primaryimage","url":"https:\/\/groupecoiff.com\/wp-content\/uploads\/2024\/08\/Casque-Vapeur-Ozone-Suspendu-Silver-408D-Gabbiano-6.webp","contentUrl":"https:\/\/groupecoiff.com\/wp-content\/uploads\/2024\/08\/Casque-Vapeur-Ozone-Suspendu-Silver-408D-Gabbiano-6.webp","width":1080,"height":1080,"caption":"Casque Vapeur Ozone Suspendu Silver 408D Gabbiano - Casque de coiffure vaporisateur suspendu - Casque vapeur ozone Gabbiano - Casque vaporisateur de coiffure suspendu - \u00c9quipements de coiffure professionnels"},{"@type":"BreadcrumbList","@id":"https:\/\/groupecoiff.com\/produit\/casque-vapeur-ozone-suspendu-silver-408d-gabbiano\/#breadcrumb","itemListElement":[{"@type":"ListItem","position":1,"name":"Accueil","item":"https:\/\/groupecoiff.com\/"},{"@type":"ListItem","position":2,"name":"Boutique","item":"https:\/\/groupecoiff.com\/boutique\/"},{"@type":"ListItem","position":3,"name":"Casque Vapeur Ozone Suspendu Silver 408D Gabbiano"}]},{"@type":"WebSite","@id":"https:\/\/groupecoiff.com\/#website","url":"https:\/\/groupecoiff.com\/","name":"Coiff Group","description":"Everything for the hairdresser","publisher":{"@id":"https:\/\/groupecoiff.com\/#organization"},"potentialAction":[{"@type":"SearchAction","target":{"@type":"EntryPoint","urlTemplate":"https:\/\/groupecoiff.com\/?s={search_term_string}"},"query-input":{"@type":"PropertyValueSpecification","valueRequired":true,"valueName":"search_term_string"}}],"inLanguage":"en-US"},{"@type":"Organization","@id":"https:\/\/groupecoiff.com\/#organization","name":"Coiff Group","alternateName":"Groupe Coiff : Le Mobilier De Coiffure Haut de Gamme Pour Une \u00c9l\u00e9gance In\u00e9gal\u00e9e","url":"https:\/\/groupecoiff.com\/","logo":{"@type":"ImageObject","inLanguage":"en-US","@id":"https:\/\/groupecoiff.com\/#\/schema\/logo\/image\/","url":"https:\/\/groupecoiff.com\/wp-content\/uploads\/2024\/01\/cropped-Groupe-Coiff-Logo.webp","contentUrl":"https:\/\/groupecoiff.com\/wp-content\/uploads\/2024\/01\/cropped-Groupe-Coiff-Logo.webp","width":512,"height":512,"caption":"Groupe Coiff"},"image":{"@id":"https:\/\/groupecoiff.com\/#\/schema\/logo\/image\/"},"sameAs":["https:\/\/www.facebook.com\/GroupeCoiff","https:\/\/x.com\/groupecoiff","https:\/\/www.instagram.com\/groupecoiff\/","https:\/\/www.tiktok.com\/@groupecoiff","https:\/\/www.youtube.com\/@groupecoiff","https:\/\/twitter.com\/groupecoiff","https:\/\/www.leboncoin.fr\/boutique\/3961302\/groupe_coiff.htm"],"description":"Discover Groupe Coiff's top-of-the-range hairdressing furniture, combining elegance and functionality to enhance your salon and satisfy your customers.","email":"contact@groupecoiff.com","telephone":"0676951605","legalName":"Groupe Coiff","foundingDate":"2022-11-16","vatID":"FR84921406419","taxID":"92140641900025"}]},"product_price_amount":"625.00","product_price_currency":"EUR","og_availability":"instock","product_availability":"instock","product_condition":"new"},"jetpack_publicize_connections":[],"jetpack_likes_enabled":true,"jetpack_sharing_enabled":true,"_links":{"self":[{"href":"https:\/\/groupecoiff.com\/en\/wp-json\/wp\/v2\/product\/34476","targetHints":{"allow":["GET"]}}],"collection":[{"href":"https:\/\/groupecoiff.com\/en\/wp-json\/wp\/v2\/product"}],"about":[{"href":"https:\/\/groupecoiff.com\/en\/wp-json\/wp\/v2\/types\/product"}],"replies":[{"embeddable":true,"href":"https:\/\/groupecoiff.com\/en\/wp-json\/wp\/v2\/comments?post=34476"}],"version-history":[{"count":0,"href":"https:\/\/groupecoiff.com\/en\/wp-json\/wp\/v2\/product\/34476\/revisions"}],"wp:featuredmedia":[{"embeddable":true,"href":"https:\/\/groupecoiff.com\/en\/wp-json\/wp\/v2\/media\/34482"}],"wp:attachment":[{"href":"https:\/\/groupecoiff.com\/en\/wp-json\/wp\/v2\/media?parent=34476"}],"wp:term":[{"taxonomy":"product_brand","embeddable":true,"href":"https:\/\/groupecoiff.com\/en\/wp-json\/wp\/v2\/product_brand?post=34476"},{"taxonomy":"product_cat","embeddable":true,"href":"https:\/\/groupecoiff.com\/en\/wp-json\/wp\/v2\/product_cat?post=34476"},{"taxonomy":"product_tag","embeddable":true,"href":"https:\/\/groupecoiff.com\/en\/wp-json\/wp\/v2\/product_tag?post=34476"}],"curies":[{"name":"wp","href":"https:\/\/api.w.org\/{rel}","templated":true}]}}