{"id":34553,"date":"2024-08-18T11:34:07","date_gmt":"2024-08-18T09:34:07","guid":{"rendered":"https:\/\/groupecoiff.com\/?post_type=product&#038;p=34553"},"modified":"2026-07-17T13:10:29","modified_gmt":"2026-07-17T11:10:29","slug":"gabbiano-dryer-1600-black-drying-helmet","status":"publish","type":"product","link":"https:\/\/groupecoiff.com\/en\/produit\/casque-de-sechage-gabbiano-dryer-1600-noir\/","title":{"rendered":"Gabbiano 1600 Black Drying Helmet"},"content":{"rendered":"<ul>\n<li>\n<h3>Gabbiano 1600 Black Drying Helmet: Precision, Comfort, and Shine<\/h3>\n<\/li>\n<\/ul>\n<p>The Gabbiano 1600 Black drying helmet offers 950 W of power. It ensures even drying while respecting the hair fiber.<\/p>\n<ul>\n<li><strong>Adjustable temperature for a personalized treatment<\/strong><\/li>\n<\/ul>\n<p>Thanks to its control up to 75\u00b0C, this hair dryer helmet protects hair from excessive heat. It is suitable for all types of treatments.<\/p>\n<ul>\n<li><strong>Practical Features and Built-in Security<\/strong><\/li>\n<\/ul>\n<p>The adjustable timer from 0 to 60 minutes allows for automatic shut-off. This professional drying helmet ensures reliable and comfortable use.<\/p>\n<ul>\n<li><strong>Mobility and Ergonomics in Daily Life<\/strong><\/li>\n<\/ul>\n<p>Mounted on a tripod with casters, it moves easily. Its adjustable height adapts to all living room configurations.<\/p>\n<ul>\n<li><strong>Ionization for shiny, manageable hair<\/strong><\/li>\n<\/ul>\n<p>This helmet dryer reduces static electricity. The cuticles close, leaving hair smoother and shinier.<\/p>\n<ul>\n<li><strong>Why choose the Gabbiano 1600 Black?<\/strong><\/li>\n<\/ul>\n<p>\u2013 Puissance : 950 W<br \/>\n\u2013 Temperature: up to 75\u00b0C<br \/>\nTimer: 0 to 60 min<br \/>\nMobility: integrated casters<br \/>\nIonization: anti-static effect<br \/>\n\u2013 Type: Over-ear headphones<\/p>\n<ul>\n<li><strong>An asset for your hair salon equipment<\/strong><\/li>\n<\/ul>\n<p>The Gabbiano 1600 Black drying helmet optimizes care. It enhances your expertise and improves the customer experience.<\/p>\n<ul>\n<li><strong>In summary<\/strong><\/li>\n<\/ul>\n<p>This professional drying helmet is a must-have. It combines performance, safety, and comfort for visible results from the very first use.<\/p>","protected":false},"excerpt":{"rendered":"<p>The Gabbiano 1600 Black bonnet hair dryer, designed for safety and efficiency. Enjoy expert hair care with a built-in timer!<\/p>","protected":false},"featured_media":46844,"comment_status":"open","ping_status":"closed","template":"","meta":{"googlesitekit_rrm_CAow0YCiDA:productID":"","jetpack_publicize_message":"","jetpack_publicize_feature_enabled":true,"jetpack_social_post_already_shared":true,"jetpack_social_options":{"image_generator_settings":{"template":"highway","default_image_id":0,"font":"","enabled":false},"version":2}},"product_brand":[579],"product_cat":[45,42],"product_tag":[436,434,435,433],"class_list":["post-34553","product","type-product","status-publish","has-post-thumbnail","product_brand-gabbiano","product_cat-casque-vapeur","product_cat-accessoires","product_tag-casque-de-sechage-gabbiano-dryer-1600-noir","product_tag-casque-de-sechage-professionnel","product_tag-casque-seche-cheveux-gabbiano","product_tag-equipements-de-coiffure-professionnels","first","instock","taxable","shipping-taxable","purchasable","product-type-simple"],"yoast_head":"<!-- This site is optimized with the Yoast SEO Premium plugin v28.4 (Yoast SEO v28.4) - https:\/\/yoast.com\/product\/yoast-seo-premium-wordpress\/ -->\n<title>Casque de S\u00e9chage Gabbiano 1600 Noir pour Tous Types<\/title>\n<meta name=\"description\" content=\"Transformez votre routine de s\u00e9chage avec le casque de s\u00e9chage Gabbiano 1600 Noir. Dites oui \u00e0 la technologie qui respecte vos cheveux !\" \/>\n<meta name=\"robots\" content=\"index, follow, max-snippet:-1, max-image-preview:large, max-video-preview:-1\" \/>\n<link rel=\"canonical\" href=\"https:\/\/groupecoiff.com\/en\/product-2\/gabbiano-dryer-1600-black-drying-helmet\/\" \/>\n<meta property=\"og:locale\" content=\"en_US\" \/>\n<meta property=\"og:type\" content=\"article\" \/>\n<meta property=\"og:title\" content=\"Casque de S\u00e9chage Gabbiano 1600 Noir\" \/>\n<meta property=\"og:description\" content=\"Transformez votre routine de s\u00e9chage avec le casque de s\u00e9chage Gabbiano 1600 Noir. Dites oui \u00e0 la technologie qui respecte vos cheveux !\" \/>\n<meta property=\"og:url\" content=\"https:\/\/groupecoiff.com\/en\/product-2\/gabbiano-dryer-1600-black-drying-helmet\/\" \/>\n<meta property=\"og:site_name\" content=\"Groupe Coiff\" \/>\n<meta property=\"article:publisher\" content=\"https:\/\/www.facebook.com\/GroupeCoiff\" \/>\n<meta property=\"article:modified_time\" content=\"2026-07-17T11:10:29+00:00\" \/>\n<meta property=\"og:image\" content=\"https:\/\/groupecoiff.com\/wp-content\/uploads\/2024\/08\/Gabbiano-1600-Noir.webp\" \/>\n\t<meta property=\"og:image:width\" content=\"500\" \/>\n\t<meta property=\"og:image:height\" content=\"500\" \/>\n\t<meta property=\"og:image:type\" content=\"image\/webp\" \/>\n<meta name=\"twitter:card\" content=\"summary_large_image\" \/>\n<meta name=\"twitter:site\" content=\"@groupecoiff\" \/>\n<meta name=\"twitter:label1\" content=\"Price\" \/>\n\t<meta name=\"twitter:data1\" content=\"199,00&nbsp;&euro;\" \/>\n\t<meta name=\"twitter:label2\" content=\"Availability\" \/>\n\t<meta name=\"twitter:data2\" content=\"In stock\" \/>\n<script type=\"application\/ld+json\" class=\"yoast-schema-graph\">{\"@context\":\"https:\\\/\\\/schema.org\",\"@graph\":[{\"@type\":\"WebPage\",\"@id\":\"https:\\\/\\\/groupecoiff.com\\\/produit\\\/casque-de-sechage-gabbiano-dryer-1600-noir\\\/\",\"url\":\"https:\\\/\\\/groupecoiff.com\\\/produit\\\/casque-de-sechage-gabbiano-dryer-1600-noir\\\/\",\"name\":\"Casque de S\u00e9chage Gabbiano 1600 Noir pour Tous Types\",\"isPartOf\":{\"@id\":\"https:\\\/\\\/groupecoiff.com\\\/#website\"},\"primaryImageOfPage\":{\"@id\":\"https:\\\/\\\/groupecoiff.com\\\/produit\\\/casque-de-sechage-gabbiano-dryer-1600-noir\\\/#primaryimage\"},\"image\":{\"@id\":\"https:\\\/\\\/groupecoiff.com\\\/produit\\\/casque-de-sechage-gabbiano-dryer-1600-noir\\\/#primaryimage\"},\"thumbnailUrl\":\"https:\\\/\\\/groupecoiff.com\\\/wp-content\\\/uploads\\\/2024\\\/08\\\/Gabbiano-1600-Noir.webp\",\"datePublished\":\"2024-08-18T09:34:07+00:00\",\"dateModified\":\"2026-07-17T11:10:29+00:00\",\"description\":\"Transformez votre routine de s\u00e9chage avec le casque de s\u00e9chage Gabbiano 1600 Noir. Dites oui \u00e0 la technologie qui respecte vos cheveux !\",\"breadcrumb\":{\"@id\":\"https:\\\/\\\/groupecoiff.com\\\/produit\\\/casque-de-sechage-gabbiano-dryer-1600-noir\\\/#breadcrumb\"},\"inLanguage\":\"en-US\",\"potentialAction\":[{\"@type\":\"ReadAction\",\"target\":[\"https:\\\/\\\/groupecoiff.com\\\/produit\\\/casque-de-sechage-gabbiano-dryer-1600-noir\\\/\"]}]},{\"@type\":\"ImageObject\",\"inLanguage\":\"en-US\",\"@id\":\"https:\\\/\\\/groupecoiff.com\\\/produit\\\/casque-de-sechage-gabbiano-dryer-1600-noir\\\/#primaryimage\",\"url\":\"https:\\\/\\\/groupecoiff.com\\\/wp-content\\\/uploads\\\/2024\\\/08\\\/Gabbiano-1600-Noir.webp\",\"contentUrl\":\"https:\\\/\\\/groupecoiff.com\\\/wp-content\\\/uploads\\\/2024\\\/08\\\/Gabbiano-1600-Noir.webp\",\"width\":500,\"height\":500,\"caption\":\"casque de s\u00e9chage professionnel - s\u00e8che\u2011cheveux casque salon - casque coiffure sur pied - casque s\u00e9choir r\u00e9glable - thermor\u00e9gulateur coiffure - minuterie s\u00e9chage cheveux - capot fum\u00e9 ABS - casque ventilation 2 vitesses - \u00e9quipement salon coiffure - casque mise en plis - s\u00e9chage technique cheveux - casque hauteur r\u00e9glable - roulettes salon mobilit\u00e9 - casque s\u00e9choir stable - mat\u00e9riel coiffure professionnel - casque s\u00e9chage durable - appareil s\u00e9chage capillaire - casque s\u00e9choir ergonomique - casque s\u00e9choir 1000W - casque s\u00e9choir ventil\u00e9 - casque s\u00e9choir esth\u00e9tique - casque s\u00e9choir premium.\"},{\"@type\":\"BreadcrumbList\",\"@id\":\"https:\\\/\\\/groupecoiff.com\\\/produit\\\/casque-de-sechage-gabbiano-dryer-1600-noir\\\/#breadcrumb\",\"itemListElement\":[{\"@type\":\"ListItem\",\"position\":1,\"name\":\"Accueil\",\"item\":\"https:\\\/\\\/groupecoiff.com\\\/\"},{\"@type\":\"ListItem\",\"position\":2,\"name\":\"Boutique\",\"item\":\"https:\\\/\\\/groupecoiff.com\\\/boutique\\\/\"},{\"@type\":\"ListItem\",\"position\":3,\"name\":\"Casque de S\u00e9chage Gabbiano 1600 Noir\"}]},{\"@type\":\"WebSite\",\"@id\":\"https:\\\/\\\/groupecoiff.com\\\/#website\",\"url\":\"https:\\\/\\\/groupecoiff.com\\\/\",\"name\":\"Groupe Coiff\",\"description\":\"Tout pour la coiffure\",\"publisher\":{\"@id\":\"https:\\\/\\\/groupecoiff.com\\\/#organization\"},\"potentialAction\":[{\"@type\":\"SearchAction\",\"target\":{\"@type\":\"EntryPoint\",\"urlTemplate\":\"https:\\\/\\\/groupecoiff.com\\\/?s={search_term_string}\"},\"query-input\":{\"@type\":\"PropertyValueSpecification\",\"valueRequired\":true,\"valueName\":\"search_term_string\"}}],\"inLanguage\":\"en-US\"},{\"@type\":\"Organization\",\"@id\":\"https:\\\/\\\/groupecoiff.com\\\/#organization\",\"name\":\"Groupe Coiff\",\"alternateName\":\"Groupe Coiff : Le Mobilier De Coiffure Haut de Gamme Pour Une \u00c9l\u00e9gance In\u00e9gal\u00e9e\",\"url\":\"https:\\\/\\\/groupecoiff.com\\\/\",\"logo\":{\"@type\":\"ImageObject\",\"inLanguage\":\"en-US\",\"@id\":\"https:\\\/\\\/groupecoiff.com\\\/#\\\/schema\\\/logo\\\/image\\\/\",\"url\":\"https:\\\/\\\/groupecoiff.com\\\/wp-content\\\/uploads\\\/2024\\\/01\\\/cropped-Groupe-Coiff-Logo.webp\",\"contentUrl\":\"https:\\\/\\\/groupecoiff.com\\\/wp-content\\\/uploads\\\/2024\\\/01\\\/cropped-Groupe-Coiff-Logo.webp\",\"width\":512,\"height\":512,\"caption\":\"Groupe Coiff\"},\"image\":{\"@id\":\"https:\\\/\\\/groupecoiff.com\\\/#\\\/schema\\\/logo\\\/image\\\/\"},\"sameAs\":[\"https:\\\/\\\/www.facebook.com\\\/GroupeCoiff\",\"https:\\\/\\\/x.com\\\/groupecoiff\",\"https:\\\/\\\/www.instagram.com\\\/groupecoiff\\\/\",\"https:\\\/\\\/www.tiktok.com\\\/@groupecoiff\",\"https:\\\/\\\/www.youtube.com\\\/@groupecoiff\",\"https:\\\/\\\/twitter.com\\\/groupecoiff\",\"https:\\\/\\\/www.leboncoin.fr\\\/boutique\\\/3961302\\\/groupe_coiff.htm\"],\"description\":\"D\u00e9couvrez le mobilier de coiffure haut de gamme de Groupe Coiff, alliant \u00e9l\u00e9gance et fonctionnalit\u00e9 pour sublimer votre salon et satisfaire vos clients.\",\"email\":\"contact@groupecoiff.com\",\"telephone\":\"0676951605\",\"legalName\":\"Groupe Coiff\",\"foundingDate\":\"2022-11-16\",\"vatID\":\"FR84921406419\",\"taxID\":\"92140641900025\"}]}<\/script>\n<meta property=\"product:price:amount\" content=\"199.00\" \/>\n<meta property=\"product:price:currency\" content=\"EUR\" \/>\n<meta property=\"og:availability\" content=\"instock\" \/>\n<meta property=\"product:availability\" content=\"instock\" \/>\n<meta property=\"product:condition\" content=\"new\" \/>\n<!-- \/ Yoast SEO Premium plugin. -->","yoast_head_json":{"title":"Gabbiano 1600 Black Drying Helmet for All Types","description":"Transform your drying routine with the Gabbiano 1600 Black Hood Dryer. Say yes to technology that respects your hair!","robots":{"index":"index","follow":"follow","max-snippet":"max-snippet:-1","max-image-preview":"max-image-preview:large","max-video-preview":"max-video-preview:-1"},"canonical":"https:\/\/groupecoiff.com\/en\/product-2\/gabbiano-dryer-1600-black-drying-helmet\/","og_locale":"en_US","og_type":"article","og_title":"Casque de S\u00e9chage Gabbiano 1600 Noir","og_description":"Transformez votre routine de s\u00e9chage avec le casque de s\u00e9chage Gabbiano 1600 Noir. Dites oui \u00e0 la technologie qui respecte vos cheveux !","og_url":"https:\/\/groupecoiff.com\/en\/product-2\/gabbiano-dryer-1600-black-drying-helmet\/","og_site_name":"Groupe Coiff","article_publisher":"https:\/\/www.facebook.com\/GroupeCoiff","article_modified_time":"2026-07-17T11:10:29+00:00","og_image":[{"width":500,"height":500,"url":"https:\/\/groupecoiff.com\/wp-content\/uploads\/2024\/08\/Gabbiano-1600-Noir.webp","type":"image\/webp"}],"twitter_card":"summary_large_image","twitter_site":"@groupecoiff","twitter_misc":{"Price":"199,00&nbsp;&euro;","Availability":"In stock"},"schema":{"@context":"https:\/\/schema.org","@graph":[{"@type":"WebPage","@id":"https:\/\/groupecoiff.com\/produit\/casque-de-sechage-gabbiano-dryer-1600-noir\/","url":"https:\/\/groupecoiff.com\/produit\/casque-de-sechage-gabbiano-dryer-1600-noir\/","name":"Gabbiano 1600 Black Drying Helmet for All Types","isPartOf":{"@id":"https:\/\/groupecoiff.com\/#website"},"primaryImageOfPage":{"@id":"https:\/\/groupecoiff.com\/produit\/casque-de-sechage-gabbiano-dryer-1600-noir\/#primaryimage"},"image":{"@id":"https:\/\/groupecoiff.com\/produit\/casque-de-sechage-gabbiano-dryer-1600-noir\/#primaryimage"},"thumbnailUrl":"https:\/\/groupecoiff.com\/wp-content\/uploads\/2024\/08\/Gabbiano-1600-Noir.webp","datePublished":"2024-08-18T09:34:07+00:00","dateModified":"2026-07-17T11:10:29+00:00","description":"Transform your drying routine with the Gabbiano 1600 Black Hood Dryer. Say yes to technology that respects your hair!","breadcrumb":{"@id":"https:\/\/groupecoiff.com\/produit\/casque-de-sechage-gabbiano-dryer-1600-noir\/#breadcrumb"},"inLanguage":"en-US","potentialAction":[{"@type":"ReadAction","target":["https:\/\/groupecoiff.com\/produit\/casque-de-sechage-gabbiano-dryer-1600-noir\/"]}]},{"@type":"ImageObject","inLanguage":"en-US","@id":"https:\/\/groupecoiff.com\/produit\/casque-de-sechage-gabbiano-dryer-1600-noir\/#primaryimage","url":"https:\/\/groupecoiff.com\/wp-content\/uploads\/2024\/08\/Gabbiano-1600-Noir.webp","contentUrl":"https:\/\/groupecoiff.com\/wp-content\/uploads\/2024\/08\/Gabbiano-1600-Noir.webp","width":500,"height":500,"caption":"casque de s\u00e9chage professionnel - s\u00e8che\u2011cheveux casque salon - casque coiffure sur pied - casque s\u00e9choir r\u00e9glable - thermor\u00e9gulateur coiffure - minuterie s\u00e9chage cheveux - capot fum\u00e9 ABS - casque ventilation 2 vitesses - \u00e9quipement salon coiffure - casque mise en plis - s\u00e9chage technique cheveux - casque hauteur r\u00e9glable - roulettes salon mobilit\u00e9 - casque s\u00e9choir stable - mat\u00e9riel coiffure professionnel - casque s\u00e9chage durable - appareil s\u00e9chage capillaire - casque s\u00e9choir ergonomique - casque s\u00e9choir 1000W - casque s\u00e9choir ventil\u00e9 - casque s\u00e9choir esth\u00e9tique - casque s\u00e9choir premium."},{"@type":"BreadcrumbList","@id":"https:\/\/groupecoiff.com\/produit\/casque-de-sechage-gabbiano-dryer-1600-noir\/#breadcrumb","itemListElement":[{"@type":"ListItem","position":1,"name":"Accueil","item":"https:\/\/groupecoiff.com\/"},{"@type":"ListItem","position":2,"name":"Boutique","item":"https:\/\/groupecoiff.com\/boutique\/"},{"@type":"ListItem","position":3,"name":"Casque de S\u00e9chage Gabbiano 1600 Noir"}]},{"@type":"WebSite","@id":"https:\/\/groupecoiff.com\/#website","url":"https:\/\/groupecoiff.com\/","name":"Coiff Group","description":"Everything for the hairdresser","publisher":{"@id":"https:\/\/groupecoiff.com\/#organization"},"potentialAction":[{"@type":"SearchAction","target":{"@type":"EntryPoint","urlTemplate":"https:\/\/groupecoiff.com\/?s={search_term_string}"},"query-input":{"@type":"PropertyValueSpecification","valueRequired":true,"valueName":"search_term_string"}}],"inLanguage":"en-US"},{"@type":"Organization","@id":"https:\/\/groupecoiff.com\/#organization","name":"Coiff Group","alternateName":"Groupe Coiff : Le Mobilier De Coiffure Haut de Gamme Pour Une \u00c9l\u00e9gance In\u00e9gal\u00e9e","url":"https:\/\/groupecoiff.com\/","logo":{"@type":"ImageObject","inLanguage":"en-US","@id":"https:\/\/groupecoiff.com\/#\/schema\/logo\/image\/","url":"https:\/\/groupecoiff.com\/wp-content\/uploads\/2024\/01\/cropped-Groupe-Coiff-Logo.webp","contentUrl":"https:\/\/groupecoiff.com\/wp-content\/uploads\/2024\/01\/cropped-Groupe-Coiff-Logo.webp","width":512,"height":512,"caption":"Groupe Coiff"},"image":{"@id":"https:\/\/groupecoiff.com\/#\/schema\/logo\/image\/"},"sameAs":["https:\/\/www.facebook.com\/GroupeCoiff","https:\/\/x.com\/groupecoiff","https:\/\/www.instagram.com\/groupecoiff\/","https:\/\/www.tiktok.com\/@groupecoiff","https:\/\/www.youtube.com\/@groupecoiff","https:\/\/twitter.com\/groupecoiff","https:\/\/www.leboncoin.fr\/boutique\/3961302\/groupe_coiff.htm"],"description":"Discover Groupe Coiff's top-of-the-range hairdressing furniture, combining elegance and functionality to enhance your salon and satisfy your customers.","email":"contact@groupecoiff.com","telephone":"0676951605","legalName":"Groupe Coiff","foundingDate":"2022-11-16","vatID":"FR84921406419","taxID":"92140641900025"}]},"product_price_amount":"199.00","product_price_currency":"EUR","og_availability":"instock","product_availability":"instock","product_condition":"new"},"jetpack_publicize_connections":[],"jetpack_likes_enabled":true,"jetpack_sharing_enabled":true,"_links":{"self":[{"href":"https:\/\/groupecoiff.com\/en\/wp-json\/wp\/v2\/product\/34553","targetHints":{"allow":["GET"]}}],"collection":[{"href":"https:\/\/groupecoiff.com\/en\/wp-json\/wp\/v2\/product"}],"about":[{"href":"https:\/\/groupecoiff.com\/en\/wp-json\/wp\/v2\/types\/product"}],"replies":[{"embeddable":true,"href":"https:\/\/groupecoiff.com\/en\/wp-json\/wp\/v2\/comments?post=34553"}],"version-history":[{"count":1,"href":"https:\/\/groupecoiff.com\/en\/wp-json\/wp\/v2\/product\/34553\/revisions"}],"predecessor-version":[{"id":56016,"href":"https:\/\/groupecoiff.com\/en\/wp-json\/wp\/v2\/product\/34553\/revisions\/56016"}],"wp:featuredmedia":[{"embeddable":true,"href":"https:\/\/groupecoiff.com\/en\/wp-json\/wp\/v2\/media\/46844"}],"wp:attachment":[{"href":"https:\/\/groupecoiff.com\/en\/wp-json\/wp\/v2\/media?parent=34553"}],"wp:term":[{"taxonomy":"product_brand","embeddable":true,"href":"https:\/\/groupecoiff.com\/en\/wp-json\/wp\/v2\/product_brand?post=34553"},{"taxonomy":"product_cat","embeddable":true,"href":"https:\/\/groupecoiff.com\/en\/wp-json\/wp\/v2\/product_cat?post=34553"},{"taxonomy":"product_tag","embeddable":true,"href":"https:\/\/groupecoiff.com\/en\/wp-json\/wp\/v2\/product_tag?post=34553"}],"curies":[{"name":"wp","href":"https:\/\/api.w.org\/{rel}","templated":true}]}}