{"id":35194,"date":"2024-09-14T11:57:29","date_gmt":"2024-09-14T09:57:29","guid":{"rendered":"https:\/\/groupecoiff.com\/?post_type=product&#038;p=35194"},"modified":"2026-07-10T10:09:40","modified_gmt":"2026-07-10T08:09:40","slug":"caln-spa-pedicure-chair","status":"publish","type":"product","link":"https:\/\/groupecoiff.com\/en\/produit\/fauteuil-pedicure-spa-caln\/","title":{"rendered":"SPA CALN Pedicure Chair"},"content":{"rendered":"<h3>CALN Professional Pedicure Chair \u2013 Luxury and Comfort for Your Salon<\/h3>\n<p>The SPA CALN Pedicure Chair is the ideal choice for salons looking for equipment that's both elegant and functional. Available in white or black, its refined design and high-quality PU upholstery ensure optimum comfort for your customers.<\/p>\n<h4><strong>An Elegant and Functional Design<\/strong><\/h4>\n<p>CALN is equipped with two motors that easily adjust the backrest recline and seat movement. The pivoting armrests, which include a built-in manicure bowl, facilitate access to the chair, thereby optimizing the care experience for your clients.<\/p>\n<ul>\n<li>Quality PU coating<\/li>\n<li>Available in white or black<\/li>\n<li>Swiveling armrests with built-in manicure bowl<\/li>\n<\/ul>\n<h4><strong>Incomparable Comfort and Experience<\/strong><\/h4>\n<p>With its integrated shiatsu massage in the backrest and pressure air massage in the seat, the weelko CALN Pedicure Chair ensures total relaxation. What's more, the footbath with hydromassage and height-adjustable footrest creates a luxurious pedicure experience.<\/p>\n<ul>\n<li>Shiatsu back massage<\/li>\n<li>Air pressure massage seat<\/li>\n<li>Foot bath with hydromassage and adjustable footrest<\/li>\n<\/ul>\n<h4><strong>Technical specifications<\/strong><\/h4>\n<ul>\n<li>Dimensions: 130 x 85 x 150 cm<\/li>\n<li>Weight: 125 kg<\/li>\n<li>Basin Capacity: 25 L<\/li>\n<li>Shiatsu massage system<\/li>\n<li>MP3, USB, and SD card connection<\/li>\n<\/ul>\n<h4><strong>Why choose the Fauteuil P\u00e9dicure SPA CALN?<\/strong><\/h4>\n<p>Opt for professional aesthetic furniture with this top-of-the-range chair, and turn every treatment into a moment of unparalleled relaxation. Its ergonomic design and multiple customization options make it an essential choice for demanding professionals.<\/p>\n<h4><strong>Strengths:<\/strong><\/h4>\n<ul>\n<li>Elegant and refined design<\/li>\n<li>Swivel armrests for easy access<\/li>\n<li>Shiatsu and air massage for total relaxation<\/li>\n<li>Foot bath with hydromassage<\/li>\n<\/ul>\n<p>&nbsp;<\/p>\n<h5 style=\"text-align: center;\"><span style=\"color: #808000;\"><strong><a style=\"color: #808000;\" href=\"https:\/\/groupecoiff.com\/wp-content\/uploads\/2024\/09\/Fiche-technique-CALN.pdf\">CALN data sheet<\/a><\/strong><\/span><\/h5>","protected":false},"excerpt":{"rendered":"<p>Discover the CALN professional pedicure chair. A must-have choice for salons looking for both elegance and functionality. Get yours today!<\/p>","protected":false},"featured_media":55422,"comment_status":"open","ping_status":"closed","template":"","meta":{"googlesitekit_rrm_CAow0YCiDA:productID":""},"product_brand":[576],"product_cat":[52,61],"product_tag":[126,369,329,328,330,368,363],"class_list":["post-35194","product","type-product","status-publish","has-post-thumbnail","product_brand-weelko","product_cat-fauteuil-pedicure-spa","product_cat-mobilier-esthetique","product_tag-confortable","product_tag-fauteuil-de-soins-electrique","product_tag-fauteuil-esthetique","product_tag-fauteuil-pedicure","product_tag-fauteuil-spa","product_tag-mobilier-esthetique-professionnel","product_tag-table-de-soins-esthetique","first","outofstock","sale","taxable","shipping-taxable","purchasable","product-type-simple"],"yoast_head":"<!-- This site is optimized with the Yoast SEO Premium plugin v28.3 (Yoast SEO v28.3) - https:\/\/yoast.com\/product\/yoast-seo-premium-wordpress\/ -->\n<title>Profitez du Confort Optimal du Fauteuil P\u00e9dicure SPA CALN - Groupe Coiff<\/title>\n<meta name=\"description\" content=\"Envie d&#039;offrir une exp\u00e9rience de p\u00e9dicure luxueuse \u00e0 vos clients ? D\u00e9couvrez le Fauteuil P\u00e9dicure SPA CALN avec son design raffin\u00e9 et son confort optimal.\" \/>\n<meta name=\"robots\" content=\"index, follow, max-snippet:-1, max-image-preview:large, max-video-preview:-1\" \/>\n<link rel=\"canonical\" href=\"https:\/\/groupecoiff.com\/en\/product-2\/caln-spa-pedicure-chair\/\" \/>\n<meta property=\"og:locale\" content=\"en_US\" \/>\n<meta property=\"og:type\" content=\"article\" \/>\n<meta property=\"og:title\" content=\"Fauteuil P\u00e9dicure SPA CALN\" \/>\n<meta property=\"og:description\" content=\"Envie d&#039;offrir une exp\u00e9rience de p\u00e9dicure luxueuse \u00e0 vos clients ? D\u00e9couvrez le Fauteuil P\u00e9dicure SPA CALN avec son design raffin\u00e9 et son confort optimal.\" \/>\n<meta property=\"og:url\" content=\"https:\/\/groupecoiff.com\/en\/product-2\/caln-spa-pedicure-chair\/\" \/>\n<meta property=\"og:site_name\" content=\"Groupe Coiff\" \/>\n<meta property=\"article:publisher\" content=\"https:\/\/www.facebook.com\/GroupeCoiff\" \/>\n<meta property=\"article:modified_time\" content=\"2026-07-10T08:09:40+00:00\" \/>\n<meta property=\"og:image\" content=\"https:\/\/groupecoiff.com\/wp-content\/uploads\/2024\/09\/caln-1.webp\" \/>\n\t<meta property=\"og:image:width\" content=\"650\" \/>\n\t<meta property=\"og:image:height\" content=\"631\" \/>\n\t<meta property=\"og:image:type\" content=\"image\/webp\" \/>\n<meta name=\"twitter:card\" content=\"summary_large_image\" \/>\n<meta name=\"twitter:site\" content=\"@groupecoiff\" \/>\n<meta name=\"twitter:label1\" content=\"Price\" \/>\n\t<meta name=\"twitter:data1\" content=\"2550,00&nbsp;&euro;\" \/>\n\t<meta name=\"twitter:label2\" content=\"Availability\" \/>\n\t<meta name=\"twitter:data2\" content=\"Out of stock\" \/>\n<script type=\"application\/ld+json\" class=\"yoast-schema-graph\">{\"@context\":\"https:\\\/\\\/schema.org\",\"@graph\":[{\"@type\":\"WebPage\",\"@id\":\"https:\\\/\\\/groupecoiff.com\\\/produit\\\/fauteuil-pedicure-spa-caln\\\/\",\"url\":\"https:\\\/\\\/groupecoiff.com\\\/produit\\\/fauteuil-pedicure-spa-caln\\\/\",\"name\":\"Profitez du Confort Optimal du Fauteuil P\u00e9dicure SPA CALN - Groupe Coiff\",\"isPartOf\":{\"@id\":\"https:\\\/\\\/groupecoiff.com\\\/#website\"},\"primaryImageOfPage\":{\"@id\":\"https:\\\/\\\/groupecoiff.com\\\/produit\\\/fauteuil-pedicure-spa-caln\\\/#primaryimage\"},\"image\":{\"@id\":\"https:\\\/\\\/groupecoiff.com\\\/produit\\\/fauteuil-pedicure-spa-caln\\\/#primaryimage\"},\"thumbnailUrl\":\"https:\\\/\\\/groupecoiff.com\\\/wp-content\\\/uploads\\\/2024\\\/09\\\/caln-1.webp\",\"datePublished\":\"2024-09-14T09:57:29+00:00\",\"dateModified\":\"2026-07-10T08:09:40+00:00\",\"description\":\"Envie d'offrir une exp\u00e9rience de p\u00e9dicure luxueuse \u00e0 vos clients ? D\u00e9couvrez le Fauteuil P\u00e9dicure SPA CALN avec son design raffin\u00e9 et son confort optimal.\",\"breadcrumb\":{\"@id\":\"https:\\\/\\\/groupecoiff.com\\\/produit\\\/fauteuil-pedicure-spa-caln\\\/#breadcrumb\"},\"inLanguage\":\"en-US\",\"potentialAction\":[{\"@type\":\"ReadAction\",\"target\":[\"https:\\\/\\\/groupecoiff.com\\\/produit\\\/fauteuil-pedicure-spa-caln\\\/\"]}]},{\"@type\":\"ImageObject\",\"inLanguage\":\"en-US\",\"@id\":\"https:\\\/\\\/groupecoiff.com\\\/produit\\\/fauteuil-pedicure-spa-caln\\\/#primaryimage\",\"url\":\"https:\\\/\\\/groupecoiff.com\\\/wp-content\\\/uploads\\\/2024\\\/09\\\/caln-1.webp\",\"contentUrl\":\"https:\\\/\\\/groupecoiff.com\\\/wp-content\\\/uploads\\\/2024\\\/09\\\/caln-1.webp\",\"width\":650,\"height\":631,\"caption\":\"Fauteuil P\u00e9dicure SPA CALN - Fauteuil de p\u00e9dicure professionnel CALN - Fauteuil de p\u00e9dicure weelko CALN - CALN Fauteuil SPA P\u00e9dicure - Mobilier esth\u00e9tique professionnel\"},{\"@type\":\"BreadcrumbList\",\"@id\":\"https:\\\/\\\/groupecoiff.com\\\/produit\\\/fauteuil-pedicure-spa-caln\\\/#breadcrumb\",\"itemListElement\":[{\"@type\":\"ListItem\",\"position\":1,\"name\":\"Accueil\",\"item\":\"https:\\\/\\\/groupecoiff.com\\\/\"},{\"@type\":\"ListItem\",\"position\":2,\"name\":\"Boutique\",\"item\":\"https:\\\/\\\/groupecoiff.com\\\/boutique\\\/\"},{\"@type\":\"ListItem\",\"position\":3,\"name\":\"Fauteuil P\u00e9dicure SPA CALN\"}]},{\"@type\":\"WebSite\",\"@id\":\"https:\\\/\\\/groupecoiff.com\\\/#website\",\"url\":\"https:\\\/\\\/groupecoiff.com\\\/\",\"name\":\"Groupe Coiff\",\"description\":\"Tout pour la coiffure\",\"publisher\":{\"@id\":\"https:\\\/\\\/groupecoiff.com\\\/#organization\"},\"potentialAction\":[{\"@type\":\"SearchAction\",\"target\":{\"@type\":\"EntryPoint\",\"urlTemplate\":\"https:\\\/\\\/groupecoiff.com\\\/?s={search_term_string}\"},\"query-input\":{\"@type\":\"PropertyValueSpecification\",\"valueRequired\":true,\"valueName\":\"search_term_string\"}}],\"inLanguage\":\"en-US\"},{\"@type\":\"Organization\",\"@id\":\"https:\\\/\\\/groupecoiff.com\\\/#organization\",\"name\":\"Groupe Coiff\",\"alternateName\":\"Groupe Coiff : Le Mobilier De Coiffure Haut de Gamme Pour Une \u00c9l\u00e9gance In\u00e9gal\u00e9e\",\"url\":\"https:\\\/\\\/groupecoiff.com\\\/\",\"logo\":{\"@type\":\"ImageObject\",\"inLanguage\":\"en-US\",\"@id\":\"https:\\\/\\\/groupecoiff.com\\\/#\\\/schema\\\/logo\\\/image\\\/\",\"url\":\"https:\\\/\\\/groupecoiff.com\\\/wp-content\\\/uploads\\\/2024\\\/01\\\/cropped-Groupe-Coiff-Logo.webp\",\"contentUrl\":\"https:\\\/\\\/groupecoiff.com\\\/wp-content\\\/uploads\\\/2024\\\/01\\\/cropped-Groupe-Coiff-Logo.webp\",\"width\":512,\"height\":512,\"caption\":\"Groupe Coiff\"},\"image\":{\"@id\":\"https:\\\/\\\/groupecoiff.com\\\/#\\\/schema\\\/logo\\\/image\\\/\"},\"sameAs\":[\"https:\\\/\\\/www.facebook.com\\\/GroupeCoiff\",\"https:\\\/\\\/x.com\\\/groupecoiff\",\"https:\\\/\\\/www.instagram.com\\\/groupecoiff\\\/\",\"https:\\\/\\\/www.tiktok.com\\\/@groupecoiff\",\"https:\\\/\\\/www.youtube.com\\\/@groupecoiff\",\"https:\\\/\\\/twitter.com\\\/groupecoiff\",\"https:\\\/\\\/www.leboncoin.fr\\\/boutique\\\/3961302\\\/groupe_coiff.htm\"],\"description\":\"D\u00e9couvrez le mobilier de coiffure haut de gamme de Groupe Coiff, alliant \u00e9l\u00e9gance et fonctionnalit\u00e9 pour sublimer votre salon et satisfaire vos clients.\",\"email\":\"contact@groupecoiff.com\",\"telephone\":\"0676951605\",\"legalName\":\"Groupe Coiff\",\"foundingDate\":\"2022-11-16\",\"vatID\":\"FR84921406419\",\"taxID\":\"92140641900025\"}]}<\/script>\n<meta property=\"product:price:amount\" content=\"2550.00\" \/>\n<meta property=\"product:price:currency\" content=\"EUR\" \/>\n<meta property=\"og:availability\" content=\"out of stock\" \/>\n<meta property=\"product:availability\" content=\"out of stock\" \/>\n<meta property=\"product:retailer_item_id\" content=\"4122B.2\" \/>\n<meta property=\"product:condition\" content=\"new\" \/>\n<!-- \/ Yoast SEO Premium plugin. -->","yoast_head_json":{"title":"Enjoy the Optimal Comfort of the SPA CALN Pedicure Chair - Groupe Coiff","description":"Want to offer your customers a luxurious pedicure experience? Discover the SPA CALN Pedicure Chair with its refined design and optimal comfort.","robots":{"index":"index","follow":"follow","max-snippet":"max-snippet:-1","max-image-preview":"max-image-preview:large","max-video-preview":"max-video-preview:-1"},"canonical":"https:\/\/groupecoiff.com\/en\/product-2\/caln-spa-pedicure-chair\/","og_locale":"en_US","og_type":"article","og_title":"Fauteuil P\u00e9dicure SPA CALN","og_description":"Envie d'offrir une exp\u00e9rience de p\u00e9dicure luxueuse \u00e0 vos clients ? D\u00e9couvrez le Fauteuil P\u00e9dicure SPA CALN avec son design raffin\u00e9 et son confort optimal.","og_url":"https:\/\/groupecoiff.com\/en\/product-2\/caln-spa-pedicure-chair\/","og_site_name":"Groupe Coiff","article_publisher":"https:\/\/www.facebook.com\/GroupeCoiff","article_modified_time":"2026-07-10T08:09:40+00:00","og_image":[{"width":650,"height":631,"url":"https:\/\/groupecoiff.com\/wp-content\/uploads\/2024\/09\/caln-1.webp","type":"image\/webp"}],"twitter_card":"summary_large_image","twitter_site":"@groupecoiff","twitter_misc":{"Price":"2550,00&nbsp;&euro;","Availability":"Out of stock"},"schema":{"@context":"https:\/\/schema.org","@graph":[{"@type":"WebPage","@id":"https:\/\/groupecoiff.com\/produit\/fauteuil-pedicure-spa-caln\/","url":"https:\/\/groupecoiff.com\/produit\/fauteuil-pedicure-spa-caln\/","name":"Enjoy the Optimal Comfort of the SPA CALN Pedicure Chair - Groupe Coiff","isPartOf":{"@id":"https:\/\/groupecoiff.com\/#website"},"primaryImageOfPage":{"@id":"https:\/\/groupecoiff.com\/produit\/fauteuil-pedicure-spa-caln\/#primaryimage"},"image":{"@id":"https:\/\/groupecoiff.com\/produit\/fauteuil-pedicure-spa-caln\/#primaryimage"},"thumbnailUrl":"https:\/\/groupecoiff.com\/wp-content\/uploads\/2024\/09\/caln-1.webp","datePublished":"2024-09-14T09:57:29+00:00","dateModified":"2026-07-10T08:09:40+00:00","description":"Want to offer your customers a luxurious pedicure experience? Discover the SPA CALN Pedicure Chair with its refined design and optimal comfort.","breadcrumb":{"@id":"https:\/\/groupecoiff.com\/produit\/fauteuil-pedicure-spa-caln\/#breadcrumb"},"inLanguage":"en-US","potentialAction":[{"@type":"ReadAction","target":["https:\/\/groupecoiff.com\/produit\/fauteuil-pedicure-spa-caln\/"]}]},{"@type":"ImageObject","inLanguage":"en-US","@id":"https:\/\/groupecoiff.com\/produit\/fauteuil-pedicure-spa-caln\/#primaryimage","url":"https:\/\/groupecoiff.com\/wp-content\/uploads\/2024\/09\/caln-1.webp","contentUrl":"https:\/\/groupecoiff.com\/wp-content\/uploads\/2024\/09\/caln-1.webp","width":650,"height":631,"caption":"Fauteuil P\u00e9dicure SPA CALN - Fauteuil de p\u00e9dicure professionnel CALN - Fauteuil de p\u00e9dicure weelko CALN - CALN Fauteuil SPA P\u00e9dicure - Mobilier esth\u00e9tique professionnel"},{"@type":"BreadcrumbList","@id":"https:\/\/groupecoiff.com\/produit\/fauteuil-pedicure-spa-caln\/#breadcrumb","itemListElement":[{"@type":"ListItem","position":1,"name":"Accueil","item":"https:\/\/groupecoiff.com\/"},{"@type":"ListItem","position":2,"name":"Boutique","item":"https:\/\/groupecoiff.com\/boutique\/"},{"@type":"ListItem","position":3,"name":"Fauteuil P\u00e9dicure SPA CALN"}]},{"@type":"WebSite","@id":"https:\/\/groupecoiff.com\/#website","url":"https:\/\/groupecoiff.com\/","name":"Coiff Group","description":"Everything for the hairdresser","publisher":{"@id":"https:\/\/groupecoiff.com\/#organization"},"potentialAction":[{"@type":"SearchAction","target":{"@type":"EntryPoint","urlTemplate":"https:\/\/groupecoiff.com\/?s={search_term_string}"},"query-input":{"@type":"PropertyValueSpecification","valueRequired":true,"valueName":"search_term_string"}}],"inLanguage":"en-US"},{"@type":"Organization","@id":"https:\/\/groupecoiff.com\/#organization","name":"Coiff Group","alternateName":"Groupe Coiff : Le Mobilier De Coiffure Haut de Gamme Pour Une \u00c9l\u00e9gance In\u00e9gal\u00e9e","url":"https:\/\/groupecoiff.com\/","logo":{"@type":"ImageObject","inLanguage":"en-US","@id":"https:\/\/groupecoiff.com\/#\/schema\/logo\/image\/","url":"https:\/\/groupecoiff.com\/wp-content\/uploads\/2024\/01\/cropped-Groupe-Coiff-Logo.webp","contentUrl":"https:\/\/groupecoiff.com\/wp-content\/uploads\/2024\/01\/cropped-Groupe-Coiff-Logo.webp","width":512,"height":512,"caption":"Groupe Coiff"},"image":{"@id":"https:\/\/groupecoiff.com\/#\/schema\/logo\/image\/"},"sameAs":["https:\/\/www.facebook.com\/GroupeCoiff","https:\/\/x.com\/groupecoiff","https:\/\/www.instagram.com\/groupecoiff\/","https:\/\/www.tiktok.com\/@groupecoiff","https:\/\/www.youtube.com\/@groupecoiff","https:\/\/twitter.com\/groupecoiff","https:\/\/www.leboncoin.fr\/boutique\/3961302\/groupe_coiff.htm"],"description":"Discover Groupe Coiff's top-of-the-range hairdressing furniture, combining elegance and functionality to enhance your salon and satisfy your customers.","email":"contact@groupecoiff.com","telephone":"0676951605","legalName":"Groupe Coiff","foundingDate":"2022-11-16","vatID":"FR84921406419","taxID":"92140641900025"}]},"product_price_amount":"2550.00","product_price_currency":"EUR","og_availability":"out of stock","product_availability":"out of stock","product_retailer_item_id":"4122B.2","product_condition":"new"},"_links":{"self":[{"href":"https:\/\/groupecoiff.com\/en\/wp-json\/wp\/v2\/product\/35194","targetHints":{"allow":["GET"]}}],"collection":[{"href":"https:\/\/groupecoiff.com\/en\/wp-json\/wp\/v2\/product"}],"about":[{"href":"https:\/\/groupecoiff.com\/en\/wp-json\/wp\/v2\/types\/product"}],"replies":[{"embeddable":true,"href":"https:\/\/groupecoiff.com\/en\/wp-json\/wp\/v2\/comments?post=35194"}],"version-history":[{"count":3,"href":"https:\/\/groupecoiff.com\/en\/wp-json\/wp\/v2\/product\/35194\/revisions"}],"predecessor-version":[{"id":55421,"href":"https:\/\/groupecoiff.com\/en\/wp-json\/wp\/v2\/product\/35194\/revisions\/55421"}],"wp:featuredmedia":[{"embeddable":true,"href":"https:\/\/groupecoiff.com\/en\/wp-json\/wp\/v2\/media\/55422"}],"wp:attachment":[{"href":"https:\/\/groupecoiff.com\/en\/wp-json\/wp\/v2\/media?parent=35194"}],"wp:term":[{"taxonomy":"product_brand","embeddable":true,"href":"https:\/\/groupecoiff.com\/en\/wp-json\/wp\/v2\/product_brand?post=35194"},{"taxonomy":"product_cat","embeddable":true,"href":"https:\/\/groupecoiff.com\/en\/wp-json\/wp\/v2\/product_cat?post=35194"},{"taxonomy":"product_tag","embeddable":true,"href":"https:\/\/groupecoiff.com\/en\/wp-json\/wp\/v2\/product_tag?post=35194"}],"curies":[{"name":"wp","href":"https:\/\/api.w.org\/{rel}","templated":true}]}}