{"id":35405,"date":"2024-10-01T13:31:32","date_gmt":"2024-10-01T11:31:32","guid":{"rendered":"https:\/\/groupecoiff.com\/?post_type=product&#038;p=35405"},"modified":"2026-07-17T13:29:12","modified_gmt":"2026-07-17T11:29:12","slug":"ceriotti-super-ultra-light-4500-black","status":"publish","type":"product","link":"https:\/\/groupecoiff.com\/en\/produit\/ceriotti-super-ultra-light-4500-noir\/","title":{"rendered":"Ceriotti Super Ultra Light 4500 Black"},"content":{"rendered":"<h3>Ceriotti Super Ultra Light 4500 Black Hair Dryer \u2013 Unrivaled Performance and Lightweight Design<\/h3>\n<p>Discover the Ceriotti Super Ultra Light 4500 Black, a professional hairdryer designed to combine power, lightness, and ergonomics. With its 2500W of power, this model ranks among the best in the range of salon equipment. Thanks to its feather-light weight of 460g, it guarantees prolonged use without fatigue, ideal for demanding professionals.<\/p>\n<h4><strong>Cutting-Edge Technology for Hairdressers<\/strong><\/h4>\n<p>The Ceriotti Ultra Light 4500 hairdryer features advanced technical characteristics that make it an essential tool in any modern hair salon.<\/p>\n<ul>\n<li>Controlled power: 2500W for fast and efficient drying<\/li>\n<li>Lightweight: Only 460g for optimal handling<\/li>\n<li>Adjustment options: 2 speeds, 4 temperatures, and a true cool shot to set hairstyles<\/li>\n<li>Included accessories: Two interchangeable nozzles, A6 (6 cm) and E7 (7 cm), for perfect blowouts<\/li>\n<\/ul>\n<h4><strong>Designed for Exceptional Durability<\/strong><\/h4>\n<p>The Ceriotti Super Ultra Light 4500 is designed to last. Its long-life AC motor and removable stainless steel filter ensure lasting performance, even in the most demanding environments.<\/p>\n<h4><strong>Why Choose the Super Ultra Light 4500 Hair Dryer?<\/strong><\/h4>\n<p>Improved ergonomics for maximum user comfort<\/p>\n<p>Professional compatibility with settings suitable for all hair types<\/p>\n<p>Optimal power of 2500W for fast professional results<\/p>\n<p>Give your salon a reliable and high-performance 2500W professional hairdryer, perfect for hairdressers looking for a powerful yet lightweight tool. The Ceriotti Super Ultra Light 4500 combines cutting-edge technology with ease of use to meet all your expectations.<\/p>\n<h4><strong>Technical Specifications<\/strong><\/h4>\n<p>1. Weight: 460g<\/p>\n<p>2. Power: 1875W \/ 2500W<\/p>\n<p>3. Speeds: 2<\/p>\n<p>4. Temperatures: 4<\/p>\n<p>5. Air capacity: 75\/95 m3\/h<\/p>\n<p>6. Cold air touch: Yes<\/p>\n<p>Add the Ceriotti Super Ultra Light 4500 to your salon equipment collection and offer your clients impeccable quality of service!<\/p>","protected":false},"excerpt":{"rendered":"<p class=\"ai-optimize-22\">The Ceriotti Super Ultra Light 4500 Black hairdryer is the ideal choice for demanding professionals. With its 2500W, it offers unmatched power!<\/p>","protected":false},"featured_media":35408,"comment_status":"open","ping_status":"closed","template":"","meta":{"googlesitekit_rrm_CAow0YCiDA:productID":"","jetpack_publicize_message":"","jetpack_publicize_feature_enabled":true,"jetpack_social_post_already_shared":true,"jetpack_social_options":{"image_generator_settings":{"template":"highway","default_image_id":0,"font":"","enabled":false},"version":2}},"product_brand":[],"product_cat":[42],"product_tag":[462,464,463],"class_list":["post-35405","product","type-product","status-publish","has-post-thumbnail","product_cat-accessoires","product_tag-ceriotti","product_tag-seche-cheveux-ceriotti","product_tag-seche-cheveux-professionnel","first","outofstock","taxable","shipping-taxable","purchasable","product-type-simple"],"yoast_head":"<!-- This site is optimized with the Yoast SEO Premium plugin v28.3 (Yoast SEO v28.3) - https:\/\/yoast.com\/product\/yoast-seo-premium-wordpress\/ -->\n<title>Ceriotti Super Ultra Light 4500 Noir: Puissance et L\u00e9g\u00e8ret\u00e9 - Groupe Coiff<\/title>\n<meta name=\"description\" content=\"Obtenez des r\u00e9sultats professionnels avec le s\u00e8che-cheveux Ceriotti Super Ultra Light 4500 Noir. Un mod\u00e8le ultra l\u00e9ger (460g) con\u00e7u pour durer sans fatigue!\" \/>\n<meta name=\"robots\" content=\"index, follow, max-snippet:-1, max-image-preview:large, max-video-preview:-1\" \/>\n<link rel=\"canonical\" href=\"https:\/\/groupecoiff.com\/en\/product-2\/ceriotti-super-ultra-light-4500-black\/\" \/>\n<meta property=\"og:locale\" content=\"en_US\" \/>\n<meta property=\"og:type\" content=\"article\" \/>\n<meta property=\"og:title\" content=\"Ceriotti Super Ultra Light 4500 Noir\" \/>\n<meta property=\"og:description\" content=\"Obtenez des r\u00e9sultats professionnels avec le s\u00e8che-cheveux Ceriotti Super Ultra Light 4500 Noir. Un mod\u00e8le ultra l\u00e9ger (460g) con\u00e7u pour durer sans fatigue!\" \/>\n<meta property=\"og:url\" content=\"https:\/\/groupecoiff.com\/en\/product-2\/ceriotti-super-ultra-light-4500-black\/\" \/>\n<meta property=\"og:site_name\" content=\"Groupe Coiff\" \/>\n<meta property=\"article:publisher\" content=\"https:\/\/www.facebook.com\/GroupeCoiff\" \/>\n<meta property=\"article:modified_time\" content=\"2026-07-17T11:29:12+00:00\" \/>\n<meta property=\"og:image\" content=\"https:\/\/groupecoiff.com\/wp-content\/uploads\/2024\/10\/Ceriotti-Super-Ultra-Light-4500-Noir-3.webp\" \/>\n\t<meta property=\"og:image:width\" content=\"1080\" \/>\n\t<meta property=\"og:image:height\" content=\"1080\" \/>\n\t<meta property=\"og:image:type\" content=\"image\/webp\" \/>\n<meta name=\"twitter:card\" content=\"summary_large_image\" \/>\n<meta name=\"twitter:site\" content=\"@groupecoiff\" \/>\n<meta name=\"twitter:label1\" content=\"Price\" \/>\n\t<meta name=\"twitter:data1\" content=\"129,00&nbsp;&euro;\" \/>\n\t<meta name=\"twitter:label2\" content=\"Availability\" \/>\n\t<meta name=\"twitter:data2\" content=\"Out of stock\" \/>\n<script type=\"application\/ld+json\" class=\"yoast-schema-graph\">{\"@context\":\"https:\\\/\\\/schema.org\",\"@graph\":[{\"@type\":\"WebPage\",\"@id\":\"https:\\\/\\\/groupecoiff.com\\\/produit\\\/ceriotti-super-ultra-light-4500-noir\\\/\",\"url\":\"https:\\\/\\\/groupecoiff.com\\\/produit\\\/ceriotti-super-ultra-light-4500-noir\\\/\",\"name\":\"Ceriotti Super Ultra Light 4500 Noir: Puissance et L\u00e9g\u00e8ret\u00e9 - Groupe Coiff\",\"isPartOf\":{\"@id\":\"https:\\\/\\\/groupecoiff.com\\\/#website\"},\"primaryImageOfPage\":{\"@id\":\"https:\\\/\\\/groupecoiff.com\\\/produit\\\/ceriotti-super-ultra-light-4500-noir\\\/#primaryimage\"},\"image\":{\"@id\":\"https:\\\/\\\/groupecoiff.com\\\/produit\\\/ceriotti-super-ultra-light-4500-noir\\\/#primaryimage\"},\"thumbnailUrl\":\"https:\\\/\\\/groupecoiff.com\\\/wp-content\\\/uploads\\\/2024\\\/10\\\/Ceriotti-Super-Ultra-Light-4500-Noir-3.webp\",\"datePublished\":\"2024-10-01T11:31:32+00:00\",\"dateModified\":\"2026-07-17T11:29:12+00:00\",\"description\":\"Obtenez des r\u00e9sultats professionnels avec le s\u00e8che-cheveux Ceriotti Super Ultra Light 4500 Noir. Un mod\u00e8le ultra l\u00e9ger (460g) con\u00e7u pour durer sans fatigue!\",\"breadcrumb\":{\"@id\":\"https:\\\/\\\/groupecoiff.com\\\/produit\\\/ceriotti-super-ultra-light-4500-noir\\\/#breadcrumb\"},\"inLanguage\":\"en-US\",\"potentialAction\":[{\"@type\":\"ReadAction\",\"target\":[\"https:\\\/\\\/groupecoiff.com\\\/produit\\\/ceriotti-super-ultra-light-4500-noir\\\/\"]}]},{\"@type\":\"ImageObject\",\"inLanguage\":\"en-US\",\"@id\":\"https:\\\/\\\/groupecoiff.com\\\/produit\\\/ceriotti-super-ultra-light-4500-noir\\\/#primaryimage\",\"url\":\"https:\\\/\\\/groupecoiff.com\\\/wp-content\\\/uploads\\\/2024\\\/10\\\/Ceriotti-Super-Ultra-Light-4500-Noir-3.webp\",\"contentUrl\":\"https:\\\/\\\/groupecoiff.com\\\/wp-content\\\/uploads\\\/2024\\\/10\\\/Ceriotti-Super-Ultra-Light-4500-Noir-3.webp\",\"width\":1080,\"height\":1080,\"caption\":\"Ceriotti super ultra light 4500 noir (3)\"},{\"@type\":\"BreadcrumbList\",\"@id\":\"https:\\\/\\\/groupecoiff.com\\\/produit\\\/ceriotti-super-ultra-light-4500-noir\\\/#breadcrumb\",\"itemListElement\":[{\"@type\":\"ListItem\",\"position\":1,\"name\":\"Accueil\",\"item\":\"https:\\\/\\\/groupecoiff.com\\\/\"},{\"@type\":\"ListItem\",\"position\":2,\"name\":\"Boutique\",\"item\":\"https:\\\/\\\/groupecoiff.com\\\/boutique\\\/\"},{\"@type\":\"ListItem\",\"position\":3,\"name\":\"Ceriotti Super Ultra Light 4500 Noir\"}]},{\"@type\":\"WebSite\",\"@id\":\"https:\\\/\\\/groupecoiff.com\\\/#website\",\"url\":\"https:\\\/\\\/groupecoiff.com\\\/\",\"name\":\"Groupe Coiff\",\"description\":\"Tout pour la coiffure\",\"publisher\":{\"@id\":\"https:\\\/\\\/groupecoiff.com\\\/#organization\"},\"potentialAction\":[{\"@type\":\"SearchAction\",\"target\":{\"@type\":\"EntryPoint\",\"urlTemplate\":\"https:\\\/\\\/groupecoiff.com\\\/?s={search_term_string}\"},\"query-input\":{\"@type\":\"PropertyValueSpecification\",\"valueRequired\":true,\"valueName\":\"search_term_string\"}}],\"inLanguage\":\"en-US\"},{\"@type\":\"Organization\",\"@id\":\"https:\\\/\\\/groupecoiff.com\\\/#organization\",\"name\":\"Groupe Coiff\",\"alternateName\":\"Groupe Coiff : Le Mobilier De Coiffure Haut de Gamme Pour Une \u00c9l\u00e9gance In\u00e9gal\u00e9e\",\"url\":\"https:\\\/\\\/groupecoiff.com\\\/\",\"logo\":{\"@type\":\"ImageObject\",\"inLanguage\":\"en-US\",\"@id\":\"https:\\\/\\\/groupecoiff.com\\\/#\\\/schema\\\/logo\\\/image\\\/\",\"url\":\"https:\\\/\\\/groupecoiff.com\\\/wp-content\\\/uploads\\\/2024\\\/01\\\/cropped-Groupe-Coiff-Logo.webp\",\"contentUrl\":\"https:\\\/\\\/groupecoiff.com\\\/wp-content\\\/uploads\\\/2024\\\/01\\\/cropped-Groupe-Coiff-Logo.webp\",\"width\":512,\"height\":512,\"caption\":\"Groupe Coiff\"},\"image\":{\"@id\":\"https:\\\/\\\/groupecoiff.com\\\/#\\\/schema\\\/logo\\\/image\\\/\"},\"sameAs\":[\"https:\\\/\\\/www.facebook.com\\\/GroupeCoiff\",\"https:\\\/\\\/x.com\\\/groupecoiff\",\"https:\\\/\\\/www.instagram.com\\\/groupecoiff\\\/\",\"https:\\\/\\\/www.tiktok.com\\\/@groupecoiff\",\"https:\\\/\\\/www.youtube.com\\\/@groupecoiff\",\"https:\\\/\\\/twitter.com\\\/groupecoiff\",\"https:\\\/\\\/www.leboncoin.fr\\\/boutique\\\/3961302\\\/groupe_coiff.htm\"],\"description\":\"D\u00e9couvrez le mobilier de coiffure haut de gamme de Groupe Coiff, alliant \u00e9l\u00e9gance et fonctionnalit\u00e9 pour sublimer votre salon et satisfaire vos clients.\",\"email\":\"contact@groupecoiff.com\",\"telephone\":\"0676951605\",\"legalName\":\"Groupe Coiff\",\"foundingDate\":\"2022-11-16\",\"vatID\":\"FR84921406419\",\"taxID\":\"92140641900025\"}]}<\/script>\n<meta property=\"product:price:amount\" content=\"129.00\" \/>\n<meta property=\"product:price:currency\" content=\"EUR\" \/>\n<meta property=\"og:availability\" content=\"out of stock\" \/>\n<meta property=\"product:availability\" content=\"out of stock\" \/>\n<meta property=\"product:condition\" content=\"new\" \/>\n<!-- \/ Yoast SEO Premium plugin. -->","yoast_head_json":{"title":"Ceriotti Super Ultra Light 4500 Black: Power and Lightness - Coiff Group","description":"Get professional results with the Ceriotti Super Ultra Light 4500 Black hairdryer. An ultra-light model (460g) designed for fatigue-free durability!","robots":{"index":"index","follow":"follow","max-snippet":"max-snippet:-1","max-image-preview":"max-image-preview:large","max-video-preview":"max-video-preview:-1"},"canonical":"https:\/\/groupecoiff.com\/en\/product-2\/ceriotti-super-ultra-light-4500-black\/","og_locale":"en_US","og_type":"article","og_title":"Ceriotti Super Ultra Light 4500 Noir","og_description":"Obtenez des r\u00e9sultats professionnels avec le s\u00e8che-cheveux Ceriotti Super Ultra Light 4500 Noir. Un mod\u00e8le ultra l\u00e9ger (460g) con\u00e7u pour durer sans fatigue!","og_url":"https:\/\/groupecoiff.com\/en\/product-2\/ceriotti-super-ultra-light-4500-black\/","og_site_name":"Groupe Coiff","article_publisher":"https:\/\/www.facebook.com\/GroupeCoiff","article_modified_time":"2026-07-17T11:29:12+00:00","og_image":[{"width":1080,"height":1080,"url":"https:\/\/groupecoiff.com\/wp-content\/uploads\/2024\/10\/Ceriotti-Super-Ultra-Light-4500-Noir-3.webp","type":"image\/webp"}],"twitter_card":"summary_large_image","twitter_site":"@groupecoiff","twitter_misc":{"Price":"129,00&nbsp;&euro;","Availability":"Out of stock"},"schema":{"@context":"https:\/\/schema.org","@graph":[{"@type":"WebPage","@id":"https:\/\/groupecoiff.com\/produit\/ceriotti-super-ultra-light-4500-noir\/","url":"https:\/\/groupecoiff.com\/produit\/ceriotti-super-ultra-light-4500-noir\/","name":"Ceriotti Super Ultra Light 4500 Black: Power and Lightness - Coiff Group","isPartOf":{"@id":"https:\/\/groupecoiff.com\/#website"},"primaryImageOfPage":{"@id":"https:\/\/groupecoiff.com\/produit\/ceriotti-super-ultra-light-4500-noir\/#primaryimage"},"image":{"@id":"https:\/\/groupecoiff.com\/produit\/ceriotti-super-ultra-light-4500-noir\/#primaryimage"},"thumbnailUrl":"https:\/\/groupecoiff.com\/wp-content\/uploads\/2024\/10\/Ceriotti-Super-Ultra-Light-4500-Noir-3.webp","datePublished":"2024-10-01T11:31:32+00:00","dateModified":"2026-07-17T11:29:12+00:00","description":"Get professional results with the Ceriotti Super Ultra Light 4500 Black hairdryer. An ultra-light model (460g) designed for fatigue-free durability!","breadcrumb":{"@id":"https:\/\/groupecoiff.com\/produit\/ceriotti-super-ultra-light-4500-noir\/#breadcrumb"},"inLanguage":"en-US","potentialAction":[{"@type":"ReadAction","target":["https:\/\/groupecoiff.com\/produit\/ceriotti-super-ultra-light-4500-noir\/"]}]},{"@type":"ImageObject","inLanguage":"en-US","@id":"https:\/\/groupecoiff.com\/produit\/ceriotti-super-ultra-light-4500-noir\/#primaryimage","url":"https:\/\/groupecoiff.com\/wp-content\/uploads\/2024\/10\/Ceriotti-Super-Ultra-Light-4500-Noir-3.webp","contentUrl":"https:\/\/groupecoiff.com\/wp-content\/uploads\/2024\/10\/Ceriotti-Super-Ultra-Light-4500-Noir-3.webp","width":1080,"height":1080,"caption":"Ceriotti super ultra light 4500 noir (3)"},{"@type":"BreadcrumbList","@id":"https:\/\/groupecoiff.com\/produit\/ceriotti-super-ultra-light-4500-noir\/#breadcrumb","itemListElement":[{"@type":"ListItem","position":1,"name":"Accueil","item":"https:\/\/groupecoiff.com\/"},{"@type":"ListItem","position":2,"name":"Boutique","item":"https:\/\/groupecoiff.com\/boutique\/"},{"@type":"ListItem","position":3,"name":"Ceriotti Super Ultra Light 4500 Noir"}]},{"@type":"WebSite","@id":"https:\/\/groupecoiff.com\/#website","url":"https:\/\/groupecoiff.com\/","name":"Coiff Group","description":"Everything for the hairdresser","publisher":{"@id":"https:\/\/groupecoiff.com\/#organization"},"potentialAction":[{"@type":"SearchAction","target":{"@type":"EntryPoint","urlTemplate":"https:\/\/groupecoiff.com\/?s={search_term_string}"},"query-input":{"@type":"PropertyValueSpecification","valueRequired":true,"valueName":"search_term_string"}}],"inLanguage":"en-US"},{"@type":"Organization","@id":"https:\/\/groupecoiff.com\/#organization","name":"Coiff Group","alternateName":"Groupe Coiff : Le Mobilier De Coiffure Haut de Gamme Pour Une \u00c9l\u00e9gance In\u00e9gal\u00e9e","url":"https:\/\/groupecoiff.com\/","logo":{"@type":"ImageObject","inLanguage":"en-US","@id":"https:\/\/groupecoiff.com\/#\/schema\/logo\/image\/","url":"https:\/\/groupecoiff.com\/wp-content\/uploads\/2024\/01\/cropped-Groupe-Coiff-Logo.webp","contentUrl":"https:\/\/groupecoiff.com\/wp-content\/uploads\/2024\/01\/cropped-Groupe-Coiff-Logo.webp","width":512,"height":512,"caption":"Groupe Coiff"},"image":{"@id":"https:\/\/groupecoiff.com\/#\/schema\/logo\/image\/"},"sameAs":["https:\/\/www.facebook.com\/GroupeCoiff","https:\/\/x.com\/groupecoiff","https:\/\/www.instagram.com\/groupecoiff\/","https:\/\/www.tiktok.com\/@groupecoiff","https:\/\/www.youtube.com\/@groupecoiff","https:\/\/twitter.com\/groupecoiff","https:\/\/www.leboncoin.fr\/boutique\/3961302\/groupe_coiff.htm"],"description":"Discover Groupe Coiff's top-of-the-range hairdressing furniture, combining elegance and functionality to enhance your salon and satisfy your customers.","email":"contact@groupecoiff.com","telephone":"0676951605","legalName":"Groupe Coiff","foundingDate":"2022-11-16","vatID":"FR84921406419","taxID":"92140641900025"}]},"product_price_amount":"129.00","product_price_currency":"EUR","og_availability":"out of stock","product_availability":"out of stock","product_condition":"new"},"jetpack_publicize_connections":[],"jetpack_likes_enabled":true,"jetpack_sharing_enabled":true,"_links":{"self":[{"href":"https:\/\/groupecoiff.com\/en\/wp-json\/wp\/v2\/product\/35405","targetHints":{"allow":["GET"]}}],"collection":[{"href":"https:\/\/groupecoiff.com\/en\/wp-json\/wp\/v2\/product"}],"about":[{"href":"https:\/\/groupecoiff.com\/en\/wp-json\/wp\/v2\/types\/product"}],"replies":[{"embeddable":true,"href":"https:\/\/groupecoiff.com\/en\/wp-json\/wp\/v2\/comments?post=35405"}],"version-history":[{"count":3,"href":"https:\/\/groupecoiff.com\/en\/wp-json\/wp\/v2\/product\/35405\/revisions"}],"predecessor-version":[{"id":56047,"href":"https:\/\/groupecoiff.com\/en\/wp-json\/wp\/v2\/product\/35405\/revisions\/56047"}],"wp:featuredmedia":[{"embeddable":true,"href":"https:\/\/groupecoiff.com\/en\/wp-json\/wp\/v2\/media\/35408"}],"wp:attachment":[{"href":"https:\/\/groupecoiff.com\/en\/wp-json\/wp\/v2\/media?parent=35405"}],"wp:term":[{"taxonomy":"product_brand","embeddable":true,"href":"https:\/\/groupecoiff.com\/en\/wp-json\/wp\/v2\/product_brand?post=35405"},{"taxonomy":"product_cat","embeddable":true,"href":"https:\/\/groupecoiff.com\/en\/wp-json\/wp\/v2\/product_cat?post=35405"},{"taxonomy":"product_tag","embeddable":true,"href":"https:\/\/groupecoiff.com\/en\/wp-json\/wp\/v2\/product_tag?post=35405"}],"curies":[{"name":"wp","href":"https:\/\/api.w.org\/{rel}","templated":true}]}}