{"id":35983,"date":"2024-11-08T12:16:30","date_gmt":"2024-11-08T11:16:30","guid":{"rendered":"https:\/\/groupecoiff.com\/?post_type=product&#038;p=35983"},"modified":"2026-07-09T01:16:42","modified_gmt":"2026-07-08T23:16:42","slug":"vitoria-spa-pedicure-chair-with-hydromassage","status":"publish","type":"product","link":"https:\/\/groupecoiff.com\/en\/produit\/fauteuil-de-pedicure-spa-hydromassage-vitoria\/","title":{"rendered":"Pedicure chair VITORIA"},"content":{"rendered":"<ul>\n<li>\n<h4>Pedicure Chair with Hydro-Massage System VITORIA \u2013 Comfort and Luxury for Your Salon<\/h4>\n<\/li>\n<\/ul>\n<p>Bring a high-end wellness experience to your clients with the VITORIA Hydromassage SPA Pedicure Chair. Designed for beauty professionals.<\/p>\n<ul>\n<li><strong>A Pedicure Chair Equipped for Optimal Comfort<\/strong><\/li>\n<\/ul>\n<p>VITORIA is equipped with a hydro-massage system that guarantees total relaxation. Featuring two independent motors, it allows for precise adjustment of the backrest and recline for personalized comfort. This chair is perfect for beauty salons and spas looking to offer an unforgettable experience.<\/p>\n<ul>\n<li><strong>Integrated Massage System for Absolute Relaxation<\/strong><\/li>\n<\/ul>\n<p>The VITORIA pedicure chair includes a back and neck massage system, ensuring relief from muscle tension. The different massage functions are controlled by a remote, allowing users to choose between several vibration modes.<\/p>\n<ul>\n<li><strong>Technical Specifications of the VITORIA Spa Pedicure Chair<\/strong><\/li>\n<\/ul>\n<ol>\n<li>Armchair dimensions: 104 x 78 x 54 cm<\/li>\n<li>Base dimensions: 132 x 80 x 50 cm<\/li>\n<li>Total dimensions: 140 x 72 x 145 cm<\/li>\n<li>Weight: Chair \u2013 47 kg | Base \u2013 39 kg<\/li>\n<li>Color: White armchair with elegant white base<\/li>\n<li>Control: Remote control for customized settings and adjustments<\/li>\n<\/ol>\n<ul>\n<li><strong>Why Choose the VITORIA Pedicure Chair?<\/strong><\/li>\n<\/ul>\n<p>By investing in this pedicure chair with a hydro-massage system, you offer your clients a complete relaxation and well-being experience.<\/p>\n<h6 style=\"text-align: center;\"><span style=\"color: #808000;\"><a style=\"color: #808000;\" href=\"https:\/\/groupecoiff.com\/wp-content\/uploads\/2024\/11\/VITORIA-technical-data-.pdf\">VITORIA \u2013 Technical Sheet<\/a><\/span><\/h6>","protected":false},"excerpt":{"rendered":"<p>Experience luxury with the VITORIA Hydromassage SPA Pedicure Chair. Its elegant design and advanced features are made for professionals. \ud83c\udf1f<\/p>","protected":false},"featured_media":45058,"comment_status":"open","ping_status":"closed","template":"","meta":{"googlesitekit_rrm_CAow0YCiDA:productID":"","jetpack_publicize_message":"","jetpack_publicize_feature_enabled":true,"jetpack_social_post_already_shared":true,"jetpack_social_options":{"image_generator_settings":{"template":"highway","default_image_id":0,"font":"","enabled":false},"version":2}},"product_brand":[],"product_cat":[52,61],"product_tag":[479,480,481,368],"class_list":["post-35983","product","type-product","status-publish","has-post-thumbnail","product_cat-fauteuil-pedicure-spa","product_cat-mobilier-esthetique","product_tag-fauteuil-de-pedicure-spa-hydromassage","product_tag-fauteuil-pedicure-spa-electrique","product_tag-fauteuils-pedicure-spa-massant","product_tag-mobilier-esthetique-professionnel","first","instock","sale","taxable","shipping-taxable","purchasable","product-type-simple"],"yoast_head":"<!-- This site is optimized with the Yoast SEO Premium plugin v28.3 (Yoast SEO v28.3) - https:\/\/yoast.com\/product\/yoast-seo-premium-wordpress\/ -->\n<title>D\u00e9couvrez le Fauteuil de p\u00e9dicure SPA Hydromassage VITORIA - Groupe Coiff<\/title>\n<meta name=\"description\" content=\"Transformez vos services avec le fauteuil de p\u00e9dicure SPA Hydromassage VITORIA, alliant design \u00e9l\u00e9gant et bien-\u00eatre. Commandez maintenant ! \ud83c\udf1f\" \/>\n<meta name=\"robots\" content=\"index, follow, max-snippet:-1, max-image-preview:large, max-video-preview:-1\" \/>\n<link rel=\"canonical\" href=\"https:\/\/groupecoiff.com\/en\/product-2\/vitoria-spa-pedicure-chair-with-hydromassage\/\" \/>\n<meta property=\"og:locale\" content=\"en_US\" \/>\n<meta property=\"og:type\" content=\"article\" \/>\n<meta property=\"og:title\" content=\"Fauteuil de p\u00e9dicure VITORIA\" \/>\n<meta property=\"og:description\" content=\"Transformez vos services avec le fauteuil de p\u00e9dicure SPA Hydromassage VITORIA, alliant design \u00e9l\u00e9gant et bien-\u00eatre. Commandez maintenant ! \ud83c\udf1f\" \/>\n<meta property=\"og:url\" content=\"https:\/\/groupecoiff.com\/en\/product-2\/vitoria-spa-pedicure-chair-with-hydromassage\/\" \/>\n<meta property=\"og:site_name\" content=\"Groupe Coiff\" \/>\n<meta property=\"article:publisher\" content=\"https:\/\/www.facebook.com\/GroupeCoiff\" \/>\n<meta property=\"article:modified_time\" content=\"2026-07-08T23:16:42+00:00\" \/>\n<meta property=\"og:image\" content=\"https:\/\/groupecoiff.com\/wp-content\/uploads\/2024\/11\/VITORIA.webp\" \/>\n\t<meta property=\"og:image:width\" content=\"1600\" \/>\n\t<meta property=\"og:image:height\" content=\"1600\" \/>\n\t<meta property=\"og:image:type\" content=\"image\/webp\" \/>\n<meta name=\"twitter:card\" content=\"summary_large_image\" \/>\n<meta name=\"twitter:site\" content=\"@groupecoiff\" \/>\n<meta name=\"twitter:label1\" content=\"Price\" \/>\n\t<meta name=\"twitter:data1\" content=\"1699,00&nbsp;&euro;\" \/>\n\t<meta name=\"twitter:label2\" content=\"Availability\" \/>\n\t<meta name=\"twitter:data2\" content=\"In stock\" \/>\n<script type=\"application\/ld+json\" class=\"yoast-schema-graph\">{\"@context\":\"https:\\\/\\\/schema.org\",\"@graph\":[{\"@type\":\"WebPage\",\"@id\":\"https:\\\/\\\/groupecoiff.com\\\/produit\\\/fauteuil-de-pedicure-spa-hydromassage-vitoria\\\/\",\"url\":\"https:\\\/\\\/groupecoiff.com\\\/produit\\\/fauteuil-de-pedicure-spa-hydromassage-vitoria\\\/\",\"name\":\"D\u00e9couvrez le Fauteuil de p\u00e9dicure SPA Hydromassage VITORIA - Groupe Coiff\",\"isPartOf\":{\"@id\":\"https:\\\/\\\/groupecoiff.com\\\/#website\"},\"primaryImageOfPage\":{\"@id\":\"https:\\\/\\\/groupecoiff.com\\\/produit\\\/fauteuil-de-pedicure-spa-hydromassage-vitoria\\\/#primaryimage\"},\"image\":{\"@id\":\"https:\\\/\\\/groupecoiff.com\\\/produit\\\/fauteuil-de-pedicure-spa-hydromassage-vitoria\\\/#primaryimage\"},\"thumbnailUrl\":\"https:\\\/\\\/groupecoiff.com\\\/wp-content\\\/uploads\\\/2024\\\/11\\\/VITORIA.webp\",\"datePublished\":\"2024-11-08T11:16:30+00:00\",\"dateModified\":\"2026-07-08T23:16:42+00:00\",\"description\":\"Transformez vos services avec le fauteuil de p\u00e9dicure SPA Hydromassage VITORIA, alliant design \u00e9l\u00e9gant et bien-\u00eatre. Commandez maintenant ! \ud83c\udf1f\",\"breadcrumb\":{\"@id\":\"https:\\\/\\\/groupecoiff.com\\\/produit\\\/fauteuil-de-pedicure-spa-hydromassage-vitoria\\\/#breadcrumb\"},\"inLanguage\":\"en-US\",\"potentialAction\":[{\"@type\":\"ReadAction\",\"target\":[\"https:\\\/\\\/groupecoiff.com\\\/produit\\\/fauteuil-de-pedicure-spa-hydromassage-vitoria\\\/\"]}]},{\"@type\":\"ImageObject\",\"inLanguage\":\"en-US\",\"@id\":\"https:\\\/\\\/groupecoiff.com\\\/produit\\\/fauteuil-de-pedicure-spa-hydromassage-vitoria\\\/#primaryimage\",\"url\":\"https:\\\/\\\/groupecoiff.com\\\/wp-content\\\/uploads\\\/2024\\\/11\\\/VITORIA.webp\",\"contentUrl\":\"https:\\\/\\\/groupecoiff.com\\\/wp-content\\\/uploads\\\/2024\\\/11\\\/VITORIA.webp\",\"width\":1600,\"height\":1600,\"caption\":\"Fauteuil de p\u00e9dicure spa hydromassage vitoria - Fauteuil de p\u00e9dicure avec syst\u00e8me hydro-massage - Mobilier esth\u00e9tique professionnel - Fauteuils P\u00e9dicure Spa Massant Professionnel - Fauteuil P\u00e9dicure Spa \u00c9lectrique\"},{\"@type\":\"BreadcrumbList\",\"@id\":\"https:\\\/\\\/groupecoiff.com\\\/produit\\\/fauteuil-de-pedicure-spa-hydromassage-vitoria\\\/#breadcrumb\",\"itemListElement\":[{\"@type\":\"ListItem\",\"position\":1,\"name\":\"Accueil\",\"item\":\"https:\\\/\\\/groupecoiff.com\\\/\"},{\"@type\":\"ListItem\",\"position\":2,\"name\":\"Boutique\",\"item\":\"https:\\\/\\\/groupecoiff.com\\\/boutique\\\/\"},{\"@type\":\"ListItem\",\"position\":3,\"name\":\"Fauteuil de p\u00e9dicure VITORIA\"}]},{\"@type\":\"WebSite\",\"@id\":\"https:\\\/\\\/groupecoiff.com\\\/#website\",\"url\":\"https:\\\/\\\/groupecoiff.com\\\/\",\"name\":\"Groupe Coiff\",\"description\":\"Tout pour la coiffure\",\"publisher\":{\"@id\":\"https:\\\/\\\/groupecoiff.com\\\/#organization\"},\"potentialAction\":[{\"@type\":\"SearchAction\",\"target\":{\"@type\":\"EntryPoint\",\"urlTemplate\":\"https:\\\/\\\/groupecoiff.com\\\/?s={search_term_string}\"},\"query-input\":{\"@type\":\"PropertyValueSpecification\",\"valueRequired\":true,\"valueName\":\"search_term_string\"}}],\"inLanguage\":\"en-US\"},{\"@type\":\"Organization\",\"@id\":\"https:\\\/\\\/groupecoiff.com\\\/#organization\",\"name\":\"Groupe Coiff\",\"alternateName\":\"Groupe Coiff : Le Mobilier De Coiffure Haut de Gamme Pour Une \u00c9l\u00e9gance In\u00e9gal\u00e9e\",\"url\":\"https:\\\/\\\/groupecoiff.com\\\/\",\"logo\":{\"@type\":\"ImageObject\",\"inLanguage\":\"en-US\",\"@id\":\"https:\\\/\\\/groupecoiff.com\\\/#\\\/schema\\\/logo\\\/image\\\/\",\"url\":\"https:\\\/\\\/groupecoiff.com\\\/wp-content\\\/uploads\\\/2024\\\/01\\\/cropped-Groupe-Coiff-Logo.webp\",\"contentUrl\":\"https:\\\/\\\/groupecoiff.com\\\/wp-content\\\/uploads\\\/2024\\\/01\\\/cropped-Groupe-Coiff-Logo.webp\",\"width\":512,\"height\":512,\"caption\":\"Groupe Coiff\"},\"image\":{\"@id\":\"https:\\\/\\\/groupecoiff.com\\\/#\\\/schema\\\/logo\\\/image\\\/\"},\"sameAs\":[\"https:\\\/\\\/www.facebook.com\\\/GroupeCoiff\",\"https:\\\/\\\/x.com\\\/groupecoiff\",\"https:\\\/\\\/www.instagram.com\\\/groupecoiff\\\/\",\"https:\\\/\\\/www.tiktok.com\\\/@groupecoiff\",\"https:\\\/\\\/www.youtube.com\\\/@groupecoiff\",\"https:\\\/\\\/twitter.com\\\/groupecoiff\",\"https:\\\/\\\/www.leboncoin.fr\\\/boutique\\\/3961302\\\/groupe_coiff.htm\"],\"description\":\"D\u00e9couvrez le mobilier de coiffure haut de gamme de Groupe Coiff, alliant \u00e9l\u00e9gance et fonctionnalit\u00e9 pour sublimer votre salon et satisfaire vos clients.\",\"email\":\"contact@groupecoiff.com\",\"telephone\":\"0676951605\",\"legalName\":\"Groupe Coiff\",\"foundingDate\":\"2022-11-16\",\"vatID\":\"FR84921406419\",\"taxID\":\"92140641900025\"}]}<\/script>\n<meta property=\"product:price:amount\" content=\"1699.00\" \/>\n<meta property=\"product:price:currency\" content=\"EUR\" \/>\n<meta property=\"og:availability\" content=\"instock\" \/>\n<meta property=\"product:availability\" content=\"instock\" \/>\n<meta property=\"product:condition\" content=\"new\" \/>\n<!-- \/ Yoast SEO Premium plugin. -->","yoast_head_json":{"title":"Discover the VITORIA Hydromassage SPA Pedicure Chair - Groupe Coiff","description":"Transform your services with the VITORIA Hydromassage SPA pedicure chair, combining elegant design and well-being. Order now! \ud83c\udf1f","robots":{"index":"index","follow":"follow","max-snippet":"max-snippet:-1","max-image-preview":"max-image-preview:large","max-video-preview":"max-video-preview:-1"},"canonical":"https:\/\/groupecoiff.com\/en\/product-2\/vitoria-spa-pedicure-chair-with-hydromassage\/","og_locale":"en_US","og_type":"article","og_title":"Fauteuil de p\u00e9dicure VITORIA","og_description":"Transformez vos services avec le fauteuil de p\u00e9dicure SPA Hydromassage VITORIA, alliant design \u00e9l\u00e9gant et bien-\u00eatre. Commandez maintenant ! \ud83c\udf1f","og_url":"https:\/\/groupecoiff.com\/en\/product-2\/vitoria-spa-pedicure-chair-with-hydromassage\/","og_site_name":"Groupe Coiff","article_publisher":"https:\/\/www.facebook.com\/GroupeCoiff","article_modified_time":"2026-07-08T23:16:42+00:00","og_image":[{"width":1600,"height":1600,"url":"https:\/\/groupecoiff.com\/wp-content\/uploads\/2024\/11\/VITORIA.webp","type":"image\/webp"}],"twitter_card":"summary_large_image","twitter_site":"@groupecoiff","twitter_misc":{"Price":"1699,00&nbsp;&euro;","Availability":"In stock"},"schema":{"@context":"https:\/\/schema.org","@graph":[{"@type":"WebPage","@id":"https:\/\/groupecoiff.com\/produit\/fauteuil-de-pedicure-spa-hydromassage-vitoria\/","url":"https:\/\/groupecoiff.com\/produit\/fauteuil-de-pedicure-spa-hydromassage-vitoria\/","name":"Discover the VITORIA Hydromassage SPA Pedicure Chair - Groupe Coiff","isPartOf":{"@id":"https:\/\/groupecoiff.com\/#website"},"primaryImageOfPage":{"@id":"https:\/\/groupecoiff.com\/produit\/fauteuil-de-pedicure-spa-hydromassage-vitoria\/#primaryimage"},"image":{"@id":"https:\/\/groupecoiff.com\/produit\/fauteuil-de-pedicure-spa-hydromassage-vitoria\/#primaryimage"},"thumbnailUrl":"https:\/\/groupecoiff.com\/wp-content\/uploads\/2024\/11\/VITORIA.webp","datePublished":"2024-11-08T11:16:30+00:00","dateModified":"2026-07-08T23:16:42+00:00","description":"Transform your services with the VITORIA Hydromassage SPA pedicure chair, combining elegant design and well-being. Order now! \ud83c\udf1f","breadcrumb":{"@id":"https:\/\/groupecoiff.com\/produit\/fauteuil-de-pedicure-spa-hydromassage-vitoria\/#breadcrumb"},"inLanguage":"en-US","potentialAction":[{"@type":"ReadAction","target":["https:\/\/groupecoiff.com\/produit\/fauteuil-de-pedicure-spa-hydromassage-vitoria\/"]}]},{"@type":"ImageObject","inLanguage":"en-US","@id":"https:\/\/groupecoiff.com\/produit\/fauteuil-de-pedicure-spa-hydromassage-vitoria\/#primaryimage","url":"https:\/\/groupecoiff.com\/wp-content\/uploads\/2024\/11\/VITORIA.webp","contentUrl":"https:\/\/groupecoiff.com\/wp-content\/uploads\/2024\/11\/VITORIA.webp","width":1600,"height":1600,"caption":"Fauteuil de p\u00e9dicure spa hydromassage vitoria - Fauteuil de p\u00e9dicure avec syst\u00e8me hydro-massage - Mobilier esth\u00e9tique professionnel - Fauteuils P\u00e9dicure Spa Massant Professionnel - Fauteuil P\u00e9dicure Spa \u00c9lectrique"},{"@type":"BreadcrumbList","@id":"https:\/\/groupecoiff.com\/produit\/fauteuil-de-pedicure-spa-hydromassage-vitoria\/#breadcrumb","itemListElement":[{"@type":"ListItem","position":1,"name":"Accueil","item":"https:\/\/groupecoiff.com\/"},{"@type":"ListItem","position":2,"name":"Boutique","item":"https:\/\/groupecoiff.com\/boutique\/"},{"@type":"ListItem","position":3,"name":"Fauteuil de p\u00e9dicure VITORIA"}]},{"@type":"WebSite","@id":"https:\/\/groupecoiff.com\/#website","url":"https:\/\/groupecoiff.com\/","name":"Coiff Group","description":"Everything for the hairdresser","publisher":{"@id":"https:\/\/groupecoiff.com\/#organization"},"potentialAction":[{"@type":"SearchAction","target":{"@type":"EntryPoint","urlTemplate":"https:\/\/groupecoiff.com\/?s={search_term_string}"},"query-input":{"@type":"PropertyValueSpecification","valueRequired":true,"valueName":"search_term_string"}}],"inLanguage":"en-US"},{"@type":"Organization","@id":"https:\/\/groupecoiff.com\/#organization","name":"Coiff Group","alternateName":"Groupe Coiff : Le Mobilier De Coiffure Haut de Gamme Pour Une \u00c9l\u00e9gance In\u00e9gal\u00e9e","url":"https:\/\/groupecoiff.com\/","logo":{"@type":"ImageObject","inLanguage":"en-US","@id":"https:\/\/groupecoiff.com\/#\/schema\/logo\/image\/","url":"https:\/\/groupecoiff.com\/wp-content\/uploads\/2024\/01\/cropped-Groupe-Coiff-Logo.webp","contentUrl":"https:\/\/groupecoiff.com\/wp-content\/uploads\/2024\/01\/cropped-Groupe-Coiff-Logo.webp","width":512,"height":512,"caption":"Groupe Coiff"},"image":{"@id":"https:\/\/groupecoiff.com\/#\/schema\/logo\/image\/"},"sameAs":["https:\/\/www.facebook.com\/GroupeCoiff","https:\/\/x.com\/groupecoiff","https:\/\/www.instagram.com\/groupecoiff\/","https:\/\/www.tiktok.com\/@groupecoiff","https:\/\/www.youtube.com\/@groupecoiff","https:\/\/twitter.com\/groupecoiff","https:\/\/www.leboncoin.fr\/boutique\/3961302\/groupe_coiff.htm"],"description":"Discover Groupe Coiff's top-of-the-range hairdressing furniture, combining elegance and functionality to enhance your salon and satisfy your customers.","email":"contact@groupecoiff.com","telephone":"0676951605","legalName":"Groupe Coiff","foundingDate":"2022-11-16","vatID":"FR84921406419","taxID":"92140641900025"}]},"product_price_amount":"1699.00","product_price_currency":"EUR","og_availability":"instock","product_availability":"instock","product_condition":"new"},"jetpack_publicize_connections":[],"jetpack_likes_enabled":true,"jetpack_sharing_enabled":true,"_links":{"self":[{"href":"https:\/\/groupecoiff.com\/en\/wp-json\/wp\/v2\/product\/35983","targetHints":{"allow":["GET"]}}],"collection":[{"href":"https:\/\/groupecoiff.com\/en\/wp-json\/wp\/v2\/product"}],"about":[{"href":"https:\/\/groupecoiff.com\/en\/wp-json\/wp\/v2\/types\/product"}],"replies":[{"embeddable":true,"href":"https:\/\/groupecoiff.com\/en\/wp-json\/wp\/v2\/comments?post=35983"}],"version-history":[{"count":1,"href":"https:\/\/groupecoiff.com\/en\/wp-json\/wp\/v2\/product\/35983\/revisions"}],"predecessor-version":[{"id":55225,"href":"https:\/\/groupecoiff.com\/en\/wp-json\/wp\/v2\/product\/35983\/revisions\/55225"}],"wp:featuredmedia":[{"embeddable":true,"href":"https:\/\/groupecoiff.com\/en\/wp-json\/wp\/v2\/media\/45058"}],"wp:attachment":[{"href":"https:\/\/groupecoiff.com\/en\/wp-json\/wp\/v2\/media?parent=35983"}],"wp:term":[{"taxonomy":"product_brand","embeddable":true,"href":"https:\/\/groupecoiff.com\/en\/wp-json\/wp\/v2\/product_brand?post=35983"},{"taxonomy":"product_cat","embeddable":true,"href":"https:\/\/groupecoiff.com\/en\/wp-json\/wp\/v2\/product_cat?post=35983"},{"taxonomy":"product_tag","embeddable":true,"href":"https:\/\/groupecoiff.com\/en\/wp-json\/wp\/v2\/product_tag?post=35983"}],"curies":[{"name":"wp","href":"https:\/\/api.w.org\/{rel}","templated":true}]}}