{"id":37530,"date":"2025-01-13T12:12:41","date_gmt":"2025-01-13T11:12:41","guid":{"rendered":"https:\/\/groupecoiff.com\/?post_type=product&#038;p=37530"},"modified":"2025-08-08T18:08:59","modified_gmt":"2025-08-08T16:08:59","slug":"azzurro-a023-foot-bath","status":"publish","type":"product","link":"https:\/\/groupecoiff.com\/en\/produit\/bain-de-pieds-azzurro-a023\/","title":{"rendered":"Azzurro A023 Foot Bath"},"content":{"rendered":"<ul>\n<li>\n<h4>Azzurro A023 Foot Bath: The essential for quality care<\/h4>\n<\/li>\n<\/ul>\n<p>Discover the Azzurro A023 Foot Bath, an essential piece of furniture for beauty salons &amp; spas. This foot bath combines modern design and advanced features.<\/p>\n<ul>\n<li><strong>A practical and elegant design<\/strong><\/li>\n<\/ul>\n<p>With its compact design and sturdy casters, this professional foot bath is easy to move and position. It perfectly suits the needs of beauty salons, hair salons, or even personal spaces.<\/p>\n<ul>\n<li><strong>Advanced features for optimal care<\/strong><\/li>\n<\/ul>\n<p>Integrated hydromassage: Enjoy a relaxing treatment that soothes tired feet and improves blood circulation.<\/p>\n<p>Direct connection to the water outlet: Simplify filling and cleaning with a continuous connection.<\/p>\n<p>Portable design: Its wheels allow for optimal mobility and flexible use.<\/p>\n<ul>\n<li><strong>Technical specifications<\/strong><\/li>\n<\/ul>\n<p>Capacity: 25 L<\/p>\n<p>Power: 70 W<\/p>\n<p><strong>Dimensions:<\/strong><\/p>\n<p>Length: 56 cm<\/p>\n<p>Width: 53 cm<\/p>\n<p>Height: 36.5 cm<\/p>\n<p>Weight: 12.5 kg<\/p>\n<p>Package dimensions: 60 x 60 x 48 cm<\/p>\n<p>Warranty: 2 years<\/p>\n<ul>\n<li><strong>Why choose the Azzurro Foot Bath?<\/strong><\/li>\n<\/ul>\n<p>1. Versatility: Ideal for beauty salons &amp; spas.<\/p>\n<p>Easy to use: Mobility thanks to casters and simplified maintenance.<\/p>\n<p>3. High-end comfort: Its hydromassage offers a unique moment of relaxation.<\/p>","protected":false},"excerpt":{"rendered":"<p>Choose the Azzurro A023 Foot Spa and enjoy its advanced features. Pamper your tired feet with its relaxing hydromassage. Give them the care they deserve.<\/p>","protected":false},"featured_media":37541,"comment_status":"open","ping_status":"closed","template":"","meta":{"googlesitekit_rrm_CAow0YCiDA:productID":"","jetpack_publicize_message":"","jetpack_publicize_feature_enabled":true,"jetpack_social_post_already_shared":true,"jetpack_social_options":{"image_generator_settings":{"template":"highway","default_image_id":0,"font":"","enabled":false},"version":2}},"product_brand":[],"product_cat":[44,61],"product_tag":[522,521],"class_list":["post-37530","product","type-product","status-publish","has-post-thumbnail","product_cat-bac-de-lavage","product_cat-mobilier-esthetique","product_tag-bain-de-pieds-professionnel","product_tag-mobilier-esthetique-spa","first","instock","taxable","shipping-taxable","purchasable","product-type-simple"],"yoast_head":"<!-- This site is optimized with the Yoast SEO Premium plugin v28.4 (Yoast SEO v28.4) - https:\/\/yoast.com\/product\/yoast-seo-premium-wordpress\/ -->\n<title>Bain de Pieds Azzurro A023: Pratique, \u00c9l\u00e9gant et Facile \u00e0 D\u00e9placer - Groupe Coiff<\/title>\n<meta name=\"description\" content=\"Offrez \u00e0 votre salon de coiffure ou institut de beaut\u00e9 le Bain de Pieds Azzurro A023, un mobilier \u00e9l\u00e9gant au design moderne. D\u00e9couvrez-le aujourd&#039;hui!\" \/>\n<meta name=\"robots\" content=\"index, follow, max-snippet:-1, max-image-preview:large, max-video-preview:-1\" \/>\n<link rel=\"canonical\" href=\"https:\/\/groupecoiff.com\/en\/product-2\/azzurro-a023-foot-bath\/\" \/>\n<meta property=\"og:locale\" content=\"en_US\" \/>\n<meta property=\"og:type\" content=\"article\" \/>\n<meta property=\"og:title\" content=\"Bain de Pieds Azzurro A023\" \/>\n<meta property=\"og:description\" content=\"Offrez \u00e0 votre salon de coiffure ou institut de beaut\u00e9 le Bain de Pieds Azzurro A023, un mobilier \u00e9l\u00e9gant au design moderne. D\u00e9couvrez-le aujourd&#039;hui!\" \/>\n<meta property=\"og:url\" content=\"https:\/\/groupecoiff.com\/en\/product-2\/azzurro-a023-foot-bath\/\" \/>\n<meta property=\"og:site_name\" content=\"Groupe Coiff\" \/>\n<meta property=\"article:publisher\" content=\"https:\/\/www.facebook.com\/GroupeCoiff\" \/>\n<meta property=\"article:modified_time\" content=\"2025-08-08T16:08:59+00:00\" \/>\n<meta property=\"og:image\" content=\"https:\/\/groupecoiff.com\/wp-content\/uploads\/2025\/01\/Bain-de-Pieds-Azzurro-A023-10.webp\" \/>\n\t<meta property=\"og:image:width\" content=\"1080\" \/>\n\t<meta property=\"og:image:height\" content=\"1080\" \/>\n\t<meta property=\"og:image:type\" content=\"image\/webp\" \/>\n<meta name=\"twitter:card\" content=\"summary_large_image\" \/>\n<meta name=\"twitter:site\" content=\"@groupecoiff\" \/>\n<meta name=\"twitter:label1\" content=\"Price\" \/>\n\t<meta name=\"twitter:data1\" content=\"599,00&nbsp;&euro;\" \/>\n\t<meta name=\"twitter:label2\" content=\"Availability\" \/>\n\t<meta name=\"twitter:data2\" content=\"In stock\" \/>\n<script type=\"application\/ld+json\" class=\"yoast-schema-graph\">{\"@context\":\"https:\\\/\\\/schema.org\",\"@graph\":[{\"@type\":\"WebPage\",\"@id\":\"https:\\\/\\\/groupecoiff.com\\\/produit\\\/bain-de-pieds-azzurro-a023\\\/\",\"url\":\"https:\\\/\\\/groupecoiff.com\\\/produit\\\/bain-de-pieds-azzurro-a023\\\/\",\"name\":\"Bain de Pieds Azzurro A023: Pratique, \u00c9l\u00e9gant et Facile \u00e0 D\u00e9placer - Groupe Coiff\",\"isPartOf\":{\"@id\":\"https:\\\/\\\/groupecoiff.com\\\/#website\"},\"primaryImageOfPage\":{\"@id\":\"https:\\\/\\\/groupecoiff.com\\\/produit\\\/bain-de-pieds-azzurro-a023\\\/#primaryimage\"},\"image\":{\"@id\":\"https:\\\/\\\/groupecoiff.com\\\/produit\\\/bain-de-pieds-azzurro-a023\\\/#primaryimage\"},\"thumbnailUrl\":\"https:\\\/\\\/groupecoiff.com\\\/wp-content\\\/uploads\\\/2025\\\/01\\\/Bain-de-Pieds-Azzurro-A023-10.webp\",\"datePublished\":\"2025-01-13T11:12:41+00:00\",\"dateModified\":\"2025-08-08T16:08:59+00:00\",\"description\":\"Offrez \u00e0 votre salon de coiffure ou institut de beaut\u00e9 le Bain de Pieds Azzurro A023, un mobilier \u00e9l\u00e9gant au design moderne. D\u00e9couvrez-le aujourd'hui!\",\"breadcrumb\":{\"@id\":\"https:\\\/\\\/groupecoiff.com\\\/produit\\\/bain-de-pieds-azzurro-a023\\\/#breadcrumb\"},\"inLanguage\":\"en-US\",\"potentialAction\":[{\"@type\":\"ReadAction\",\"target\":[\"https:\\\/\\\/groupecoiff.com\\\/produit\\\/bain-de-pieds-azzurro-a023\\\/\"]}]},{\"@type\":\"ImageObject\",\"inLanguage\":\"en-US\",\"@id\":\"https:\\\/\\\/groupecoiff.com\\\/produit\\\/bain-de-pieds-azzurro-a023\\\/#primaryimage\",\"url\":\"https:\\\/\\\/groupecoiff.com\\\/wp-content\\\/uploads\\\/2025\\\/01\\\/Bain-de-Pieds-Azzurro-A023-10.webp\",\"contentUrl\":\"https:\\\/\\\/groupecoiff.com\\\/wp-content\\\/uploads\\\/2025\\\/01\\\/Bain-de-Pieds-Azzurro-A023-10.webp\",\"width\":1080,\"height\":1080,\"caption\":\"Bain de pieds azzurro a023 (10)\"},{\"@type\":\"BreadcrumbList\",\"@id\":\"https:\\\/\\\/groupecoiff.com\\\/produit\\\/bain-de-pieds-azzurro-a023\\\/#breadcrumb\",\"itemListElement\":[{\"@type\":\"ListItem\",\"position\":1,\"name\":\"Accueil\",\"item\":\"https:\\\/\\\/groupecoiff.com\\\/\"},{\"@type\":\"ListItem\",\"position\":2,\"name\":\"Boutique\",\"item\":\"https:\\\/\\\/groupecoiff.com\\\/boutique\\\/\"},{\"@type\":\"ListItem\",\"position\":3,\"name\":\"Bain de Pieds Azzurro A023\"}]},{\"@type\":\"WebSite\",\"@id\":\"https:\\\/\\\/groupecoiff.com\\\/#website\",\"url\":\"https:\\\/\\\/groupecoiff.com\\\/\",\"name\":\"Groupe Coiff\",\"description\":\"Tout pour la coiffure\",\"publisher\":{\"@id\":\"https:\\\/\\\/groupecoiff.com\\\/#organization\"},\"potentialAction\":[{\"@type\":\"SearchAction\",\"target\":{\"@type\":\"EntryPoint\",\"urlTemplate\":\"https:\\\/\\\/groupecoiff.com\\\/?s={search_term_string}\"},\"query-input\":{\"@type\":\"PropertyValueSpecification\",\"valueRequired\":true,\"valueName\":\"search_term_string\"}}],\"inLanguage\":\"en-US\"},{\"@type\":\"Organization\",\"@id\":\"https:\\\/\\\/groupecoiff.com\\\/#organization\",\"name\":\"Groupe Coiff\",\"alternateName\":\"Groupe Coiff : Le Mobilier De Coiffure Haut de Gamme Pour Une \u00c9l\u00e9gance In\u00e9gal\u00e9e\",\"url\":\"https:\\\/\\\/groupecoiff.com\\\/\",\"logo\":{\"@type\":\"ImageObject\",\"inLanguage\":\"en-US\",\"@id\":\"https:\\\/\\\/groupecoiff.com\\\/#\\\/schema\\\/logo\\\/image\\\/\",\"url\":\"https:\\\/\\\/groupecoiff.com\\\/wp-content\\\/uploads\\\/2024\\\/01\\\/cropped-Groupe-Coiff-Logo.webp\",\"contentUrl\":\"https:\\\/\\\/groupecoiff.com\\\/wp-content\\\/uploads\\\/2024\\\/01\\\/cropped-Groupe-Coiff-Logo.webp\",\"width\":512,\"height\":512,\"caption\":\"Groupe Coiff\"},\"image\":{\"@id\":\"https:\\\/\\\/groupecoiff.com\\\/#\\\/schema\\\/logo\\\/image\\\/\"},\"sameAs\":[\"https:\\\/\\\/www.facebook.com\\\/GroupeCoiff\",\"https:\\\/\\\/x.com\\\/groupecoiff\",\"https:\\\/\\\/www.instagram.com\\\/groupecoiff\\\/\",\"https:\\\/\\\/www.tiktok.com\\\/@groupecoiff\",\"https:\\\/\\\/www.youtube.com\\\/@groupecoiff\",\"https:\\\/\\\/twitter.com\\\/groupecoiff\",\"https:\\\/\\\/www.leboncoin.fr\\\/boutique\\\/3961302\\\/groupe_coiff.htm\"],\"description\":\"D\u00e9couvrez le mobilier de coiffure haut de gamme de Groupe Coiff, alliant \u00e9l\u00e9gance et fonctionnalit\u00e9 pour sublimer votre salon et satisfaire vos clients.\",\"email\":\"contact@groupecoiff.com\",\"telephone\":\"0676951605\",\"legalName\":\"Groupe Coiff\",\"foundingDate\":\"2022-11-16\",\"vatID\":\"FR84921406419\",\"taxID\":\"92140641900025\"}]}<\/script>\n<meta property=\"product:price:amount\" content=\"599.00\" \/>\n<meta property=\"product:price:currency\" content=\"EUR\" \/>\n<meta property=\"og:availability\" content=\"instock\" \/>\n<meta property=\"product:availability\" content=\"instock\" \/>\n<meta property=\"product:condition\" content=\"new\" \/>\n<!-- \/ Yoast SEO Premium plugin. -->","yoast_head_json":{"title":"Azzurro A023 Foot Bath: Practical, Elegant, and Easy to Move - Groupe Coiff","description":"Give your hair salon or beauty salon the Azzurro A023 Foot Bath, an elegant piece of furniture with a modern design. Discover it today!","robots":{"index":"index","follow":"follow","max-snippet":"max-snippet:-1","max-image-preview":"max-image-preview:large","max-video-preview":"max-video-preview:-1"},"canonical":"https:\/\/groupecoiff.com\/en\/product-2\/azzurro-a023-foot-bath\/","og_locale":"en_US","og_type":"article","og_title":"Bain de Pieds Azzurro A023","og_description":"Offrez \u00e0 votre salon de coiffure ou institut de beaut\u00e9 le Bain de Pieds Azzurro A023, un mobilier \u00e9l\u00e9gant au design moderne. D\u00e9couvrez-le aujourd'hui!","og_url":"https:\/\/groupecoiff.com\/en\/product-2\/azzurro-a023-foot-bath\/","og_site_name":"Groupe Coiff","article_publisher":"https:\/\/www.facebook.com\/GroupeCoiff","article_modified_time":"2025-08-08T16:08:59+00:00","og_image":[{"width":1080,"height":1080,"url":"https:\/\/groupecoiff.com\/wp-content\/uploads\/2025\/01\/Bain-de-Pieds-Azzurro-A023-10.webp","type":"image\/webp"}],"twitter_card":"summary_large_image","twitter_site":"@groupecoiff","twitter_misc":{"Price":"599,00&nbsp;&euro;","Availability":"In stock"},"schema":{"@context":"https:\/\/schema.org","@graph":[{"@type":"WebPage","@id":"https:\/\/groupecoiff.com\/produit\/bain-de-pieds-azzurro-a023\/","url":"https:\/\/groupecoiff.com\/produit\/bain-de-pieds-azzurro-a023\/","name":"Azzurro A023 Foot Bath: Practical, Elegant, and Easy to Move - Groupe Coiff","isPartOf":{"@id":"https:\/\/groupecoiff.com\/#website"},"primaryImageOfPage":{"@id":"https:\/\/groupecoiff.com\/produit\/bain-de-pieds-azzurro-a023\/#primaryimage"},"image":{"@id":"https:\/\/groupecoiff.com\/produit\/bain-de-pieds-azzurro-a023\/#primaryimage"},"thumbnailUrl":"https:\/\/groupecoiff.com\/wp-content\/uploads\/2025\/01\/Bain-de-Pieds-Azzurro-A023-10.webp","datePublished":"2025-01-13T11:12:41+00:00","dateModified":"2025-08-08T16:08:59+00:00","description":"Give your hair salon or beauty salon the Azzurro A023 Foot Bath, an elegant piece of furniture with a modern design. Discover it today!","breadcrumb":{"@id":"https:\/\/groupecoiff.com\/produit\/bain-de-pieds-azzurro-a023\/#breadcrumb"},"inLanguage":"en-US","potentialAction":[{"@type":"ReadAction","target":["https:\/\/groupecoiff.com\/produit\/bain-de-pieds-azzurro-a023\/"]}]},{"@type":"ImageObject","inLanguage":"en-US","@id":"https:\/\/groupecoiff.com\/produit\/bain-de-pieds-azzurro-a023\/#primaryimage","url":"https:\/\/groupecoiff.com\/wp-content\/uploads\/2025\/01\/Bain-de-Pieds-Azzurro-A023-10.webp","contentUrl":"https:\/\/groupecoiff.com\/wp-content\/uploads\/2025\/01\/Bain-de-Pieds-Azzurro-A023-10.webp","width":1080,"height":1080,"caption":"Bain de pieds azzurro a023 (10)"},{"@type":"BreadcrumbList","@id":"https:\/\/groupecoiff.com\/produit\/bain-de-pieds-azzurro-a023\/#breadcrumb","itemListElement":[{"@type":"ListItem","position":1,"name":"Accueil","item":"https:\/\/groupecoiff.com\/"},{"@type":"ListItem","position":2,"name":"Boutique","item":"https:\/\/groupecoiff.com\/boutique\/"},{"@type":"ListItem","position":3,"name":"Bain de Pieds Azzurro A023"}]},{"@type":"WebSite","@id":"https:\/\/groupecoiff.com\/#website","url":"https:\/\/groupecoiff.com\/","name":"Coiff Group","description":"Everything for the hairdresser","publisher":{"@id":"https:\/\/groupecoiff.com\/#organization"},"potentialAction":[{"@type":"SearchAction","target":{"@type":"EntryPoint","urlTemplate":"https:\/\/groupecoiff.com\/?s={search_term_string}"},"query-input":{"@type":"PropertyValueSpecification","valueRequired":true,"valueName":"search_term_string"}}],"inLanguage":"en-US"},{"@type":"Organization","@id":"https:\/\/groupecoiff.com\/#organization","name":"Coiff Group","alternateName":"Groupe Coiff : Le Mobilier De Coiffure Haut de Gamme Pour Une \u00c9l\u00e9gance In\u00e9gal\u00e9e","url":"https:\/\/groupecoiff.com\/","logo":{"@type":"ImageObject","inLanguage":"en-US","@id":"https:\/\/groupecoiff.com\/#\/schema\/logo\/image\/","url":"https:\/\/groupecoiff.com\/wp-content\/uploads\/2024\/01\/cropped-Groupe-Coiff-Logo.webp","contentUrl":"https:\/\/groupecoiff.com\/wp-content\/uploads\/2024\/01\/cropped-Groupe-Coiff-Logo.webp","width":512,"height":512,"caption":"Groupe Coiff"},"image":{"@id":"https:\/\/groupecoiff.com\/#\/schema\/logo\/image\/"},"sameAs":["https:\/\/www.facebook.com\/GroupeCoiff","https:\/\/x.com\/groupecoiff","https:\/\/www.instagram.com\/groupecoiff\/","https:\/\/www.tiktok.com\/@groupecoiff","https:\/\/www.youtube.com\/@groupecoiff","https:\/\/twitter.com\/groupecoiff","https:\/\/www.leboncoin.fr\/boutique\/3961302\/groupe_coiff.htm"],"description":"Discover Groupe Coiff's top-of-the-range hairdressing furniture, combining elegance and functionality to enhance your salon and satisfy your customers.","email":"contact@groupecoiff.com","telephone":"0676951605","legalName":"Groupe Coiff","foundingDate":"2022-11-16","vatID":"FR84921406419","taxID":"92140641900025"}]},"product_price_amount":"599.00","product_price_currency":"EUR","og_availability":"instock","product_availability":"instock","product_condition":"new"},"jetpack_publicize_connections":[],"jetpack_likes_enabled":true,"jetpack_sharing_enabled":true,"_links":{"self":[{"href":"https:\/\/groupecoiff.com\/en\/wp-json\/wp\/v2\/product\/37530","targetHints":{"allow":["GET"]}}],"collection":[{"href":"https:\/\/groupecoiff.com\/en\/wp-json\/wp\/v2\/product"}],"about":[{"href":"https:\/\/groupecoiff.com\/en\/wp-json\/wp\/v2\/types\/product"}],"replies":[{"embeddable":true,"href":"https:\/\/groupecoiff.com\/en\/wp-json\/wp\/v2\/comments?post=37530"}],"version-history":[{"count":0,"href":"https:\/\/groupecoiff.com\/en\/wp-json\/wp\/v2\/product\/37530\/revisions"}],"wp:featuredmedia":[{"embeddable":true,"href":"https:\/\/groupecoiff.com\/en\/wp-json\/wp\/v2\/media\/37541"}],"wp:attachment":[{"href":"https:\/\/groupecoiff.com\/en\/wp-json\/wp\/v2\/media?parent=37530"}],"wp:term":[{"taxonomy":"product_brand","embeddable":true,"href":"https:\/\/groupecoiff.com\/en\/wp-json\/wp\/v2\/product_brand?post=37530"},{"taxonomy":"product_cat","embeddable":true,"href":"https:\/\/groupecoiff.com\/en\/wp-json\/wp\/v2\/product_cat?post=37530"},{"taxonomy":"product_tag","embeddable":true,"href":"https:\/\/groupecoiff.com\/en\/wp-json\/wp\/v2\/product_tag?post=37530"}],"curies":[{"name":"wp","href":"https:\/\/api.w.org\/{rel}","templated":true}]}}