{"id":37951,"date":"2025-02-06T14:42:10","date_gmt":"2025-02-06T13:42:10","guid":{"rendered":"https:\/\/groupecoiff.com\/?post_type=product&#038;p=37951"},"modified":"2025-10-11T16:43:53","modified_gmt":"2025-10-11T14:43:53","slug":"bac-a-shampoing-levante","status":"publish","type":"product","link":"https:\/\/groupecoiff.com\/en\/produit\/bac-a-shampoing-levante\/","title":{"rendered":"Bac \u00e0 shampoing LEVANTE"},"content":{"rendered":"<ul>\n<li>\n<h3>Bac de lavage professionnel LEVANTE \u2013 Luxe et Fonctionnalit\u00e9 pour Votre Salon<\/h3>\n<\/li>\n<\/ul>\n<p>Le Bac \u00e0 shampoing LEVANTE est con\u00e7u pour r\u00e9pondre aux besoins des salons de coiffure professionnels. Vous pouvez l\u2019associer au fauteuil de coiffure LEVANTE pour un ensemble harmonieux.<\/p>\n<ul>\n<li><strong>Elegant, versatile design<\/strong><\/li>\n<\/ul>\n<ol>\n<li>Vasque robuste : Disponible en noir ou blanc, selon vos pr\u00e9f\u00e9rences.<\/li>\n<li>Finitions \u00e9l\u00e9gantes : Robinetterie en chrome ou dor\u00e9e pour un rendu sophistiqu\u00e9.<\/li>\n<li>Tapisserie sur mesure : 59 coloris disponibles pour une harmonie parfaite avec votre salon.<\/li>\n<\/ol>\n<ul>\n<li><strong>Une Exp\u00e9rience Client Personnalis\u00e9e<\/strong><\/li>\n<\/ul>\n<ol>\n<li>Repose-jambes \u00e9lectrique : Disponible pour am\u00e9liorer l\u2019exp\u00e9rience de vos clients.<\/li>\n<li>Massage vibratoire : Int\u00e9gr\u00e9 sur demande, pour une d\u00e9tente absolue.<\/li>\n<li>Personnalisation compl\u00e8te : Combinez librement les couleurs et finitions selon vos besoins.<\/li>\n<\/ol>\n<p><em><strong>Astuce d\u2019entretien<\/strong> : Nettoyez les finitions dor\u00e9es avec un chiffon doux et humide pour pr\u00e9server leur \u00e9clat.<\/em><\/p>\n<ul>\n<li><strong>Mat\u00e9riaux R\u00e9sistants et Faciles \u00e0 Nettoyer<\/strong><\/li>\n<\/ul>\n<p>Le bac de lavage professionnel LEVANTE est con\u00e7u avec des mat\u00e9riaux durables et simples \u00e0 entretenir. Sa base en rotomoulage offre une stabilit\u00e9 et une long\u00e9vit\u00e9 exceptionnelles.<\/p>\n<p><strong>Technical specifications<\/strong><\/p>\n<ol>\n<li>Dimensions : 110 cm (hauteur) x 110 cm (longueur) x 62 cm (largeur, 50 cm int\u00e9rieure).<\/li>\n<li>Vasque : Noir ou blanc, selon vos pr\u00e9f\u00e9rences.<\/li>\n<li>Finitions : Robinetterie en chrome ou dor\u00e9e.<\/li>\n<li>Tapisserie : 59 coloris disponibles pour un rendu unique.<\/li>\n<\/ol>\n<ul>\n<li>\n<h4><strong>\ud83d\udcc5 Made to order in 3 to 5 weeks.<\/strong><\/h4>\n<\/li>\n<\/ul>","protected":false},"excerpt":{"rendered":"<p>Transformez votre salon avec le Bac \u00e0 shampoing LEVANTE, alliant esth\u00e9tisme et fonctionnalit\u00e9. Choisissez parmi diverses finitions et couleurs ! \u2728<\/p>","protected":false},"featured_media":45819,"comment_status":"open","ping_status":"closed","template":"","meta":{"googlesitekit_rrm_CAow0YCiDA:productID":"","jetpack_post_was_ever_published":false,"jetpack_publicize_message":"","jetpack_publicize_feature_enabled":true,"jetpack_social_post_already_shared":true,"jetpack_social_options":{"image_generator_settings":{"template":"highway","default_image_id":0,"font":"","enabled":false},"version":2}},"product_brand":[578],"product_cat":[44,313],"product_tag":[323,322,324,125],"class_list":{"0":"post-37951","1":"product","2":"type-product","3":"status-publish","4":"has-post-thumbnail","6":"product_brand-ayala","7":"product_cat-bac-de-lavage","8":"product_cat-meuble-de-coiffure","9":"product_tag-bac-a-shampoing","10":"product_tag-bac-de-lavage","11":"product_tag-meuble-de-coiffure-professionnel","12":"product_tag-salon-de-coiffure","14":"first","15":"instock","16":"taxable","17":"shipping-taxable","18":"purchasable","19":"product-type-simple"},"yoast_head":"<!-- This site is optimized with the Yoast SEO Premium plugin v27.4 (Yoast SEO v27.4) - https:\/\/yoast.com\/product\/yoast-seo-premium-wordpress\/ -->\n<title>Bac \u00e0 shampoing LEVANTE : Robuste, \u00c9l\u00e9gant et Polyvalent - Groupe Coiff<\/title>\n<meta name=\"description\" content=\"Offrez une exp\u00e9rience client personnalis\u00e9e avec le Bac \u00e0 shampoing LEVANTE dans votre salon. Style \u00e9l\u00e9gant, finitions sophistiqu\u00e9es et confort absolu.\" \/>\n<meta name=\"robots\" content=\"index, follow, max-snippet:-1, max-image-preview:large, max-video-preview:-1\" \/>\n<link rel=\"canonical\" href=\"https:\/\/groupecoiff.com\/en\/product-2\/bac-a-shampoing-levante\/\" \/>\n<meta property=\"og:locale\" content=\"en_US\" \/>\n<meta property=\"og:type\" content=\"article\" \/>\n<meta property=\"og:title\" content=\"Bac \u00e0 shampoing LEVANTE\" \/>\n<meta property=\"og:description\" content=\"Offrez une exp\u00e9rience client personnalis\u00e9e avec le Bac \u00e0 shampoing LEVANTE dans votre salon. Style \u00e9l\u00e9gant, finitions sophistiqu\u00e9es et confort absolu.\" \/>\n<meta property=\"og:url\" content=\"https:\/\/groupecoiff.com\/en\/product-2\/bac-a-shampoing-levante\/\" \/>\n<meta property=\"og:site_name\" content=\"Groupe Coiff\" \/>\n<meta property=\"article:publisher\" content=\"https:\/\/www.facebook.com\/GroupeCoiff\" \/>\n<meta property=\"article:modified_time\" content=\"2025-10-11T14:43:53+00:00\" \/>\n<meta property=\"og:image\" content=\"https:\/\/groupecoiff.com\/wp-content\/uploads\/2025\/02\/Bac-de-lavage-LEVANTE-3.webp\" \/>\n\t<meta property=\"og:image:width\" content=\"1200\" \/>\n\t<meta property=\"og:image:height\" content=\"1200\" \/>\n\t<meta property=\"og:image:type\" content=\"image\/webp\" \/>\n<meta name=\"twitter:card\" content=\"summary_large_image\" \/>\n<meta name=\"twitter:site\" content=\"@groupecoiff\" \/>\n<meta name=\"twitter:label1\" content=\"Price\" \/>\n\t<meta name=\"twitter:data1\" content=\"979,00&nbsp;&euro;\" \/>\n\t<meta name=\"twitter:label2\" content=\"Availability\" \/>\n\t<meta name=\"twitter:data2\" content=\"In stock\" \/>\n<script type=\"application\/ld+json\" class=\"yoast-schema-graph\">{\"@context\":\"https:\\\/\\\/schema.org\",\"@graph\":[{\"@type\":\"WebPage\",\"@id\":\"https:\\\/\\\/groupecoiff.com\\\/produit\\\/bac-a-shampoing-levante\\\/\",\"url\":\"https:\\\/\\\/groupecoiff.com\\\/produit\\\/bac-a-shampoing-levante\\\/\",\"name\":\"Bac \u00e0 shampoing LEVANTE : Robuste, \u00c9l\u00e9gant et Polyvalent - Groupe Coiff\",\"isPartOf\":{\"@id\":\"https:\\\/\\\/groupecoiff.com\\\/#website\"},\"primaryImageOfPage\":{\"@id\":\"https:\\\/\\\/groupecoiff.com\\\/produit\\\/bac-a-shampoing-levante\\\/#primaryimage\"},\"image\":{\"@id\":\"https:\\\/\\\/groupecoiff.com\\\/produit\\\/bac-a-shampoing-levante\\\/#primaryimage\"},\"thumbnailUrl\":\"https:\\\/\\\/groupecoiff.com\\\/wp-content\\\/uploads\\\/2025\\\/02\\\/Bac-de-lavage-LEVANTE-3.webp\",\"datePublished\":\"2025-02-06T13:42:10+00:00\",\"dateModified\":\"2025-10-11T14:43:53+00:00\",\"description\":\"Offrez une exp\u00e9rience client personnalis\u00e9e avec le Bac \u00e0 shampoing LEVANTE dans votre salon. Style \u00e9l\u00e9gant, finitions sophistiqu\u00e9es et confort absolu.\",\"breadcrumb\":{\"@id\":\"https:\\\/\\\/groupecoiff.com\\\/produit\\\/bac-a-shampoing-levante\\\/#breadcrumb\"},\"inLanguage\":\"en-US\",\"potentialAction\":[{\"@type\":\"ReadAction\",\"target\":[\"https:\\\/\\\/groupecoiff.com\\\/produit\\\/bac-a-shampoing-levante\\\/\"]}]},{\"@type\":\"ImageObject\",\"inLanguage\":\"en-US\",\"@id\":\"https:\\\/\\\/groupecoiff.com\\\/produit\\\/bac-a-shampoing-levante\\\/#primaryimage\",\"url\":\"https:\\\/\\\/groupecoiff.com\\\/wp-content\\\/uploads\\\/2025\\\/02\\\/Bac-de-lavage-LEVANTE-3.webp\",\"contentUrl\":\"https:\\\/\\\/groupecoiff.com\\\/wp-content\\\/uploads\\\/2025\\\/02\\\/Bac-de-lavage-LEVANTE-3.webp\",\"width\":1200,\"height\":1200,\"caption\":\"Bac \u00e0 shampoing professionnel LEVANTE - Bac de lavage massant - Mobilier de coiffure professionnel - bac de lavage pour salon de coiffure - bac de lavage professionnel LEVANTE\"},{\"@type\":\"BreadcrumbList\",\"@id\":\"https:\\\/\\\/groupecoiff.com\\\/produit\\\/bac-a-shampoing-levante\\\/#breadcrumb\",\"itemListElement\":[{\"@type\":\"ListItem\",\"position\":1,\"name\":\"Accueil\",\"item\":\"https:\\\/\\\/groupecoiff.com\\\/\"},{\"@type\":\"ListItem\",\"position\":2,\"name\":\"Boutique\",\"item\":\"https:\\\/\\\/groupecoiff.com\\\/boutique\\\/\"},{\"@type\":\"ListItem\",\"position\":3,\"name\":\"Bac \u00e0 shampoing LEVANTE\"}]},{\"@type\":\"WebSite\",\"@id\":\"https:\\\/\\\/groupecoiff.com\\\/#website\",\"url\":\"https:\\\/\\\/groupecoiff.com\\\/\",\"name\":\"Groupe Coiff\",\"description\":\"Tout pour la coiffure\",\"publisher\":{\"@id\":\"https:\\\/\\\/groupecoiff.com\\\/#organization\"},\"potentialAction\":[{\"@type\":\"SearchAction\",\"target\":{\"@type\":\"EntryPoint\",\"urlTemplate\":\"https:\\\/\\\/groupecoiff.com\\\/?s={search_term_string}\"},\"query-input\":{\"@type\":\"PropertyValueSpecification\",\"valueRequired\":true,\"valueName\":\"search_term_string\"}}],\"inLanguage\":\"en-US\"},{\"@type\":\"Organization\",\"@id\":\"https:\\\/\\\/groupecoiff.com\\\/#organization\",\"name\":\"Groupe Coiff\",\"alternateName\":\"Groupe Coiff : Le Mobilier De Coiffure Haut de Gamme Pour Une \u00c9l\u00e9gance In\u00e9gal\u00e9e\",\"url\":\"https:\\\/\\\/groupecoiff.com\\\/\",\"logo\":{\"@type\":\"ImageObject\",\"inLanguage\":\"en-US\",\"@id\":\"https:\\\/\\\/groupecoiff.com\\\/#\\\/schema\\\/logo\\\/image\\\/\",\"url\":\"https:\\\/\\\/groupecoiff.com\\\/wp-content\\\/uploads\\\/2024\\\/01\\\/cropped-Groupe-Coiff-Logo.webp\",\"contentUrl\":\"https:\\\/\\\/groupecoiff.com\\\/wp-content\\\/uploads\\\/2024\\\/01\\\/cropped-Groupe-Coiff-Logo.webp\",\"width\":512,\"height\":512,\"caption\":\"Groupe Coiff\"},\"image\":{\"@id\":\"https:\\\/\\\/groupecoiff.com\\\/#\\\/schema\\\/logo\\\/image\\\/\"},\"sameAs\":[\"https:\\\/\\\/www.facebook.com\\\/GroupeCoiff\",\"https:\\\/\\\/x.com\\\/groupecoiff\",\"https:\\\/\\\/www.instagram.com\\\/groupecoiff\\\/\",\"https:\\\/\\\/www.tiktok.com\\\/@groupecoiff\",\"https:\\\/\\\/www.youtube.com\\\/@groupecoiff\",\"https:\\\/\\\/twitter.com\\\/groupecoiff\",\"https:\\\/\\\/www.leboncoin.fr\\\/boutique\\\/3961302\\\/groupe_coiff.htm\"],\"description\":\"D\u00e9couvrez le mobilier de coiffure haut de gamme de Groupe Coiff, alliant \u00e9l\u00e9gance et fonctionnalit\u00e9 pour sublimer votre salon et satisfaire vos clients.\",\"email\":\"contact@groupecoiff.com\",\"telephone\":\"0676951605\",\"legalName\":\"Groupe Coiff\",\"foundingDate\":\"2022-11-16\",\"vatID\":\"FR84921406419\",\"taxID\":\"92140641900025\"}]}<\/script>\n<meta property=\"product:price:amount\" content=\"979.00\" \/>\n<meta property=\"product:price:currency\" content=\"EUR\" \/>\n<meta property=\"og:availability\" content=\"instock\" \/>\n<meta property=\"product:availability\" content=\"instock\" \/>\n<meta property=\"product:condition\" content=\"new\" \/>\n<!-- \/ Yoast SEO Premium plugin. -->","yoast_head_json":{"title":"Bac \u00e0 shampoing LEVANTE : Robuste, \u00c9l\u00e9gant et Polyvalent - Groupe Coiff","description":"Offrez une exp\u00e9rience client personnalis\u00e9e avec le Bac \u00e0 shampoing LEVANTE dans votre salon. Style \u00e9l\u00e9gant, finitions sophistiqu\u00e9es et confort absolu.","robots":{"index":"index","follow":"follow","max-snippet":"max-snippet:-1","max-image-preview":"max-image-preview:large","max-video-preview":"max-video-preview:-1"},"canonical":"https:\/\/groupecoiff.com\/en\/product-2\/bac-a-shampoing-levante\/","og_locale":"en_US","og_type":"article","og_title":"Bac \u00e0 shampoing LEVANTE","og_description":"Offrez une exp\u00e9rience client personnalis\u00e9e avec le Bac \u00e0 shampoing LEVANTE dans votre salon. Style \u00e9l\u00e9gant, finitions sophistiqu\u00e9es et confort absolu.","og_url":"https:\/\/groupecoiff.com\/en\/product-2\/bac-a-shampoing-levante\/","og_site_name":"Groupe Coiff","article_publisher":"https:\/\/www.facebook.com\/GroupeCoiff","article_modified_time":"2025-10-11T14:43:53+00:00","og_image":[{"width":1200,"height":1200,"url":"https:\/\/groupecoiff.com\/wp-content\/uploads\/2025\/02\/Bac-de-lavage-LEVANTE-3.webp","type":"image\/webp"}],"twitter_card":"summary_large_image","twitter_site":"@groupecoiff","twitter_misc":{"Price":"979,00&nbsp;&euro;","Availability":"In stock"},"schema":{"@context":"https:\/\/schema.org","@graph":[{"@type":"WebPage","@id":"https:\/\/groupecoiff.com\/produit\/bac-a-shampoing-levante\/","url":"https:\/\/groupecoiff.com\/produit\/bac-a-shampoing-levante\/","name":"Bac \u00e0 shampoing LEVANTE : Robuste, \u00c9l\u00e9gant et Polyvalent - Groupe Coiff","isPartOf":{"@id":"https:\/\/groupecoiff.com\/#website"},"primaryImageOfPage":{"@id":"https:\/\/groupecoiff.com\/produit\/bac-a-shampoing-levante\/#primaryimage"},"image":{"@id":"https:\/\/groupecoiff.com\/produit\/bac-a-shampoing-levante\/#primaryimage"},"thumbnailUrl":"https:\/\/groupecoiff.com\/wp-content\/uploads\/2025\/02\/Bac-de-lavage-LEVANTE-3.webp","datePublished":"2025-02-06T13:42:10+00:00","dateModified":"2025-10-11T14:43:53+00:00","description":"Offrez une exp\u00e9rience client personnalis\u00e9e avec le Bac \u00e0 shampoing LEVANTE dans votre salon. Style \u00e9l\u00e9gant, finitions sophistiqu\u00e9es et confort absolu.","breadcrumb":{"@id":"https:\/\/groupecoiff.com\/produit\/bac-a-shampoing-levante\/#breadcrumb"},"inLanguage":"en-US","potentialAction":[{"@type":"ReadAction","target":["https:\/\/groupecoiff.com\/produit\/bac-a-shampoing-levante\/"]}]},{"@type":"ImageObject","inLanguage":"en-US","@id":"https:\/\/groupecoiff.com\/produit\/bac-a-shampoing-levante\/#primaryimage","url":"https:\/\/groupecoiff.com\/wp-content\/uploads\/2025\/02\/Bac-de-lavage-LEVANTE-3.webp","contentUrl":"https:\/\/groupecoiff.com\/wp-content\/uploads\/2025\/02\/Bac-de-lavage-LEVANTE-3.webp","width":1200,"height":1200,"caption":"Bac \u00e0 shampoing professionnel LEVANTE - Bac de lavage massant - Mobilier de coiffure professionnel - bac de lavage pour salon de coiffure - bac de lavage professionnel LEVANTE"},{"@type":"BreadcrumbList","@id":"https:\/\/groupecoiff.com\/produit\/bac-a-shampoing-levante\/#breadcrumb","itemListElement":[{"@type":"ListItem","position":1,"name":"Accueil","item":"https:\/\/groupecoiff.com\/"},{"@type":"ListItem","position":2,"name":"Boutique","item":"https:\/\/groupecoiff.com\/boutique\/"},{"@type":"ListItem","position":3,"name":"Bac \u00e0 shampoing LEVANTE"}]},{"@type":"WebSite","@id":"https:\/\/groupecoiff.com\/#website","url":"https:\/\/groupecoiff.com\/","name":"Coiff Group","description":"Everything for the hairdresser","publisher":{"@id":"https:\/\/groupecoiff.com\/#organization"},"potentialAction":[{"@type":"SearchAction","target":{"@type":"EntryPoint","urlTemplate":"https:\/\/groupecoiff.com\/?s={search_term_string}"},"query-input":{"@type":"PropertyValueSpecification","valueRequired":true,"valueName":"search_term_string"}}],"inLanguage":"en-US"},{"@type":"Organization","@id":"https:\/\/groupecoiff.com\/#organization","name":"Coiff Group","alternateName":"Groupe Coiff : Le Mobilier De Coiffure Haut de Gamme Pour Une \u00c9l\u00e9gance In\u00e9gal\u00e9e","url":"https:\/\/groupecoiff.com\/","logo":{"@type":"ImageObject","inLanguage":"en-US","@id":"https:\/\/groupecoiff.com\/#\/schema\/logo\/image\/","url":"https:\/\/groupecoiff.com\/wp-content\/uploads\/2024\/01\/cropped-Groupe-Coiff-Logo.webp","contentUrl":"https:\/\/groupecoiff.com\/wp-content\/uploads\/2024\/01\/cropped-Groupe-Coiff-Logo.webp","width":512,"height":512,"caption":"Groupe Coiff"},"image":{"@id":"https:\/\/groupecoiff.com\/#\/schema\/logo\/image\/"},"sameAs":["https:\/\/www.facebook.com\/GroupeCoiff","https:\/\/x.com\/groupecoiff","https:\/\/www.instagram.com\/groupecoiff\/","https:\/\/www.tiktok.com\/@groupecoiff","https:\/\/www.youtube.com\/@groupecoiff","https:\/\/twitter.com\/groupecoiff","https:\/\/www.leboncoin.fr\/boutique\/3961302\/groupe_coiff.htm"],"description":"Discover Groupe Coiff's top-of-the-range hairdressing furniture, combining elegance and functionality to enhance your salon and satisfy your customers.","email":"contact@groupecoiff.com","telephone":"0676951605","legalName":"Groupe Coiff","foundingDate":"2022-11-16","vatID":"FR84921406419","taxID":"92140641900025"}]},"product_price_amount":"979.00","product_price_currency":"EUR","og_availability":"instock","product_availability":"instock","product_condition":"new"},"jetpack_publicize_connections":[],"jetpack_likes_enabled":true,"jetpack_sharing_enabled":true,"_links":{"self":[{"href":"https:\/\/groupecoiff.com\/en\/wp-json\/wp\/v2\/product\/37951","targetHints":{"allow":["GET"]}}],"collection":[{"href":"https:\/\/groupecoiff.com\/en\/wp-json\/wp\/v2\/product"}],"about":[{"href":"https:\/\/groupecoiff.com\/en\/wp-json\/wp\/v2\/types\/product"}],"replies":[{"embeddable":true,"href":"https:\/\/groupecoiff.com\/en\/wp-json\/wp\/v2\/comments?post=37951"}],"version-history":[{"count":0,"href":"https:\/\/groupecoiff.com\/en\/wp-json\/wp\/v2\/product\/37951\/revisions"}],"wp:featuredmedia":[{"embeddable":true,"href":"https:\/\/groupecoiff.com\/en\/wp-json\/wp\/v2\/media\/45819"}],"wp:attachment":[{"href":"https:\/\/groupecoiff.com\/en\/wp-json\/wp\/v2\/media?parent=37951"}],"wp:term":[{"taxonomy":"product_brand","embeddable":true,"href":"https:\/\/groupecoiff.com\/en\/wp-json\/wp\/v2\/product_brand?post=37951"},{"taxonomy":"product_cat","embeddable":true,"href":"https:\/\/groupecoiff.com\/en\/wp-json\/wp\/v2\/product_cat?post=37951"},{"taxonomy":"product_tag","embeddable":true,"href":"https:\/\/groupecoiff.com\/en\/wp-json\/wp\/v2\/product_tag?post=37951"}],"curies":[{"name":"wp","href":"https:\/\/api.w.org\/{rel}","templated":true}]}}