{"id":38046,"date":"2025-02-07T21:03:20","date_gmt":"2025-02-07T20:03:20","guid":{"rendered":"https:\/\/groupecoiff.com\/?post_type=product&#038;p=38046"},"modified":"2025-08-08T18:08:48","modified_gmt":"2025-08-08T16:08:48","slug":"green-car-shaped-styling-chair","status":"publish","type":"product","link":"https:\/\/groupecoiff.com\/en\/produit\/fauteuil-de-coiffure-en-forme-de-voiture-verte\/","title":{"rendered":"Fauteuil de coiffure en forme de voiture verte"},"content":{"rendered":"<ul>\n<li>\n<h4>Fauteuil de coiffure pour enfant : Une exp\u00e9rience ludique et captivante<\/h4>\n<\/li>\n<\/ul>\n<p>Transformez chaque passage chez le coiffeur en un moment agr\u00e9able avec ce fauteuil de coiffure en forme de voiture verte. Son design vintage, associ\u00e9 \u00e0 des d\u00e9tails r\u00e9alistes, fera le bonheur des enfants.<\/p>\n<ul>\n<li><strong>Un fauteuil enfant au style unique<\/strong><\/li>\n<\/ul>\n<p>Ce fauteuil de coiffeur enfant voiture est fabriqu\u00e9 en m\u00e9tal robuste avec un style r\u00e9tro. Ses roues avant sont mobiles et tournent avec le volant. Les lumi\u00e8res d\u00e9coratives ajoutent une touche de r\u00e9alisme, captivant l\u2019attention des plus jeunes.<\/p>\n<ul>\n<li><strong>Confort et praticit\u00e9 pour tous<\/strong><\/li>\n<\/ul>\n<p>Ce fauteuil de coiffure pour enfant combine confort et fonctionnalit\u00e9 :<\/p>\n<p>Dimensions ajust\u00e9es : 57-68 cm de hauteur r\u00e9glable, 45 cm de largeur, et 95 cm de longueur.<\/p>\n<p>Structure stable : support m\u00e9tallique chrom\u00e9 solide pour une s\u00e9curit\u00e9 optimale.<\/p>\n<p>Design polyvalent : la voiture est amovible pour offrir une utilisation flexible.<\/p>\n<ul>\n<li><strong>Un mobilier id\u00e9al pour votre salon<\/strong><\/li>\n<\/ul>\n<p>Ce fauteuil apporte une ambiance ludique \u00e0 votre salon. Il am\u00e9liore \u00e9galement le confort des enfants et facilite le travail des coiffeurs. Int\u00e9gr\u00e9 \u00e0 votre mobilier pour salon de coiffure, il s\u00e9duira les petits clients et leurs parents.<\/p>\n<ul>\n<li><strong>Les avantages de ce fauteuil<\/strong><\/li>\n<\/ul>\n<p>1. Design vintage et ludique pour enfants.<\/p>\n<p>2. Fabrication en m\u00e9tal r\u00e9sistant pour une durabilit\u00e9 accrue.<\/p>\n<p>3. Am\u00e9liore l\u2019attractivit\u00e9 de votre espace professionnel.<\/p>\n<p>Offrez une exp\u00e9rience unique avec cette voiture pour enfant . Commandez-la d\u00e8s aujourd\u2019hui pour faire la diff\u00e9rence dans votre salon !<\/p>","protected":false},"excerpt":{"rendered":"<div class=\"yst-label yst-radio__label yst-flex yst-flex-wrap yst-items-center\">Transformez chaque visite chez le coiffeur en un moment amusant avec notre fauteuil de coiffure en forme de voiture verte. Confortable, r\u00e9aliste et s\u00fbr pour les enfants. \ud83d\ude97<\/div>","protected":false},"featured_media":38049,"comment_status":"open","ping_status":"closed","template":"","meta":{"googlesitekit_rrm_CAow0YCiDA:productID":"","jetpack_post_was_ever_published":false,"jetpack_publicize_message":"","jetpack_publicize_feature_enabled":true,"jetpack_social_post_already_shared":true,"jetpack_social_options":{"image_generator_settings":{"template":"highway","default_image_id":0,"font":"","enabled":false},"version":2}},"product_brand":[],"product_cat":[60],"product_tag":[340,324,125],"class_list":{"0":"post-38046","1":"product","2":"type-product","3":"status-publish","4":"has-post-thumbnail","6":"product_cat-mobilier-coiffure-enfant","7":"product_tag-fauteuil-de-coiffure-enfant","8":"product_tag-meuble-de-coiffure-professionnel","9":"product_tag-salon-de-coiffure","11":"first","12":"instock","13":"taxable","14":"shipping-taxable","15":"purchasable","16":"product-type-simple"},"yoast_head":"<!-- This site is optimized with the Yoast SEO Premium plugin v27.4 (Yoast SEO v27.4) - https:\/\/yoast.com\/product\/yoast-seo-premium-wordpress\/ -->\n<title>Fauteuil de coiffure en forme de voiture verte: Confort et style r\u00e9tro - Groupe Coiff<\/title>\n<meta name=\"description\" content=\"D\u00e9couvrez le fauteuil de coiffure en forme de voiture verte, id\u00e9al pour rendre les rendez-vous chez le coiffeur des enfants amusants et inoubliables! \u2702\ufe0f\ud83e\uddd2\" \/>\n<meta name=\"robots\" content=\"index, follow, max-snippet:-1, max-image-preview:large, max-video-preview:-1\" \/>\n<link rel=\"canonical\" href=\"https:\/\/groupecoiff.com\/en\/product-2\/green-car-shaped-styling-chair\/\" \/>\n<meta property=\"og:locale\" content=\"en_US\" \/>\n<meta property=\"og:type\" content=\"article\" \/>\n<meta property=\"og:title\" content=\"Fauteuil de coiffure en forme de voiture verte\" \/>\n<meta property=\"og:description\" content=\"D\u00e9couvrez le fauteuil de coiffure en forme de voiture verte, id\u00e9al pour rendre les rendez-vous chez le coiffeur des enfants amusants et inoubliables! \u2702\ufe0f\ud83e\uddd2\" \/>\n<meta property=\"og:url\" content=\"https:\/\/groupecoiff.com\/en\/product-2\/green-car-shaped-styling-chair\/\" \/>\n<meta property=\"og:site_name\" content=\"Groupe Coiff\" \/>\n<meta property=\"article:publisher\" content=\"https:\/\/www.facebook.com\/GroupeCoiff\" \/>\n<meta property=\"article:modified_time\" content=\"2025-08-08T16:08:48+00:00\" \/>\n<meta property=\"og:image\" content=\"https:\/\/groupecoiff.com\/wp-content\/uploads\/2025\/02\/Fauteuil-de-coiffure-en-forme-de-voiture-verte-2.webp\" \/>\n\t<meta property=\"og:image:width\" content=\"1080\" \/>\n\t<meta property=\"og:image:height\" content=\"1080\" \/>\n\t<meta property=\"og:image:type\" content=\"image\/webp\" \/>\n<meta name=\"twitter:card\" content=\"summary_large_image\" \/>\n<meta name=\"twitter:site\" content=\"@groupecoiff\" \/>\n<meta name=\"twitter:label1\" content=\"Price\" \/>\n\t<meta name=\"twitter:data1\" content=\"749,00&nbsp;&euro;\" \/>\n\t<meta name=\"twitter:label2\" content=\"Availability\" \/>\n\t<meta name=\"twitter:data2\" content=\"In stock\" \/>\n<script type=\"application\/ld+json\" class=\"yoast-schema-graph\">{\"@context\":\"https:\\\/\\\/schema.org\",\"@graph\":[{\"@type\":\"WebPage\",\"@id\":\"https:\\\/\\\/groupecoiff.com\\\/produit\\\/fauteuil-de-coiffure-en-forme-de-voiture-verte\\\/\",\"url\":\"https:\\\/\\\/groupecoiff.com\\\/produit\\\/fauteuil-de-coiffure-en-forme-de-voiture-verte\\\/\",\"name\":\"Fauteuil de coiffure en forme de voiture verte: Confort et style r\u00e9tro - Groupe Coiff\",\"isPartOf\":{\"@id\":\"https:\\\/\\\/groupecoiff.com\\\/#website\"},\"primaryImageOfPage\":{\"@id\":\"https:\\\/\\\/groupecoiff.com\\\/produit\\\/fauteuil-de-coiffure-en-forme-de-voiture-verte\\\/#primaryimage\"},\"image\":{\"@id\":\"https:\\\/\\\/groupecoiff.com\\\/produit\\\/fauteuil-de-coiffure-en-forme-de-voiture-verte\\\/#primaryimage\"},\"thumbnailUrl\":\"https:\\\/\\\/groupecoiff.com\\\/wp-content\\\/uploads\\\/2025\\\/02\\\/Fauteuil-de-coiffure-en-forme-de-voiture-verte-2.webp\",\"datePublished\":\"2025-02-07T20:03:20+00:00\",\"dateModified\":\"2025-08-08T16:08:48+00:00\",\"description\":\"D\u00e9couvrez le fauteuil de coiffure en forme de voiture verte, id\u00e9al pour rendre les rendez-vous chez le coiffeur des enfants amusants et inoubliables! \u2702\ufe0f\ud83e\uddd2\",\"breadcrumb\":{\"@id\":\"https:\\\/\\\/groupecoiff.com\\\/produit\\\/fauteuil-de-coiffure-en-forme-de-voiture-verte\\\/#breadcrumb\"},\"inLanguage\":\"en-US\",\"potentialAction\":[{\"@type\":\"ReadAction\",\"target\":[\"https:\\\/\\\/groupecoiff.com\\\/produit\\\/fauteuil-de-coiffure-en-forme-de-voiture-verte\\\/\"]}]},{\"@type\":\"ImageObject\",\"inLanguage\":\"en-US\",\"@id\":\"https:\\\/\\\/groupecoiff.com\\\/produit\\\/fauteuil-de-coiffure-en-forme-de-voiture-verte\\\/#primaryimage\",\"url\":\"https:\\\/\\\/groupecoiff.com\\\/wp-content\\\/uploads\\\/2025\\\/02\\\/Fauteuil-de-coiffure-en-forme-de-voiture-verte-2.webp\",\"contentUrl\":\"https:\\\/\\\/groupecoiff.com\\\/wp-content\\\/uploads\\\/2025\\\/02\\\/Fauteuil-de-coiffure-en-forme-de-voiture-verte-2.webp\",\"width\":1080,\"height\":1080,\"caption\":\"Fauteuil de coiffure en forme de voiture verte (2)\"},{\"@type\":\"BreadcrumbList\",\"@id\":\"https:\\\/\\\/groupecoiff.com\\\/produit\\\/fauteuil-de-coiffure-en-forme-de-voiture-verte\\\/#breadcrumb\",\"itemListElement\":[{\"@type\":\"ListItem\",\"position\":1,\"name\":\"Accueil\",\"item\":\"https:\\\/\\\/groupecoiff.com\\\/\"},{\"@type\":\"ListItem\",\"position\":2,\"name\":\"Boutique\",\"item\":\"https:\\\/\\\/groupecoiff.com\\\/boutique\\\/\"},{\"@type\":\"ListItem\",\"position\":3,\"name\":\"Fauteuil de coiffure en forme de voiture verte\"}]},{\"@type\":\"WebSite\",\"@id\":\"https:\\\/\\\/groupecoiff.com\\\/#website\",\"url\":\"https:\\\/\\\/groupecoiff.com\\\/\",\"name\":\"Groupe Coiff\",\"description\":\"Tout pour la coiffure\",\"publisher\":{\"@id\":\"https:\\\/\\\/groupecoiff.com\\\/#organization\"},\"potentialAction\":[{\"@type\":\"SearchAction\",\"target\":{\"@type\":\"EntryPoint\",\"urlTemplate\":\"https:\\\/\\\/groupecoiff.com\\\/?s={search_term_string}\"},\"query-input\":{\"@type\":\"PropertyValueSpecification\",\"valueRequired\":true,\"valueName\":\"search_term_string\"}}],\"inLanguage\":\"en-US\"},{\"@type\":\"Organization\",\"@id\":\"https:\\\/\\\/groupecoiff.com\\\/#organization\",\"name\":\"Groupe Coiff\",\"alternateName\":\"Groupe Coiff : Le Mobilier De Coiffure Haut de Gamme Pour Une \u00c9l\u00e9gance In\u00e9gal\u00e9e\",\"url\":\"https:\\\/\\\/groupecoiff.com\\\/\",\"logo\":{\"@type\":\"ImageObject\",\"inLanguage\":\"en-US\",\"@id\":\"https:\\\/\\\/groupecoiff.com\\\/#\\\/schema\\\/logo\\\/image\\\/\",\"url\":\"https:\\\/\\\/groupecoiff.com\\\/wp-content\\\/uploads\\\/2024\\\/01\\\/cropped-Groupe-Coiff-Logo.webp\",\"contentUrl\":\"https:\\\/\\\/groupecoiff.com\\\/wp-content\\\/uploads\\\/2024\\\/01\\\/cropped-Groupe-Coiff-Logo.webp\",\"width\":512,\"height\":512,\"caption\":\"Groupe Coiff\"},\"image\":{\"@id\":\"https:\\\/\\\/groupecoiff.com\\\/#\\\/schema\\\/logo\\\/image\\\/\"},\"sameAs\":[\"https:\\\/\\\/www.facebook.com\\\/GroupeCoiff\",\"https:\\\/\\\/x.com\\\/groupecoiff\",\"https:\\\/\\\/www.instagram.com\\\/groupecoiff\\\/\",\"https:\\\/\\\/www.tiktok.com\\\/@groupecoiff\",\"https:\\\/\\\/www.youtube.com\\\/@groupecoiff\",\"https:\\\/\\\/twitter.com\\\/groupecoiff\",\"https:\\\/\\\/www.leboncoin.fr\\\/boutique\\\/3961302\\\/groupe_coiff.htm\"],\"description\":\"D\u00e9couvrez le mobilier de coiffure haut de gamme de Groupe Coiff, alliant \u00e9l\u00e9gance et fonctionnalit\u00e9 pour sublimer votre salon et satisfaire vos clients.\",\"email\":\"contact@groupecoiff.com\",\"telephone\":\"0676951605\",\"legalName\":\"Groupe Coiff\",\"foundingDate\":\"2022-11-16\",\"vatID\":\"FR84921406419\",\"taxID\":\"92140641900025\"}]}<\/script>\n<meta property=\"product:price:amount\" content=\"749.00\" \/>\n<meta property=\"product:price:currency\" content=\"EUR\" \/>\n<meta property=\"og:availability\" content=\"instock\" \/>\n<meta property=\"product:availability\" content=\"instock\" \/>\n<meta property=\"product:condition\" content=\"new\" \/>\n<!-- \/ Yoast SEO Premium plugin. -->","yoast_head_json":{"title":"Fauteuil de coiffure en forme de voiture verte: Confort et style r\u00e9tro - Groupe Coiff","description":"D\u00e9couvrez le fauteuil de coiffure en forme de voiture verte, id\u00e9al pour rendre les rendez-vous chez le coiffeur des enfants amusants et inoubliables! \u2702\ufe0f\ud83e\uddd2","robots":{"index":"index","follow":"follow","max-snippet":"max-snippet:-1","max-image-preview":"max-image-preview:large","max-video-preview":"max-video-preview:-1"},"canonical":"https:\/\/groupecoiff.com\/en\/product-2\/green-car-shaped-styling-chair\/","og_locale":"en_US","og_type":"article","og_title":"Fauteuil de coiffure en forme de voiture verte","og_description":"D\u00e9couvrez le fauteuil de coiffure en forme de voiture verte, id\u00e9al pour rendre les rendez-vous chez le coiffeur des enfants amusants et inoubliables! \u2702\ufe0f\ud83e\uddd2","og_url":"https:\/\/groupecoiff.com\/en\/product-2\/green-car-shaped-styling-chair\/","og_site_name":"Groupe Coiff","article_publisher":"https:\/\/www.facebook.com\/GroupeCoiff","article_modified_time":"2025-08-08T16:08:48+00:00","og_image":[{"width":1080,"height":1080,"url":"https:\/\/groupecoiff.com\/wp-content\/uploads\/2025\/02\/Fauteuil-de-coiffure-en-forme-de-voiture-verte-2.webp","type":"image\/webp"}],"twitter_card":"summary_large_image","twitter_site":"@groupecoiff","twitter_misc":{"Price":"749,00&nbsp;&euro;","Availability":"In stock"},"schema":{"@context":"https:\/\/schema.org","@graph":[{"@type":"WebPage","@id":"https:\/\/groupecoiff.com\/produit\/fauteuil-de-coiffure-en-forme-de-voiture-verte\/","url":"https:\/\/groupecoiff.com\/produit\/fauteuil-de-coiffure-en-forme-de-voiture-verte\/","name":"Fauteuil de coiffure en forme de voiture verte: Confort et style r\u00e9tro - Groupe Coiff","isPartOf":{"@id":"https:\/\/groupecoiff.com\/#website"},"primaryImageOfPage":{"@id":"https:\/\/groupecoiff.com\/produit\/fauteuil-de-coiffure-en-forme-de-voiture-verte\/#primaryimage"},"image":{"@id":"https:\/\/groupecoiff.com\/produit\/fauteuil-de-coiffure-en-forme-de-voiture-verte\/#primaryimage"},"thumbnailUrl":"https:\/\/groupecoiff.com\/wp-content\/uploads\/2025\/02\/Fauteuil-de-coiffure-en-forme-de-voiture-verte-2.webp","datePublished":"2025-02-07T20:03:20+00:00","dateModified":"2025-08-08T16:08:48+00:00","description":"D\u00e9couvrez le fauteuil de coiffure en forme de voiture verte, id\u00e9al pour rendre les rendez-vous chez le coiffeur des enfants amusants et inoubliables! \u2702\ufe0f\ud83e\uddd2","breadcrumb":{"@id":"https:\/\/groupecoiff.com\/produit\/fauteuil-de-coiffure-en-forme-de-voiture-verte\/#breadcrumb"},"inLanguage":"en-US","potentialAction":[{"@type":"ReadAction","target":["https:\/\/groupecoiff.com\/produit\/fauteuil-de-coiffure-en-forme-de-voiture-verte\/"]}]},{"@type":"ImageObject","inLanguage":"en-US","@id":"https:\/\/groupecoiff.com\/produit\/fauteuil-de-coiffure-en-forme-de-voiture-verte\/#primaryimage","url":"https:\/\/groupecoiff.com\/wp-content\/uploads\/2025\/02\/Fauteuil-de-coiffure-en-forme-de-voiture-verte-2.webp","contentUrl":"https:\/\/groupecoiff.com\/wp-content\/uploads\/2025\/02\/Fauteuil-de-coiffure-en-forme-de-voiture-verte-2.webp","width":1080,"height":1080,"caption":"Fauteuil de coiffure en forme de voiture verte (2)"},{"@type":"BreadcrumbList","@id":"https:\/\/groupecoiff.com\/produit\/fauteuil-de-coiffure-en-forme-de-voiture-verte\/#breadcrumb","itemListElement":[{"@type":"ListItem","position":1,"name":"Accueil","item":"https:\/\/groupecoiff.com\/"},{"@type":"ListItem","position":2,"name":"Boutique","item":"https:\/\/groupecoiff.com\/boutique\/"},{"@type":"ListItem","position":3,"name":"Fauteuil de coiffure en forme de voiture verte"}]},{"@type":"WebSite","@id":"https:\/\/groupecoiff.com\/#website","url":"https:\/\/groupecoiff.com\/","name":"Coiff Group","description":"Everything for the hairdresser","publisher":{"@id":"https:\/\/groupecoiff.com\/#organization"},"potentialAction":[{"@type":"SearchAction","target":{"@type":"EntryPoint","urlTemplate":"https:\/\/groupecoiff.com\/?s={search_term_string}"},"query-input":{"@type":"PropertyValueSpecification","valueRequired":true,"valueName":"search_term_string"}}],"inLanguage":"en-US"},{"@type":"Organization","@id":"https:\/\/groupecoiff.com\/#organization","name":"Coiff Group","alternateName":"Groupe Coiff : Le Mobilier De Coiffure Haut de Gamme Pour Une \u00c9l\u00e9gance In\u00e9gal\u00e9e","url":"https:\/\/groupecoiff.com\/","logo":{"@type":"ImageObject","inLanguage":"en-US","@id":"https:\/\/groupecoiff.com\/#\/schema\/logo\/image\/","url":"https:\/\/groupecoiff.com\/wp-content\/uploads\/2024\/01\/cropped-Groupe-Coiff-Logo.webp","contentUrl":"https:\/\/groupecoiff.com\/wp-content\/uploads\/2024\/01\/cropped-Groupe-Coiff-Logo.webp","width":512,"height":512,"caption":"Groupe Coiff"},"image":{"@id":"https:\/\/groupecoiff.com\/#\/schema\/logo\/image\/"},"sameAs":["https:\/\/www.facebook.com\/GroupeCoiff","https:\/\/x.com\/groupecoiff","https:\/\/www.instagram.com\/groupecoiff\/","https:\/\/www.tiktok.com\/@groupecoiff","https:\/\/www.youtube.com\/@groupecoiff","https:\/\/twitter.com\/groupecoiff","https:\/\/www.leboncoin.fr\/boutique\/3961302\/groupe_coiff.htm"],"description":"Discover Groupe Coiff's top-of-the-range hairdressing furniture, combining elegance and functionality to enhance your salon and satisfy your customers.","email":"contact@groupecoiff.com","telephone":"0676951605","legalName":"Groupe Coiff","foundingDate":"2022-11-16","vatID":"FR84921406419","taxID":"92140641900025"}]},"product_price_amount":"749.00","product_price_currency":"EUR","og_availability":"instock","product_availability":"instock","product_condition":"new"},"jetpack_publicize_connections":[],"jetpack_likes_enabled":true,"jetpack_sharing_enabled":true,"_links":{"self":[{"href":"https:\/\/groupecoiff.com\/en\/wp-json\/wp\/v2\/product\/38046","targetHints":{"allow":["GET"]}}],"collection":[{"href":"https:\/\/groupecoiff.com\/en\/wp-json\/wp\/v2\/product"}],"about":[{"href":"https:\/\/groupecoiff.com\/en\/wp-json\/wp\/v2\/types\/product"}],"replies":[{"embeddable":true,"href":"https:\/\/groupecoiff.com\/en\/wp-json\/wp\/v2\/comments?post=38046"}],"version-history":[{"count":0,"href":"https:\/\/groupecoiff.com\/en\/wp-json\/wp\/v2\/product\/38046\/revisions"}],"wp:featuredmedia":[{"embeddable":true,"href":"https:\/\/groupecoiff.com\/en\/wp-json\/wp\/v2\/media\/38049"}],"wp:attachment":[{"href":"https:\/\/groupecoiff.com\/en\/wp-json\/wp\/v2\/media?parent=38046"}],"wp:term":[{"taxonomy":"product_brand","embeddable":true,"href":"https:\/\/groupecoiff.com\/en\/wp-json\/wp\/v2\/product_brand?post=38046"},{"taxonomy":"product_cat","embeddable":true,"href":"https:\/\/groupecoiff.com\/en\/wp-json\/wp\/v2\/product_cat?post=38046"},{"taxonomy":"product_tag","embeddable":true,"href":"https:\/\/groupecoiff.com\/en\/wp-json\/wp\/v2\/product_tag?post=38046"}],"curies":[{"name":"wp","href":"https:\/\/api.w.org\/{rel}","templated":true}]}}