{"id":38259,"date":"2025-02-12T19:58:06","date_gmt":"2025-02-12T18:58:06","guid":{"rendered":"https:\/\/groupecoiff.com\/?post_type=product&#038;p=38259"},"modified":"2025-08-08T18:08:48","modified_gmt":"2025-08-08T16:08:48","slug":"meuble-daccueil-stone-mini","status":"publish","type":"product","link":"https:\/\/groupecoiff.com\/en\/produit\/meuble-daccueil-stone-mini\/","title":{"rendered":"Meuble d&rsquo;accueil STONE Mini"},"content":{"rendered":"<ul>\n<li>\n<h4>Discover the STONE Mini reception unit: Elegance and functionality<\/h4>\n<\/li>\n<\/ul>\n<p>The STONE Mini reception unit does more than just serve a practical purpose. It adds an incomparable touch of style to any salon or hotel. Thanks to its sophisticated design and thoughtful functionality, it transforms your space into a welcoming, harmonious place.<\/p>\n<ul>\n<li><strong>Attention-grabbing design<\/strong><\/li>\n<\/ul>\n<p>The STONE Mini cash desk is immediately appealing thanks to its natural stone front. Integrated LED lighting enhances the stone, creating a warm, refined ambience.<\/p>\n<p><strong>Key features for everyday use<\/strong><\/p>\n<p>To meet your needs, the STONE Mini reception unit offers :<\/p>\n<p>Integrated LED lighting: soft light that enhances your space.<\/p>\n<p>Smart storage: Two cupboards and a drawer provide optimum organization.<\/p>\n<ul>\n<li><strong>Dimensions and Adaptability<\/strong><\/li>\n<\/ul>\n<p>Le Meuble d&rsquo;accueil STONE est con\u00e7u pour s\u2019adapter \u00e0 divers espaces gr\u00e2ce \u00e0 ses dimensions ajust\u00e9es :<\/p>\n<p>Width: 80 cm.<\/p>\n<p>Total height: 114 cm.<\/p>\n<p>Worktop height: 80 cm.<\/p>\n<p>Depth: 58 cm.<\/p>\n<ul>\n<li><strong>Why choose the STONE Mini cash register?<\/strong><\/li>\n<\/ul>\n<p>\u2714 Prestigious design thanks to authentic natural stone.<br \/>\n\u2714 Integrated LED lighting for an elegant, welcoming atmosphere.<br \/>\n\u2714 Practical storage to keep your space organized.<\/p>\n<p>Chaque Meuble d&rsquo;accueil STONE Mini est fabriqu\u00e9 sur commande, garantissant une qualit\u00e9 irr\u00e9prochable. <span style=\"color: #ff0000;\"><strong>Delivery within 3 to 5 weeks<\/strong><\/span>This is how you can plan with peace of mind.<\/p>\n<ul>\n<li><strong>Enhance your Space Today!<\/strong><\/li>\n<\/ul>\n<p>With STONE Mini reception furniture, transform your living room into a professional and elegant space. Ensure your customers have an unforgettable experience from the moment they arrive. Order now and discover how this furniture can enhance your corporate image.<\/p>","protected":false},"excerpt":{"rendered":"<p>Le Meuble de r\u00e9ception STONE Mini allie style et fonctionnalit\u00e9. Profitez de son \u00e9clairage LED et de ses rangements intelligents pour un espace accueillant ! \u2728<\/p>","protected":false},"featured_media":38278,"comment_status":"open","ping_status":"closed","template":"","meta":{"googlesitekit_rrm_CAow0YCiDA:productID":"","jetpack_post_was_ever_published":false,"jetpack_publicize_message":"","jetpack_publicize_feature_enabled":true,"jetpack_social_post_already_shared":true,"jetpack_social_options":{"image_generator_settings":{"template":"highway","default_image_id":0,"font":"","enabled":false},"version":2}},"product_brand":[],"product_cat":[59,313],"product_tag":[333,331,324,125],"class_list":{"0":"post-38259","1":"product","2":"type-product","3":"status-publish","4":"has-post-thumbnail","6":"product_cat-comptoir-daccueil","7":"product_cat-meuble-de-coiffure","8":"product_tag-comptoir-caisse","9":"product_tag-comptoir-daccueil","10":"product_tag-meuble-de-coiffure-professionnel","11":"product_tag-salon-de-coiffure","13":"first","14":"instock","15":"taxable","16":"shipping-taxable","17":"purchasable","18":"product-type-simple"},"yoast_head":"<!-- This site is optimized with the Yoast SEO Premium plugin v27.4 (Yoast SEO v27.4) - https:\/\/yoast.com\/product\/yoast-seo-premium-wordpress\/ -->\n<title>Meuble d&#039;accueil STONE Mini pour Espaces Raffin\u00e9s et Pratiques - Groupe Coiff<\/title>\n<meta name=\"description\" content=\"\u00c9gayez votre salon avec le Meuble d&#039;accueil STONE Mini. Sa fa\u00e7ade en pierre naturelle et son \u00e9clairage subliment votre espace \u00e9l\u00e9gant ! \ud83c\udfe8\" \/>\n<meta name=\"robots\" content=\"index, follow, max-snippet:-1, max-image-preview:large, max-video-preview:-1\" \/>\n<link rel=\"canonical\" href=\"https:\/\/groupecoiff.com\/en\/product-2\/meuble-daccueil-stone-mini\/\" \/>\n<meta property=\"og:locale\" content=\"en_US\" \/>\n<meta property=\"og:type\" content=\"article\" \/>\n<meta property=\"og:title\" content=\"Meuble d&#039;accueil STONE Mini\" \/>\n<meta property=\"og:description\" content=\"\u00c9gayez votre salon avec le Meuble d&#039;accueil STONE Mini. Sa fa\u00e7ade en pierre naturelle et son \u00e9clairage subliment votre espace \u00e9l\u00e9gant ! \ud83c\udfe8\" \/>\n<meta property=\"og:url\" content=\"https:\/\/groupecoiff.com\/en\/product-2\/meuble-daccueil-stone-mini\/\" \/>\n<meta property=\"og:site_name\" content=\"Groupe Coiff\" \/>\n<meta property=\"article:publisher\" content=\"https:\/\/www.facebook.com\/GroupeCoiff\" \/>\n<meta property=\"article:modified_time\" content=\"2025-08-08T16:08:48+00:00\" \/>\n<meta property=\"og:image\" content=\"https:\/\/groupecoiff.com\/wp-content\/uploads\/2025\/02\/Meuble-daccueil-STONE-11.webp\" \/>\n\t<meta property=\"og:image:width\" content=\"1080\" \/>\n\t<meta property=\"og:image:height\" content=\"1080\" \/>\n\t<meta property=\"og:image:type\" content=\"image\/webp\" \/>\n<meta name=\"twitter:card\" content=\"summary_large_image\" \/>\n<meta name=\"twitter:site\" content=\"@groupecoiff\" \/>\n<meta name=\"twitter:label1\" content=\"Price\" \/>\n\t<meta name=\"twitter:data1\" content=\"1329,00&nbsp;&euro;\" \/>\n\t<meta name=\"twitter:label2\" content=\"Availability\" \/>\n\t<meta name=\"twitter:data2\" content=\"In stock\" \/>\n<script type=\"application\/ld+json\" class=\"yoast-schema-graph\">{\"@context\":\"https:\\\/\\\/schema.org\",\"@graph\":[{\"@type\":\"WebPage\",\"@id\":\"https:\\\/\\\/groupecoiff.com\\\/produit\\\/meuble-daccueil-stone-mini\\\/\",\"url\":\"https:\\\/\\\/groupecoiff.com\\\/produit\\\/meuble-daccueil-stone-mini\\\/\",\"name\":\"Meuble d'accueil STONE Mini pour Espaces Raffin\u00e9s et Pratiques - Groupe Coiff\",\"isPartOf\":{\"@id\":\"https:\\\/\\\/groupecoiff.com\\\/#website\"},\"primaryImageOfPage\":{\"@id\":\"https:\\\/\\\/groupecoiff.com\\\/produit\\\/meuble-daccueil-stone-mini\\\/#primaryimage\"},\"image\":{\"@id\":\"https:\\\/\\\/groupecoiff.com\\\/produit\\\/meuble-daccueil-stone-mini\\\/#primaryimage\"},\"thumbnailUrl\":\"https:\\\/\\\/groupecoiff.com\\\/wp-content\\\/uploads\\\/2025\\\/02\\\/Meuble-daccueil-STONE-11.webp\",\"datePublished\":\"2025-02-12T18:58:06+00:00\",\"dateModified\":\"2025-08-08T16:08:48+00:00\",\"description\":\"\u00c9gayez votre salon avec le Meuble d'accueil STONE Mini. Sa fa\u00e7ade en pierre naturelle et son \u00e9clairage subliment votre espace \u00e9l\u00e9gant ! \ud83c\udfe8\",\"breadcrumb\":{\"@id\":\"https:\\\/\\\/groupecoiff.com\\\/produit\\\/meuble-daccueil-stone-mini\\\/#breadcrumb\"},\"inLanguage\":\"en-US\",\"potentialAction\":[{\"@type\":\"ReadAction\",\"target\":[\"https:\\\/\\\/groupecoiff.com\\\/produit\\\/meuble-daccueil-stone-mini\\\/\"]}]},{\"@type\":\"ImageObject\",\"inLanguage\":\"en-US\",\"@id\":\"https:\\\/\\\/groupecoiff.com\\\/produit\\\/meuble-daccueil-stone-mini\\\/#primaryimage\",\"url\":\"https:\\\/\\\/groupecoiff.com\\\/wp-content\\\/uploads\\\/2025\\\/02\\\/Meuble-daccueil-STONE-11.webp\",\"contentUrl\":\"https:\\\/\\\/groupecoiff.com\\\/wp-content\\\/uploads\\\/2025\\\/02\\\/Meuble-daccueil-STONE-11.webp\",\"width\":1080,\"height\":1080,\"caption\":\"Meuble d'accueil stone (11)\"},{\"@type\":\"BreadcrumbList\",\"@id\":\"https:\\\/\\\/groupecoiff.com\\\/produit\\\/meuble-daccueil-stone-mini\\\/#breadcrumb\",\"itemListElement\":[{\"@type\":\"ListItem\",\"position\":1,\"name\":\"Accueil\",\"item\":\"https:\\\/\\\/groupecoiff.com\\\/\"},{\"@type\":\"ListItem\",\"position\":2,\"name\":\"Boutique\",\"item\":\"https:\\\/\\\/groupecoiff.com\\\/boutique\\\/\"},{\"@type\":\"ListItem\",\"position\":3,\"name\":\"Meuble d&rsquo;accueil STONE Mini\"}]},{\"@type\":\"WebSite\",\"@id\":\"https:\\\/\\\/groupecoiff.com\\\/#website\",\"url\":\"https:\\\/\\\/groupecoiff.com\\\/\",\"name\":\"Groupe Coiff\",\"description\":\"Tout pour la coiffure\",\"publisher\":{\"@id\":\"https:\\\/\\\/groupecoiff.com\\\/#organization\"},\"potentialAction\":[{\"@type\":\"SearchAction\",\"target\":{\"@type\":\"EntryPoint\",\"urlTemplate\":\"https:\\\/\\\/groupecoiff.com\\\/?s={search_term_string}\"},\"query-input\":{\"@type\":\"PropertyValueSpecification\",\"valueRequired\":true,\"valueName\":\"search_term_string\"}}],\"inLanguage\":\"en-US\"},{\"@type\":\"Organization\",\"@id\":\"https:\\\/\\\/groupecoiff.com\\\/#organization\",\"name\":\"Groupe Coiff\",\"alternateName\":\"Groupe Coiff : Le Mobilier De Coiffure Haut de Gamme Pour Une \u00c9l\u00e9gance In\u00e9gal\u00e9e\",\"url\":\"https:\\\/\\\/groupecoiff.com\\\/\",\"logo\":{\"@type\":\"ImageObject\",\"inLanguage\":\"en-US\",\"@id\":\"https:\\\/\\\/groupecoiff.com\\\/#\\\/schema\\\/logo\\\/image\\\/\",\"url\":\"https:\\\/\\\/groupecoiff.com\\\/wp-content\\\/uploads\\\/2024\\\/01\\\/cropped-Groupe-Coiff-Logo.webp\",\"contentUrl\":\"https:\\\/\\\/groupecoiff.com\\\/wp-content\\\/uploads\\\/2024\\\/01\\\/cropped-Groupe-Coiff-Logo.webp\",\"width\":512,\"height\":512,\"caption\":\"Groupe Coiff\"},\"image\":{\"@id\":\"https:\\\/\\\/groupecoiff.com\\\/#\\\/schema\\\/logo\\\/image\\\/\"},\"sameAs\":[\"https:\\\/\\\/www.facebook.com\\\/GroupeCoiff\",\"https:\\\/\\\/x.com\\\/groupecoiff\",\"https:\\\/\\\/www.instagram.com\\\/groupecoiff\\\/\",\"https:\\\/\\\/www.tiktok.com\\\/@groupecoiff\",\"https:\\\/\\\/www.youtube.com\\\/@groupecoiff\",\"https:\\\/\\\/twitter.com\\\/groupecoiff\",\"https:\\\/\\\/www.leboncoin.fr\\\/boutique\\\/3961302\\\/groupe_coiff.htm\"],\"description\":\"D\u00e9couvrez le mobilier de coiffure haut de gamme de Groupe Coiff, alliant \u00e9l\u00e9gance et fonctionnalit\u00e9 pour sublimer votre salon et satisfaire vos clients.\",\"email\":\"contact@groupecoiff.com\",\"telephone\":\"0676951605\",\"legalName\":\"Groupe Coiff\",\"foundingDate\":\"2022-11-16\",\"vatID\":\"FR84921406419\",\"taxID\":\"92140641900025\"}]}<\/script>\n<meta property=\"product:price:amount\" content=\"1329.00\" \/>\n<meta property=\"product:price:currency\" content=\"EUR\" \/>\n<meta property=\"og:availability\" content=\"instock\" \/>\n<meta property=\"product:availability\" content=\"instock\" \/>\n<meta property=\"product:condition\" content=\"new\" \/>\n<!-- \/ Yoast SEO Premium plugin. -->","yoast_head_json":{"title":"Meuble d'accueil STONE Mini pour Espaces Raffin\u00e9s et Pratiques - Groupe Coiff","description":"\u00c9gayez votre salon avec le Meuble d'accueil STONE Mini. Sa fa\u00e7ade en pierre naturelle et son \u00e9clairage subliment votre espace \u00e9l\u00e9gant ! \ud83c\udfe8","robots":{"index":"index","follow":"follow","max-snippet":"max-snippet:-1","max-image-preview":"max-image-preview:large","max-video-preview":"max-video-preview:-1"},"canonical":"https:\/\/groupecoiff.com\/en\/product-2\/meuble-daccueil-stone-mini\/","og_locale":"en_US","og_type":"article","og_title":"Meuble d'accueil STONE Mini","og_description":"\u00c9gayez votre salon avec le Meuble d'accueil STONE Mini. Sa fa\u00e7ade en pierre naturelle et son \u00e9clairage subliment votre espace \u00e9l\u00e9gant ! \ud83c\udfe8","og_url":"https:\/\/groupecoiff.com\/en\/product-2\/meuble-daccueil-stone-mini\/","og_site_name":"Groupe Coiff","article_publisher":"https:\/\/www.facebook.com\/GroupeCoiff","article_modified_time":"2025-08-08T16:08:48+00:00","og_image":[{"width":1080,"height":1080,"url":"https:\/\/groupecoiff.com\/wp-content\/uploads\/2025\/02\/Meuble-daccueil-STONE-11.webp","type":"image\/webp"}],"twitter_card":"summary_large_image","twitter_site":"@groupecoiff","twitter_misc":{"Price":"1329,00&nbsp;&euro;","Availability":"In stock"},"schema":{"@context":"https:\/\/schema.org","@graph":[{"@type":"WebPage","@id":"https:\/\/groupecoiff.com\/produit\/meuble-daccueil-stone-mini\/","url":"https:\/\/groupecoiff.com\/produit\/meuble-daccueil-stone-mini\/","name":"Meuble d'accueil STONE Mini pour Espaces Raffin\u00e9s et Pratiques - Groupe Coiff","isPartOf":{"@id":"https:\/\/groupecoiff.com\/#website"},"primaryImageOfPage":{"@id":"https:\/\/groupecoiff.com\/produit\/meuble-daccueil-stone-mini\/#primaryimage"},"image":{"@id":"https:\/\/groupecoiff.com\/produit\/meuble-daccueil-stone-mini\/#primaryimage"},"thumbnailUrl":"https:\/\/groupecoiff.com\/wp-content\/uploads\/2025\/02\/Meuble-daccueil-STONE-11.webp","datePublished":"2025-02-12T18:58:06+00:00","dateModified":"2025-08-08T16:08:48+00:00","description":"\u00c9gayez votre salon avec le Meuble d'accueil STONE Mini. Sa fa\u00e7ade en pierre naturelle et son \u00e9clairage subliment votre espace \u00e9l\u00e9gant ! \ud83c\udfe8","breadcrumb":{"@id":"https:\/\/groupecoiff.com\/produit\/meuble-daccueil-stone-mini\/#breadcrumb"},"inLanguage":"en-US","potentialAction":[{"@type":"ReadAction","target":["https:\/\/groupecoiff.com\/produit\/meuble-daccueil-stone-mini\/"]}]},{"@type":"ImageObject","inLanguage":"en-US","@id":"https:\/\/groupecoiff.com\/produit\/meuble-daccueil-stone-mini\/#primaryimage","url":"https:\/\/groupecoiff.com\/wp-content\/uploads\/2025\/02\/Meuble-daccueil-STONE-11.webp","contentUrl":"https:\/\/groupecoiff.com\/wp-content\/uploads\/2025\/02\/Meuble-daccueil-STONE-11.webp","width":1080,"height":1080,"caption":"Meuble d'accueil stone (11)"},{"@type":"BreadcrumbList","@id":"https:\/\/groupecoiff.com\/produit\/meuble-daccueil-stone-mini\/#breadcrumb","itemListElement":[{"@type":"ListItem","position":1,"name":"Accueil","item":"https:\/\/groupecoiff.com\/"},{"@type":"ListItem","position":2,"name":"Boutique","item":"https:\/\/groupecoiff.com\/boutique\/"},{"@type":"ListItem","position":3,"name":"Meuble d&rsquo;accueil STONE Mini"}]},{"@type":"WebSite","@id":"https:\/\/groupecoiff.com\/#website","url":"https:\/\/groupecoiff.com\/","name":"Coiff Group","description":"Everything for the hairdresser","publisher":{"@id":"https:\/\/groupecoiff.com\/#organization"},"potentialAction":[{"@type":"SearchAction","target":{"@type":"EntryPoint","urlTemplate":"https:\/\/groupecoiff.com\/?s={search_term_string}"},"query-input":{"@type":"PropertyValueSpecification","valueRequired":true,"valueName":"search_term_string"}}],"inLanguage":"en-US"},{"@type":"Organization","@id":"https:\/\/groupecoiff.com\/#organization","name":"Coiff Group","alternateName":"Groupe Coiff : Le Mobilier De Coiffure Haut de Gamme Pour Une \u00c9l\u00e9gance In\u00e9gal\u00e9e","url":"https:\/\/groupecoiff.com\/","logo":{"@type":"ImageObject","inLanguage":"en-US","@id":"https:\/\/groupecoiff.com\/#\/schema\/logo\/image\/","url":"https:\/\/groupecoiff.com\/wp-content\/uploads\/2024\/01\/cropped-Groupe-Coiff-Logo.webp","contentUrl":"https:\/\/groupecoiff.com\/wp-content\/uploads\/2024\/01\/cropped-Groupe-Coiff-Logo.webp","width":512,"height":512,"caption":"Groupe Coiff"},"image":{"@id":"https:\/\/groupecoiff.com\/#\/schema\/logo\/image\/"},"sameAs":["https:\/\/www.facebook.com\/GroupeCoiff","https:\/\/x.com\/groupecoiff","https:\/\/www.instagram.com\/groupecoiff\/","https:\/\/www.tiktok.com\/@groupecoiff","https:\/\/www.youtube.com\/@groupecoiff","https:\/\/twitter.com\/groupecoiff","https:\/\/www.leboncoin.fr\/boutique\/3961302\/groupe_coiff.htm"],"description":"Discover Groupe Coiff's top-of-the-range hairdressing furniture, combining elegance and functionality to enhance your salon and satisfy your customers.","email":"contact@groupecoiff.com","telephone":"0676951605","legalName":"Groupe Coiff","foundingDate":"2022-11-16","vatID":"FR84921406419","taxID":"92140641900025"}]},"product_price_amount":"1329.00","product_price_currency":"EUR","og_availability":"instock","product_availability":"instock","product_condition":"new"},"jetpack_publicize_connections":[],"jetpack_likes_enabled":true,"jetpack_sharing_enabled":true,"_links":{"self":[{"href":"https:\/\/groupecoiff.com\/en\/wp-json\/wp\/v2\/product\/38259","targetHints":{"allow":["GET"]}}],"collection":[{"href":"https:\/\/groupecoiff.com\/en\/wp-json\/wp\/v2\/product"}],"about":[{"href":"https:\/\/groupecoiff.com\/en\/wp-json\/wp\/v2\/types\/product"}],"replies":[{"embeddable":true,"href":"https:\/\/groupecoiff.com\/en\/wp-json\/wp\/v2\/comments?post=38259"}],"version-history":[{"count":0,"href":"https:\/\/groupecoiff.com\/en\/wp-json\/wp\/v2\/product\/38259\/revisions"}],"wp:featuredmedia":[{"embeddable":true,"href":"https:\/\/groupecoiff.com\/en\/wp-json\/wp\/v2\/media\/38278"}],"wp:attachment":[{"href":"https:\/\/groupecoiff.com\/en\/wp-json\/wp\/v2\/media?parent=38259"}],"wp:term":[{"taxonomy":"product_brand","embeddable":true,"href":"https:\/\/groupecoiff.com\/en\/wp-json\/wp\/v2\/product_brand?post=38259"},{"taxonomy":"product_cat","embeddable":true,"href":"https:\/\/groupecoiff.com\/en\/wp-json\/wp\/v2\/product_cat?post=38259"},{"taxonomy":"product_tag","embeddable":true,"href":"https:\/\/groupecoiff.com\/en\/wp-json\/wp\/v2\/product_tag?post=38259"}],"curies":[{"name":"wp","href":"https:\/\/api.w.org\/{rel}","templated":true}]}}