{"id":38281,"date":"2025-02-12T19:58:13","date_gmt":"2025-02-12T18:58:13","guid":{"rendered":"https:\/\/groupecoiff.com\/?post_type=product&#038;p=38281"},"modified":"2025-08-08T18:08:48","modified_gmt":"2025-08-08T16:08:48","slug":"meuble-daccueil-stone","status":"publish","type":"product","link":"https:\/\/groupecoiff.com\/en\/produit\/meuble-daccueil-stone\/","title":{"rendered":"Meuble d&rsquo;accueil STONE"},"content":{"rendered":"<ul>\n<li>\n<h4>Discover the STONE Mini reception unit: Elegance and functionality<\/h4>\n<\/li>\n<\/ul>\n<p>The STONE Mini reception unit does more than just serve a practical purpose. It adds an incomparable touch of style to any salon or hotel. Thanks to its sophisticated design and thoughtful functionality, it transforms your space into a welcoming, harmonious place.<\/p>\n<ul>\n<li><strong>Attention-grabbing design<\/strong><\/li>\n<\/ul>\n<p>Le Comptoir caisse STONE s\u00e9duit imm\u00e9diatement gr\u00e2ce \u00e0 sa fa\u00e7ade en pierre naturelle. L\u2019\u00e9clairage LED int\u00e9gr\u00e9 sublime cette pierre, cr\u00e9ant une ambiance chaleureuse et raffin\u00e9e. Avec son allure unique, ce mobilier est parfait pour les salons recherchant un mobilier de coiffure professionnel \u00e0 la fois \u00e9l\u00e9gant et pratique.<\/p>\n<ul>\n<li><strong>Key features for everyday use<\/strong><\/li>\n<\/ul>\n<p>To meet your needs, the STONE Mini reception unit offers :<\/p>\n<p>Integrated LED lighting: soft light that enhances your space.<\/p>\n<p>Deux tailles disponibles : Choisissez entre 140 cm et 199 cm selon vos contraintes.<\/p>\n<p>Smart storage: Two cupboards and a drawer provide optimum organization.<\/p>\n<ul>\n<li><strong>Dimensions and Adaptability<\/strong><\/li>\n<\/ul>\n<p>Le Meuble d&rsquo;accueil STONE est con\u00e7u pour s\u2019adapter \u00e0 divers espaces gr\u00e2ce \u00e0 ses dimensions ajust\u00e9es :<\/p>\n<p>Largeur : 140 cm ou 199 cm, selon vos besoins.<\/p>\n<p>Total height: 114 cm.<\/p>\n<p>Worktop height: 80 cm.<\/p>\n<p>Depth: 58 cm.<\/p>\n<ul>\n<li><strong>Pourquoi Choisir le comptoir caisse STONE ?<\/strong><\/li>\n<\/ul>\n<p>\u2714 Prestigious design thanks to authentic natural stone.<br \/>\n\u2714 Integrated LED lighting for an elegant, welcoming atmosphere.<br \/>\n\u2714 Practical storage to keep your space organized.<br \/>\n\u2714 Deux tailles au choix pour une int\u00e9gration parfaite \u00e0 votre salon.<\/p>\n<p>Chaque Meuble d&rsquo;accueil STONE est fabriqu\u00e9 sur commande, garantissant une qualit\u00e9 irr\u00e9prochable. <span style=\"color: #ff0000;\"><strong>Delivery within 3 to 5 weeks<\/strong><\/span>This is how you can plan with peace of mind.<\/p>\n<ul>\n<li><strong>Enhance your Space Today!<\/strong><\/li>\n<\/ul>\n<p>With STONE Mini reception furniture, transform your living room into a professional and elegant space. Ensure your customers have an unforgettable experience from the moment they arrive. Order now and discover how this furniture can enhance your corporate image.<\/p>","protected":false},"excerpt":{"rendered":"<p>Rehaussez votre d\u00e9coration avec le Meuble de r\u00e9ception STONE tout en faisant preuve de praticit\u00e9. Il attire imm\u00e9diatement le regard avec son fa\u00e7age en pierre naturelle !<\/p>","protected":false},"featured_media":38271,"comment_status":"open","ping_status":"closed","template":"","meta":{"googlesitekit_rrm_CAow0YCiDA:productID":"","jetpack_post_was_ever_published":false,"jetpack_publicize_message":"","jetpack_publicize_feature_enabled":true,"jetpack_social_post_already_shared":true,"jetpack_social_options":{"image_generator_settings":{"template":"highway","default_image_id":0,"font":"","enabled":false},"version":2}},"product_brand":[],"product_cat":[59,313],"product_tag":[333,331,324,125],"class_list":{"0":"post-38281","1":"product","2":"type-product","3":"status-publish","4":"has-post-thumbnail","6":"product_cat-comptoir-daccueil","7":"product_cat-meuble-de-coiffure","8":"product_tag-comptoir-caisse","9":"product_tag-comptoir-daccueil","10":"product_tag-meuble-de-coiffure-professionnel","11":"product_tag-salon-de-coiffure","13":"first","14":"instock","15":"taxable","16":"shipping-taxable","17":"purchasable","18":"product-type-simple"},"yoast_head":"<!-- This site is optimized with the Yoast SEO Premium plugin v27.4 (Yoast SEO v27.4) - https:\/\/yoast.com\/product\/yoast-seo-premium-wordpress\/ -->\n<title>Meuble d&#039;accueil STONE: Mobilier pour Salon Chic et Moderne - Groupe Coiff<\/title>\n<meta name=\"description\" content=\"Transformez votre salon avec le Meuble d&#039;accueil STONE. Son \u00e9clairage LED et son design unique apporteront une touche d&#039;\u00e9l\u00e9gance et de chaleur. \u2728\" \/>\n<meta name=\"robots\" content=\"index, follow, max-snippet:-1, max-image-preview:large, max-video-preview:-1\" \/>\n<link rel=\"canonical\" href=\"https:\/\/groupecoiff.com\/en\/product-2\/meuble-daccueil-stone\/\" \/>\n<meta property=\"og:locale\" content=\"en_US\" \/>\n<meta property=\"og:type\" content=\"article\" \/>\n<meta property=\"og:title\" content=\"Meuble d&#039;accueil STONE\" \/>\n<meta property=\"og:description\" content=\"Transformez votre salon avec le Meuble d&#039;accueil STONE. Son \u00e9clairage LED et son design unique apporteront une touche d&#039;\u00e9l\u00e9gance et de chaleur. \u2728\" \/>\n<meta property=\"og:url\" content=\"https:\/\/groupecoiff.com\/en\/product-2\/meuble-daccueil-stone\/\" \/>\n<meta property=\"og:site_name\" content=\"Groupe Coiff\" \/>\n<meta property=\"article:publisher\" content=\"https:\/\/www.facebook.com\/GroupeCoiff\" \/>\n<meta property=\"article:modified_time\" content=\"2025-08-08T16:08:48+00:00\" \/>\n<meta property=\"og:image\" content=\"https:\/\/groupecoiff.com\/wp-content\/uploads\/2025\/02\/Meuble-daccueil-STONE-4.webp\" \/>\n\t<meta property=\"og:image:width\" content=\"1080\" \/>\n\t<meta property=\"og:image:height\" content=\"1080\" \/>\n\t<meta property=\"og:image:type\" content=\"image\/webp\" \/>\n<meta name=\"twitter:card\" content=\"summary_large_image\" \/>\n<meta name=\"twitter:site\" content=\"@groupecoiff\" \/>\n<meta name=\"twitter:label1\" content=\"Price\" \/>\n\t<meta name=\"twitter:data1\" content=\"1849,00&nbsp;&euro;\" \/>\n\t<meta name=\"twitter:label2\" content=\"Availability\" \/>\n\t<meta name=\"twitter:data2\" content=\"In stock\" \/>\n<script type=\"application\/ld+json\" class=\"yoast-schema-graph\">{\"@context\":\"https:\\\/\\\/schema.org\",\"@graph\":[{\"@type\":\"WebPage\",\"@id\":\"https:\\\/\\\/groupecoiff.com\\\/produit\\\/meuble-daccueil-stone\\\/\",\"url\":\"https:\\\/\\\/groupecoiff.com\\\/produit\\\/meuble-daccueil-stone\\\/\",\"name\":\"Meuble d'accueil STONE: Mobilier pour Salon Chic et Moderne - Groupe Coiff\",\"isPartOf\":{\"@id\":\"https:\\\/\\\/groupecoiff.com\\\/#website\"},\"primaryImageOfPage\":{\"@id\":\"https:\\\/\\\/groupecoiff.com\\\/produit\\\/meuble-daccueil-stone\\\/#primaryimage\"},\"image\":{\"@id\":\"https:\\\/\\\/groupecoiff.com\\\/produit\\\/meuble-daccueil-stone\\\/#primaryimage\"},\"thumbnailUrl\":\"https:\\\/\\\/groupecoiff.com\\\/wp-content\\\/uploads\\\/2025\\\/02\\\/Meuble-daccueil-STONE-4.webp\",\"datePublished\":\"2025-02-12T18:58:13+00:00\",\"dateModified\":\"2025-08-08T16:08:48+00:00\",\"description\":\"Transformez votre salon avec le Meuble d'accueil STONE. Son \u00e9clairage LED et son design unique apporteront une touche d'\u00e9l\u00e9gance et de chaleur. \u2728\",\"breadcrumb\":{\"@id\":\"https:\\\/\\\/groupecoiff.com\\\/produit\\\/meuble-daccueil-stone\\\/#breadcrumb\"},\"inLanguage\":\"en-US\",\"potentialAction\":[{\"@type\":\"ReadAction\",\"target\":[\"https:\\\/\\\/groupecoiff.com\\\/produit\\\/meuble-daccueil-stone\\\/\"]}]},{\"@type\":\"ImageObject\",\"inLanguage\":\"en-US\",\"@id\":\"https:\\\/\\\/groupecoiff.com\\\/produit\\\/meuble-daccueil-stone\\\/#primaryimage\",\"url\":\"https:\\\/\\\/groupecoiff.com\\\/wp-content\\\/uploads\\\/2025\\\/02\\\/Meuble-daccueil-STONE-4.webp\",\"contentUrl\":\"https:\\\/\\\/groupecoiff.com\\\/wp-content\\\/uploads\\\/2025\\\/02\\\/Meuble-daccueil-STONE-4.webp\",\"width\":1080,\"height\":1080,\"caption\":\"Meuble d'accueil stone (4)\"},{\"@type\":\"BreadcrumbList\",\"@id\":\"https:\\\/\\\/groupecoiff.com\\\/produit\\\/meuble-daccueil-stone\\\/#breadcrumb\",\"itemListElement\":[{\"@type\":\"ListItem\",\"position\":1,\"name\":\"Accueil\",\"item\":\"https:\\\/\\\/groupecoiff.com\\\/\"},{\"@type\":\"ListItem\",\"position\":2,\"name\":\"Boutique\",\"item\":\"https:\\\/\\\/groupecoiff.com\\\/boutique\\\/\"},{\"@type\":\"ListItem\",\"position\":3,\"name\":\"Meuble d&rsquo;accueil STONE\"}]},{\"@type\":\"WebSite\",\"@id\":\"https:\\\/\\\/groupecoiff.com\\\/#website\",\"url\":\"https:\\\/\\\/groupecoiff.com\\\/\",\"name\":\"Groupe Coiff\",\"description\":\"Tout pour la coiffure\",\"publisher\":{\"@id\":\"https:\\\/\\\/groupecoiff.com\\\/#organization\"},\"potentialAction\":[{\"@type\":\"SearchAction\",\"target\":{\"@type\":\"EntryPoint\",\"urlTemplate\":\"https:\\\/\\\/groupecoiff.com\\\/?s={search_term_string}\"},\"query-input\":{\"@type\":\"PropertyValueSpecification\",\"valueRequired\":true,\"valueName\":\"search_term_string\"}}],\"inLanguage\":\"en-US\"},{\"@type\":\"Organization\",\"@id\":\"https:\\\/\\\/groupecoiff.com\\\/#organization\",\"name\":\"Groupe Coiff\",\"alternateName\":\"Groupe Coiff : Le Mobilier De Coiffure Haut de Gamme Pour Une \u00c9l\u00e9gance In\u00e9gal\u00e9e\",\"url\":\"https:\\\/\\\/groupecoiff.com\\\/\",\"logo\":{\"@type\":\"ImageObject\",\"inLanguage\":\"en-US\",\"@id\":\"https:\\\/\\\/groupecoiff.com\\\/#\\\/schema\\\/logo\\\/image\\\/\",\"url\":\"https:\\\/\\\/groupecoiff.com\\\/wp-content\\\/uploads\\\/2024\\\/01\\\/cropped-Groupe-Coiff-Logo.webp\",\"contentUrl\":\"https:\\\/\\\/groupecoiff.com\\\/wp-content\\\/uploads\\\/2024\\\/01\\\/cropped-Groupe-Coiff-Logo.webp\",\"width\":512,\"height\":512,\"caption\":\"Groupe Coiff\"},\"image\":{\"@id\":\"https:\\\/\\\/groupecoiff.com\\\/#\\\/schema\\\/logo\\\/image\\\/\"},\"sameAs\":[\"https:\\\/\\\/www.facebook.com\\\/GroupeCoiff\",\"https:\\\/\\\/x.com\\\/groupecoiff\",\"https:\\\/\\\/www.instagram.com\\\/groupecoiff\\\/\",\"https:\\\/\\\/www.tiktok.com\\\/@groupecoiff\",\"https:\\\/\\\/www.youtube.com\\\/@groupecoiff\",\"https:\\\/\\\/twitter.com\\\/groupecoiff\",\"https:\\\/\\\/www.leboncoin.fr\\\/boutique\\\/3961302\\\/groupe_coiff.htm\"],\"description\":\"D\u00e9couvrez le mobilier de coiffure haut de gamme de Groupe Coiff, alliant \u00e9l\u00e9gance et fonctionnalit\u00e9 pour sublimer votre salon et satisfaire vos clients.\",\"email\":\"contact@groupecoiff.com\",\"telephone\":\"0676951605\",\"legalName\":\"Groupe Coiff\",\"foundingDate\":\"2022-11-16\",\"vatID\":\"FR84921406419\",\"taxID\":\"92140641900025\"}]}<\/script>\n<meta property=\"product:price:amount\" content=\"1849.00\" \/>\n<meta property=\"product:price:currency\" content=\"EUR\" \/>\n<meta property=\"og:availability\" content=\"instock\" \/>\n<meta property=\"product:availability\" content=\"instock\" \/>\n<meta property=\"product:condition\" content=\"new\" \/>\n<!-- \/ Yoast SEO Premium plugin. -->","yoast_head_json":{"title":"Meuble d'accueil STONE: Mobilier pour Salon Chic et Moderne - Groupe Coiff","description":"Transformez votre salon avec le Meuble d'accueil STONE. Son \u00e9clairage LED et son design unique apporteront une touche d'\u00e9l\u00e9gance et de chaleur. \u2728","robots":{"index":"index","follow":"follow","max-snippet":"max-snippet:-1","max-image-preview":"max-image-preview:large","max-video-preview":"max-video-preview:-1"},"canonical":"https:\/\/groupecoiff.com\/en\/product-2\/meuble-daccueil-stone\/","og_locale":"en_US","og_type":"article","og_title":"Meuble d'accueil STONE","og_description":"Transformez votre salon avec le Meuble d'accueil STONE. Son \u00e9clairage LED et son design unique apporteront une touche d'\u00e9l\u00e9gance et de chaleur. \u2728","og_url":"https:\/\/groupecoiff.com\/en\/product-2\/meuble-daccueil-stone\/","og_site_name":"Groupe Coiff","article_publisher":"https:\/\/www.facebook.com\/GroupeCoiff","article_modified_time":"2025-08-08T16:08:48+00:00","og_image":[{"width":1080,"height":1080,"url":"https:\/\/groupecoiff.com\/wp-content\/uploads\/2025\/02\/Meuble-daccueil-STONE-4.webp","type":"image\/webp"}],"twitter_card":"summary_large_image","twitter_site":"@groupecoiff","twitter_misc":{"Price":"1849,00&nbsp;&euro;","Availability":"In stock"},"schema":{"@context":"https:\/\/schema.org","@graph":[{"@type":"WebPage","@id":"https:\/\/groupecoiff.com\/produit\/meuble-daccueil-stone\/","url":"https:\/\/groupecoiff.com\/produit\/meuble-daccueil-stone\/","name":"Meuble d'accueil STONE: Mobilier pour Salon Chic et Moderne - Groupe Coiff","isPartOf":{"@id":"https:\/\/groupecoiff.com\/#website"},"primaryImageOfPage":{"@id":"https:\/\/groupecoiff.com\/produit\/meuble-daccueil-stone\/#primaryimage"},"image":{"@id":"https:\/\/groupecoiff.com\/produit\/meuble-daccueil-stone\/#primaryimage"},"thumbnailUrl":"https:\/\/groupecoiff.com\/wp-content\/uploads\/2025\/02\/Meuble-daccueil-STONE-4.webp","datePublished":"2025-02-12T18:58:13+00:00","dateModified":"2025-08-08T16:08:48+00:00","description":"Transformez votre salon avec le Meuble d'accueil STONE. Son \u00e9clairage LED et son design unique apporteront une touche d'\u00e9l\u00e9gance et de chaleur. \u2728","breadcrumb":{"@id":"https:\/\/groupecoiff.com\/produit\/meuble-daccueil-stone\/#breadcrumb"},"inLanguage":"en-US","potentialAction":[{"@type":"ReadAction","target":["https:\/\/groupecoiff.com\/produit\/meuble-daccueil-stone\/"]}]},{"@type":"ImageObject","inLanguage":"en-US","@id":"https:\/\/groupecoiff.com\/produit\/meuble-daccueil-stone\/#primaryimage","url":"https:\/\/groupecoiff.com\/wp-content\/uploads\/2025\/02\/Meuble-daccueil-STONE-4.webp","contentUrl":"https:\/\/groupecoiff.com\/wp-content\/uploads\/2025\/02\/Meuble-daccueil-STONE-4.webp","width":1080,"height":1080,"caption":"Meuble d'accueil stone (4)"},{"@type":"BreadcrumbList","@id":"https:\/\/groupecoiff.com\/produit\/meuble-daccueil-stone\/#breadcrumb","itemListElement":[{"@type":"ListItem","position":1,"name":"Accueil","item":"https:\/\/groupecoiff.com\/"},{"@type":"ListItem","position":2,"name":"Boutique","item":"https:\/\/groupecoiff.com\/boutique\/"},{"@type":"ListItem","position":3,"name":"Meuble d&rsquo;accueil STONE"}]},{"@type":"WebSite","@id":"https:\/\/groupecoiff.com\/#website","url":"https:\/\/groupecoiff.com\/","name":"Coiff Group","description":"Everything for the hairdresser","publisher":{"@id":"https:\/\/groupecoiff.com\/#organization"},"potentialAction":[{"@type":"SearchAction","target":{"@type":"EntryPoint","urlTemplate":"https:\/\/groupecoiff.com\/?s={search_term_string}"},"query-input":{"@type":"PropertyValueSpecification","valueRequired":true,"valueName":"search_term_string"}}],"inLanguage":"en-US"},{"@type":"Organization","@id":"https:\/\/groupecoiff.com\/#organization","name":"Coiff Group","alternateName":"Groupe Coiff : Le Mobilier De Coiffure Haut de Gamme Pour Une \u00c9l\u00e9gance In\u00e9gal\u00e9e","url":"https:\/\/groupecoiff.com\/","logo":{"@type":"ImageObject","inLanguage":"en-US","@id":"https:\/\/groupecoiff.com\/#\/schema\/logo\/image\/","url":"https:\/\/groupecoiff.com\/wp-content\/uploads\/2024\/01\/cropped-Groupe-Coiff-Logo.webp","contentUrl":"https:\/\/groupecoiff.com\/wp-content\/uploads\/2024\/01\/cropped-Groupe-Coiff-Logo.webp","width":512,"height":512,"caption":"Groupe Coiff"},"image":{"@id":"https:\/\/groupecoiff.com\/#\/schema\/logo\/image\/"},"sameAs":["https:\/\/www.facebook.com\/GroupeCoiff","https:\/\/x.com\/groupecoiff","https:\/\/www.instagram.com\/groupecoiff\/","https:\/\/www.tiktok.com\/@groupecoiff","https:\/\/www.youtube.com\/@groupecoiff","https:\/\/twitter.com\/groupecoiff","https:\/\/www.leboncoin.fr\/boutique\/3961302\/groupe_coiff.htm"],"description":"Discover Groupe Coiff's top-of-the-range hairdressing furniture, combining elegance and functionality to enhance your salon and satisfy your customers.","email":"contact@groupecoiff.com","telephone":"0676951605","legalName":"Groupe Coiff","foundingDate":"2022-11-16","vatID":"FR84921406419","taxID":"92140641900025"}]},"product_price_amount":"1849.00","product_price_currency":"EUR","og_availability":"instock","product_availability":"instock","product_condition":"new"},"jetpack_publicize_connections":[],"jetpack_likes_enabled":true,"jetpack_sharing_enabled":true,"_links":{"self":[{"href":"https:\/\/groupecoiff.com\/en\/wp-json\/wp\/v2\/product\/38281","targetHints":{"allow":["GET"]}}],"collection":[{"href":"https:\/\/groupecoiff.com\/en\/wp-json\/wp\/v2\/product"}],"about":[{"href":"https:\/\/groupecoiff.com\/en\/wp-json\/wp\/v2\/types\/product"}],"replies":[{"embeddable":true,"href":"https:\/\/groupecoiff.com\/en\/wp-json\/wp\/v2\/comments?post=38281"}],"version-history":[{"count":0,"href":"https:\/\/groupecoiff.com\/en\/wp-json\/wp\/v2\/product\/38281\/revisions"}],"wp:featuredmedia":[{"embeddable":true,"href":"https:\/\/groupecoiff.com\/en\/wp-json\/wp\/v2\/media\/38271"}],"wp:attachment":[{"href":"https:\/\/groupecoiff.com\/en\/wp-json\/wp\/v2\/media?parent=38281"}],"wp:term":[{"taxonomy":"product_brand","embeddable":true,"href":"https:\/\/groupecoiff.com\/en\/wp-json\/wp\/v2\/product_brand?post=38281"},{"taxonomy":"product_cat","embeddable":true,"href":"https:\/\/groupecoiff.com\/en\/wp-json\/wp\/v2\/product_cat?post=38281"},{"taxonomy":"product_tag","embeddable":true,"href":"https:\/\/groupecoiff.com\/en\/wp-json\/wp\/v2\/product_tag?post=38281"}],"curies":[{"name":"wp","href":"https:\/\/api.w.org\/{rel}","templated":true}]}}