{"id":38866,"date":"2025-02-28T09:08:50","date_gmt":"2025-02-28T08:08:50","guid":{"rendered":"https:\/\/groupecoiff.com\/?post_type=product&#038;p=38866"},"modified":"2026-02-27T11:39:17","modified_gmt":"2026-02-27T10:39:17","slug":"vapozone-giovanni-d-09-black","status":"publish","type":"product","link":"https:\/\/groupecoiff.com\/en\/produit\/vapozone-giovanni-d-09-black\/","title":{"rendered":"Vapozone Giovanni D-09 Black"},"content":{"rendered":"<ul>\n<li>\n<h3>Vapozone multifonction Giovanni D-09 Black\u00a0 \u2013 L\u2019outil essentiel pour vos soins<\/h3>\n<\/li>\n<\/ul>\n<p>Le Vapozone Giovanni D-09 Black diffuse une vapeur douce qui hydrate, nettoie et pre\u0301pare la peau aux soins. Il est parfait pour les instituts de beaute\u0301.<\/p>\n<ul>\n<li><strong>Un soin qui purifie et hydrate<\/strong><\/li>\n<\/ul>\n<p>Ce vapozone multifonction ouvre les pores et booste l\u2019oxyge\u0301nation de la peau. Il aide a\u0300 e\u0301liminer les impurete\u0301s et pre\u0301pare au nettoyage en profondeur.<\/p>\n<ul>\n<li><strong>Fonction ozone pour une peau plus saine<\/strong><\/li>\n<\/ul>\n<p>L\u2019ozone ame\u0301liore l\u2019effet purifiant. Il re\u0301gule le se\u0301bum et assainit la peau. Ide\u0301al pour les peaux grasses ou sujettes aux boutons.<\/p>\n<ul>\n<li><strong>Un design pratique et ergonomique<\/strong><\/li>\n<\/ul>\n<p>Le vapozone Giovanni D-09 offre une utilisation simple et fluide :<\/p>\n<ol>\n<li>Buse rotative : ajuste le flux de vapeur.<\/li>\n<li>Re\u0301servoir 600 ml : longue autonomie.<\/li>\n<li>Pied re\u0301glable : hauteur adaptable.<\/li>\n<li>Base a\u0300 roulettes : de\u0301placement facile.<\/li>\n<\/ol>\n<ul>\n<li><strong>Se\u0301curite\u0301 et simplicite\u0301 d\u2019utilisation<\/strong><\/li>\n<\/ul>\n<p>L\u2019appareil s\u2019e\u0301teint seul en cas de manque d\u2019eau. Ses commandes simples assurent une prise en main rapide et efficace.<\/p>\n<ul>\n<li><strong>Caracte\u0301ristiques techniques<\/strong><\/li>\n<\/ul>\n<ol>\n<li>Couleur : Noir e\u0301le\u0301gant<\/li>\n<li>Capacite\u0301 : 600 ml<\/li>\n<li>Tempe\u0301rature vapeur : 40\u00b0C<\/li>\n<li>Puissance : 850 W<\/li>\n<li>Voltage: 220-240 V<\/li>\n<\/ol>\n<ul>\n<li><strong>Un e\u0301quipement indispensable<\/strong><\/li>\n<\/ul>\n<p>Le vapozone multifonction Giovanni D-09 s\u2019inte\u0300gre parfaitement aux instituts de beaute\u0301. Son efficacite\u0301 et sa praticite\u0301 en font un allie\u0301 incontournable.<\/p>","protected":false},"excerpt":{"rendered":"<p>Profitez d\u2019une peau purifi\u00e9e gr\u00e2ce au Vapozone Facial Giovanni D-09 Black. Simple d&rsquo;utilisation, id\u00e9al pour des soins professionnels \u00e0 domicile !<\/p>","protected":false},"featured_media":38871,"comment_status":"open","ping_status":"closed","template":"","meta":{"googlesitekit_rrm_CAow0YCiDA:productID":"","jetpack_post_was_ever_published":false,"jetpack_publicize_message":"","jetpack_publicize_feature_enabled":true,"jetpack_social_post_already_shared":true,"jetpack_social_options":{"image_generator_settings":{"template":"highway","default_image_id":0,"font":"","enabled":false},"version":2}},"product_brand":[],"product_cat":[56,82],"product_tag":[345,125,493,534],"class_list":{"0":"post-38866","1":"product","2":"type-product","3":"status-publish","4":"has-post-thumbnail","6":"product_cat-hygiene-coiffure","7":"product_cat-vapozone","8":"product_tag-equipements-de-coiffure-professionnel","9":"product_tag-salon-de-coiffure","10":"product_tag-vapozone-faciale","11":"product_tag-vapozone-multifonction","13":"first","14":"instock","15":"sale","16":"taxable","17":"shipping-taxable","18":"purchasable","19":"product-type-simple"},"yoast_head":"<!-- This site is optimized with the Yoast SEO Premium plugin v27.4 (Yoast SEO v27.4) - https:\/\/yoast.com\/product\/yoast-seo-premium-wordpress\/ -->\n<title>Vapozone Giovanni D-09 Black : nettoyage en profondeur - Groupe Coiff<\/title>\n<meta name=\"description\" content=\"D\u00e9couvrez le Vapozone Giovanni D-09 Black, l&#039;outil parfait pour une peau \u00e9clatante. Pr\u00e9parez-vous \u00e0 rayonner avec un nettoyage en profondeur ! \u2728\" \/>\n<meta name=\"robots\" content=\"index, follow, max-snippet:-1, max-image-preview:large, max-video-preview:-1\" \/>\n<link rel=\"canonical\" href=\"https:\/\/groupecoiff.com\/en\/product-2\/vapozone-giovanni-d-09-black\/\" \/>\n<meta property=\"og:locale\" content=\"en_US\" \/>\n<meta property=\"og:type\" content=\"article\" \/>\n<meta property=\"og:title\" content=\"Vapozone Giovanni D-09 Black\" \/>\n<meta property=\"og:description\" content=\"D\u00e9couvrez le Vapozone Giovanni D-09 Black, l&#039;outil parfait pour une peau \u00e9clatante. Pr\u00e9parez-vous \u00e0 rayonner avec un nettoyage en profondeur ! \u2728\" \/>\n<meta property=\"og:url\" content=\"https:\/\/groupecoiff.com\/en\/product-2\/vapozone-giovanni-d-09-black\/\" \/>\n<meta property=\"og:site_name\" content=\"Groupe Coiff\" \/>\n<meta property=\"article:publisher\" content=\"https:\/\/www.facebook.com\/GroupeCoiff\" \/>\n<meta property=\"article:modified_time\" content=\"2026-02-27T10:39:17+00:00\" \/>\n<meta property=\"og:image\" content=\"https:\/\/groupecoiff.com\/wp-content\/uploads\/2025\/02\/Vapozone-Giovanni-D-09-Black-5.webp\" \/>\n\t<meta property=\"og:image:width\" content=\"1080\" \/>\n\t<meta property=\"og:image:height\" content=\"1080\" \/>\n\t<meta property=\"og:image:type\" content=\"image\/webp\" \/>\n<meta name=\"twitter:card\" content=\"summary_large_image\" \/>\n<meta name=\"twitter:site\" content=\"@groupecoiff\" \/>\n<meta name=\"twitter:label1\" content=\"Price\" \/>\n\t<meta name=\"twitter:data1\" content=\"99,00&nbsp;&euro;\" \/>\n\t<meta name=\"twitter:label2\" content=\"Availability\" \/>\n\t<meta name=\"twitter:data2\" content=\"In stock\" \/>\n<script type=\"application\/ld+json\" class=\"yoast-schema-graph\">{\"@context\":\"https:\\\/\\\/schema.org\",\"@graph\":[{\"@type\":\"WebPage\",\"@id\":\"https:\\\/\\\/groupecoiff.com\\\/produit\\\/vapozone-giovanni-d-09-black\\\/\",\"url\":\"https:\\\/\\\/groupecoiff.com\\\/produit\\\/vapozone-giovanni-d-09-black\\\/\",\"name\":\"Vapozone Giovanni D-09 Black : nettoyage en profondeur - Groupe Coiff\",\"isPartOf\":{\"@id\":\"https:\\\/\\\/groupecoiff.com\\\/#website\"},\"primaryImageOfPage\":{\"@id\":\"https:\\\/\\\/groupecoiff.com\\\/produit\\\/vapozone-giovanni-d-09-black\\\/#primaryimage\"},\"image\":{\"@id\":\"https:\\\/\\\/groupecoiff.com\\\/produit\\\/vapozone-giovanni-d-09-black\\\/#primaryimage\"},\"thumbnailUrl\":\"https:\\\/\\\/groupecoiff.com\\\/wp-content\\\/uploads\\\/2025\\\/02\\\/Vapozone-Giovanni-D-09-Black-5.webp\",\"datePublished\":\"2025-02-28T08:08:50+00:00\",\"dateModified\":\"2026-02-27T10:39:17+00:00\",\"description\":\"D\u00e9couvrez le Vapozone Giovanni D-09 Black, l'outil parfait pour une peau \u00e9clatante. Pr\u00e9parez-vous \u00e0 rayonner avec un nettoyage en profondeur ! \u2728\",\"breadcrumb\":{\"@id\":\"https:\\\/\\\/groupecoiff.com\\\/produit\\\/vapozone-giovanni-d-09-black\\\/#breadcrumb\"},\"inLanguage\":\"en-US\",\"potentialAction\":[{\"@type\":\"ReadAction\",\"target\":[\"https:\\\/\\\/groupecoiff.com\\\/produit\\\/vapozone-giovanni-d-09-black\\\/\"]}]},{\"@type\":\"ImageObject\",\"inLanguage\":\"en-US\",\"@id\":\"https:\\\/\\\/groupecoiff.com\\\/produit\\\/vapozone-giovanni-d-09-black\\\/#primaryimage\",\"url\":\"https:\\\/\\\/groupecoiff.com\\\/wp-content\\\/uploads\\\/2025\\\/02\\\/Vapozone-Giovanni-D-09-Black-5.webp\",\"contentUrl\":\"https:\\\/\\\/groupecoiff.com\\\/wp-content\\\/uploads\\\/2025\\\/02\\\/Vapozone-Giovanni-D-09-Black-5.webp\",\"width\":1080,\"height\":1080,\"caption\":\"Vapozone giovanni d 09 black (5)\"},{\"@type\":\"BreadcrumbList\",\"@id\":\"https:\\\/\\\/groupecoiff.com\\\/produit\\\/vapozone-giovanni-d-09-black\\\/#breadcrumb\",\"itemListElement\":[{\"@type\":\"ListItem\",\"position\":1,\"name\":\"Accueil\",\"item\":\"https:\\\/\\\/groupecoiff.com\\\/\"},{\"@type\":\"ListItem\",\"position\":2,\"name\":\"Boutique\",\"item\":\"https:\\\/\\\/groupecoiff.com\\\/boutique\\\/\"},{\"@type\":\"ListItem\",\"position\":3,\"name\":\"Vapozone Giovanni D-09 Black\"}]},{\"@type\":\"WebSite\",\"@id\":\"https:\\\/\\\/groupecoiff.com\\\/#website\",\"url\":\"https:\\\/\\\/groupecoiff.com\\\/\",\"name\":\"Groupe Coiff\",\"description\":\"Tout pour la coiffure\",\"publisher\":{\"@id\":\"https:\\\/\\\/groupecoiff.com\\\/#organization\"},\"potentialAction\":[{\"@type\":\"SearchAction\",\"target\":{\"@type\":\"EntryPoint\",\"urlTemplate\":\"https:\\\/\\\/groupecoiff.com\\\/?s={search_term_string}\"},\"query-input\":{\"@type\":\"PropertyValueSpecification\",\"valueRequired\":true,\"valueName\":\"search_term_string\"}}],\"inLanguage\":\"en-US\"},{\"@type\":\"Organization\",\"@id\":\"https:\\\/\\\/groupecoiff.com\\\/#organization\",\"name\":\"Groupe Coiff\",\"alternateName\":\"Groupe Coiff : Le Mobilier De Coiffure Haut de Gamme Pour Une \u00c9l\u00e9gance In\u00e9gal\u00e9e\",\"url\":\"https:\\\/\\\/groupecoiff.com\\\/\",\"logo\":{\"@type\":\"ImageObject\",\"inLanguage\":\"en-US\",\"@id\":\"https:\\\/\\\/groupecoiff.com\\\/#\\\/schema\\\/logo\\\/image\\\/\",\"url\":\"https:\\\/\\\/groupecoiff.com\\\/wp-content\\\/uploads\\\/2024\\\/01\\\/cropped-Groupe-Coiff-Logo.webp\",\"contentUrl\":\"https:\\\/\\\/groupecoiff.com\\\/wp-content\\\/uploads\\\/2024\\\/01\\\/cropped-Groupe-Coiff-Logo.webp\",\"width\":512,\"height\":512,\"caption\":\"Groupe Coiff\"},\"image\":{\"@id\":\"https:\\\/\\\/groupecoiff.com\\\/#\\\/schema\\\/logo\\\/image\\\/\"},\"sameAs\":[\"https:\\\/\\\/www.facebook.com\\\/GroupeCoiff\",\"https:\\\/\\\/x.com\\\/groupecoiff\",\"https:\\\/\\\/www.instagram.com\\\/groupecoiff\\\/\",\"https:\\\/\\\/www.tiktok.com\\\/@groupecoiff\",\"https:\\\/\\\/www.youtube.com\\\/@groupecoiff\",\"https:\\\/\\\/twitter.com\\\/groupecoiff\",\"https:\\\/\\\/www.leboncoin.fr\\\/boutique\\\/3961302\\\/groupe_coiff.htm\"],\"description\":\"D\u00e9couvrez le mobilier de coiffure haut de gamme de Groupe Coiff, alliant \u00e9l\u00e9gance et fonctionnalit\u00e9 pour sublimer votre salon et satisfaire vos clients.\",\"email\":\"contact@groupecoiff.com\",\"telephone\":\"0676951605\",\"legalName\":\"Groupe Coiff\",\"foundingDate\":\"2022-11-16\",\"vatID\":\"FR84921406419\",\"taxID\":\"92140641900025\"}]}<\/script>\n<meta property=\"product:price:amount\" content=\"99.00\" \/>\n<meta property=\"product:price:currency\" content=\"EUR\" \/>\n<meta property=\"og:availability\" content=\"instock\" \/>\n<meta property=\"product:availability\" content=\"instock\" \/>\n<meta property=\"product:condition\" content=\"new\" \/>\n<!-- \/ Yoast SEO Premium plugin. -->","yoast_head_json":{"title":"Vapozone Giovanni D-09 Black : nettoyage en profondeur - Groupe Coiff","description":"D\u00e9couvrez le Vapozone Giovanni D-09 Black, l'outil parfait pour une peau \u00e9clatante. Pr\u00e9parez-vous \u00e0 rayonner avec un nettoyage en profondeur ! \u2728","robots":{"index":"index","follow":"follow","max-snippet":"max-snippet:-1","max-image-preview":"max-image-preview:large","max-video-preview":"max-video-preview:-1"},"canonical":"https:\/\/groupecoiff.com\/en\/product-2\/vapozone-giovanni-d-09-black\/","og_locale":"en_US","og_type":"article","og_title":"Vapozone Giovanni D-09 Black","og_description":"D\u00e9couvrez le Vapozone Giovanni D-09 Black, l'outil parfait pour une peau \u00e9clatante. Pr\u00e9parez-vous \u00e0 rayonner avec un nettoyage en profondeur ! \u2728","og_url":"https:\/\/groupecoiff.com\/en\/product-2\/vapozone-giovanni-d-09-black\/","og_site_name":"Groupe Coiff","article_publisher":"https:\/\/www.facebook.com\/GroupeCoiff","article_modified_time":"2026-02-27T10:39:17+00:00","og_image":[{"width":1080,"height":1080,"url":"https:\/\/groupecoiff.com\/wp-content\/uploads\/2025\/02\/Vapozone-Giovanni-D-09-Black-5.webp","type":"image\/webp"}],"twitter_card":"summary_large_image","twitter_site":"@groupecoiff","twitter_misc":{"Price":"99,00&nbsp;&euro;","Availability":"In stock"},"schema":{"@context":"https:\/\/schema.org","@graph":[{"@type":"WebPage","@id":"https:\/\/groupecoiff.com\/produit\/vapozone-giovanni-d-09-black\/","url":"https:\/\/groupecoiff.com\/produit\/vapozone-giovanni-d-09-black\/","name":"Vapozone Giovanni D-09 Black : nettoyage en profondeur - Groupe Coiff","isPartOf":{"@id":"https:\/\/groupecoiff.com\/#website"},"primaryImageOfPage":{"@id":"https:\/\/groupecoiff.com\/produit\/vapozone-giovanni-d-09-black\/#primaryimage"},"image":{"@id":"https:\/\/groupecoiff.com\/produit\/vapozone-giovanni-d-09-black\/#primaryimage"},"thumbnailUrl":"https:\/\/groupecoiff.com\/wp-content\/uploads\/2025\/02\/Vapozone-Giovanni-D-09-Black-5.webp","datePublished":"2025-02-28T08:08:50+00:00","dateModified":"2026-02-27T10:39:17+00:00","description":"D\u00e9couvrez le Vapozone Giovanni D-09 Black, l'outil parfait pour une peau \u00e9clatante. Pr\u00e9parez-vous \u00e0 rayonner avec un nettoyage en profondeur ! \u2728","breadcrumb":{"@id":"https:\/\/groupecoiff.com\/produit\/vapozone-giovanni-d-09-black\/#breadcrumb"},"inLanguage":"en-US","potentialAction":[{"@type":"ReadAction","target":["https:\/\/groupecoiff.com\/produit\/vapozone-giovanni-d-09-black\/"]}]},{"@type":"ImageObject","inLanguage":"en-US","@id":"https:\/\/groupecoiff.com\/produit\/vapozone-giovanni-d-09-black\/#primaryimage","url":"https:\/\/groupecoiff.com\/wp-content\/uploads\/2025\/02\/Vapozone-Giovanni-D-09-Black-5.webp","contentUrl":"https:\/\/groupecoiff.com\/wp-content\/uploads\/2025\/02\/Vapozone-Giovanni-D-09-Black-5.webp","width":1080,"height":1080,"caption":"Vapozone giovanni d 09 black (5)"},{"@type":"BreadcrumbList","@id":"https:\/\/groupecoiff.com\/produit\/vapozone-giovanni-d-09-black\/#breadcrumb","itemListElement":[{"@type":"ListItem","position":1,"name":"Accueil","item":"https:\/\/groupecoiff.com\/"},{"@type":"ListItem","position":2,"name":"Boutique","item":"https:\/\/groupecoiff.com\/boutique\/"},{"@type":"ListItem","position":3,"name":"Vapozone Giovanni D-09 Black"}]},{"@type":"WebSite","@id":"https:\/\/groupecoiff.com\/#website","url":"https:\/\/groupecoiff.com\/","name":"Coiff Group","description":"Everything for the hairdresser","publisher":{"@id":"https:\/\/groupecoiff.com\/#organization"},"potentialAction":[{"@type":"SearchAction","target":{"@type":"EntryPoint","urlTemplate":"https:\/\/groupecoiff.com\/?s={search_term_string}"},"query-input":{"@type":"PropertyValueSpecification","valueRequired":true,"valueName":"search_term_string"}}],"inLanguage":"en-US"},{"@type":"Organization","@id":"https:\/\/groupecoiff.com\/#organization","name":"Coiff Group","alternateName":"Groupe Coiff : Le Mobilier De Coiffure Haut de Gamme Pour Une \u00c9l\u00e9gance In\u00e9gal\u00e9e","url":"https:\/\/groupecoiff.com\/","logo":{"@type":"ImageObject","inLanguage":"en-US","@id":"https:\/\/groupecoiff.com\/#\/schema\/logo\/image\/","url":"https:\/\/groupecoiff.com\/wp-content\/uploads\/2024\/01\/cropped-Groupe-Coiff-Logo.webp","contentUrl":"https:\/\/groupecoiff.com\/wp-content\/uploads\/2024\/01\/cropped-Groupe-Coiff-Logo.webp","width":512,"height":512,"caption":"Groupe Coiff"},"image":{"@id":"https:\/\/groupecoiff.com\/#\/schema\/logo\/image\/"},"sameAs":["https:\/\/www.facebook.com\/GroupeCoiff","https:\/\/x.com\/groupecoiff","https:\/\/www.instagram.com\/groupecoiff\/","https:\/\/www.tiktok.com\/@groupecoiff","https:\/\/www.youtube.com\/@groupecoiff","https:\/\/twitter.com\/groupecoiff","https:\/\/www.leboncoin.fr\/boutique\/3961302\/groupe_coiff.htm"],"description":"Discover Groupe Coiff's top-of-the-range hairdressing furniture, combining elegance and functionality to enhance your salon and satisfy your customers.","email":"contact@groupecoiff.com","telephone":"0676951605","legalName":"Groupe Coiff","foundingDate":"2022-11-16","vatID":"FR84921406419","taxID":"92140641900025"}]},"product_price_amount":"99.00","product_price_currency":"EUR","og_availability":"instock","product_availability":"instock","product_condition":"new"},"jetpack_publicize_connections":[],"jetpack_likes_enabled":true,"jetpack_sharing_enabled":true,"_links":{"self":[{"href":"https:\/\/groupecoiff.com\/en\/wp-json\/wp\/v2\/product\/38866","targetHints":{"allow":["GET"]}}],"collection":[{"href":"https:\/\/groupecoiff.com\/en\/wp-json\/wp\/v2\/product"}],"about":[{"href":"https:\/\/groupecoiff.com\/en\/wp-json\/wp\/v2\/types\/product"}],"replies":[{"embeddable":true,"href":"https:\/\/groupecoiff.com\/en\/wp-json\/wp\/v2\/comments?post=38866"}],"version-history":[{"count":2,"href":"https:\/\/groupecoiff.com\/en\/wp-json\/wp\/v2\/product\/38866\/revisions"}],"predecessor-version":[{"id":50315,"href":"https:\/\/groupecoiff.com\/en\/wp-json\/wp\/v2\/product\/38866\/revisions\/50315"}],"wp:featuredmedia":[{"embeddable":true,"href":"https:\/\/groupecoiff.com\/en\/wp-json\/wp\/v2\/media\/38871"}],"wp:attachment":[{"href":"https:\/\/groupecoiff.com\/en\/wp-json\/wp\/v2\/media?parent=38866"}],"wp:term":[{"taxonomy":"product_brand","embeddable":true,"href":"https:\/\/groupecoiff.com\/en\/wp-json\/wp\/v2\/product_brand?post=38866"},{"taxonomy":"product_cat","embeddable":true,"href":"https:\/\/groupecoiff.com\/en\/wp-json\/wp\/v2\/product_cat?post=38866"},{"taxonomy":"product_tag","embeddable":true,"href":"https:\/\/groupecoiff.com\/en\/wp-json\/wp\/v2\/product_tag?post=38866"}],"curies":[{"name":"wp","href":"https:\/\/api.w.org\/{rel}","templated":true}]}}