{"id":38914,"date":"2025-03-02T08:36:40","date_gmt":"2025-03-02T07:36:40","guid":{"rendered":"https:\/\/groupecoiff.com\/?post_type=product&#038;p=38914"},"modified":"2025-09-06T21:08:16","modified_gmt":"2025-09-06T19:08:16","slug":"coiffeuse-murale-led-henry-link","status":"publish","type":"product","link":"https:\/\/groupecoiff.com\/en\/produit\/coiffeuse-murale-led-henry-link\/","title":{"rendered":"Coiffeuse Murale LED HENRY LINK"},"content":{"rendered":"<ul>\n<li>\n<h4>Coiffeuse Murale LED HENRY LINK \u2013 E\u0301le\u0301gance et Fonctionnalite\u0301<\/h4>\n<\/li>\n<\/ul>\n<p>Apportez une touche d\u2019e\u0301le\u0301gance a\u0300 votre salon avec la coiffeuse murale LED HENRY LINK. Son design raffine\u0301 et personnalisable s\u2019inte\u0300gre parfaitement dans tout espace professionnel.<\/p>\n<ul>\n<li><strong>Customizable design<\/strong><\/li>\n<\/ul>\n<p>E\u0301tage\u0300re et cadre en panneau stratifie\u0301 re\u0301sistant pour une meilleure longe\u0301vite\u0301.<\/p>\n<p>Lamelles disponibles en 5 coloris : Perle Noire, Perle, Bois Clair, Glam Noir et Glam E\u0301cru.<\/p>\n<p>Tablette disponible en 23 coloris pour un design sur mesure.<\/p>\n<p>Panneau personnalisable : blanc ou noir brillant en standard, ou 12 coloris de la palette RAL.<\/p>\n<ul>\n<li><strong>Un E\u0301quipement Fonctionnel et Ergonomique<\/strong><\/li>\n<\/ul>\n<p>Miroir avec re\u0301troe\u0301clairage LED inte\u0301gre\u0301<\/p>\n<p>E\u0301tage\u0300re et cadre en panneau stratifie\u0301 durable<\/p>\n<p>Tiroir inte\u0301gre\u0301 pour un rangement optimal<\/p>\n<p>Support se\u0300che-cheveux avec prises e\u0301lectriques inte\u0301gre\u0301es<\/p>\n<p>Poigne\u0301e et support se\u0300che-cheveux disponibles en noir ou or<\/p>\n<p>Panneau supple\u0301mentaire permettant de cre\u0301er une unite\u0301 multi-postes<\/p>\n<ul>\n<li><strong>Dimensions<\/strong><\/li>\n<\/ul>\n<p>Coiffeuse avec miroir : 164 cm (H) x 70 cm (L) x 27 cm (P)<\/p>\n<p>Panneau supple\u0301mentaire : 164 cm (H) x 34 cm (L) x 30 cm (P)<\/p>\n<p>Avec la coiffeuse HENRY LINK, offrez a\u0300 votre salon un mobilier e\u0301le\u0301gant et pratique, conc\u0327u pour re\u0301pondre aux exigences des professionnels de la coiffure.<\/p>","protected":false},"excerpt":{"rendered":"<p><input id=\"yst-ai-suggestions-radio-metabox__4\" class=\"yst-radio__input\" name=\"ai-suggestion__metabox\" type=\"radio\" value=\"Boostez l\u2019ambiance de votre salon gr\u00e2ce \u00e0 la coiffeuse murale LED HENRY LINK. Sa personnalisation vous permettra de cr\u00e9er votre propre style !\" \/>Boostez l\u2019ambiance de votre salon gr\u00e2ce \u00e0 la coiffeuse murale LED HENRY LINK. Sa personnalisation vous permettra de cr\u00e9er votre propre style !\ud83d\udca1<\/p>","protected":false},"featured_media":38904,"comment_status":"open","ping_status":"closed","template":"","meta":{"googlesitekit_rrm_CAow0YCiDA:productID":"","jetpack_post_was_ever_published":false,"jetpack_publicize_message":"","jetpack_publicize_feature_enabled":true,"jetpack_social_post_already_shared":true,"jetpack_social_options":{"image_generator_settings":{"template":"highway","default_image_id":0,"font":"","enabled":false},"version":2}},"product_brand":[594],"product_cat":[313,48],"product_tag":[367,324,468,125],"class_list":{"0":"post-38914","1":"product","2":"type-product","3":"status-publish","4":"has-post-thumbnail","6":"product_brand-mila","7":"product_cat-meuble-de-coiffure","8":"product_cat-poste-de-coiffage-professionnel","9":"product_tag-coiffeuse-pour-salon-de-coiffure","10":"product_tag-meuble-de-coiffure-professionnel","11":"product_tag-miroir-de-coiffure","12":"product_tag-salon-de-coiffure","14":"first","15":"instock","16":"taxable","17":"shipping-taxable","18":"purchasable","19":"product-type-simple"},"yoast_head":"<!-- This site is optimized with the Yoast SEO Premium plugin v27.4 (Yoast SEO v27.4) - https:\/\/yoast.com\/product\/yoast-seo-premium-wordpress\/ -->\n<title>Coiffeuse Murale LED HENRY LINK: Personnalisation et Design - Groupe Coiff<\/title>\n<meta name=\"description\" content=\"Apportez de l&#039;\u00e9l\u00e9gance \u00e0 votre espace professionnel avec la coiffeuse murale LED HENRY LINK. Optez pour le design sur mesure qui vous ressemble ! \u2728\" \/>\n<meta name=\"robots\" content=\"index, follow, max-snippet:-1, max-image-preview:large, max-video-preview:-1\" \/>\n<link rel=\"canonical\" href=\"https:\/\/groupecoiff.com\/en\/product-2\/coiffeuse-murale-led-henry-link\/\" \/>\n<meta property=\"og:locale\" content=\"en_US\" \/>\n<meta property=\"og:type\" content=\"article\" \/>\n<meta property=\"og:title\" content=\"Coiffeuse Murale LED HENRY LINK\" \/>\n<meta property=\"og:description\" content=\"Apportez de l&#039;\u00e9l\u00e9gance \u00e0 votre espace professionnel avec la coiffeuse murale LED HENRY LINK. Optez pour le design sur mesure qui vous ressemble ! \u2728\" \/>\n<meta property=\"og:url\" content=\"https:\/\/groupecoiff.com\/en\/product-2\/coiffeuse-murale-led-henry-link\/\" \/>\n<meta property=\"og:site_name\" content=\"Groupe Coiff\" \/>\n<meta property=\"article:publisher\" content=\"https:\/\/www.facebook.com\/GroupeCoiff\" \/>\n<meta property=\"article:modified_time\" content=\"2025-09-06T19:08:16+00:00\" \/>\n<meta property=\"og:image\" content=\"https:\/\/groupecoiff.com\/wp-content\/uploads\/2025\/03\/Coiffeuse-Murale-LED-HENRY-LINK-1.webp\" \/>\n\t<meta property=\"og:image:width\" content=\"1080\" \/>\n\t<meta property=\"og:image:height\" content=\"1080\" \/>\n\t<meta property=\"og:image:type\" content=\"image\/webp\" \/>\n<meta name=\"twitter:card\" content=\"summary_large_image\" \/>\n<meta name=\"twitter:site\" content=\"@groupecoiff\" \/>\n<meta name=\"twitter:label1\" content=\"Price\" \/>\n\t<meta name=\"twitter:data1\" content=\"979,00&nbsp;&euro;\" \/>\n\t<meta name=\"twitter:label2\" content=\"Availability\" \/>\n\t<meta name=\"twitter:data2\" content=\"In stock\" \/>\n<script type=\"application\/ld+json\" class=\"yoast-schema-graph\">{\"@context\":\"https:\\\/\\\/schema.org\",\"@graph\":[{\"@type\":\"WebPage\",\"@id\":\"https:\\\/\\\/groupecoiff.com\\\/produit\\\/coiffeuse-murale-led-henry-link\\\/\",\"url\":\"https:\\\/\\\/groupecoiff.com\\\/produit\\\/coiffeuse-murale-led-henry-link\\\/\",\"name\":\"Coiffeuse Murale LED HENRY LINK: Personnalisation et Design - Groupe Coiff\",\"isPartOf\":{\"@id\":\"https:\\\/\\\/groupecoiff.com\\\/#website\"},\"primaryImageOfPage\":{\"@id\":\"https:\\\/\\\/groupecoiff.com\\\/produit\\\/coiffeuse-murale-led-henry-link\\\/#primaryimage\"},\"image\":{\"@id\":\"https:\\\/\\\/groupecoiff.com\\\/produit\\\/coiffeuse-murale-led-henry-link\\\/#primaryimage\"},\"thumbnailUrl\":\"https:\\\/\\\/groupecoiff.com\\\/wp-content\\\/uploads\\\/2025\\\/03\\\/Coiffeuse-Murale-LED-HENRY-LINK-1.webp\",\"datePublished\":\"2025-03-02T07:36:40+00:00\",\"dateModified\":\"2025-09-06T19:08:16+00:00\",\"description\":\"Apportez de l'\u00e9l\u00e9gance \u00e0 votre espace professionnel avec la coiffeuse murale LED HENRY LINK. Optez pour le design sur mesure qui vous ressemble ! \u2728\",\"breadcrumb\":{\"@id\":\"https:\\\/\\\/groupecoiff.com\\\/produit\\\/coiffeuse-murale-led-henry-link\\\/#breadcrumb\"},\"inLanguage\":\"en-US\",\"potentialAction\":[{\"@type\":\"ReadAction\",\"target\":[\"https:\\\/\\\/groupecoiff.com\\\/produit\\\/coiffeuse-murale-led-henry-link\\\/\"]}]},{\"@type\":\"ImageObject\",\"inLanguage\":\"en-US\",\"@id\":\"https:\\\/\\\/groupecoiff.com\\\/produit\\\/coiffeuse-murale-led-henry-link\\\/#primaryimage\",\"url\":\"https:\\\/\\\/groupecoiff.com\\\/wp-content\\\/uploads\\\/2025\\\/03\\\/Coiffeuse-Murale-LED-HENRY-LINK-1.webp\",\"contentUrl\":\"https:\\\/\\\/groupecoiff.com\\\/wp-content\\\/uploads\\\/2025\\\/03\\\/Coiffeuse-Murale-LED-HENRY-LINK-1.webp\",\"width\":1080,\"height\":1080,\"caption\":\"Coiffeuse murale led henry link (1)\"},{\"@type\":\"BreadcrumbList\",\"@id\":\"https:\\\/\\\/groupecoiff.com\\\/produit\\\/coiffeuse-murale-led-henry-link\\\/#breadcrumb\",\"itemListElement\":[{\"@type\":\"ListItem\",\"position\":1,\"name\":\"Accueil\",\"item\":\"https:\\\/\\\/groupecoiff.com\\\/\"},{\"@type\":\"ListItem\",\"position\":2,\"name\":\"Boutique\",\"item\":\"https:\\\/\\\/groupecoiff.com\\\/boutique\\\/\"},{\"@type\":\"ListItem\",\"position\":3,\"name\":\"Coiffeuse Murale LED HENRY LINK\"}]},{\"@type\":\"WebSite\",\"@id\":\"https:\\\/\\\/groupecoiff.com\\\/#website\",\"url\":\"https:\\\/\\\/groupecoiff.com\\\/\",\"name\":\"Groupe Coiff\",\"description\":\"Tout pour la coiffure\",\"publisher\":{\"@id\":\"https:\\\/\\\/groupecoiff.com\\\/#organization\"},\"potentialAction\":[{\"@type\":\"SearchAction\",\"target\":{\"@type\":\"EntryPoint\",\"urlTemplate\":\"https:\\\/\\\/groupecoiff.com\\\/?s={search_term_string}\"},\"query-input\":{\"@type\":\"PropertyValueSpecification\",\"valueRequired\":true,\"valueName\":\"search_term_string\"}}],\"inLanguage\":\"en-US\"},{\"@type\":\"Organization\",\"@id\":\"https:\\\/\\\/groupecoiff.com\\\/#organization\",\"name\":\"Groupe Coiff\",\"alternateName\":\"Groupe Coiff : Le Mobilier De Coiffure Haut de Gamme Pour Une \u00c9l\u00e9gance In\u00e9gal\u00e9e\",\"url\":\"https:\\\/\\\/groupecoiff.com\\\/\",\"logo\":{\"@type\":\"ImageObject\",\"inLanguage\":\"en-US\",\"@id\":\"https:\\\/\\\/groupecoiff.com\\\/#\\\/schema\\\/logo\\\/image\\\/\",\"url\":\"https:\\\/\\\/groupecoiff.com\\\/wp-content\\\/uploads\\\/2024\\\/01\\\/cropped-Groupe-Coiff-Logo.webp\",\"contentUrl\":\"https:\\\/\\\/groupecoiff.com\\\/wp-content\\\/uploads\\\/2024\\\/01\\\/cropped-Groupe-Coiff-Logo.webp\",\"width\":512,\"height\":512,\"caption\":\"Groupe Coiff\"},\"image\":{\"@id\":\"https:\\\/\\\/groupecoiff.com\\\/#\\\/schema\\\/logo\\\/image\\\/\"},\"sameAs\":[\"https:\\\/\\\/www.facebook.com\\\/GroupeCoiff\",\"https:\\\/\\\/x.com\\\/groupecoiff\",\"https:\\\/\\\/www.instagram.com\\\/groupecoiff\\\/\",\"https:\\\/\\\/www.tiktok.com\\\/@groupecoiff\",\"https:\\\/\\\/www.youtube.com\\\/@groupecoiff\",\"https:\\\/\\\/twitter.com\\\/groupecoiff\",\"https:\\\/\\\/www.leboncoin.fr\\\/boutique\\\/3961302\\\/groupe_coiff.htm\"],\"description\":\"D\u00e9couvrez le mobilier de coiffure haut de gamme de Groupe Coiff, alliant \u00e9l\u00e9gance et fonctionnalit\u00e9 pour sublimer votre salon et satisfaire vos clients.\",\"email\":\"contact@groupecoiff.com\",\"telephone\":\"0676951605\",\"legalName\":\"Groupe Coiff\",\"foundingDate\":\"2022-11-16\",\"vatID\":\"FR84921406419\",\"taxID\":\"92140641900025\"}]}<\/script>\n<meta property=\"product:price:amount\" content=\"979.00\" \/>\n<meta property=\"product:price:currency\" content=\"EUR\" \/>\n<meta property=\"og:availability\" content=\"instock\" \/>\n<meta property=\"product:availability\" content=\"instock\" \/>\n<meta property=\"product:condition\" content=\"new\" \/>\n<!-- \/ Yoast SEO Premium plugin. -->","yoast_head_json":{"title":"Coiffeuse Murale LED HENRY LINK: Personnalisation et Design - Groupe Coiff","description":"Apportez de l'\u00e9l\u00e9gance \u00e0 votre espace professionnel avec la coiffeuse murale LED HENRY LINK. Optez pour le design sur mesure qui vous ressemble ! \u2728","robots":{"index":"index","follow":"follow","max-snippet":"max-snippet:-1","max-image-preview":"max-image-preview:large","max-video-preview":"max-video-preview:-1"},"canonical":"https:\/\/groupecoiff.com\/en\/product-2\/coiffeuse-murale-led-henry-link\/","og_locale":"en_US","og_type":"article","og_title":"Coiffeuse Murale LED HENRY LINK","og_description":"Apportez de l'\u00e9l\u00e9gance \u00e0 votre espace professionnel avec la coiffeuse murale LED HENRY LINK. Optez pour le design sur mesure qui vous ressemble ! \u2728","og_url":"https:\/\/groupecoiff.com\/en\/product-2\/coiffeuse-murale-led-henry-link\/","og_site_name":"Groupe Coiff","article_publisher":"https:\/\/www.facebook.com\/GroupeCoiff","article_modified_time":"2025-09-06T19:08:16+00:00","og_image":[{"width":1080,"height":1080,"url":"https:\/\/groupecoiff.com\/wp-content\/uploads\/2025\/03\/Coiffeuse-Murale-LED-HENRY-LINK-1.webp","type":"image\/webp"}],"twitter_card":"summary_large_image","twitter_site":"@groupecoiff","twitter_misc":{"Price":"979,00&nbsp;&euro;","Availability":"In stock"},"schema":{"@context":"https:\/\/schema.org","@graph":[{"@type":"WebPage","@id":"https:\/\/groupecoiff.com\/produit\/coiffeuse-murale-led-henry-link\/","url":"https:\/\/groupecoiff.com\/produit\/coiffeuse-murale-led-henry-link\/","name":"Coiffeuse Murale LED HENRY LINK: Personnalisation et Design - Groupe Coiff","isPartOf":{"@id":"https:\/\/groupecoiff.com\/#website"},"primaryImageOfPage":{"@id":"https:\/\/groupecoiff.com\/produit\/coiffeuse-murale-led-henry-link\/#primaryimage"},"image":{"@id":"https:\/\/groupecoiff.com\/produit\/coiffeuse-murale-led-henry-link\/#primaryimage"},"thumbnailUrl":"https:\/\/groupecoiff.com\/wp-content\/uploads\/2025\/03\/Coiffeuse-Murale-LED-HENRY-LINK-1.webp","datePublished":"2025-03-02T07:36:40+00:00","dateModified":"2025-09-06T19:08:16+00:00","description":"Apportez de l'\u00e9l\u00e9gance \u00e0 votre espace professionnel avec la coiffeuse murale LED HENRY LINK. Optez pour le design sur mesure qui vous ressemble ! \u2728","breadcrumb":{"@id":"https:\/\/groupecoiff.com\/produit\/coiffeuse-murale-led-henry-link\/#breadcrumb"},"inLanguage":"en-US","potentialAction":[{"@type":"ReadAction","target":["https:\/\/groupecoiff.com\/produit\/coiffeuse-murale-led-henry-link\/"]}]},{"@type":"ImageObject","inLanguage":"en-US","@id":"https:\/\/groupecoiff.com\/produit\/coiffeuse-murale-led-henry-link\/#primaryimage","url":"https:\/\/groupecoiff.com\/wp-content\/uploads\/2025\/03\/Coiffeuse-Murale-LED-HENRY-LINK-1.webp","contentUrl":"https:\/\/groupecoiff.com\/wp-content\/uploads\/2025\/03\/Coiffeuse-Murale-LED-HENRY-LINK-1.webp","width":1080,"height":1080,"caption":"Coiffeuse murale led henry link (1)"},{"@type":"BreadcrumbList","@id":"https:\/\/groupecoiff.com\/produit\/coiffeuse-murale-led-henry-link\/#breadcrumb","itemListElement":[{"@type":"ListItem","position":1,"name":"Accueil","item":"https:\/\/groupecoiff.com\/"},{"@type":"ListItem","position":2,"name":"Boutique","item":"https:\/\/groupecoiff.com\/boutique\/"},{"@type":"ListItem","position":3,"name":"Coiffeuse Murale LED HENRY LINK"}]},{"@type":"WebSite","@id":"https:\/\/groupecoiff.com\/#website","url":"https:\/\/groupecoiff.com\/","name":"Coiff Group","description":"Everything for the hairdresser","publisher":{"@id":"https:\/\/groupecoiff.com\/#organization"},"potentialAction":[{"@type":"SearchAction","target":{"@type":"EntryPoint","urlTemplate":"https:\/\/groupecoiff.com\/?s={search_term_string}"},"query-input":{"@type":"PropertyValueSpecification","valueRequired":true,"valueName":"search_term_string"}}],"inLanguage":"en-US"},{"@type":"Organization","@id":"https:\/\/groupecoiff.com\/#organization","name":"Coiff Group","alternateName":"Groupe Coiff : Le Mobilier De Coiffure Haut de Gamme Pour Une \u00c9l\u00e9gance In\u00e9gal\u00e9e","url":"https:\/\/groupecoiff.com\/","logo":{"@type":"ImageObject","inLanguage":"en-US","@id":"https:\/\/groupecoiff.com\/#\/schema\/logo\/image\/","url":"https:\/\/groupecoiff.com\/wp-content\/uploads\/2024\/01\/cropped-Groupe-Coiff-Logo.webp","contentUrl":"https:\/\/groupecoiff.com\/wp-content\/uploads\/2024\/01\/cropped-Groupe-Coiff-Logo.webp","width":512,"height":512,"caption":"Groupe Coiff"},"image":{"@id":"https:\/\/groupecoiff.com\/#\/schema\/logo\/image\/"},"sameAs":["https:\/\/www.facebook.com\/GroupeCoiff","https:\/\/x.com\/groupecoiff","https:\/\/www.instagram.com\/groupecoiff\/","https:\/\/www.tiktok.com\/@groupecoiff","https:\/\/www.youtube.com\/@groupecoiff","https:\/\/twitter.com\/groupecoiff","https:\/\/www.leboncoin.fr\/boutique\/3961302\/groupe_coiff.htm"],"description":"Discover Groupe Coiff's top-of-the-range hairdressing furniture, combining elegance and functionality to enhance your salon and satisfy your customers.","email":"contact@groupecoiff.com","telephone":"0676951605","legalName":"Groupe Coiff","foundingDate":"2022-11-16","vatID":"FR84921406419","taxID":"92140641900025"}]},"product_price_amount":"979.00","product_price_currency":"EUR","og_availability":"instock","product_availability":"instock","product_condition":"new"},"jetpack_publicize_connections":[],"jetpack_likes_enabled":true,"jetpack_sharing_enabled":true,"_links":{"self":[{"href":"https:\/\/groupecoiff.com\/en\/wp-json\/wp\/v2\/product\/38914","targetHints":{"allow":["GET"]}}],"collection":[{"href":"https:\/\/groupecoiff.com\/en\/wp-json\/wp\/v2\/product"}],"about":[{"href":"https:\/\/groupecoiff.com\/en\/wp-json\/wp\/v2\/types\/product"}],"replies":[{"embeddable":true,"href":"https:\/\/groupecoiff.com\/en\/wp-json\/wp\/v2\/comments?post=38914"}],"version-history":[{"count":0,"href":"https:\/\/groupecoiff.com\/en\/wp-json\/wp\/v2\/product\/38914\/revisions"}],"wp:featuredmedia":[{"embeddable":true,"href":"https:\/\/groupecoiff.com\/en\/wp-json\/wp\/v2\/media\/38904"}],"wp:attachment":[{"href":"https:\/\/groupecoiff.com\/en\/wp-json\/wp\/v2\/media?parent=38914"}],"wp:term":[{"taxonomy":"product_brand","embeddable":true,"href":"https:\/\/groupecoiff.com\/en\/wp-json\/wp\/v2\/product_brand?post=38914"},{"taxonomy":"product_cat","embeddable":true,"href":"https:\/\/groupecoiff.com\/en\/wp-json\/wp\/v2\/product_cat?post=38914"},{"taxonomy":"product_tag","embeddable":true,"href":"https:\/\/groupecoiff.com\/en\/wp-json\/wp\/v2\/product_tag?post=38914"}],"curies":[{"name":"wp","href":"https:\/\/api.w.org\/{rel}","templated":true}]}}