{"id":39127,"date":"2025-03-04T00:40:36","date_gmt":"2025-03-03T23:40:36","guid":{"rendered":"https:\/\/groupecoiff.com\/?post_type=product&#038;p=39127"},"modified":"2025-08-08T18:08:40","modified_gmt":"2025-08-08T16:08:40","slug":"coiffeuse-double-face-virgo-led","status":"publish","type":"product","link":"https:\/\/groupecoiff.com\/en\/produit\/coiffeuse-double-face-virgo-led\/","title":{"rendered":"Coiffeuse double face VIRGO LED"},"content":{"rendered":"<ul>\n<li><strong>Coiffeuse Double Face VIRGO LED \u2013 \u00c9l\u00e9gance et Fonctionnalit\u00e9 pour Votre Salon<\/strong><\/li>\n<\/ul>\n<p>La coiffeuse double face VIRGO LED allie design moderne et praticit\u00e9. Son miroir r\u00e9tro\u00e9clair\u00e9 avec interrupteur sans contact facilite le travail des professionnels. Sa structure en m\u00e9tal dor\u00e9 apporte une touche sophistiqu\u00e9e \u00e0 tout mobilier de coiffure professionnel.<\/p>\n<ul>\n<li><strong>Un Design Unique et Raffin\u00e9<\/strong><\/li>\n<\/ul>\n<p>Le miroir de coiffure avec LED VIRGO pr\u00e9sente une forme ovale \u00e9l\u00e9gante. Il s\u2019int\u00e8gre parfaitement dans les salons de coiffure hommes et femmes et les instituts de beaut\u00e9 et bien-\u00eatre.<\/p>\n<ul>\n<li><strong>Cadre en m\u00e9tal dor\u00e9, chic et durable<\/strong><\/li>\n<\/ul>\n<p>Double face, id\u00e9al pour optimiser l\u2019espace<\/p>\n<p>\u00c9clairage LED int\u00e9gr\u00e9, offrant une visibilit\u00e9 parfaite<\/p>\n<p>Convenient, hygienic touchless switch<\/p>\n<ul>\n<li><strong>Une Coiffeuse Pens\u00e9e pour les Professionnels<\/strong><\/li>\n<\/ul>\n<p>Le poste de coiffure avec LED VIRGO est con\u00e7u pour r\u00e9pondre aux exigences des coiffeurs et esth\u00e9ticiens. Il offre une installation stable et des fonctionnalit\u00e9s pratiques.<\/p>\n<p>Fixation au sol, assurant une stabilit\u00e9 maximale<\/p>\n<p>Integrated sockets for easy tool connection<\/p>\n<p>Alimentation \u00e9lectrique par le bas, discr\u00e8te et s\u00e9curis\u00e9e<\/p>\n<ul>\n<li><strong>Dimensions and installation<\/strong><\/li>\n<\/ul>\n<p>Le meuble pour salon de coiffure VIRGO s\u2019adapte aux espaces professionnels avec des dimensions optimis\u00e9es :<\/p>\n<p>Hauteur : 187 cm<\/p>\n<p>Largeur : 85 cm<\/p>\n<p>Depth: 50 cm<\/p>\n<p>Son installation requiert une fixation au sol, garantissant une robustesse id\u00e9ale pour un usage quotidien.<\/p>\n<ul>\n<li><strong>Un Mobilier Haut de Gamme et Personnalisable<\/strong><\/li>\n<\/ul>\n<p>Cette coiffeuse double face VIRGO LED est fabriqu\u00e9e sur commande, avec un d\u00e9lai de production de 3 \u00e0 5 semaines. Elle offre une finition haut de gamme pour sublimer votre espace professionnel.<\/p>\n<p>Optez pour le luxe et la praticit\u00e9 avec la VIRGO !<\/p>","protected":false},"excerpt":{"rendered":"<p>\u00c9levez votre espace de travail avec la coiffeuse double face VIRGO LED. Son \u00e9clairage parfait et son cadre dor\u00e9 apportent une touche de luxe! \u2728<\/p>","protected":false},"featured_media":39133,"comment_status":"open","ping_status":"closed","template":"","meta":{"googlesitekit_rrm_CAow0YCiDA:productID":"","jetpack_post_was_ever_published":false,"jetpack_publicize_message":"","jetpack_publicize_feature_enabled":true,"jetpack_social_post_already_shared":true,"jetpack_social_options":{"image_generator_settings":{"template":"highway","default_image_id":0,"font":"","enabled":false},"version":2}},"product_brand":[],"product_cat":[313,61,48],"product_tag":[366,367,535,125],"class_list":{"0":"post-39127","1":"product","2":"type-product","3":"status-publish","4":"has-post-thumbnail","6":"product_cat-meuble-de-coiffure","7":"product_cat-mobilier-esthetique","8":"product_cat-poste-de-coiffage-professionnel","9":"product_tag-coiffeuse-double-face","10":"product_tag-coiffeuse-pour-salon-de-coiffure","11":"product_tag-mobilier-de-coiffure-professionnel","12":"product_tag-salon-de-coiffure","14":"first","15":"instock","16":"taxable","17":"shipping-taxable","18":"purchasable","19":"product-type-simple"},"yoast_head":"<!-- This site is optimized with the Yoast SEO Premium plugin v27.5 (Yoast SEO v27.5) - https:\/\/yoast.com\/product\/yoast-seo-premium-wordpress\/ -->\n<title>Coiffeuse double face VIRGO LED: Design Chic et Durable - Groupe Coiff<\/title>\n<meta name=\"description\" content=\"Transformez votre salon avec la coiffeuse double face VIRGO LED, dot\u00e9e d&#039;un design chic. Profitez de son \u00e9clairage LED pour une visibilit\u00e9 parfaite! \ud83c\udf1f\" \/>\n<meta name=\"robots\" content=\"index, follow, max-snippet:-1, max-image-preview:large, max-video-preview:-1\" \/>\n<link rel=\"canonical\" href=\"https:\/\/groupecoiff.com\/en\/product-2\/coiffeuse-double-face-virgo-led\/\" \/>\n<meta property=\"og:locale\" content=\"en_US\" \/>\n<meta property=\"og:type\" content=\"article\" \/>\n<meta property=\"og:title\" content=\"Coiffeuse double face VIRGO LED\" \/>\n<meta property=\"og:description\" content=\"Transformez votre salon avec la coiffeuse double face VIRGO LED, dot\u00e9e d&#039;un design chic. Profitez de son \u00e9clairage LED pour une visibilit\u00e9 parfaite! \ud83c\udf1f\" \/>\n<meta property=\"og:url\" content=\"https:\/\/groupecoiff.com\/en\/product-2\/coiffeuse-double-face-virgo-led\/\" \/>\n<meta property=\"og:site_name\" content=\"Groupe Coiff\" \/>\n<meta property=\"article:publisher\" content=\"https:\/\/www.facebook.com\/GroupeCoiff\" \/>\n<meta property=\"article:modified_time\" content=\"2025-08-08T16:08:40+00:00\" \/>\n<meta property=\"og:image\" content=\"https:\/\/groupecoiff.com\/wp-content\/uploads\/2025\/03\/Coiffeuse-double-face-VIRGO-LED-5.webp\" \/>\n\t<meta property=\"og:image:width\" content=\"1080\" \/>\n\t<meta property=\"og:image:height\" content=\"1080\" \/>\n\t<meta property=\"og:image:type\" content=\"image\/webp\" \/>\n<meta name=\"twitter:card\" content=\"summary_large_image\" \/>\n<meta name=\"twitter:site\" content=\"@groupecoiff\" \/>\n<meta name=\"twitter:label1\" content=\"Price\" \/>\n\t<meta name=\"twitter:data1\" content=\"1149,00&nbsp;&euro;\" \/>\n\t<meta name=\"twitter:label2\" content=\"Availability\" \/>\n\t<meta name=\"twitter:data2\" content=\"In stock\" \/>\n<script type=\"application\/ld+json\" class=\"yoast-schema-graph\">{\"@context\":\"https:\\\/\\\/schema.org\",\"@graph\":[{\"@type\":\"WebPage\",\"@id\":\"https:\\\/\\\/groupecoiff.com\\\/produit\\\/coiffeuse-double-face-virgo-led\\\/\",\"url\":\"https:\\\/\\\/groupecoiff.com\\\/produit\\\/coiffeuse-double-face-virgo-led\\\/\",\"name\":\"Coiffeuse double face VIRGO LED: Design Chic et Durable - Groupe Coiff\",\"isPartOf\":{\"@id\":\"https:\\\/\\\/groupecoiff.com\\\/#website\"},\"primaryImageOfPage\":{\"@id\":\"https:\\\/\\\/groupecoiff.com\\\/produit\\\/coiffeuse-double-face-virgo-led\\\/#primaryimage\"},\"image\":{\"@id\":\"https:\\\/\\\/groupecoiff.com\\\/produit\\\/coiffeuse-double-face-virgo-led\\\/#primaryimage\"},\"thumbnailUrl\":\"https:\\\/\\\/groupecoiff.com\\\/wp-content\\\/uploads\\\/2025\\\/03\\\/Coiffeuse-double-face-VIRGO-LED-5.webp\",\"datePublished\":\"2025-03-03T23:40:36+00:00\",\"dateModified\":\"2025-08-08T16:08:40+00:00\",\"description\":\"Transformez votre salon avec la coiffeuse double face VIRGO LED, dot\u00e9e d'un design chic. Profitez de son \u00e9clairage LED pour une visibilit\u00e9 parfaite! \ud83c\udf1f\",\"breadcrumb\":{\"@id\":\"https:\\\/\\\/groupecoiff.com\\\/produit\\\/coiffeuse-double-face-virgo-led\\\/#breadcrumb\"},\"inLanguage\":\"en-US\",\"potentialAction\":[{\"@type\":\"ReadAction\",\"target\":[\"https:\\\/\\\/groupecoiff.com\\\/produit\\\/coiffeuse-double-face-virgo-led\\\/\"]}]},{\"@type\":\"ImageObject\",\"inLanguage\":\"en-US\",\"@id\":\"https:\\\/\\\/groupecoiff.com\\\/produit\\\/coiffeuse-double-face-virgo-led\\\/#primaryimage\",\"url\":\"https:\\\/\\\/groupecoiff.com\\\/wp-content\\\/uploads\\\/2025\\\/03\\\/Coiffeuse-double-face-VIRGO-LED-5.webp\",\"contentUrl\":\"https:\\\/\\\/groupecoiff.com\\\/wp-content\\\/uploads\\\/2025\\\/03\\\/Coiffeuse-double-face-VIRGO-LED-5.webp\",\"width\":1080,\"height\":1080,\"caption\":\"Coiffeuse double face virgo led (5)\"},{\"@type\":\"BreadcrumbList\",\"@id\":\"https:\\\/\\\/groupecoiff.com\\\/produit\\\/coiffeuse-double-face-virgo-led\\\/#breadcrumb\",\"itemListElement\":[{\"@type\":\"ListItem\",\"position\":1,\"name\":\"Accueil\",\"item\":\"https:\\\/\\\/groupecoiff.com\\\/\"},{\"@type\":\"ListItem\",\"position\":2,\"name\":\"Boutique\",\"item\":\"https:\\\/\\\/groupecoiff.com\\\/en\\\/boutique\\\/\"},{\"@type\":\"ListItem\",\"position\":3,\"name\":\"Coiffeuse double face VIRGO LED\"}]},{\"@type\":\"WebSite\",\"@id\":\"https:\\\/\\\/groupecoiff.com\\\/#website\",\"url\":\"https:\\\/\\\/groupecoiff.com\\\/\",\"name\":\"Groupe Coiff\",\"description\":\"Tout pour la coiffure\",\"publisher\":{\"@id\":\"https:\\\/\\\/groupecoiff.com\\\/#organization\"},\"potentialAction\":[{\"@type\":\"SearchAction\",\"target\":{\"@type\":\"EntryPoint\",\"urlTemplate\":\"https:\\\/\\\/groupecoiff.com\\\/?s={search_term_string}\"},\"query-input\":{\"@type\":\"PropertyValueSpecification\",\"valueRequired\":true,\"valueName\":\"search_term_string\"}}],\"inLanguage\":\"en-US\"},{\"@type\":\"Organization\",\"@id\":\"https:\\\/\\\/groupecoiff.com\\\/#organization\",\"name\":\"Groupe Coiff\",\"alternateName\":\"Groupe Coiff : Le Mobilier De Coiffure Haut de Gamme Pour Une \u00c9l\u00e9gance In\u00e9gal\u00e9e\",\"url\":\"https:\\\/\\\/groupecoiff.com\\\/\",\"logo\":{\"@type\":\"ImageObject\",\"inLanguage\":\"en-US\",\"@id\":\"https:\\\/\\\/groupecoiff.com\\\/#\\\/schema\\\/logo\\\/image\\\/\",\"url\":\"https:\\\/\\\/groupecoiff.com\\\/wp-content\\\/uploads\\\/2024\\\/01\\\/cropped-Groupe-Coiff-Logo.webp\",\"contentUrl\":\"https:\\\/\\\/groupecoiff.com\\\/wp-content\\\/uploads\\\/2024\\\/01\\\/cropped-Groupe-Coiff-Logo.webp\",\"width\":512,\"height\":512,\"caption\":\"Groupe Coiff\"},\"image\":{\"@id\":\"https:\\\/\\\/groupecoiff.com\\\/#\\\/schema\\\/logo\\\/image\\\/\"},\"sameAs\":[\"https:\\\/\\\/www.facebook.com\\\/GroupeCoiff\",\"https:\\\/\\\/x.com\\\/groupecoiff\",\"https:\\\/\\\/www.instagram.com\\\/groupecoiff\\\/\",\"https:\\\/\\\/www.tiktok.com\\\/@groupecoiff\",\"https:\\\/\\\/www.youtube.com\\\/@groupecoiff\",\"https:\\\/\\\/twitter.com\\\/groupecoiff\",\"https:\\\/\\\/www.leboncoin.fr\\\/boutique\\\/3961302\\\/groupe_coiff.htm\"],\"description\":\"D\u00e9couvrez le mobilier de coiffure haut de gamme de Groupe Coiff, alliant \u00e9l\u00e9gance et fonctionnalit\u00e9 pour sublimer votre salon et satisfaire vos clients.\",\"email\":\"contact@groupecoiff.com\",\"telephone\":\"0676951605\",\"legalName\":\"Groupe Coiff\",\"foundingDate\":\"2022-11-16\",\"vatID\":\"FR84921406419\",\"taxID\":\"92140641900025\"}]}<\/script>\n<meta property=\"product:price:amount\" content=\"1149.00\" \/>\n<meta property=\"product:price:currency\" content=\"EUR\" \/>\n<meta property=\"og:availability\" content=\"instock\" \/>\n<meta property=\"product:availability\" content=\"instock\" \/>\n<meta property=\"product:condition\" content=\"new\" \/>\n<!-- \/ Yoast SEO Premium plugin. -->","yoast_head_json":{"title":"Coiffeuse double face VIRGO LED: Design Chic et Durable - Groupe Coiff","description":"Transformez votre salon avec la coiffeuse double face VIRGO LED, dot\u00e9e d'un design chic. Profitez de son \u00e9clairage LED pour une visibilit\u00e9 parfaite! \ud83c\udf1f","robots":{"index":"index","follow":"follow","max-snippet":"max-snippet:-1","max-image-preview":"max-image-preview:large","max-video-preview":"max-video-preview:-1"},"canonical":"https:\/\/groupecoiff.com\/en\/product-2\/coiffeuse-double-face-virgo-led\/","og_locale":"en_US","og_type":"article","og_title":"Coiffeuse double face VIRGO LED","og_description":"Transformez votre salon avec la coiffeuse double face VIRGO LED, dot\u00e9e d'un design chic. Profitez de son \u00e9clairage LED pour une visibilit\u00e9 parfaite! \ud83c\udf1f","og_url":"https:\/\/groupecoiff.com\/en\/product-2\/coiffeuse-double-face-virgo-led\/","og_site_name":"Groupe Coiff","article_publisher":"https:\/\/www.facebook.com\/GroupeCoiff","article_modified_time":"2025-08-08T16:08:40+00:00","og_image":[{"width":1080,"height":1080,"url":"https:\/\/groupecoiff.com\/wp-content\/uploads\/2025\/03\/Coiffeuse-double-face-VIRGO-LED-5.webp","type":"image\/webp"}],"twitter_card":"summary_large_image","twitter_site":"@groupecoiff","twitter_misc":{"Price":"1149,00&nbsp;&euro;","Availability":"In stock"},"schema":{"@context":"https:\/\/schema.org","@graph":[{"@type":"WebPage","@id":"https:\/\/groupecoiff.com\/produit\/coiffeuse-double-face-virgo-led\/","url":"https:\/\/groupecoiff.com\/produit\/coiffeuse-double-face-virgo-led\/","name":"Coiffeuse double face VIRGO LED: Design Chic et Durable - Groupe Coiff","isPartOf":{"@id":"https:\/\/groupecoiff.com\/#website"},"primaryImageOfPage":{"@id":"https:\/\/groupecoiff.com\/produit\/coiffeuse-double-face-virgo-led\/#primaryimage"},"image":{"@id":"https:\/\/groupecoiff.com\/produit\/coiffeuse-double-face-virgo-led\/#primaryimage"},"thumbnailUrl":"https:\/\/groupecoiff.com\/wp-content\/uploads\/2025\/03\/Coiffeuse-double-face-VIRGO-LED-5.webp","datePublished":"2025-03-03T23:40:36+00:00","dateModified":"2025-08-08T16:08:40+00:00","description":"Transformez votre salon avec la coiffeuse double face VIRGO LED, dot\u00e9e d'un design chic. Profitez de son \u00e9clairage LED pour une visibilit\u00e9 parfaite! \ud83c\udf1f","breadcrumb":{"@id":"https:\/\/groupecoiff.com\/produit\/coiffeuse-double-face-virgo-led\/#breadcrumb"},"inLanguage":"en-US","potentialAction":[{"@type":"ReadAction","target":["https:\/\/groupecoiff.com\/produit\/coiffeuse-double-face-virgo-led\/"]}]},{"@type":"ImageObject","inLanguage":"en-US","@id":"https:\/\/groupecoiff.com\/produit\/coiffeuse-double-face-virgo-led\/#primaryimage","url":"https:\/\/groupecoiff.com\/wp-content\/uploads\/2025\/03\/Coiffeuse-double-face-VIRGO-LED-5.webp","contentUrl":"https:\/\/groupecoiff.com\/wp-content\/uploads\/2025\/03\/Coiffeuse-double-face-VIRGO-LED-5.webp","width":1080,"height":1080,"caption":"Coiffeuse double face virgo led (5)"},{"@type":"BreadcrumbList","@id":"https:\/\/groupecoiff.com\/produit\/coiffeuse-double-face-virgo-led\/#breadcrumb","itemListElement":[{"@type":"ListItem","position":1,"name":"Accueil","item":"https:\/\/groupecoiff.com\/"},{"@type":"ListItem","position":2,"name":"Boutique","item":"https:\/\/groupecoiff.com\/en\/boutique\/"},{"@type":"ListItem","position":3,"name":"Coiffeuse double face VIRGO LED"}]},{"@type":"WebSite","@id":"https:\/\/groupecoiff.com\/#website","url":"https:\/\/groupecoiff.com\/","name":"Coiff Group","description":"Everything for the hairdresser","publisher":{"@id":"https:\/\/groupecoiff.com\/#organization"},"potentialAction":[{"@type":"SearchAction","target":{"@type":"EntryPoint","urlTemplate":"https:\/\/groupecoiff.com\/?s={search_term_string}"},"query-input":{"@type":"PropertyValueSpecification","valueRequired":true,"valueName":"search_term_string"}}],"inLanguage":"en-US"},{"@type":"Organization","@id":"https:\/\/groupecoiff.com\/#organization","name":"Coiff Group","alternateName":"Groupe Coiff : Le Mobilier De Coiffure Haut de Gamme Pour Une \u00c9l\u00e9gance In\u00e9gal\u00e9e","url":"https:\/\/groupecoiff.com\/","logo":{"@type":"ImageObject","inLanguage":"en-US","@id":"https:\/\/groupecoiff.com\/#\/schema\/logo\/image\/","url":"https:\/\/groupecoiff.com\/wp-content\/uploads\/2024\/01\/cropped-Groupe-Coiff-Logo.webp","contentUrl":"https:\/\/groupecoiff.com\/wp-content\/uploads\/2024\/01\/cropped-Groupe-Coiff-Logo.webp","width":512,"height":512,"caption":"Groupe Coiff"},"image":{"@id":"https:\/\/groupecoiff.com\/#\/schema\/logo\/image\/"},"sameAs":["https:\/\/www.facebook.com\/GroupeCoiff","https:\/\/x.com\/groupecoiff","https:\/\/www.instagram.com\/groupecoiff\/","https:\/\/www.tiktok.com\/@groupecoiff","https:\/\/www.youtube.com\/@groupecoiff","https:\/\/twitter.com\/groupecoiff","https:\/\/www.leboncoin.fr\/boutique\/3961302\/groupe_coiff.htm"],"description":"Discover Groupe Coiff's top-of-the-range hairdressing furniture, combining elegance and functionality to enhance your salon and satisfy your customers.","email":"contact@groupecoiff.com","telephone":"0676951605","legalName":"Groupe Coiff","foundingDate":"2022-11-16","vatID":"FR84921406419","taxID":"92140641900025"}]},"product_price_amount":"1149.00","product_price_currency":"EUR","og_availability":"instock","product_availability":"instock","product_condition":"new"},"jetpack_publicize_connections":[],"jetpack_likes_enabled":true,"jetpack_sharing_enabled":true,"_links":{"self":[{"href":"https:\/\/groupecoiff.com\/en\/wp-json\/wp\/v2\/product\/39127","targetHints":{"allow":["GET"]}}],"collection":[{"href":"https:\/\/groupecoiff.com\/en\/wp-json\/wp\/v2\/product"}],"about":[{"href":"https:\/\/groupecoiff.com\/en\/wp-json\/wp\/v2\/types\/product"}],"replies":[{"embeddable":true,"href":"https:\/\/groupecoiff.com\/en\/wp-json\/wp\/v2\/comments?post=39127"}],"version-history":[{"count":0,"href":"https:\/\/groupecoiff.com\/en\/wp-json\/wp\/v2\/product\/39127\/revisions"}],"wp:featuredmedia":[{"embeddable":true,"href":"https:\/\/groupecoiff.com\/en\/wp-json\/wp\/v2\/media\/39133"}],"wp:attachment":[{"href":"https:\/\/groupecoiff.com\/en\/wp-json\/wp\/v2\/media?parent=39127"}],"wp:term":[{"taxonomy":"product_brand","embeddable":true,"href":"https:\/\/groupecoiff.com\/en\/wp-json\/wp\/v2\/product_brand?post=39127"},{"taxonomy":"product_cat","embeddable":true,"href":"https:\/\/groupecoiff.com\/en\/wp-json\/wp\/v2\/product_cat?post=39127"},{"taxonomy":"product_tag","embeddable":true,"href":"https:\/\/groupecoiff.com\/en\/wp-json\/wp\/v2\/product_tag?post=39127"}],"curies":[{"name":"wp","href":"https:\/\/api.w.org\/{rel}","templated":true}]}}