{"id":39208,"date":"2025-03-08T09:06:25","date_gmt":"2025-03-08T08:06:25","guid":{"rendered":"https:\/\/groupecoiff.com\/?post_type=product&#038;p=39208"},"modified":"2025-10-31T20:56:54","modified_gmt":"2025-10-31T19:56:54","slug":"poste-de-coiffage-classic-i","status":"publish","type":"product","link":"https:\/\/groupecoiff.com\/en\/produit\/poste-de-coiffage-classic-i\/","title":{"rendered":"Poste de Coiffage Classic I"},"content":{"rendered":"<ul>\n<li>\n<h3>Poste de coiffage barbier Classic I \u2013 \u00c9l\u00e9gance et praticit\u00e9 pour barbiers<\/h3>\n<\/li>\n<\/ul>\n<p>Le Poste de Coiffage Classic I est con\u00e7u pour les salons de coiffure et barbiers. Disponible en version simple ou double, il s&rsquo;adapte \u00e0 tous les espaces.<\/p>\n<ul>\n<li><strong>Refined, customizable design<\/strong><\/li>\n<\/ul>\n<ol>\n<li>Propos\u00e9 en marron bois naturel.<\/li>\n<li>Fa\u00e7ades en MDF frais\u00e9, peintes marron bois naturel.<\/li>\n<li>Chrome-plated handles with white or black porcelain finish, depending on version.<\/li>\n<\/ol>\n<ul>\n<li><strong>A practical, organized workspace<\/strong><\/li>\n<\/ul>\n<ol>\n<li>Spacious closets.<\/li>\n<li>Large drawers.<\/li>\n<li>Elegant mirrors.<\/li>\n<li>A black or white basin is available as an option for added practicality.<\/li>\n<\/ol>\n<ul>\n<li><strong>Robust, customizable materials<\/strong><\/li>\n<\/ul>\n<ol>\n<li>The standard worktop is made of high-quality furniture panel.<\/li>\n<li>A version in Bianco Carrara marble conglomerate is available as an option.<\/li>\n<li>Other finishes on request, with customized quotation.<\/li>\n<\/ol>\n<ul>\n<li><strong>Dimensions and Technical Details<\/strong><\/li>\n<\/ul>\n<ol>\n<li>Total length: 203 cm<\/li>\n<li>Depth: 50 cm<\/li>\n<li>Total height with mirror: 196 cm<\/li>\n<li>Worktop height: 86 cm<\/li>\n<\/ol>\n<ul>\n<li><strong>Custom manufacturing and delivery<\/strong><\/li>\n<\/ul>\n<ol>\n<li>Lead time: 3 to 5 weeks<\/li>\n<\/ol>\n<ul>\n<li><strong>Fast, secure delivery<\/strong><\/li>\n<\/ul>\n<p>The Industrial I barber station is the ideal solution for salons looking for furniture that combines quality, functionality and aesthetics.<\/p>","protected":false},"excerpt":{"rendered":"<p>Am\u00e9nagez votre salon gr\u00e2ce au Poste de Coiffage Classic I. Avec ses finitions en bois naturel et ses rangements pratiques, c&rsquo;est un must-have ! \ud83c\udf1f<\/p>","protected":false},"featured_media":47269,"comment_status":"open","ping_status":"closed","template":"","meta":{"googlesitekit_rrm_CAow0YCiDA:productID":"","jetpack_post_was_ever_published":false,"jetpack_publicize_message":"","jetpack_publicize_feature_enabled":true,"jetpack_social_post_already_shared":true,"jetpack_social_options":{"image_generator_settings":{"template":"highway","default_image_id":0,"font":"","enabled":false},"version":2}},"product_brand":[578],"product_cat":[313,48],"product_tag":[452,324,447,125],"class_list":{"0":"post-39208","1":"product","2":"type-product","3":"status-publish","4":"has-post-thumbnail","6":"product_brand-ayala","7":"product_cat-meuble-de-coiffure","8":"product_cat-poste-de-coiffage-professionnel","9":"product_tag-barbershop","10":"product_tag-meuble-de-coiffure-professionnel","11":"product_tag-poste-de-coiffage-barbier","12":"product_tag-salon-de-coiffure","14":"first","15":"instock","16":"taxable","17":"shipping-taxable","18":"purchasable","19":"product-type-simple"},"yoast_head":"<!-- This site is optimized with the Yoast SEO Premium plugin v27.4 (Yoast SEO v27.4) - https:\/\/yoast.com\/product\/yoast-seo-premium-wordpress\/ -->\n<title>Poste de Coiffage Classic I - Finitions Personnalisables Disponibles - Groupe Coiff<\/title>\n<meta name=\"description\" content=\"Adoptez le Poste de Coiffage Classic I pour un salon organis\u00e9. B\u00e9n\u00e9ficiez d&#039;un mobilier robuste et personnalisable qui impressionne vos clients.\" \/>\n<meta name=\"robots\" content=\"index, follow, max-snippet:-1, max-image-preview:large, max-video-preview:-1\" \/>\n<link rel=\"canonical\" href=\"https:\/\/groupecoiff.com\/en\/product-2\/poste-de-coiffage-classic-i\/\" \/>\n<meta property=\"og:locale\" content=\"en_US\" \/>\n<meta property=\"og:type\" content=\"article\" \/>\n<meta property=\"og:title\" content=\"Poste de Coiffage Classic I\" \/>\n<meta property=\"og:description\" content=\"Adoptez le Poste de Coiffage Classic I pour un salon organis\u00e9. B\u00e9n\u00e9ficiez d&#039;un mobilier robuste et personnalisable qui impressionne vos clients.\" \/>\n<meta property=\"og:url\" content=\"https:\/\/groupecoiff.com\/en\/product-2\/poste-de-coiffage-classic-i\/\" \/>\n<meta property=\"og:site_name\" content=\"Groupe Coiff\" \/>\n<meta property=\"article:publisher\" content=\"https:\/\/www.facebook.com\/GroupeCoiff\" \/>\n<meta property=\"article:modified_time\" content=\"2025-10-31T19:56:54+00:00\" \/>\n<meta property=\"og:image\" content=\"https:\/\/groupecoiff.com\/wp-content\/uploads\/2025\/03\/Classic-I-2.webp\" \/>\n\t<meta property=\"og:image:width\" content=\"600\" \/>\n\t<meta property=\"og:image:height\" content=\"600\" \/>\n\t<meta property=\"og:image:type\" content=\"image\/webp\" \/>\n<meta name=\"twitter:card\" content=\"summary_large_image\" \/>\n<meta name=\"twitter:site\" content=\"@groupecoiff\" \/>\n<meta name=\"twitter:label1\" content=\"Price\" \/>\n\t<meta name=\"twitter:data1\" content=\"1349,00&nbsp;&euro;\" \/>\n\t<meta name=\"twitter:label2\" content=\"Availability\" \/>\n\t<meta name=\"twitter:data2\" content=\"In stock\" \/>\n<script type=\"application\/ld+json\" class=\"yoast-schema-graph\">{\"@context\":\"https:\\\/\\\/schema.org\",\"@graph\":[{\"@type\":\"WebPage\",\"@id\":\"https:\\\/\\\/groupecoiff.com\\\/produit\\\/poste-de-coiffage-classic-i\\\/\",\"url\":\"https:\\\/\\\/groupecoiff.com\\\/produit\\\/poste-de-coiffage-classic-i\\\/\",\"name\":\"Poste de Coiffage Classic I - Finitions Personnalisables Disponibles - Groupe Coiff\",\"isPartOf\":{\"@id\":\"https:\\\/\\\/groupecoiff.com\\\/#website\"},\"primaryImageOfPage\":{\"@id\":\"https:\\\/\\\/groupecoiff.com\\\/produit\\\/poste-de-coiffage-classic-i\\\/#primaryimage\"},\"image\":{\"@id\":\"https:\\\/\\\/groupecoiff.com\\\/produit\\\/poste-de-coiffage-classic-i\\\/#primaryimage\"},\"thumbnailUrl\":\"https:\\\/\\\/groupecoiff.com\\\/wp-content\\\/uploads\\\/2025\\\/03\\\/Classic-I-2.webp\",\"datePublished\":\"2025-03-08T08:06:25+00:00\",\"dateModified\":\"2025-10-31T19:56:54+00:00\",\"description\":\"Adoptez le Poste de Coiffage Classic I pour un salon organis\u00e9. B\u00e9n\u00e9ficiez d'un mobilier robuste et personnalisable qui impressionne vos clients.\",\"breadcrumb\":{\"@id\":\"https:\\\/\\\/groupecoiff.com\\\/produit\\\/poste-de-coiffage-classic-i\\\/#breadcrumb\"},\"inLanguage\":\"en-US\",\"potentialAction\":[{\"@type\":\"ReadAction\",\"target\":[\"https:\\\/\\\/groupecoiff.com\\\/produit\\\/poste-de-coiffage-classic-i\\\/\"]}]},{\"@type\":\"ImageObject\",\"inLanguage\":\"en-US\",\"@id\":\"https:\\\/\\\/groupecoiff.com\\\/produit\\\/poste-de-coiffage-classic-i\\\/#primaryimage\",\"url\":\"https:\\\/\\\/groupecoiff.com\\\/wp-content\\\/uploads\\\/2025\\\/03\\\/Classic-I-2.webp\",\"contentUrl\":\"https:\\\/\\\/groupecoiff.com\\\/wp-content\\\/uploads\\\/2025\\\/03\\\/Classic-I-2.webp\",\"width\":600,\"height\":600,\"caption\":\"Poste de coiffage classic i - Poste de coiffage barbier classic i - Coiffeuse barbier classic i - Poste barbier classic i - Mobilier barbier professionnel\u00a0 -Mobilier pour salon de coiffure\"},{\"@type\":\"BreadcrumbList\",\"@id\":\"https:\\\/\\\/groupecoiff.com\\\/produit\\\/poste-de-coiffage-classic-i\\\/#breadcrumb\",\"itemListElement\":[{\"@type\":\"ListItem\",\"position\":1,\"name\":\"Accueil\",\"item\":\"https:\\\/\\\/groupecoiff.com\\\/\"},{\"@type\":\"ListItem\",\"position\":2,\"name\":\"Boutique\",\"item\":\"https:\\\/\\\/groupecoiff.com\\\/boutique\\\/\"},{\"@type\":\"ListItem\",\"position\":3,\"name\":\"Poste de Coiffage Classic I\"}]},{\"@type\":\"WebSite\",\"@id\":\"https:\\\/\\\/groupecoiff.com\\\/#website\",\"url\":\"https:\\\/\\\/groupecoiff.com\\\/\",\"name\":\"Groupe Coiff\",\"description\":\"Tout pour la coiffure\",\"publisher\":{\"@id\":\"https:\\\/\\\/groupecoiff.com\\\/#organization\"},\"potentialAction\":[{\"@type\":\"SearchAction\",\"target\":{\"@type\":\"EntryPoint\",\"urlTemplate\":\"https:\\\/\\\/groupecoiff.com\\\/?s={search_term_string}\"},\"query-input\":{\"@type\":\"PropertyValueSpecification\",\"valueRequired\":true,\"valueName\":\"search_term_string\"}}],\"inLanguage\":\"en-US\"},{\"@type\":\"Organization\",\"@id\":\"https:\\\/\\\/groupecoiff.com\\\/#organization\",\"name\":\"Groupe Coiff\",\"alternateName\":\"Groupe Coiff : Le Mobilier De Coiffure Haut de Gamme Pour Une \u00c9l\u00e9gance In\u00e9gal\u00e9e\",\"url\":\"https:\\\/\\\/groupecoiff.com\\\/\",\"logo\":{\"@type\":\"ImageObject\",\"inLanguage\":\"en-US\",\"@id\":\"https:\\\/\\\/groupecoiff.com\\\/#\\\/schema\\\/logo\\\/image\\\/\",\"url\":\"https:\\\/\\\/groupecoiff.com\\\/wp-content\\\/uploads\\\/2024\\\/01\\\/cropped-Groupe-Coiff-Logo.webp\",\"contentUrl\":\"https:\\\/\\\/groupecoiff.com\\\/wp-content\\\/uploads\\\/2024\\\/01\\\/cropped-Groupe-Coiff-Logo.webp\",\"width\":512,\"height\":512,\"caption\":\"Groupe Coiff\"},\"image\":{\"@id\":\"https:\\\/\\\/groupecoiff.com\\\/#\\\/schema\\\/logo\\\/image\\\/\"},\"sameAs\":[\"https:\\\/\\\/www.facebook.com\\\/GroupeCoiff\",\"https:\\\/\\\/x.com\\\/groupecoiff\",\"https:\\\/\\\/www.instagram.com\\\/groupecoiff\\\/\",\"https:\\\/\\\/www.tiktok.com\\\/@groupecoiff\",\"https:\\\/\\\/www.youtube.com\\\/@groupecoiff\",\"https:\\\/\\\/twitter.com\\\/groupecoiff\",\"https:\\\/\\\/www.leboncoin.fr\\\/boutique\\\/3961302\\\/groupe_coiff.htm\"],\"description\":\"D\u00e9couvrez le mobilier de coiffure haut de gamme de Groupe Coiff, alliant \u00e9l\u00e9gance et fonctionnalit\u00e9 pour sublimer votre salon et satisfaire vos clients.\",\"email\":\"contact@groupecoiff.com\",\"telephone\":\"0676951605\",\"legalName\":\"Groupe Coiff\",\"foundingDate\":\"2022-11-16\",\"vatID\":\"FR84921406419\",\"taxID\":\"92140641900025\"}]}<\/script>\n<meta property=\"product:price:amount\" content=\"1349.00\" \/>\n<meta property=\"product:price:currency\" content=\"EUR\" \/>\n<meta property=\"og:availability\" content=\"instock\" \/>\n<meta property=\"product:availability\" content=\"instock\" \/>\n<meta property=\"product:condition\" content=\"new\" \/>\n<!-- \/ Yoast SEO Premium plugin. -->","yoast_head_json":{"title":"Poste de Coiffage Classic I - Finitions Personnalisables Disponibles - Groupe Coiff","description":"Adoptez le Poste de Coiffage Classic I pour un salon organis\u00e9. B\u00e9n\u00e9ficiez d'un mobilier robuste et personnalisable qui impressionne vos clients.","robots":{"index":"index","follow":"follow","max-snippet":"max-snippet:-1","max-image-preview":"max-image-preview:large","max-video-preview":"max-video-preview:-1"},"canonical":"https:\/\/groupecoiff.com\/en\/product-2\/poste-de-coiffage-classic-i\/","og_locale":"en_US","og_type":"article","og_title":"Poste de Coiffage Classic I","og_description":"Adoptez le Poste de Coiffage Classic I pour un salon organis\u00e9. B\u00e9n\u00e9ficiez d'un mobilier robuste et personnalisable qui impressionne vos clients.","og_url":"https:\/\/groupecoiff.com\/en\/product-2\/poste-de-coiffage-classic-i\/","og_site_name":"Groupe Coiff","article_publisher":"https:\/\/www.facebook.com\/GroupeCoiff","article_modified_time":"2025-10-31T19:56:54+00:00","og_image":[{"width":600,"height":600,"url":"https:\/\/groupecoiff.com\/wp-content\/uploads\/2025\/03\/Classic-I-2.webp","type":"image\/webp"}],"twitter_card":"summary_large_image","twitter_site":"@groupecoiff","twitter_misc":{"Price":"1349,00&nbsp;&euro;","Availability":"In stock"},"schema":{"@context":"https:\/\/schema.org","@graph":[{"@type":"WebPage","@id":"https:\/\/groupecoiff.com\/produit\/poste-de-coiffage-classic-i\/","url":"https:\/\/groupecoiff.com\/produit\/poste-de-coiffage-classic-i\/","name":"Poste de Coiffage Classic I - Finitions Personnalisables Disponibles - Groupe Coiff","isPartOf":{"@id":"https:\/\/groupecoiff.com\/#website"},"primaryImageOfPage":{"@id":"https:\/\/groupecoiff.com\/produit\/poste-de-coiffage-classic-i\/#primaryimage"},"image":{"@id":"https:\/\/groupecoiff.com\/produit\/poste-de-coiffage-classic-i\/#primaryimage"},"thumbnailUrl":"https:\/\/groupecoiff.com\/wp-content\/uploads\/2025\/03\/Classic-I-2.webp","datePublished":"2025-03-08T08:06:25+00:00","dateModified":"2025-10-31T19:56:54+00:00","description":"Adoptez le Poste de Coiffage Classic I pour un salon organis\u00e9. B\u00e9n\u00e9ficiez d'un mobilier robuste et personnalisable qui impressionne vos clients.","breadcrumb":{"@id":"https:\/\/groupecoiff.com\/produit\/poste-de-coiffage-classic-i\/#breadcrumb"},"inLanguage":"en-US","potentialAction":[{"@type":"ReadAction","target":["https:\/\/groupecoiff.com\/produit\/poste-de-coiffage-classic-i\/"]}]},{"@type":"ImageObject","inLanguage":"en-US","@id":"https:\/\/groupecoiff.com\/produit\/poste-de-coiffage-classic-i\/#primaryimage","url":"https:\/\/groupecoiff.com\/wp-content\/uploads\/2025\/03\/Classic-I-2.webp","contentUrl":"https:\/\/groupecoiff.com\/wp-content\/uploads\/2025\/03\/Classic-I-2.webp","width":600,"height":600,"caption":"Poste de coiffage classic i - Poste de coiffage barbier classic i - Coiffeuse barbier classic i - Poste barbier classic i - Mobilier barbier professionnel\u00a0 -Mobilier pour salon de coiffure"},{"@type":"BreadcrumbList","@id":"https:\/\/groupecoiff.com\/produit\/poste-de-coiffage-classic-i\/#breadcrumb","itemListElement":[{"@type":"ListItem","position":1,"name":"Accueil","item":"https:\/\/groupecoiff.com\/"},{"@type":"ListItem","position":2,"name":"Boutique","item":"https:\/\/groupecoiff.com\/boutique\/"},{"@type":"ListItem","position":3,"name":"Poste de Coiffage Classic I"}]},{"@type":"WebSite","@id":"https:\/\/groupecoiff.com\/#website","url":"https:\/\/groupecoiff.com\/","name":"Coiff Group","description":"Everything for the hairdresser","publisher":{"@id":"https:\/\/groupecoiff.com\/#organization"},"potentialAction":[{"@type":"SearchAction","target":{"@type":"EntryPoint","urlTemplate":"https:\/\/groupecoiff.com\/?s={search_term_string}"},"query-input":{"@type":"PropertyValueSpecification","valueRequired":true,"valueName":"search_term_string"}}],"inLanguage":"en-US"},{"@type":"Organization","@id":"https:\/\/groupecoiff.com\/#organization","name":"Coiff Group","alternateName":"Groupe Coiff : Le Mobilier De Coiffure Haut de Gamme Pour Une \u00c9l\u00e9gance In\u00e9gal\u00e9e","url":"https:\/\/groupecoiff.com\/","logo":{"@type":"ImageObject","inLanguage":"en-US","@id":"https:\/\/groupecoiff.com\/#\/schema\/logo\/image\/","url":"https:\/\/groupecoiff.com\/wp-content\/uploads\/2024\/01\/cropped-Groupe-Coiff-Logo.webp","contentUrl":"https:\/\/groupecoiff.com\/wp-content\/uploads\/2024\/01\/cropped-Groupe-Coiff-Logo.webp","width":512,"height":512,"caption":"Groupe Coiff"},"image":{"@id":"https:\/\/groupecoiff.com\/#\/schema\/logo\/image\/"},"sameAs":["https:\/\/www.facebook.com\/GroupeCoiff","https:\/\/x.com\/groupecoiff","https:\/\/www.instagram.com\/groupecoiff\/","https:\/\/www.tiktok.com\/@groupecoiff","https:\/\/www.youtube.com\/@groupecoiff","https:\/\/twitter.com\/groupecoiff","https:\/\/www.leboncoin.fr\/boutique\/3961302\/groupe_coiff.htm"],"description":"Discover Groupe Coiff's top-of-the-range hairdressing furniture, combining elegance and functionality to enhance your salon and satisfy your customers.","email":"contact@groupecoiff.com","telephone":"0676951605","legalName":"Groupe Coiff","foundingDate":"2022-11-16","vatID":"FR84921406419","taxID":"92140641900025"}]},"product_price_amount":"1349.00","product_price_currency":"EUR","og_availability":"instock","product_availability":"instock","product_condition":"new"},"jetpack_publicize_connections":[],"jetpack_likes_enabled":true,"jetpack_sharing_enabled":true,"_links":{"self":[{"href":"https:\/\/groupecoiff.com\/en\/wp-json\/wp\/v2\/product\/39208","targetHints":{"allow":["GET"]}}],"collection":[{"href":"https:\/\/groupecoiff.com\/en\/wp-json\/wp\/v2\/product"}],"about":[{"href":"https:\/\/groupecoiff.com\/en\/wp-json\/wp\/v2\/types\/product"}],"replies":[{"embeddable":true,"href":"https:\/\/groupecoiff.com\/en\/wp-json\/wp\/v2\/comments?post=39208"}],"version-history":[{"count":0,"href":"https:\/\/groupecoiff.com\/en\/wp-json\/wp\/v2\/product\/39208\/revisions"}],"wp:featuredmedia":[{"embeddable":true,"href":"https:\/\/groupecoiff.com\/en\/wp-json\/wp\/v2\/media\/47269"}],"wp:attachment":[{"href":"https:\/\/groupecoiff.com\/en\/wp-json\/wp\/v2\/media?parent=39208"}],"wp:term":[{"taxonomy":"product_brand","embeddable":true,"href":"https:\/\/groupecoiff.com\/en\/wp-json\/wp\/v2\/product_brand?post=39208"},{"taxonomy":"product_cat","embeddable":true,"href":"https:\/\/groupecoiff.com\/en\/wp-json\/wp\/v2\/product_cat?post=39208"},{"taxonomy":"product_tag","embeddable":true,"href":"https:\/\/groupecoiff.com\/en\/wp-json\/wp\/v2\/product_tag?post=39208"}],"curies":[{"name":"wp","href":"https:\/\/api.w.org\/{rel}","templated":true}]}}