{"id":40863,"date":"2025-03-16T17:50:38","date_gmt":"2025-03-16T16:50:38","guid":{"rendered":"https:\/\/groupecoiff.com\/?post_type=product&#038;p=40863"},"modified":"2026-06-04T16:43:09","modified_gmt":"2026-06-04T14:43:09","slug":"shampoo-carpet-alba-sofa-3-seater","status":"publish","type":"product","link":"https:\/\/groupecoiff.com\/en\/produit\/bac-a-shampoing-alba-sofa-3-places\/","title":{"rendered":"ALBA SOFA 3 Seater Shampoo Unit"},"content":{"rendered":"<h3>Transform Your Living Room with the ALBA SOFA 3-Seater Shampoo Basin<\/h3>\n<p>Discover the ALBA SOFA 3-Seater Shampoo Unit, one of the most sought-after models in our range. Its modern design, combined with classic elegance, fits perfectly into any hair salon.<\/p>\n<h4><strong>Main Features<\/strong><\/h4>\n<ol>\n<li>Total Customization: 67 upholstery colors to choose from<\/li>\n<li>Ceramic Basin: Available in black or white<\/li>\n<li>Comfort Options: Electric leg rest and vibrating massage<\/li>\n<li>Elegant Faucets: Choice between silver or gold<\/li>\n<li>Solid Structure: Foam-padded wooden construction<\/li>\n<li>Multi-Post Versions: Available in SOFA configuration with 2, 3, or 4 wash tanks<\/li>\n<\/ol>\n<h4><strong>Dimensions:<\/strong><\/h4>\n<ol>\n<li>Height: 90 cm<\/li>\n<li>Height to armrest: 60 cm<\/li>\n<li>Width: 204 cm<\/li>\n<li>Depth: 123 cm<\/li>\n<li>Seat depth: 37 cm<\/li>\n<li>Seat width: 58 cm<\/li>\n<li>Height from seat to top of backrest: 40 cm<\/li>\n<\/ol>\n<h4><strong>One<\/strong> Furniture<strong> Professional Hairdressing<\/strong><\/h4>\n<p>The ALBA SOFA wash basin is not just functional. It also adds an aesthetic touch to your space. Ideal for hair salons, it ensures optimal comfort for your clients.<\/p>\n<h4><strong>Options and Manufacturing Time<\/strong><\/h4>\n<p>The professional shampoo bowl is available by special order only. You can choose your custom configuration, including the multi-station version. The manufacturing lead time is estimated between 3 to 5 weeks.<\/p>\n<h4><strong>Precautions for Use<\/strong><\/h4>\n<p>Please note, the gold finish on the faucet is delicate. To extend its lifespan, clean it with a soft cloth only.<\/p>\n<p>Invest in the ALBA SOFA wash basin to offer a quality experience to your customers. Transform your salon with this professional hairdressing furniture!<\/p>","protected":false},"excerpt":{"rendered":"<p>Explore the ALBA SOFA 3 Seater Shampoo Bowl. It offers a solid structure and luxurious options for superior service!<\/p>","protected":false},"featured_media":52470,"comment_status":"open","ping_status":"closed","template":"","meta":{"googlesitekit_rrm_CAow0YCiDA:productID":"","jetpack_publicize_message":"","jetpack_publicize_feature_enabled":true,"jetpack_social_post_already_shared":true,"jetpack_social_options":{"image_generator_settings":{"template":"highway","default_image_id":0,"font":"","enabled":false},"version":2}},"product_brand":[594],"product_cat":[44,313],"product_tag":[323,322,324,125],"class_list":["post-40863","product","type-product","status-publish","has-post-thumbnail","product_brand-mila","product_cat-bac-de-lavage","product_cat-meuble-de-coiffure","product_tag-bac-a-shampoing","product_tag-bac-de-lavage","product_tag-meuble-de-coiffure-professionnel","product_tag-salon-de-coiffure","first","instock","sale","taxable","shipping-taxable","purchasable","product-type-simple"],"yoast_head":"<!-- This site is optimized with the Yoast SEO Premium plugin v28.4 (Yoast SEO v28.4) - https:\/\/yoast.com\/product\/yoast-seo-premium-wordpress\/ -->\n<title>Bac \u00e0 shampoing ALBA SOFA 3 Places Design Moderne et Confort - Groupe Coiff<\/title>\n<meta name=\"description\" content=\"Transformez votre salon avec le Bac \u00e0 shampoing ALBA SOFA 3 Places. Optez pour un confort ultime avec repose-jambes et massage vibrant ! \u2728\" \/>\n<meta name=\"robots\" content=\"index, follow, max-snippet:-1, max-image-preview:large, max-video-preview:-1\" \/>\n<link rel=\"canonical\" href=\"https:\/\/groupecoiff.com\/en\/product-2\/shampoo-carpet-alba-sofa-3-seater\/\" \/>\n<meta property=\"og:locale\" content=\"en_US\" \/>\n<meta property=\"og:type\" content=\"article\" \/>\n<meta property=\"og:title\" content=\"Bac \u00e0 shampoing ALBA SOFA 3 Places\" \/>\n<meta property=\"og:description\" content=\"Transformez votre salon avec le Bac \u00e0 shampoing ALBA SOFA 3 Places. Optez pour un confort ultime avec repose-jambes et massage vibrant ! \u2728\" \/>\n<meta property=\"og:url\" content=\"https:\/\/groupecoiff.com\/en\/product-2\/shampoo-carpet-alba-sofa-3-seater\/\" \/>\n<meta property=\"og:site_name\" content=\"Groupe Coiff\" \/>\n<meta property=\"article:publisher\" content=\"https:\/\/www.facebook.com\/GroupeCoiff\" \/>\n<meta property=\"article:modified_time\" content=\"2026-06-04T14:43:09+00:00\" \/>\n<meta property=\"og:image\" content=\"https:\/\/groupecoiff.com\/wp-content\/uploads\/2025\/03\/bac-alba-sofa-3p.jpg\" \/>\n\t<meta property=\"og:image:width\" content=\"650\" \/>\n\t<meta property=\"og:image:height\" content=\"650\" \/>\n\t<meta property=\"og:image:type\" content=\"image\/jpeg\" \/>\n<meta name=\"twitter:card\" content=\"summary_large_image\" \/>\n<meta name=\"twitter:site\" content=\"@groupecoiff\" \/>\n<meta name=\"twitter:label1\" content=\"Price\" \/>\n\t<meta name=\"twitter:data1\" content=\"3135,00&nbsp;&euro;\" \/>\n\t<meta name=\"twitter:label2\" content=\"Availability\" \/>\n\t<meta name=\"twitter:data2\" content=\"In stock\" \/>\n<script type=\"application\/ld+json\" class=\"yoast-schema-graph\">{\"@context\":\"https:\\\/\\\/schema.org\",\"@graph\":[{\"@type\":\"WebPage\",\"@id\":\"https:\\\/\\\/groupecoiff.com\\\/produit\\\/bac-a-shampoing-alba-sofa-3-places\\\/\",\"url\":\"https:\\\/\\\/groupecoiff.com\\\/produit\\\/bac-a-shampoing-alba-sofa-3-places\\\/\",\"name\":\"Bac \u00e0 shampoing ALBA SOFA 3 Places Design Moderne et Confort - Groupe Coiff\",\"isPartOf\":{\"@id\":\"https:\\\/\\\/groupecoiff.com\\\/#website\"},\"primaryImageOfPage\":{\"@id\":\"https:\\\/\\\/groupecoiff.com\\\/produit\\\/bac-a-shampoing-alba-sofa-3-places\\\/#primaryimage\"},\"image\":{\"@id\":\"https:\\\/\\\/groupecoiff.com\\\/produit\\\/bac-a-shampoing-alba-sofa-3-places\\\/#primaryimage\"},\"thumbnailUrl\":\"https:\\\/\\\/groupecoiff.com\\\/wp-content\\\/uploads\\\/2025\\\/03\\\/bac-alba-sofa-3p.jpg\",\"datePublished\":\"2025-03-16T16:50:38+00:00\",\"dateModified\":\"2026-06-04T14:43:09+00:00\",\"description\":\"Transformez votre salon avec le Bac \u00e0 shampoing ALBA SOFA 3 Places. Optez pour un confort ultime avec repose-jambes et massage vibrant ! \u2728\",\"breadcrumb\":{\"@id\":\"https:\\\/\\\/groupecoiff.com\\\/produit\\\/bac-a-shampoing-alba-sofa-3-places\\\/#breadcrumb\"},\"inLanguage\":\"en-US\",\"potentialAction\":[{\"@type\":\"ReadAction\",\"target\":[\"https:\\\/\\\/groupecoiff.com\\\/produit\\\/bac-a-shampoing-alba-sofa-3-places\\\/\"]}]},{\"@type\":\"ImageObject\",\"inLanguage\":\"en-US\",\"@id\":\"https:\\\/\\\/groupecoiff.com\\\/produit\\\/bac-a-shampoing-alba-sofa-3-places\\\/#primaryimage\",\"url\":\"https:\\\/\\\/groupecoiff.com\\\/wp-content\\\/uploads\\\/2025\\\/03\\\/bac-alba-sofa-3p.jpg\",\"contentUrl\":\"https:\\\/\\\/groupecoiff.com\\\/wp-content\\\/uploads\\\/2025\\\/03\\\/bac-alba-sofa-3p.jpg\",\"width\":650,\"height\":650,\"caption\":\"Alba Sofa 3 Places - groupe coiff\"},{\"@type\":\"BreadcrumbList\",\"@id\":\"https:\\\/\\\/groupecoiff.com\\\/produit\\\/bac-a-shampoing-alba-sofa-3-places\\\/#breadcrumb\",\"itemListElement\":[{\"@type\":\"ListItem\",\"position\":1,\"name\":\"Accueil\",\"item\":\"https:\\\/\\\/groupecoiff.com\\\/\"},{\"@type\":\"ListItem\",\"position\":2,\"name\":\"Boutique\",\"item\":\"https:\\\/\\\/groupecoiff.com\\\/boutique\\\/\"},{\"@type\":\"ListItem\",\"position\":3,\"name\":\"Bac \u00e0 shampoing ALBA SOFA 3 Places\"}]},{\"@type\":\"WebSite\",\"@id\":\"https:\\\/\\\/groupecoiff.com\\\/#website\",\"url\":\"https:\\\/\\\/groupecoiff.com\\\/\",\"name\":\"Groupe Coiff\",\"description\":\"Tout pour la coiffure\",\"publisher\":{\"@id\":\"https:\\\/\\\/groupecoiff.com\\\/#organization\"},\"potentialAction\":[{\"@type\":\"SearchAction\",\"target\":{\"@type\":\"EntryPoint\",\"urlTemplate\":\"https:\\\/\\\/groupecoiff.com\\\/?s={search_term_string}\"},\"query-input\":{\"@type\":\"PropertyValueSpecification\",\"valueRequired\":true,\"valueName\":\"search_term_string\"}}],\"inLanguage\":\"en-US\"},{\"@type\":\"Organization\",\"@id\":\"https:\\\/\\\/groupecoiff.com\\\/#organization\",\"name\":\"Groupe Coiff\",\"alternateName\":\"Groupe Coiff : Le Mobilier De Coiffure Haut de Gamme Pour Une \u00c9l\u00e9gance In\u00e9gal\u00e9e\",\"url\":\"https:\\\/\\\/groupecoiff.com\\\/\",\"logo\":{\"@type\":\"ImageObject\",\"inLanguage\":\"en-US\",\"@id\":\"https:\\\/\\\/groupecoiff.com\\\/#\\\/schema\\\/logo\\\/image\\\/\",\"url\":\"https:\\\/\\\/groupecoiff.com\\\/wp-content\\\/uploads\\\/2024\\\/01\\\/cropped-Groupe-Coiff-Logo.webp\",\"contentUrl\":\"https:\\\/\\\/groupecoiff.com\\\/wp-content\\\/uploads\\\/2024\\\/01\\\/cropped-Groupe-Coiff-Logo.webp\",\"width\":512,\"height\":512,\"caption\":\"Groupe Coiff\"},\"image\":{\"@id\":\"https:\\\/\\\/groupecoiff.com\\\/#\\\/schema\\\/logo\\\/image\\\/\"},\"sameAs\":[\"https:\\\/\\\/www.facebook.com\\\/GroupeCoiff\",\"https:\\\/\\\/x.com\\\/groupecoiff\",\"https:\\\/\\\/www.instagram.com\\\/groupecoiff\\\/\",\"https:\\\/\\\/www.tiktok.com\\\/@groupecoiff\",\"https:\\\/\\\/www.youtube.com\\\/@groupecoiff\",\"https:\\\/\\\/twitter.com\\\/groupecoiff\",\"https:\\\/\\\/www.leboncoin.fr\\\/boutique\\\/3961302\\\/groupe_coiff.htm\"],\"description\":\"D\u00e9couvrez le mobilier de coiffure haut de gamme de Groupe Coiff, alliant \u00e9l\u00e9gance et fonctionnalit\u00e9 pour sublimer votre salon et satisfaire vos clients.\",\"email\":\"contact@groupecoiff.com\",\"telephone\":\"0676951605\",\"legalName\":\"Groupe Coiff\",\"foundingDate\":\"2022-11-16\",\"vatID\":\"FR84921406419\",\"taxID\":\"92140641900025\"}]}<\/script>\n<meta property=\"product:price:amount\" content=\"3135.00\" \/>\n<meta property=\"product:price:currency\" content=\"EUR\" \/>\n<meta property=\"og:availability\" content=\"instock\" \/>\n<meta property=\"product:availability\" content=\"instock\" \/>\n<meta property=\"product:condition\" content=\"new\" \/>\n<!-- \/ Yoast SEO Premium plugin. -->","yoast_head_json":{"title":"Shampoo Basin ALBA SOFA 3 Seater Modern Design and Comfort - Groupe Coiff","description":"Transform your living room with the ALBA SOFA 3-Seater Shampoo Bowl. Opt for ultimate comfort with leg rests and vibration massage! \u2728","robots":{"index":"index","follow":"follow","max-snippet":"max-snippet:-1","max-image-preview":"max-image-preview:large","max-video-preview":"max-video-preview:-1"},"canonical":"https:\/\/groupecoiff.com\/en\/product-2\/shampoo-carpet-alba-sofa-3-seater\/","og_locale":"en_US","og_type":"article","og_title":"Bac \u00e0 shampoing ALBA SOFA 3 Places","og_description":"Transformez votre salon avec le Bac \u00e0 shampoing ALBA SOFA 3 Places. Optez pour un confort ultime avec repose-jambes et massage vibrant ! \u2728","og_url":"https:\/\/groupecoiff.com\/en\/product-2\/shampoo-carpet-alba-sofa-3-seater\/","og_site_name":"Groupe Coiff","article_publisher":"https:\/\/www.facebook.com\/GroupeCoiff","article_modified_time":"2026-06-04T14:43:09+00:00","og_image":[{"width":650,"height":650,"url":"https:\/\/groupecoiff.com\/wp-content\/uploads\/2025\/03\/bac-alba-sofa-3p.jpg","type":"image\/jpeg"}],"twitter_card":"summary_large_image","twitter_site":"@groupecoiff","twitter_misc":{"Price":"3135,00&nbsp;&euro;","Availability":"In stock"},"schema":{"@context":"https:\/\/schema.org","@graph":[{"@type":"WebPage","@id":"https:\/\/groupecoiff.com\/produit\/bac-a-shampoing-alba-sofa-3-places\/","url":"https:\/\/groupecoiff.com\/produit\/bac-a-shampoing-alba-sofa-3-places\/","name":"Shampoo Basin ALBA SOFA 3 Seater Modern Design and Comfort - Groupe Coiff","isPartOf":{"@id":"https:\/\/groupecoiff.com\/#website"},"primaryImageOfPage":{"@id":"https:\/\/groupecoiff.com\/produit\/bac-a-shampoing-alba-sofa-3-places\/#primaryimage"},"image":{"@id":"https:\/\/groupecoiff.com\/produit\/bac-a-shampoing-alba-sofa-3-places\/#primaryimage"},"thumbnailUrl":"https:\/\/groupecoiff.com\/wp-content\/uploads\/2025\/03\/bac-alba-sofa-3p.jpg","datePublished":"2025-03-16T16:50:38+00:00","dateModified":"2026-06-04T14:43:09+00:00","description":"Transform your living room with the ALBA SOFA 3-Seater Shampoo Bowl. Opt for ultimate comfort with leg rests and vibration massage! \u2728","breadcrumb":{"@id":"https:\/\/groupecoiff.com\/produit\/bac-a-shampoing-alba-sofa-3-places\/#breadcrumb"},"inLanguage":"en-US","potentialAction":[{"@type":"ReadAction","target":["https:\/\/groupecoiff.com\/produit\/bac-a-shampoing-alba-sofa-3-places\/"]}]},{"@type":"ImageObject","inLanguage":"en-US","@id":"https:\/\/groupecoiff.com\/produit\/bac-a-shampoing-alba-sofa-3-places\/#primaryimage","url":"https:\/\/groupecoiff.com\/wp-content\/uploads\/2025\/03\/bac-alba-sofa-3p.jpg","contentUrl":"https:\/\/groupecoiff.com\/wp-content\/uploads\/2025\/03\/bac-alba-sofa-3p.jpg","width":650,"height":650,"caption":"Alba Sofa 3 Places - groupe coiff"},{"@type":"BreadcrumbList","@id":"https:\/\/groupecoiff.com\/produit\/bac-a-shampoing-alba-sofa-3-places\/#breadcrumb","itemListElement":[{"@type":"ListItem","position":1,"name":"Accueil","item":"https:\/\/groupecoiff.com\/"},{"@type":"ListItem","position":2,"name":"Boutique","item":"https:\/\/groupecoiff.com\/boutique\/"},{"@type":"ListItem","position":3,"name":"Bac \u00e0 shampoing ALBA SOFA 3 Places"}]},{"@type":"WebSite","@id":"https:\/\/groupecoiff.com\/#website","url":"https:\/\/groupecoiff.com\/","name":"Coiff Group","description":"Everything for the hairdresser","publisher":{"@id":"https:\/\/groupecoiff.com\/#organization"},"potentialAction":[{"@type":"SearchAction","target":{"@type":"EntryPoint","urlTemplate":"https:\/\/groupecoiff.com\/?s={search_term_string}"},"query-input":{"@type":"PropertyValueSpecification","valueRequired":true,"valueName":"search_term_string"}}],"inLanguage":"en-US"},{"@type":"Organization","@id":"https:\/\/groupecoiff.com\/#organization","name":"Coiff Group","alternateName":"Groupe Coiff : Le Mobilier De Coiffure Haut de Gamme Pour Une \u00c9l\u00e9gance In\u00e9gal\u00e9e","url":"https:\/\/groupecoiff.com\/","logo":{"@type":"ImageObject","inLanguage":"en-US","@id":"https:\/\/groupecoiff.com\/#\/schema\/logo\/image\/","url":"https:\/\/groupecoiff.com\/wp-content\/uploads\/2024\/01\/cropped-Groupe-Coiff-Logo.webp","contentUrl":"https:\/\/groupecoiff.com\/wp-content\/uploads\/2024\/01\/cropped-Groupe-Coiff-Logo.webp","width":512,"height":512,"caption":"Groupe Coiff"},"image":{"@id":"https:\/\/groupecoiff.com\/#\/schema\/logo\/image\/"},"sameAs":["https:\/\/www.facebook.com\/GroupeCoiff","https:\/\/x.com\/groupecoiff","https:\/\/www.instagram.com\/groupecoiff\/","https:\/\/www.tiktok.com\/@groupecoiff","https:\/\/www.youtube.com\/@groupecoiff","https:\/\/twitter.com\/groupecoiff","https:\/\/www.leboncoin.fr\/boutique\/3961302\/groupe_coiff.htm"],"description":"Discover Groupe Coiff's top-of-the-range hairdressing furniture, combining elegance and functionality to enhance your salon and satisfy your customers.","email":"contact@groupecoiff.com","telephone":"0676951605","legalName":"Groupe Coiff","foundingDate":"2022-11-16","vatID":"FR84921406419","taxID":"92140641900025"}]},"product_price_amount":"3135.00","product_price_currency":"EUR","og_availability":"instock","product_availability":"instock","product_condition":"new"},"jetpack_publicize_connections":[],"jetpack_likes_enabled":true,"jetpack_sharing_enabled":true,"_links":{"self":[{"href":"https:\/\/groupecoiff.com\/en\/wp-json\/wp\/v2\/product\/40863","targetHints":{"allow":["GET"]}}],"collection":[{"href":"https:\/\/groupecoiff.com\/en\/wp-json\/wp\/v2\/product"}],"about":[{"href":"https:\/\/groupecoiff.com\/en\/wp-json\/wp\/v2\/types\/product"}],"replies":[{"embeddable":true,"href":"https:\/\/groupecoiff.com\/en\/wp-json\/wp\/v2\/comments?post=40863"}],"version-history":[{"count":3,"href":"https:\/\/groupecoiff.com\/en\/wp-json\/wp\/v2\/product\/40863\/revisions"}],"predecessor-version":[{"id":53924,"href":"https:\/\/groupecoiff.com\/en\/wp-json\/wp\/v2\/product\/40863\/revisions\/53924"}],"wp:featuredmedia":[{"embeddable":true,"href":"https:\/\/groupecoiff.com\/en\/wp-json\/wp\/v2\/media\/52470"}],"wp:attachment":[{"href":"https:\/\/groupecoiff.com\/en\/wp-json\/wp\/v2\/media?parent=40863"}],"wp:term":[{"taxonomy":"product_brand","embeddable":true,"href":"https:\/\/groupecoiff.com\/en\/wp-json\/wp\/v2\/product_brand?post=40863"},{"taxonomy":"product_cat","embeddable":true,"href":"https:\/\/groupecoiff.com\/en\/wp-json\/wp\/v2\/product_cat?post=40863"},{"taxonomy":"product_tag","embeddable":true,"href":"https:\/\/groupecoiff.com\/en\/wp-json\/wp\/v2\/product_tag?post=40863"}],"curies":[{"name":"wp","href":"https:\/\/api.w.org\/{rel}","templated":true}]}}