{"id":41564,"date":"2025-04-11T19:47:22","date_gmt":"2025-04-11T17:47:22","guid":{"rendered":"https:\/\/groupecoiff.com\/?post_type=product&#038;p=41564"},"modified":"2025-08-08T18:06:26","modified_gmt":"2025-08-08T16:06:26","slug":"fauteuil-de-soins-esthetique-soft-1-moteur-gray","status":"publish","type":"product","link":"https:\/\/groupecoiff.com\/en\/produit\/fauteuil-de-soins-esthetique-soft-1-moteur-gray\/","title":{"rendered":"Fauteuil de soins esth\u00e9tique SOFT 1 Moteur GRAY"},"content":{"rendered":"<ul>\n<li>\n<h4>SOFT 1 Motor Beauty Chair: Comfort and Precision<\/h4>\n<\/li>\n<\/ul>\n<p>Discover the SOFT 1 Motor WHITE beauty care chair, the perfect choice for beauty professionals. This professional beauty chair offers unrivalled comfort and stability.<\/p>\n<ul>\n<li><strong>Extreme comfort and adjustability<\/strong><\/li>\n<\/ul>\n<p>Cette chaise esth\u00e9tique est \u00e9quip\u00e9e d&rsquo;un moteur \u00e9lectrique, permettant d&rsquo;ajuster facilement la position. Le dossier et le repose-pieds se r\u00e8glent manuellement pour une flexibilit\u00e9 suppl\u00e9mentaire.<\/p>\n<ul>\n<li><strong>Practical and elegant design<\/strong><\/li>\n<\/ul>\n<p>Removable armrests: easy to adjust as needed.<br \/>\nRev\u00eatement en \u00e9co-cuir gris: Doux au toucher et facile \u00e0 nettoyer.<br \/>\nSynthetic leather: Provides a pleasant yet durable feel.<\/p>\n<ul>\n<li><strong>Precise dimensions<\/strong><\/li>\n<\/ul>\n<p>Backrest length: 61 cm<br \/>\nSeat length: 53 cm<br \/>\nFootrest length: 60 cm<br \/>\nTotal width: 58 cm<br \/>\nAdjustable height: 62 to 88 cm<\/p>\n<ul>\n<li><strong>High-End Aesthetic Furniture<\/strong><\/li>\n<\/ul>\n<p>This professional beauty furniture is ideal for any beauty salon looking for quality and functionality. Its sturdy construction ensures a long service life.<\/p>","protected":false},"excerpt":{"rendered":"<p>Le Fauteuil de soins esth\u00e9tique SOFT 1 Moteur GRAY est parfait pour tous les professionnels de la beaut\u00e9. Profitez d&rsquo;une qualit\u00e9 haut de gamme et d&rsquo;un confort exceptionnel!<\/p>","protected":false},"featured_media":41569,"comment_status":"open","ping_status":"closed","template":"","meta":{"googlesitekit_rrm_CAow0YCiDA:productID":"","jetpack_post_was_ever_published":false,"jetpack_publicize_message":"","jetpack_publicize_feature_enabled":true,"jetpack_social_post_already_shared":true,"jetpack_social_options":{"image_generator_settings":{"template":"highway","default_image_id":0,"font":"","enabled":false},"version":2}},"product_brand":[],"product_cat":[486,61],"product_tag":[528,329,368],"class_list":{"0":"post-41564","1":"product","2":"type-product","3":"status-publish","4":"has-post-thumbnail","6":"product_cat-fauteuil-de-soins-esthetique","7":"product_cat-mobilier-esthetique","8":"product_tag-fauteuil-de-soins-esthetique","9":"product_tag-fauteuil-esthetique","10":"product_tag-mobilier-esthetique-professionnel","12":"first","13":"instock","14":"taxable","15":"shipping-taxable","16":"purchasable","17":"product-type-simple"},"yoast_head":"<!-- This site is optimized with the Yoast SEO Premium plugin v27.4 (Yoast SEO v27.4) - https:\/\/yoast.com\/product\/yoast-seo-premium-wordpress\/ -->\n<title>Fauteuil de soins esth\u00e9tique SOFT 1 Moteur GRAY design \u00e9l\u00e9gant - Groupe Coiff<\/title>\n<meta name=\"description\" content=\"D\u00e9couvrez le Fauteuil de soins esth\u00e9tique SOFT 1 Moteur GRAY, alliant confort et durabilit\u00e9! Faites le choix de l&#039;excellence pour vos soins esth\u00e9tiques.\" \/>\n<meta name=\"robots\" content=\"index, follow, max-snippet:-1, max-image-preview:large, max-video-preview:-1\" \/>\n<link rel=\"canonical\" href=\"https:\/\/groupecoiff.com\/en\/product-2\/fauteuil-de-soins-esthetique-soft-1-moteur-gray\/\" \/>\n<meta property=\"og:locale\" content=\"en_US\" \/>\n<meta property=\"og:type\" content=\"article\" \/>\n<meta property=\"og:title\" content=\"Fauteuil de soins esth\u00e9tique SOFT 1 Moteur GRAY\" \/>\n<meta property=\"og:description\" content=\"D\u00e9couvrez le Fauteuil de soins esth\u00e9tique SOFT 1 Moteur GRAY, alliant confort et durabilit\u00e9! Faites le choix de l&#039;excellence pour vos soins esth\u00e9tiques.\" \/>\n<meta property=\"og:url\" content=\"https:\/\/groupecoiff.com\/en\/product-2\/fauteuil-de-soins-esthetique-soft-1-moteur-gray\/\" \/>\n<meta property=\"og:site_name\" content=\"Groupe Coiff\" \/>\n<meta property=\"article:publisher\" content=\"https:\/\/www.facebook.com\/GroupeCoiff\" \/>\n<meta property=\"article:modified_time\" content=\"2025-08-08T16:06:26+00:00\" \/>\n<meta property=\"og:image\" content=\"https:\/\/groupecoiff.com\/wp-content\/uploads\/2025\/04\/Fauteuil-de-soins-esthetique-SOFT-1-Moteur-GRAY-3.webp\" \/>\n\t<meta property=\"og:image:width\" content=\"1080\" \/>\n\t<meta property=\"og:image:height\" content=\"1080\" \/>\n\t<meta property=\"og:image:type\" content=\"image\/webp\" \/>\n<meta name=\"twitter:card\" content=\"summary_large_image\" \/>\n<meta name=\"twitter:site\" content=\"@groupecoiff\" \/>\n<meta name=\"twitter:label1\" content=\"Price\" \/>\n\t<meta name=\"twitter:data1\" content=\"799,00&nbsp;&euro;\" \/>\n\t<meta name=\"twitter:label2\" content=\"Availability\" \/>\n\t<meta name=\"twitter:data2\" content=\"In stock\" \/>\n<script type=\"application\/ld+json\" class=\"yoast-schema-graph\">{\"@context\":\"https:\\\/\\\/schema.org\",\"@graph\":[{\"@type\":\"WebPage\",\"@id\":\"https:\\\/\\\/groupecoiff.com\\\/produit\\\/fauteuil-de-soins-esthetique-soft-1-moteur-gray\\\/\",\"url\":\"https:\\\/\\\/groupecoiff.com\\\/produit\\\/fauteuil-de-soins-esthetique-soft-1-moteur-gray\\\/\",\"name\":\"Fauteuil de soins esth\u00e9tique SOFT 1 Moteur GRAY design \u00e9l\u00e9gant - Groupe Coiff\",\"isPartOf\":{\"@id\":\"https:\\\/\\\/groupecoiff.com\\\/#website\"},\"primaryImageOfPage\":{\"@id\":\"https:\\\/\\\/groupecoiff.com\\\/produit\\\/fauteuil-de-soins-esthetique-soft-1-moteur-gray\\\/#primaryimage\"},\"image\":{\"@id\":\"https:\\\/\\\/groupecoiff.com\\\/produit\\\/fauteuil-de-soins-esthetique-soft-1-moteur-gray\\\/#primaryimage\"},\"thumbnailUrl\":\"https:\\\/\\\/groupecoiff.com\\\/wp-content\\\/uploads\\\/2025\\\/04\\\/Fauteuil-de-soins-esthetique-SOFT-1-Moteur-GRAY-3.webp\",\"datePublished\":\"2025-04-11T17:47:22+00:00\",\"dateModified\":\"2025-08-08T16:06:26+00:00\",\"description\":\"D\u00e9couvrez le Fauteuil de soins esth\u00e9tique SOFT 1 Moteur GRAY, alliant confort et durabilit\u00e9! Faites le choix de l'excellence pour vos soins esth\u00e9tiques.\",\"breadcrumb\":{\"@id\":\"https:\\\/\\\/groupecoiff.com\\\/produit\\\/fauteuil-de-soins-esthetique-soft-1-moteur-gray\\\/#breadcrumb\"},\"inLanguage\":\"en-US\",\"potentialAction\":[{\"@type\":\"ReadAction\",\"target\":[\"https:\\\/\\\/groupecoiff.com\\\/produit\\\/fauteuil-de-soins-esthetique-soft-1-moteur-gray\\\/\"]}]},{\"@type\":\"ImageObject\",\"inLanguage\":\"en-US\",\"@id\":\"https:\\\/\\\/groupecoiff.com\\\/produit\\\/fauteuil-de-soins-esthetique-soft-1-moteur-gray\\\/#primaryimage\",\"url\":\"https:\\\/\\\/groupecoiff.com\\\/wp-content\\\/uploads\\\/2025\\\/04\\\/Fauteuil-de-soins-esthetique-SOFT-1-Moteur-GRAY-3.webp\",\"contentUrl\":\"https:\\\/\\\/groupecoiff.com\\\/wp-content\\\/uploads\\\/2025\\\/04\\\/Fauteuil-de-soins-esthetique-SOFT-1-Moteur-GRAY-3.webp\",\"width\":1080,\"height\":1080,\"caption\":\"Fauteuil de soins esth\u00e9tique soft 1 moteur gray (3)\"},{\"@type\":\"BreadcrumbList\",\"@id\":\"https:\\\/\\\/groupecoiff.com\\\/produit\\\/fauteuil-de-soins-esthetique-soft-1-moteur-gray\\\/#breadcrumb\",\"itemListElement\":[{\"@type\":\"ListItem\",\"position\":1,\"name\":\"Accueil\",\"item\":\"https:\\\/\\\/groupecoiff.com\\\/\"},{\"@type\":\"ListItem\",\"position\":2,\"name\":\"Boutique\",\"item\":\"https:\\\/\\\/groupecoiff.com\\\/boutique\\\/\"},{\"@type\":\"ListItem\",\"position\":3,\"name\":\"Fauteuil de soins esth\u00e9tique SOFT 1 Moteur GRAY\"}]},{\"@type\":\"WebSite\",\"@id\":\"https:\\\/\\\/groupecoiff.com\\\/#website\",\"url\":\"https:\\\/\\\/groupecoiff.com\\\/\",\"name\":\"Groupe Coiff\",\"description\":\"Tout pour la coiffure\",\"publisher\":{\"@id\":\"https:\\\/\\\/groupecoiff.com\\\/#organization\"},\"potentialAction\":[{\"@type\":\"SearchAction\",\"target\":{\"@type\":\"EntryPoint\",\"urlTemplate\":\"https:\\\/\\\/groupecoiff.com\\\/?s={search_term_string}\"},\"query-input\":{\"@type\":\"PropertyValueSpecification\",\"valueRequired\":true,\"valueName\":\"search_term_string\"}}],\"inLanguage\":\"en-US\"},{\"@type\":\"Organization\",\"@id\":\"https:\\\/\\\/groupecoiff.com\\\/#organization\",\"name\":\"Groupe Coiff\",\"alternateName\":\"Groupe Coiff : Le Mobilier De Coiffure Haut de Gamme Pour Une \u00c9l\u00e9gance In\u00e9gal\u00e9e\",\"url\":\"https:\\\/\\\/groupecoiff.com\\\/\",\"logo\":{\"@type\":\"ImageObject\",\"inLanguage\":\"en-US\",\"@id\":\"https:\\\/\\\/groupecoiff.com\\\/#\\\/schema\\\/logo\\\/image\\\/\",\"url\":\"https:\\\/\\\/groupecoiff.com\\\/wp-content\\\/uploads\\\/2024\\\/01\\\/cropped-Groupe-Coiff-Logo.webp\",\"contentUrl\":\"https:\\\/\\\/groupecoiff.com\\\/wp-content\\\/uploads\\\/2024\\\/01\\\/cropped-Groupe-Coiff-Logo.webp\",\"width\":512,\"height\":512,\"caption\":\"Groupe Coiff\"},\"image\":{\"@id\":\"https:\\\/\\\/groupecoiff.com\\\/#\\\/schema\\\/logo\\\/image\\\/\"},\"sameAs\":[\"https:\\\/\\\/www.facebook.com\\\/GroupeCoiff\",\"https:\\\/\\\/x.com\\\/groupecoiff\",\"https:\\\/\\\/www.instagram.com\\\/groupecoiff\\\/\",\"https:\\\/\\\/www.tiktok.com\\\/@groupecoiff\",\"https:\\\/\\\/www.youtube.com\\\/@groupecoiff\",\"https:\\\/\\\/twitter.com\\\/groupecoiff\",\"https:\\\/\\\/www.leboncoin.fr\\\/boutique\\\/3961302\\\/groupe_coiff.htm\"],\"description\":\"D\u00e9couvrez le mobilier de coiffure haut de gamme de Groupe Coiff, alliant \u00e9l\u00e9gance et fonctionnalit\u00e9 pour sublimer votre salon et satisfaire vos clients.\",\"email\":\"contact@groupecoiff.com\",\"telephone\":\"0676951605\",\"legalName\":\"Groupe Coiff\",\"foundingDate\":\"2022-11-16\",\"vatID\":\"FR84921406419\",\"taxID\":\"92140641900025\"}]}<\/script>\n<meta property=\"product:price:amount\" content=\"799.00\" \/>\n<meta property=\"product:price:currency\" content=\"EUR\" \/>\n<meta property=\"og:availability\" content=\"instock\" \/>\n<meta property=\"product:availability\" content=\"instock\" \/>\n<meta property=\"product:condition\" content=\"new\" \/>\n<!-- \/ Yoast SEO Premium plugin. -->","yoast_head_json":{"title":"Fauteuil de soins esth\u00e9tique SOFT 1 Moteur GRAY design \u00e9l\u00e9gant - Groupe Coiff","description":"D\u00e9couvrez le Fauteuil de soins esth\u00e9tique SOFT 1 Moteur GRAY, alliant confort et durabilit\u00e9! Faites le choix de l'excellence pour vos soins esth\u00e9tiques.","robots":{"index":"index","follow":"follow","max-snippet":"max-snippet:-1","max-image-preview":"max-image-preview:large","max-video-preview":"max-video-preview:-1"},"canonical":"https:\/\/groupecoiff.com\/en\/product-2\/fauteuil-de-soins-esthetique-soft-1-moteur-gray\/","og_locale":"en_US","og_type":"article","og_title":"Fauteuil de soins esth\u00e9tique SOFT 1 Moteur GRAY","og_description":"D\u00e9couvrez le Fauteuil de soins esth\u00e9tique SOFT 1 Moteur GRAY, alliant confort et durabilit\u00e9! Faites le choix de l'excellence pour vos soins esth\u00e9tiques.","og_url":"https:\/\/groupecoiff.com\/en\/product-2\/fauteuil-de-soins-esthetique-soft-1-moteur-gray\/","og_site_name":"Groupe Coiff","article_publisher":"https:\/\/www.facebook.com\/GroupeCoiff","article_modified_time":"2025-08-08T16:06:26+00:00","og_image":[{"width":1080,"height":1080,"url":"https:\/\/groupecoiff.com\/wp-content\/uploads\/2025\/04\/Fauteuil-de-soins-esthetique-SOFT-1-Moteur-GRAY-3.webp","type":"image\/webp"}],"twitter_card":"summary_large_image","twitter_site":"@groupecoiff","twitter_misc":{"Price":"799,00&nbsp;&euro;","Availability":"In stock"},"schema":{"@context":"https:\/\/schema.org","@graph":[{"@type":"WebPage","@id":"https:\/\/groupecoiff.com\/produit\/fauteuil-de-soins-esthetique-soft-1-moteur-gray\/","url":"https:\/\/groupecoiff.com\/produit\/fauteuil-de-soins-esthetique-soft-1-moteur-gray\/","name":"Fauteuil de soins esth\u00e9tique SOFT 1 Moteur GRAY design \u00e9l\u00e9gant - Groupe Coiff","isPartOf":{"@id":"https:\/\/groupecoiff.com\/#website"},"primaryImageOfPage":{"@id":"https:\/\/groupecoiff.com\/produit\/fauteuil-de-soins-esthetique-soft-1-moteur-gray\/#primaryimage"},"image":{"@id":"https:\/\/groupecoiff.com\/produit\/fauteuil-de-soins-esthetique-soft-1-moteur-gray\/#primaryimage"},"thumbnailUrl":"https:\/\/groupecoiff.com\/wp-content\/uploads\/2025\/04\/Fauteuil-de-soins-esthetique-SOFT-1-Moteur-GRAY-3.webp","datePublished":"2025-04-11T17:47:22+00:00","dateModified":"2025-08-08T16:06:26+00:00","description":"D\u00e9couvrez le Fauteuil de soins esth\u00e9tique SOFT 1 Moteur GRAY, alliant confort et durabilit\u00e9! Faites le choix de l'excellence pour vos soins esth\u00e9tiques.","breadcrumb":{"@id":"https:\/\/groupecoiff.com\/produit\/fauteuil-de-soins-esthetique-soft-1-moteur-gray\/#breadcrumb"},"inLanguage":"en-US","potentialAction":[{"@type":"ReadAction","target":["https:\/\/groupecoiff.com\/produit\/fauteuil-de-soins-esthetique-soft-1-moteur-gray\/"]}]},{"@type":"ImageObject","inLanguage":"en-US","@id":"https:\/\/groupecoiff.com\/produit\/fauteuil-de-soins-esthetique-soft-1-moteur-gray\/#primaryimage","url":"https:\/\/groupecoiff.com\/wp-content\/uploads\/2025\/04\/Fauteuil-de-soins-esthetique-SOFT-1-Moteur-GRAY-3.webp","contentUrl":"https:\/\/groupecoiff.com\/wp-content\/uploads\/2025\/04\/Fauteuil-de-soins-esthetique-SOFT-1-Moteur-GRAY-3.webp","width":1080,"height":1080,"caption":"Fauteuil de soins esth\u00e9tique soft 1 moteur gray (3)"},{"@type":"BreadcrumbList","@id":"https:\/\/groupecoiff.com\/produit\/fauteuil-de-soins-esthetique-soft-1-moteur-gray\/#breadcrumb","itemListElement":[{"@type":"ListItem","position":1,"name":"Accueil","item":"https:\/\/groupecoiff.com\/"},{"@type":"ListItem","position":2,"name":"Boutique","item":"https:\/\/groupecoiff.com\/boutique\/"},{"@type":"ListItem","position":3,"name":"Fauteuil de soins esth\u00e9tique SOFT 1 Moteur GRAY"}]},{"@type":"WebSite","@id":"https:\/\/groupecoiff.com\/#website","url":"https:\/\/groupecoiff.com\/","name":"Coiff Group","description":"Everything for the hairdresser","publisher":{"@id":"https:\/\/groupecoiff.com\/#organization"},"potentialAction":[{"@type":"SearchAction","target":{"@type":"EntryPoint","urlTemplate":"https:\/\/groupecoiff.com\/?s={search_term_string}"},"query-input":{"@type":"PropertyValueSpecification","valueRequired":true,"valueName":"search_term_string"}}],"inLanguage":"en-US"},{"@type":"Organization","@id":"https:\/\/groupecoiff.com\/#organization","name":"Coiff Group","alternateName":"Groupe Coiff : Le Mobilier De Coiffure Haut de Gamme Pour Une \u00c9l\u00e9gance In\u00e9gal\u00e9e","url":"https:\/\/groupecoiff.com\/","logo":{"@type":"ImageObject","inLanguage":"en-US","@id":"https:\/\/groupecoiff.com\/#\/schema\/logo\/image\/","url":"https:\/\/groupecoiff.com\/wp-content\/uploads\/2024\/01\/cropped-Groupe-Coiff-Logo.webp","contentUrl":"https:\/\/groupecoiff.com\/wp-content\/uploads\/2024\/01\/cropped-Groupe-Coiff-Logo.webp","width":512,"height":512,"caption":"Groupe Coiff"},"image":{"@id":"https:\/\/groupecoiff.com\/#\/schema\/logo\/image\/"},"sameAs":["https:\/\/www.facebook.com\/GroupeCoiff","https:\/\/x.com\/groupecoiff","https:\/\/www.instagram.com\/groupecoiff\/","https:\/\/www.tiktok.com\/@groupecoiff","https:\/\/www.youtube.com\/@groupecoiff","https:\/\/twitter.com\/groupecoiff","https:\/\/www.leboncoin.fr\/boutique\/3961302\/groupe_coiff.htm"],"description":"Discover Groupe Coiff's top-of-the-range hairdressing furniture, combining elegance and functionality to enhance your salon and satisfy your customers.","email":"contact@groupecoiff.com","telephone":"0676951605","legalName":"Groupe Coiff","foundingDate":"2022-11-16","vatID":"FR84921406419","taxID":"92140641900025"}]},"product_price_amount":"799.00","product_price_currency":"EUR","og_availability":"instock","product_availability":"instock","product_condition":"new"},"jetpack_publicize_connections":[],"jetpack_likes_enabled":true,"jetpack_sharing_enabled":true,"_links":{"self":[{"href":"https:\/\/groupecoiff.com\/en\/wp-json\/wp\/v2\/product\/41564","targetHints":{"allow":["GET"]}}],"collection":[{"href":"https:\/\/groupecoiff.com\/en\/wp-json\/wp\/v2\/product"}],"about":[{"href":"https:\/\/groupecoiff.com\/en\/wp-json\/wp\/v2\/types\/product"}],"replies":[{"embeddable":true,"href":"https:\/\/groupecoiff.com\/en\/wp-json\/wp\/v2\/comments?post=41564"}],"version-history":[{"count":0,"href":"https:\/\/groupecoiff.com\/en\/wp-json\/wp\/v2\/product\/41564\/revisions"}],"wp:featuredmedia":[{"embeddable":true,"href":"https:\/\/groupecoiff.com\/en\/wp-json\/wp\/v2\/media\/41569"}],"wp:attachment":[{"href":"https:\/\/groupecoiff.com\/en\/wp-json\/wp\/v2\/media?parent=41564"}],"wp:term":[{"taxonomy":"product_brand","embeddable":true,"href":"https:\/\/groupecoiff.com\/en\/wp-json\/wp\/v2\/product_brand?post=41564"},{"taxonomy":"product_cat","embeddable":true,"href":"https:\/\/groupecoiff.com\/en\/wp-json\/wp\/v2\/product_cat?post=41564"},{"taxonomy":"product_tag","embeddable":true,"href":"https:\/\/groupecoiff.com\/en\/wp-json\/wp\/v2\/product_tag?post=41564"}],"curies":[{"name":"wp","href":"https:\/\/api.w.org\/{rel}","templated":true}]}}