{"id":41936,"date":"2025-05-09T10:51:31","date_gmt":"2025-05-09T08:51:31","guid":{"rendered":"https:\/\/groupecoiff.com\/?post_type=product&#038;p=41936"},"modified":"2025-08-08T18:06:05","modified_gmt":"2025-08-08T16:06:05","slug":"patrizio-black-shampoo-container","status":"publish","type":"product","link":"https:\/\/groupecoiff.com\/en\/produit\/bac-a-shampoing-patrizio-black\/","title":{"rendered":"Bac \u00e0 shampoing Patrizio Black"},"content":{"rendered":"<ul>\n<li>\n<h4>Bac de lavage Patrizio Black : \u00c9l\u00e9gance et Fonctionnalit\u00e9<\/h4>\n<\/li>\n<\/ul>\n<p>Le Bac \u00e0 shampoing Patrizio Black est con\u00e7u pour optimiser le confort des salons de coiffure modernes. Son design inspir\u00e9 de l&rsquo;automobile ajoute une touche unique \u00e0 votre espace.<\/p>\n<ul>\n<li><strong>Confort d&rsquo;Utilisation<\/strong><\/li>\n<\/ul>\n<p>La vasque en c\u00e9ramique noire est profonde, \u00e9vitant les projections d&rsquo;eau. Elle s&rsquo;ajuste facilement pour r\u00e9pondre aux besoins individuels. Le mat\u00e9riau est durable, r\u00e9sistant aux taches et facile \u00e0 nettoyer. Le si\u00e8ge profil\u00e9 et les accoudoirs rembourr\u00e9s garantissent un confort optimal.<\/p>\n<ul>\n<li><strong>Installations et Accessoires<\/strong><\/li>\n<\/ul>\n<p>Le bac est \u00e9quip\u00e9 d&rsquo;un mitigeur, assurant un flux constant d&rsquo;eau chaude et froide. Un emplacement d\u00e9di\u00e9 pour le combin\u00e9 de douche facilite le travail. Le bouchon chrom\u00e9 avec cr\u00e9pine permet de contr\u00f4ler le d\u00e9bit d&rsquo;eau et d&rsquo;assurer une hygi\u00e8ne parfaite.<\/p>\n<ul>\n<li><strong>Design et Caract\u00e9ristiques<\/strong><\/li>\n<\/ul>\n<p>Le si\u00e8ge en mousse durable et le rev\u00eatement en cuir synth\u00e9tique noir offrent confort et durabilit\u00e9. Les coutures \u00e9l\u00e9gantes ajoutent une touche esth\u00e9tique inspir\u00e9e de l&rsquo;automobile. Les raccords chrom\u00e9s et noirs compl\u00e8tent l&rsquo;ensemble.<\/p>\n<ul>\n<li><strong>Dimensions<\/strong><\/li>\n<\/ul>\n<p>Longueur : 120 cm<br \/>\nLargeur : 57 cm<br \/>\nHeight: 98 cm<br \/>\nProfondeur du si\u00e8ge : 49 cm<\/p>\n<p>Associez le Bac \u00e0 shampoing Patrizio Black au fauteuil de coiffure Patrizio Black pour une harmonie parfaite dans votre salon.<\/p>","protected":false},"excerpt":{"rendered":"<p>Transformez votre salon avec le Bac \u00e0 shampoing Patrizio Black. Dites adieu aux projections d&rsquo;eau et appr\u00e9ciez son design chic et pratique !<\/p>","protected":false},"featured_media":41953,"comment_status":"open","ping_status":"closed","template":"","meta":{"googlesitekit_rrm_CAow0YCiDA:productID":"","jetpack_post_was_ever_published":false,"jetpack_publicize_message":"","jetpack_publicize_feature_enabled":true,"jetpack_social_post_already_shared":true,"jetpack_social_options":{"image_generator_settings":{"template":"highway","default_image_id":0,"font":"","enabled":false},"version":2}},"product_brand":[],"product_cat":[44,313],"product_tag":[323,322,324,125],"class_list":{"0":"post-41936","1":"product","2":"type-product","3":"status-publish","4":"has-post-thumbnail","6":"product_cat-bac-de-lavage","7":"product_cat-meuble-de-coiffure","8":"product_tag-bac-a-shampoing","9":"product_tag-bac-de-lavage","10":"product_tag-meuble-de-coiffure-professionnel","11":"product_tag-salon-de-coiffure","13":"first","14":"instock","15":"taxable","16":"shipping-taxable","17":"purchasable","18":"product-type-simple"},"yoast_head":"<!-- This site is optimized with the Yoast SEO Premium plugin v27.5 (Yoast SEO v27.5) - https:\/\/yoast.com\/product\/yoast-seo-premium-wordpress\/ -->\n<title>Bac \u00e0 shampoing Patrizio Black pour Salon Moderne - Groupe Coiff<\/title>\n<meta name=\"description\" content=\"D\u00e9couvrez le Bac \u00e0 shampoing Patrizio Black, avec sa vasque en c\u00e9ramique et son mitigeur pratique. Confort d&#039;utilisation lors de chaque shampoing ! \ud83d\udca7\" \/>\n<meta name=\"robots\" content=\"index, follow, max-snippet:-1, max-image-preview:large, max-video-preview:-1\" \/>\n<link rel=\"canonical\" href=\"https:\/\/groupecoiff.com\/en\/product-2\/patrizio-black-shampoo-container\/\" \/>\n<meta property=\"og:locale\" content=\"en_US\" \/>\n<meta property=\"og:type\" content=\"article\" \/>\n<meta property=\"og:title\" content=\"Bac \u00e0 shampoing Patrizio Black\" \/>\n<meta property=\"og:description\" content=\"D\u00e9couvrez le Bac \u00e0 shampoing Patrizio Black, avec sa vasque en c\u00e9ramique et son mitigeur pratique. Confort d&#039;utilisation lors de chaque shampoing ! \ud83d\udca7\" \/>\n<meta property=\"og:url\" content=\"https:\/\/groupecoiff.com\/en\/product-2\/patrizio-black-shampoo-container\/\" \/>\n<meta property=\"og:site_name\" content=\"Groupe Coiff\" \/>\n<meta property=\"article:publisher\" content=\"https:\/\/www.facebook.com\/GroupeCoiff\" \/>\n<meta property=\"article:modified_time\" content=\"2025-08-08T16:06:05+00:00\" \/>\n<meta property=\"og:image\" content=\"https:\/\/groupecoiff.com\/wp-content\/uploads\/2025\/05\/Bac-a-shampoing-Patrizio-Black-6.webp\" \/>\n\t<meta property=\"og:image:width\" content=\"1080\" \/>\n\t<meta property=\"og:image:height\" content=\"1080\" \/>\n\t<meta property=\"og:image:type\" content=\"image\/webp\" \/>\n<meta name=\"twitter:card\" content=\"summary_large_image\" \/>\n<meta name=\"twitter:site\" content=\"@groupecoiff\" \/>\n<meta name=\"twitter:label1\" content=\"Price\" \/>\n\t<meta name=\"twitter:data1\" content=\"725,00&nbsp;&euro;\" \/>\n\t<meta name=\"twitter:label2\" content=\"Availability\" \/>\n\t<meta name=\"twitter:data2\" content=\"In stock\" \/>\n<script type=\"application\/ld+json\" class=\"yoast-schema-graph\">{\"@context\":\"https:\\\/\\\/schema.org\",\"@graph\":[{\"@type\":\"WebPage\",\"@id\":\"https:\\\/\\\/groupecoiff.com\\\/en\\\/produit\\\/bac-a-shampoing-patrizio-black\\\/\",\"url\":\"https:\\\/\\\/groupecoiff.com\\\/en\\\/produit\\\/bac-a-shampoing-patrizio-black\\\/\",\"name\":\"Bac \u00e0 shampoing Patrizio Black pour Salon Moderne - Groupe Coiff\",\"isPartOf\":{\"@id\":\"https:\\\/\\\/groupecoiff.com\\\/#website\"},\"primaryImageOfPage\":{\"@id\":\"https:\\\/\\\/groupecoiff.com\\\/en\\\/produit\\\/bac-a-shampoing-patrizio-black\\\/#primaryimage\"},\"image\":{\"@id\":\"https:\\\/\\\/groupecoiff.com\\\/en\\\/produit\\\/bac-a-shampoing-patrizio-black\\\/#primaryimage\"},\"thumbnailUrl\":\"https:\\\/\\\/groupecoiff.com\\\/wp-content\\\/uploads\\\/2025\\\/05\\\/Bac-a-shampoing-Patrizio-Black-6.webp\",\"datePublished\":\"2025-05-09T08:51:31+00:00\",\"dateModified\":\"2025-08-08T16:06:05+00:00\",\"description\":\"D\u00e9couvrez le Bac \u00e0 shampoing Patrizio Black, avec sa vasque en c\u00e9ramique et son mitigeur pratique. Confort d'utilisation lors de chaque shampoing ! \ud83d\udca7\",\"breadcrumb\":{\"@id\":\"https:\\\/\\\/groupecoiff.com\\\/en\\\/produit\\\/bac-a-shampoing-patrizio-black\\\/#breadcrumb\"},\"inLanguage\":\"en-US\",\"potentialAction\":[{\"@type\":\"ReadAction\",\"target\":[\"https:\\\/\\\/groupecoiff.com\\\/en\\\/produit\\\/bac-a-shampoing-patrizio-black\\\/\"]}]},{\"@type\":\"ImageObject\",\"inLanguage\":\"en-US\",\"@id\":\"https:\\\/\\\/groupecoiff.com\\\/en\\\/produit\\\/bac-a-shampoing-patrizio-black\\\/#primaryimage\",\"url\":\"https:\\\/\\\/groupecoiff.com\\\/wp-content\\\/uploads\\\/2025\\\/05\\\/Bac-a-shampoing-Patrizio-Black-6.webp\",\"contentUrl\":\"https:\\\/\\\/groupecoiff.com\\\/wp-content\\\/uploads\\\/2025\\\/05\\\/Bac-a-shampoing-Patrizio-Black-6.webp\",\"width\":1080,\"height\":1080,\"caption\":\"Bac \u00e0 shampoing patrizio black (6)\"},{\"@type\":\"BreadcrumbList\",\"@id\":\"https:\\\/\\\/groupecoiff.com\\\/en\\\/produit\\\/bac-a-shampoing-patrizio-black\\\/#breadcrumb\",\"itemListElement\":[{\"@type\":\"ListItem\",\"position\":1,\"name\":\"Accueil\",\"item\":\"https:\\\/\\\/groupecoiff.com\\\/\"},{\"@type\":\"ListItem\",\"position\":2,\"name\":\"Boutique\",\"item\":\"https:\\\/\\\/groupecoiff.com\\\/en\\\/boutique\\\/\"},{\"@type\":\"ListItem\",\"position\":3,\"name\":\"Bac \u00e0 shampoing Patrizio Black\"}]},{\"@type\":\"WebSite\",\"@id\":\"https:\\\/\\\/groupecoiff.com\\\/#website\",\"url\":\"https:\\\/\\\/groupecoiff.com\\\/\",\"name\":\"Groupe Coiff\",\"description\":\"Tout pour la coiffure\",\"publisher\":{\"@id\":\"https:\\\/\\\/groupecoiff.com\\\/#organization\"},\"potentialAction\":[{\"@type\":\"SearchAction\",\"target\":{\"@type\":\"EntryPoint\",\"urlTemplate\":\"https:\\\/\\\/groupecoiff.com\\\/?s={search_term_string}\"},\"query-input\":{\"@type\":\"PropertyValueSpecification\",\"valueRequired\":true,\"valueName\":\"search_term_string\"}}],\"inLanguage\":\"en-US\"},{\"@type\":\"Organization\",\"@id\":\"https:\\\/\\\/groupecoiff.com\\\/#organization\",\"name\":\"Groupe Coiff\",\"alternateName\":\"Groupe Coiff : Le Mobilier De Coiffure Haut de Gamme Pour Une \u00c9l\u00e9gance In\u00e9gal\u00e9e\",\"url\":\"https:\\\/\\\/groupecoiff.com\\\/\",\"logo\":{\"@type\":\"ImageObject\",\"inLanguage\":\"en-US\",\"@id\":\"https:\\\/\\\/groupecoiff.com\\\/#\\\/schema\\\/logo\\\/image\\\/\",\"url\":\"https:\\\/\\\/groupecoiff.com\\\/wp-content\\\/uploads\\\/2024\\\/01\\\/cropped-Groupe-Coiff-Logo.webp\",\"contentUrl\":\"https:\\\/\\\/groupecoiff.com\\\/wp-content\\\/uploads\\\/2024\\\/01\\\/cropped-Groupe-Coiff-Logo.webp\",\"width\":512,\"height\":512,\"caption\":\"Groupe Coiff\"},\"image\":{\"@id\":\"https:\\\/\\\/groupecoiff.com\\\/#\\\/schema\\\/logo\\\/image\\\/\"},\"sameAs\":[\"https:\\\/\\\/www.facebook.com\\\/GroupeCoiff\",\"https:\\\/\\\/x.com\\\/groupecoiff\",\"https:\\\/\\\/www.instagram.com\\\/groupecoiff\\\/\",\"https:\\\/\\\/www.tiktok.com\\\/@groupecoiff\",\"https:\\\/\\\/www.youtube.com\\\/@groupecoiff\",\"https:\\\/\\\/twitter.com\\\/groupecoiff\",\"https:\\\/\\\/www.leboncoin.fr\\\/boutique\\\/3961302\\\/groupe_coiff.htm\"],\"description\":\"D\u00e9couvrez le mobilier de coiffure haut de gamme de Groupe Coiff, alliant \u00e9l\u00e9gance et fonctionnalit\u00e9 pour sublimer votre salon et satisfaire vos clients.\",\"email\":\"contact@groupecoiff.com\",\"telephone\":\"0676951605\",\"legalName\":\"Groupe Coiff\",\"foundingDate\":\"2022-11-16\",\"vatID\":\"FR84921406419\",\"taxID\":\"92140641900025\"}]}<\/script>\n<meta property=\"product:price:amount\" content=\"725.00\" \/>\n<meta property=\"product:price:currency\" content=\"EUR\" \/>\n<meta property=\"og:availability\" content=\"instock\" \/>\n<meta property=\"product:availability\" content=\"instock\" \/>\n<meta property=\"product:condition\" content=\"new\" \/>\n<!-- \/ Yoast SEO Premium plugin. -->","yoast_head_json":{"title":"Bac \u00e0 shampoing Patrizio Black pour Salon Moderne - Groupe Coiff","description":"D\u00e9couvrez le Bac \u00e0 shampoing Patrizio Black, avec sa vasque en c\u00e9ramique et son mitigeur pratique. Confort d'utilisation lors de chaque shampoing ! \ud83d\udca7","robots":{"index":"index","follow":"follow","max-snippet":"max-snippet:-1","max-image-preview":"max-image-preview:large","max-video-preview":"max-video-preview:-1"},"canonical":"https:\/\/groupecoiff.com\/en\/product-2\/patrizio-black-shampoo-container\/","og_locale":"en_US","og_type":"article","og_title":"Bac \u00e0 shampoing Patrizio Black","og_description":"D\u00e9couvrez le Bac \u00e0 shampoing Patrizio Black, avec sa vasque en c\u00e9ramique et son mitigeur pratique. Confort d'utilisation lors de chaque shampoing ! \ud83d\udca7","og_url":"https:\/\/groupecoiff.com\/en\/product-2\/patrizio-black-shampoo-container\/","og_site_name":"Groupe Coiff","article_publisher":"https:\/\/www.facebook.com\/GroupeCoiff","article_modified_time":"2025-08-08T16:06:05+00:00","og_image":[{"width":1080,"height":1080,"url":"https:\/\/groupecoiff.com\/wp-content\/uploads\/2025\/05\/Bac-a-shampoing-Patrizio-Black-6.webp","type":"image\/webp"}],"twitter_card":"summary_large_image","twitter_site":"@groupecoiff","twitter_misc":{"Price":"725,00&nbsp;&euro;","Availability":"In stock"},"schema":{"@context":"https:\/\/schema.org","@graph":[{"@type":"WebPage","@id":"https:\/\/groupecoiff.com\/en\/produit\/bac-a-shampoing-patrizio-black\/","url":"https:\/\/groupecoiff.com\/en\/produit\/bac-a-shampoing-patrizio-black\/","name":"Bac \u00e0 shampoing Patrizio Black pour Salon Moderne - Groupe Coiff","isPartOf":{"@id":"https:\/\/groupecoiff.com\/#website"},"primaryImageOfPage":{"@id":"https:\/\/groupecoiff.com\/en\/produit\/bac-a-shampoing-patrizio-black\/#primaryimage"},"image":{"@id":"https:\/\/groupecoiff.com\/en\/produit\/bac-a-shampoing-patrizio-black\/#primaryimage"},"thumbnailUrl":"https:\/\/groupecoiff.com\/wp-content\/uploads\/2025\/05\/Bac-a-shampoing-Patrizio-Black-6.webp","datePublished":"2025-05-09T08:51:31+00:00","dateModified":"2025-08-08T16:06:05+00:00","description":"D\u00e9couvrez le Bac \u00e0 shampoing Patrizio Black, avec sa vasque en c\u00e9ramique et son mitigeur pratique. Confort d'utilisation lors de chaque shampoing ! \ud83d\udca7","breadcrumb":{"@id":"https:\/\/groupecoiff.com\/en\/produit\/bac-a-shampoing-patrizio-black\/#breadcrumb"},"inLanguage":"en-US","potentialAction":[{"@type":"ReadAction","target":["https:\/\/groupecoiff.com\/en\/produit\/bac-a-shampoing-patrizio-black\/"]}]},{"@type":"ImageObject","inLanguage":"en-US","@id":"https:\/\/groupecoiff.com\/en\/produit\/bac-a-shampoing-patrizio-black\/#primaryimage","url":"https:\/\/groupecoiff.com\/wp-content\/uploads\/2025\/05\/Bac-a-shampoing-Patrizio-Black-6.webp","contentUrl":"https:\/\/groupecoiff.com\/wp-content\/uploads\/2025\/05\/Bac-a-shampoing-Patrizio-Black-6.webp","width":1080,"height":1080,"caption":"Bac \u00e0 shampoing patrizio black (6)"},{"@type":"BreadcrumbList","@id":"https:\/\/groupecoiff.com\/en\/produit\/bac-a-shampoing-patrizio-black\/#breadcrumb","itemListElement":[{"@type":"ListItem","position":1,"name":"Accueil","item":"https:\/\/groupecoiff.com\/"},{"@type":"ListItem","position":2,"name":"Boutique","item":"https:\/\/groupecoiff.com\/en\/boutique\/"},{"@type":"ListItem","position":3,"name":"Bac \u00e0 shampoing Patrizio Black"}]},{"@type":"WebSite","@id":"https:\/\/groupecoiff.com\/#website","url":"https:\/\/groupecoiff.com\/","name":"Coiff Group","description":"Everything for the hairdresser","publisher":{"@id":"https:\/\/groupecoiff.com\/#organization"},"potentialAction":[{"@type":"SearchAction","target":{"@type":"EntryPoint","urlTemplate":"https:\/\/groupecoiff.com\/?s={search_term_string}"},"query-input":{"@type":"PropertyValueSpecification","valueRequired":true,"valueName":"search_term_string"}}],"inLanguage":"en-US"},{"@type":"Organization","@id":"https:\/\/groupecoiff.com\/#organization","name":"Coiff Group","alternateName":"Groupe Coiff : Le Mobilier De Coiffure Haut de Gamme Pour Une \u00c9l\u00e9gance In\u00e9gal\u00e9e","url":"https:\/\/groupecoiff.com\/","logo":{"@type":"ImageObject","inLanguage":"en-US","@id":"https:\/\/groupecoiff.com\/#\/schema\/logo\/image\/","url":"https:\/\/groupecoiff.com\/wp-content\/uploads\/2024\/01\/cropped-Groupe-Coiff-Logo.webp","contentUrl":"https:\/\/groupecoiff.com\/wp-content\/uploads\/2024\/01\/cropped-Groupe-Coiff-Logo.webp","width":512,"height":512,"caption":"Groupe Coiff"},"image":{"@id":"https:\/\/groupecoiff.com\/#\/schema\/logo\/image\/"},"sameAs":["https:\/\/www.facebook.com\/GroupeCoiff","https:\/\/x.com\/groupecoiff","https:\/\/www.instagram.com\/groupecoiff\/","https:\/\/www.tiktok.com\/@groupecoiff","https:\/\/www.youtube.com\/@groupecoiff","https:\/\/twitter.com\/groupecoiff","https:\/\/www.leboncoin.fr\/boutique\/3961302\/groupe_coiff.htm"],"description":"Discover Groupe Coiff's top-of-the-range hairdressing furniture, combining elegance and functionality to enhance your salon and satisfy your customers.","email":"contact@groupecoiff.com","telephone":"0676951605","legalName":"Groupe Coiff","foundingDate":"2022-11-16","vatID":"FR84921406419","taxID":"92140641900025"}]},"product_price_amount":"725.00","product_price_currency":"EUR","og_availability":"instock","product_availability":"instock","product_condition":"new"},"jetpack_publicize_connections":[],"jetpack_likes_enabled":true,"jetpack_sharing_enabled":true,"_links":{"self":[{"href":"https:\/\/groupecoiff.com\/en\/wp-json\/wp\/v2\/product\/41936","targetHints":{"allow":["GET"]}}],"collection":[{"href":"https:\/\/groupecoiff.com\/en\/wp-json\/wp\/v2\/product"}],"about":[{"href":"https:\/\/groupecoiff.com\/en\/wp-json\/wp\/v2\/types\/product"}],"replies":[{"embeddable":true,"href":"https:\/\/groupecoiff.com\/en\/wp-json\/wp\/v2\/comments?post=41936"}],"version-history":[{"count":0,"href":"https:\/\/groupecoiff.com\/en\/wp-json\/wp\/v2\/product\/41936\/revisions"}],"wp:featuredmedia":[{"embeddable":true,"href":"https:\/\/groupecoiff.com\/en\/wp-json\/wp\/v2\/media\/41953"}],"wp:attachment":[{"href":"https:\/\/groupecoiff.com\/en\/wp-json\/wp\/v2\/media?parent=41936"}],"wp:term":[{"taxonomy":"product_brand","embeddable":true,"href":"https:\/\/groupecoiff.com\/en\/wp-json\/wp\/v2\/product_brand?post=41936"},{"taxonomy":"product_cat","embeddable":true,"href":"https:\/\/groupecoiff.com\/en\/wp-json\/wp\/v2\/product_cat?post=41936"},{"taxonomy":"product_tag","embeddable":true,"href":"https:\/\/groupecoiff.com\/en\/wp-json\/wp\/v2\/product_tag?post=41936"}],"curies":[{"name":"wp","href":"https:\/\/api.w.org\/{rel}","templated":true}]}}