{"id":42273,"date":"2025-05-19T11:31:36","date_gmt":"2025-05-19T09:31:36","guid":{"rendered":"https:\/\/groupecoiff.com\/?post_type=product&#038;p=42273"},"modified":"2025-08-08T18:05:46","modified_gmt":"2025-08-08T16:05:46","slug":"poste-de-coiffage-loft","status":"publish","type":"product","link":"https:\/\/groupecoiff.com\/en\/produit\/poste-de-coiffage-loft\/","title":{"rendered":"Poste de coiffage LOFT"},"content":{"rendered":"<ul>\n<li>\n<h4>Poste de coiffage LOFT : \u00c9l\u00e9gance et Fonctionnalit\u00e9 pour Votre Salon<\/h4>\n<\/li>\n<\/ul>\n<p>D\u00e9couvrez le poste de coiffage LOFT, une coiffeuse pour salon de coiffure professionnel qui allie style industriel et praticit\u00e9. Ce meuble est con\u00e7u pour optimiser l\u2019espace tout en offrant un design contemporain.<\/p>\n<ul>\n<li><strong>Caract\u00e9ristiques Principales :<\/strong><\/li>\n<\/ul>\n<p><strong>Dimensions:<\/strong> H 108 cm x L 170 cm x P 50 cm<br \/>\nMaterials: Black lacquered metal structure<br \/>\n<strong>Rangements :<\/strong><br \/>\n2 sections de rangement inf\u00e9rieures et sup\u00e9rieures<br \/>\n12 \u00e9tag\u00e8res ouvertes pour un acc\u00e8s facile aux produits<br \/>\n<strong>Customization:<\/strong> Disponible en 23 couleurs de boiserie<\/p>\n<ul>\n<li><strong>Functionality and practicality<\/strong><\/li>\n<\/ul>\n<p>Le poste de coiffure LOFT est tr\u00e8s fonctionnel :<\/p>\n<p>Id\u00e9al pour les salons de coiffure et de beaut\u00e9<br \/>\nParfait pour organiser serviettes, cosm\u00e9tiques et mat\u00e9riels essentiels<\/p>\n<ul>\n<li><strong>Manufacturing quality and delivery times<\/strong><\/li>\n<\/ul>\n<p>Fabriqu\u00e9 sur commande, ce mobilier de coiffure professionnel est con\u00e7u pour durer. Le d\u00e9lai de fabrication est de 3 \u00e0 5 semaines, vous assurant une attention aux d\u00e9tails.<\/p>\n<ul>\n<li><strong>Pourquoi Choisir le Poste de coiffage LOFT ?<\/strong><\/li>\n<\/ul>\n<p>Adapt\u00e9 \u00e0 tous types de salons : coiffure ou beaut\u00e9<br \/>\nElegant furniture to enhance your workspace<br \/>\nCon\u00e7u pour r\u00e9pondre aux besoins des professionnels<\/p>\n<p>En r\u00e9sum\u00e9, la coiffeuse LOFT est le choix id\u00e9al pour allier esth\u00e9tisme et fonctionnalit\u00e9 dans votre salon. Offrez \u00e0 vos clients une exp\u00e9rience inoubliable tout en optimisant votre espace !<\/p>","protected":false},"excerpt":{"rendered":"<p>D\u00e9couvrez le poste de coiffage LOFT, parfait pour organiser vos produits tout en apportant une touche industrielle \u00e0 votre salon. Commandez d\u00e8s maintenant ! \ud83d\udecd\ufe0f<\/p>","protected":false},"featured_media":42278,"comment_status":"open","ping_status":"closed","template":"","meta":{"googlesitekit_rrm_CAow0YCiDA:productID":"","jetpack_post_was_ever_published":false,"jetpack_publicize_message":"","jetpack_publicize_feature_enabled":true,"jetpack_social_post_already_shared":true,"jetpack_social_options":{"image_generator_settings":{"template":"highway","default_image_id":0,"font":"","enabled":false},"version":2}},"product_brand":[],"product_cat":[313,48],"product_tag":[367,535,547],"class_list":{"0":"post-42273","1":"product","2":"type-product","3":"status-publish","4":"has-post-thumbnail","6":"product_cat-meuble-de-coiffure","7":"product_cat-poste-de-coiffage-professionnel","8":"product_tag-coiffeuse-pour-salon-de-coiffure","9":"product_tag-mobilier-de-coiffure-professionnel","10":"product_tag-poste-de-coiffage-salon-de-coiffure","12":"first","13":"instock","14":"taxable","15":"shipping-taxable","16":"purchasable","17":"product-type-simple"},"yoast_head":"<!-- This site is optimized with the Yoast SEO Premium plugin v27.4 (Yoast SEO v27.4) - https:\/\/yoast.com\/product\/yoast-seo-premium-wordpress\/ -->\n<title>Poste de coiffage LOFT : Design contemporain et pratique<\/title>\n<meta name=\"description\" content=\"Transformez votre salon avec le poste de coiffage LOFT, alliant style moderne et fonctionnalit\u00e9. Offrez \u00e0 vos clients une exp\u00e9rience exceptionnelle !\" \/>\n<meta name=\"robots\" content=\"index, follow, max-snippet:-1, max-image-preview:large, max-video-preview:-1\" \/>\n<link rel=\"canonical\" href=\"https:\/\/groupecoiff.com\/en\/product-2\/poste-de-coiffage-loft\/\" \/>\n<meta property=\"og:locale\" content=\"en_US\" \/>\n<meta property=\"og:type\" content=\"article\" \/>\n<meta property=\"og:title\" content=\"Poste de coiffage LOFT\" \/>\n<meta property=\"og:description\" content=\"Transformez votre salon avec le poste de coiffage LOFT, alliant style moderne et fonctionnalit\u00e9. Offrez \u00e0 vos clients une exp\u00e9rience exceptionnelle !\" \/>\n<meta property=\"og:url\" content=\"https:\/\/groupecoiff.com\/en\/product-2\/poste-de-coiffage-loft\/\" \/>\n<meta property=\"og:site_name\" content=\"Groupe Coiff\" \/>\n<meta property=\"article:publisher\" content=\"https:\/\/www.facebook.com\/GroupeCoiff\" \/>\n<meta property=\"article:modified_time\" content=\"2025-08-08T16:05:46+00:00\" \/>\n<meta property=\"og:image\" content=\"https:\/\/groupecoiff.com\/wp-content\/uploads\/2025\/05\/Poste-de-coiffage-LOFT-2.webp\" \/>\n\t<meta property=\"og:image:width\" content=\"1080\" \/>\n\t<meta property=\"og:image:height\" content=\"1080\" \/>\n\t<meta property=\"og:image:type\" content=\"image\/webp\" \/>\n<meta name=\"twitter:card\" content=\"summary_large_image\" \/>\n<meta name=\"twitter:site\" content=\"@groupecoiff\" \/>\n<meta name=\"twitter:label1\" content=\"Price\" \/>\n\t<meta name=\"twitter:data1\" content=\"1909,00&nbsp;&euro;\" \/>\n\t<meta name=\"twitter:label2\" content=\"Availability\" \/>\n\t<meta name=\"twitter:data2\" content=\"In stock\" \/>\n<script type=\"application\/ld+json\" class=\"yoast-schema-graph\">{\"@context\":\"https:\\\/\\\/schema.org\",\"@graph\":[{\"@type\":\"WebPage\",\"@id\":\"https:\\\/\\\/groupecoiff.com\\\/produit\\\/poste-de-coiffage-loft\\\/\",\"url\":\"https:\\\/\\\/groupecoiff.com\\\/produit\\\/poste-de-coiffage-loft\\\/\",\"name\":\"Poste de coiffage LOFT : Design contemporain et pratique\",\"isPartOf\":{\"@id\":\"https:\\\/\\\/groupecoiff.com\\\/#website\"},\"primaryImageOfPage\":{\"@id\":\"https:\\\/\\\/groupecoiff.com\\\/produit\\\/poste-de-coiffage-loft\\\/#primaryimage\"},\"image\":{\"@id\":\"https:\\\/\\\/groupecoiff.com\\\/produit\\\/poste-de-coiffage-loft\\\/#primaryimage\"},\"thumbnailUrl\":\"https:\\\/\\\/groupecoiff.com\\\/wp-content\\\/uploads\\\/2025\\\/05\\\/Poste-de-coiffage-LOFT-2.webp\",\"datePublished\":\"2025-05-19T09:31:36+00:00\",\"dateModified\":\"2025-08-08T16:05:46+00:00\",\"description\":\"Transformez votre salon avec le poste de coiffage LOFT, alliant style moderne et fonctionnalit\u00e9. Offrez \u00e0 vos clients une exp\u00e9rience exceptionnelle !\",\"breadcrumb\":{\"@id\":\"https:\\\/\\\/groupecoiff.com\\\/produit\\\/poste-de-coiffage-loft\\\/#breadcrumb\"},\"inLanguage\":\"en-US\",\"potentialAction\":[{\"@type\":\"ReadAction\",\"target\":[\"https:\\\/\\\/groupecoiff.com\\\/produit\\\/poste-de-coiffage-loft\\\/\"]}]},{\"@type\":\"ImageObject\",\"inLanguage\":\"en-US\",\"@id\":\"https:\\\/\\\/groupecoiff.com\\\/produit\\\/poste-de-coiffage-loft\\\/#primaryimage\",\"url\":\"https:\\\/\\\/groupecoiff.com\\\/wp-content\\\/uploads\\\/2025\\\/05\\\/Poste-de-coiffage-LOFT-2.webp\",\"contentUrl\":\"https:\\\/\\\/groupecoiff.com\\\/wp-content\\\/uploads\\\/2025\\\/05\\\/Poste-de-coiffage-LOFT-2.webp\",\"width\":1080,\"height\":1080,\"caption\":\"Poste de coiffage loft (2)\"},{\"@type\":\"BreadcrumbList\",\"@id\":\"https:\\\/\\\/groupecoiff.com\\\/produit\\\/poste-de-coiffage-loft\\\/#breadcrumb\",\"itemListElement\":[{\"@type\":\"ListItem\",\"position\":1,\"name\":\"Accueil\",\"item\":\"https:\\\/\\\/groupecoiff.com\\\/\"},{\"@type\":\"ListItem\",\"position\":2,\"name\":\"Boutique\",\"item\":\"https:\\\/\\\/groupecoiff.com\\\/boutique\\\/\"},{\"@type\":\"ListItem\",\"position\":3,\"name\":\"Poste de coiffage LOFT\"}]},{\"@type\":\"WebSite\",\"@id\":\"https:\\\/\\\/groupecoiff.com\\\/#website\",\"url\":\"https:\\\/\\\/groupecoiff.com\\\/\",\"name\":\"Groupe Coiff\",\"description\":\"Tout pour la coiffure\",\"publisher\":{\"@id\":\"https:\\\/\\\/groupecoiff.com\\\/#organization\"},\"potentialAction\":[{\"@type\":\"SearchAction\",\"target\":{\"@type\":\"EntryPoint\",\"urlTemplate\":\"https:\\\/\\\/groupecoiff.com\\\/?s={search_term_string}\"},\"query-input\":{\"@type\":\"PropertyValueSpecification\",\"valueRequired\":true,\"valueName\":\"search_term_string\"}}],\"inLanguage\":\"en-US\"},{\"@type\":\"Organization\",\"@id\":\"https:\\\/\\\/groupecoiff.com\\\/#organization\",\"name\":\"Groupe Coiff\",\"alternateName\":\"Groupe Coiff : Le Mobilier De Coiffure Haut de Gamme Pour Une \u00c9l\u00e9gance In\u00e9gal\u00e9e\",\"url\":\"https:\\\/\\\/groupecoiff.com\\\/\",\"logo\":{\"@type\":\"ImageObject\",\"inLanguage\":\"en-US\",\"@id\":\"https:\\\/\\\/groupecoiff.com\\\/#\\\/schema\\\/logo\\\/image\\\/\",\"url\":\"https:\\\/\\\/groupecoiff.com\\\/wp-content\\\/uploads\\\/2024\\\/01\\\/cropped-Groupe-Coiff-Logo.webp\",\"contentUrl\":\"https:\\\/\\\/groupecoiff.com\\\/wp-content\\\/uploads\\\/2024\\\/01\\\/cropped-Groupe-Coiff-Logo.webp\",\"width\":512,\"height\":512,\"caption\":\"Groupe Coiff\"},\"image\":{\"@id\":\"https:\\\/\\\/groupecoiff.com\\\/#\\\/schema\\\/logo\\\/image\\\/\"},\"sameAs\":[\"https:\\\/\\\/www.facebook.com\\\/GroupeCoiff\",\"https:\\\/\\\/x.com\\\/groupecoiff\",\"https:\\\/\\\/www.instagram.com\\\/groupecoiff\\\/\",\"https:\\\/\\\/www.tiktok.com\\\/@groupecoiff\",\"https:\\\/\\\/www.youtube.com\\\/@groupecoiff\",\"https:\\\/\\\/twitter.com\\\/groupecoiff\",\"https:\\\/\\\/www.leboncoin.fr\\\/boutique\\\/3961302\\\/groupe_coiff.htm\"],\"description\":\"D\u00e9couvrez le mobilier de coiffure haut de gamme de Groupe Coiff, alliant \u00e9l\u00e9gance et fonctionnalit\u00e9 pour sublimer votre salon et satisfaire vos clients.\",\"email\":\"contact@groupecoiff.com\",\"telephone\":\"0676951605\",\"legalName\":\"Groupe Coiff\",\"foundingDate\":\"2022-11-16\",\"vatID\":\"FR84921406419\",\"taxID\":\"92140641900025\"}]}<\/script>\n<meta property=\"product:price:amount\" content=\"1909.00\" \/>\n<meta property=\"product:price:currency\" content=\"EUR\" \/>\n<meta property=\"og:availability\" content=\"instock\" \/>\n<meta property=\"product:availability\" content=\"instock\" \/>\n<meta property=\"product:condition\" content=\"new\" \/>\n<!-- \/ Yoast SEO Premium plugin. -->","yoast_head_json":{"title":"Poste de coiffage LOFT : Design contemporain et pratique","description":"Transformez votre salon avec le poste de coiffage LOFT, alliant style moderne et fonctionnalit\u00e9. Offrez \u00e0 vos clients une exp\u00e9rience exceptionnelle !","robots":{"index":"index","follow":"follow","max-snippet":"max-snippet:-1","max-image-preview":"max-image-preview:large","max-video-preview":"max-video-preview:-1"},"canonical":"https:\/\/groupecoiff.com\/en\/product-2\/poste-de-coiffage-loft\/","og_locale":"en_US","og_type":"article","og_title":"Poste de coiffage LOFT","og_description":"Transformez votre salon avec le poste de coiffage LOFT, alliant style moderne et fonctionnalit\u00e9. Offrez \u00e0 vos clients une exp\u00e9rience exceptionnelle !","og_url":"https:\/\/groupecoiff.com\/en\/product-2\/poste-de-coiffage-loft\/","og_site_name":"Groupe Coiff","article_publisher":"https:\/\/www.facebook.com\/GroupeCoiff","article_modified_time":"2025-08-08T16:05:46+00:00","og_image":[{"width":1080,"height":1080,"url":"https:\/\/groupecoiff.com\/wp-content\/uploads\/2025\/05\/Poste-de-coiffage-LOFT-2.webp","type":"image\/webp"}],"twitter_card":"summary_large_image","twitter_site":"@groupecoiff","twitter_misc":{"Price":"1909,00&nbsp;&euro;","Availability":"In stock"},"schema":{"@context":"https:\/\/schema.org","@graph":[{"@type":"WebPage","@id":"https:\/\/groupecoiff.com\/produit\/poste-de-coiffage-loft\/","url":"https:\/\/groupecoiff.com\/produit\/poste-de-coiffage-loft\/","name":"Poste de coiffage LOFT : Design contemporain et pratique","isPartOf":{"@id":"https:\/\/groupecoiff.com\/#website"},"primaryImageOfPage":{"@id":"https:\/\/groupecoiff.com\/produit\/poste-de-coiffage-loft\/#primaryimage"},"image":{"@id":"https:\/\/groupecoiff.com\/produit\/poste-de-coiffage-loft\/#primaryimage"},"thumbnailUrl":"https:\/\/groupecoiff.com\/wp-content\/uploads\/2025\/05\/Poste-de-coiffage-LOFT-2.webp","datePublished":"2025-05-19T09:31:36+00:00","dateModified":"2025-08-08T16:05:46+00:00","description":"Transformez votre salon avec le poste de coiffage LOFT, alliant style moderne et fonctionnalit\u00e9. Offrez \u00e0 vos clients une exp\u00e9rience exceptionnelle !","breadcrumb":{"@id":"https:\/\/groupecoiff.com\/produit\/poste-de-coiffage-loft\/#breadcrumb"},"inLanguage":"en-US","potentialAction":[{"@type":"ReadAction","target":["https:\/\/groupecoiff.com\/produit\/poste-de-coiffage-loft\/"]}]},{"@type":"ImageObject","inLanguage":"en-US","@id":"https:\/\/groupecoiff.com\/produit\/poste-de-coiffage-loft\/#primaryimage","url":"https:\/\/groupecoiff.com\/wp-content\/uploads\/2025\/05\/Poste-de-coiffage-LOFT-2.webp","contentUrl":"https:\/\/groupecoiff.com\/wp-content\/uploads\/2025\/05\/Poste-de-coiffage-LOFT-2.webp","width":1080,"height":1080,"caption":"Poste de coiffage loft (2)"},{"@type":"BreadcrumbList","@id":"https:\/\/groupecoiff.com\/produit\/poste-de-coiffage-loft\/#breadcrumb","itemListElement":[{"@type":"ListItem","position":1,"name":"Accueil","item":"https:\/\/groupecoiff.com\/"},{"@type":"ListItem","position":2,"name":"Boutique","item":"https:\/\/groupecoiff.com\/boutique\/"},{"@type":"ListItem","position":3,"name":"Poste de coiffage LOFT"}]},{"@type":"WebSite","@id":"https:\/\/groupecoiff.com\/#website","url":"https:\/\/groupecoiff.com\/","name":"Coiff Group","description":"Everything for the hairdresser","publisher":{"@id":"https:\/\/groupecoiff.com\/#organization"},"potentialAction":[{"@type":"SearchAction","target":{"@type":"EntryPoint","urlTemplate":"https:\/\/groupecoiff.com\/?s={search_term_string}"},"query-input":{"@type":"PropertyValueSpecification","valueRequired":true,"valueName":"search_term_string"}}],"inLanguage":"en-US"},{"@type":"Organization","@id":"https:\/\/groupecoiff.com\/#organization","name":"Coiff Group","alternateName":"Groupe Coiff : Le Mobilier De Coiffure Haut de Gamme Pour Une \u00c9l\u00e9gance In\u00e9gal\u00e9e","url":"https:\/\/groupecoiff.com\/","logo":{"@type":"ImageObject","inLanguage":"en-US","@id":"https:\/\/groupecoiff.com\/#\/schema\/logo\/image\/","url":"https:\/\/groupecoiff.com\/wp-content\/uploads\/2024\/01\/cropped-Groupe-Coiff-Logo.webp","contentUrl":"https:\/\/groupecoiff.com\/wp-content\/uploads\/2024\/01\/cropped-Groupe-Coiff-Logo.webp","width":512,"height":512,"caption":"Groupe Coiff"},"image":{"@id":"https:\/\/groupecoiff.com\/#\/schema\/logo\/image\/"},"sameAs":["https:\/\/www.facebook.com\/GroupeCoiff","https:\/\/x.com\/groupecoiff","https:\/\/www.instagram.com\/groupecoiff\/","https:\/\/www.tiktok.com\/@groupecoiff","https:\/\/www.youtube.com\/@groupecoiff","https:\/\/twitter.com\/groupecoiff","https:\/\/www.leboncoin.fr\/boutique\/3961302\/groupe_coiff.htm"],"description":"Discover Groupe Coiff's top-of-the-range hairdressing furniture, combining elegance and functionality to enhance your salon and satisfy your customers.","email":"contact@groupecoiff.com","telephone":"0676951605","legalName":"Groupe Coiff","foundingDate":"2022-11-16","vatID":"FR84921406419","taxID":"92140641900025"}]},"product_price_amount":"1909.00","product_price_currency":"EUR","og_availability":"instock","product_availability":"instock","product_condition":"new"},"jetpack_publicize_connections":[],"jetpack_likes_enabled":true,"jetpack_sharing_enabled":true,"_links":{"self":[{"href":"https:\/\/groupecoiff.com\/en\/wp-json\/wp\/v2\/product\/42273","targetHints":{"allow":["GET"]}}],"collection":[{"href":"https:\/\/groupecoiff.com\/en\/wp-json\/wp\/v2\/product"}],"about":[{"href":"https:\/\/groupecoiff.com\/en\/wp-json\/wp\/v2\/types\/product"}],"replies":[{"embeddable":true,"href":"https:\/\/groupecoiff.com\/en\/wp-json\/wp\/v2\/comments?post=42273"}],"version-history":[{"count":0,"href":"https:\/\/groupecoiff.com\/en\/wp-json\/wp\/v2\/product\/42273\/revisions"}],"wp:featuredmedia":[{"embeddable":true,"href":"https:\/\/groupecoiff.com\/en\/wp-json\/wp\/v2\/media\/42278"}],"wp:attachment":[{"href":"https:\/\/groupecoiff.com\/en\/wp-json\/wp\/v2\/media?parent=42273"}],"wp:term":[{"taxonomy":"product_brand","embeddable":true,"href":"https:\/\/groupecoiff.com\/en\/wp-json\/wp\/v2\/product_brand?post=42273"},{"taxonomy":"product_cat","embeddable":true,"href":"https:\/\/groupecoiff.com\/en\/wp-json\/wp\/v2\/product_cat?post=42273"},{"taxonomy":"product_tag","embeddable":true,"href":"https:\/\/groupecoiff.com\/en\/wp-json\/wp\/v2\/product_tag?post=42273"}],"curies":[{"name":"wp","href":"https:\/\/api.w.org\/{rel}","templated":true}]}}