{"id":42430,"date":"2025-05-25T21:56:27","date_gmt":"2025-05-25T19:56:27","guid":{"rendered":"https:\/\/groupecoiff.com\/?post_type=product&#038;p=42430"},"modified":"2026-03-05T11:42:19","modified_gmt":"2026-03-05T10:42:19","slug":"bac-a-shampoing-electrique-peek-power","status":"publish","type":"product","link":"https:\/\/groupecoiff.com\/en\/produit\/bac-a-shampoing-electrique-peek-power\/","title":{"rendered":"Bac \u00e0 shampoing \u00e9lectrique PEEK POWER +"},"content":{"rendered":"<ul>\n<li>\n<h3>Bac de lavage PEEK POWER + : Confort et \u00c9l\u00e9gance pour Votre Salon<\/h3>\n<\/li>\n<\/ul>\n<p>D\u00e9couvrez le bac \u00e0 shampoing \u00e9lectrique PEEK POWER +, une solution innovante qui rehausse l&rsquo;exp\u00e9rience client dans votre salon de coiffure. Avec son design ergonomique et ses fonctionnalit\u00e9s avanc\u00e9es, il est un incontournable pour tout espace de beaut\u00e9.<\/p>\n<ul>\n<li><strong>Caract\u00e9ristiques Principales :<\/strong><\/li>\n<\/ul>\n<ol>\n<li>Hauteur : 98,5 cm<\/li>\n<li>Largeur : 94 cm<\/li>\n<li>Longueur : 130 cm<\/li>\n<li>Repose-pieds inclinable \u00e9lectriquement pour un ajustement optimal<\/li>\n<li>Rembourrage suppl\u00e9mentaire dans la zone lombaire pour un soutien accru<\/li>\n<li>Vasque en c\u00e9ramique, disponible en noir ou blanc<\/li>\n<li>M\u00e9canisme basculant pour un confort d&rsquo;utilisation<\/li>\n<\/ol>\n<ul>\n<li><strong>Functionality and practicality<\/strong><\/li>\n<\/ul>\n<ol>\n<li>Offrir un confort in\u00e9gal\u00e9 lors des traitements prolong\u00e9s<\/li>\n<li>Robinetterie monochromatique de haute qualit\u00e9 avec tuyauterie en inox Int\u00e9gr\u00e9e<\/li>\n<\/ol>\n<ul>\n<li><strong>Accessoires Disponibles en option :<\/strong><\/li>\n<\/ul>\n<ol>\n<li><strong>Braidy<\/strong> &#8211; Appui t\u00eate en silicone<\/li>\n<li><strong>High+<\/strong> &#8211; Coussin r\u00e9hausseur 6 cm<\/li>\n<\/ol>\n<ul>\n<li><strong>Manufacturing quality and delivery times<\/strong><\/li>\n<\/ul>\n<p>Fabriqu\u00e9 avec des mat\u00e9riaux de premier choix, ce mobilier de coiffure professionnel est con\u00e7u pour durer. La livraison est express, sous 7 jours.<\/p>\n<ul>\n<li><strong>Pourquoi Opter pour le Bac \u00e0 shampoing PEEK POWER + ?<\/strong><\/li>\n<\/ul>\n<ol>\n<li>Ideal for modern hair salons<\/li>\n<li>Mobilier \u00e9l\u00e9gant qui valorise votre espace<\/li>\n<li>Exp\u00e9rience client exceptionnelle gr\u00e2ce \u00e0 son confort<\/li>\n<\/ol>\n<p>In short, the WISP POWER + shampoo container is the perfect choice for combining style and functionality. Give your customers a memorable washing experience while optimizing your workspace.<\/p>","protected":false},"excerpt":{"rendered":"<p>Offrez \u00e0 vos clients un confort exceptionnel avec le bac \u00e0 shampoing \u00e9lectrique PEEK POWER +. D\u00e9couvrez le luxe avec un design innovant ! \u2728<\/p>","protected":false},"featured_media":47683,"comment_status":"open","ping_status":"closed","template":"","meta":{"googlesitekit_rrm_CAow0YCiDA:productID":"","jetpack_post_was_ever_published":false,"jetpack_publicize_message":"","jetpack_publicize_feature_enabled":true,"jetpack_social_post_already_shared":true,"jetpack_social_options":{"image_generator_settings":{"template":"highway","default_image_id":0,"font":"","enabled":false},"version":2}},"product_brand":[576],"product_cat":[44,313],"product_tag":[323,322,324,125],"class_list":{"0":"post-42430","1":"product","2":"type-product","3":"status-publish","4":"has-post-thumbnail","6":"product_brand-weelko","7":"product_cat-bac-de-lavage","8":"product_cat-meuble-de-coiffure","9":"product_tag-bac-a-shampoing","10":"product_tag-bac-de-lavage","11":"product_tag-meuble-de-coiffure-professionnel","12":"product_tag-salon-de-coiffure","14":"first","15":"instock","16":"taxable","17":"shipping-taxable","18":"purchasable","19":"product-type-simple"},"yoast_head":"<!-- This site is optimized with the Yoast SEO Premium plugin v27.5 (Yoast SEO v27.5) - https:\/\/yoast.com\/product\/yoast-seo-premium-wordpress\/ -->\n<title>Bac \u00e0 shampoing \u00e9lectrique PEEK POWER + Confort Assur\u00e9<\/title>\n<meta name=\"description\" content=\"Le bac \u00e0 shampoing \u00e9lectrique PEEK POWER + vous offre une exp\u00e9rience client exceptionnelle. Ne manquez pas cette solution incontournable pour votre salon !\u2728\" \/>\n<meta name=\"robots\" content=\"index, follow, max-snippet:-1, max-image-preview:large, max-video-preview:-1\" \/>\n<link rel=\"canonical\" href=\"https:\/\/groupecoiff.com\/en\/product-2\/bac-a-shampoing-electrique-peek-power\/\" \/>\n<meta property=\"og:locale\" content=\"en_US\" \/>\n<meta property=\"og:type\" content=\"article\" \/>\n<meta property=\"og:title\" content=\"Bac \u00e0 shampoing \u00e9lectrique PEEK POWER +\" \/>\n<meta property=\"og:description\" content=\"Le bac \u00e0 shampoing \u00e9lectrique PEEK POWER + vous offre une exp\u00e9rience client exceptionnelle. Ne manquez pas cette solution incontournable pour votre salon !\u2728\" \/>\n<meta property=\"og:url\" content=\"https:\/\/groupecoiff.com\/en\/product-2\/bac-a-shampoing-electrique-peek-power\/\" \/>\n<meta property=\"og:site_name\" content=\"Groupe Coiff\" \/>\n<meta property=\"article:publisher\" content=\"https:\/\/www.facebook.com\/GroupeCoiff\" \/>\n<meta property=\"article:modified_time\" content=\"2026-03-05T10:42:19+00:00\" \/>\n<meta property=\"og:image\" content=\"https:\/\/groupecoiff.com\/wp-content\/uploads\/2025\/05\/PEEK-POWER-3.webp\" \/>\n\t<meta property=\"og:image:width\" content=\"600\" \/>\n\t<meta property=\"og:image:height\" content=\"600\" \/>\n\t<meta property=\"og:image:type\" content=\"image\/webp\" \/>\n<meta name=\"twitter:card\" content=\"summary_large_image\" \/>\n<meta name=\"twitter:site\" content=\"@groupecoiff\" \/>\n<meta name=\"twitter:label1\" content=\"Price\" \/>\n\t<meta name=\"twitter:data1\" content=\"790,00&nbsp;&euro;\" \/>\n\t<meta name=\"twitter:label2\" content=\"Availability\" \/>\n\t<meta name=\"twitter:data2\" content=\"In stock\" \/>\n<script type=\"application\/ld+json\" class=\"yoast-schema-graph\">{\"@context\":\"https:\\\/\\\/schema.org\",\"@graph\":[{\"@type\":\"WebPage\",\"@id\":\"https:\\\/\\\/groupecoiff.com\\\/produit\\\/bac-a-shampoing-electrique-peek-power\\\/\",\"url\":\"https:\\\/\\\/groupecoiff.com\\\/produit\\\/bac-a-shampoing-electrique-peek-power\\\/\",\"name\":\"Bac \u00e0 shampoing \u00e9lectrique PEEK POWER + Confort Assur\u00e9\",\"isPartOf\":{\"@id\":\"https:\\\/\\\/groupecoiff.com\\\/#website\"},\"primaryImageOfPage\":{\"@id\":\"https:\\\/\\\/groupecoiff.com\\\/produit\\\/bac-a-shampoing-electrique-peek-power\\\/#primaryimage\"},\"image\":{\"@id\":\"https:\\\/\\\/groupecoiff.com\\\/produit\\\/bac-a-shampoing-electrique-peek-power\\\/#primaryimage\"},\"thumbnailUrl\":\"https:\\\/\\\/groupecoiff.com\\\/wp-content\\\/uploads\\\/2025\\\/05\\\/PEEK-POWER-3.webp\",\"datePublished\":\"2025-05-25T19:56:27+00:00\",\"dateModified\":\"2026-03-05T10:42:19+00:00\",\"description\":\"Le bac \u00e0 shampoing \u00e9lectrique PEEK POWER + vous offre une exp\u00e9rience client exceptionnelle. Ne manquez pas cette solution incontournable pour votre salon !\u2728\",\"breadcrumb\":{\"@id\":\"https:\\\/\\\/groupecoiff.com\\\/produit\\\/bac-a-shampoing-electrique-peek-power\\\/#breadcrumb\"},\"inLanguage\":\"en-US\",\"potentialAction\":[{\"@type\":\"ReadAction\",\"target\":[\"https:\\\/\\\/groupecoiff.com\\\/produit\\\/bac-a-shampoing-electrique-peek-power\\\/\"]}]},{\"@type\":\"ImageObject\",\"inLanguage\":\"en-US\",\"@id\":\"https:\\\/\\\/groupecoiff.com\\\/produit\\\/bac-a-shampoing-electrique-peek-power\\\/#primaryimage\",\"url\":\"https:\\\/\\\/groupecoiff.com\\\/wp-content\\\/uploads\\\/2025\\\/05\\\/PEEK-POWER-3.webp\",\"contentUrl\":\"https:\\\/\\\/groupecoiff.com\\\/wp-content\\\/uploads\\\/2025\\\/05\\\/PEEK-POWER-3.webp\",\"width\":600,\"height\":600,\"caption\":\"Bac \u00e0 shampoing \u00e9lectrique peek power + - Bac de lavage peek power + - Mobilier de coiffure professionnel - bac de lavage pour salon de coiffure - bac de lavage \u00e9lectrique\"},{\"@type\":\"BreadcrumbList\",\"@id\":\"https:\\\/\\\/groupecoiff.com\\\/produit\\\/bac-a-shampoing-electrique-peek-power\\\/#breadcrumb\",\"itemListElement\":[{\"@type\":\"ListItem\",\"position\":1,\"name\":\"Accueil\",\"item\":\"https:\\\/\\\/groupecoiff.com\\\/\"},{\"@type\":\"ListItem\",\"position\":2,\"name\":\"Boutique\",\"item\":\"https:\\\/\\\/groupecoiff.com\\\/en\\\/boutique\\\/\"},{\"@type\":\"ListItem\",\"position\":3,\"name\":\"Bac \u00e0 shampoing \u00e9lectrique PEEK POWER +\"}]},{\"@type\":\"WebSite\",\"@id\":\"https:\\\/\\\/groupecoiff.com\\\/#website\",\"url\":\"https:\\\/\\\/groupecoiff.com\\\/\",\"name\":\"Groupe Coiff\",\"description\":\"Tout pour la coiffure\",\"publisher\":{\"@id\":\"https:\\\/\\\/groupecoiff.com\\\/#organization\"},\"potentialAction\":[{\"@type\":\"SearchAction\",\"target\":{\"@type\":\"EntryPoint\",\"urlTemplate\":\"https:\\\/\\\/groupecoiff.com\\\/?s={search_term_string}\"},\"query-input\":{\"@type\":\"PropertyValueSpecification\",\"valueRequired\":true,\"valueName\":\"search_term_string\"}}],\"inLanguage\":\"en-US\"},{\"@type\":\"Organization\",\"@id\":\"https:\\\/\\\/groupecoiff.com\\\/#organization\",\"name\":\"Groupe Coiff\",\"alternateName\":\"Groupe Coiff : Le Mobilier De Coiffure Haut de Gamme Pour Une \u00c9l\u00e9gance In\u00e9gal\u00e9e\",\"url\":\"https:\\\/\\\/groupecoiff.com\\\/\",\"logo\":{\"@type\":\"ImageObject\",\"inLanguage\":\"en-US\",\"@id\":\"https:\\\/\\\/groupecoiff.com\\\/#\\\/schema\\\/logo\\\/image\\\/\",\"url\":\"https:\\\/\\\/groupecoiff.com\\\/wp-content\\\/uploads\\\/2024\\\/01\\\/cropped-Groupe-Coiff-Logo.webp\",\"contentUrl\":\"https:\\\/\\\/groupecoiff.com\\\/wp-content\\\/uploads\\\/2024\\\/01\\\/cropped-Groupe-Coiff-Logo.webp\",\"width\":512,\"height\":512,\"caption\":\"Groupe Coiff\"},\"image\":{\"@id\":\"https:\\\/\\\/groupecoiff.com\\\/#\\\/schema\\\/logo\\\/image\\\/\"},\"sameAs\":[\"https:\\\/\\\/www.facebook.com\\\/GroupeCoiff\",\"https:\\\/\\\/x.com\\\/groupecoiff\",\"https:\\\/\\\/www.instagram.com\\\/groupecoiff\\\/\",\"https:\\\/\\\/www.tiktok.com\\\/@groupecoiff\",\"https:\\\/\\\/www.youtube.com\\\/@groupecoiff\",\"https:\\\/\\\/twitter.com\\\/groupecoiff\",\"https:\\\/\\\/www.leboncoin.fr\\\/boutique\\\/3961302\\\/groupe_coiff.htm\"],\"description\":\"D\u00e9couvrez le mobilier de coiffure haut de gamme de Groupe Coiff, alliant \u00e9l\u00e9gance et fonctionnalit\u00e9 pour sublimer votre salon et satisfaire vos clients.\",\"email\":\"contact@groupecoiff.com\",\"telephone\":\"0676951605\",\"legalName\":\"Groupe Coiff\",\"foundingDate\":\"2022-11-16\",\"vatID\":\"FR84921406419\",\"taxID\":\"92140641900025\"}]}<\/script>\n<meta property=\"product:price:amount\" content=\"790.00\" \/>\n<meta property=\"product:price:currency\" content=\"EUR\" \/>\n<meta property=\"og:availability\" content=\"instock\" \/>\n<meta property=\"product:availability\" content=\"instock\" \/>\n<meta property=\"product:condition\" content=\"new\" \/>\n<!-- \/ Yoast SEO Premium plugin. -->","yoast_head_json":{"title":"Bac \u00e0 shampoing \u00e9lectrique PEEK POWER + Confort Assur\u00e9","description":"Le bac \u00e0 shampoing \u00e9lectrique PEEK POWER + vous offre une exp\u00e9rience client exceptionnelle. Ne manquez pas cette solution incontournable pour votre salon !\u2728","robots":{"index":"index","follow":"follow","max-snippet":"max-snippet:-1","max-image-preview":"max-image-preview:large","max-video-preview":"max-video-preview:-1"},"canonical":"https:\/\/groupecoiff.com\/en\/product-2\/bac-a-shampoing-electrique-peek-power\/","og_locale":"en_US","og_type":"article","og_title":"Bac \u00e0 shampoing \u00e9lectrique PEEK POWER +","og_description":"Le bac \u00e0 shampoing \u00e9lectrique PEEK POWER + vous offre une exp\u00e9rience client exceptionnelle. Ne manquez pas cette solution incontournable pour votre salon !\u2728","og_url":"https:\/\/groupecoiff.com\/en\/product-2\/bac-a-shampoing-electrique-peek-power\/","og_site_name":"Groupe Coiff","article_publisher":"https:\/\/www.facebook.com\/GroupeCoiff","article_modified_time":"2026-03-05T10:42:19+00:00","og_image":[{"width":600,"height":600,"url":"https:\/\/groupecoiff.com\/wp-content\/uploads\/2025\/05\/PEEK-POWER-3.webp","type":"image\/webp"}],"twitter_card":"summary_large_image","twitter_site":"@groupecoiff","twitter_misc":{"Price":"790,00&nbsp;&euro;","Availability":"In stock"},"schema":{"@context":"https:\/\/schema.org","@graph":[{"@type":"WebPage","@id":"https:\/\/groupecoiff.com\/produit\/bac-a-shampoing-electrique-peek-power\/","url":"https:\/\/groupecoiff.com\/produit\/bac-a-shampoing-electrique-peek-power\/","name":"Bac \u00e0 shampoing \u00e9lectrique PEEK POWER + Confort Assur\u00e9","isPartOf":{"@id":"https:\/\/groupecoiff.com\/#website"},"primaryImageOfPage":{"@id":"https:\/\/groupecoiff.com\/produit\/bac-a-shampoing-electrique-peek-power\/#primaryimage"},"image":{"@id":"https:\/\/groupecoiff.com\/produit\/bac-a-shampoing-electrique-peek-power\/#primaryimage"},"thumbnailUrl":"https:\/\/groupecoiff.com\/wp-content\/uploads\/2025\/05\/PEEK-POWER-3.webp","datePublished":"2025-05-25T19:56:27+00:00","dateModified":"2026-03-05T10:42:19+00:00","description":"Le bac \u00e0 shampoing \u00e9lectrique PEEK POWER + vous offre une exp\u00e9rience client exceptionnelle. Ne manquez pas cette solution incontournable pour votre salon !\u2728","breadcrumb":{"@id":"https:\/\/groupecoiff.com\/produit\/bac-a-shampoing-electrique-peek-power\/#breadcrumb"},"inLanguage":"en-US","potentialAction":[{"@type":"ReadAction","target":["https:\/\/groupecoiff.com\/produit\/bac-a-shampoing-electrique-peek-power\/"]}]},{"@type":"ImageObject","inLanguage":"en-US","@id":"https:\/\/groupecoiff.com\/produit\/bac-a-shampoing-electrique-peek-power\/#primaryimage","url":"https:\/\/groupecoiff.com\/wp-content\/uploads\/2025\/05\/PEEK-POWER-3.webp","contentUrl":"https:\/\/groupecoiff.com\/wp-content\/uploads\/2025\/05\/PEEK-POWER-3.webp","width":600,"height":600,"caption":"Bac \u00e0 shampoing \u00e9lectrique peek power + - Bac de lavage peek power + - Mobilier de coiffure professionnel - bac de lavage pour salon de coiffure - bac de lavage \u00e9lectrique"},{"@type":"BreadcrumbList","@id":"https:\/\/groupecoiff.com\/produit\/bac-a-shampoing-electrique-peek-power\/#breadcrumb","itemListElement":[{"@type":"ListItem","position":1,"name":"Accueil","item":"https:\/\/groupecoiff.com\/"},{"@type":"ListItem","position":2,"name":"Boutique","item":"https:\/\/groupecoiff.com\/en\/boutique\/"},{"@type":"ListItem","position":3,"name":"Bac \u00e0 shampoing \u00e9lectrique PEEK POWER +"}]},{"@type":"WebSite","@id":"https:\/\/groupecoiff.com\/#website","url":"https:\/\/groupecoiff.com\/","name":"Coiff Group","description":"Everything for the hairdresser","publisher":{"@id":"https:\/\/groupecoiff.com\/#organization"},"potentialAction":[{"@type":"SearchAction","target":{"@type":"EntryPoint","urlTemplate":"https:\/\/groupecoiff.com\/?s={search_term_string}"},"query-input":{"@type":"PropertyValueSpecification","valueRequired":true,"valueName":"search_term_string"}}],"inLanguage":"en-US"},{"@type":"Organization","@id":"https:\/\/groupecoiff.com\/#organization","name":"Coiff Group","alternateName":"Groupe Coiff : Le Mobilier De Coiffure Haut de Gamme Pour Une \u00c9l\u00e9gance In\u00e9gal\u00e9e","url":"https:\/\/groupecoiff.com\/","logo":{"@type":"ImageObject","inLanguage":"en-US","@id":"https:\/\/groupecoiff.com\/#\/schema\/logo\/image\/","url":"https:\/\/groupecoiff.com\/wp-content\/uploads\/2024\/01\/cropped-Groupe-Coiff-Logo.webp","contentUrl":"https:\/\/groupecoiff.com\/wp-content\/uploads\/2024\/01\/cropped-Groupe-Coiff-Logo.webp","width":512,"height":512,"caption":"Groupe Coiff"},"image":{"@id":"https:\/\/groupecoiff.com\/#\/schema\/logo\/image\/"},"sameAs":["https:\/\/www.facebook.com\/GroupeCoiff","https:\/\/x.com\/groupecoiff","https:\/\/www.instagram.com\/groupecoiff\/","https:\/\/www.tiktok.com\/@groupecoiff","https:\/\/www.youtube.com\/@groupecoiff","https:\/\/twitter.com\/groupecoiff","https:\/\/www.leboncoin.fr\/boutique\/3961302\/groupe_coiff.htm"],"description":"Discover Groupe Coiff's top-of-the-range hairdressing furniture, combining elegance and functionality to enhance your salon and satisfy your customers.","email":"contact@groupecoiff.com","telephone":"0676951605","legalName":"Groupe Coiff","foundingDate":"2022-11-16","vatID":"FR84921406419","taxID":"92140641900025"}]},"product_price_amount":"790.00","product_price_currency":"EUR","og_availability":"instock","product_availability":"instock","product_condition":"new"},"jetpack_publicize_connections":[],"jetpack_likes_enabled":true,"jetpack_sharing_enabled":true,"_links":{"self":[{"href":"https:\/\/groupecoiff.com\/en\/wp-json\/wp\/v2\/product\/42430","targetHints":{"allow":["GET"]}}],"collection":[{"href":"https:\/\/groupecoiff.com\/en\/wp-json\/wp\/v2\/product"}],"about":[{"href":"https:\/\/groupecoiff.com\/en\/wp-json\/wp\/v2\/types\/product"}],"replies":[{"embeddable":true,"href":"https:\/\/groupecoiff.com\/en\/wp-json\/wp\/v2\/comments?post=42430"}],"version-history":[{"count":2,"href":"https:\/\/groupecoiff.com\/en\/wp-json\/wp\/v2\/product\/42430\/revisions"}],"predecessor-version":[{"id":50656,"href":"https:\/\/groupecoiff.com\/en\/wp-json\/wp\/v2\/product\/42430\/revisions\/50656"}],"wp:featuredmedia":[{"embeddable":true,"href":"https:\/\/groupecoiff.com\/en\/wp-json\/wp\/v2\/media\/47683"}],"wp:attachment":[{"href":"https:\/\/groupecoiff.com\/en\/wp-json\/wp\/v2\/media?parent=42430"}],"wp:term":[{"taxonomy":"product_brand","embeddable":true,"href":"https:\/\/groupecoiff.com\/en\/wp-json\/wp\/v2\/product_brand?post=42430"},{"taxonomy":"product_cat","embeddable":true,"href":"https:\/\/groupecoiff.com\/en\/wp-json\/wp\/v2\/product_cat?post=42430"},{"taxonomy":"product_tag","embeddable":true,"href":"https:\/\/groupecoiff.com\/en\/wp-json\/wp\/v2\/product_tag?post=42430"}],"curies":[{"name":"wp","href":"https:\/\/api.w.org\/{rel}","templated":true}]}}