{"id":42575,"date":"2025-06-17T15:58:02","date_gmt":"2025-06-17T13:58:02","guid":{"rendered":"https:\/\/groupecoiff.com\/?post_type=product&#038;p=42575"},"modified":"2026-03-05T11:23:20","modified_gmt":"2026-03-05T10:23:20","slug":"bac-a-shampoing-electrique-wisp-power","status":"publish","type":"product","link":"https:\/\/groupecoiff.com\/en\/produit\/bac-a-shampoing-electrique-wisp-power\/","title":{"rendered":"Bac \u00e0 shampoing \u00e9lectrique WISP POWER +"},"content":{"rendered":"<ul>\n<li>\n<h3>WISP POWER + wash tub: Elegance and comfort for your living room<\/h3>\n<\/li>\n<\/ul>\n<p>Choose the WISP POWER + electric shampoo basin, a standard top-of-the-range model for hair salons. It's available for quick delivery within 7 days.<\/p>\n<ul>\n<li><strong>Distinctive features :<\/strong><\/li>\n<\/ul>\n<p><strong>Dimensions:<\/strong><br \/>\nHeight: 100 cm<br \/>\n- Width: 69 cm<br \/>\nLength: 132 cm<\/p>\n<p><strong>Basin :<\/strong><br \/>\nCeramic, available in black or white<br \/>\nTilting mechanism for easy adjustment<\/p>\n<ul>\n<li><strong>Confort et Ergonomie<\/strong><\/li>\n<\/ul>\n<p>Padded seat: sprung for optimum support<br \/>\nElectric footrest: Adjustable via integrated remote control<br \/>\nAdditional lumbar padding: Improves comfort during long treatments<\/p>\n<ul>\n<li><strong>Functionality and practicality<\/strong><\/li>\n<\/ul>\n<p>Quality fittings: Single-control with stainless steel piping<br \/>\nChrome-plated showerhead: Extendable for greater convenience<br \/>\nQuick Drain System: Ensures easy hygiene<\/p>\n<ul>\n<li><strong>Why choose the WISP POWER + electric wash tub?<\/strong><\/li>\n<\/ul>\n<p>Superior comfort for your customers.<br \/>\nModern design to enhance your living room.<br \/>\nUnparalleled washing experience.<\/p>\n<p>In short, the WISP POWER + shampoo container is the perfect choice for combining style and functionality. Give your customers a memorable washing experience while optimizing your workspace.<\/p>","protected":false},"excerpt":{"rendered":"<p class=\"ai-optimize-27\">\u00c9levez votre exp\u00e9rience coiffure avec le Bac \u00e0 shampoing \u00e9lectrique WISP POWER +, qui offre un ajustement facile et un confort in\u00e9gal\u00e9. Procurez-vous ce mod\u00e8le d\u00e8s aujourd&rsquo;hui ! \u2728<\/p>","protected":false},"featured_media":47659,"comment_status":"open","ping_status":"closed","template":"","meta":{"googlesitekit_rrm_CAow0YCiDA:productID":"","jetpack_post_was_ever_published":false,"jetpack_publicize_message":"","jetpack_publicize_feature_enabled":true,"jetpack_social_post_already_shared":true,"jetpack_social_options":{"image_generator_settings":{"template":"highway","default_image_id":0,"font":"","enabled":false},"version":2}},"product_brand":[576],"product_cat":[44,313],"product_tag":[323,322,324,125],"class_list":{"0":"post-42575","1":"product","2":"type-product","3":"status-publish","4":"has-post-thumbnail","6":"product_brand-weelko","7":"product_cat-bac-de-lavage","8":"product_cat-meuble-de-coiffure","9":"product_tag-bac-a-shampoing","10":"product_tag-bac-de-lavage","11":"product_tag-meuble-de-coiffure-professionnel","12":"product_tag-salon-de-coiffure","14":"first","15":"instock","16":"taxable","17":"shipping-taxable","18":"purchasable","19":"product-type-simple"},"yoast_head":"<!-- This site is optimized with the Yoast SEO Premium plugin v27.4 (Yoast SEO v27.4) - https:\/\/yoast.com\/product\/yoast-seo-premium-wordpress\/ -->\n<title>Bac \u00e0 shampoing \u00e9lectrique WISP POWER + Confort - Groupe Coiff<\/title>\n<meta name=\"description\" content=\"D\u00e9couvrez le bac \u00e0 shampoing \u00e9lectrique WISP POWER +, alliant confort et ergonomie pour votre salon. Am\u00e9liorez l&#039;exp\u00e9rience de vos clients d\u00e8s maintenant !\" \/>\n<meta name=\"robots\" content=\"index, follow, max-snippet:-1, max-image-preview:large, max-video-preview:-1\" \/>\n<link rel=\"canonical\" href=\"https:\/\/groupecoiff.com\/en\/product-2\/bac-a-shampoing-electrique-wisp-power\/\" \/>\n<meta property=\"og:locale\" content=\"en_US\" \/>\n<meta property=\"og:type\" content=\"article\" \/>\n<meta property=\"og:title\" content=\"Bac \u00e0 shampoing \u00e9lectrique WISP POWER +\" \/>\n<meta property=\"og:description\" content=\"D\u00e9couvrez le bac \u00e0 shampoing \u00e9lectrique WISP POWER +, alliant confort et ergonomie pour votre salon. Am\u00e9liorez l&#039;exp\u00e9rience de vos clients d\u00e8s maintenant !\" \/>\n<meta property=\"og:url\" content=\"https:\/\/groupecoiff.com\/en\/product-2\/bac-a-shampoing-electrique-wisp-power\/\" \/>\n<meta property=\"og:site_name\" content=\"Groupe Coiff\" \/>\n<meta property=\"article:publisher\" content=\"https:\/\/www.facebook.com\/GroupeCoiff\" \/>\n<meta property=\"article:modified_time\" content=\"2026-03-05T10:23:20+00:00\" \/>\n<meta property=\"og:image\" content=\"https:\/\/groupecoiff.com\/wp-content\/uploads\/2025\/06\/WISP-POWER-2.webp\" \/>\n\t<meta property=\"og:image:width\" content=\"600\" \/>\n\t<meta property=\"og:image:height\" content=\"600\" \/>\n\t<meta property=\"og:image:type\" content=\"image\/webp\" \/>\n<meta name=\"twitter:card\" content=\"summary_large_image\" \/>\n<meta name=\"twitter:site\" content=\"@groupecoiff\" \/>\n<meta name=\"twitter:label1\" content=\"Price\" \/>\n\t<meta name=\"twitter:data1\" content=\"890,00&nbsp;&euro;\" \/>\n\t<meta name=\"twitter:label2\" content=\"Availability\" \/>\n\t<meta name=\"twitter:data2\" content=\"In stock\" \/>\n<script type=\"application\/ld+json\" class=\"yoast-schema-graph\">{\"@context\":\"https:\\\/\\\/schema.org\",\"@graph\":[{\"@type\":\"WebPage\",\"@id\":\"https:\\\/\\\/groupecoiff.com\\\/produit\\\/bac-a-shampoing-electrique-wisp-power\\\/\",\"url\":\"https:\\\/\\\/groupecoiff.com\\\/produit\\\/bac-a-shampoing-electrique-wisp-power\\\/\",\"name\":\"Bac \u00e0 shampoing \u00e9lectrique WISP POWER + Confort - Groupe Coiff\",\"isPartOf\":{\"@id\":\"https:\\\/\\\/groupecoiff.com\\\/#website\"},\"primaryImageOfPage\":{\"@id\":\"https:\\\/\\\/groupecoiff.com\\\/produit\\\/bac-a-shampoing-electrique-wisp-power\\\/#primaryimage\"},\"image\":{\"@id\":\"https:\\\/\\\/groupecoiff.com\\\/produit\\\/bac-a-shampoing-electrique-wisp-power\\\/#primaryimage\"},\"thumbnailUrl\":\"https:\\\/\\\/groupecoiff.com\\\/wp-content\\\/uploads\\\/2025\\\/06\\\/WISP-POWER-2.webp\",\"datePublished\":\"2025-06-17T13:58:02+00:00\",\"dateModified\":\"2026-03-05T10:23:20+00:00\",\"description\":\"D\u00e9couvrez le bac \u00e0 shampoing \u00e9lectrique WISP POWER +, alliant confort et ergonomie pour votre salon. Am\u00e9liorez l'exp\u00e9rience de vos clients d\u00e8s maintenant !\",\"breadcrumb\":{\"@id\":\"https:\\\/\\\/groupecoiff.com\\\/produit\\\/bac-a-shampoing-electrique-wisp-power\\\/#breadcrumb\"},\"inLanguage\":\"en-US\",\"potentialAction\":[{\"@type\":\"ReadAction\",\"target\":[\"https:\\\/\\\/groupecoiff.com\\\/produit\\\/bac-a-shampoing-electrique-wisp-power\\\/\"]}]},{\"@type\":\"ImageObject\",\"inLanguage\":\"en-US\",\"@id\":\"https:\\\/\\\/groupecoiff.com\\\/produit\\\/bac-a-shampoing-electrique-wisp-power\\\/#primaryimage\",\"url\":\"https:\\\/\\\/groupecoiff.com\\\/wp-content\\\/uploads\\\/2025\\\/06\\\/WISP-POWER-2.webp\",\"contentUrl\":\"https:\\\/\\\/groupecoiff.com\\\/wp-content\\\/uploads\\\/2025\\\/06\\\/WISP-POWER-2.webp\",\"width\":600,\"height\":600,\"caption\":\"Bac \u00e0 shampoing \u00e9lectrique wisp power + - Bac de lavage wisp power + - Mobilier de coiffure professionnel - bac de lavage pour salon de coiffure - bac de lavage \u00e9lectrique\"},{\"@type\":\"BreadcrumbList\",\"@id\":\"https:\\\/\\\/groupecoiff.com\\\/produit\\\/bac-a-shampoing-electrique-wisp-power\\\/#breadcrumb\",\"itemListElement\":[{\"@type\":\"ListItem\",\"position\":1,\"name\":\"Accueil\",\"item\":\"https:\\\/\\\/groupecoiff.com\\\/\"},{\"@type\":\"ListItem\",\"position\":2,\"name\":\"Boutique\",\"item\":\"https:\\\/\\\/groupecoiff.com\\\/boutique\\\/\"},{\"@type\":\"ListItem\",\"position\":3,\"name\":\"Bac \u00e0 shampoing \u00e9lectrique WISP POWER +\"}]},{\"@type\":\"WebSite\",\"@id\":\"https:\\\/\\\/groupecoiff.com\\\/#website\",\"url\":\"https:\\\/\\\/groupecoiff.com\\\/\",\"name\":\"Groupe Coiff\",\"description\":\"Tout pour la coiffure\",\"publisher\":{\"@id\":\"https:\\\/\\\/groupecoiff.com\\\/#organization\"},\"potentialAction\":[{\"@type\":\"SearchAction\",\"target\":{\"@type\":\"EntryPoint\",\"urlTemplate\":\"https:\\\/\\\/groupecoiff.com\\\/?s={search_term_string}\"},\"query-input\":{\"@type\":\"PropertyValueSpecification\",\"valueRequired\":true,\"valueName\":\"search_term_string\"}}],\"inLanguage\":\"en-US\"},{\"@type\":\"Organization\",\"@id\":\"https:\\\/\\\/groupecoiff.com\\\/#organization\",\"name\":\"Groupe Coiff\",\"alternateName\":\"Groupe Coiff : Le Mobilier De Coiffure Haut de Gamme Pour Une \u00c9l\u00e9gance In\u00e9gal\u00e9e\",\"url\":\"https:\\\/\\\/groupecoiff.com\\\/\",\"logo\":{\"@type\":\"ImageObject\",\"inLanguage\":\"en-US\",\"@id\":\"https:\\\/\\\/groupecoiff.com\\\/#\\\/schema\\\/logo\\\/image\\\/\",\"url\":\"https:\\\/\\\/groupecoiff.com\\\/wp-content\\\/uploads\\\/2024\\\/01\\\/cropped-Groupe-Coiff-Logo.webp\",\"contentUrl\":\"https:\\\/\\\/groupecoiff.com\\\/wp-content\\\/uploads\\\/2024\\\/01\\\/cropped-Groupe-Coiff-Logo.webp\",\"width\":512,\"height\":512,\"caption\":\"Groupe Coiff\"},\"image\":{\"@id\":\"https:\\\/\\\/groupecoiff.com\\\/#\\\/schema\\\/logo\\\/image\\\/\"},\"sameAs\":[\"https:\\\/\\\/www.facebook.com\\\/GroupeCoiff\",\"https:\\\/\\\/x.com\\\/groupecoiff\",\"https:\\\/\\\/www.instagram.com\\\/groupecoiff\\\/\",\"https:\\\/\\\/www.tiktok.com\\\/@groupecoiff\",\"https:\\\/\\\/www.youtube.com\\\/@groupecoiff\",\"https:\\\/\\\/twitter.com\\\/groupecoiff\",\"https:\\\/\\\/www.leboncoin.fr\\\/boutique\\\/3961302\\\/groupe_coiff.htm\"],\"description\":\"D\u00e9couvrez le mobilier de coiffure haut de gamme de Groupe Coiff, alliant \u00e9l\u00e9gance et fonctionnalit\u00e9 pour sublimer votre salon et satisfaire vos clients.\",\"email\":\"contact@groupecoiff.com\",\"telephone\":\"0676951605\",\"legalName\":\"Groupe Coiff\",\"foundingDate\":\"2022-11-16\",\"vatID\":\"FR84921406419\",\"taxID\":\"92140641900025\"}]}<\/script>\n<meta property=\"product:price:amount\" content=\"890.00\" \/>\n<meta property=\"product:price:currency\" content=\"EUR\" \/>\n<meta property=\"og:availability\" content=\"instock\" \/>\n<meta property=\"product:availability\" content=\"instock\" \/>\n<meta property=\"product:condition\" content=\"new\" \/>\n<!-- \/ Yoast SEO Premium plugin. -->","yoast_head_json":{"title":"Bac \u00e0 shampoing \u00e9lectrique WISP POWER + Confort - Groupe Coiff","description":"D\u00e9couvrez le bac \u00e0 shampoing \u00e9lectrique WISP POWER +, alliant confort et ergonomie pour votre salon. Am\u00e9liorez l'exp\u00e9rience de vos clients d\u00e8s maintenant !","robots":{"index":"index","follow":"follow","max-snippet":"max-snippet:-1","max-image-preview":"max-image-preview:large","max-video-preview":"max-video-preview:-1"},"canonical":"https:\/\/groupecoiff.com\/en\/product-2\/bac-a-shampoing-electrique-wisp-power\/","og_locale":"en_US","og_type":"article","og_title":"Bac \u00e0 shampoing \u00e9lectrique WISP POWER +","og_description":"D\u00e9couvrez le bac \u00e0 shampoing \u00e9lectrique WISP POWER +, alliant confort et ergonomie pour votre salon. Am\u00e9liorez l'exp\u00e9rience de vos clients d\u00e8s maintenant !","og_url":"https:\/\/groupecoiff.com\/en\/product-2\/bac-a-shampoing-electrique-wisp-power\/","og_site_name":"Groupe Coiff","article_publisher":"https:\/\/www.facebook.com\/GroupeCoiff","article_modified_time":"2026-03-05T10:23:20+00:00","og_image":[{"width":600,"height":600,"url":"https:\/\/groupecoiff.com\/wp-content\/uploads\/2025\/06\/WISP-POWER-2.webp","type":"image\/webp"}],"twitter_card":"summary_large_image","twitter_site":"@groupecoiff","twitter_misc":{"Price":"890,00&nbsp;&euro;","Availability":"In stock"},"schema":{"@context":"https:\/\/schema.org","@graph":[{"@type":"WebPage","@id":"https:\/\/groupecoiff.com\/produit\/bac-a-shampoing-electrique-wisp-power\/","url":"https:\/\/groupecoiff.com\/produit\/bac-a-shampoing-electrique-wisp-power\/","name":"Bac \u00e0 shampoing \u00e9lectrique WISP POWER + Confort - Groupe Coiff","isPartOf":{"@id":"https:\/\/groupecoiff.com\/#website"},"primaryImageOfPage":{"@id":"https:\/\/groupecoiff.com\/produit\/bac-a-shampoing-electrique-wisp-power\/#primaryimage"},"image":{"@id":"https:\/\/groupecoiff.com\/produit\/bac-a-shampoing-electrique-wisp-power\/#primaryimage"},"thumbnailUrl":"https:\/\/groupecoiff.com\/wp-content\/uploads\/2025\/06\/WISP-POWER-2.webp","datePublished":"2025-06-17T13:58:02+00:00","dateModified":"2026-03-05T10:23:20+00:00","description":"D\u00e9couvrez le bac \u00e0 shampoing \u00e9lectrique WISP POWER +, alliant confort et ergonomie pour votre salon. Am\u00e9liorez l'exp\u00e9rience de vos clients d\u00e8s maintenant !","breadcrumb":{"@id":"https:\/\/groupecoiff.com\/produit\/bac-a-shampoing-electrique-wisp-power\/#breadcrumb"},"inLanguage":"en-US","potentialAction":[{"@type":"ReadAction","target":["https:\/\/groupecoiff.com\/produit\/bac-a-shampoing-electrique-wisp-power\/"]}]},{"@type":"ImageObject","inLanguage":"en-US","@id":"https:\/\/groupecoiff.com\/produit\/bac-a-shampoing-electrique-wisp-power\/#primaryimage","url":"https:\/\/groupecoiff.com\/wp-content\/uploads\/2025\/06\/WISP-POWER-2.webp","contentUrl":"https:\/\/groupecoiff.com\/wp-content\/uploads\/2025\/06\/WISP-POWER-2.webp","width":600,"height":600,"caption":"Bac \u00e0 shampoing \u00e9lectrique wisp power + - Bac de lavage wisp power + - Mobilier de coiffure professionnel - bac de lavage pour salon de coiffure - bac de lavage \u00e9lectrique"},{"@type":"BreadcrumbList","@id":"https:\/\/groupecoiff.com\/produit\/bac-a-shampoing-electrique-wisp-power\/#breadcrumb","itemListElement":[{"@type":"ListItem","position":1,"name":"Accueil","item":"https:\/\/groupecoiff.com\/"},{"@type":"ListItem","position":2,"name":"Boutique","item":"https:\/\/groupecoiff.com\/boutique\/"},{"@type":"ListItem","position":3,"name":"Bac \u00e0 shampoing \u00e9lectrique WISP POWER +"}]},{"@type":"WebSite","@id":"https:\/\/groupecoiff.com\/#website","url":"https:\/\/groupecoiff.com\/","name":"Coiff Group","description":"Everything for the hairdresser","publisher":{"@id":"https:\/\/groupecoiff.com\/#organization"},"potentialAction":[{"@type":"SearchAction","target":{"@type":"EntryPoint","urlTemplate":"https:\/\/groupecoiff.com\/?s={search_term_string}"},"query-input":{"@type":"PropertyValueSpecification","valueRequired":true,"valueName":"search_term_string"}}],"inLanguage":"en-US"},{"@type":"Organization","@id":"https:\/\/groupecoiff.com\/#organization","name":"Coiff Group","alternateName":"Groupe Coiff : Le Mobilier De Coiffure Haut de Gamme Pour Une \u00c9l\u00e9gance In\u00e9gal\u00e9e","url":"https:\/\/groupecoiff.com\/","logo":{"@type":"ImageObject","inLanguage":"en-US","@id":"https:\/\/groupecoiff.com\/#\/schema\/logo\/image\/","url":"https:\/\/groupecoiff.com\/wp-content\/uploads\/2024\/01\/cropped-Groupe-Coiff-Logo.webp","contentUrl":"https:\/\/groupecoiff.com\/wp-content\/uploads\/2024\/01\/cropped-Groupe-Coiff-Logo.webp","width":512,"height":512,"caption":"Groupe Coiff"},"image":{"@id":"https:\/\/groupecoiff.com\/#\/schema\/logo\/image\/"},"sameAs":["https:\/\/www.facebook.com\/GroupeCoiff","https:\/\/x.com\/groupecoiff","https:\/\/www.instagram.com\/groupecoiff\/","https:\/\/www.tiktok.com\/@groupecoiff","https:\/\/www.youtube.com\/@groupecoiff","https:\/\/twitter.com\/groupecoiff","https:\/\/www.leboncoin.fr\/boutique\/3961302\/groupe_coiff.htm"],"description":"Discover Groupe Coiff's top-of-the-range hairdressing furniture, combining elegance and functionality to enhance your salon and satisfy your customers.","email":"contact@groupecoiff.com","telephone":"0676951605","legalName":"Groupe Coiff","foundingDate":"2022-11-16","vatID":"FR84921406419","taxID":"92140641900025"}]},"product_price_amount":"890.00","product_price_currency":"EUR","og_availability":"instock","product_availability":"instock","product_condition":"new"},"jetpack_publicize_connections":[],"jetpack_likes_enabled":true,"jetpack_sharing_enabled":true,"_links":{"self":[{"href":"https:\/\/groupecoiff.com\/en\/wp-json\/wp\/v2\/product\/42575","targetHints":{"allow":["GET"]}}],"collection":[{"href":"https:\/\/groupecoiff.com\/en\/wp-json\/wp\/v2\/product"}],"about":[{"href":"https:\/\/groupecoiff.com\/en\/wp-json\/wp\/v2\/types\/product"}],"replies":[{"embeddable":true,"href":"https:\/\/groupecoiff.com\/en\/wp-json\/wp\/v2\/comments?post=42575"}],"version-history":[{"count":2,"href":"https:\/\/groupecoiff.com\/en\/wp-json\/wp\/v2\/product\/42575\/revisions"}],"predecessor-version":[{"id":50655,"href":"https:\/\/groupecoiff.com\/en\/wp-json\/wp\/v2\/product\/42575\/revisions\/50655"}],"wp:featuredmedia":[{"embeddable":true,"href":"https:\/\/groupecoiff.com\/en\/wp-json\/wp\/v2\/media\/47659"}],"wp:attachment":[{"href":"https:\/\/groupecoiff.com\/en\/wp-json\/wp\/v2\/media?parent=42575"}],"wp:term":[{"taxonomy":"product_brand","embeddable":true,"href":"https:\/\/groupecoiff.com\/en\/wp-json\/wp\/v2\/product_brand?post=42575"},{"taxonomy":"product_cat","embeddable":true,"href":"https:\/\/groupecoiff.com\/en\/wp-json\/wp\/v2\/product_cat?post=42575"},{"taxonomy":"product_tag","embeddable":true,"href":"https:\/\/groupecoiff.com\/en\/wp-json\/wp\/v2\/product_tag?post=42575"}],"curies":[{"name":"wp","href":"https:\/\/api.w.org\/{rel}","templated":true}]}}