{"id":43180,"date":"2025-07-18T11:11:41","date_gmt":"2025-07-18T09:11:41","guid":{"rendered":"https:\/\/groupecoiff.com\/?post_type=product&#038;p=43180"},"modified":"2025-10-19T08:20:36","modified_gmt":"2025-10-19T06:20:36","slug":"santiago-styling-chair","status":"publish","type":"product","link":"https:\/\/groupecoiff.com\/en\/produit\/fauteuil-de-coiffure-santiago\/","title":{"rendered":"SANTIAGO Hairdressing Chair"},"content":{"rendered":"<ul>\n<li>\n<h4>SANTIAGO Barber Chair: Modern Elegance at Your Salon's Service<\/h4>\n<\/li>\n<\/ul>\n<div>\n<p>Offer your clients a luxurious experience. The SANTIAGO styling chair combines contemporary style with absolute comfort. It enhances the ambiance of your salon. It's the essence of high-end hairdressing furniture.<\/p>\n<ul>\n<li><strong>Exceptional Comfort and Refined Design<\/strong><\/li>\n<\/ul>\n<p>This professional styling chair is modern. It fits perfectly into elegant interiors. Its seat is very comfortable. The superior quality black faux leather upholstery adds a chic touch.<\/p>\n<p><strong>Stability and Robustness for Everyday Use<\/strong><\/p>\n<p>The SANTIAGO styling chair is designed for durability. It is very stable and sturdy. Its mechanism allows for easy height adjustment. It thus adapts to every hairdresser and client. It is a reliable professional hairdressing chair.<\/p>\n<p><strong>Perfect Harmony with the Santiago Shampoo Bowl<\/strong><\/p>\n<p>For aesthetic consistency, pair it with the <a href=\"https:\/\/groupecoiff.com\/en\/product-2\/shampoo-bottle-santiago\/\">shampoo bowl Santiago<\/a>. The harmony between the two pieces is perfect. Create a fluid and elegant workspace. This is a piece of furniture for a hair salon that enhances your entire establishment.<\/p>\n<ul>\n<li><strong>The Ultimate Women's Styling Chair<\/strong><\/li>\n<\/ul>\n<p>Although designed for everyone, this armchair is an ideal women's styling chair. Its welcoming design and comfort are highly appreciated. It adds a touch of sophistication. It makes every haircut or treatment more enjoyable.<\/p>\n<ul>\n<li><strong>Detailed Dimensions for Optimal Layout<\/strong><\/li>\n<li><strong>Total height:<\/strong> 86 cm to 101 cm (adjustable)<\/li>\n<li><strong>Seat height:<\/strong> 20 in to 26 in (adjustable)<\/li>\n<li><strong>Overall width (armrests included):<\/strong> 53 centimeters<\/li>\n<li><strong>Seat depth:<\/strong> 50 cm<\/li>\n<li><strong>Seat width:<\/strong> 45 centimeters<\/li>\n<li><strong>Backrest height:<\/strong> 44 cm<\/li>\n<\/ul>\n<p>Invest in the SANTIAGO Styling Chair. Offer your clients the comfort they deserve. Enhance your salon's prestige.<\/p>\n<\/div>\n<p>&nbsp;<\/p>","protected":false},"excerpt":{"rendered":"<p>Elevate the ambiance of your salon with the SANTIAGO styling chair. Its superior quality and elegance make it indispensable for every professional!<\/p>","protected":false},"featured_media":46450,"comment_status":"open","ping_status":"closed","template":"","meta":{"googlesitekit_rrm_CAow0YCiDA:productID":"","jetpack_publicize_message":"","jetpack_publicize_feature_enabled":true,"jetpack_social_post_already_shared":true,"jetpack_social_options":{"image_generator_settings":{"template":"highway","default_image_id":0,"font":"","enabled":false},"version":2}},"product_brand":[579],"product_cat":[44,313],"product_tag":[334,122,324,125],"class_list":["post-43180","product","type-product","status-publish","has-post-thumbnail","product_brand-gabbiano","product_cat-bac-de-lavage","product_cat-meuble-de-coiffure","product_tag-chaise-de-coiffure","product_tag-fauteuil-de-coiffure","product_tag-meuble-de-coiffure-professionnel","product_tag-salon-de-coiffure","first","instock","sale","taxable","shipping-taxable","purchasable","product-type-simple"],"yoast_head":"<!-- This site is optimized with the Yoast SEO Premium plugin v28.4 (Yoast SEO v28.4) - https:\/\/yoast.com\/product\/yoast-seo-premium-wordpress\/ -->\n<title>Fauteuil de coiffure SANTIAGO: \u00c9l\u00e9gance et Durabilit\u00e9 - Groupe Coiff<\/title>\n<meta name=\"description\" content=\"Am\u00e9liorez l&#039;exp\u00e9rience client avec le Fauteuil de coiffure SANTIAGO, un m\u00e9lange parfait de luxe et de modernit\u00e9. Ne manquez pas cette chance ! \u2728\" \/>\n<meta name=\"robots\" content=\"index, follow, max-snippet:-1, max-image-preview:large, max-video-preview:-1\" \/>\n<link rel=\"canonical\" href=\"https:\/\/groupecoiff.com\/en\/product-2\/santiago-styling-chair\/\" \/>\n<meta property=\"og:locale\" content=\"en_US\" \/>\n<meta property=\"og:type\" content=\"article\" \/>\n<meta property=\"og:title\" content=\"Fauteuil de coiffure SANTIAGO\" \/>\n<meta property=\"og:description\" content=\"Am\u00e9liorez l&#039;exp\u00e9rience client avec le Fauteuil de coiffure SANTIAGO, un m\u00e9lange parfait de luxe et de modernit\u00e9. Ne manquez pas cette chance ! \u2728\" \/>\n<meta property=\"og:url\" content=\"https:\/\/groupecoiff.com\/en\/product-2\/santiago-styling-chair\/\" \/>\n<meta property=\"og:site_name\" content=\"Groupe Coiff\" \/>\n<meta property=\"article:publisher\" content=\"https:\/\/www.facebook.com\/GroupeCoiff\" \/>\n<meta property=\"article:modified_time\" content=\"2025-10-19T06:20:36+00:00\" \/>\n<meta property=\"og:image\" content=\"https:\/\/groupecoiff.com\/wp-content\/uploads\/2025\/07\/Fauteuil_Santiago-3.webp\" \/>\n\t<meta property=\"og:image:width\" content=\"1080\" \/>\n\t<meta property=\"og:image:height\" content=\"1080\" \/>\n\t<meta property=\"og:image:type\" content=\"image\/webp\" \/>\n<meta name=\"twitter:card\" content=\"summary_large_image\" \/>\n<meta name=\"twitter:site\" content=\"@groupecoiff\" \/>\n<meta name=\"twitter:label1\" content=\"Price\" \/>\n\t<meta name=\"twitter:data1\" content=\"299,00&nbsp;&euro;\" \/>\n\t<meta name=\"twitter:label2\" content=\"Availability\" \/>\n\t<meta name=\"twitter:data2\" content=\"In stock\" \/>\n<script type=\"application\/ld+json\" class=\"yoast-schema-graph\">{\"@context\":\"https:\\\/\\\/schema.org\",\"@graph\":[{\"@type\":\"WebPage\",\"@id\":\"https:\\\/\\\/groupecoiff.com\\\/produit\\\/fauteuil-de-coiffure-santiago\\\/\",\"url\":\"https:\\\/\\\/groupecoiff.com\\\/produit\\\/fauteuil-de-coiffure-santiago\\\/\",\"name\":\"Fauteuil de coiffure SANTIAGO: \u00c9l\u00e9gance et Durabilit\u00e9 - Groupe Coiff\",\"isPartOf\":{\"@id\":\"https:\\\/\\\/groupecoiff.com\\\/#website\"},\"primaryImageOfPage\":{\"@id\":\"https:\\\/\\\/groupecoiff.com\\\/produit\\\/fauteuil-de-coiffure-santiago\\\/#primaryimage\"},\"image\":{\"@id\":\"https:\\\/\\\/groupecoiff.com\\\/produit\\\/fauteuil-de-coiffure-santiago\\\/#primaryimage\"},\"thumbnailUrl\":\"https:\\\/\\\/groupecoiff.com\\\/wp-content\\\/uploads\\\/2025\\\/07\\\/Fauteuil_Santiago-3.webp\",\"datePublished\":\"2025-07-18T09:11:41+00:00\",\"dateModified\":\"2025-10-19T06:20:36+00:00\",\"description\":\"Am\u00e9liorez l'exp\u00e9rience client avec le Fauteuil de coiffure SANTIAGO, un m\u00e9lange parfait de luxe et de modernit\u00e9. Ne manquez pas cette chance ! \u2728\",\"breadcrumb\":{\"@id\":\"https:\\\/\\\/groupecoiff.com\\\/produit\\\/fauteuil-de-coiffure-santiago\\\/#breadcrumb\"},\"inLanguage\":\"en-US\",\"potentialAction\":[{\"@type\":\"ReadAction\",\"target\":[\"https:\\\/\\\/groupecoiff.com\\\/produit\\\/fauteuil-de-coiffure-santiago\\\/\"]}]},{\"@type\":\"ImageObject\",\"inLanguage\":\"en-US\",\"@id\":\"https:\\\/\\\/groupecoiff.com\\\/produit\\\/fauteuil-de-coiffure-santiago\\\/#primaryimage\",\"url\":\"https:\\\/\\\/groupecoiff.com\\\/wp-content\\\/uploads\\\/2025\\\/07\\\/Fauteuil_Santiago-3.webp\",\"contentUrl\":\"https:\\\/\\\/groupecoiff.com\\\/wp-content\\\/uploads\\\/2025\\\/07\\\/Fauteuil_Santiago-3.webp\",\"width\":1080,\"height\":1080,\"caption\":\"Fauteuil de coiffure Santiago - chaise de coiffure Santiago - fauteuil de coiffure professionnel - mobilier coiffure professionnel - meuble pour salon de coiffure - si\u00e8ge de coiffure - fauteuil de coupe\"},{\"@type\":\"BreadcrumbList\",\"@id\":\"https:\\\/\\\/groupecoiff.com\\\/produit\\\/fauteuil-de-coiffure-santiago\\\/#breadcrumb\",\"itemListElement\":[{\"@type\":\"ListItem\",\"position\":1,\"name\":\"Accueil\",\"item\":\"https:\\\/\\\/groupecoiff.com\\\/\"},{\"@type\":\"ListItem\",\"position\":2,\"name\":\"Boutique\",\"item\":\"https:\\\/\\\/groupecoiff.com\\\/boutique\\\/\"},{\"@type\":\"ListItem\",\"position\":3,\"name\":\"Fauteuil de coiffure SANTIAGO\"}]},{\"@type\":\"WebSite\",\"@id\":\"https:\\\/\\\/groupecoiff.com\\\/#website\",\"url\":\"https:\\\/\\\/groupecoiff.com\\\/\",\"name\":\"Groupe Coiff\",\"description\":\"Tout pour la coiffure\",\"publisher\":{\"@id\":\"https:\\\/\\\/groupecoiff.com\\\/#organization\"},\"potentialAction\":[{\"@type\":\"SearchAction\",\"target\":{\"@type\":\"EntryPoint\",\"urlTemplate\":\"https:\\\/\\\/groupecoiff.com\\\/?s={search_term_string}\"},\"query-input\":{\"@type\":\"PropertyValueSpecification\",\"valueRequired\":true,\"valueName\":\"search_term_string\"}}],\"inLanguage\":\"en-US\"},{\"@type\":\"Organization\",\"@id\":\"https:\\\/\\\/groupecoiff.com\\\/#organization\",\"name\":\"Groupe Coiff\",\"alternateName\":\"Groupe Coiff : Le Mobilier De Coiffure Haut de Gamme Pour Une \u00c9l\u00e9gance In\u00e9gal\u00e9e\",\"url\":\"https:\\\/\\\/groupecoiff.com\\\/\",\"logo\":{\"@type\":\"ImageObject\",\"inLanguage\":\"en-US\",\"@id\":\"https:\\\/\\\/groupecoiff.com\\\/#\\\/schema\\\/logo\\\/image\\\/\",\"url\":\"https:\\\/\\\/groupecoiff.com\\\/wp-content\\\/uploads\\\/2024\\\/01\\\/cropped-Groupe-Coiff-Logo.webp\",\"contentUrl\":\"https:\\\/\\\/groupecoiff.com\\\/wp-content\\\/uploads\\\/2024\\\/01\\\/cropped-Groupe-Coiff-Logo.webp\",\"width\":512,\"height\":512,\"caption\":\"Groupe Coiff\"},\"image\":{\"@id\":\"https:\\\/\\\/groupecoiff.com\\\/#\\\/schema\\\/logo\\\/image\\\/\"},\"sameAs\":[\"https:\\\/\\\/www.facebook.com\\\/GroupeCoiff\",\"https:\\\/\\\/x.com\\\/groupecoiff\",\"https:\\\/\\\/www.instagram.com\\\/groupecoiff\\\/\",\"https:\\\/\\\/www.tiktok.com\\\/@groupecoiff\",\"https:\\\/\\\/www.youtube.com\\\/@groupecoiff\",\"https:\\\/\\\/twitter.com\\\/groupecoiff\",\"https:\\\/\\\/www.leboncoin.fr\\\/boutique\\\/3961302\\\/groupe_coiff.htm\"],\"description\":\"D\u00e9couvrez le mobilier de coiffure haut de gamme de Groupe Coiff, alliant \u00e9l\u00e9gance et fonctionnalit\u00e9 pour sublimer votre salon et satisfaire vos clients.\",\"email\":\"contact@groupecoiff.com\",\"telephone\":\"0676951605\",\"legalName\":\"Groupe Coiff\",\"foundingDate\":\"2022-11-16\",\"vatID\":\"FR84921406419\",\"taxID\":\"92140641900025\"}]}<\/script>\n<meta property=\"product:price:amount\" content=\"299.00\" \/>\n<meta property=\"product:price:currency\" content=\"EUR\" \/>\n<meta property=\"og:availability\" content=\"instock\" \/>\n<meta property=\"product:availability\" content=\"instock\" \/>\n<meta property=\"product:condition\" content=\"new\" \/>\n<!-- \/ Yoast SEO Premium plugin. -->","yoast_head_json":{"title":"SANTIAGO Barber Chair: Elegance and Durability - Groupe Coiff","description":"Enhance the customer experience with the SANTIAGO Styling Chair, a perfect blend of luxury and modernity. Don't miss this chance! \u2728","robots":{"index":"index","follow":"follow","max-snippet":"max-snippet:-1","max-image-preview":"max-image-preview:large","max-video-preview":"max-video-preview:-1"},"canonical":"https:\/\/groupecoiff.com\/en\/product-2\/santiago-styling-chair\/","og_locale":"en_US","og_type":"article","og_title":"Fauteuil de coiffure SANTIAGO","og_description":"Am\u00e9liorez l'exp\u00e9rience client avec le Fauteuil de coiffure SANTIAGO, un m\u00e9lange parfait de luxe et de modernit\u00e9. Ne manquez pas cette chance ! \u2728","og_url":"https:\/\/groupecoiff.com\/en\/product-2\/santiago-styling-chair\/","og_site_name":"Groupe Coiff","article_publisher":"https:\/\/www.facebook.com\/GroupeCoiff","article_modified_time":"2025-10-19T06:20:36+00:00","og_image":[{"width":1080,"height":1080,"url":"https:\/\/groupecoiff.com\/wp-content\/uploads\/2025\/07\/Fauteuil_Santiago-3.webp","type":"image\/webp"}],"twitter_card":"summary_large_image","twitter_site":"@groupecoiff","twitter_misc":{"Price":"299,00&nbsp;&euro;","Availability":"In stock"},"schema":{"@context":"https:\/\/schema.org","@graph":[{"@type":"WebPage","@id":"https:\/\/groupecoiff.com\/produit\/fauteuil-de-coiffure-santiago\/","url":"https:\/\/groupecoiff.com\/produit\/fauteuil-de-coiffure-santiago\/","name":"SANTIAGO Barber Chair: Elegance and Durability - Groupe Coiff","isPartOf":{"@id":"https:\/\/groupecoiff.com\/#website"},"primaryImageOfPage":{"@id":"https:\/\/groupecoiff.com\/produit\/fauteuil-de-coiffure-santiago\/#primaryimage"},"image":{"@id":"https:\/\/groupecoiff.com\/produit\/fauteuil-de-coiffure-santiago\/#primaryimage"},"thumbnailUrl":"https:\/\/groupecoiff.com\/wp-content\/uploads\/2025\/07\/Fauteuil_Santiago-3.webp","datePublished":"2025-07-18T09:11:41+00:00","dateModified":"2025-10-19T06:20:36+00:00","description":"Enhance the customer experience with the SANTIAGO Styling Chair, a perfect blend of luxury and modernity. Don't miss this chance! \u2728","breadcrumb":{"@id":"https:\/\/groupecoiff.com\/produit\/fauteuil-de-coiffure-santiago\/#breadcrumb"},"inLanguage":"en-US","potentialAction":[{"@type":"ReadAction","target":["https:\/\/groupecoiff.com\/produit\/fauteuil-de-coiffure-santiago\/"]}]},{"@type":"ImageObject","inLanguage":"en-US","@id":"https:\/\/groupecoiff.com\/produit\/fauteuil-de-coiffure-santiago\/#primaryimage","url":"https:\/\/groupecoiff.com\/wp-content\/uploads\/2025\/07\/Fauteuil_Santiago-3.webp","contentUrl":"https:\/\/groupecoiff.com\/wp-content\/uploads\/2025\/07\/Fauteuil_Santiago-3.webp","width":1080,"height":1080,"caption":"Fauteuil de coiffure Santiago - chaise de coiffure Santiago - fauteuil de coiffure professionnel - mobilier coiffure professionnel - meuble pour salon de coiffure - si\u00e8ge de coiffure - fauteuil de coupe"},{"@type":"BreadcrumbList","@id":"https:\/\/groupecoiff.com\/produit\/fauteuil-de-coiffure-santiago\/#breadcrumb","itemListElement":[{"@type":"ListItem","position":1,"name":"Accueil","item":"https:\/\/groupecoiff.com\/"},{"@type":"ListItem","position":2,"name":"Boutique","item":"https:\/\/groupecoiff.com\/boutique\/"},{"@type":"ListItem","position":3,"name":"Fauteuil de coiffure SANTIAGO"}]},{"@type":"WebSite","@id":"https:\/\/groupecoiff.com\/#website","url":"https:\/\/groupecoiff.com\/","name":"Coiff Group","description":"Everything for the hairdresser","publisher":{"@id":"https:\/\/groupecoiff.com\/#organization"},"potentialAction":[{"@type":"SearchAction","target":{"@type":"EntryPoint","urlTemplate":"https:\/\/groupecoiff.com\/?s={search_term_string}"},"query-input":{"@type":"PropertyValueSpecification","valueRequired":true,"valueName":"search_term_string"}}],"inLanguage":"en-US"},{"@type":"Organization","@id":"https:\/\/groupecoiff.com\/#organization","name":"Coiff Group","alternateName":"Groupe Coiff : Le Mobilier De Coiffure Haut de Gamme Pour Une \u00c9l\u00e9gance In\u00e9gal\u00e9e","url":"https:\/\/groupecoiff.com\/","logo":{"@type":"ImageObject","inLanguage":"en-US","@id":"https:\/\/groupecoiff.com\/#\/schema\/logo\/image\/","url":"https:\/\/groupecoiff.com\/wp-content\/uploads\/2024\/01\/cropped-Groupe-Coiff-Logo.webp","contentUrl":"https:\/\/groupecoiff.com\/wp-content\/uploads\/2024\/01\/cropped-Groupe-Coiff-Logo.webp","width":512,"height":512,"caption":"Groupe Coiff"},"image":{"@id":"https:\/\/groupecoiff.com\/#\/schema\/logo\/image\/"},"sameAs":["https:\/\/www.facebook.com\/GroupeCoiff","https:\/\/x.com\/groupecoiff","https:\/\/www.instagram.com\/groupecoiff\/","https:\/\/www.tiktok.com\/@groupecoiff","https:\/\/www.youtube.com\/@groupecoiff","https:\/\/twitter.com\/groupecoiff","https:\/\/www.leboncoin.fr\/boutique\/3961302\/groupe_coiff.htm"],"description":"Discover Groupe Coiff's top-of-the-range hairdressing furniture, combining elegance and functionality to enhance your salon and satisfy your customers.","email":"contact@groupecoiff.com","telephone":"0676951605","legalName":"Groupe Coiff","foundingDate":"2022-11-16","vatID":"FR84921406419","taxID":"92140641900025"}]},"product_price_amount":"299.00","product_price_currency":"EUR","og_availability":"instock","product_availability":"instock","product_condition":"new"},"jetpack_publicize_connections":[],"jetpack_likes_enabled":true,"jetpack_sharing_enabled":true,"_links":{"self":[{"href":"https:\/\/groupecoiff.com\/en\/wp-json\/wp\/v2\/product\/43180","targetHints":{"allow":["GET"]}}],"collection":[{"href":"https:\/\/groupecoiff.com\/en\/wp-json\/wp\/v2\/product"}],"about":[{"href":"https:\/\/groupecoiff.com\/en\/wp-json\/wp\/v2\/types\/product"}],"replies":[{"embeddable":true,"href":"https:\/\/groupecoiff.com\/en\/wp-json\/wp\/v2\/comments?post=43180"}],"version-history":[{"count":0,"href":"https:\/\/groupecoiff.com\/en\/wp-json\/wp\/v2\/product\/43180\/revisions"}],"wp:featuredmedia":[{"embeddable":true,"href":"https:\/\/groupecoiff.com\/en\/wp-json\/wp\/v2\/media\/46450"}],"wp:attachment":[{"href":"https:\/\/groupecoiff.com\/en\/wp-json\/wp\/v2\/media?parent=43180"}],"wp:term":[{"taxonomy":"product_brand","embeddable":true,"href":"https:\/\/groupecoiff.com\/en\/wp-json\/wp\/v2\/product_brand?post=43180"},{"taxonomy":"product_cat","embeddable":true,"href":"https:\/\/groupecoiff.com\/en\/wp-json\/wp\/v2\/product_cat?post=43180"},{"taxonomy":"product_tag","embeddable":true,"href":"https:\/\/groupecoiff.com\/en\/wp-json\/wp\/v2\/product_tag?post=43180"}],"curies":[{"name":"wp","href":"https:\/\/api.w.org\/{rel}","templated":true}]}}