{"id":43220,"date":"2025-07-20T10:17:37","date_gmt":"2025-07-20T08:17:37","guid":{"rendered":"https:\/\/groupecoiff.com\/?post_type=product&#038;p=43220"},"modified":"2025-09-27T16:07:04","modified_gmt":"2025-09-27T14:07:04","slug":"hairstyling-trolley-garance","status":"publish","type":"product","link":"https:\/\/groupecoiff.com\/en\/produit\/chariot-de-coiffure-garance\/","title":{"rendered":"Garance styling trolley"},"content":{"rendered":"<ul>\n<li>\n<h4>GARANCE Styling Trolley: The Elegant Organization for Your Salon<\/h4>\n<\/li>\n<\/ul>\n<div class=\"container\">\n<p>Optimize your workspace. The Garance hair salon trolley, in black and gold, is the ideal solution. It combines practicality and aesthetics. It significantly improves the efficiency of your salon.<\/p>\n<p><strong>A Smart Storage Solution<\/strong><\/p>\n<p>This storage cart is designed for organization. It features two spacious drawers. Two shelves of different sizes complete the set. Easily store essential products and tools. Everything stays within reach.<\/p>\n<p><strong>Optimal Mobility and Assured Stability<\/strong><\/p>\n<p>The Garance Grey hair salon trolley is very mobile. Its rubber casters make it easy to move. They are equipped with brakes. Place this hair salon furniture wherever you want. Its stability is guaranteed.<\/p>\n<p><strong>Refined Design for a Luxurious Ambiance<\/strong><\/p>\n<p>This professional hairdressing furniture has an elegant design. Polished metallic elements in golden hues add a touch of class. Its stable, gray wood structure emphasizes the character of your interior. It's a true professional hairdressing assistant.<\/p>\n<p><strong>The Perfect Harmony of Your Living Room<\/strong><\/p>\n<p>For a coherent aesthetic, pair it with <a href=\"https:\/\/groupecoiff.com\/en\/product-2\/bac-a-shampoing-garance\/\">Shampoo bowl Garance<\/a>. The <a href=\"https:\/\/groupecoiff.com\/en\/product-2\/fauteuil-de-coiffure-garance\/\">Garance styling chair<\/a> It also completes the set. Create a harmonious and professional atmosphere. Your workspace gains elegance.<\/p>\n<p><strong>Precise Dimensions for Easy Integration<\/strong><\/p>\n<ul>\n<li><strong>Total height:<\/strong> 35.83 inches<\/li>\n<li><strong>Total width (frame):<\/strong> 36 cm<\/li>\n<li><strong>Overall depth (frame):<\/strong> 43 cm<\/li>\n<li><strong>Internal drawer dimensions:<\/strong> 29 cm (width) x 36 cm (depth) x 12 cm (height)<\/li>\n<li><strong>Height between drawers:<\/strong> 21 cm<\/li>\n<\/ul>\n<p>The Garance styling trolley is a smart investment. It optimizes your daily work. It enhances the image of your salon.<\/p>\n<\/div>","protected":false},"excerpt":{"rendered":"<p>Improve your salon's efficiency with the Garance Hairdressing Trolley. With its practical drawers, everything stays within reach! \u2728<\/p>","protected":false},"featured_media":45205,"comment_status":"open","ping_status":"closed","template":"","meta":{"googlesitekit_rrm_CAow0YCiDA:productID":"","jetpack_publicize_message":"","jetpack_publicize_feature_enabled":true,"jetpack_social_post_already_shared":true,"jetpack_social_options":{"image_generator_settings":{"template":"highway","default_image_id":0,"font":"","enabled":false},"version":2}},"product_brand":[579],"product_cat":[47],"product_tag":[565,563,564,125],"class_list":["post-43220","product","type-product","status-publish","has-post-thumbnail","product_brand-gabbiano","product_cat-chariots","product_tag-chariot-a-outils","product_tag-chariot-de-coiffure","product_tag-meuble-de-rangement","product_tag-salon-de-coiffure","first","instock","sale","featured","taxable","shipping-taxable","purchasable","product-type-simple"],"yoast_head":"<!-- This site is optimized with the Yoast SEO Premium plugin v28.3 (Yoast SEO v28.3) - https:\/\/yoast.com\/product\/yoast-seo-premium-wordpress\/ -->\n<title>Chariot de Coiffure Garance: Rangement Intelligent Assur\u00e9 - Groupe Coiff<\/title>\n<meta name=\"description\" content=\"Faites briller votre salon avec le Chariot de Coiffure Garance. Son design noir et or apporte une ambiance luxueuse, commandez-le maintenant !\" \/>\n<meta name=\"robots\" content=\"index, follow, max-snippet:-1, max-image-preview:large, max-video-preview:-1\" \/>\n<link rel=\"canonical\" href=\"https:\/\/groupecoiff.com\/en\/product-2\/hairstyling-trolley-garance\/\" \/>\n<meta property=\"og:locale\" content=\"en_US\" \/>\n<meta property=\"og:type\" content=\"article\" \/>\n<meta property=\"og:title\" content=\"Chariot de coiffure Garance\" \/>\n<meta property=\"og:description\" content=\"Faites briller votre salon avec le Chariot de Coiffure Garance. Son design noir et or apporte une ambiance luxueuse, commandez-le maintenant !\" \/>\n<meta property=\"og:url\" content=\"https:\/\/groupecoiff.com\/en\/product-2\/hairstyling-trolley-garance\/\" \/>\n<meta property=\"og:site_name\" content=\"Groupe Coiff\" \/>\n<meta property=\"article:publisher\" content=\"https:\/\/www.facebook.com\/GroupeCoiff\" \/>\n<meta property=\"article:modified_time\" content=\"2025-09-27T14:07:04+00:00\" \/>\n<meta property=\"og:image\" content=\"https:\/\/groupecoiff.com\/wp-content\/uploads\/2025\/07\/Chariot-Garance-Gold.webp\" \/>\n\t<meta property=\"og:image:width\" content=\"1200\" \/>\n\t<meta property=\"og:image:height\" content=\"1200\" \/>\n\t<meta property=\"og:image:type\" content=\"image\/webp\" \/>\n<meta name=\"twitter:card\" content=\"summary_large_image\" \/>\n<meta name=\"twitter:site\" content=\"@groupecoiff\" \/>\n<meta name=\"twitter:label1\" content=\"Price\" \/>\n\t<meta name=\"twitter:data1\" content=\"299,00&nbsp;&euro;\" \/>\n\t<meta name=\"twitter:label2\" content=\"Availability\" \/>\n\t<meta name=\"twitter:data2\" content=\"In stock\" \/>\n<script type=\"application\/ld+json\" class=\"yoast-schema-graph\">{\"@context\":\"https:\\\/\\\/schema.org\",\"@graph\":[{\"@type\":\"WebPage\",\"@id\":\"https:\\\/\\\/groupecoiff.com\\\/produit\\\/chariot-de-coiffure-garance\\\/\",\"url\":\"https:\\\/\\\/groupecoiff.com\\\/produit\\\/chariot-de-coiffure-garance\\\/\",\"name\":\"Chariot de Coiffure Garance: Rangement Intelligent Assur\u00e9 - Groupe Coiff\",\"isPartOf\":{\"@id\":\"https:\\\/\\\/groupecoiff.com\\\/#website\"},\"primaryImageOfPage\":{\"@id\":\"https:\\\/\\\/groupecoiff.com\\\/produit\\\/chariot-de-coiffure-garance\\\/#primaryimage\"},\"image\":{\"@id\":\"https:\\\/\\\/groupecoiff.com\\\/produit\\\/chariot-de-coiffure-garance\\\/#primaryimage\"},\"thumbnailUrl\":\"https:\\\/\\\/groupecoiff.com\\\/wp-content\\\/uploads\\\/2025\\\/07\\\/Chariot-Garance-Gold.webp\",\"datePublished\":\"2025-07-20T08:17:37+00:00\",\"dateModified\":\"2025-09-27T14:07:04+00:00\",\"description\":\"Faites briller votre salon avec le Chariot de Coiffure Garance. Son design noir et or apporte une ambiance luxueuse, commandez-le maintenant !\",\"breadcrumb\":{\"@id\":\"https:\\\/\\\/groupecoiff.com\\\/produit\\\/chariot-de-coiffure-garance\\\/#breadcrumb\"},\"inLanguage\":\"en-US\",\"potentialAction\":[{\"@type\":\"ReadAction\",\"target\":[\"https:\\\/\\\/groupecoiff.com\\\/produit\\\/chariot-de-coiffure-garance\\\/\"]}]},{\"@type\":\"ImageObject\",\"inLanguage\":\"en-US\",\"@id\":\"https:\\\/\\\/groupecoiff.com\\\/produit\\\/chariot-de-coiffure-garance\\\/#primaryimage\",\"url\":\"https:\\\/\\\/groupecoiff.com\\\/wp-content\\\/uploads\\\/2025\\\/07\\\/Chariot-Garance-Gold.webp\",\"contentUrl\":\"https:\\\/\\\/groupecoiff.com\\\/wp-content\\\/uploads\\\/2025\\\/07\\\/Chariot-Garance-Gold.webp\",\"width\":1200,\"height\":1200,\"caption\":\"Chariot de Coiffure Garance - meuble de rangement Garance - mobilier de coiffure professionnel - meuble de rangement Garance - Chariot pour salon de coiffure\"},{\"@type\":\"BreadcrumbList\",\"@id\":\"https:\\\/\\\/groupecoiff.com\\\/produit\\\/chariot-de-coiffure-garance\\\/#breadcrumb\",\"itemListElement\":[{\"@type\":\"ListItem\",\"position\":1,\"name\":\"Accueil\",\"item\":\"https:\\\/\\\/groupecoiff.com\\\/\"},{\"@type\":\"ListItem\",\"position\":2,\"name\":\"Boutique\",\"item\":\"https:\\\/\\\/groupecoiff.com\\\/boutique\\\/\"},{\"@type\":\"ListItem\",\"position\":3,\"name\":\"Chariot de coiffure Garance\"}]},{\"@type\":\"WebSite\",\"@id\":\"https:\\\/\\\/groupecoiff.com\\\/#website\",\"url\":\"https:\\\/\\\/groupecoiff.com\\\/\",\"name\":\"Groupe Coiff\",\"description\":\"Tout pour la coiffure\",\"publisher\":{\"@id\":\"https:\\\/\\\/groupecoiff.com\\\/#organization\"},\"potentialAction\":[{\"@type\":\"SearchAction\",\"target\":{\"@type\":\"EntryPoint\",\"urlTemplate\":\"https:\\\/\\\/groupecoiff.com\\\/?s={search_term_string}\"},\"query-input\":{\"@type\":\"PropertyValueSpecification\",\"valueRequired\":true,\"valueName\":\"search_term_string\"}}],\"inLanguage\":\"en-US\"},{\"@type\":\"Organization\",\"@id\":\"https:\\\/\\\/groupecoiff.com\\\/#organization\",\"name\":\"Groupe Coiff\",\"alternateName\":\"Groupe Coiff : Le Mobilier De Coiffure Haut de Gamme Pour Une \u00c9l\u00e9gance In\u00e9gal\u00e9e\",\"url\":\"https:\\\/\\\/groupecoiff.com\\\/\",\"logo\":{\"@type\":\"ImageObject\",\"inLanguage\":\"en-US\",\"@id\":\"https:\\\/\\\/groupecoiff.com\\\/#\\\/schema\\\/logo\\\/image\\\/\",\"url\":\"https:\\\/\\\/groupecoiff.com\\\/wp-content\\\/uploads\\\/2024\\\/01\\\/cropped-Groupe-Coiff-Logo.webp\",\"contentUrl\":\"https:\\\/\\\/groupecoiff.com\\\/wp-content\\\/uploads\\\/2024\\\/01\\\/cropped-Groupe-Coiff-Logo.webp\",\"width\":512,\"height\":512,\"caption\":\"Groupe Coiff\"},\"image\":{\"@id\":\"https:\\\/\\\/groupecoiff.com\\\/#\\\/schema\\\/logo\\\/image\\\/\"},\"sameAs\":[\"https:\\\/\\\/www.facebook.com\\\/GroupeCoiff\",\"https:\\\/\\\/x.com\\\/groupecoiff\",\"https:\\\/\\\/www.instagram.com\\\/groupecoiff\\\/\",\"https:\\\/\\\/www.tiktok.com\\\/@groupecoiff\",\"https:\\\/\\\/www.youtube.com\\\/@groupecoiff\",\"https:\\\/\\\/twitter.com\\\/groupecoiff\",\"https:\\\/\\\/www.leboncoin.fr\\\/boutique\\\/3961302\\\/groupe_coiff.htm\"],\"description\":\"D\u00e9couvrez le mobilier de coiffure haut de gamme de Groupe Coiff, alliant \u00e9l\u00e9gance et fonctionnalit\u00e9 pour sublimer votre salon et satisfaire vos clients.\",\"email\":\"contact@groupecoiff.com\",\"telephone\":\"0676951605\",\"legalName\":\"Groupe Coiff\",\"foundingDate\":\"2022-11-16\",\"vatID\":\"FR84921406419\",\"taxID\":\"92140641900025\"}]}<\/script>\n<meta property=\"product:price:amount\" content=\"299.00\" \/>\n<meta property=\"product:price:currency\" content=\"EUR\" \/>\n<meta property=\"og:availability\" content=\"instock\" \/>\n<meta property=\"product:availability\" content=\"instock\" \/>\n<meta property=\"product:condition\" content=\"new\" \/>\n<!-- \/ Yoast SEO Premium plugin. -->","yoast_head_json":{"title":"Garance Styling Trolley: Smart Storage Guaranteed - Coiff Group","description":"Make your living room shine with the Garance Styling Cart. Its black and gold design brings a luxurious ambiance, order it now!","robots":{"index":"index","follow":"follow","max-snippet":"max-snippet:-1","max-image-preview":"max-image-preview:large","max-video-preview":"max-video-preview:-1"},"canonical":"https:\/\/groupecoiff.com\/en\/product-2\/hairstyling-trolley-garance\/","og_locale":"en_US","og_type":"article","og_title":"Chariot de coiffure Garance","og_description":"Faites briller votre salon avec le Chariot de Coiffure Garance. Son design noir et or apporte une ambiance luxueuse, commandez-le maintenant !","og_url":"https:\/\/groupecoiff.com\/en\/product-2\/hairstyling-trolley-garance\/","og_site_name":"Groupe Coiff","article_publisher":"https:\/\/www.facebook.com\/GroupeCoiff","article_modified_time":"2025-09-27T14:07:04+00:00","og_image":[{"width":1200,"height":1200,"url":"https:\/\/groupecoiff.com\/wp-content\/uploads\/2025\/07\/Chariot-Garance-Gold.webp","type":"image\/webp"}],"twitter_card":"summary_large_image","twitter_site":"@groupecoiff","twitter_misc":{"Price":"299,00&nbsp;&euro;","Availability":"In stock"},"schema":{"@context":"https:\/\/schema.org","@graph":[{"@type":"WebPage","@id":"https:\/\/groupecoiff.com\/produit\/chariot-de-coiffure-garance\/","url":"https:\/\/groupecoiff.com\/produit\/chariot-de-coiffure-garance\/","name":"Garance Styling Trolley: Smart Storage Guaranteed - Coiff Group","isPartOf":{"@id":"https:\/\/groupecoiff.com\/#website"},"primaryImageOfPage":{"@id":"https:\/\/groupecoiff.com\/produit\/chariot-de-coiffure-garance\/#primaryimage"},"image":{"@id":"https:\/\/groupecoiff.com\/produit\/chariot-de-coiffure-garance\/#primaryimage"},"thumbnailUrl":"https:\/\/groupecoiff.com\/wp-content\/uploads\/2025\/07\/Chariot-Garance-Gold.webp","datePublished":"2025-07-20T08:17:37+00:00","dateModified":"2025-09-27T14:07:04+00:00","description":"Make your living room shine with the Garance Styling Cart. Its black and gold design brings a luxurious ambiance, order it now!","breadcrumb":{"@id":"https:\/\/groupecoiff.com\/produit\/chariot-de-coiffure-garance\/#breadcrumb"},"inLanguage":"en-US","potentialAction":[{"@type":"ReadAction","target":["https:\/\/groupecoiff.com\/produit\/chariot-de-coiffure-garance\/"]}]},{"@type":"ImageObject","inLanguage":"en-US","@id":"https:\/\/groupecoiff.com\/produit\/chariot-de-coiffure-garance\/#primaryimage","url":"https:\/\/groupecoiff.com\/wp-content\/uploads\/2025\/07\/Chariot-Garance-Gold.webp","contentUrl":"https:\/\/groupecoiff.com\/wp-content\/uploads\/2025\/07\/Chariot-Garance-Gold.webp","width":1200,"height":1200,"caption":"Chariot de Coiffure Garance - meuble de rangement Garance - mobilier de coiffure professionnel - meuble de rangement Garance - Chariot pour salon de coiffure"},{"@type":"BreadcrumbList","@id":"https:\/\/groupecoiff.com\/produit\/chariot-de-coiffure-garance\/#breadcrumb","itemListElement":[{"@type":"ListItem","position":1,"name":"Accueil","item":"https:\/\/groupecoiff.com\/"},{"@type":"ListItem","position":2,"name":"Boutique","item":"https:\/\/groupecoiff.com\/boutique\/"},{"@type":"ListItem","position":3,"name":"Chariot de coiffure Garance"}]},{"@type":"WebSite","@id":"https:\/\/groupecoiff.com\/#website","url":"https:\/\/groupecoiff.com\/","name":"Coiff Group","description":"Everything for the hairdresser","publisher":{"@id":"https:\/\/groupecoiff.com\/#organization"},"potentialAction":[{"@type":"SearchAction","target":{"@type":"EntryPoint","urlTemplate":"https:\/\/groupecoiff.com\/?s={search_term_string}"},"query-input":{"@type":"PropertyValueSpecification","valueRequired":true,"valueName":"search_term_string"}}],"inLanguage":"en-US"},{"@type":"Organization","@id":"https:\/\/groupecoiff.com\/#organization","name":"Coiff Group","alternateName":"Groupe Coiff : Le Mobilier De Coiffure Haut de Gamme Pour Une \u00c9l\u00e9gance In\u00e9gal\u00e9e","url":"https:\/\/groupecoiff.com\/","logo":{"@type":"ImageObject","inLanguage":"en-US","@id":"https:\/\/groupecoiff.com\/#\/schema\/logo\/image\/","url":"https:\/\/groupecoiff.com\/wp-content\/uploads\/2024\/01\/cropped-Groupe-Coiff-Logo.webp","contentUrl":"https:\/\/groupecoiff.com\/wp-content\/uploads\/2024\/01\/cropped-Groupe-Coiff-Logo.webp","width":512,"height":512,"caption":"Groupe Coiff"},"image":{"@id":"https:\/\/groupecoiff.com\/#\/schema\/logo\/image\/"},"sameAs":["https:\/\/www.facebook.com\/GroupeCoiff","https:\/\/x.com\/groupecoiff","https:\/\/www.instagram.com\/groupecoiff\/","https:\/\/www.tiktok.com\/@groupecoiff","https:\/\/www.youtube.com\/@groupecoiff","https:\/\/twitter.com\/groupecoiff","https:\/\/www.leboncoin.fr\/boutique\/3961302\/groupe_coiff.htm"],"description":"Discover Groupe Coiff's top-of-the-range hairdressing furniture, combining elegance and functionality to enhance your salon and satisfy your customers.","email":"contact@groupecoiff.com","telephone":"0676951605","legalName":"Groupe Coiff","foundingDate":"2022-11-16","vatID":"FR84921406419","taxID":"92140641900025"}]},"product_price_amount":"299.00","product_price_currency":"EUR","og_availability":"instock","product_availability":"instock","product_condition":"new"},"jetpack_publicize_connections":[],"jetpack_likes_enabled":true,"jetpack_sharing_enabled":true,"_links":{"self":[{"href":"https:\/\/groupecoiff.com\/en\/wp-json\/wp\/v2\/product\/43220","targetHints":{"allow":["GET"]}}],"collection":[{"href":"https:\/\/groupecoiff.com\/en\/wp-json\/wp\/v2\/product"}],"about":[{"href":"https:\/\/groupecoiff.com\/en\/wp-json\/wp\/v2\/types\/product"}],"replies":[{"embeddable":true,"href":"https:\/\/groupecoiff.com\/en\/wp-json\/wp\/v2\/comments?post=43220"}],"version-history":[{"count":0,"href":"https:\/\/groupecoiff.com\/en\/wp-json\/wp\/v2\/product\/43220\/revisions"}],"wp:featuredmedia":[{"embeddable":true,"href":"https:\/\/groupecoiff.com\/en\/wp-json\/wp\/v2\/media\/45205"}],"wp:attachment":[{"href":"https:\/\/groupecoiff.com\/en\/wp-json\/wp\/v2\/media?parent=43220"}],"wp:term":[{"taxonomy":"product_brand","embeddable":true,"href":"https:\/\/groupecoiff.com\/en\/wp-json\/wp\/v2\/product_brand?post=43220"},{"taxonomy":"product_cat","embeddable":true,"href":"https:\/\/groupecoiff.com\/en\/wp-json\/wp\/v2\/product_cat?post=43220"},{"taxonomy":"product_tag","embeddable":true,"href":"https:\/\/groupecoiff.com\/en\/wp-json\/wp\/v2\/product_tag?post=43220"}],"curies":[{"name":"wp","href":"https:\/\/api.w.org\/{rel}","templated":true}]}}