{"id":43271,"date":"2025-07-20T12:28:27","date_gmt":"2025-07-20T10:28:27","guid":{"rendered":"https:\/\/groupecoiff.com\/?post_type=product&#038;p=43271"},"modified":"2026-05-03T19:03:01","modified_gmt":"2026-05-03T17:03:01","slug":"gracie-hairdressing-trolley","status":"publish","type":"product","link":"https:\/\/groupecoiff.com\/en\/produit\/chariot-de-coiffure-gracie\/","title":{"rendered":"Gracie Styling Trolley"},"content":{"rendered":"<h3>GRACIE Styling Trolley: The Ultimate Organization for Your Salon<\/h3>\n<div class=\"container\">\n<p>Optimize your space's efficiency. The Gracie styling cart, in black and gold, is the ideal solution. It combines elegance and functionality. It greatly simplifies the organization of your work. It's a real asset.<\/p>\n<h4><strong>A Smart Storage Solution<\/strong><\/h4>\n<p>This storage cart is designed for practicality. It is equipped with two spacious drawers. An open shelf offers additional storage space. Easily store all your necessary products and tools. Everything stays within reach.<\/p>\n<h4><strong>Easy Access to Essential Tools<\/strong><\/h4>\n<p>On the top part, you'll find two clever holders. They are suitable for most hairdryers. You can also store other equipment there. Access to your tools is direct during services. Save time.<\/p>\n<h4><strong>Sophisticated Design and Assured Durability<\/strong><\/h4>\n<p>The Gracie Styling Cart is elegant. Its matte black design is eye-catching. It integrates perfectly into professional interiors. Polished gold metal elements enhance the overall look. Its solid wood construction ensures durability.<\/p>\n<h4><strong>Simplified Cleaning and Impeccable Aesthetics<\/strong><\/h4>\n<p>The gold feet don't just add style. They make it easier to clean under the furniture. Cleanliness is essential in every professional salon.<\/p>\n<h4><strong>Precise Dimensions for a Perfect Integration<\/strong><\/h4>\n<ol>\n<li>Total height: 80 cm<\/li>\n<li>Overall width: 38 cm<\/li>\n<li>Total depth: 30 cm<\/li>\n<li>Top drawer height (interior): 20 cm<\/li>\n<li>Bottom drawer height (interior): 24 cm<\/li>\n<li>Drawer width (interior): 29 cm<\/li>\n<li>Drawer depth (interior): 13.6 inches<\/li>\n<li>Hair dryer holder diameter: 7 cm<\/li>\n<\/ol>\n<\/div>","protected":false},"excerpt":{"rendered":"<p>Create a stylish workspace with the Gracie Styling Trolley. Enjoy its smart storage for easy access to all your essentials!\u2728<\/p>","protected":false},"featured_media":52596,"comment_status":"open","ping_status":"closed","template":"","meta":{"googlesitekit_rrm_CAow0YCiDA:productID":"","jetpack_publicize_message":"","jetpack_publicize_feature_enabled":true,"jetpack_social_post_already_shared":true,"jetpack_social_options":{"image_generator_settings":{"template":"highway","default_image_id":0,"font":"","enabled":false},"version":2}},"product_brand":[579],"product_cat":[47],"product_tag":[565,563,564,125],"class_list":["post-43271","product","type-product","status-publish","has-post-thumbnail","product_brand-gabbiano","product_cat-chariots","product_tag-chariot-a-outils","product_tag-chariot-de-coiffure","product_tag-meuble-de-rangement","product_tag-salon-de-coiffure","first","instock","featured","taxable","shipping-taxable","purchasable","product-type-simple"],"yoast_head":"<!-- This site is optimized with the Yoast SEO Premium plugin v28.3 (Yoast SEO v28.3) - https:\/\/yoast.com\/product\/yoast-seo-premium-wordpress\/ -->\n<title>Chariot de coiffure Gracie avec Stockage Optimal Et Design - Groupe Coiff<\/title>\n<meta name=\"description\" content=\"D\u00e9couvrez le Chariot de coiffure Gracie : un design noir mat pour une organisation parfaite. Ayez tout \u00e0 port\u00e9e de main pour gagner du temps ! \u2728\" \/>\n<meta name=\"robots\" content=\"index, follow, max-snippet:-1, max-image-preview:large, max-video-preview:-1\" \/>\n<link rel=\"canonical\" href=\"https:\/\/groupecoiff.com\/en\/product-2\/gracie-hairdressing-trolley\/\" \/>\n<meta property=\"og:locale\" content=\"en_US\" \/>\n<meta property=\"og:type\" content=\"article\" \/>\n<meta property=\"og:title\" content=\"Chariot de coiffure Gracie\" \/>\n<meta property=\"og:description\" content=\"D\u00e9couvrez le Chariot de coiffure Gracie : un design noir mat pour une organisation parfaite. Ayez tout \u00e0 port\u00e9e de main pour gagner du temps ! \u2728\" \/>\n<meta property=\"og:url\" content=\"https:\/\/groupecoiff.com\/en\/product-2\/gracie-hairdressing-trolley\/\" \/>\n<meta property=\"og:site_name\" content=\"Groupe Coiff\" \/>\n<meta property=\"article:publisher\" content=\"https:\/\/www.facebook.com\/GroupeCoiff\" \/>\n<meta property=\"article:modified_time\" content=\"2026-05-03T17:03:01+00:00\" \/>\n<meta property=\"og:image\" content=\"https:\/\/groupecoiff.com\/wp-content\/uploads\/2025\/07\/Meuble-de-rangemen-GRACIE-1.webp\" \/>\n\t<meta property=\"og:image:width\" content=\"650\" \/>\n\t<meta property=\"og:image:height\" content=\"650\" \/>\n\t<meta property=\"og:image:type\" content=\"image\/webp\" \/>\n<meta name=\"twitter:card\" content=\"summary_large_image\" \/>\n<meta name=\"twitter:site\" content=\"@groupecoiff\" \/>\n<meta name=\"twitter:label1\" content=\"Price\" \/>\n\t<meta name=\"twitter:data1\" content=\"149,00&nbsp;&euro;\" \/>\n\t<meta name=\"twitter:label2\" content=\"Availability\" \/>\n\t<meta name=\"twitter:data2\" content=\"In stock\" \/>\n<script type=\"application\/ld+json\" class=\"yoast-schema-graph\">{\"@context\":\"https:\\\/\\\/schema.org\",\"@graph\":[{\"@type\":\"WebPage\",\"@id\":\"https:\\\/\\\/groupecoiff.com\\\/produit\\\/chariot-de-coiffure-gracie\\\/\",\"url\":\"https:\\\/\\\/groupecoiff.com\\\/produit\\\/chariot-de-coiffure-gracie\\\/\",\"name\":\"Chariot de coiffure Gracie avec Stockage Optimal Et Design - Groupe Coiff\",\"isPartOf\":{\"@id\":\"https:\\\/\\\/groupecoiff.com\\\/#website\"},\"primaryImageOfPage\":{\"@id\":\"https:\\\/\\\/groupecoiff.com\\\/produit\\\/chariot-de-coiffure-gracie\\\/#primaryimage\"},\"image\":{\"@id\":\"https:\\\/\\\/groupecoiff.com\\\/produit\\\/chariot-de-coiffure-gracie\\\/#primaryimage\"},\"thumbnailUrl\":\"https:\\\/\\\/groupecoiff.com\\\/wp-content\\\/uploads\\\/2025\\\/07\\\/Meuble-de-rangemen-GRACIE-1.webp\",\"datePublished\":\"2025-07-20T10:28:27+00:00\",\"dateModified\":\"2026-05-03T17:03:01+00:00\",\"description\":\"D\u00e9couvrez le Chariot de coiffure Gracie : un design noir mat pour une organisation parfaite. Ayez tout \u00e0 port\u00e9e de main pour gagner du temps ! \u2728\",\"breadcrumb\":{\"@id\":\"https:\\\/\\\/groupecoiff.com\\\/produit\\\/chariot-de-coiffure-gracie\\\/#breadcrumb\"},\"inLanguage\":\"en-US\",\"potentialAction\":[{\"@type\":\"ReadAction\",\"target\":[\"https:\\\/\\\/groupecoiff.com\\\/produit\\\/chariot-de-coiffure-gracie\\\/\"]}]},{\"@type\":\"ImageObject\",\"inLanguage\":\"en-US\",\"@id\":\"https:\\\/\\\/groupecoiff.com\\\/produit\\\/chariot-de-coiffure-gracie\\\/#primaryimage\",\"url\":\"https:\\\/\\\/groupecoiff.com\\\/wp-content\\\/uploads\\\/2025\\\/07\\\/Meuble-de-rangemen-GRACIE-1.webp\",\"contentUrl\":\"https:\\\/\\\/groupecoiff.com\\\/wp-content\\\/uploads\\\/2025\\\/07\\\/Meuble-de-rangemen-GRACIE-1.webp\",\"width\":650,\"height\":650,\"caption\":\"Chariot de coiffure Gracie - meuble de rangement Gracie - mobilier de coiffure professionnel - meuble de rangement Gracie - Chariot pour salon de coiffure - groupe coiff - mobicoiff - malys\"},{\"@type\":\"BreadcrumbList\",\"@id\":\"https:\\\/\\\/groupecoiff.com\\\/produit\\\/chariot-de-coiffure-gracie\\\/#breadcrumb\",\"itemListElement\":[{\"@type\":\"ListItem\",\"position\":1,\"name\":\"Accueil\",\"item\":\"https:\\\/\\\/groupecoiff.com\\\/\"},{\"@type\":\"ListItem\",\"position\":2,\"name\":\"Boutique\",\"item\":\"https:\\\/\\\/groupecoiff.com\\\/boutique\\\/\"},{\"@type\":\"ListItem\",\"position\":3,\"name\":\"Chariot de coiffure Gracie\"}]},{\"@type\":\"WebSite\",\"@id\":\"https:\\\/\\\/groupecoiff.com\\\/#website\",\"url\":\"https:\\\/\\\/groupecoiff.com\\\/\",\"name\":\"Groupe Coiff\",\"description\":\"Tout pour la coiffure\",\"publisher\":{\"@id\":\"https:\\\/\\\/groupecoiff.com\\\/#organization\"},\"potentialAction\":[{\"@type\":\"SearchAction\",\"target\":{\"@type\":\"EntryPoint\",\"urlTemplate\":\"https:\\\/\\\/groupecoiff.com\\\/?s={search_term_string}\"},\"query-input\":{\"@type\":\"PropertyValueSpecification\",\"valueRequired\":true,\"valueName\":\"search_term_string\"}}],\"inLanguage\":\"en-US\"},{\"@type\":\"Organization\",\"@id\":\"https:\\\/\\\/groupecoiff.com\\\/#organization\",\"name\":\"Groupe Coiff\",\"alternateName\":\"Groupe Coiff : Le Mobilier De Coiffure Haut de Gamme Pour Une \u00c9l\u00e9gance In\u00e9gal\u00e9e\",\"url\":\"https:\\\/\\\/groupecoiff.com\\\/\",\"logo\":{\"@type\":\"ImageObject\",\"inLanguage\":\"en-US\",\"@id\":\"https:\\\/\\\/groupecoiff.com\\\/#\\\/schema\\\/logo\\\/image\\\/\",\"url\":\"https:\\\/\\\/groupecoiff.com\\\/wp-content\\\/uploads\\\/2024\\\/01\\\/cropped-Groupe-Coiff-Logo.webp\",\"contentUrl\":\"https:\\\/\\\/groupecoiff.com\\\/wp-content\\\/uploads\\\/2024\\\/01\\\/cropped-Groupe-Coiff-Logo.webp\",\"width\":512,\"height\":512,\"caption\":\"Groupe Coiff\"},\"image\":{\"@id\":\"https:\\\/\\\/groupecoiff.com\\\/#\\\/schema\\\/logo\\\/image\\\/\"},\"sameAs\":[\"https:\\\/\\\/www.facebook.com\\\/GroupeCoiff\",\"https:\\\/\\\/x.com\\\/groupecoiff\",\"https:\\\/\\\/www.instagram.com\\\/groupecoiff\\\/\",\"https:\\\/\\\/www.tiktok.com\\\/@groupecoiff\",\"https:\\\/\\\/www.youtube.com\\\/@groupecoiff\",\"https:\\\/\\\/twitter.com\\\/groupecoiff\",\"https:\\\/\\\/www.leboncoin.fr\\\/boutique\\\/3961302\\\/groupe_coiff.htm\"],\"description\":\"D\u00e9couvrez le mobilier de coiffure haut de gamme de Groupe Coiff, alliant \u00e9l\u00e9gance et fonctionnalit\u00e9 pour sublimer votre salon et satisfaire vos clients.\",\"email\":\"contact@groupecoiff.com\",\"telephone\":\"0676951605\",\"legalName\":\"Groupe Coiff\",\"foundingDate\":\"2022-11-16\",\"vatID\":\"FR84921406419\",\"taxID\":\"92140641900025\"}]}<\/script>\n<meta property=\"product:price:amount\" content=\"149.00\" \/>\n<meta property=\"product:price:currency\" content=\"EUR\" \/>\n<meta property=\"og:availability\" content=\"instock\" \/>\n<meta property=\"product:availability\" content=\"instock\" \/>\n<meta property=\"product:condition\" content=\"new\" \/>\n<!-- \/ Yoast SEO Premium plugin. -->","yoast_head_json":{"title":"Gracie Styling Cart with Optimal Storage and Design - Coiffure Group","description":"Discover the Gracie styling trolley: a matte black design for perfect organization. Have everything within reach to save time! \u2728","robots":{"index":"index","follow":"follow","max-snippet":"max-snippet:-1","max-image-preview":"max-image-preview:large","max-video-preview":"max-video-preview:-1"},"canonical":"https:\/\/groupecoiff.com\/en\/product-2\/gracie-hairdressing-trolley\/","og_locale":"en_US","og_type":"article","og_title":"Chariot de coiffure Gracie","og_description":"D\u00e9couvrez le Chariot de coiffure Gracie : un design noir mat pour une organisation parfaite. Ayez tout \u00e0 port\u00e9e de main pour gagner du temps ! \u2728","og_url":"https:\/\/groupecoiff.com\/en\/product-2\/gracie-hairdressing-trolley\/","og_site_name":"Groupe Coiff","article_publisher":"https:\/\/www.facebook.com\/GroupeCoiff","article_modified_time":"2026-05-03T17:03:01+00:00","og_image":[{"width":650,"height":650,"url":"https:\/\/groupecoiff.com\/wp-content\/uploads\/2025\/07\/Meuble-de-rangemen-GRACIE-1.webp","type":"image\/webp"}],"twitter_card":"summary_large_image","twitter_site":"@groupecoiff","twitter_misc":{"Price":"149,00&nbsp;&euro;","Availability":"In stock"},"schema":{"@context":"https:\/\/schema.org","@graph":[{"@type":"WebPage","@id":"https:\/\/groupecoiff.com\/produit\/chariot-de-coiffure-gracie\/","url":"https:\/\/groupecoiff.com\/produit\/chariot-de-coiffure-gracie\/","name":"Gracie Styling Cart with Optimal Storage and Design - Coiffure Group","isPartOf":{"@id":"https:\/\/groupecoiff.com\/#website"},"primaryImageOfPage":{"@id":"https:\/\/groupecoiff.com\/produit\/chariot-de-coiffure-gracie\/#primaryimage"},"image":{"@id":"https:\/\/groupecoiff.com\/produit\/chariot-de-coiffure-gracie\/#primaryimage"},"thumbnailUrl":"https:\/\/groupecoiff.com\/wp-content\/uploads\/2025\/07\/Meuble-de-rangemen-GRACIE-1.webp","datePublished":"2025-07-20T10:28:27+00:00","dateModified":"2026-05-03T17:03:01+00:00","description":"Discover the Gracie styling trolley: a matte black design for perfect organization. Have everything within reach to save time! \u2728","breadcrumb":{"@id":"https:\/\/groupecoiff.com\/produit\/chariot-de-coiffure-gracie\/#breadcrumb"},"inLanguage":"en-US","potentialAction":[{"@type":"ReadAction","target":["https:\/\/groupecoiff.com\/produit\/chariot-de-coiffure-gracie\/"]}]},{"@type":"ImageObject","inLanguage":"en-US","@id":"https:\/\/groupecoiff.com\/produit\/chariot-de-coiffure-gracie\/#primaryimage","url":"https:\/\/groupecoiff.com\/wp-content\/uploads\/2025\/07\/Meuble-de-rangemen-GRACIE-1.webp","contentUrl":"https:\/\/groupecoiff.com\/wp-content\/uploads\/2025\/07\/Meuble-de-rangemen-GRACIE-1.webp","width":650,"height":650,"caption":"Chariot de coiffure Gracie - meuble de rangement Gracie - mobilier de coiffure professionnel - meuble de rangement Gracie - Chariot pour salon de coiffure - groupe coiff - mobicoiff - malys"},{"@type":"BreadcrumbList","@id":"https:\/\/groupecoiff.com\/produit\/chariot-de-coiffure-gracie\/#breadcrumb","itemListElement":[{"@type":"ListItem","position":1,"name":"Accueil","item":"https:\/\/groupecoiff.com\/"},{"@type":"ListItem","position":2,"name":"Boutique","item":"https:\/\/groupecoiff.com\/boutique\/"},{"@type":"ListItem","position":3,"name":"Chariot de coiffure Gracie"}]},{"@type":"WebSite","@id":"https:\/\/groupecoiff.com\/#website","url":"https:\/\/groupecoiff.com\/","name":"Coiff Group","description":"Everything for the hairdresser","publisher":{"@id":"https:\/\/groupecoiff.com\/#organization"},"potentialAction":[{"@type":"SearchAction","target":{"@type":"EntryPoint","urlTemplate":"https:\/\/groupecoiff.com\/?s={search_term_string}"},"query-input":{"@type":"PropertyValueSpecification","valueRequired":true,"valueName":"search_term_string"}}],"inLanguage":"en-US"},{"@type":"Organization","@id":"https:\/\/groupecoiff.com\/#organization","name":"Coiff Group","alternateName":"Groupe Coiff : Le Mobilier De Coiffure Haut de Gamme Pour Une \u00c9l\u00e9gance In\u00e9gal\u00e9e","url":"https:\/\/groupecoiff.com\/","logo":{"@type":"ImageObject","inLanguage":"en-US","@id":"https:\/\/groupecoiff.com\/#\/schema\/logo\/image\/","url":"https:\/\/groupecoiff.com\/wp-content\/uploads\/2024\/01\/cropped-Groupe-Coiff-Logo.webp","contentUrl":"https:\/\/groupecoiff.com\/wp-content\/uploads\/2024\/01\/cropped-Groupe-Coiff-Logo.webp","width":512,"height":512,"caption":"Groupe Coiff"},"image":{"@id":"https:\/\/groupecoiff.com\/#\/schema\/logo\/image\/"},"sameAs":["https:\/\/www.facebook.com\/GroupeCoiff","https:\/\/x.com\/groupecoiff","https:\/\/www.instagram.com\/groupecoiff\/","https:\/\/www.tiktok.com\/@groupecoiff","https:\/\/www.youtube.com\/@groupecoiff","https:\/\/twitter.com\/groupecoiff","https:\/\/www.leboncoin.fr\/boutique\/3961302\/groupe_coiff.htm"],"description":"Discover Groupe Coiff's top-of-the-range hairdressing furniture, combining elegance and functionality to enhance your salon and satisfy your customers.","email":"contact@groupecoiff.com","telephone":"0676951605","legalName":"Groupe Coiff","foundingDate":"2022-11-16","vatID":"FR84921406419","taxID":"92140641900025"}]},"product_price_amount":"149.00","product_price_currency":"EUR","og_availability":"instock","product_availability":"instock","product_condition":"new"},"jetpack_publicize_connections":[],"jetpack_likes_enabled":true,"jetpack_sharing_enabled":true,"_links":{"self":[{"href":"https:\/\/groupecoiff.com\/en\/wp-json\/wp\/v2\/product\/43271","targetHints":{"allow":["GET"]}}],"collection":[{"href":"https:\/\/groupecoiff.com\/en\/wp-json\/wp\/v2\/product"}],"about":[{"href":"https:\/\/groupecoiff.com\/en\/wp-json\/wp\/v2\/types\/product"}],"replies":[{"embeddable":true,"href":"https:\/\/groupecoiff.com\/en\/wp-json\/wp\/v2\/comments?post=43271"}],"version-history":[{"count":2,"href":"https:\/\/groupecoiff.com\/en\/wp-json\/wp\/v2\/product\/43271\/revisions"}],"predecessor-version":[{"id":52605,"href":"https:\/\/groupecoiff.com\/en\/wp-json\/wp\/v2\/product\/43271\/revisions\/52605"}],"wp:featuredmedia":[{"embeddable":true,"href":"https:\/\/groupecoiff.com\/en\/wp-json\/wp\/v2\/media\/52596"}],"wp:attachment":[{"href":"https:\/\/groupecoiff.com\/en\/wp-json\/wp\/v2\/media?parent=43271"}],"wp:term":[{"taxonomy":"product_brand","embeddable":true,"href":"https:\/\/groupecoiff.com\/en\/wp-json\/wp\/v2\/product_brand?post=43271"},{"taxonomy":"product_cat","embeddable":true,"href":"https:\/\/groupecoiff.com\/en\/wp-json\/wp\/v2\/product_cat?post=43271"},{"taxonomy":"product_tag","embeddable":true,"href":"https:\/\/groupecoiff.com\/en\/wp-json\/wp\/v2\/product_tag?post=43271"}],"curies":[{"name":"wp","href":"https:\/\/api.w.org\/{rel}","templated":true}]}}