{"id":44552,"date":"2025-09-09T21:27:06","date_gmt":"2025-09-09T19:27:06","guid":{"rendered":"https:\/\/groupecoiff.com\/?post_type=product&#038;p=44552"},"modified":"2025-09-09T21:45:10","modified_gmt":"2025-09-09T19:45:10","slug":"coiffeuse-double-face-stina","status":"publish","type":"product","link":"https:\/\/groupecoiff.com\/en\/produit\/coiffeuse-double-face-stina\/","title":{"rendered":"Coiffeuse double face STINA"},"content":{"rendered":"<ul>\n<li>\n<h4>Poste de coiffage STINA : \u00e9l\u00e9gance et performance pour votre salon<\/h4>\n<\/li>\n<\/ul>\n<p>La coiffeuse double face STINA associe design moderne et praticit\u00e9. Ce mobilier de coiffure professionnel optimise votre espace tout en offrant une exp\u00e9rience client haut de gamme.<\/p>\n<ul>\n<li><strong>Un poste de coiffage double face pratique<\/strong><\/li>\n<\/ul>\n<p>Gr\u00e2ce \u00e0 son format double, ce poste de coiffage double face permet de recevoir deux clients simultan\u00e9ment. Vous gagnez du temps et optimisez la gestion de votre espace.<\/p>\n<ul>\n<li><strong>Un meuble pour salon de coiffure \u00e9l\u00e9gant<\/strong><\/li>\n<\/ul>\n<p>La coiffeuse STINA est con\u00e7ue avec un cadre et une base en aluminium solide. Son design \u00e9pur\u00e9 s\u2019adapte parfaitement aux salons contemporains et valorise votre d\u00e9coration.<\/p>\n<ul>\n<li><strong>\u00c9quipements int\u00e9gr\u00e9s pour plus de confort<\/strong><\/li>\n<\/ul>\n<p>Cette coiffeuse est \u00e9quip\u00e9e d\u2019une lumi\u00e8re LED int\u00e9gr\u00e9e, id\u00e9ale pour un travail pr\u00e9cis. De plus, son prise \u00e9lectrique int\u00e9gr\u00e9e rend l\u2019utilisation des outils simple et sans c\u00e2bles encombrants.<\/p>\n<ul>\n<li><strong>Dimensions et finitions de qualit\u00e9<\/strong><\/li>\n<\/ul>\n<p>Ses dimensions g\u00e9n\u00e9reuses (200 x 350 x 850 cm) assurent confort et praticit\u00e9. Sa structure robuste garantit une durabilit\u00e9 exceptionnelle dans un usage quotidien.<\/p>\n<ul>\n<li><strong>Key benefits :<\/strong><\/li>\n<\/ul>\n<ol>\n<li>Optimisation de l\u2019espace avec deux postes.<\/li>\n<li>Integrated LED lighting for perfect visibility<\/li>\n<li>Prise \u00e9lectrique pratique et discr\u00e8te.<\/li>\n<li>Design moderne et durable.<\/li>\n<li>Livraison rapide et montage facile.<\/li>\n<\/ol>\n<p>La coiffeuse double face STINA est un investissement strat\u00e9gique. Ce meuble pour salon de coiffure allie \u00e9l\u00e9gance, fonctionnalit\u00e9 et durabilit\u00e9 pour r\u00e9pondre aux besoins des professionnels exigeants.<\/p>","protected":false},"excerpt":{"rendered":"<p>La coiffeuse double face STINA est id\u00e9ale pour un service rapide et efficace. Faites l&rsquo;exp\u00e9rience d&rsquo;un agencement harmonieux dans votre salon ! \ud83d\udc87<\/p>","protected":false},"featured_media":44555,"comment_status":"open","ping_status":"closed","template":"","meta":{"googlesitekit_rrm_CAow0YCiDA:productID":"","jetpack_post_was_ever_published":false,"jetpack_publicize_message":"","jetpack_publicize_feature_enabled":true,"jetpack_social_post_already_shared":true,"jetpack_social_options":{"image_generator_settings":{"template":"highway","default_image_id":0,"font":"","enabled":false},"version":2}},"product_brand":[],"product_cat":[313,48],"product_tag":[366,367,535,573],"class_list":{"0":"post-44552","1":"product","2":"type-product","3":"status-publish","4":"has-post-thumbnail","6":"product_cat-meuble-de-coiffure","7":"product_cat-poste-de-coiffage-professionnel","8":"product_tag-coiffeuse-double-face","9":"product_tag-coiffeuse-pour-salon-de-coiffure","10":"product_tag-mobilier-de-coiffure-professionnel","11":"product_tag-poste-de-coiffage-double-face","13":"first","14":"instock","15":"sale","16":"taxable","17":"shipping-taxable","18":"purchasable","19":"product-type-simple"},"yoast_head":"<!-- This site is optimized with the Yoast SEO Premium plugin v27.4 (Yoast SEO v27.4) - https:\/\/yoast.com\/product\/yoast-seo-premium-wordpress\/ -->\n<title>Coiffeuse double face STINA pour un service haut de gamme - Groupe Coiff<\/title>\n<meta name=\"description\" content=\"Transformez votre salon avec la coiffeuse double face STINA, alliant modernit\u00e9 et praticit\u00e9. Maximisez votre espace tout en restant styl\u00e9 !\" \/>\n<meta name=\"robots\" content=\"index, follow, max-snippet:-1, max-image-preview:large, max-video-preview:-1\" \/>\n<link rel=\"canonical\" href=\"https:\/\/groupecoiff.com\/en\/product-2\/coiffeuse-double-face-stina\/\" \/>\n<meta property=\"og:locale\" content=\"en_US\" \/>\n<meta property=\"og:type\" content=\"article\" \/>\n<meta property=\"og:title\" content=\"Coiffeuse double face STINA\" \/>\n<meta property=\"og:description\" content=\"Transformez votre salon avec la coiffeuse double face STINA, alliant modernit\u00e9 et praticit\u00e9. Maximisez votre espace tout en restant styl\u00e9 !\" \/>\n<meta property=\"og:url\" content=\"https:\/\/groupecoiff.com\/en\/product-2\/coiffeuse-double-face-stina\/\" \/>\n<meta property=\"og:site_name\" content=\"Groupe Coiff\" \/>\n<meta property=\"article:publisher\" content=\"https:\/\/www.facebook.com\/GroupeCoiff\" \/>\n<meta property=\"article:modified_time\" content=\"2025-09-09T19:45:10+00:00\" \/>\n<meta property=\"og:image\" content=\"https:\/\/groupecoiff.com\/wp-content\/uploads\/2025\/09\/Coiffeuse-double-face-STINA-3.webp\" \/>\n\t<meta property=\"og:image:width\" content=\"823\" \/>\n\t<meta property=\"og:image:height\" content=\"617\" \/>\n\t<meta property=\"og:image:type\" content=\"image\/webp\" \/>\n<meta name=\"twitter:card\" content=\"summary_large_image\" \/>\n<meta name=\"twitter:site\" content=\"@groupecoiff\" \/>\n<meta name=\"twitter:label1\" content=\"Price\" \/>\n\t<meta name=\"twitter:data1\" content=\"990,00&nbsp;&euro;\" \/>\n\t<meta name=\"twitter:label2\" content=\"Availability\" \/>\n\t<meta name=\"twitter:data2\" content=\"In stock\" \/>\n<script type=\"application\/ld+json\" class=\"yoast-schema-graph\">{\"@context\":\"https:\\\/\\\/schema.org\",\"@graph\":[{\"@type\":\"WebPage\",\"@id\":\"https:\\\/\\\/groupecoiff.com\\\/produit\\\/coiffeuse-double-face-stina\\\/\",\"url\":\"https:\\\/\\\/groupecoiff.com\\\/produit\\\/coiffeuse-double-face-stina\\\/\",\"name\":\"Coiffeuse double face STINA pour un service haut de gamme - Groupe Coiff\",\"isPartOf\":{\"@id\":\"https:\\\/\\\/groupecoiff.com\\\/#website\"},\"primaryImageOfPage\":{\"@id\":\"https:\\\/\\\/groupecoiff.com\\\/produit\\\/coiffeuse-double-face-stina\\\/#primaryimage\"},\"image\":{\"@id\":\"https:\\\/\\\/groupecoiff.com\\\/produit\\\/coiffeuse-double-face-stina\\\/#primaryimage\"},\"thumbnailUrl\":\"https:\\\/\\\/groupecoiff.com\\\/wp-content\\\/uploads\\\/2025\\\/09\\\/Coiffeuse-double-face-STINA-3.webp\",\"datePublished\":\"2025-09-09T19:27:06+00:00\",\"dateModified\":\"2025-09-09T19:45:10+00:00\",\"description\":\"Transformez votre salon avec la coiffeuse double face STINA, alliant modernit\u00e9 et praticit\u00e9. Maximisez votre espace tout en restant styl\u00e9 !\",\"breadcrumb\":{\"@id\":\"https:\\\/\\\/groupecoiff.com\\\/produit\\\/coiffeuse-double-face-stina\\\/#breadcrumb\"},\"inLanguage\":\"en-US\",\"potentialAction\":[{\"@type\":\"ReadAction\",\"target\":[\"https:\\\/\\\/groupecoiff.com\\\/produit\\\/coiffeuse-double-face-stina\\\/\"]}]},{\"@type\":\"ImageObject\",\"inLanguage\":\"en-US\",\"@id\":\"https:\\\/\\\/groupecoiff.com\\\/produit\\\/coiffeuse-double-face-stina\\\/#primaryimage\",\"url\":\"https:\\\/\\\/groupecoiff.com\\\/wp-content\\\/uploads\\\/2025\\\/09\\\/Coiffeuse-double-face-STINA-3.webp\",\"contentUrl\":\"https:\\\/\\\/groupecoiff.com\\\/wp-content\\\/uploads\\\/2025\\\/09\\\/Coiffeuse-double-face-STINA-3.webp\",\"width\":823,\"height\":617,\"caption\":\"Coiffeuse double face STINA - Poste de coiffage double face - Miroir double face avec Led - Mobilier de coiffure double - Mobilier pour salon de coiffure - poste de coiffure double face\"},{\"@type\":\"BreadcrumbList\",\"@id\":\"https:\\\/\\\/groupecoiff.com\\\/produit\\\/coiffeuse-double-face-stina\\\/#breadcrumb\",\"itemListElement\":[{\"@type\":\"ListItem\",\"position\":1,\"name\":\"Accueil\",\"item\":\"https:\\\/\\\/groupecoiff.com\\\/\"},{\"@type\":\"ListItem\",\"position\":2,\"name\":\"Boutique\",\"item\":\"https:\\\/\\\/groupecoiff.com\\\/boutique\\\/\"},{\"@type\":\"ListItem\",\"position\":3,\"name\":\"Coiffeuse double face STINA\"}]},{\"@type\":\"WebSite\",\"@id\":\"https:\\\/\\\/groupecoiff.com\\\/#website\",\"url\":\"https:\\\/\\\/groupecoiff.com\\\/\",\"name\":\"Groupe Coiff\",\"description\":\"Tout pour la coiffure\",\"publisher\":{\"@id\":\"https:\\\/\\\/groupecoiff.com\\\/#organization\"},\"potentialAction\":[{\"@type\":\"SearchAction\",\"target\":{\"@type\":\"EntryPoint\",\"urlTemplate\":\"https:\\\/\\\/groupecoiff.com\\\/?s={search_term_string}\"},\"query-input\":{\"@type\":\"PropertyValueSpecification\",\"valueRequired\":true,\"valueName\":\"search_term_string\"}}],\"inLanguage\":\"en-US\"},{\"@type\":\"Organization\",\"@id\":\"https:\\\/\\\/groupecoiff.com\\\/#organization\",\"name\":\"Groupe Coiff\",\"alternateName\":\"Groupe Coiff : Le Mobilier De Coiffure Haut de Gamme Pour Une \u00c9l\u00e9gance In\u00e9gal\u00e9e\",\"url\":\"https:\\\/\\\/groupecoiff.com\\\/\",\"logo\":{\"@type\":\"ImageObject\",\"inLanguage\":\"en-US\",\"@id\":\"https:\\\/\\\/groupecoiff.com\\\/#\\\/schema\\\/logo\\\/image\\\/\",\"url\":\"https:\\\/\\\/groupecoiff.com\\\/wp-content\\\/uploads\\\/2024\\\/01\\\/cropped-Groupe-Coiff-Logo.webp\",\"contentUrl\":\"https:\\\/\\\/groupecoiff.com\\\/wp-content\\\/uploads\\\/2024\\\/01\\\/cropped-Groupe-Coiff-Logo.webp\",\"width\":512,\"height\":512,\"caption\":\"Groupe Coiff\"},\"image\":{\"@id\":\"https:\\\/\\\/groupecoiff.com\\\/#\\\/schema\\\/logo\\\/image\\\/\"},\"sameAs\":[\"https:\\\/\\\/www.facebook.com\\\/GroupeCoiff\",\"https:\\\/\\\/x.com\\\/groupecoiff\",\"https:\\\/\\\/www.instagram.com\\\/groupecoiff\\\/\",\"https:\\\/\\\/www.tiktok.com\\\/@groupecoiff\",\"https:\\\/\\\/www.youtube.com\\\/@groupecoiff\",\"https:\\\/\\\/twitter.com\\\/groupecoiff\",\"https:\\\/\\\/www.leboncoin.fr\\\/boutique\\\/3961302\\\/groupe_coiff.htm\"],\"description\":\"D\u00e9couvrez le mobilier de coiffure haut de gamme de Groupe Coiff, alliant \u00e9l\u00e9gance et fonctionnalit\u00e9 pour sublimer votre salon et satisfaire vos clients.\",\"email\":\"contact@groupecoiff.com\",\"telephone\":\"0676951605\",\"legalName\":\"Groupe Coiff\",\"foundingDate\":\"2022-11-16\",\"vatID\":\"FR84921406419\",\"taxID\":\"92140641900025\"}]}<\/script>\n<meta property=\"product:price:amount\" content=\"990.00\" \/>\n<meta property=\"product:price:currency\" content=\"EUR\" \/>\n<meta property=\"og:availability\" content=\"instock\" \/>\n<meta property=\"product:availability\" content=\"instock\" \/>\n<meta property=\"product:condition\" content=\"new\" \/>\n<!-- \/ Yoast SEO Premium plugin. -->","yoast_head_json":{"title":"Coiffeuse double face STINA pour un service haut de gamme - Groupe Coiff","description":"Transformez votre salon avec la coiffeuse double face STINA, alliant modernit\u00e9 et praticit\u00e9. Maximisez votre espace tout en restant styl\u00e9 !","robots":{"index":"index","follow":"follow","max-snippet":"max-snippet:-1","max-image-preview":"max-image-preview:large","max-video-preview":"max-video-preview:-1"},"canonical":"https:\/\/groupecoiff.com\/en\/product-2\/coiffeuse-double-face-stina\/","og_locale":"en_US","og_type":"article","og_title":"Coiffeuse double face STINA","og_description":"Transformez votre salon avec la coiffeuse double face STINA, alliant modernit\u00e9 et praticit\u00e9. Maximisez votre espace tout en restant styl\u00e9 !","og_url":"https:\/\/groupecoiff.com\/en\/product-2\/coiffeuse-double-face-stina\/","og_site_name":"Groupe Coiff","article_publisher":"https:\/\/www.facebook.com\/GroupeCoiff","article_modified_time":"2025-09-09T19:45:10+00:00","og_image":[{"width":823,"height":617,"url":"https:\/\/groupecoiff.com\/wp-content\/uploads\/2025\/09\/Coiffeuse-double-face-STINA-3.webp","type":"image\/webp"}],"twitter_card":"summary_large_image","twitter_site":"@groupecoiff","twitter_misc":{"Price":"990,00&nbsp;&euro;","Availability":"In stock"},"schema":{"@context":"https:\/\/schema.org","@graph":[{"@type":"WebPage","@id":"https:\/\/groupecoiff.com\/produit\/coiffeuse-double-face-stina\/","url":"https:\/\/groupecoiff.com\/produit\/coiffeuse-double-face-stina\/","name":"Coiffeuse double face STINA pour un service haut de gamme - Groupe Coiff","isPartOf":{"@id":"https:\/\/groupecoiff.com\/#website"},"primaryImageOfPage":{"@id":"https:\/\/groupecoiff.com\/produit\/coiffeuse-double-face-stina\/#primaryimage"},"image":{"@id":"https:\/\/groupecoiff.com\/produit\/coiffeuse-double-face-stina\/#primaryimage"},"thumbnailUrl":"https:\/\/groupecoiff.com\/wp-content\/uploads\/2025\/09\/Coiffeuse-double-face-STINA-3.webp","datePublished":"2025-09-09T19:27:06+00:00","dateModified":"2025-09-09T19:45:10+00:00","description":"Transformez votre salon avec la coiffeuse double face STINA, alliant modernit\u00e9 et praticit\u00e9. Maximisez votre espace tout en restant styl\u00e9 !","breadcrumb":{"@id":"https:\/\/groupecoiff.com\/produit\/coiffeuse-double-face-stina\/#breadcrumb"},"inLanguage":"en-US","potentialAction":[{"@type":"ReadAction","target":["https:\/\/groupecoiff.com\/produit\/coiffeuse-double-face-stina\/"]}]},{"@type":"ImageObject","inLanguage":"en-US","@id":"https:\/\/groupecoiff.com\/produit\/coiffeuse-double-face-stina\/#primaryimage","url":"https:\/\/groupecoiff.com\/wp-content\/uploads\/2025\/09\/Coiffeuse-double-face-STINA-3.webp","contentUrl":"https:\/\/groupecoiff.com\/wp-content\/uploads\/2025\/09\/Coiffeuse-double-face-STINA-3.webp","width":823,"height":617,"caption":"Coiffeuse double face STINA - Poste de coiffage double face - Miroir double face avec Led - Mobilier de coiffure double - Mobilier pour salon de coiffure - poste de coiffure double face"},{"@type":"BreadcrumbList","@id":"https:\/\/groupecoiff.com\/produit\/coiffeuse-double-face-stina\/#breadcrumb","itemListElement":[{"@type":"ListItem","position":1,"name":"Accueil","item":"https:\/\/groupecoiff.com\/"},{"@type":"ListItem","position":2,"name":"Boutique","item":"https:\/\/groupecoiff.com\/boutique\/"},{"@type":"ListItem","position":3,"name":"Coiffeuse double face STINA"}]},{"@type":"WebSite","@id":"https:\/\/groupecoiff.com\/#website","url":"https:\/\/groupecoiff.com\/","name":"Coiff Group","description":"Everything for the hairdresser","publisher":{"@id":"https:\/\/groupecoiff.com\/#organization"},"potentialAction":[{"@type":"SearchAction","target":{"@type":"EntryPoint","urlTemplate":"https:\/\/groupecoiff.com\/?s={search_term_string}"},"query-input":{"@type":"PropertyValueSpecification","valueRequired":true,"valueName":"search_term_string"}}],"inLanguage":"en-US"},{"@type":"Organization","@id":"https:\/\/groupecoiff.com\/#organization","name":"Coiff Group","alternateName":"Groupe Coiff : Le Mobilier De Coiffure Haut de Gamme Pour Une \u00c9l\u00e9gance In\u00e9gal\u00e9e","url":"https:\/\/groupecoiff.com\/","logo":{"@type":"ImageObject","inLanguage":"en-US","@id":"https:\/\/groupecoiff.com\/#\/schema\/logo\/image\/","url":"https:\/\/groupecoiff.com\/wp-content\/uploads\/2024\/01\/cropped-Groupe-Coiff-Logo.webp","contentUrl":"https:\/\/groupecoiff.com\/wp-content\/uploads\/2024\/01\/cropped-Groupe-Coiff-Logo.webp","width":512,"height":512,"caption":"Groupe Coiff"},"image":{"@id":"https:\/\/groupecoiff.com\/#\/schema\/logo\/image\/"},"sameAs":["https:\/\/www.facebook.com\/GroupeCoiff","https:\/\/x.com\/groupecoiff","https:\/\/www.instagram.com\/groupecoiff\/","https:\/\/www.tiktok.com\/@groupecoiff","https:\/\/www.youtube.com\/@groupecoiff","https:\/\/twitter.com\/groupecoiff","https:\/\/www.leboncoin.fr\/boutique\/3961302\/groupe_coiff.htm"],"description":"Discover Groupe Coiff's top-of-the-range hairdressing furniture, combining elegance and functionality to enhance your salon and satisfy your customers.","email":"contact@groupecoiff.com","telephone":"0676951605","legalName":"Groupe Coiff","foundingDate":"2022-11-16","vatID":"FR84921406419","taxID":"92140641900025"}]},"product_price_amount":"990.00","product_price_currency":"EUR","og_availability":"instock","product_availability":"instock","product_condition":"new"},"jetpack_publicize_connections":[],"jetpack_likes_enabled":true,"jetpack_sharing_enabled":true,"_links":{"self":[{"href":"https:\/\/groupecoiff.com\/en\/wp-json\/wp\/v2\/product\/44552","targetHints":{"allow":["GET"]}}],"collection":[{"href":"https:\/\/groupecoiff.com\/en\/wp-json\/wp\/v2\/product"}],"about":[{"href":"https:\/\/groupecoiff.com\/en\/wp-json\/wp\/v2\/types\/product"}],"replies":[{"embeddable":true,"href":"https:\/\/groupecoiff.com\/en\/wp-json\/wp\/v2\/comments?post=44552"}],"version-history":[{"count":0,"href":"https:\/\/groupecoiff.com\/en\/wp-json\/wp\/v2\/product\/44552\/revisions"}],"wp:featuredmedia":[{"embeddable":true,"href":"https:\/\/groupecoiff.com\/en\/wp-json\/wp\/v2\/media\/44555"}],"wp:attachment":[{"href":"https:\/\/groupecoiff.com\/en\/wp-json\/wp\/v2\/media?parent=44552"}],"wp:term":[{"taxonomy":"product_brand","embeddable":true,"href":"https:\/\/groupecoiff.com\/en\/wp-json\/wp\/v2\/product_brand?post=44552"},{"taxonomy":"product_cat","embeddable":true,"href":"https:\/\/groupecoiff.com\/en\/wp-json\/wp\/v2\/product_cat?post=44552"},{"taxonomy":"product_tag","embeddable":true,"href":"https:\/\/groupecoiff.com\/en\/wp-json\/wp\/v2\/product_tag?post=44552"}],"curies":[{"name":"wp","href":"https:\/\/api.w.org\/{rel}","templated":true}]}}