{"id":44718,"date":"2025-09-18T20:12:36","date_gmt":"2025-09-18T18:12:36","guid":{"rendered":"https:\/\/groupecoiff.com\/?post_type=product&#038;p=44718"},"modified":"2025-09-18T21:09:07","modified_gmt":"2025-09-18T19:09:07","slug":"euphoria-styling-chair","status":"publish","type":"product","link":"https:\/\/groupecoiff.com\/en\/produit\/fauteuil-de-coiffure-euphoria\/","title":{"rendered":"Fauteuil de coiffure EUPHORIA"},"content":{"rendered":"<ul>\n<li>\n<h4>Chaise de coiffure EUPHORIA \u2013 Mobilier haut de gamme pour salons modernes<\/h4>\n<\/li>\n<\/ul>\n<p>Le fauteuil de coiffure EUPHORIA est con\u00e7u pour offrir confort, \u00e9l\u00e9gance et praticit\u00e9. Ce mobilier de coiffure professionnel sublime vos espaces et am\u00e9liore l\u2019exp\u00e9rience client.<\/p>\n<ul>\n<li><strong>Confort optimal et design raffin\u00e9<\/strong><\/li>\n<\/ul>\n<p>Avec son assise large et ses formes arrondies, la chaise de coiffure EUPHORIA garantit un confort durable. Le dossier profil\u00e9 et les accoudoirs enveloppants apportent bien-\u00eatre et soutien.<\/p>\n<ul>\n<li><strong>Un mobilier personnalisable<\/strong><\/li>\n<\/ul>\n<p>Ce fauteuil de coiffure haut de gamme est disponible en 59 coloris de rev\u00eatement. Plusieurs bases \u00e9l\u00e9gantes sont propos\u00e9es, avec repose-pieds en option et coussin enfant assorti.<\/p>\n<ol>\n<li>Base \u00e9toile argent\u00e9e avec pieds noirs, argent\u00e9s ou roulettes<\/li>\n<li>Base carr\u00e9e en finition argent, noir ou or<\/li>\n<li>Base ronde en argent ou or<\/li>\n<\/ol>\n<h3>Technical specifications<\/h3>\n<ol>\n<li>Width: 60 cm<\/li>\n<li>Profondeur assise : 60 cm<\/li>\n<li>Hauteur accoudoirs : 26 cm<\/li>\n<li>Hauteur dossier : 51 cm<\/li>\n<li>Base \u00e9toile : r\u00e9glable de 45,5 \u00e0 59,5 cm<\/li>\n<li>Base carr\u00e9e : r\u00e9glable de 39 \u00e0 51 cm<\/li>\n<li>Base ronde : r\u00e9glable de 42 \u00e0 57 cm<\/li>\n<\/ol>\n<ul>\n<li><strong>Un investissement durable<\/strong><\/li>\n<\/ul>\n<p>Le fauteuil de coiffure EUPHORIA s\u2019impose comme un mobilier professionnel Ceriotti fiable et durable. Son design \u00e9l\u00e9gant valorise votre salon et son confort fid\u00e9lise vos clients.<\/p>\n<ol>\n<li>Confort sup\u00e9rieur et assise ergonomique<\/li>\n<li>Large choix de finitions et coloris<\/li>\n<li>Mobilier de coiffure \u00e9l\u00e9gant et durable<\/li>\n<\/ol>\n<p>Choisir le <strong>fauteuil EUPHORIA<\/strong>, c\u2019est investir dans un \u00e9quipement haut de gamme qui allie design, confort et performance pour votre salon de coiffure.<\/p>","protected":false},"excerpt":{"rendered":"<p>Am\u00e9liorez l&rsquo;exp\u00e9rience de vos clients avec le fauteuil de coiffure EUPHORIA. Profitez de son design raffin\u00e9 et personnalisable pour vos espaces.!<\/p>","protected":false},"featured_media":44727,"comment_status":"open","ping_status":"closed","template":"","meta":{"googlesitekit_rrm_CAow0YCiDA:productID":"","jetpack_post_was_ever_published":false,"jetpack_publicize_message":"","jetpack_publicize_feature_enabled":true,"jetpack_social_post_already_shared":true,"jetpack_social_options":{"image_generator_settings":{"template":"highway","default_image_id":0,"font":"","enabled":false},"version":2}},"product_brand":[594],"product_cat":[46,313],"product_tag":[334,122,324,125],"class_list":{"0":"post-44718","1":"product","2":"type-product","3":"status-publish","4":"has-post-thumbnail","6":"product_brand-mila","7":"product_cat-fauteuil-de-coiffure","8":"product_cat-meuble-de-coiffure","9":"product_tag-chaise-de-coiffure","10":"product_tag-fauteuil-de-coiffure","11":"product_tag-meuble-de-coiffure-professionnel","12":"product_tag-salon-de-coiffure","14":"first","15":"instock","16":"taxable","17":"shipping-taxable","18":"purchasable","19":"product-type-simple"},"yoast_head":"<!-- This site is optimized with the Yoast SEO Premium plugin v27.4 (Yoast SEO v27.4) - https:\/\/yoast.com\/product\/yoast-seo-premium-wordpress\/ -->\n<title>Fauteuil de coiffure EUPHORIA: Design Raffin\u00e9 et Pratique - Groupe Coiff<\/title>\n<meta name=\"description\" content=\"Le fauteuil de coiffure EUPHORIA r\u00e9unit style et fonctionnalit\u00e9 pour un salon impeccable. Investissez dans le confort premium pour vos clients !\" \/>\n<meta name=\"robots\" content=\"index, follow, max-snippet:-1, max-image-preview:large, max-video-preview:-1\" \/>\n<link rel=\"canonical\" href=\"https:\/\/groupecoiff.com\/en\/product-2\/euphoria-styling-chair\/\" \/>\n<meta property=\"og:locale\" content=\"en_US\" \/>\n<meta property=\"og:type\" content=\"article\" \/>\n<meta property=\"og:title\" content=\"Fauteuil de coiffure EUPHORIA\" \/>\n<meta property=\"og:description\" content=\"Le fauteuil de coiffure EUPHORIA r\u00e9unit style et fonctionnalit\u00e9 pour un salon impeccable. Investissez dans le confort premium pour vos clients !\" \/>\n<meta property=\"og:url\" content=\"https:\/\/groupecoiff.com\/en\/product-2\/euphoria-styling-chair\/\" \/>\n<meta property=\"og:site_name\" content=\"Groupe Coiff\" \/>\n<meta property=\"article:publisher\" content=\"https:\/\/www.facebook.com\/GroupeCoiff\" \/>\n<meta property=\"article:modified_time\" content=\"2025-09-18T19:09:07+00:00\" \/>\n<meta property=\"og:image\" content=\"https:\/\/groupecoiff.com\/wp-content\/uploads\/2025\/09\/Fauteuil-de-coiffure-Euphoria-6-scaled.webp\" \/>\n\t<meta property=\"og:image:width\" content=\"1920\" \/>\n\t<meta property=\"og:image:height\" content=\"1920\" \/>\n\t<meta property=\"og:image:type\" content=\"image\/webp\" \/>\n<meta name=\"twitter:card\" content=\"summary_large_image\" \/>\n<meta name=\"twitter:site\" content=\"@groupecoiff\" \/>\n<meta name=\"twitter:label1\" content=\"Price\" \/>\n\t<meta name=\"twitter:data1\" content=\"769,00&nbsp;&euro;\" \/>\n\t<meta name=\"twitter:label2\" content=\"Availability\" \/>\n\t<meta name=\"twitter:data2\" content=\"In stock\" \/>\n<script type=\"application\/ld+json\" class=\"yoast-schema-graph\">{\"@context\":\"https:\\\/\\\/schema.org\",\"@graph\":[{\"@type\":\"WebPage\",\"@id\":\"https:\\\/\\\/groupecoiff.com\\\/produit\\\/fauteuil-de-coiffure-euphoria\\\/\",\"url\":\"https:\\\/\\\/groupecoiff.com\\\/produit\\\/fauteuil-de-coiffure-euphoria\\\/\",\"name\":\"Fauteuil de coiffure EUPHORIA: Design Raffin\u00e9 et Pratique - Groupe Coiff\",\"isPartOf\":{\"@id\":\"https:\\\/\\\/groupecoiff.com\\\/#website\"},\"primaryImageOfPage\":{\"@id\":\"https:\\\/\\\/groupecoiff.com\\\/produit\\\/fauteuil-de-coiffure-euphoria\\\/#primaryimage\"},\"image\":{\"@id\":\"https:\\\/\\\/groupecoiff.com\\\/produit\\\/fauteuil-de-coiffure-euphoria\\\/#primaryimage\"},\"thumbnailUrl\":\"https:\\\/\\\/groupecoiff.com\\\/wp-content\\\/uploads\\\/2025\\\/09\\\/Fauteuil-de-coiffure-Euphoria-6-scaled.webp\",\"datePublished\":\"2025-09-18T18:12:36+00:00\",\"dateModified\":\"2025-09-18T19:09:07+00:00\",\"description\":\"Le fauteuil de coiffure EUPHORIA r\u00e9unit style et fonctionnalit\u00e9 pour un salon impeccable. Investissez dans le confort premium pour vos clients !\",\"breadcrumb\":{\"@id\":\"https:\\\/\\\/groupecoiff.com\\\/produit\\\/fauteuil-de-coiffure-euphoria\\\/#breadcrumb\"},\"inLanguage\":\"en-US\",\"potentialAction\":[{\"@type\":\"ReadAction\",\"target\":[\"https:\\\/\\\/groupecoiff.com\\\/produit\\\/fauteuil-de-coiffure-euphoria\\\/\"]}]},{\"@type\":\"ImageObject\",\"inLanguage\":\"en-US\",\"@id\":\"https:\\\/\\\/groupecoiff.com\\\/produit\\\/fauteuil-de-coiffure-euphoria\\\/#primaryimage\",\"url\":\"https:\\\/\\\/groupecoiff.com\\\/wp-content\\\/uploads\\\/2025\\\/09\\\/Fauteuil-de-coiffure-Euphoria-6-scaled.webp\",\"contentUrl\":\"https:\\\/\\\/groupecoiff.com\\\/wp-content\\\/uploads\\\/2025\\\/09\\\/Fauteuil-de-coiffure-Euphoria-6-scaled.webp\",\"width\":1920,\"height\":1920,\"caption\":\"Fauteuil de coiffure EUPHORIA - chaise de coiffure EUPHORIA - fauteuil de coiffure professionnel - mobilier pour salon de coiffure - meuble pour salon de coiffure\"},{\"@type\":\"BreadcrumbList\",\"@id\":\"https:\\\/\\\/groupecoiff.com\\\/produit\\\/fauteuil-de-coiffure-euphoria\\\/#breadcrumb\",\"itemListElement\":[{\"@type\":\"ListItem\",\"position\":1,\"name\":\"Accueil\",\"item\":\"https:\\\/\\\/groupecoiff.com\\\/\"},{\"@type\":\"ListItem\",\"position\":2,\"name\":\"Boutique\",\"item\":\"https:\\\/\\\/groupecoiff.com\\\/boutique\\\/\"},{\"@type\":\"ListItem\",\"position\":3,\"name\":\"Fauteuil de coiffure EUPHORIA\"}]},{\"@type\":\"WebSite\",\"@id\":\"https:\\\/\\\/groupecoiff.com\\\/#website\",\"url\":\"https:\\\/\\\/groupecoiff.com\\\/\",\"name\":\"Groupe Coiff\",\"description\":\"Tout pour la coiffure\",\"publisher\":{\"@id\":\"https:\\\/\\\/groupecoiff.com\\\/#organization\"},\"potentialAction\":[{\"@type\":\"SearchAction\",\"target\":{\"@type\":\"EntryPoint\",\"urlTemplate\":\"https:\\\/\\\/groupecoiff.com\\\/?s={search_term_string}\"},\"query-input\":{\"@type\":\"PropertyValueSpecification\",\"valueRequired\":true,\"valueName\":\"search_term_string\"}}],\"inLanguage\":\"en-US\"},{\"@type\":\"Organization\",\"@id\":\"https:\\\/\\\/groupecoiff.com\\\/#organization\",\"name\":\"Groupe Coiff\",\"alternateName\":\"Groupe Coiff : Le Mobilier De Coiffure Haut de Gamme Pour Une \u00c9l\u00e9gance In\u00e9gal\u00e9e\",\"url\":\"https:\\\/\\\/groupecoiff.com\\\/\",\"logo\":{\"@type\":\"ImageObject\",\"inLanguage\":\"en-US\",\"@id\":\"https:\\\/\\\/groupecoiff.com\\\/#\\\/schema\\\/logo\\\/image\\\/\",\"url\":\"https:\\\/\\\/groupecoiff.com\\\/wp-content\\\/uploads\\\/2024\\\/01\\\/cropped-Groupe-Coiff-Logo.webp\",\"contentUrl\":\"https:\\\/\\\/groupecoiff.com\\\/wp-content\\\/uploads\\\/2024\\\/01\\\/cropped-Groupe-Coiff-Logo.webp\",\"width\":512,\"height\":512,\"caption\":\"Groupe Coiff\"},\"image\":{\"@id\":\"https:\\\/\\\/groupecoiff.com\\\/#\\\/schema\\\/logo\\\/image\\\/\"},\"sameAs\":[\"https:\\\/\\\/www.facebook.com\\\/GroupeCoiff\",\"https:\\\/\\\/x.com\\\/groupecoiff\",\"https:\\\/\\\/www.instagram.com\\\/groupecoiff\\\/\",\"https:\\\/\\\/www.tiktok.com\\\/@groupecoiff\",\"https:\\\/\\\/www.youtube.com\\\/@groupecoiff\",\"https:\\\/\\\/twitter.com\\\/groupecoiff\",\"https:\\\/\\\/www.leboncoin.fr\\\/boutique\\\/3961302\\\/groupe_coiff.htm\"],\"description\":\"D\u00e9couvrez le mobilier de coiffure haut de gamme de Groupe Coiff, alliant \u00e9l\u00e9gance et fonctionnalit\u00e9 pour sublimer votre salon et satisfaire vos clients.\",\"email\":\"contact@groupecoiff.com\",\"telephone\":\"0676951605\",\"legalName\":\"Groupe Coiff\",\"foundingDate\":\"2022-11-16\",\"vatID\":\"FR84921406419\",\"taxID\":\"92140641900025\"}]}<\/script>\n<meta property=\"product:price:amount\" content=\"769.00\" \/>\n<meta property=\"product:price:currency\" content=\"EUR\" \/>\n<meta property=\"og:availability\" content=\"instock\" \/>\n<meta property=\"product:availability\" content=\"instock\" \/>\n<meta property=\"product:condition\" content=\"new\" \/>\n<!-- \/ Yoast SEO Premium plugin. -->","yoast_head_json":{"title":"Fauteuil de coiffure EUPHORIA: Design Raffin\u00e9 et Pratique - Groupe Coiff","description":"Le fauteuil de coiffure EUPHORIA r\u00e9unit style et fonctionnalit\u00e9 pour un salon impeccable. Investissez dans le confort premium pour vos clients !","robots":{"index":"index","follow":"follow","max-snippet":"max-snippet:-1","max-image-preview":"max-image-preview:large","max-video-preview":"max-video-preview:-1"},"canonical":"https:\/\/groupecoiff.com\/en\/product-2\/euphoria-styling-chair\/","og_locale":"en_US","og_type":"article","og_title":"Fauteuil de coiffure EUPHORIA","og_description":"Le fauteuil de coiffure EUPHORIA r\u00e9unit style et fonctionnalit\u00e9 pour un salon impeccable. Investissez dans le confort premium pour vos clients !","og_url":"https:\/\/groupecoiff.com\/en\/product-2\/euphoria-styling-chair\/","og_site_name":"Groupe Coiff","article_publisher":"https:\/\/www.facebook.com\/GroupeCoiff","article_modified_time":"2025-09-18T19:09:07+00:00","og_image":[{"width":1920,"height":1920,"url":"https:\/\/groupecoiff.com\/wp-content\/uploads\/2025\/09\/Fauteuil-de-coiffure-Euphoria-6-scaled.webp","type":"image\/webp"}],"twitter_card":"summary_large_image","twitter_site":"@groupecoiff","twitter_misc":{"Price":"769,00&nbsp;&euro;","Availability":"In stock"},"schema":{"@context":"https:\/\/schema.org","@graph":[{"@type":"WebPage","@id":"https:\/\/groupecoiff.com\/produit\/fauteuil-de-coiffure-euphoria\/","url":"https:\/\/groupecoiff.com\/produit\/fauteuil-de-coiffure-euphoria\/","name":"Fauteuil de coiffure EUPHORIA: Design Raffin\u00e9 et Pratique - Groupe Coiff","isPartOf":{"@id":"https:\/\/groupecoiff.com\/#website"},"primaryImageOfPage":{"@id":"https:\/\/groupecoiff.com\/produit\/fauteuil-de-coiffure-euphoria\/#primaryimage"},"image":{"@id":"https:\/\/groupecoiff.com\/produit\/fauteuil-de-coiffure-euphoria\/#primaryimage"},"thumbnailUrl":"https:\/\/groupecoiff.com\/wp-content\/uploads\/2025\/09\/Fauteuil-de-coiffure-Euphoria-6-scaled.webp","datePublished":"2025-09-18T18:12:36+00:00","dateModified":"2025-09-18T19:09:07+00:00","description":"Le fauteuil de coiffure EUPHORIA r\u00e9unit style et fonctionnalit\u00e9 pour un salon impeccable. Investissez dans le confort premium pour vos clients !","breadcrumb":{"@id":"https:\/\/groupecoiff.com\/produit\/fauteuil-de-coiffure-euphoria\/#breadcrumb"},"inLanguage":"en-US","potentialAction":[{"@type":"ReadAction","target":["https:\/\/groupecoiff.com\/produit\/fauteuil-de-coiffure-euphoria\/"]}]},{"@type":"ImageObject","inLanguage":"en-US","@id":"https:\/\/groupecoiff.com\/produit\/fauteuil-de-coiffure-euphoria\/#primaryimage","url":"https:\/\/groupecoiff.com\/wp-content\/uploads\/2025\/09\/Fauteuil-de-coiffure-Euphoria-6-scaled.webp","contentUrl":"https:\/\/groupecoiff.com\/wp-content\/uploads\/2025\/09\/Fauteuil-de-coiffure-Euphoria-6-scaled.webp","width":1920,"height":1920,"caption":"Fauteuil de coiffure EUPHORIA - chaise de coiffure EUPHORIA - fauteuil de coiffure professionnel - mobilier pour salon de coiffure - meuble pour salon de coiffure"},{"@type":"BreadcrumbList","@id":"https:\/\/groupecoiff.com\/produit\/fauteuil-de-coiffure-euphoria\/#breadcrumb","itemListElement":[{"@type":"ListItem","position":1,"name":"Accueil","item":"https:\/\/groupecoiff.com\/"},{"@type":"ListItem","position":2,"name":"Boutique","item":"https:\/\/groupecoiff.com\/boutique\/"},{"@type":"ListItem","position":3,"name":"Fauteuil de coiffure EUPHORIA"}]},{"@type":"WebSite","@id":"https:\/\/groupecoiff.com\/#website","url":"https:\/\/groupecoiff.com\/","name":"Coiff Group","description":"Everything for the hairdresser","publisher":{"@id":"https:\/\/groupecoiff.com\/#organization"},"potentialAction":[{"@type":"SearchAction","target":{"@type":"EntryPoint","urlTemplate":"https:\/\/groupecoiff.com\/?s={search_term_string}"},"query-input":{"@type":"PropertyValueSpecification","valueRequired":true,"valueName":"search_term_string"}}],"inLanguage":"en-US"},{"@type":"Organization","@id":"https:\/\/groupecoiff.com\/#organization","name":"Coiff Group","alternateName":"Groupe Coiff : Le Mobilier De Coiffure Haut de Gamme Pour Une \u00c9l\u00e9gance In\u00e9gal\u00e9e","url":"https:\/\/groupecoiff.com\/","logo":{"@type":"ImageObject","inLanguage":"en-US","@id":"https:\/\/groupecoiff.com\/#\/schema\/logo\/image\/","url":"https:\/\/groupecoiff.com\/wp-content\/uploads\/2024\/01\/cropped-Groupe-Coiff-Logo.webp","contentUrl":"https:\/\/groupecoiff.com\/wp-content\/uploads\/2024\/01\/cropped-Groupe-Coiff-Logo.webp","width":512,"height":512,"caption":"Groupe Coiff"},"image":{"@id":"https:\/\/groupecoiff.com\/#\/schema\/logo\/image\/"},"sameAs":["https:\/\/www.facebook.com\/GroupeCoiff","https:\/\/x.com\/groupecoiff","https:\/\/www.instagram.com\/groupecoiff\/","https:\/\/www.tiktok.com\/@groupecoiff","https:\/\/www.youtube.com\/@groupecoiff","https:\/\/twitter.com\/groupecoiff","https:\/\/www.leboncoin.fr\/boutique\/3961302\/groupe_coiff.htm"],"description":"Discover Groupe Coiff's top-of-the-range hairdressing furniture, combining elegance and functionality to enhance your salon and satisfy your customers.","email":"contact@groupecoiff.com","telephone":"0676951605","legalName":"Groupe Coiff","foundingDate":"2022-11-16","vatID":"FR84921406419","taxID":"92140641900025"}]},"product_price_amount":"769.00","product_price_currency":"EUR","og_availability":"instock","product_availability":"instock","product_condition":"new"},"jetpack_publicize_connections":[],"jetpack_likes_enabled":true,"jetpack_sharing_enabled":true,"_links":{"self":[{"href":"https:\/\/groupecoiff.com\/en\/wp-json\/wp\/v2\/product\/44718","targetHints":{"allow":["GET"]}}],"collection":[{"href":"https:\/\/groupecoiff.com\/en\/wp-json\/wp\/v2\/product"}],"about":[{"href":"https:\/\/groupecoiff.com\/en\/wp-json\/wp\/v2\/types\/product"}],"replies":[{"embeddable":true,"href":"https:\/\/groupecoiff.com\/en\/wp-json\/wp\/v2\/comments?post=44718"}],"version-history":[{"count":1,"href":"https:\/\/groupecoiff.com\/en\/wp-json\/wp\/v2\/product\/44718\/revisions"}],"predecessor-version":[{"id":52340,"href":"https:\/\/groupecoiff.com\/en\/wp-json\/wp\/v2\/product\/44718\/revisions\/52340"}],"wp:featuredmedia":[{"embeddable":true,"href":"https:\/\/groupecoiff.com\/en\/wp-json\/wp\/v2\/media\/44727"}],"wp:attachment":[{"href":"https:\/\/groupecoiff.com\/en\/wp-json\/wp\/v2\/media?parent=44718"}],"wp:term":[{"taxonomy":"product_brand","embeddable":true,"href":"https:\/\/groupecoiff.com\/en\/wp-json\/wp\/v2\/product_brand?post=44718"},{"taxonomy":"product_cat","embeddable":true,"href":"https:\/\/groupecoiff.com\/en\/wp-json\/wp\/v2\/product_cat?post=44718"},{"taxonomy":"product_tag","embeddable":true,"href":"https:\/\/groupecoiff.com\/en\/wp-json\/wp\/v2\/product_tag?post=44718"}],"curies":[{"name":"wp","href":"https:\/\/api.w.org\/{rel}","templated":true}]}}