{"id":44797,"date":"2025-09-21T12:19:12","date_gmt":"2025-09-21T10:19:12","guid":{"rendered":"https:\/\/groupecoiff.com\/?post_type=product&#038;p=44797"},"modified":"2026-05-12T11:44:13","modified_gmt":"2026-05-12T09:44:13","slug":"waiting-canape-obsession-m","status":"publish","type":"product","link":"https:\/\/groupecoiff.com\/en\/produit\/canape-dattente-obsession-m\/","title":{"rendered":"Obsession M Appetizer"},"content":{"rendered":"<h3>OBSESSION M Sofa: Luxury and Elegance for Your Living Room<\/h3>\n<p>The OBSESSION M waiting sofa brings prestige and comfort to your space. With its asymmetrical back adorned with Swarovski\u00ae crystals and its refined bolster, it seduces with a unique design. This OBSESSION M waiting room sofa transforms your reception areas into a truly high-end venue.<\/p>\n<h4><strong>Refined and elegant design<\/strong><\/h4>\n<ul>\n<li>Padded folder with Swarovski\u00ae crystals<\/li>\n<li>Elegant bolster replacing the classic armrest<\/li>\n<li>Modern style that enhances your interior<\/li>\n<\/ul>\n<h4><strong>Full customization<\/strong><\/h4>\n<ul>\n<li>58 finishes for coatings available<\/li>\n<li>Wooden feet stained or lacquered to your liking<\/li>\n<li>Two-tone option for a unique finish (upon request)<\/li>\n<\/ul>\n<h4><strong>Comfort and robustness<\/strong><\/h4>\n<ul>\n<li>Heavy-duty solid construction<\/li>\n<li>Comfortable and durable seating for your clients<\/li>\n<li>Suitable for modern and discerning living rooms<\/li>\n<\/ul>\n<h4><strong>Dimensions and features<\/strong><\/h4>\n<ul>\n<li>Width: 133 cm.<\/li>\n<li>Depth: 60 cm.<\/li>\n<li>Height: 98 cm.<\/li>\n<li>The manufacturing time varies between 2 and 5 weeks, depending on your customization choices.<\/li>\n<\/ul>\n<p>This OBSESSION M waiting sofa combines luxury and practicality. As professional hairdressing furniture, it enhances the client experience and elevates your space. Investing in this hairdressing salon furniture means offering comfort, elegance, and durability.<\/p>","protected":false},"excerpt":{"rendered":"<p>Make a statement with the OBSESSION M waiting sofa. Its Swarovski\u00ae details and customizability make it an exceptional piece of furniture. Discover it now!\u2728<\/p>","protected":false},"featured_media":53185,"comment_status":"open","ping_status":"closed","template":"","meta":{"googlesitekit_rrm_CAow0YCiDA:productID":"","jetpack_publicize_message":"","jetpack_publicize_feature_enabled":true,"jetpack_social_post_already_shared":true,"jetpack_social_options":{"image_generator_settings":{"template":"highway","default_image_id":0,"font":"","enabled":false},"version":2}},"product_brand":[578],"product_cat":[53,313],"product_tag":[356,324,125],"class_list":["post-44797","product","type-product","status-publish","has-post-thumbnail","product_brand-ayala","product_cat-mobilier-salle-dattente","product_cat-meuble-de-coiffure","product_tag-canape-salle-dattente","product_tag-meuble-de-coiffure-professionnel","product_tag-salon-de-coiffure","first","instock","sale","taxable","shipping-taxable","purchasable","product-type-simple"],"yoast_head":"<!-- This site is optimized with the Yoast SEO Premium plugin v28.4 (Yoast SEO v28.4) - https:\/\/yoast.com\/product\/yoast-seo-premium-wordpress\/ -->\n<title>Canap\u00e9 d&#039;attente OBSESSION M avec Cristaux Swarovski\u00ae - Groupe Coiff<\/title>\n<meta name=\"description\" content=\"Apportez une touche de prestige \u00e0 votre espace avec le canap\u00e9 d&#039;attente OBSESSION M. \u00c9l\u00e9gant et personnalis\u00e9, il sublimera vos r\u00e9ceptions.\" \/>\n<meta name=\"robots\" content=\"index, follow, max-snippet:-1, max-image-preview:large, max-video-preview:-1\" \/>\n<link rel=\"canonical\" href=\"https:\/\/groupecoiff.com\/en\/product-2\/waiting-canape-obsession-m\/\" \/>\n<meta property=\"og:locale\" content=\"en_US\" \/>\n<meta property=\"og:type\" content=\"article\" \/>\n<meta property=\"og:title\" content=\"Canape\u0301 d&#039;attente OBSESSION M\" \/>\n<meta property=\"og:description\" content=\"Apportez une touche de prestige \u00e0 votre espace avec le canap\u00e9 d&#039;attente OBSESSION M. \u00c9l\u00e9gant et personnalis\u00e9, il sublimera vos r\u00e9ceptions.\" \/>\n<meta property=\"og:url\" content=\"https:\/\/groupecoiff.com\/en\/product-2\/waiting-canape-obsession-m\/\" \/>\n<meta property=\"og:site_name\" content=\"Groupe Coiff\" \/>\n<meta property=\"article:publisher\" content=\"https:\/\/www.facebook.com\/GroupeCoiff\" \/>\n<meta property=\"article:modified_time\" content=\"2026-05-12T09:44:13+00:00\" \/>\n<meta property=\"og:image\" content=\"https:\/\/groupecoiff.com\/wp-content\/uploads\/2025\/02\/OBSESSION-M-3.webp\" \/>\n\t<meta property=\"og:image:width\" content=\"650\" \/>\n\t<meta property=\"og:image:height\" content=\"650\" \/>\n\t<meta property=\"og:image:type\" content=\"image\/webp\" \/>\n<meta name=\"twitter:card\" content=\"summary_large_image\" \/>\n<meta name=\"twitter:site\" content=\"@groupecoiff\" \/>\n<meta name=\"twitter:label1\" content=\"Price\" \/>\n\t<meta name=\"twitter:data1\" content=\"1190,00&nbsp;&euro;\" \/>\n\t<meta name=\"twitter:label2\" content=\"Availability\" \/>\n\t<meta name=\"twitter:data2\" content=\"In stock\" \/>\n<script type=\"application\/ld+json\" class=\"yoast-schema-graph\">{\"@context\":\"https:\\\/\\\/schema.org\",\"@graph\":[{\"@type\":\"WebPage\",\"@id\":\"https:\\\/\\\/groupecoiff.com\\\/produit\\\/canape-dattente-obsession-m\\\/\",\"url\":\"https:\\\/\\\/groupecoiff.com\\\/produit\\\/canape-dattente-obsession-m\\\/\",\"name\":\"Canap\u00e9 d'attente OBSESSION M avec Cristaux Swarovski\u00ae - Groupe Coiff\",\"isPartOf\":{\"@id\":\"https:\\\/\\\/groupecoiff.com\\\/#website\"},\"primaryImageOfPage\":{\"@id\":\"https:\\\/\\\/groupecoiff.com\\\/produit\\\/canape-dattente-obsession-m\\\/#primaryimage\"},\"image\":{\"@id\":\"https:\\\/\\\/groupecoiff.com\\\/produit\\\/canape-dattente-obsession-m\\\/#primaryimage\"},\"thumbnailUrl\":\"https:\\\/\\\/groupecoiff.com\\\/wp-content\\\/uploads\\\/2025\\\/02\\\/OBSESSION-M-3.webp\",\"datePublished\":\"2025-09-21T10:19:12+00:00\",\"dateModified\":\"2026-05-12T09:44:13+00:00\",\"description\":\"Apportez une touche de prestige \u00e0 votre espace avec le canap\u00e9 d'attente OBSESSION M. \u00c9l\u00e9gant et personnalis\u00e9, il sublimera vos r\u00e9ceptions.\",\"breadcrumb\":{\"@id\":\"https:\\\/\\\/groupecoiff.com\\\/produit\\\/canape-dattente-obsession-m\\\/#breadcrumb\"},\"inLanguage\":\"en-US\",\"potentialAction\":[{\"@type\":\"ReadAction\",\"target\":[\"https:\\\/\\\/groupecoiff.com\\\/produit\\\/canape-dattente-obsession-m\\\/\"]}]},{\"@type\":\"ImageObject\",\"inLanguage\":\"en-US\",\"@id\":\"https:\\\/\\\/groupecoiff.com\\\/produit\\\/canape-dattente-obsession-m\\\/#primaryimage\",\"url\":\"https:\\\/\\\/groupecoiff.com\\\/wp-content\\\/uploads\\\/2025\\\/02\\\/OBSESSION-M-3.webp\",\"contentUrl\":\"https:\\\/\\\/groupecoiff.com\\\/wp-content\\\/uploads\\\/2025\\\/02\\\/OBSESSION-M-3.webp\",\"width\":650,\"height\":650,\"caption\":\"Canape\u0301 d'attente obsession m - canap\u00e9 salle d\u2019Attente obsession m - canap\u00e9 pour salon de coiffure - mobilier de coiffure professionnel - Canape\u0301 d'attente 2 places\"},{\"@type\":\"BreadcrumbList\",\"@id\":\"https:\\\/\\\/groupecoiff.com\\\/produit\\\/canape-dattente-obsession-m\\\/#breadcrumb\",\"itemListElement\":[{\"@type\":\"ListItem\",\"position\":1,\"name\":\"Accueil\",\"item\":\"https:\\\/\\\/groupecoiff.com\\\/\"},{\"@type\":\"ListItem\",\"position\":2,\"name\":\"Boutique\",\"item\":\"https:\\\/\\\/groupecoiff.com\\\/boutique\\\/\"},{\"@type\":\"ListItem\",\"position\":3,\"name\":\"Canape\u0301 d&rsquo;attente OBSESSION M\"}]},{\"@type\":\"WebSite\",\"@id\":\"https:\\\/\\\/groupecoiff.com\\\/#website\",\"url\":\"https:\\\/\\\/groupecoiff.com\\\/\",\"name\":\"Groupe Coiff\",\"description\":\"Tout pour la coiffure\",\"publisher\":{\"@id\":\"https:\\\/\\\/groupecoiff.com\\\/#organization\"},\"potentialAction\":[{\"@type\":\"SearchAction\",\"target\":{\"@type\":\"EntryPoint\",\"urlTemplate\":\"https:\\\/\\\/groupecoiff.com\\\/?s={search_term_string}\"},\"query-input\":{\"@type\":\"PropertyValueSpecification\",\"valueRequired\":true,\"valueName\":\"search_term_string\"}}],\"inLanguage\":\"en-US\"},{\"@type\":\"Organization\",\"@id\":\"https:\\\/\\\/groupecoiff.com\\\/#organization\",\"name\":\"Groupe Coiff\",\"alternateName\":\"Groupe Coiff : Le Mobilier De Coiffure Haut de Gamme Pour Une \u00c9l\u00e9gance In\u00e9gal\u00e9e\",\"url\":\"https:\\\/\\\/groupecoiff.com\\\/\",\"logo\":{\"@type\":\"ImageObject\",\"inLanguage\":\"en-US\",\"@id\":\"https:\\\/\\\/groupecoiff.com\\\/#\\\/schema\\\/logo\\\/image\\\/\",\"url\":\"https:\\\/\\\/groupecoiff.com\\\/wp-content\\\/uploads\\\/2024\\\/01\\\/cropped-Groupe-Coiff-Logo.webp\",\"contentUrl\":\"https:\\\/\\\/groupecoiff.com\\\/wp-content\\\/uploads\\\/2024\\\/01\\\/cropped-Groupe-Coiff-Logo.webp\",\"width\":512,\"height\":512,\"caption\":\"Groupe Coiff\"},\"image\":{\"@id\":\"https:\\\/\\\/groupecoiff.com\\\/#\\\/schema\\\/logo\\\/image\\\/\"},\"sameAs\":[\"https:\\\/\\\/www.facebook.com\\\/GroupeCoiff\",\"https:\\\/\\\/x.com\\\/groupecoiff\",\"https:\\\/\\\/www.instagram.com\\\/groupecoiff\\\/\",\"https:\\\/\\\/www.tiktok.com\\\/@groupecoiff\",\"https:\\\/\\\/www.youtube.com\\\/@groupecoiff\",\"https:\\\/\\\/twitter.com\\\/groupecoiff\",\"https:\\\/\\\/www.leboncoin.fr\\\/boutique\\\/3961302\\\/groupe_coiff.htm\"],\"description\":\"D\u00e9couvrez le mobilier de coiffure haut de gamme de Groupe Coiff, alliant \u00e9l\u00e9gance et fonctionnalit\u00e9 pour sublimer votre salon et satisfaire vos clients.\",\"email\":\"contact@groupecoiff.com\",\"telephone\":\"0676951605\",\"legalName\":\"Groupe Coiff\",\"foundingDate\":\"2022-11-16\",\"vatID\":\"FR84921406419\",\"taxID\":\"92140641900025\"}]}<\/script>\n<meta property=\"product:price:amount\" content=\"1190.00\" \/>\n<meta property=\"product:price:currency\" content=\"EUR\" \/>\n<meta property=\"og:availability\" content=\"instock\" \/>\n<meta property=\"product:availability\" content=\"instock\" \/>\n<meta property=\"product:condition\" content=\"new\" \/>\n<!-- \/ Yoast SEO Premium plugin. -->","yoast_head_json":{"title":"OBSESSION M waiting sofa with Swarovski\u00ae Crystals - Groupe Coiff","description":"Add a touch of prestige to your space with the OBSESSION M waiting sofa. Elegant and customizable, it will enhance your receptions.","robots":{"index":"index","follow":"follow","max-snippet":"max-snippet:-1","max-image-preview":"max-image-preview:large","max-video-preview":"max-video-preview:-1"},"canonical":"https:\/\/groupecoiff.com\/en\/product-2\/waiting-canape-obsession-m\/","og_locale":"en_US","og_type":"article","og_title":"Canape\u0301 d'attente OBSESSION M","og_description":"Apportez une touche de prestige \u00e0 votre espace avec le canap\u00e9 d'attente OBSESSION M. \u00c9l\u00e9gant et personnalis\u00e9, il sublimera vos r\u00e9ceptions.","og_url":"https:\/\/groupecoiff.com\/en\/product-2\/waiting-canape-obsession-m\/","og_site_name":"Groupe Coiff","article_publisher":"https:\/\/www.facebook.com\/GroupeCoiff","article_modified_time":"2026-05-12T09:44:13+00:00","og_image":[{"width":650,"height":650,"url":"https:\/\/groupecoiff.com\/wp-content\/uploads\/2025\/02\/OBSESSION-M-3.webp","type":"image\/webp"}],"twitter_card":"summary_large_image","twitter_site":"@groupecoiff","twitter_misc":{"Price":"1190,00&nbsp;&euro;","Availability":"In stock"},"schema":{"@context":"https:\/\/schema.org","@graph":[{"@type":"WebPage","@id":"https:\/\/groupecoiff.com\/produit\/canape-dattente-obsession-m\/","url":"https:\/\/groupecoiff.com\/produit\/canape-dattente-obsession-m\/","name":"OBSESSION M waiting sofa with Swarovski\u00ae Crystals - Groupe Coiff","isPartOf":{"@id":"https:\/\/groupecoiff.com\/#website"},"primaryImageOfPage":{"@id":"https:\/\/groupecoiff.com\/produit\/canape-dattente-obsession-m\/#primaryimage"},"image":{"@id":"https:\/\/groupecoiff.com\/produit\/canape-dattente-obsession-m\/#primaryimage"},"thumbnailUrl":"https:\/\/groupecoiff.com\/wp-content\/uploads\/2025\/02\/OBSESSION-M-3.webp","datePublished":"2025-09-21T10:19:12+00:00","dateModified":"2026-05-12T09:44:13+00:00","description":"Add a touch of prestige to your space with the OBSESSION M waiting sofa. Elegant and customizable, it will enhance your receptions.","breadcrumb":{"@id":"https:\/\/groupecoiff.com\/produit\/canape-dattente-obsession-m\/#breadcrumb"},"inLanguage":"en-US","potentialAction":[{"@type":"ReadAction","target":["https:\/\/groupecoiff.com\/produit\/canape-dattente-obsession-m\/"]}]},{"@type":"ImageObject","inLanguage":"en-US","@id":"https:\/\/groupecoiff.com\/produit\/canape-dattente-obsession-m\/#primaryimage","url":"https:\/\/groupecoiff.com\/wp-content\/uploads\/2025\/02\/OBSESSION-M-3.webp","contentUrl":"https:\/\/groupecoiff.com\/wp-content\/uploads\/2025\/02\/OBSESSION-M-3.webp","width":650,"height":650,"caption":"Canape\u0301 d'attente obsession m - canap\u00e9 salle d\u2019Attente obsession m - canap\u00e9 pour salon de coiffure - mobilier de coiffure professionnel - Canape\u0301 d'attente 2 places"},{"@type":"BreadcrumbList","@id":"https:\/\/groupecoiff.com\/produit\/canape-dattente-obsession-m\/#breadcrumb","itemListElement":[{"@type":"ListItem","position":1,"name":"Accueil","item":"https:\/\/groupecoiff.com\/"},{"@type":"ListItem","position":2,"name":"Boutique","item":"https:\/\/groupecoiff.com\/boutique\/"},{"@type":"ListItem","position":3,"name":"Canape\u0301 d&rsquo;attente OBSESSION M"}]},{"@type":"WebSite","@id":"https:\/\/groupecoiff.com\/#website","url":"https:\/\/groupecoiff.com\/","name":"Coiff Group","description":"Everything for the hairdresser","publisher":{"@id":"https:\/\/groupecoiff.com\/#organization"},"potentialAction":[{"@type":"SearchAction","target":{"@type":"EntryPoint","urlTemplate":"https:\/\/groupecoiff.com\/?s={search_term_string}"},"query-input":{"@type":"PropertyValueSpecification","valueRequired":true,"valueName":"search_term_string"}}],"inLanguage":"en-US"},{"@type":"Organization","@id":"https:\/\/groupecoiff.com\/#organization","name":"Coiff Group","alternateName":"Groupe Coiff : Le Mobilier De Coiffure Haut de Gamme Pour Une \u00c9l\u00e9gance In\u00e9gal\u00e9e","url":"https:\/\/groupecoiff.com\/","logo":{"@type":"ImageObject","inLanguage":"en-US","@id":"https:\/\/groupecoiff.com\/#\/schema\/logo\/image\/","url":"https:\/\/groupecoiff.com\/wp-content\/uploads\/2024\/01\/cropped-Groupe-Coiff-Logo.webp","contentUrl":"https:\/\/groupecoiff.com\/wp-content\/uploads\/2024\/01\/cropped-Groupe-Coiff-Logo.webp","width":512,"height":512,"caption":"Groupe Coiff"},"image":{"@id":"https:\/\/groupecoiff.com\/#\/schema\/logo\/image\/"},"sameAs":["https:\/\/www.facebook.com\/GroupeCoiff","https:\/\/x.com\/groupecoiff","https:\/\/www.instagram.com\/groupecoiff\/","https:\/\/www.tiktok.com\/@groupecoiff","https:\/\/www.youtube.com\/@groupecoiff","https:\/\/twitter.com\/groupecoiff","https:\/\/www.leboncoin.fr\/boutique\/3961302\/groupe_coiff.htm"],"description":"Discover Groupe Coiff's top-of-the-range hairdressing furniture, combining elegance and functionality to enhance your salon and satisfy your customers.","email":"contact@groupecoiff.com","telephone":"0676951605","legalName":"Groupe Coiff","foundingDate":"2022-11-16","vatID":"FR84921406419","taxID":"92140641900025"}]},"product_price_amount":"1190.00","product_price_currency":"EUR","og_availability":"instock","product_availability":"instock","product_condition":"new"},"jetpack_publicize_connections":[],"jetpack_likes_enabled":true,"jetpack_sharing_enabled":true,"_links":{"self":[{"href":"https:\/\/groupecoiff.com\/en\/wp-json\/wp\/v2\/product\/44797","targetHints":{"allow":["GET"]}}],"collection":[{"href":"https:\/\/groupecoiff.com\/en\/wp-json\/wp\/v2\/product"}],"about":[{"href":"https:\/\/groupecoiff.com\/en\/wp-json\/wp\/v2\/types\/product"}],"replies":[{"embeddable":true,"href":"https:\/\/groupecoiff.com\/en\/wp-json\/wp\/v2\/comments?post=44797"}],"version-history":[{"count":2,"href":"https:\/\/groupecoiff.com\/en\/wp-json\/wp\/v2\/product\/44797\/revisions"}],"predecessor-version":[{"id":53176,"href":"https:\/\/groupecoiff.com\/en\/wp-json\/wp\/v2\/product\/44797\/revisions\/53176"}],"wp:featuredmedia":[{"embeddable":true,"href":"https:\/\/groupecoiff.com\/en\/wp-json\/wp\/v2\/media\/53185"}],"wp:attachment":[{"href":"https:\/\/groupecoiff.com\/en\/wp-json\/wp\/v2\/media?parent=44797"}],"wp:term":[{"taxonomy":"product_brand","embeddable":true,"href":"https:\/\/groupecoiff.com\/en\/wp-json\/wp\/v2\/product_brand?post=44797"},{"taxonomy":"product_cat","embeddable":true,"href":"https:\/\/groupecoiff.com\/en\/wp-json\/wp\/v2\/product_cat?post=44797"},{"taxonomy":"product_tag","embeddable":true,"href":"https:\/\/groupecoiff.com\/en\/wp-json\/wp\/v2\/product_tag?post=44797"}],"curies":[{"name":"wp","href":"https:\/\/api.w.org\/{rel}","templated":true}]}}