{"id":44975,"date":"2025-09-25T07:42:53","date_gmt":"2025-09-25T05:42:53","guid":{"rendered":"https:\/\/groupecoiff.com\/?post_type=product&#038;p=44975"},"modified":"2026-03-27T11:47:47","modified_gmt":"2026-03-27T10:47:47","slug":"fauteuil-de-coiffure-ted","status":"publish","type":"product","link":"https:\/\/groupecoiff.com\/en\/produit\/fauteuil-de-coiffure-ted\/","title":{"rendered":"Fauteuil de coiffure TED"},"content":{"rendered":"<h3>Fauteuil de coiffure TED : style, confort et personnalisation<\/h3>\n<p>Le fauteuil de coiffure TED est l\u2019un de nos mod\u00e8les phares. Son design \u00e9l\u00e9gant avec accoudoirs m\u00e9talliques et coutures verticales s\u2019accorde parfaitement aux tendances actuelles. Associ\u00e9 au <a href=\"https:\/\/groupecoiff.com\/en\/product-2\/bac-a-shampoing-ted\/\"><strong>bac \u00e0 shampoing TED<\/strong><\/a>, il cr\u00e9e une harmonie visuelle raffin\u00e9e.<\/p>\n<h4><strong>Confort et ergonomie<\/strong><\/h4>\n<p>La chaise de coiffure TED dispose d\u2019une assise large et d\u2019un dossier de 40 cm. La mousse \u00e9paisse et les accoudoirs de 60 cm assurent confort et maintien, m\u00eame lors de longues prestations.<\/p>\n<h4><strong>Personnalisation compl\u00e8te<\/strong><\/h4>\n<p>Disponible en 59 couleurs de rev\u00eatement PU, ce si\u00e8ge de coiffure haut de gamme peut \u00eatre configur\u00e9 selon vos envies. Trois bases au choix : \u00e9toile, carr\u00e9e ou ronde, avec finitions noires, argent\u00e9es ou dor\u00e9es.<\/p>\n<h4><strong>Atouts essentiels\u00a0<\/strong><\/h4>\n<ol>\n<li>Pompe hydraulique incluse<\/li>\n<li>Structure bois recouverte de mousse<\/li>\n<li>Repose-pieds assorti en option<\/li>\n<li>Lead time: 3 to 5 weeks<\/li>\n<\/ol>\n<p>Ce mobilier de coiffure professionnel est con\u00e7u pour durer et sublimer chaque meuble pour salon de coiffure. Plus qu\u2019un si\u00e8ge, le TED incarne style et efficacit\u00e9 pour les coiffeurs exigeants.<\/p>\n<h4><strong>Technical specifications :<\/strong><\/h4>\n<ol>\n<li>Rev\u00eatement PU \u2013 59 coloris<\/li>\n<li>Dossier : 40 cm \u2013 Assise : 51 cm<\/li>\n<li>Hauteur r\u00e9glable : selon base choisie<\/li>\n<li>Garantie : 1 an<\/li>\n<\/ol>","protected":false},"excerpt":{"rendered":"<p>Le fauteuil de coiffure TED offre une assise large et un design \u00e9l\u00e9gant qui s&rsquo;harmonise avec n&rsquo;importe quel d\u00e9cor. Essayez-le et transformez votre salon! \ud83c\udf1f<\/p>","protected":false},"featured_media":44977,"comment_status":"open","ping_status":"closed","template":"","meta":{"googlesitekit_rrm_CAow0YCiDA:productID":"","jetpack_post_was_ever_published":false,"jetpack_publicize_message":"","jetpack_publicize_feature_enabled":true,"jetpack_social_post_already_shared":true,"jetpack_social_options":{"image_generator_settings":{"template":"highway","default_image_id":0,"font":"","enabled":false},"version":2}},"product_brand":[594],"product_cat":[46,313],"product_tag":[334,122,324,125],"class_list":{"0":"post-44975","1":"product","2":"type-product","3":"status-publish","4":"has-post-thumbnail","6":"product_brand-mila","7":"product_cat-fauteuil-de-coiffure","8":"product_cat-meuble-de-coiffure","9":"product_tag-chaise-de-coiffure","10":"product_tag-fauteuil-de-coiffure","11":"product_tag-meuble-de-coiffure-professionnel","12":"product_tag-salon-de-coiffure","14":"first","15":"instock","16":"taxable","17":"shipping-taxable","18":"purchasable","19":"product-type-simple"},"yoast_head":"<!-- This site is optimized with the Yoast SEO Premium plugin v27.4 (Yoast SEO v27.4) - https:\/\/yoast.com\/product\/yoast-seo-premium-wordpress\/ -->\n<title>Fauteuil de coiffure TED: Confort Ergonomique Optimal - Groupe Coiff<\/title>\n<meta name=\"description\" content=\"Faites le choix du fauteuil de coiffure TED pour une exp\u00e9rience client in\u00e9gal\u00e9e. Son allure moderne et son confort vous charmeront \u00e0 coup s\u00fbr!\" \/>\n<meta name=\"robots\" content=\"index, follow, max-snippet:-1, max-image-preview:large, max-video-preview:-1\" \/>\n<link rel=\"canonical\" href=\"https:\/\/groupecoiff.com\/en\/product-2\/fauteuil-de-coiffure-ted\/\" \/>\n<meta property=\"og:locale\" content=\"en_US\" \/>\n<meta property=\"og:type\" content=\"article\" \/>\n<meta property=\"og:title\" content=\"Fauteuil de coiffure TED\" \/>\n<meta property=\"og:description\" content=\"Faites le choix du fauteuil de coiffure TED pour une exp\u00e9rience client in\u00e9gal\u00e9e. Son allure moderne et son confort vous charmeront \u00e0 coup s\u00fbr!\" \/>\n<meta property=\"og:url\" content=\"https:\/\/groupecoiff.com\/en\/product-2\/fauteuil-de-coiffure-ted\/\" \/>\n<meta property=\"og:site_name\" content=\"Groupe Coiff\" \/>\n<meta property=\"article:publisher\" content=\"https:\/\/www.facebook.com\/GroupeCoiff\" \/>\n<meta property=\"article:modified_time\" content=\"2026-03-27T10:47:47+00:00\" \/>\n<meta property=\"og:image\" content=\"https:\/\/groupecoiff.com\/wp-content\/uploads\/2025\/09\/Fauteuil-de-coiffure-TED-1.webp\" \/>\n\t<meta property=\"og:image:width\" content=\"694\" \/>\n\t<meta property=\"og:image:height\" content=\"694\" \/>\n\t<meta property=\"og:image:type\" content=\"image\/webp\" \/>\n<meta name=\"twitter:card\" content=\"summary_large_image\" \/>\n<meta name=\"twitter:site\" content=\"@groupecoiff\" \/>\n<meta name=\"twitter:label1\" content=\"Price\" \/>\n\t<meta name=\"twitter:data1\" content=\"479,00&nbsp;&euro;\" \/>\n\t<meta name=\"twitter:label2\" content=\"Availability\" \/>\n\t<meta name=\"twitter:data2\" content=\"In stock\" \/>\n<script type=\"application\/ld+json\" class=\"yoast-schema-graph\">{\"@context\":\"https:\\\/\\\/schema.org\",\"@graph\":[{\"@type\":\"WebPage\",\"@id\":\"https:\\\/\\\/groupecoiff.com\\\/produit\\\/fauteuil-de-coiffure-ted\\\/\",\"url\":\"https:\\\/\\\/groupecoiff.com\\\/produit\\\/fauteuil-de-coiffure-ted\\\/\",\"name\":\"Fauteuil de coiffure TED: Confort Ergonomique Optimal - Groupe Coiff\",\"isPartOf\":{\"@id\":\"https:\\\/\\\/groupecoiff.com\\\/#website\"},\"primaryImageOfPage\":{\"@id\":\"https:\\\/\\\/groupecoiff.com\\\/produit\\\/fauteuil-de-coiffure-ted\\\/#primaryimage\"},\"image\":{\"@id\":\"https:\\\/\\\/groupecoiff.com\\\/produit\\\/fauteuil-de-coiffure-ted\\\/#primaryimage\"},\"thumbnailUrl\":\"https:\\\/\\\/groupecoiff.com\\\/wp-content\\\/uploads\\\/2025\\\/09\\\/Fauteuil-de-coiffure-TED-1.webp\",\"datePublished\":\"2025-09-25T05:42:53+00:00\",\"dateModified\":\"2026-03-27T10:47:47+00:00\",\"description\":\"Faites le choix du fauteuil de coiffure TED pour une exp\u00e9rience client in\u00e9gal\u00e9e. Son allure moderne et son confort vous charmeront \u00e0 coup s\u00fbr!\",\"breadcrumb\":{\"@id\":\"https:\\\/\\\/groupecoiff.com\\\/produit\\\/fauteuil-de-coiffure-ted\\\/#breadcrumb\"},\"inLanguage\":\"en-US\",\"potentialAction\":[{\"@type\":\"ReadAction\",\"target\":[\"https:\\\/\\\/groupecoiff.com\\\/produit\\\/fauteuil-de-coiffure-ted\\\/\"]}]},{\"@type\":\"ImageObject\",\"inLanguage\":\"en-US\",\"@id\":\"https:\\\/\\\/groupecoiff.com\\\/produit\\\/fauteuil-de-coiffure-ted\\\/#primaryimage\",\"url\":\"https:\\\/\\\/groupecoiff.com\\\/wp-content\\\/uploads\\\/2025\\\/09\\\/Fauteuil-de-coiffure-TED-1.webp\",\"contentUrl\":\"https:\\\/\\\/groupecoiff.com\\\/wp-content\\\/uploads\\\/2025\\\/09\\\/Fauteuil-de-coiffure-TED-1.webp\",\"width\":694,\"height\":694,\"caption\":\"Fauteuil de coiffure TED - chaise de coiffure TED - fauteuil de coiffure professionnel - mobilier pour salon de coiffure - meuble pour salon de coiffure\"},{\"@type\":\"BreadcrumbList\",\"@id\":\"https:\\\/\\\/groupecoiff.com\\\/produit\\\/fauteuil-de-coiffure-ted\\\/#breadcrumb\",\"itemListElement\":[{\"@type\":\"ListItem\",\"position\":1,\"name\":\"Accueil\",\"item\":\"https:\\\/\\\/groupecoiff.com\\\/\"},{\"@type\":\"ListItem\",\"position\":2,\"name\":\"Boutique\",\"item\":\"https:\\\/\\\/groupecoiff.com\\\/boutique\\\/\"},{\"@type\":\"ListItem\",\"position\":3,\"name\":\"Fauteuil de coiffure TED\"}]},{\"@type\":\"WebSite\",\"@id\":\"https:\\\/\\\/groupecoiff.com\\\/#website\",\"url\":\"https:\\\/\\\/groupecoiff.com\\\/\",\"name\":\"Groupe Coiff\",\"description\":\"Tout pour la coiffure\",\"publisher\":{\"@id\":\"https:\\\/\\\/groupecoiff.com\\\/#organization\"},\"potentialAction\":[{\"@type\":\"SearchAction\",\"target\":{\"@type\":\"EntryPoint\",\"urlTemplate\":\"https:\\\/\\\/groupecoiff.com\\\/?s={search_term_string}\"},\"query-input\":{\"@type\":\"PropertyValueSpecification\",\"valueRequired\":true,\"valueName\":\"search_term_string\"}}],\"inLanguage\":\"en-US\"},{\"@type\":\"Organization\",\"@id\":\"https:\\\/\\\/groupecoiff.com\\\/#organization\",\"name\":\"Groupe Coiff\",\"alternateName\":\"Groupe Coiff : Le Mobilier De Coiffure Haut de Gamme Pour Une \u00c9l\u00e9gance In\u00e9gal\u00e9e\",\"url\":\"https:\\\/\\\/groupecoiff.com\\\/\",\"logo\":{\"@type\":\"ImageObject\",\"inLanguage\":\"en-US\",\"@id\":\"https:\\\/\\\/groupecoiff.com\\\/#\\\/schema\\\/logo\\\/image\\\/\",\"url\":\"https:\\\/\\\/groupecoiff.com\\\/wp-content\\\/uploads\\\/2024\\\/01\\\/cropped-Groupe-Coiff-Logo.webp\",\"contentUrl\":\"https:\\\/\\\/groupecoiff.com\\\/wp-content\\\/uploads\\\/2024\\\/01\\\/cropped-Groupe-Coiff-Logo.webp\",\"width\":512,\"height\":512,\"caption\":\"Groupe Coiff\"},\"image\":{\"@id\":\"https:\\\/\\\/groupecoiff.com\\\/#\\\/schema\\\/logo\\\/image\\\/\"},\"sameAs\":[\"https:\\\/\\\/www.facebook.com\\\/GroupeCoiff\",\"https:\\\/\\\/x.com\\\/groupecoiff\",\"https:\\\/\\\/www.instagram.com\\\/groupecoiff\\\/\",\"https:\\\/\\\/www.tiktok.com\\\/@groupecoiff\",\"https:\\\/\\\/www.youtube.com\\\/@groupecoiff\",\"https:\\\/\\\/twitter.com\\\/groupecoiff\",\"https:\\\/\\\/www.leboncoin.fr\\\/boutique\\\/3961302\\\/groupe_coiff.htm\"],\"description\":\"D\u00e9couvrez le mobilier de coiffure haut de gamme de Groupe Coiff, alliant \u00e9l\u00e9gance et fonctionnalit\u00e9 pour sublimer votre salon et satisfaire vos clients.\",\"email\":\"contact@groupecoiff.com\",\"telephone\":\"0676951605\",\"legalName\":\"Groupe Coiff\",\"foundingDate\":\"2022-11-16\",\"vatID\":\"FR84921406419\",\"taxID\":\"92140641900025\"}]}<\/script>\n<meta property=\"product:price:amount\" content=\"479.00\" \/>\n<meta property=\"product:price:currency\" content=\"EUR\" \/>\n<meta property=\"og:availability\" content=\"instock\" \/>\n<meta property=\"product:availability\" content=\"instock\" \/>\n<meta property=\"product:condition\" content=\"new\" \/>\n<!-- \/ Yoast SEO Premium plugin. -->","yoast_head_json":{"title":"Fauteuil de coiffure TED: Confort Ergonomique Optimal - Groupe Coiff","description":"Faites le choix du fauteuil de coiffure TED pour une exp\u00e9rience client in\u00e9gal\u00e9e. Son allure moderne et son confort vous charmeront \u00e0 coup s\u00fbr!","robots":{"index":"index","follow":"follow","max-snippet":"max-snippet:-1","max-image-preview":"max-image-preview:large","max-video-preview":"max-video-preview:-1"},"canonical":"https:\/\/groupecoiff.com\/en\/product-2\/fauteuil-de-coiffure-ted\/","og_locale":"en_US","og_type":"article","og_title":"Fauteuil de coiffure TED","og_description":"Faites le choix du fauteuil de coiffure TED pour une exp\u00e9rience client in\u00e9gal\u00e9e. Son allure moderne et son confort vous charmeront \u00e0 coup s\u00fbr!","og_url":"https:\/\/groupecoiff.com\/en\/product-2\/fauteuil-de-coiffure-ted\/","og_site_name":"Groupe Coiff","article_publisher":"https:\/\/www.facebook.com\/GroupeCoiff","article_modified_time":"2026-03-27T10:47:47+00:00","og_image":[{"width":694,"height":694,"url":"https:\/\/groupecoiff.com\/wp-content\/uploads\/2025\/09\/Fauteuil-de-coiffure-TED-1.webp","type":"image\/webp"}],"twitter_card":"summary_large_image","twitter_site":"@groupecoiff","twitter_misc":{"Price":"479,00&nbsp;&euro;","Availability":"In stock"},"schema":{"@context":"https:\/\/schema.org","@graph":[{"@type":"WebPage","@id":"https:\/\/groupecoiff.com\/produit\/fauteuil-de-coiffure-ted\/","url":"https:\/\/groupecoiff.com\/produit\/fauteuil-de-coiffure-ted\/","name":"Fauteuil de coiffure TED: Confort Ergonomique Optimal - Groupe Coiff","isPartOf":{"@id":"https:\/\/groupecoiff.com\/#website"},"primaryImageOfPage":{"@id":"https:\/\/groupecoiff.com\/produit\/fauteuil-de-coiffure-ted\/#primaryimage"},"image":{"@id":"https:\/\/groupecoiff.com\/produit\/fauteuil-de-coiffure-ted\/#primaryimage"},"thumbnailUrl":"https:\/\/groupecoiff.com\/wp-content\/uploads\/2025\/09\/Fauteuil-de-coiffure-TED-1.webp","datePublished":"2025-09-25T05:42:53+00:00","dateModified":"2026-03-27T10:47:47+00:00","description":"Faites le choix du fauteuil de coiffure TED pour une exp\u00e9rience client in\u00e9gal\u00e9e. Son allure moderne et son confort vous charmeront \u00e0 coup s\u00fbr!","breadcrumb":{"@id":"https:\/\/groupecoiff.com\/produit\/fauteuil-de-coiffure-ted\/#breadcrumb"},"inLanguage":"en-US","potentialAction":[{"@type":"ReadAction","target":["https:\/\/groupecoiff.com\/produit\/fauteuil-de-coiffure-ted\/"]}]},{"@type":"ImageObject","inLanguage":"en-US","@id":"https:\/\/groupecoiff.com\/produit\/fauteuil-de-coiffure-ted\/#primaryimage","url":"https:\/\/groupecoiff.com\/wp-content\/uploads\/2025\/09\/Fauteuil-de-coiffure-TED-1.webp","contentUrl":"https:\/\/groupecoiff.com\/wp-content\/uploads\/2025\/09\/Fauteuil-de-coiffure-TED-1.webp","width":694,"height":694,"caption":"Fauteuil de coiffure TED - chaise de coiffure TED - fauteuil de coiffure professionnel - mobilier pour salon de coiffure - meuble pour salon de coiffure"},{"@type":"BreadcrumbList","@id":"https:\/\/groupecoiff.com\/produit\/fauteuil-de-coiffure-ted\/#breadcrumb","itemListElement":[{"@type":"ListItem","position":1,"name":"Accueil","item":"https:\/\/groupecoiff.com\/"},{"@type":"ListItem","position":2,"name":"Boutique","item":"https:\/\/groupecoiff.com\/boutique\/"},{"@type":"ListItem","position":3,"name":"Fauteuil de coiffure TED"}]},{"@type":"WebSite","@id":"https:\/\/groupecoiff.com\/#website","url":"https:\/\/groupecoiff.com\/","name":"Coiff Group","description":"Everything for the hairdresser","publisher":{"@id":"https:\/\/groupecoiff.com\/#organization"},"potentialAction":[{"@type":"SearchAction","target":{"@type":"EntryPoint","urlTemplate":"https:\/\/groupecoiff.com\/?s={search_term_string}"},"query-input":{"@type":"PropertyValueSpecification","valueRequired":true,"valueName":"search_term_string"}}],"inLanguage":"en-US"},{"@type":"Organization","@id":"https:\/\/groupecoiff.com\/#organization","name":"Coiff Group","alternateName":"Groupe Coiff : Le Mobilier De Coiffure Haut de Gamme Pour Une \u00c9l\u00e9gance In\u00e9gal\u00e9e","url":"https:\/\/groupecoiff.com\/","logo":{"@type":"ImageObject","inLanguage":"en-US","@id":"https:\/\/groupecoiff.com\/#\/schema\/logo\/image\/","url":"https:\/\/groupecoiff.com\/wp-content\/uploads\/2024\/01\/cropped-Groupe-Coiff-Logo.webp","contentUrl":"https:\/\/groupecoiff.com\/wp-content\/uploads\/2024\/01\/cropped-Groupe-Coiff-Logo.webp","width":512,"height":512,"caption":"Groupe Coiff"},"image":{"@id":"https:\/\/groupecoiff.com\/#\/schema\/logo\/image\/"},"sameAs":["https:\/\/www.facebook.com\/GroupeCoiff","https:\/\/x.com\/groupecoiff","https:\/\/www.instagram.com\/groupecoiff\/","https:\/\/www.tiktok.com\/@groupecoiff","https:\/\/www.youtube.com\/@groupecoiff","https:\/\/twitter.com\/groupecoiff","https:\/\/www.leboncoin.fr\/boutique\/3961302\/groupe_coiff.htm"],"description":"Discover Groupe Coiff's top-of-the-range hairdressing furniture, combining elegance and functionality to enhance your salon and satisfy your customers.","email":"contact@groupecoiff.com","telephone":"0676951605","legalName":"Groupe Coiff","foundingDate":"2022-11-16","vatID":"FR84921406419","taxID":"92140641900025"}]},"product_price_amount":"479.00","product_price_currency":"EUR","og_availability":"instock","product_availability":"instock","product_condition":"new"},"jetpack_publicize_connections":[],"jetpack_likes_enabled":true,"jetpack_sharing_enabled":true,"_links":{"self":[{"href":"https:\/\/groupecoiff.com\/en\/wp-json\/wp\/v2\/product\/44975","targetHints":{"allow":["GET"]}}],"collection":[{"href":"https:\/\/groupecoiff.com\/en\/wp-json\/wp\/v2\/product"}],"about":[{"href":"https:\/\/groupecoiff.com\/en\/wp-json\/wp\/v2\/types\/product"}],"replies":[{"embeddable":true,"href":"https:\/\/groupecoiff.com\/en\/wp-json\/wp\/v2\/comments?post=44975"}],"version-history":[{"count":2,"href":"https:\/\/groupecoiff.com\/en\/wp-json\/wp\/v2\/product\/44975\/revisions"}],"predecessor-version":[{"id":51675,"href":"https:\/\/groupecoiff.com\/en\/wp-json\/wp\/v2\/product\/44975\/revisions\/51675"}],"wp:featuredmedia":[{"embeddable":true,"href":"https:\/\/groupecoiff.com\/en\/wp-json\/wp\/v2\/media\/44977"}],"wp:attachment":[{"href":"https:\/\/groupecoiff.com\/en\/wp-json\/wp\/v2\/media?parent=44975"}],"wp:term":[{"taxonomy":"product_brand","embeddable":true,"href":"https:\/\/groupecoiff.com\/en\/wp-json\/wp\/v2\/product_brand?post=44975"},{"taxonomy":"product_cat","embeddable":true,"href":"https:\/\/groupecoiff.com\/en\/wp-json\/wp\/v2\/product_cat?post=44975"},{"taxonomy":"product_tag","embeddable":true,"href":"https:\/\/groupecoiff.com\/en\/wp-json\/wp\/v2\/product_tag?post=44975"}],"curies":[{"name":"wp","href":"https:\/\/api.w.org\/{rel}","templated":true}]}}