{"id":45020,"date":"2025-09-25T13:41:27","date_gmt":"2025-09-25T11:41:27","guid":{"rendered":"https:\/\/groupecoiff.com\/?post_type=product&#038;p=45020"},"modified":"2025-10-17T09:45:23","modified_gmt":"2025-10-17T07:45:23","slug":"repose-pieds-gabbiano-l005s-gold","status":"publish","type":"product","link":"https:\/\/groupecoiff.com\/en\/produit\/repose-pieds-gabbiano-l005s-gold\/","title":{"rendered":"Gabbiano L005S Gold footrest"},"content":{"rendered":"<h4>\u2022 Repose-pieds pour salon de coiffure : confort et stabilit\u00e9 au quotidien<\/h4>\n<p>Le repose-pieds Gabbiano L005S gold est un mat\u00e9riel pour salon de coiffure indispensable. Il am\u00e9liore le confort du client et facilite la posture du coiffeur.<\/p>\n<p><strong>\u2022 Fonctionnalit\u00e9 et s\u00e9curit\u00e9<\/strong><br \/>\nSa base antid\u00e9rapante assure une stabilit\u00e9 parfaite. Fabriqu\u00e9 en mat\u00e9riaux robustes dor\u00e9, ce repose-pieds est con\u00e7u pour durer.<\/p>\n<p><strong>\u2022 Design simple et \u00e9l\u00e9gant<\/strong><br \/>\nSon style \u00e9pur\u00e9 s\u2019int\u00e8gre facilement dans tout espace. Cet \u00e9quipement de coiffure professionnel allie praticit\u00e9 et esth\u00e9tique pour un usage quotidien.<\/p>\n<p><strong>\u2022 Dimensions pratiques :<\/strong><\/p>\n<ul>\n<li>Longueur : 30 cm<\/li>\n<li>Hauteur : 19 cm<\/li>\n<li>Profondeur de la base : 19 cm<\/li>\n<\/ul>\n<p>Ce Gabbiano L005S dor\u00e9 offre un confort essentiel et compl\u00e8te avec style l\u2019am\u00e9nagement de votre espace professionnel.<\/p>","protected":false},"excerpt":{"rendered":"<p>Am\u00e9liorez le confort de vos clients avec le repose-pieds Gabbiano L005S dor\u00e9. Sa base antid\u00e9rapante assure s\u00e9curit\u00e9 et stabilit\u00e9. \ud83d\udc4c<\/p>","protected":false},"featured_media":45024,"comment_status":"open","ping_status":"closed","template":"","meta":{"googlesitekit_rrm_CAow0YCiDA:productID":"","jetpack_post_was_ever_published":false,"jetpack_publicize_message":"","jetpack_publicize_feature_enabled":true,"jetpack_social_post_already_shared":true,"jetpack_social_options":{"image_generator_settings":{"template":"highway","default_image_id":0,"font":"","enabled":false},"version":2}},"product_brand":[577],"product_cat":[42,68],"product_tag":[546,608,607],"class_list":{"0":"post-45020","1":"product","2":"type-product","3":"status-publish","4":"has-post-thumbnail","6":"product_brand-activeshop","7":"product_cat-accessoires","8":"product_cat-repose-pieds","9":"product_tag-equipement-de-coiffure-professionnel","10":"product_tag-materiel-pour-salon-de-coiffure","11":"product_tag-repose-pieds-de-coiffure","13":"first","14":"instock","15":"featured","16":"taxable","17":"shipping-taxable","18":"purchasable","19":"product-type-simple"},"yoast_head":"<!-- This site is optimized with the Yoast SEO Premium plugin v27.5 (Yoast SEO v27.5) - https:\/\/yoast.com\/product\/yoast-seo-premium-wordpress\/ -->\n<title>Repose-pieds Gabbiano L005S dor\u00e9 au Design \u00c9l\u00e9gant<\/title>\n<meta name=\"description\" content=\"D\u00e9couvrez le repose-pieds Gabbiano L005S dor\u00e9, alli\u00e9 id\u00e9al pour le coiffeur moderne. Son design simple s\u2019int\u00e8gre avec \u00e9l\u00e9gance \u00e0 votre espace.\u2728\" \/>\n<meta name=\"robots\" content=\"index, follow, max-snippet:-1, max-image-preview:large, max-video-preview:-1\" \/>\n<link rel=\"canonical\" href=\"https:\/\/groupecoiff.com\/en\/product-2\/repose-pieds-gabbiano-l005s-gold\/\" \/>\n<meta property=\"og:locale\" content=\"en_US\" \/>\n<meta property=\"og:type\" content=\"article\" \/>\n<meta property=\"og:title\" content=\"Repose-pieds Gabbiano L005S Gold le repose-pieds\" \/>\n<meta property=\"og:description\" content=\"D\u00e9couvrez notre repose-pieds Miguel qui est fabriqu\u00e9 en acier inoxydable de haute qualit\u00e9 et de construction robuste. il est beaucoup plus haut de gamme que la finition chrom\u00e9e. Notre repose-pieds mobile est largement utilis\u00e9 dans les salons de coiffure. Il permet \u00e0 vos clients de placer leurs deux pieds parall\u00e8lement. C\u2019est un excellent repose-pieds pour les chaises ou canap\u00e9s et donnant \u00e0 vos clients un endroit pour se d\u00e9tendre les pieds.\" \/>\n<meta property=\"og:url\" content=\"https:\/\/groupecoiff.com\/en\/product-2\/repose-pieds-gabbiano-l005s-gold\/\" \/>\n<meta property=\"og:site_name\" content=\"Groupe Coiff\" \/>\n<meta property=\"article:publisher\" content=\"https:\/\/www.facebook.com\/GroupeCoiff\" \/>\n<meta property=\"article:modified_time\" content=\"2025-10-17T07:45:23+00:00\" \/>\n<meta property=\"og:image\" content=\"https:\/\/groupecoiff.com\/wp-content\/uploads\/2025\/09\/Repose-pieds-Gabbiano-L005S-Gold-4.webp\" \/>\n\t<meta property=\"og:image:width\" content=\"1200\" \/>\n\t<meta property=\"og:image:height\" content=\"1200\" \/>\n\t<meta property=\"og:image:type\" content=\"image\/webp\" \/>\n<meta name=\"twitter:card\" content=\"summary_large_image\" \/>\n<meta name=\"twitter:title\" content=\"Repose-pieds Gabbiano L005S Gold\" \/>\n<meta name=\"twitter:site\" content=\"@groupecoiff\" \/>\n<meta name=\"twitter:label1\" content=\"Price\" \/>\n\t<meta name=\"twitter:data1\" content=\"49,00&nbsp;&euro;\" \/>\n\t<meta name=\"twitter:label2\" content=\"Availability\" \/>\n\t<meta name=\"twitter:data2\" content=\"In stock\" \/>\n<script type=\"application\/ld+json\" class=\"yoast-schema-graph\">{\"@context\":\"https:\\\/\\\/schema.org\",\"@graph\":[{\"@type\":\"WebPage\",\"@id\":\"https:\\\/\\\/groupecoiff.com\\\/produit\\\/repose-pieds-gabbiano-l005s-gold\\\/\",\"url\":\"https:\\\/\\\/groupecoiff.com\\\/produit\\\/repose-pieds-gabbiano-l005s-gold\\\/\",\"name\":\"Repose-pieds Gabbiano L005S dor\u00e9 au Design \u00c9l\u00e9gant\",\"isPartOf\":{\"@id\":\"https:\\\/\\\/groupecoiff.com\\\/#website\"},\"primaryImageOfPage\":{\"@id\":\"https:\\\/\\\/groupecoiff.com\\\/produit\\\/repose-pieds-gabbiano-l005s-gold\\\/#primaryimage\"},\"image\":{\"@id\":\"https:\\\/\\\/groupecoiff.com\\\/produit\\\/repose-pieds-gabbiano-l005s-gold\\\/#primaryimage\"},\"thumbnailUrl\":\"https:\\\/\\\/groupecoiff.com\\\/wp-content\\\/uploads\\\/2025\\\/09\\\/Repose-pieds-Gabbiano-L005S-Gold-4.webp\",\"datePublished\":\"2025-09-25T11:41:27+00:00\",\"dateModified\":\"2025-10-17T07:45:23+00:00\",\"description\":\"D\u00e9couvrez le repose-pieds Gabbiano L005S dor\u00e9, alli\u00e9 id\u00e9al pour le coiffeur moderne. Son design simple s\u2019int\u00e8gre avec \u00e9l\u00e9gance \u00e0 votre espace.\u2728\",\"breadcrumb\":{\"@id\":\"https:\\\/\\\/groupecoiff.com\\\/produit\\\/repose-pieds-gabbiano-l005s-gold\\\/#breadcrumb\"},\"inLanguage\":\"en-US\",\"potentialAction\":[{\"@type\":\"ReadAction\",\"target\":[\"https:\\\/\\\/groupecoiff.com\\\/produit\\\/repose-pieds-gabbiano-l005s-gold\\\/\"]}]},{\"@type\":\"ImageObject\",\"inLanguage\":\"en-US\",\"@id\":\"https:\\\/\\\/groupecoiff.com\\\/produit\\\/repose-pieds-gabbiano-l005s-gold\\\/#primaryimage\",\"url\":\"https:\\\/\\\/groupecoiff.com\\\/wp-content\\\/uploads\\\/2025\\\/09\\\/Repose-pieds-Gabbiano-L005S-Gold-4.webp\",\"contentUrl\":\"https:\\\/\\\/groupecoiff.com\\\/wp-content\\\/uploads\\\/2025\\\/09\\\/Repose-pieds-Gabbiano-L005S-Gold-4.webp\",\"width\":1200,\"height\":1200,\"caption\":\"repose-pieds de coiffure - \u00e9quipement de coiffure professionnel - repose-pieds Gabbiano L005S gold - mat\u00e9riel pour salon de coiffure -\"},{\"@type\":\"BreadcrumbList\",\"@id\":\"https:\\\/\\\/groupecoiff.com\\\/produit\\\/repose-pieds-gabbiano-l005s-gold\\\/#breadcrumb\",\"itemListElement\":[{\"@type\":\"ListItem\",\"position\":1,\"name\":\"Accueil\",\"item\":\"https:\\\/\\\/groupecoiff.com\\\/\"},{\"@type\":\"ListItem\",\"position\":2,\"name\":\"Boutique\",\"item\":\"https:\\\/\\\/groupecoiff.com\\\/en\\\/boutique\\\/\"},{\"@type\":\"ListItem\",\"position\":3,\"name\":\"Repose-pieds Gabbiano L005S Gold\"}]},{\"@type\":\"WebSite\",\"@id\":\"https:\\\/\\\/groupecoiff.com\\\/#website\",\"url\":\"https:\\\/\\\/groupecoiff.com\\\/\",\"name\":\"Groupe Coiff\",\"description\":\"Tout pour la coiffure\",\"publisher\":{\"@id\":\"https:\\\/\\\/groupecoiff.com\\\/#organization\"},\"potentialAction\":[{\"@type\":\"SearchAction\",\"target\":{\"@type\":\"EntryPoint\",\"urlTemplate\":\"https:\\\/\\\/groupecoiff.com\\\/?s={search_term_string}\"},\"query-input\":{\"@type\":\"PropertyValueSpecification\",\"valueRequired\":true,\"valueName\":\"search_term_string\"}}],\"inLanguage\":\"en-US\"},{\"@type\":\"Organization\",\"@id\":\"https:\\\/\\\/groupecoiff.com\\\/#organization\",\"name\":\"Groupe Coiff\",\"alternateName\":\"Groupe Coiff : Le Mobilier De Coiffure Haut de Gamme Pour Une \u00c9l\u00e9gance In\u00e9gal\u00e9e\",\"url\":\"https:\\\/\\\/groupecoiff.com\\\/\",\"logo\":{\"@type\":\"ImageObject\",\"inLanguage\":\"en-US\",\"@id\":\"https:\\\/\\\/groupecoiff.com\\\/#\\\/schema\\\/logo\\\/image\\\/\",\"url\":\"https:\\\/\\\/groupecoiff.com\\\/wp-content\\\/uploads\\\/2024\\\/01\\\/cropped-Groupe-Coiff-Logo.webp\",\"contentUrl\":\"https:\\\/\\\/groupecoiff.com\\\/wp-content\\\/uploads\\\/2024\\\/01\\\/cropped-Groupe-Coiff-Logo.webp\",\"width\":512,\"height\":512,\"caption\":\"Groupe Coiff\"},\"image\":{\"@id\":\"https:\\\/\\\/groupecoiff.com\\\/#\\\/schema\\\/logo\\\/image\\\/\"},\"sameAs\":[\"https:\\\/\\\/www.facebook.com\\\/GroupeCoiff\",\"https:\\\/\\\/x.com\\\/groupecoiff\",\"https:\\\/\\\/www.instagram.com\\\/groupecoiff\\\/\",\"https:\\\/\\\/www.tiktok.com\\\/@groupecoiff\",\"https:\\\/\\\/www.youtube.com\\\/@groupecoiff\",\"https:\\\/\\\/twitter.com\\\/groupecoiff\",\"https:\\\/\\\/www.leboncoin.fr\\\/boutique\\\/3961302\\\/groupe_coiff.htm\"],\"description\":\"D\u00e9couvrez le mobilier de coiffure haut de gamme de Groupe Coiff, alliant \u00e9l\u00e9gance et fonctionnalit\u00e9 pour sublimer votre salon et satisfaire vos clients.\",\"email\":\"contact@groupecoiff.com\",\"telephone\":\"0676951605\",\"legalName\":\"Groupe Coiff\",\"foundingDate\":\"2022-11-16\",\"vatID\":\"FR84921406419\",\"taxID\":\"92140641900025\"}]}<\/script>\n<meta property=\"product:price:amount\" content=\"49.00\" \/>\n<meta property=\"product:price:currency\" content=\"EUR\" \/>\n<meta property=\"og:availability\" content=\"instock\" \/>\n<meta property=\"product:availability\" content=\"instock\" \/>\n<meta property=\"product:retailer_item_id\" content=\"5906717456923\" \/>\n<meta property=\"product:condition\" content=\"new\" \/>\n<!-- \/ Yoast SEO Premium plugin. -->","yoast_head_json":{"title":"Repose-pieds Gabbiano L005S dor\u00e9 au Design \u00c9l\u00e9gant","description":"D\u00e9couvrez le repose-pieds Gabbiano L005S dor\u00e9, alli\u00e9 id\u00e9al pour le coiffeur moderne. Son design simple s\u2019int\u00e8gre avec \u00e9l\u00e9gance \u00e0 votre espace.\u2728","robots":{"index":"index","follow":"follow","max-snippet":"max-snippet:-1","max-image-preview":"max-image-preview:large","max-video-preview":"max-video-preview:-1"},"canonical":"https:\/\/groupecoiff.com\/en\/product-2\/repose-pieds-gabbiano-l005s-gold\/","og_locale":"en_US","og_type":"article","og_title":"Repose-pieds Gabbiano L005S Gold le repose-pieds","og_description":"D\u00e9couvrez notre repose-pieds Miguel qui est fabriqu\u00e9 en acier inoxydable de haute qualit\u00e9 et de construction robuste. il est beaucoup plus haut de gamme que la finition chrom\u00e9e. Notre repose-pieds mobile est largement utilis\u00e9 dans les salons de coiffure. Il permet \u00e0 vos clients de placer leurs deux pieds parall\u00e8lement. C\u2019est un excellent repose-pieds pour les chaises ou canap\u00e9s et donnant \u00e0 vos clients un endroit pour se d\u00e9tendre les pieds.","og_url":"https:\/\/groupecoiff.com\/en\/product-2\/repose-pieds-gabbiano-l005s-gold\/","og_site_name":"Groupe Coiff","article_publisher":"https:\/\/www.facebook.com\/GroupeCoiff","article_modified_time":"2025-10-17T07:45:23+00:00","og_image":[{"width":1200,"height":1200,"url":"https:\/\/groupecoiff.com\/wp-content\/uploads\/2025\/09\/Repose-pieds-Gabbiano-L005S-Gold-4.webp","type":"image\/webp"}],"twitter_card":"summary_large_image","twitter_title":"Repose-pieds Gabbiano L005S Gold","twitter_site":"@groupecoiff","twitter_misc":{"Price":"49,00&nbsp;&euro;","Availability":"In stock"},"schema":{"@context":"https:\/\/schema.org","@graph":[{"@type":"WebPage","@id":"https:\/\/groupecoiff.com\/produit\/repose-pieds-gabbiano-l005s-gold\/","url":"https:\/\/groupecoiff.com\/produit\/repose-pieds-gabbiano-l005s-gold\/","name":"Repose-pieds Gabbiano L005S dor\u00e9 au Design \u00c9l\u00e9gant","isPartOf":{"@id":"https:\/\/groupecoiff.com\/#website"},"primaryImageOfPage":{"@id":"https:\/\/groupecoiff.com\/produit\/repose-pieds-gabbiano-l005s-gold\/#primaryimage"},"image":{"@id":"https:\/\/groupecoiff.com\/produit\/repose-pieds-gabbiano-l005s-gold\/#primaryimage"},"thumbnailUrl":"https:\/\/groupecoiff.com\/wp-content\/uploads\/2025\/09\/Repose-pieds-Gabbiano-L005S-Gold-4.webp","datePublished":"2025-09-25T11:41:27+00:00","dateModified":"2025-10-17T07:45:23+00:00","description":"D\u00e9couvrez le repose-pieds Gabbiano L005S dor\u00e9, alli\u00e9 id\u00e9al pour le coiffeur moderne. Son design simple s\u2019int\u00e8gre avec \u00e9l\u00e9gance \u00e0 votre espace.\u2728","breadcrumb":{"@id":"https:\/\/groupecoiff.com\/produit\/repose-pieds-gabbiano-l005s-gold\/#breadcrumb"},"inLanguage":"en-US","potentialAction":[{"@type":"ReadAction","target":["https:\/\/groupecoiff.com\/produit\/repose-pieds-gabbiano-l005s-gold\/"]}]},{"@type":"ImageObject","inLanguage":"en-US","@id":"https:\/\/groupecoiff.com\/produit\/repose-pieds-gabbiano-l005s-gold\/#primaryimage","url":"https:\/\/groupecoiff.com\/wp-content\/uploads\/2025\/09\/Repose-pieds-Gabbiano-L005S-Gold-4.webp","contentUrl":"https:\/\/groupecoiff.com\/wp-content\/uploads\/2025\/09\/Repose-pieds-Gabbiano-L005S-Gold-4.webp","width":1200,"height":1200,"caption":"repose-pieds de coiffure - \u00e9quipement de coiffure professionnel - repose-pieds Gabbiano L005S gold - mat\u00e9riel pour salon de coiffure -"},{"@type":"BreadcrumbList","@id":"https:\/\/groupecoiff.com\/produit\/repose-pieds-gabbiano-l005s-gold\/#breadcrumb","itemListElement":[{"@type":"ListItem","position":1,"name":"Accueil","item":"https:\/\/groupecoiff.com\/"},{"@type":"ListItem","position":2,"name":"Boutique","item":"https:\/\/groupecoiff.com\/en\/boutique\/"},{"@type":"ListItem","position":3,"name":"Repose-pieds Gabbiano L005S Gold"}]},{"@type":"WebSite","@id":"https:\/\/groupecoiff.com\/#website","url":"https:\/\/groupecoiff.com\/","name":"Coiff Group","description":"Everything for the hairdresser","publisher":{"@id":"https:\/\/groupecoiff.com\/#organization"},"potentialAction":[{"@type":"SearchAction","target":{"@type":"EntryPoint","urlTemplate":"https:\/\/groupecoiff.com\/?s={search_term_string}"},"query-input":{"@type":"PropertyValueSpecification","valueRequired":true,"valueName":"search_term_string"}}],"inLanguage":"en-US"},{"@type":"Organization","@id":"https:\/\/groupecoiff.com\/#organization","name":"Coiff Group","alternateName":"Groupe Coiff : Le Mobilier De Coiffure Haut de Gamme Pour Une \u00c9l\u00e9gance In\u00e9gal\u00e9e","url":"https:\/\/groupecoiff.com\/","logo":{"@type":"ImageObject","inLanguage":"en-US","@id":"https:\/\/groupecoiff.com\/#\/schema\/logo\/image\/","url":"https:\/\/groupecoiff.com\/wp-content\/uploads\/2024\/01\/cropped-Groupe-Coiff-Logo.webp","contentUrl":"https:\/\/groupecoiff.com\/wp-content\/uploads\/2024\/01\/cropped-Groupe-Coiff-Logo.webp","width":512,"height":512,"caption":"Groupe Coiff"},"image":{"@id":"https:\/\/groupecoiff.com\/#\/schema\/logo\/image\/"},"sameAs":["https:\/\/www.facebook.com\/GroupeCoiff","https:\/\/x.com\/groupecoiff","https:\/\/www.instagram.com\/groupecoiff\/","https:\/\/www.tiktok.com\/@groupecoiff","https:\/\/www.youtube.com\/@groupecoiff","https:\/\/twitter.com\/groupecoiff","https:\/\/www.leboncoin.fr\/boutique\/3961302\/groupe_coiff.htm"],"description":"Discover Groupe Coiff's top-of-the-range hairdressing furniture, combining elegance and functionality to enhance your salon and satisfy your customers.","email":"contact@groupecoiff.com","telephone":"0676951605","legalName":"Groupe Coiff","foundingDate":"2022-11-16","vatID":"FR84921406419","taxID":"92140641900025"}]},"product_price_amount":"49.00","product_price_currency":"EUR","og_availability":"instock","product_availability":"instock","product_retailer_item_id":"5906717456923","product_condition":"new"},"jetpack_publicize_connections":[],"jetpack_likes_enabled":true,"jetpack_sharing_enabled":true,"_links":{"self":[{"href":"https:\/\/groupecoiff.com\/en\/wp-json\/wp\/v2\/product\/45020","targetHints":{"allow":["GET"]}}],"collection":[{"href":"https:\/\/groupecoiff.com\/en\/wp-json\/wp\/v2\/product"}],"about":[{"href":"https:\/\/groupecoiff.com\/en\/wp-json\/wp\/v2\/types\/product"}],"replies":[{"embeddable":true,"href":"https:\/\/groupecoiff.com\/en\/wp-json\/wp\/v2\/comments?post=45020"}],"version-history":[{"count":0,"href":"https:\/\/groupecoiff.com\/en\/wp-json\/wp\/v2\/product\/45020\/revisions"}],"wp:featuredmedia":[{"embeddable":true,"href":"https:\/\/groupecoiff.com\/en\/wp-json\/wp\/v2\/media\/45024"}],"wp:attachment":[{"href":"https:\/\/groupecoiff.com\/en\/wp-json\/wp\/v2\/media?parent=45020"}],"wp:term":[{"taxonomy":"product_brand","embeddable":true,"href":"https:\/\/groupecoiff.com\/en\/wp-json\/wp\/v2\/product_brand?post=45020"},{"taxonomy":"product_cat","embeddable":true,"href":"https:\/\/groupecoiff.com\/en\/wp-json\/wp\/v2\/product_cat?post=45020"},{"taxonomy":"product_tag","embeddable":true,"href":"https:\/\/groupecoiff.com\/en\/wp-json\/wp\/v2\/product_tag?post=45020"}],"curies":[{"name":"wp","href":"https:\/\/api.w.org\/{rel}","templated":true}]}}