{"id":45082,"date":"2025-09-26T22:55:16","date_gmt":"2025-09-26T20:55:16","guid":{"rendered":"https:\/\/groupecoiff.com\/?post_type=product&#038;p=45082"},"modified":"2025-09-30T10:55:22","modified_gmt":"2025-09-30T08:55:22","slug":"coiffeuse-murale-thomas","status":"publish","type":"product","link":"https:\/\/groupecoiff.com\/en\/produit\/coiffeuse-murale-thomas\/","title":{"rendered":"Coiffeuse murale THOMAS"},"content":{"rendered":"<ul>\n<li>\n<h4>Coiffeuse murale THOMAS avec Led int\u00e9gr\u00e9e\u00a0 \u2013 \u00c9l\u00e9gance et performance pour salon<\/h4>\n<\/li>\n<\/ul>\n<p>La coiffeuse murale THOMAS est un poste de coiffage professionnel pens\u00e9 pour sublimer votre espace. Son grand miroir (180\u00d775\u00d77 cm) et son cadre noir brillant cr\u00e9ent de la profondeur et renforcent l\u2019\u00e9l\u00e9gance de votre meuble pour salon de coiffure.<\/p>\n<ul>\n<li><strong>Un miroir de coiffure avec LED int\u00e9gr\u00e9e<\/strong><\/li>\n<\/ul>\n<p>Gr\u00e2ce \u00e0 son \u00e9clairage LED blanc froid, chaque d\u00e9tail du travail est mis en lumi\u00e8re. Pour plus de flexibilit\u00e9, la version sans \u00e9clairage est \u00e9galement disponible.<\/p>\n<ul>\n<li><strong>Robustesse et qualit\u00e9 durable<\/strong><\/li>\n<\/ul>\n<p>Con\u00e7ue en PMMA noir et fix\u00e9e avec des rails en acier, la coiffeuse pour salon de coiffure THOMAS assure solidit\u00e9 et long\u00e9vit\u00e9. Ce mobilier combine modernit\u00e9 et r\u00e9sistance pour un usage quotidien.<\/p>\n<ul>\n<li><strong>Les atouts majeurs<\/strong><\/li>\n<\/ul>\n<ol>\n<li>Style \u00e9pur\u00e9 et moderne<\/li>\n<li>Installation murale fiable<\/li>\n<li>Livraison rapide sous 7 jours<\/li>\n<li>Compatible avec la gamme THOMAS<\/li>\n<\/ol>\n<ul>\n<li><strong>Technical specifications<\/strong><\/li>\n<\/ul>\n<ol>\n<li>Dimensions : 180 \u00d7 75 \u00d7 7 cm<\/li>\n<li>Cadre : PMMA noir brillant<\/li>\n<li>\u00c9clairage : LED blanc froid ou sans \u00e9clairage<\/li>\n<li>Fixations : rails muraux en acier<\/li>\n<li>Montage mural obligatoire<\/li>\n<\/ol>\n<p>La coiffeuse murale THOMAS est un mobilier de coiffure professionnel incontournable pour cr\u00e9er un espace \u00e9l\u00e9gant, fonctionnel et durable.<\/p>","protected":false},"excerpt":{"rendered":"<p>D\u00e9couvrez la coiffeuse murale THOMAS, un meuble qui allie style et fonctionnalit\u00e9! Subtilisez votre travail avec son miroir LED \u00e9blouissant. \u2728<\/p>","protected":false},"featured_media":45085,"comment_status":"open","ping_status":"closed","template":"","meta":{"googlesitekit_rrm_CAow0YCiDA:productID":"","jetpack_post_was_ever_published":false,"jetpack_publicize_message":"","jetpack_publicize_feature_enabled":true,"jetpack_social_post_already_shared":true,"jetpack_social_options":{"image_generator_settings":{"template":"highway","default_image_id":0,"font":"","enabled":false},"version":2}},"product_brand":[578],"product_cat":[313,48],"product_tag":[367,468,535,377],"class_list":{"0":"post-45082","1":"product","2":"type-product","3":"status-publish","4":"has-post-thumbnail","6":"product_brand-ayala","7":"product_cat-meuble-de-coiffure","8":"product_cat-poste-de-coiffage-professionnel","9":"product_tag-coiffeuse-pour-salon-de-coiffure","10":"product_tag-miroir-de-coiffure","11":"product_tag-mobilier-de-coiffure-professionnel","12":"product_tag-poste-de-coiffage","14":"first","15":"instock","16":"taxable","17":"shipping-taxable","18":"purchasable","19":"product-type-simple"},"yoast_head":"<!-- This site is optimized with the Yoast SEO Premium plugin v27.4 (Yoast SEO v27.4) - https:\/\/yoast.com\/product\/yoast-seo-premium-wordpress\/ -->\n<title>coiffeuse murale THOMAS: \u00e9l\u00e9gance et design raffin\u00e9<\/title>\n<meta name=\"description\" content=\"Optez pour la coiffeuse murale THOMAS, le must pour un espace de coiffage professionnel. \u00c9clairez vos cr\u00e9ations gr\u00e2ce \u00e0 son \u00e9clairage LED int\u00e9gr\u00e9!\" \/>\n<meta name=\"robots\" content=\"index, follow, max-snippet:-1, max-image-preview:large, max-video-preview:-1\" \/>\n<link rel=\"canonical\" href=\"https:\/\/groupecoiff.com\/en\/product-2\/coiffeuse-murale-thomas\/\" \/>\n<meta property=\"og:locale\" content=\"en_US\" \/>\n<meta property=\"og:type\" content=\"article\" \/>\n<meta property=\"og:title\" content=\"Coiffeuse murale THOMAS\" \/>\n<meta property=\"og:description\" content=\"Optez pour la coiffeuse murale THOMAS, le must pour un espace de coiffage professionnel. \u00c9clairez vos cr\u00e9ations gr\u00e2ce \u00e0 son \u00e9clairage LED int\u00e9gr\u00e9!\" \/>\n<meta property=\"og:url\" content=\"https:\/\/groupecoiff.com\/en\/product-2\/coiffeuse-murale-thomas\/\" \/>\n<meta property=\"og:site_name\" content=\"Groupe Coiff\" \/>\n<meta property=\"article:publisher\" content=\"https:\/\/www.facebook.com\/GroupeCoiff\" \/>\n<meta property=\"article:modified_time\" content=\"2025-09-30T08:55:22+00:00\" \/>\n<meta property=\"og:image\" content=\"https:\/\/groupecoiff.com\/wp-content\/uploads\/2025\/09\/Coiffeuse-murale-THOMAS-2-scaled.webp\" \/>\n\t<meta property=\"og:image:width\" content=\"2560\" \/>\n\t<meta property=\"og:image:height\" content=\"2560\" \/>\n\t<meta property=\"og:image:type\" content=\"image\/webp\" \/>\n<meta name=\"twitter:card\" content=\"summary_large_image\" \/>\n<meta name=\"twitter:site\" content=\"@groupecoiff\" \/>\n<meta name=\"twitter:label1\" content=\"Price\" \/>\n\t<meta name=\"twitter:data1\" content=\"599,00&nbsp;&euro;\" \/>\n\t<meta name=\"twitter:label2\" content=\"Availability\" \/>\n\t<meta name=\"twitter:data2\" content=\"In stock\" \/>\n<script type=\"application\/ld+json\" class=\"yoast-schema-graph\">{\"@context\":\"https:\\\/\\\/schema.org\",\"@graph\":[{\"@type\":\"WebPage\",\"@id\":\"https:\\\/\\\/groupecoiff.com\\\/produit\\\/coiffeuse-murale-thomas\\\/\",\"url\":\"https:\\\/\\\/groupecoiff.com\\\/produit\\\/coiffeuse-murale-thomas\\\/\",\"name\":\"coiffeuse murale THOMAS: \u00e9l\u00e9gance et design raffin\u00e9\",\"isPartOf\":{\"@id\":\"https:\\\/\\\/groupecoiff.com\\\/#website\"},\"primaryImageOfPage\":{\"@id\":\"https:\\\/\\\/groupecoiff.com\\\/produit\\\/coiffeuse-murale-thomas\\\/#primaryimage\"},\"image\":{\"@id\":\"https:\\\/\\\/groupecoiff.com\\\/produit\\\/coiffeuse-murale-thomas\\\/#primaryimage\"},\"thumbnailUrl\":\"https:\\\/\\\/groupecoiff.com\\\/wp-content\\\/uploads\\\/2025\\\/09\\\/Coiffeuse-murale-THOMAS-2-scaled.webp\",\"datePublished\":\"2025-09-26T20:55:16+00:00\",\"dateModified\":\"2025-09-30T08:55:22+00:00\",\"description\":\"Optez pour la coiffeuse murale THOMAS, le must pour un espace de coiffage professionnel. \u00c9clairez vos cr\u00e9ations gr\u00e2ce \u00e0 son \u00e9clairage LED int\u00e9gr\u00e9!\",\"breadcrumb\":{\"@id\":\"https:\\\/\\\/groupecoiff.com\\\/produit\\\/coiffeuse-murale-thomas\\\/#breadcrumb\"},\"inLanguage\":\"en-US\",\"potentialAction\":[{\"@type\":\"ReadAction\",\"target\":[\"https:\\\/\\\/groupecoiff.com\\\/produit\\\/coiffeuse-murale-thomas\\\/\"]}]},{\"@type\":\"ImageObject\",\"inLanguage\":\"en-US\",\"@id\":\"https:\\\/\\\/groupecoiff.com\\\/produit\\\/coiffeuse-murale-thomas\\\/#primaryimage\",\"url\":\"https:\\\/\\\/groupecoiff.com\\\/wp-content\\\/uploads\\\/2025\\\/09\\\/Coiffeuse-murale-THOMAS-2-scaled.webp\",\"contentUrl\":\"https:\\\/\\\/groupecoiff.com\\\/wp-content\\\/uploads\\\/2025\\\/09\\\/Coiffeuse-murale-THOMAS-2-scaled.webp\",\"width\":2560,\"height\":2560,\"caption\":\"coiffeuse murale Miroir de coiffure THOMAS - Poste de coiffage - Mobilier pour salon de coiffure - Poste de coiffure professionnel - Miroir de coiffure avec led THOMAS - Poste de coiffage THOMAS - Mobilier pour salon de coiffure - Poste de coiffure professionnel\"},{\"@type\":\"BreadcrumbList\",\"@id\":\"https:\\\/\\\/groupecoiff.com\\\/produit\\\/coiffeuse-murale-thomas\\\/#breadcrumb\",\"itemListElement\":[{\"@type\":\"ListItem\",\"position\":1,\"name\":\"Accueil\",\"item\":\"https:\\\/\\\/groupecoiff.com\\\/\"},{\"@type\":\"ListItem\",\"position\":2,\"name\":\"Boutique\",\"item\":\"https:\\\/\\\/groupecoiff.com\\\/boutique\\\/\"},{\"@type\":\"ListItem\",\"position\":3,\"name\":\"Coiffeuse murale THOMAS\"}]},{\"@type\":\"WebSite\",\"@id\":\"https:\\\/\\\/groupecoiff.com\\\/#website\",\"url\":\"https:\\\/\\\/groupecoiff.com\\\/\",\"name\":\"Groupe Coiff\",\"description\":\"Tout pour la coiffure\",\"publisher\":{\"@id\":\"https:\\\/\\\/groupecoiff.com\\\/#organization\"},\"potentialAction\":[{\"@type\":\"SearchAction\",\"target\":{\"@type\":\"EntryPoint\",\"urlTemplate\":\"https:\\\/\\\/groupecoiff.com\\\/?s={search_term_string}\"},\"query-input\":{\"@type\":\"PropertyValueSpecification\",\"valueRequired\":true,\"valueName\":\"search_term_string\"}}],\"inLanguage\":\"en-US\"},{\"@type\":\"Organization\",\"@id\":\"https:\\\/\\\/groupecoiff.com\\\/#organization\",\"name\":\"Groupe Coiff\",\"alternateName\":\"Groupe Coiff : Le Mobilier De Coiffure Haut de Gamme Pour Une \u00c9l\u00e9gance In\u00e9gal\u00e9e\",\"url\":\"https:\\\/\\\/groupecoiff.com\\\/\",\"logo\":{\"@type\":\"ImageObject\",\"inLanguage\":\"en-US\",\"@id\":\"https:\\\/\\\/groupecoiff.com\\\/#\\\/schema\\\/logo\\\/image\\\/\",\"url\":\"https:\\\/\\\/groupecoiff.com\\\/wp-content\\\/uploads\\\/2024\\\/01\\\/cropped-Groupe-Coiff-Logo.webp\",\"contentUrl\":\"https:\\\/\\\/groupecoiff.com\\\/wp-content\\\/uploads\\\/2024\\\/01\\\/cropped-Groupe-Coiff-Logo.webp\",\"width\":512,\"height\":512,\"caption\":\"Groupe Coiff\"},\"image\":{\"@id\":\"https:\\\/\\\/groupecoiff.com\\\/#\\\/schema\\\/logo\\\/image\\\/\"},\"sameAs\":[\"https:\\\/\\\/www.facebook.com\\\/GroupeCoiff\",\"https:\\\/\\\/x.com\\\/groupecoiff\",\"https:\\\/\\\/www.instagram.com\\\/groupecoiff\\\/\",\"https:\\\/\\\/www.tiktok.com\\\/@groupecoiff\",\"https:\\\/\\\/www.youtube.com\\\/@groupecoiff\",\"https:\\\/\\\/twitter.com\\\/groupecoiff\",\"https:\\\/\\\/www.leboncoin.fr\\\/boutique\\\/3961302\\\/groupe_coiff.htm\"],\"description\":\"D\u00e9couvrez le mobilier de coiffure haut de gamme de Groupe Coiff, alliant \u00e9l\u00e9gance et fonctionnalit\u00e9 pour sublimer votre salon et satisfaire vos clients.\",\"email\":\"contact@groupecoiff.com\",\"telephone\":\"0676951605\",\"legalName\":\"Groupe Coiff\",\"foundingDate\":\"2022-11-16\",\"vatID\":\"FR84921406419\",\"taxID\":\"92140641900025\"}]}<\/script>\n<meta property=\"product:price:amount\" content=\"599.00\" \/>\n<meta property=\"product:price:currency\" content=\"EUR\" \/>\n<meta property=\"og:availability\" content=\"instock\" \/>\n<meta property=\"product:availability\" content=\"instock\" \/>\n<meta property=\"product:condition\" content=\"new\" \/>\n<!-- \/ Yoast SEO Premium plugin. -->","yoast_head_json":{"title":"coiffeuse murale THOMAS: \u00e9l\u00e9gance et design raffin\u00e9","description":"Optez pour la coiffeuse murale THOMAS, le must pour un espace de coiffage professionnel. \u00c9clairez vos cr\u00e9ations gr\u00e2ce \u00e0 son \u00e9clairage LED int\u00e9gr\u00e9!","robots":{"index":"index","follow":"follow","max-snippet":"max-snippet:-1","max-image-preview":"max-image-preview:large","max-video-preview":"max-video-preview:-1"},"canonical":"https:\/\/groupecoiff.com\/en\/product-2\/coiffeuse-murale-thomas\/","og_locale":"en_US","og_type":"article","og_title":"Coiffeuse murale THOMAS","og_description":"Optez pour la coiffeuse murale THOMAS, le must pour un espace de coiffage professionnel. \u00c9clairez vos cr\u00e9ations gr\u00e2ce \u00e0 son \u00e9clairage LED int\u00e9gr\u00e9!","og_url":"https:\/\/groupecoiff.com\/en\/product-2\/coiffeuse-murale-thomas\/","og_site_name":"Groupe Coiff","article_publisher":"https:\/\/www.facebook.com\/GroupeCoiff","article_modified_time":"2025-09-30T08:55:22+00:00","og_image":[{"width":2560,"height":2560,"url":"https:\/\/groupecoiff.com\/wp-content\/uploads\/2025\/09\/Coiffeuse-murale-THOMAS-2-scaled.webp","type":"image\/webp"}],"twitter_card":"summary_large_image","twitter_site":"@groupecoiff","twitter_misc":{"Price":"599,00&nbsp;&euro;","Availability":"In stock"},"schema":{"@context":"https:\/\/schema.org","@graph":[{"@type":"WebPage","@id":"https:\/\/groupecoiff.com\/produit\/coiffeuse-murale-thomas\/","url":"https:\/\/groupecoiff.com\/produit\/coiffeuse-murale-thomas\/","name":"coiffeuse murale THOMAS: \u00e9l\u00e9gance et design raffin\u00e9","isPartOf":{"@id":"https:\/\/groupecoiff.com\/#website"},"primaryImageOfPage":{"@id":"https:\/\/groupecoiff.com\/produit\/coiffeuse-murale-thomas\/#primaryimage"},"image":{"@id":"https:\/\/groupecoiff.com\/produit\/coiffeuse-murale-thomas\/#primaryimage"},"thumbnailUrl":"https:\/\/groupecoiff.com\/wp-content\/uploads\/2025\/09\/Coiffeuse-murale-THOMAS-2-scaled.webp","datePublished":"2025-09-26T20:55:16+00:00","dateModified":"2025-09-30T08:55:22+00:00","description":"Optez pour la coiffeuse murale THOMAS, le must pour un espace de coiffage professionnel. \u00c9clairez vos cr\u00e9ations gr\u00e2ce \u00e0 son \u00e9clairage LED int\u00e9gr\u00e9!","breadcrumb":{"@id":"https:\/\/groupecoiff.com\/produit\/coiffeuse-murale-thomas\/#breadcrumb"},"inLanguage":"en-US","potentialAction":[{"@type":"ReadAction","target":["https:\/\/groupecoiff.com\/produit\/coiffeuse-murale-thomas\/"]}]},{"@type":"ImageObject","inLanguage":"en-US","@id":"https:\/\/groupecoiff.com\/produit\/coiffeuse-murale-thomas\/#primaryimage","url":"https:\/\/groupecoiff.com\/wp-content\/uploads\/2025\/09\/Coiffeuse-murale-THOMAS-2-scaled.webp","contentUrl":"https:\/\/groupecoiff.com\/wp-content\/uploads\/2025\/09\/Coiffeuse-murale-THOMAS-2-scaled.webp","width":2560,"height":2560,"caption":"coiffeuse murale Miroir de coiffure THOMAS - Poste de coiffage - Mobilier pour salon de coiffure - Poste de coiffure professionnel - Miroir de coiffure avec led THOMAS - Poste de coiffage THOMAS - Mobilier pour salon de coiffure - Poste de coiffure professionnel"},{"@type":"BreadcrumbList","@id":"https:\/\/groupecoiff.com\/produit\/coiffeuse-murale-thomas\/#breadcrumb","itemListElement":[{"@type":"ListItem","position":1,"name":"Accueil","item":"https:\/\/groupecoiff.com\/"},{"@type":"ListItem","position":2,"name":"Boutique","item":"https:\/\/groupecoiff.com\/boutique\/"},{"@type":"ListItem","position":3,"name":"Coiffeuse murale THOMAS"}]},{"@type":"WebSite","@id":"https:\/\/groupecoiff.com\/#website","url":"https:\/\/groupecoiff.com\/","name":"Coiff Group","description":"Everything for the hairdresser","publisher":{"@id":"https:\/\/groupecoiff.com\/#organization"},"potentialAction":[{"@type":"SearchAction","target":{"@type":"EntryPoint","urlTemplate":"https:\/\/groupecoiff.com\/?s={search_term_string}"},"query-input":{"@type":"PropertyValueSpecification","valueRequired":true,"valueName":"search_term_string"}}],"inLanguage":"en-US"},{"@type":"Organization","@id":"https:\/\/groupecoiff.com\/#organization","name":"Coiff Group","alternateName":"Groupe Coiff : Le Mobilier De Coiffure Haut de Gamme Pour Une \u00c9l\u00e9gance In\u00e9gal\u00e9e","url":"https:\/\/groupecoiff.com\/","logo":{"@type":"ImageObject","inLanguage":"en-US","@id":"https:\/\/groupecoiff.com\/#\/schema\/logo\/image\/","url":"https:\/\/groupecoiff.com\/wp-content\/uploads\/2024\/01\/cropped-Groupe-Coiff-Logo.webp","contentUrl":"https:\/\/groupecoiff.com\/wp-content\/uploads\/2024\/01\/cropped-Groupe-Coiff-Logo.webp","width":512,"height":512,"caption":"Groupe Coiff"},"image":{"@id":"https:\/\/groupecoiff.com\/#\/schema\/logo\/image\/"},"sameAs":["https:\/\/www.facebook.com\/GroupeCoiff","https:\/\/x.com\/groupecoiff","https:\/\/www.instagram.com\/groupecoiff\/","https:\/\/www.tiktok.com\/@groupecoiff","https:\/\/www.youtube.com\/@groupecoiff","https:\/\/twitter.com\/groupecoiff","https:\/\/www.leboncoin.fr\/boutique\/3961302\/groupe_coiff.htm"],"description":"Discover Groupe Coiff's top-of-the-range hairdressing furniture, combining elegance and functionality to enhance your salon and satisfy your customers.","email":"contact@groupecoiff.com","telephone":"0676951605","legalName":"Groupe Coiff","foundingDate":"2022-11-16","vatID":"FR84921406419","taxID":"92140641900025"}]},"product_price_amount":"599.00","product_price_currency":"EUR","og_availability":"instock","product_availability":"instock","product_condition":"new"},"jetpack_publicize_connections":[],"jetpack_likes_enabled":true,"jetpack_sharing_enabled":true,"_links":{"self":[{"href":"https:\/\/groupecoiff.com\/en\/wp-json\/wp\/v2\/product\/45082","targetHints":{"allow":["GET"]}}],"collection":[{"href":"https:\/\/groupecoiff.com\/en\/wp-json\/wp\/v2\/product"}],"about":[{"href":"https:\/\/groupecoiff.com\/en\/wp-json\/wp\/v2\/types\/product"}],"replies":[{"embeddable":true,"href":"https:\/\/groupecoiff.com\/en\/wp-json\/wp\/v2\/comments?post=45082"}],"version-history":[{"count":0,"href":"https:\/\/groupecoiff.com\/en\/wp-json\/wp\/v2\/product\/45082\/revisions"}],"wp:featuredmedia":[{"embeddable":true,"href":"https:\/\/groupecoiff.com\/en\/wp-json\/wp\/v2\/media\/45085"}],"wp:attachment":[{"href":"https:\/\/groupecoiff.com\/en\/wp-json\/wp\/v2\/media?parent=45082"}],"wp:term":[{"taxonomy":"product_brand","embeddable":true,"href":"https:\/\/groupecoiff.com\/en\/wp-json\/wp\/v2\/product_brand?post=45082"},{"taxonomy":"product_cat","embeddable":true,"href":"https:\/\/groupecoiff.com\/en\/wp-json\/wp\/v2\/product_cat?post=45082"},{"taxonomy":"product_tag","embeddable":true,"href":"https:\/\/groupecoiff.com\/en\/wp-json\/wp\/v2\/product_tag?post=45082"}],"curies":[{"name":"wp","href":"https:\/\/api.w.org\/{rel}","templated":true}]}}