{"id":45158,"date":"2025-09-27T14:40:48","date_gmt":"2025-09-27T12:40:48","guid":{"rendered":"https:\/\/groupecoiff.com\/?post_type=product&#038;p=45158"},"modified":"2026-07-09T01:14:35","modified_gmt":"2026-07-08T23:14:35","slug":"kate-white-electric-aesthetic-armchair","status":"publish","type":"product","link":"https:\/\/groupecoiff.com\/en\/produit\/fauteuil-esthetique-electrique-kate-blanc\/","title":{"rendered":"KATE White Electric Aesthetic Chair"},"content":{"rendered":"<ul>\n<li>\n<h4>KATE Electric White Care Armchair \u2013 Professional Comfort and Precision<\/h4>\n<\/li>\n<\/ul>\n<p>The KATE Electric Aesthetic Chair in white is equipped with 4 silent motors. This allows for smooth adjustments of the height, backrest, seat, and leg rest to adapt to each treatment.<\/p>\n<ul>\n<li><strong>High-end aesthetic furniture<\/strong><\/li>\n<\/ul>\n<p>Thanks to its sleek design and white eco-leather upholstery, this electric aesthetic armchair combines elegance and durability. Its robust structure guarantees stability and reliability, even with intensive use.<\/p>\n<ul>\n<li><strong>A versatile aesthetic care chair<\/strong><\/li>\n<\/ul>\n<p>This armchair reclines to a full horizontal position. Additionally, it features a headrest with a face cutout and removable armrests for enhanced comfort and accessibility.<\/p>\n<ul>\n<li><strong>Practical and professional strengths<\/strong><\/li>\n<\/ul>\n<ol>\n<li>Remote control included for quick adjustments<\/li>\n<li>Easy-to-clean coating<\/li>\n<li>Maximum load 180 kg<\/li>\n<li>Solid and stable structure<\/li>\n<li>Delivered ready to use with a 1-year warranty<\/li>\n<\/ol>\n<ul>\n<li><strong>Optimized dimensions for all care<\/strong><\/li>\n<\/ul>\n<ol>\n<li>Adjustable height: 44 to 60 cm<\/li>\n<li>Seat width: 58 cm<\/li>\n<li>File length: 82 cm<\/li>\n<li>Leg rest length: 60 cm<\/li>\n<li>Total length: 120 cm<\/li>\n<\/ol>\n<p>This professional aesthetic furniture is a strategic choice for any institute seeking high-end aesthetic furnishings. The KATE Electric treatment chair offers comfort, precision, and elegance to enhance your services and retain your clients.<\/p>","protected":false},"excerpt":{"rendered":"<p>Transform your workspace with the KATE White Electric Aesthetic Chair. Its elegance and flexibility make it a perfect choice. \u2728<\/p>","protected":false},"featured_media":45166,"comment_status":"open","ping_status":"closed","template":"","meta":{"googlesitekit_rrm_CAow0YCiDA:productID":"","jetpack_publicize_message":"","jetpack_publicize_feature_enabled":true,"jetpack_social_post_already_shared":true,"jetpack_social_options":{"image_generator_settings":{"template":"highway","default_image_id":0,"font":"","enabled":false},"version":2}},"product_brand":[577],"product_cat":[486,61],"product_tag":[369,370,368],"class_list":["post-45158","product","type-product","status-publish","has-post-thumbnail","product_brand-activeshop","product_cat-fauteuil-de-soins-esthetique","product_cat-mobilier-esthetique","product_tag-fauteuil-de-soins-electrique","product_tag-fauteuil-esthetique-electrique","product_tag-mobilier-esthetique-professionnel","first","instock","taxable","shipping-taxable","purchasable","product-type-simple"],"yoast_head":"<!-- This site is optimized with the Yoast SEO Premium plugin v28.4 (Yoast SEO v28.4) - https:\/\/yoast.com\/product\/yoast-seo-premium-wordpress\/ -->\n<title>Fauteuil Esth\u00e9tique \u00c9lectrique KATE Blanc avec 4 Moteurs - Groupe Coiff<\/title>\n<meta name=\"description\" content=\"Fabriqu\u00e9 en \u00e9co-cuir blanc, le fauteuil Esth\u00e9tique \u00c9lectrique KATE Blanc est l&#039;alliance parfaite entre luxe et praticit\u00e9. Sublimez votre salon de beaut\u00e9 !\" \/>\n<meta name=\"robots\" content=\"index, follow, max-snippet:-1, max-image-preview:large, max-video-preview:-1\" \/>\n<link rel=\"canonical\" href=\"https:\/\/groupecoiff.com\/en\/product-2\/kate-white-electric-aesthetic-armchair\/\" \/>\n<meta property=\"og:locale\" content=\"en_US\" \/>\n<meta property=\"og:type\" content=\"article\" \/>\n<meta property=\"og:title\" content=\"Fauteuil Esth\u00e9tique \u00c9lectrique KATE Blanc\" \/>\n<meta property=\"og:description\" content=\"Fabriqu\u00e9 en \u00e9co-cuir blanc, le fauteuil Esth\u00e9tique \u00c9lectrique KATE Blanc est l&#039;alliance parfaite entre luxe et praticit\u00e9. Sublimez votre salon de beaut\u00e9 !\" \/>\n<meta property=\"og:url\" content=\"https:\/\/groupecoiff.com\/en\/product-2\/kate-white-electric-aesthetic-armchair\/\" \/>\n<meta property=\"og:site_name\" content=\"Groupe Coiff\" \/>\n<meta property=\"article:publisher\" content=\"https:\/\/www.facebook.com\/GroupeCoiff\" \/>\n<meta property=\"article:modified_time\" content=\"2026-07-08T23:14:35+00:00\" \/>\n<meta property=\"og:image\" content=\"https:\/\/groupecoiff.com\/wp-content\/uploads\/2025\/09\/Fauteuil-Esthetique-Electrique-KATE-Blanc-8.webp\" \/>\n\t<meta property=\"og:image:width\" content=\"1200\" \/>\n\t<meta property=\"og:image:height\" content=\"1200\" \/>\n\t<meta property=\"og:image:type\" content=\"image\/webp\" \/>\n<meta name=\"twitter:card\" content=\"summary_large_image\" \/>\n<meta name=\"twitter:site\" content=\"@groupecoiff\" \/>\n<meta name=\"twitter:label1\" content=\"Price\" \/>\n\t<meta name=\"twitter:data1\" content=\"1299,00&nbsp;&euro;\" \/>\n\t<meta name=\"twitter:label2\" content=\"Availability\" \/>\n\t<meta name=\"twitter:data2\" content=\"In stock\" \/>\n<script type=\"application\/ld+json\" class=\"yoast-schema-graph\">{\"@context\":\"https:\\\/\\\/schema.org\",\"@graph\":[{\"@type\":\"WebPage\",\"@id\":\"https:\\\/\\\/groupecoiff.com\\\/produit\\\/fauteuil-esthetique-electrique-kate-blanc\\\/\",\"url\":\"https:\\\/\\\/groupecoiff.com\\\/produit\\\/fauteuil-esthetique-electrique-kate-blanc\\\/\",\"name\":\"Fauteuil Esth\u00e9tique \u00c9lectrique KATE Blanc avec 4 Moteurs - Groupe Coiff\",\"isPartOf\":{\"@id\":\"https:\\\/\\\/groupecoiff.com\\\/#website\"},\"primaryImageOfPage\":{\"@id\":\"https:\\\/\\\/groupecoiff.com\\\/produit\\\/fauteuil-esthetique-electrique-kate-blanc\\\/#primaryimage\"},\"image\":{\"@id\":\"https:\\\/\\\/groupecoiff.com\\\/produit\\\/fauteuil-esthetique-electrique-kate-blanc\\\/#primaryimage\"},\"thumbnailUrl\":\"https:\\\/\\\/groupecoiff.com\\\/wp-content\\\/uploads\\\/2025\\\/09\\\/Fauteuil-Esthetique-Electrique-KATE-Blanc-8.webp\",\"datePublished\":\"2025-09-27T12:40:48+00:00\",\"dateModified\":\"2026-07-08T23:14:35+00:00\",\"description\":\"Fabriqu\u00e9 en \u00e9co-cuir blanc, le fauteuil Esth\u00e9tique \u00c9lectrique KATE Blanc est l'alliance parfaite entre luxe et praticit\u00e9. Sublimez votre salon de beaut\u00e9 !\",\"breadcrumb\":{\"@id\":\"https:\\\/\\\/groupecoiff.com\\\/produit\\\/fauteuil-esthetique-electrique-kate-blanc\\\/#breadcrumb\"},\"inLanguage\":\"en-US\",\"potentialAction\":[{\"@type\":\"ReadAction\",\"target\":[\"https:\\\/\\\/groupecoiff.com\\\/produit\\\/fauteuil-esthetique-electrique-kate-blanc\\\/\"]}]},{\"@type\":\"ImageObject\",\"inLanguage\":\"en-US\",\"@id\":\"https:\\\/\\\/groupecoiff.com\\\/produit\\\/fauteuil-esthetique-electrique-kate-blanc\\\/#primaryimage\",\"url\":\"https:\\\/\\\/groupecoiff.com\\\/wp-content\\\/uploads\\\/2025\\\/09\\\/Fauteuil-Esthetique-Electrique-KATE-Blanc-8.webp\",\"contentUrl\":\"https:\\\/\\\/groupecoiff.com\\\/wp-content\\\/uploads\\\/2025\\\/09\\\/Fauteuil-Esthetique-Electrique-KATE-Blanc-8.webp\",\"width\":1200,\"height\":1200,\"caption\":\"5906717443084\"},{\"@type\":\"BreadcrumbList\",\"@id\":\"https:\\\/\\\/groupecoiff.com\\\/produit\\\/fauteuil-esthetique-electrique-kate-blanc\\\/#breadcrumb\",\"itemListElement\":[{\"@type\":\"ListItem\",\"position\":1,\"name\":\"Accueil\",\"item\":\"https:\\\/\\\/groupecoiff.com\\\/\"},{\"@type\":\"ListItem\",\"position\":2,\"name\":\"Boutique\",\"item\":\"https:\\\/\\\/groupecoiff.com\\\/boutique\\\/\"},{\"@type\":\"ListItem\",\"position\":3,\"name\":\"Fauteuil Esth\u00e9tique \u00c9lectrique KATE Blanc\"}]},{\"@type\":\"WebSite\",\"@id\":\"https:\\\/\\\/groupecoiff.com\\\/#website\",\"url\":\"https:\\\/\\\/groupecoiff.com\\\/\",\"name\":\"Groupe Coiff\",\"description\":\"Tout pour la coiffure\",\"publisher\":{\"@id\":\"https:\\\/\\\/groupecoiff.com\\\/#organization\"},\"potentialAction\":[{\"@type\":\"SearchAction\",\"target\":{\"@type\":\"EntryPoint\",\"urlTemplate\":\"https:\\\/\\\/groupecoiff.com\\\/?s={search_term_string}\"},\"query-input\":{\"@type\":\"PropertyValueSpecification\",\"valueRequired\":true,\"valueName\":\"search_term_string\"}}],\"inLanguage\":\"en-US\"},{\"@type\":\"Organization\",\"@id\":\"https:\\\/\\\/groupecoiff.com\\\/#organization\",\"name\":\"Groupe Coiff\",\"alternateName\":\"Groupe Coiff : Le Mobilier De Coiffure Haut de Gamme Pour Une \u00c9l\u00e9gance In\u00e9gal\u00e9e\",\"url\":\"https:\\\/\\\/groupecoiff.com\\\/\",\"logo\":{\"@type\":\"ImageObject\",\"inLanguage\":\"en-US\",\"@id\":\"https:\\\/\\\/groupecoiff.com\\\/#\\\/schema\\\/logo\\\/image\\\/\",\"url\":\"https:\\\/\\\/groupecoiff.com\\\/wp-content\\\/uploads\\\/2024\\\/01\\\/cropped-Groupe-Coiff-Logo.webp\",\"contentUrl\":\"https:\\\/\\\/groupecoiff.com\\\/wp-content\\\/uploads\\\/2024\\\/01\\\/cropped-Groupe-Coiff-Logo.webp\",\"width\":512,\"height\":512,\"caption\":\"Groupe Coiff\"},\"image\":{\"@id\":\"https:\\\/\\\/groupecoiff.com\\\/#\\\/schema\\\/logo\\\/image\\\/\"},\"sameAs\":[\"https:\\\/\\\/www.facebook.com\\\/GroupeCoiff\",\"https:\\\/\\\/x.com\\\/groupecoiff\",\"https:\\\/\\\/www.instagram.com\\\/groupecoiff\\\/\",\"https:\\\/\\\/www.tiktok.com\\\/@groupecoiff\",\"https:\\\/\\\/www.youtube.com\\\/@groupecoiff\",\"https:\\\/\\\/twitter.com\\\/groupecoiff\",\"https:\\\/\\\/www.leboncoin.fr\\\/boutique\\\/3961302\\\/groupe_coiff.htm\"],\"description\":\"D\u00e9couvrez le mobilier de coiffure haut de gamme de Groupe Coiff, alliant \u00e9l\u00e9gance et fonctionnalit\u00e9 pour sublimer votre salon et satisfaire vos clients.\",\"email\":\"contact@groupecoiff.com\",\"telephone\":\"0676951605\",\"legalName\":\"Groupe Coiff\",\"foundingDate\":\"2022-11-16\",\"vatID\":\"FR84921406419\",\"taxID\":\"92140641900025\"}]}<\/script>\n<meta property=\"product:price:amount\" content=\"1299.00\" \/>\n<meta property=\"product:price:currency\" content=\"EUR\" \/>\n<meta property=\"og:availability\" content=\"instock\" \/>\n<meta property=\"product:availability\" content=\"instock\" \/>\n<meta property=\"product:retailer_item_id\" content=\"5906717470547\" \/>\n<meta property=\"product:condition\" content=\"new\" \/>\n<!-- \/ Yoast SEO Premium plugin. -->","yoast_head_json":{"title":"KATE White Electric Aesthetic Chair with 4 Motors - Groupe Coiff","description":"Made from white eco-leather, the KATE White Electric Aesthetic armchair is the perfect blend of luxury and practicality. Enhance your beauty salon!","robots":{"index":"index","follow":"follow","max-snippet":"max-snippet:-1","max-image-preview":"max-image-preview:large","max-video-preview":"max-video-preview:-1"},"canonical":"https:\/\/groupecoiff.com\/en\/product-2\/kate-white-electric-aesthetic-armchair\/","og_locale":"en_US","og_type":"article","og_title":"Fauteuil Esth\u00e9tique \u00c9lectrique KATE Blanc","og_description":"Fabriqu\u00e9 en \u00e9co-cuir blanc, le fauteuil Esth\u00e9tique \u00c9lectrique KATE Blanc est l'alliance parfaite entre luxe et praticit\u00e9. Sublimez votre salon de beaut\u00e9 !","og_url":"https:\/\/groupecoiff.com\/en\/product-2\/kate-white-electric-aesthetic-armchair\/","og_site_name":"Groupe Coiff","article_publisher":"https:\/\/www.facebook.com\/GroupeCoiff","article_modified_time":"2026-07-08T23:14:35+00:00","og_image":[{"width":1200,"height":1200,"url":"https:\/\/groupecoiff.com\/wp-content\/uploads\/2025\/09\/Fauteuil-Esthetique-Electrique-KATE-Blanc-8.webp","type":"image\/webp"}],"twitter_card":"summary_large_image","twitter_site":"@groupecoiff","twitter_misc":{"Price":"1299,00&nbsp;&euro;","Availability":"In stock"},"schema":{"@context":"https:\/\/schema.org","@graph":[{"@type":"WebPage","@id":"https:\/\/groupecoiff.com\/produit\/fauteuil-esthetique-electrique-kate-blanc\/","url":"https:\/\/groupecoiff.com\/produit\/fauteuil-esthetique-electrique-kate-blanc\/","name":"KATE White Electric Aesthetic Chair with 4 Motors - Groupe Coiff","isPartOf":{"@id":"https:\/\/groupecoiff.com\/#website"},"primaryImageOfPage":{"@id":"https:\/\/groupecoiff.com\/produit\/fauteuil-esthetique-electrique-kate-blanc\/#primaryimage"},"image":{"@id":"https:\/\/groupecoiff.com\/produit\/fauteuil-esthetique-electrique-kate-blanc\/#primaryimage"},"thumbnailUrl":"https:\/\/groupecoiff.com\/wp-content\/uploads\/2025\/09\/Fauteuil-Esthetique-Electrique-KATE-Blanc-8.webp","datePublished":"2025-09-27T12:40:48+00:00","dateModified":"2026-07-08T23:14:35+00:00","description":"Made from white eco-leather, the KATE White Electric Aesthetic armchair is the perfect blend of luxury and practicality. Enhance your beauty salon!","breadcrumb":{"@id":"https:\/\/groupecoiff.com\/produit\/fauteuil-esthetique-electrique-kate-blanc\/#breadcrumb"},"inLanguage":"en-US","potentialAction":[{"@type":"ReadAction","target":["https:\/\/groupecoiff.com\/produit\/fauteuil-esthetique-electrique-kate-blanc\/"]}]},{"@type":"ImageObject","inLanguage":"en-US","@id":"https:\/\/groupecoiff.com\/produit\/fauteuil-esthetique-electrique-kate-blanc\/#primaryimage","url":"https:\/\/groupecoiff.com\/wp-content\/uploads\/2025\/09\/Fauteuil-Esthetique-Electrique-KATE-Blanc-8.webp","contentUrl":"https:\/\/groupecoiff.com\/wp-content\/uploads\/2025\/09\/Fauteuil-Esthetique-Electrique-KATE-Blanc-8.webp","width":1200,"height":1200,"caption":"5906717443084"},{"@type":"BreadcrumbList","@id":"https:\/\/groupecoiff.com\/produit\/fauteuil-esthetique-electrique-kate-blanc\/#breadcrumb","itemListElement":[{"@type":"ListItem","position":1,"name":"Accueil","item":"https:\/\/groupecoiff.com\/"},{"@type":"ListItem","position":2,"name":"Boutique","item":"https:\/\/groupecoiff.com\/boutique\/"},{"@type":"ListItem","position":3,"name":"Fauteuil Esth\u00e9tique \u00c9lectrique KATE Blanc"}]},{"@type":"WebSite","@id":"https:\/\/groupecoiff.com\/#website","url":"https:\/\/groupecoiff.com\/","name":"Coiff Group","description":"Everything for the hairdresser","publisher":{"@id":"https:\/\/groupecoiff.com\/#organization"},"potentialAction":[{"@type":"SearchAction","target":{"@type":"EntryPoint","urlTemplate":"https:\/\/groupecoiff.com\/?s={search_term_string}"},"query-input":{"@type":"PropertyValueSpecification","valueRequired":true,"valueName":"search_term_string"}}],"inLanguage":"en-US"},{"@type":"Organization","@id":"https:\/\/groupecoiff.com\/#organization","name":"Coiff Group","alternateName":"Groupe Coiff : Le Mobilier De Coiffure Haut de Gamme Pour Une \u00c9l\u00e9gance In\u00e9gal\u00e9e","url":"https:\/\/groupecoiff.com\/","logo":{"@type":"ImageObject","inLanguage":"en-US","@id":"https:\/\/groupecoiff.com\/#\/schema\/logo\/image\/","url":"https:\/\/groupecoiff.com\/wp-content\/uploads\/2024\/01\/cropped-Groupe-Coiff-Logo.webp","contentUrl":"https:\/\/groupecoiff.com\/wp-content\/uploads\/2024\/01\/cropped-Groupe-Coiff-Logo.webp","width":512,"height":512,"caption":"Groupe Coiff"},"image":{"@id":"https:\/\/groupecoiff.com\/#\/schema\/logo\/image\/"},"sameAs":["https:\/\/www.facebook.com\/GroupeCoiff","https:\/\/x.com\/groupecoiff","https:\/\/www.instagram.com\/groupecoiff\/","https:\/\/www.tiktok.com\/@groupecoiff","https:\/\/www.youtube.com\/@groupecoiff","https:\/\/twitter.com\/groupecoiff","https:\/\/www.leboncoin.fr\/boutique\/3961302\/groupe_coiff.htm"],"description":"Discover Groupe Coiff's top-of-the-range hairdressing furniture, combining elegance and functionality to enhance your salon and satisfy your customers.","email":"contact@groupecoiff.com","telephone":"0676951605","legalName":"Groupe Coiff","foundingDate":"2022-11-16","vatID":"FR84921406419","taxID":"92140641900025"}]},"product_price_amount":"1299.00","product_price_currency":"EUR","og_availability":"instock","product_availability":"instock","product_retailer_item_id":"5906717470547","product_condition":"new"},"jetpack_publicize_connections":[],"jetpack_likes_enabled":true,"jetpack_sharing_enabled":true,"_links":{"self":[{"href":"https:\/\/groupecoiff.com\/en\/wp-json\/wp\/v2\/product\/45158","targetHints":{"allow":["GET"]}}],"collection":[{"href":"https:\/\/groupecoiff.com\/en\/wp-json\/wp\/v2\/product"}],"about":[{"href":"https:\/\/groupecoiff.com\/en\/wp-json\/wp\/v2\/types\/product"}],"replies":[{"embeddable":true,"href":"https:\/\/groupecoiff.com\/en\/wp-json\/wp\/v2\/comments?post=45158"}],"version-history":[{"count":1,"href":"https:\/\/groupecoiff.com\/en\/wp-json\/wp\/v2\/product\/45158\/revisions"}],"predecessor-version":[{"id":55120,"href":"https:\/\/groupecoiff.com\/en\/wp-json\/wp\/v2\/product\/45158\/revisions\/55120"}],"wp:featuredmedia":[{"embeddable":true,"href":"https:\/\/groupecoiff.com\/en\/wp-json\/wp\/v2\/media\/45166"}],"wp:attachment":[{"href":"https:\/\/groupecoiff.com\/en\/wp-json\/wp\/v2\/media?parent=45158"}],"wp:term":[{"taxonomy":"product_brand","embeddable":true,"href":"https:\/\/groupecoiff.com\/en\/wp-json\/wp\/v2\/product_brand?post=45158"},{"taxonomy":"product_cat","embeddable":true,"href":"https:\/\/groupecoiff.com\/en\/wp-json\/wp\/v2\/product_cat?post=45158"},{"taxonomy":"product_tag","embeddable":true,"href":"https:\/\/groupecoiff.com\/en\/wp-json\/wp\/v2\/product_tag?post=45158"}],"curies":[{"name":"wp","href":"https:\/\/api.w.org\/{rel}","templated":true}]}}