{"id":47338,"date":"2025-11-01T10:32:54","date_gmt":"2025-11-01T09:32:54","guid":{"rendered":"https:\/\/groupecoiff.com\/?post_type=product&#038;p=47338"},"modified":"2026-06-19T10:56:47","modified_gmt":"2026-06-19T08:56:47","slug":"cedar-massage-table","status":"publish","type":"product","link":"https:\/\/groupecoiff.com\/en\/produit\/table-de-massage-cedar\/","title":{"rendered":"CEDAR massage table"},"content":{"rendered":"<ul>\n<li>\n<h3>CEDAR Electric Massage Table: Elegance, Durability, and Professional Comfort<\/h3>\n<\/li>\n<\/ul>\n<p>The REM Cedar massage couch is a high-end aesthetic furniture centerpiece. Made in Britain, it combines contemporary design, durable materials, and CE-certified technology.<\/p>\n<ul>\n<li><strong>REM designed aesthetic furniture for excellence<\/strong><\/li>\n<\/ul>\n<p>Thanks to its motorized system, the Cedar electric massage bed allows for smooth height adjustment via foot control. Its gas-assisted reclining backrest ensures perfect ergonomics for aesthetic treatments.<\/p>\n<ul>\n<li><strong>Customizable finishes and responsible materials<\/strong><\/li>\n<\/ul>\n<p>The Cedar treatment table is available in 25 fabric and laminate finishes. Its wood comes from FSC\u00ae and PEFC\u2122 certified sources, and its upholstery is Crib 5 fire-retardant and POPs-free. It adapts to your style while respecting the environment.<\/p>\n<ul>\n<li><strong>Precise technical specifications<\/strong><\/li>\n<\/ul>\n<ol>\n<li>Adjustable height: 700 to 1000 mm<\/li>\n<li>Bed width: 795 mm<\/li>\n<li>Base width: 646 mm<\/li>\n<li>Total length: 1910 mm<\/li>\n<li>Foot switch included<\/li>\n<li>Assisted reclining dossier<\/li>\n<li>Facial clog with blackheads<\/li>\n<li>Lower storage area<\/li>\n<li>Maximum load: 200 kg<\/li>\n<li>Power: 150 W \/ 240 V<\/li>\n<\/ol>\n<ul>\n<li><strong>A beauty treatment table designed to last<\/strong><\/li>\n<\/ul>\n<p>Easy to clean, resistant to heavy use, the Cedar offers a 3-year warranty. It enhances your space while optimizing customer comfort.<\/p>\n<ul>\n<li><strong>Controlled production time<\/strong><\/li>\n<\/ul>\n<p>Each table is made to order. The production time is estimated between 3 and 6 weeks, depending on the finishes chosen.<\/p>\n<ul>\n<li><strong>Important delivery information:<\/strong><\/li>\n<\/ul>\n<p>Transportation fees may be subject to adjustments based on the final destination (country, customs regulations, or legal changes).<\/p>\n<p>Awaiting specific delays can also occur, particularly due to strengthened customs checks or international parcel processing.<\/p>\n<p>&nbsp;<\/p>\n<h5 style=\"text-align: center;\"><span style=\"color: #808000;\"><a style=\"color: #808000;\" href=\"https:\/\/groupecoiff.com\/wp-content\/uploads\/2025\/11\/Fiche-technique-Cedar.pdf\">Technical Data Sheet Cedar<\/a><\/span><\/h5>","protected":false},"excerpt":{"rendered":"<p>Discover the Cedar Massage Table, a high-end aesthetic piece of furniture combining contemporary design and durable materials. Experience comfort!<\/p>","protected":false},"featured_media":54303,"comment_status":"open","ping_status":"closed","template":"","meta":{"googlesitekit_rrm_CAow0YCiDA:productID":"","jetpack_publicize_message":"","jetpack_publicize_feature_enabled":true,"jetpack_social_post_already_shared":true,"jetpack_social_options":{"image_generator_settings":{"template":"highway","default_image_id":0,"font":"","enabled":false},"version":2}},"product_brand":[612],"product_cat":[61,77],"product_tag":[368,364,363],"class_list":["post-47338","product","type-product","status-publish","has-post-thumbnail","product_brand-rem","product_cat-mobilier-esthetique","product_cat-table-de-massage","product_tag-mobilier-esthetique-professionnel","product_tag-table-de-massage-professionnel","product_tag-table-de-soins-esthetique","first","instock","sale","taxable","shipping-taxable","purchasable","product-type-simple"],"yoast_head":"<!-- This site is optimized with the Yoast SEO Premium plugin v28.4 (Yoast SEO v28.4) - https:\/\/yoast.com\/product\/yoast-seo-premium-wordpress\/ -->\n<title>Table de massage Cedar: Design Contemporain et Durable - Groupe Coiff<\/title>\n<meta name=\"description\" content=\"Optez pour l\u2019excellence avec la Table de massage Cedar, con\u00e7ue pour durer. Offrez \u00e0 vos clients un confort in\u00e9gal\u00e9 gr\u00e2ce \u00e0 son ajustement motoris\u00e9.\" \/>\n<meta name=\"robots\" content=\"index, follow, max-snippet:-1, max-image-preview:large, max-video-preview:-1\" \/>\n<link rel=\"canonical\" href=\"https:\/\/groupecoiff.com\/en\/product-2\/cedar-massage-table\/\" \/>\n<meta property=\"og:locale\" content=\"en_US\" \/>\n<meta property=\"og:type\" content=\"article\" \/>\n<meta property=\"og:title\" content=\"Table de massage CEDAR\" \/>\n<meta property=\"og:description\" content=\"Optez pour l\u2019excellence avec la Table de massage Cedar, con\u00e7ue pour durer. Offrez \u00e0 vos clients un confort in\u00e9gal\u00e9 gr\u00e2ce \u00e0 son ajustement motoris\u00e9.\" \/>\n<meta property=\"og:url\" content=\"https:\/\/groupecoiff.com\/en\/product-2\/cedar-massage-table\/\" \/>\n<meta property=\"og:site_name\" content=\"Groupe Coiff\" \/>\n<meta property=\"article:publisher\" content=\"https:\/\/www.facebook.com\/GroupeCoiff\" \/>\n<meta property=\"article:modified_time\" content=\"2026-06-19T08:56:47+00:00\" \/>\n<meta property=\"og:image\" content=\"https:\/\/groupecoiff.com\/wp-content\/uploads\/2025\/11\/Table-CEDAR.webp\" \/>\n\t<meta property=\"og:image:width\" content=\"650\" \/>\n\t<meta property=\"og:image:height\" content=\"650\" \/>\n\t<meta property=\"og:image:type\" content=\"image\/webp\" \/>\n<meta name=\"twitter:card\" content=\"summary_large_image\" \/>\n<meta name=\"twitter:site\" content=\"@groupecoiff\" \/>\n<meta name=\"twitter:label1\" content=\"Price\" \/>\n\t<meta name=\"twitter:data1\" content=\"2750,00&nbsp;&euro;\" \/>\n\t<meta name=\"twitter:label2\" content=\"Availability\" \/>\n\t<meta name=\"twitter:data2\" content=\"In stock\" \/>\n<script type=\"application\/ld+json\" class=\"yoast-schema-graph\">{\"@context\":\"https:\\\/\\\/schema.org\",\"@graph\":[{\"@type\":\"WebPage\",\"@id\":\"https:\\\/\\\/groupecoiff.com\\\/produit\\\/table-de-massage-cedar\\\/\",\"url\":\"https:\\\/\\\/groupecoiff.com\\\/produit\\\/table-de-massage-cedar\\\/\",\"name\":\"Table de massage Cedar: Design Contemporain et Durable - Groupe Coiff\",\"isPartOf\":{\"@id\":\"https:\\\/\\\/groupecoiff.com\\\/#website\"},\"primaryImageOfPage\":{\"@id\":\"https:\\\/\\\/groupecoiff.com\\\/produit\\\/table-de-massage-cedar\\\/#primaryimage\"},\"image\":{\"@id\":\"https:\\\/\\\/groupecoiff.com\\\/produit\\\/table-de-massage-cedar\\\/#primaryimage\"},\"thumbnailUrl\":\"https:\\\/\\\/groupecoiff.com\\\/wp-content\\\/uploads\\\/2025\\\/11\\\/Table-CEDAR.webp\",\"datePublished\":\"2025-11-01T09:32:54+00:00\",\"dateModified\":\"2026-06-19T08:56:47+00:00\",\"description\":\"Optez pour l\u2019excellence avec la Table de massage Cedar, con\u00e7ue pour durer. Offrez \u00e0 vos clients un confort in\u00e9gal\u00e9 gr\u00e2ce \u00e0 son ajustement motoris\u00e9.\",\"breadcrumb\":{\"@id\":\"https:\\\/\\\/groupecoiff.com\\\/produit\\\/table-de-massage-cedar\\\/#breadcrumb\"},\"inLanguage\":\"en-US\",\"potentialAction\":[{\"@type\":\"ReadAction\",\"target\":[\"https:\\\/\\\/groupecoiff.com\\\/produit\\\/table-de-massage-cedar\\\/\"]}]},{\"@type\":\"ImageObject\",\"inLanguage\":\"en-US\",\"@id\":\"https:\\\/\\\/groupecoiff.com\\\/produit\\\/table-de-massage-cedar\\\/#primaryimage\",\"url\":\"https:\\\/\\\/groupecoiff.com\\\/wp-content\\\/uploads\\\/2025\\\/11\\\/Table-CEDAR.webp\",\"contentUrl\":\"https:\\\/\\\/groupecoiff.com\\\/wp-content\\\/uploads\\\/2025\\\/11\\\/Table-CEDAR.webp\",\"width\":650,\"height\":650,\"caption\":\"Table de massage \u00e9lectrique - Table de Spa professionnelle - Mobilier esth\u00e9tique haut de gamme - Lit de soin ergonomique - Table de massage \u00e0 eau - Mobilier bien-\u00eatre premium - Table Spa 4 moteurs - \u00c9quipement institut beaut\u00e9 - Table de soin design - Table de massage confort absolu\"},{\"@type\":\"BreadcrumbList\",\"@id\":\"https:\\\/\\\/groupecoiff.com\\\/produit\\\/table-de-massage-cedar\\\/#breadcrumb\",\"itemListElement\":[{\"@type\":\"ListItem\",\"position\":1,\"name\":\"Accueil\",\"item\":\"https:\\\/\\\/groupecoiff.com\\\/\"},{\"@type\":\"ListItem\",\"position\":2,\"name\":\"Boutique\",\"item\":\"https:\\\/\\\/groupecoiff.com\\\/boutique\\\/\"},{\"@type\":\"ListItem\",\"position\":3,\"name\":\"Table de massage CEDAR\"}]},{\"@type\":\"WebSite\",\"@id\":\"https:\\\/\\\/groupecoiff.com\\\/#website\",\"url\":\"https:\\\/\\\/groupecoiff.com\\\/\",\"name\":\"Groupe Coiff\",\"description\":\"Tout pour la coiffure\",\"publisher\":{\"@id\":\"https:\\\/\\\/groupecoiff.com\\\/#organization\"},\"potentialAction\":[{\"@type\":\"SearchAction\",\"target\":{\"@type\":\"EntryPoint\",\"urlTemplate\":\"https:\\\/\\\/groupecoiff.com\\\/?s={search_term_string}\"},\"query-input\":{\"@type\":\"PropertyValueSpecification\",\"valueRequired\":true,\"valueName\":\"search_term_string\"}}],\"inLanguage\":\"en-US\"},{\"@type\":\"Organization\",\"@id\":\"https:\\\/\\\/groupecoiff.com\\\/#organization\",\"name\":\"Groupe Coiff\",\"alternateName\":\"Groupe Coiff : Le Mobilier De Coiffure Haut de Gamme Pour Une \u00c9l\u00e9gance In\u00e9gal\u00e9e\",\"url\":\"https:\\\/\\\/groupecoiff.com\\\/\",\"logo\":{\"@type\":\"ImageObject\",\"inLanguage\":\"en-US\",\"@id\":\"https:\\\/\\\/groupecoiff.com\\\/#\\\/schema\\\/logo\\\/image\\\/\",\"url\":\"https:\\\/\\\/groupecoiff.com\\\/wp-content\\\/uploads\\\/2024\\\/01\\\/cropped-Groupe-Coiff-Logo.webp\",\"contentUrl\":\"https:\\\/\\\/groupecoiff.com\\\/wp-content\\\/uploads\\\/2024\\\/01\\\/cropped-Groupe-Coiff-Logo.webp\",\"width\":512,\"height\":512,\"caption\":\"Groupe Coiff\"},\"image\":{\"@id\":\"https:\\\/\\\/groupecoiff.com\\\/#\\\/schema\\\/logo\\\/image\\\/\"},\"sameAs\":[\"https:\\\/\\\/www.facebook.com\\\/GroupeCoiff\",\"https:\\\/\\\/x.com\\\/groupecoiff\",\"https:\\\/\\\/www.instagram.com\\\/groupecoiff\\\/\",\"https:\\\/\\\/www.tiktok.com\\\/@groupecoiff\",\"https:\\\/\\\/www.youtube.com\\\/@groupecoiff\",\"https:\\\/\\\/twitter.com\\\/groupecoiff\",\"https:\\\/\\\/www.leboncoin.fr\\\/boutique\\\/3961302\\\/groupe_coiff.htm\"],\"description\":\"D\u00e9couvrez le mobilier de coiffure haut de gamme de Groupe Coiff, alliant \u00e9l\u00e9gance et fonctionnalit\u00e9 pour sublimer votre salon et satisfaire vos clients.\",\"email\":\"contact@groupecoiff.com\",\"telephone\":\"0676951605\",\"legalName\":\"Groupe Coiff\",\"foundingDate\":\"2022-11-16\",\"vatID\":\"FR84921406419\",\"taxID\":\"92140641900025\"}]}<\/script>\n<meta property=\"product:price:amount\" content=\"2750.00\" \/>\n<meta property=\"product:price:currency\" content=\"EUR\" \/>\n<meta property=\"og:availability\" content=\"instock\" \/>\n<meta property=\"product:availability\" content=\"instock\" \/>\n<meta property=\"product:condition\" content=\"new\" \/>\n<!-- \/ Yoast SEO Premium plugin. -->","yoast_head_json":{"title":"Cedar Massage Table: Contemporary and Durable Design - Groupe Coiff","description":"Opt for excellence with the Cedar massage table, designed to last. Offer your clients unparalleled comfort with its motorized adjustment.","robots":{"index":"index","follow":"follow","max-snippet":"max-snippet:-1","max-image-preview":"max-image-preview:large","max-video-preview":"max-video-preview:-1"},"canonical":"https:\/\/groupecoiff.com\/en\/product-2\/cedar-massage-table\/","og_locale":"en_US","og_type":"article","og_title":"Table de massage CEDAR","og_description":"Optez pour l\u2019excellence avec la Table de massage Cedar, con\u00e7ue pour durer. Offrez \u00e0 vos clients un confort in\u00e9gal\u00e9 gr\u00e2ce \u00e0 son ajustement motoris\u00e9.","og_url":"https:\/\/groupecoiff.com\/en\/product-2\/cedar-massage-table\/","og_site_name":"Groupe Coiff","article_publisher":"https:\/\/www.facebook.com\/GroupeCoiff","article_modified_time":"2026-06-19T08:56:47+00:00","og_image":[{"width":650,"height":650,"url":"https:\/\/groupecoiff.com\/wp-content\/uploads\/2025\/11\/Table-CEDAR.webp","type":"image\/webp"}],"twitter_card":"summary_large_image","twitter_site":"@groupecoiff","twitter_misc":{"Price":"2750,00&nbsp;&euro;","Availability":"In stock"},"schema":{"@context":"https:\/\/schema.org","@graph":[{"@type":"WebPage","@id":"https:\/\/groupecoiff.com\/produit\/table-de-massage-cedar\/","url":"https:\/\/groupecoiff.com\/produit\/table-de-massage-cedar\/","name":"Cedar Massage Table: Contemporary and Durable Design - Groupe Coiff","isPartOf":{"@id":"https:\/\/groupecoiff.com\/#website"},"primaryImageOfPage":{"@id":"https:\/\/groupecoiff.com\/produit\/table-de-massage-cedar\/#primaryimage"},"image":{"@id":"https:\/\/groupecoiff.com\/produit\/table-de-massage-cedar\/#primaryimage"},"thumbnailUrl":"https:\/\/groupecoiff.com\/wp-content\/uploads\/2025\/11\/Table-CEDAR.webp","datePublished":"2025-11-01T09:32:54+00:00","dateModified":"2026-06-19T08:56:47+00:00","description":"Opt for excellence with the Cedar massage table, designed to last. Offer your clients unparalleled comfort with its motorized adjustment.","breadcrumb":{"@id":"https:\/\/groupecoiff.com\/produit\/table-de-massage-cedar\/#breadcrumb"},"inLanguage":"en-US","potentialAction":[{"@type":"ReadAction","target":["https:\/\/groupecoiff.com\/produit\/table-de-massage-cedar\/"]}]},{"@type":"ImageObject","inLanguage":"en-US","@id":"https:\/\/groupecoiff.com\/produit\/table-de-massage-cedar\/#primaryimage","url":"https:\/\/groupecoiff.com\/wp-content\/uploads\/2025\/11\/Table-CEDAR.webp","contentUrl":"https:\/\/groupecoiff.com\/wp-content\/uploads\/2025\/11\/Table-CEDAR.webp","width":650,"height":650,"caption":"Table de massage \u00e9lectrique - Table de Spa professionnelle - Mobilier esth\u00e9tique haut de gamme - Lit de soin ergonomique - Table de massage \u00e0 eau - Mobilier bien-\u00eatre premium - Table Spa 4 moteurs - \u00c9quipement institut beaut\u00e9 - Table de soin design - Table de massage confort absolu"},{"@type":"BreadcrumbList","@id":"https:\/\/groupecoiff.com\/produit\/table-de-massage-cedar\/#breadcrumb","itemListElement":[{"@type":"ListItem","position":1,"name":"Accueil","item":"https:\/\/groupecoiff.com\/"},{"@type":"ListItem","position":2,"name":"Boutique","item":"https:\/\/groupecoiff.com\/boutique\/"},{"@type":"ListItem","position":3,"name":"Table de massage CEDAR"}]},{"@type":"WebSite","@id":"https:\/\/groupecoiff.com\/#website","url":"https:\/\/groupecoiff.com\/","name":"Coiff Group","description":"Everything for the hairdresser","publisher":{"@id":"https:\/\/groupecoiff.com\/#organization"},"potentialAction":[{"@type":"SearchAction","target":{"@type":"EntryPoint","urlTemplate":"https:\/\/groupecoiff.com\/?s={search_term_string}"},"query-input":{"@type":"PropertyValueSpecification","valueRequired":true,"valueName":"search_term_string"}}],"inLanguage":"en-US"},{"@type":"Organization","@id":"https:\/\/groupecoiff.com\/#organization","name":"Coiff Group","alternateName":"Groupe Coiff : Le Mobilier De Coiffure Haut de Gamme Pour Une \u00c9l\u00e9gance In\u00e9gal\u00e9e","url":"https:\/\/groupecoiff.com\/","logo":{"@type":"ImageObject","inLanguage":"en-US","@id":"https:\/\/groupecoiff.com\/#\/schema\/logo\/image\/","url":"https:\/\/groupecoiff.com\/wp-content\/uploads\/2024\/01\/cropped-Groupe-Coiff-Logo.webp","contentUrl":"https:\/\/groupecoiff.com\/wp-content\/uploads\/2024\/01\/cropped-Groupe-Coiff-Logo.webp","width":512,"height":512,"caption":"Groupe Coiff"},"image":{"@id":"https:\/\/groupecoiff.com\/#\/schema\/logo\/image\/"},"sameAs":["https:\/\/www.facebook.com\/GroupeCoiff","https:\/\/x.com\/groupecoiff","https:\/\/www.instagram.com\/groupecoiff\/","https:\/\/www.tiktok.com\/@groupecoiff","https:\/\/www.youtube.com\/@groupecoiff","https:\/\/twitter.com\/groupecoiff","https:\/\/www.leboncoin.fr\/boutique\/3961302\/groupe_coiff.htm"],"description":"Discover Groupe Coiff's top-of-the-range hairdressing furniture, combining elegance and functionality to enhance your salon and satisfy your customers.","email":"contact@groupecoiff.com","telephone":"0676951605","legalName":"Groupe Coiff","foundingDate":"2022-11-16","vatID":"FR84921406419","taxID":"92140641900025"}]},"product_price_amount":"2750.00","product_price_currency":"EUR","og_availability":"instock","product_availability":"instock","product_condition":"new"},"jetpack_publicize_connections":[],"jetpack_likes_enabled":true,"jetpack_sharing_enabled":true,"_links":{"self":[{"href":"https:\/\/groupecoiff.com\/en\/wp-json\/wp\/v2\/product\/47338","targetHints":{"allow":["GET"]}}],"collection":[{"href":"https:\/\/groupecoiff.com\/en\/wp-json\/wp\/v2\/product"}],"about":[{"href":"https:\/\/groupecoiff.com\/en\/wp-json\/wp\/v2\/types\/product"}],"replies":[{"embeddable":true,"href":"https:\/\/groupecoiff.com\/en\/wp-json\/wp\/v2\/comments?post=47338"}],"version-history":[{"count":2,"href":"https:\/\/groupecoiff.com\/en\/wp-json\/wp\/v2\/product\/47338\/revisions"}],"predecessor-version":[{"id":54304,"href":"https:\/\/groupecoiff.com\/en\/wp-json\/wp\/v2\/product\/47338\/revisions\/54304"}],"wp:featuredmedia":[{"embeddable":true,"href":"https:\/\/groupecoiff.com\/en\/wp-json\/wp\/v2\/media\/54303"}],"wp:attachment":[{"href":"https:\/\/groupecoiff.com\/en\/wp-json\/wp\/v2\/media?parent=47338"}],"wp:term":[{"taxonomy":"product_brand","embeddable":true,"href":"https:\/\/groupecoiff.com\/en\/wp-json\/wp\/v2\/product_brand?post=47338"},{"taxonomy":"product_cat","embeddable":true,"href":"https:\/\/groupecoiff.com\/en\/wp-json\/wp\/v2\/product_cat?post=47338"},{"taxonomy":"product_tag","embeddable":true,"href":"https:\/\/groupecoiff.com\/en\/wp-json\/wp\/v2\/product_tag?post=47338"}],"curies":[{"name":"wp","href":"https:\/\/api.w.org\/{rel}","templated":true}]}}