{"id":47874,"date":"2025-11-11T20:49:00","date_gmt":"2025-11-11T19:49:00","guid":{"rendered":"https:\/\/groupecoiff.com\/?post_type=product&#038;p=47874"},"modified":"2025-11-11T20:57:15","modified_gmt":"2025-11-11T19:57:15","slug":"meuble-de-reception-thierry-98-16","status":"publish","type":"product","link":"https:\/\/groupecoiff.com\/en\/produit\/meuble-de-reception-thierry-98-16\/","title":{"rendered":"Meuble de r\u00e9ception THIERRY 98\/16"},"content":{"rendered":"<ul>\n<li>\n<h3><strong>Comptoir Caisse THIERRY &#8211; Meuble de R\u00e9ception Haut de Gamme<\/strong><\/h3>\n<\/li>\n<\/ul>\n<p>Le Meuble de r\u00e9ception Thierry 98\/16 allie sophistication et fonctionnalit\u00e9, faisant de lui le choix optimal pour structurer l&rsquo;espace d&rsquo;accueil dans les salons de coiffure et instituts de beaut\u00e9. Son design \u00e9l\u00e9gant en m\u00e9lamine noire de 25 mm d&rsquo;\u00e9paisseur, aux bords arrondis en PVC gris, offre une esth\u00e9tique moderne.<\/p>\n<ul>\n<li><strong>Main Features<\/strong><\/li>\n<\/ul>\n<ol>\n<li>Dimensions g\u00e9n\u00e9reuses : Avec ses dimensions de 145 x 90 x 95 cm, ce comptoir offre une surface de travail spacieuse.<\/li>\n<li>Tiroir s\u00e9curis\u00e9 : Le tiroir partiellement extractible est \u00e9quip\u00e9 d&rsquo;une serrure pour s\u00e9curiser documents et objets personnels.<\/li>\n<li>C\u00e2blage discret : Passe-c\u00e2bles arri\u00e8re pour un c\u00e2blage discret et bien organis\u00e9.<\/li>\n<li>Ergonomie am\u00e9lior\u00e9e : Plateau pour clavier extractible, am\u00e9liorant l&rsquo;ergonomie et la fonctionnalit\u00e9.<\/li>\n<\/ol>\n<ul>\n<li><strong>Uses in Hair Salons<\/strong><\/li>\n<\/ul>\n<ol>\n<li>Large work surface to accommodate clients.<\/li>\n<li>Lockable drawer for secure storage.<\/li>\n<li>Passe-c\u00e2bles pour maintenir l&rsquo;ordre \u00e9lectrique.<\/li>\n<li>Sliding keyboard tray for optimal ergonomics.<\/li>\n<\/ol>\n<ul>\n<li><strong>Quality and Materials<\/strong><\/li>\n<\/ul>\n<p>Fabriqu\u00e9 en m\u00e9lamine de 25 mm d\u2019\u00e9paisseur, le meuble de r\u00e9ception Thierry garantit robustesse et durabilit\u00e9. Sa finition noire r\u00e9sistante aux rayures, associ\u00e9e aux guides m\u00e9talliques du tiroir, assure un meuble facile \u00e0 nettoyer et \u00e0 entretenir.<\/p>\n<p>Optez pour l&rsquo;excellence avec le Comptoir d&rsquo;accueil Thierry, l&rsquo;alli\u00e9 parfait pour une premi\u00e8re impression m\u00e9morable et une organisation efficace.<\/p>\n<p>&nbsp;<\/p>\n<h6 style=\"text-align: center;\"><span style=\"color: #808000;\"><a style=\"color: #808000;\" href=\"https:\/\/groupecoiff.com\/wp-content\/uploads\/2024\/02\/Fiche-Technique-THIERRY.pdf\">Fiche Technique THIERRY<\/a><\/span><\/h6>","protected":false},"excerpt":{"rendered":"<p>Le Meuble de r\u00e9ception THIERRY 98\/16 allie design \u00e9l\u00e9gant et espace g\u00e9n\u00e9reux. Id\u00e9al pour un accueil chaleureux dans votre \u00e9tablissement !<\/p>","protected":false},"featured_media":47875,"comment_status":"open","ping_status":"closed","template":"","meta":{"googlesitekit_rrm_CAow0YCiDA:productID":"","jetpack_post_was_ever_published":false,"jetpack_publicize_message":"Meuble de r\u00e9ception Thierry 9816","jetpack_publicize_feature_enabled":true,"jetpack_social_post_already_shared":true,"jetpack_social_options":{"image_generator_settings":{"template":"highway","default_image_id":0,"font":"","enabled":false},"version":2}},"product_brand":[575],"product_cat":[59,313],"product_tag":[331,332,535],"class_list":{"0":"post-47874","1":"product","2":"type-product","3":"status-publish","4":"has-post-thumbnail","6":"product_brand-mirplay","7":"product_cat-comptoir-daccueil","8":"product_cat-meuble-de-coiffure","9":"product_tag-comptoir-daccueil","10":"product_tag-meuble-de-reception","11":"product_tag-mobilier-de-coiffure-professionnel","13":"first","14":"instock","15":"featured","16":"taxable","17":"shipping-taxable","18":"purchasable","19":"product-type-simple"},"yoast_head":"<!-- This site is optimized with the Yoast SEO Premium plugin v27.5 (Yoast SEO v27.5) - https:\/\/yoast.com\/product\/yoast-seo-premium-wordpress\/ -->\n<title>Meuble de r\u00e9ception THIERRY 98\/16 pour un Accueil Sophistiqu\u00e9 - Groupe Coiff<\/title>\n<meta name=\"description\" content=\"Am\u00e9liorez l&#039;esth\u00e9tique de votre institut de beaut\u00e9 avec le Meuble de r\u00e9ception THIERRY 98\/16. Offrez-vous une surface de travail spacieuse !\" \/>\n<meta name=\"robots\" content=\"index, follow, max-snippet:-1, max-image-preview:large, max-video-preview:-1\" \/>\n<link rel=\"canonical\" href=\"https:\/\/groupecoiff.com\/en\/product-2\/meuble-de-reception-thierry-98-16\/\" \/>\n<meta property=\"og:locale\" content=\"en_US\" \/>\n<meta property=\"og:type\" content=\"article\" \/>\n<meta property=\"og:title\" content=\"Meuble de r\u00e9ception THIERRY 98\/16\" \/>\n<meta property=\"og:description\" content=\"Am\u00e9liorez l&#039;esth\u00e9tique de votre institut de beaut\u00e9 avec le Meuble de r\u00e9ception THIERRY 98\/16. Offrez-vous une surface de travail spacieuse !\" \/>\n<meta property=\"og:url\" content=\"https:\/\/groupecoiff.com\/en\/product-2\/meuble-de-reception-thierry-98-16\/\" \/>\n<meta property=\"og:site_name\" content=\"Groupe Coiff\" \/>\n<meta property=\"article:publisher\" content=\"https:\/\/www.facebook.com\/GroupeCoiff\" \/>\n<meta property=\"article:modified_time\" content=\"2025-11-11T19:57:15+00:00\" \/>\n<meta property=\"og:image\" content=\"https:\/\/groupecoiff.com\/wp-content\/uploads\/2025\/11\/Thierry-9816-1.webp\" \/>\n\t<meta property=\"og:image:width\" content=\"600\" \/>\n\t<meta property=\"og:image:height\" content=\"600\" \/>\n\t<meta property=\"og:image:type\" content=\"image\/webp\" \/>\n<meta name=\"twitter:card\" content=\"summary_large_image\" \/>\n<meta name=\"twitter:site\" content=\"@groupecoiff\" \/>\n<meta name=\"twitter:label1\" content=\"Price\" \/>\n\t<meta name=\"twitter:data1\" content=\"728,00&nbsp;&euro;\" \/>\n\t<meta name=\"twitter:label2\" content=\"Availability\" \/>\n\t<meta name=\"twitter:data2\" content=\"In stock\" \/>\n<script type=\"application\/ld+json\" class=\"yoast-schema-graph\">{\"@context\":\"https:\\\/\\\/schema.org\",\"@graph\":[{\"@type\":\"WebPage\",\"@id\":\"https:\\\/\\\/groupecoiff.com\\\/en\\\/produit\\\/meuble-de-reception-thierry-98-16\\\/\",\"url\":\"https:\\\/\\\/groupecoiff.com\\\/en\\\/produit\\\/meuble-de-reception-thierry-98-16\\\/\",\"name\":\"Meuble de r\u00e9ception THIERRY 98\\\/16 pour un Accueil Sophistiqu\u00e9 - Groupe Coiff\",\"isPartOf\":{\"@id\":\"https:\\\/\\\/groupecoiff.com\\\/#website\"},\"primaryImageOfPage\":{\"@id\":\"https:\\\/\\\/groupecoiff.com\\\/en\\\/produit\\\/meuble-de-reception-thierry-98-16\\\/#primaryimage\"},\"image\":{\"@id\":\"https:\\\/\\\/groupecoiff.com\\\/en\\\/produit\\\/meuble-de-reception-thierry-98-16\\\/#primaryimage\"},\"thumbnailUrl\":\"https:\\\/\\\/groupecoiff.com\\\/wp-content\\\/uploads\\\/2025\\\/11\\\/Thierry-9816-1.webp\",\"datePublished\":\"2025-11-11T19:49:00+00:00\",\"dateModified\":\"2025-11-11T19:57:15+00:00\",\"description\":\"Am\u00e9liorez l'esth\u00e9tique de votre institut de beaut\u00e9 avec le Meuble de r\u00e9ception THIERRY 98\\\/16. Offrez-vous une surface de travail spacieuse !\",\"breadcrumb\":{\"@id\":\"https:\\\/\\\/groupecoiff.com\\\/en\\\/produit\\\/meuble-de-reception-thierry-98-16\\\/#breadcrumb\"},\"inLanguage\":\"en-US\",\"potentialAction\":[{\"@type\":\"ReadAction\",\"target\":[\"https:\\\/\\\/groupecoiff.com\\\/en\\\/produit\\\/meuble-de-reception-thierry-98-16\\\/\"]}]},{\"@type\":\"ImageObject\",\"inLanguage\":\"en-US\",\"@id\":\"https:\\\/\\\/groupecoiff.com\\\/en\\\/produit\\\/meuble-de-reception-thierry-98-16\\\/#primaryimage\",\"url\":\"https:\\\/\\\/groupecoiff.com\\\/wp-content\\\/uploads\\\/2025\\\/11\\\/Thierry-9816-1.webp\",\"contentUrl\":\"https:\\\/\\\/groupecoiff.com\\\/wp-content\\\/uploads\\\/2025\\\/11\\\/Thierry-9816-1.webp\",\"width\":600,\"height\":600,\"caption\":\"Comptoir Caisse Thierry 9816 -Meuble de r\u00e9ception Thierry 9816 -comptoir d'accueil Thierry - mobilier de coiffure professionnel - comptoir caisse salon de coiffure - comptoir caisse blanche - meuble de r\u00e9ception\"},{\"@type\":\"BreadcrumbList\",\"@id\":\"https:\\\/\\\/groupecoiff.com\\\/en\\\/produit\\\/meuble-de-reception-thierry-98-16\\\/#breadcrumb\",\"itemListElement\":[{\"@type\":\"ListItem\",\"position\":1,\"name\":\"Accueil\",\"item\":\"https:\\\/\\\/groupecoiff.com\\\/\"},{\"@type\":\"ListItem\",\"position\":2,\"name\":\"Boutique\",\"item\":\"https:\\\/\\\/groupecoiff.com\\\/en\\\/boutique\\\/\"},{\"@type\":\"ListItem\",\"position\":3,\"name\":\"Meuble de r\u00e9ception THIERRY 98\\\/16\"}]},{\"@type\":\"WebSite\",\"@id\":\"https:\\\/\\\/groupecoiff.com\\\/#website\",\"url\":\"https:\\\/\\\/groupecoiff.com\\\/\",\"name\":\"Groupe Coiff\",\"description\":\"Tout pour la coiffure\",\"publisher\":{\"@id\":\"https:\\\/\\\/groupecoiff.com\\\/#organization\"},\"potentialAction\":[{\"@type\":\"SearchAction\",\"target\":{\"@type\":\"EntryPoint\",\"urlTemplate\":\"https:\\\/\\\/groupecoiff.com\\\/?s={search_term_string}\"},\"query-input\":{\"@type\":\"PropertyValueSpecification\",\"valueRequired\":true,\"valueName\":\"search_term_string\"}}],\"inLanguage\":\"en-US\"},{\"@type\":\"Organization\",\"@id\":\"https:\\\/\\\/groupecoiff.com\\\/#organization\",\"name\":\"Groupe Coiff\",\"alternateName\":\"Groupe Coiff : Le Mobilier De Coiffure Haut de Gamme Pour Une \u00c9l\u00e9gance In\u00e9gal\u00e9e\",\"url\":\"https:\\\/\\\/groupecoiff.com\\\/\",\"logo\":{\"@type\":\"ImageObject\",\"inLanguage\":\"en-US\",\"@id\":\"https:\\\/\\\/groupecoiff.com\\\/#\\\/schema\\\/logo\\\/image\\\/\",\"url\":\"https:\\\/\\\/groupecoiff.com\\\/wp-content\\\/uploads\\\/2024\\\/01\\\/cropped-Groupe-Coiff-Logo.webp\",\"contentUrl\":\"https:\\\/\\\/groupecoiff.com\\\/wp-content\\\/uploads\\\/2024\\\/01\\\/cropped-Groupe-Coiff-Logo.webp\",\"width\":512,\"height\":512,\"caption\":\"Groupe Coiff\"},\"image\":{\"@id\":\"https:\\\/\\\/groupecoiff.com\\\/#\\\/schema\\\/logo\\\/image\\\/\"},\"sameAs\":[\"https:\\\/\\\/www.facebook.com\\\/GroupeCoiff\",\"https:\\\/\\\/x.com\\\/groupecoiff\",\"https:\\\/\\\/www.instagram.com\\\/groupecoiff\\\/\",\"https:\\\/\\\/www.tiktok.com\\\/@groupecoiff\",\"https:\\\/\\\/www.youtube.com\\\/@groupecoiff\",\"https:\\\/\\\/twitter.com\\\/groupecoiff\",\"https:\\\/\\\/www.leboncoin.fr\\\/boutique\\\/3961302\\\/groupe_coiff.htm\"],\"description\":\"D\u00e9couvrez le mobilier de coiffure haut de gamme de Groupe Coiff, alliant \u00e9l\u00e9gance et fonctionnalit\u00e9 pour sublimer votre salon et satisfaire vos clients.\",\"email\":\"contact@groupecoiff.com\",\"telephone\":\"0676951605\",\"legalName\":\"Groupe Coiff\",\"foundingDate\":\"2022-11-16\",\"vatID\":\"FR84921406419\",\"taxID\":\"92140641900025\"}]}<\/script>\n<meta property=\"product:price:amount\" content=\"728.00\" \/>\n<meta property=\"product:price:currency\" content=\"EUR\" \/>\n<meta property=\"og:availability\" content=\"instock\" \/>\n<meta property=\"product:availability\" content=\"instock\" \/>\n<meta property=\"product:condition\" content=\"new\" \/>\n<!-- \/ Yoast SEO Premium plugin. -->","yoast_head_json":{"title":"Meuble de r\u00e9ception THIERRY 98\/16 pour un Accueil Sophistiqu\u00e9 - Groupe Coiff","description":"Am\u00e9liorez l'esth\u00e9tique de votre institut de beaut\u00e9 avec le Meuble de r\u00e9ception THIERRY 98\/16. Offrez-vous une surface de travail spacieuse !","robots":{"index":"index","follow":"follow","max-snippet":"max-snippet:-1","max-image-preview":"max-image-preview:large","max-video-preview":"max-video-preview:-1"},"canonical":"https:\/\/groupecoiff.com\/en\/product-2\/meuble-de-reception-thierry-98-16\/","og_locale":"en_US","og_type":"article","og_title":"Meuble de r\u00e9ception THIERRY 98\/16","og_description":"Am\u00e9liorez l'esth\u00e9tique de votre institut de beaut\u00e9 avec le Meuble de r\u00e9ception THIERRY 98\/16. Offrez-vous une surface de travail spacieuse !","og_url":"https:\/\/groupecoiff.com\/en\/product-2\/meuble-de-reception-thierry-98-16\/","og_site_name":"Groupe Coiff","article_publisher":"https:\/\/www.facebook.com\/GroupeCoiff","article_modified_time":"2025-11-11T19:57:15+00:00","og_image":[{"width":600,"height":600,"url":"https:\/\/groupecoiff.com\/wp-content\/uploads\/2025\/11\/Thierry-9816-1.webp","type":"image\/webp"}],"twitter_card":"summary_large_image","twitter_site":"@groupecoiff","twitter_misc":{"Price":"728,00&nbsp;&euro;","Availability":"In stock"},"schema":{"@context":"https:\/\/schema.org","@graph":[{"@type":"WebPage","@id":"https:\/\/groupecoiff.com\/en\/produit\/meuble-de-reception-thierry-98-16\/","url":"https:\/\/groupecoiff.com\/en\/produit\/meuble-de-reception-thierry-98-16\/","name":"Meuble de r\u00e9ception THIERRY 98\/16 pour un Accueil Sophistiqu\u00e9 - Groupe Coiff","isPartOf":{"@id":"https:\/\/groupecoiff.com\/#website"},"primaryImageOfPage":{"@id":"https:\/\/groupecoiff.com\/en\/produit\/meuble-de-reception-thierry-98-16\/#primaryimage"},"image":{"@id":"https:\/\/groupecoiff.com\/en\/produit\/meuble-de-reception-thierry-98-16\/#primaryimage"},"thumbnailUrl":"https:\/\/groupecoiff.com\/wp-content\/uploads\/2025\/11\/Thierry-9816-1.webp","datePublished":"2025-11-11T19:49:00+00:00","dateModified":"2025-11-11T19:57:15+00:00","description":"Am\u00e9liorez l'esth\u00e9tique de votre institut de beaut\u00e9 avec le Meuble de r\u00e9ception THIERRY 98\/16. Offrez-vous une surface de travail spacieuse !","breadcrumb":{"@id":"https:\/\/groupecoiff.com\/en\/produit\/meuble-de-reception-thierry-98-16\/#breadcrumb"},"inLanguage":"en-US","potentialAction":[{"@type":"ReadAction","target":["https:\/\/groupecoiff.com\/en\/produit\/meuble-de-reception-thierry-98-16\/"]}]},{"@type":"ImageObject","inLanguage":"en-US","@id":"https:\/\/groupecoiff.com\/en\/produit\/meuble-de-reception-thierry-98-16\/#primaryimage","url":"https:\/\/groupecoiff.com\/wp-content\/uploads\/2025\/11\/Thierry-9816-1.webp","contentUrl":"https:\/\/groupecoiff.com\/wp-content\/uploads\/2025\/11\/Thierry-9816-1.webp","width":600,"height":600,"caption":"Comptoir Caisse Thierry 9816 -Meuble de r\u00e9ception Thierry 9816 -comptoir d'accueil Thierry - mobilier de coiffure professionnel - comptoir caisse salon de coiffure - comptoir caisse blanche - meuble de r\u00e9ception"},{"@type":"BreadcrumbList","@id":"https:\/\/groupecoiff.com\/en\/produit\/meuble-de-reception-thierry-98-16\/#breadcrumb","itemListElement":[{"@type":"ListItem","position":1,"name":"Accueil","item":"https:\/\/groupecoiff.com\/"},{"@type":"ListItem","position":2,"name":"Boutique","item":"https:\/\/groupecoiff.com\/en\/boutique\/"},{"@type":"ListItem","position":3,"name":"Meuble de r\u00e9ception THIERRY 98\/16"}]},{"@type":"WebSite","@id":"https:\/\/groupecoiff.com\/#website","url":"https:\/\/groupecoiff.com\/","name":"Coiff Group","description":"Everything for the hairdresser","publisher":{"@id":"https:\/\/groupecoiff.com\/#organization"},"potentialAction":[{"@type":"SearchAction","target":{"@type":"EntryPoint","urlTemplate":"https:\/\/groupecoiff.com\/?s={search_term_string}"},"query-input":{"@type":"PropertyValueSpecification","valueRequired":true,"valueName":"search_term_string"}}],"inLanguage":"en-US"},{"@type":"Organization","@id":"https:\/\/groupecoiff.com\/#organization","name":"Coiff Group","alternateName":"Groupe Coiff : Le Mobilier De Coiffure Haut de Gamme Pour Une \u00c9l\u00e9gance In\u00e9gal\u00e9e","url":"https:\/\/groupecoiff.com\/","logo":{"@type":"ImageObject","inLanguage":"en-US","@id":"https:\/\/groupecoiff.com\/#\/schema\/logo\/image\/","url":"https:\/\/groupecoiff.com\/wp-content\/uploads\/2024\/01\/cropped-Groupe-Coiff-Logo.webp","contentUrl":"https:\/\/groupecoiff.com\/wp-content\/uploads\/2024\/01\/cropped-Groupe-Coiff-Logo.webp","width":512,"height":512,"caption":"Groupe Coiff"},"image":{"@id":"https:\/\/groupecoiff.com\/#\/schema\/logo\/image\/"},"sameAs":["https:\/\/www.facebook.com\/GroupeCoiff","https:\/\/x.com\/groupecoiff","https:\/\/www.instagram.com\/groupecoiff\/","https:\/\/www.tiktok.com\/@groupecoiff","https:\/\/www.youtube.com\/@groupecoiff","https:\/\/twitter.com\/groupecoiff","https:\/\/www.leboncoin.fr\/boutique\/3961302\/groupe_coiff.htm"],"description":"Discover Groupe Coiff's top-of-the-range hairdressing furniture, combining elegance and functionality to enhance your salon and satisfy your customers.","email":"contact@groupecoiff.com","telephone":"0676951605","legalName":"Groupe Coiff","foundingDate":"2022-11-16","vatID":"FR84921406419","taxID":"92140641900025"}]},"product_price_amount":"728.00","product_price_currency":"EUR","og_availability":"instock","product_availability":"instock","product_condition":"new"},"jetpack_publicize_connections":[],"jetpack_likes_enabled":true,"jetpack_sharing_enabled":true,"_links":{"self":[{"href":"https:\/\/groupecoiff.com\/en\/wp-json\/wp\/v2\/product\/47874","targetHints":{"allow":["GET"]}}],"collection":[{"href":"https:\/\/groupecoiff.com\/en\/wp-json\/wp\/v2\/product"}],"about":[{"href":"https:\/\/groupecoiff.com\/en\/wp-json\/wp\/v2\/types\/product"}],"replies":[{"embeddable":true,"href":"https:\/\/groupecoiff.com\/en\/wp-json\/wp\/v2\/comments?post=47874"}],"version-history":[{"count":0,"href":"https:\/\/groupecoiff.com\/en\/wp-json\/wp\/v2\/product\/47874\/revisions"}],"wp:featuredmedia":[{"embeddable":true,"href":"https:\/\/groupecoiff.com\/en\/wp-json\/wp\/v2\/media\/47875"}],"wp:attachment":[{"href":"https:\/\/groupecoiff.com\/en\/wp-json\/wp\/v2\/media?parent=47874"}],"wp:term":[{"taxonomy":"product_brand","embeddable":true,"href":"https:\/\/groupecoiff.com\/en\/wp-json\/wp\/v2\/product_brand?post=47874"},{"taxonomy":"product_cat","embeddable":true,"href":"https:\/\/groupecoiff.com\/en\/wp-json\/wp\/v2\/product_cat?post=47874"},{"taxonomy":"product_tag","embeddable":true,"href":"https:\/\/groupecoiff.com\/en\/wp-json\/wp\/v2\/product_tag?post=47874"}],"curies":[{"name":"wp","href":"https:\/\/api.w.org\/{rel}","templated":true}]}}