{"id":48006,"date":"2025-11-17T20:02:24","date_gmt":"2025-11-17T19:02:24","guid":{"rendered":"https:\/\/groupecoiff.com\/?post_type=product&#038;p=48006"},"modified":"2025-11-17T20:15:23","modified_gmt":"2025-11-17T19:15:23","slug":"comptoir-daccueil-dylan-98-50","status":"publish","type":"product","link":"https:\/\/groupecoiff.com\/en\/produit\/comptoir-daccueil-dylan-98-50\/","title":{"rendered":"Comptoir d&rsquo;accueil DYLAN 98\/50"},"content":{"rendered":"<ul>\n<li>\n<h3>Meuble d&rsquo;accueil Dylan \u2013 Un atout pr\u00e9cis pour sublimer votre espace<\/h3>\n<\/li>\n<\/ul>\n<p>Le comptoir d\u2019accueil DYLAN 98\/50 offre une structure stable et \u00e9l\u00e9gante. Il valorise l\u2019entr\u00e9e du salon et am\u00e9liore la gestion quotidienne gr\u00e2ce \u00e0 sa conception simple et directe.<\/p>\n<ul>\n<li><strong>Une ligne compacte qui reste tr\u00e8s pratique<\/strong><\/li>\n<\/ul>\n<p>Le meuble d\u2019accueil Dylan fabriqu\u00e9 en panneau de particules de haute densit\u00e9, recouvert de papier m\u00e9lamin\u00e9 noir sur les deux faces.<\/p>\n<ul>\n<li><strong>Des fonctions utiles pour travailler mieux<\/strong><\/li>\n<\/ul>\n<p>Le plateau coulissant assure un acc\u00e8s rapide au clavier. Il am\u00e9liore le confort de travail. La surface du haut reste large pour votre mat\u00e9riel et vos outils.<\/p>\n<ul>\n<li><strong>Un rangement s\u00fbr pour une organisation claire<\/strong><\/li>\n<\/ul>\n<p>Le tiroir verrouillable prot\u00e8ge vos documents. Le passe-c\u00e2bles arri\u00e8re garde l\u2019espace propre. Votre zone reste ainsi ordonn\u00e9e toute la journ\u00e9e.<\/p>\n<ol>\n<li>Hauteur totale : 111 cm<\/li>\n<li>Width: 80 cm<\/li>\n<li>Depth: 55 cm<\/li>\n<li>Compartiment : 60 \u00d7 15 \u00d7 35 cm<\/li>\n<\/ol>\n<ul>\n<li><strong>Une fabrication solide pour durer<\/strong><\/li>\n<\/ul>\n<p>Le comptoir caisse Dylan utilise une m\u00e9lamine dense. Les chants PVC renforcent l\u2019ensemble. La surface r\u00e9siste aux frottements et reste simple \u00e0 entretenir.<\/p>\n<ul>\n<li><strong>Un mobilier adapt\u00e9 aux exigences des salons<\/strong><\/li>\n<\/ul>\n<p>Le meuble de r\u00e9ception Dylan convient aux flux intenses. Il aide \u00e0 organiser les outils. Il valorise aussi la premi\u00e8re impression du client.<\/p>\n<ul>\n<li><strong>Surface stable pour votre mat\u00e9riel<\/strong><\/li>\n<\/ul>\n<ol>\n<li>Tiroir s\u00e9curis\u00e9<\/li>\n<li>Passe-c\u00e2bles int\u00e9gr\u00e9<\/li>\n<li>Structure durable et facile \u00e0 placer<\/li>\n<\/ol>\n<ul>\n<li><strong>Un choix strat\u00e9gique pour votre espace<\/strong><\/li>\n<\/ul>\n<p>Ce meuble de coiffure haut de gamme am\u00e9liore la fluidit\u00e9 du travail. Il renforce aussi l\u2019image du salon. Il r\u00e9pond aux besoins de tout mobilier pour salon de coiffure.<\/p>\n<p>&nbsp;<\/p>\n<h5 style=\"text-align: center;\"><span style=\"color: #808000;\"><a style=\"color: #808000;\" href=\"https:\/\/groupecoiff.com\/wp-content\/uploads\/2024\/02\/Fiche-Technique-DYLAN.pdf\">Fiche Technique DYLAN<\/a><\/span><\/h5>","protected":false},"excerpt":{"rendered":"<p>Donnez une touche moderne \u00e0 votre hall avec le comptoir d&rsquo;accueil DYLAN 98\/50. Une solution chic pour le rangement et le travail !<\/p>","protected":false},"featured_media":48007,"comment_status":"open","ping_status":"closed","template":"","meta":{"googlesitekit_rrm_CAow0YCiDA:productID":"","jetpack_post_was_ever_published":false,"jetpack_publicize_message":"","jetpack_publicize_feature_enabled":true,"jetpack_social_post_already_shared":true,"jetpack_social_options":{"image_generator_settings":{"template":"highway","default_image_id":0,"font":"","enabled":false},"version":2}},"product_brand":[575],"product_cat":[59,313],"product_tag":[331,332,453,535],"class_list":{"0":"post-48006","1":"product","2":"type-product","3":"status-publish","4":"has-post-thumbnail","6":"product_brand-mirplay","7":"product_cat-comptoir-daccueil","8":"product_cat-meuble-de-coiffure","9":"product_tag-comptoir-daccueil","10":"product_tag-meuble-de-reception","11":"product_tag-meuble-pour-salon-de-coiffure","12":"product_tag-mobilier-de-coiffure-professionnel","14":"first","15":"instock","16":"sale","17":"featured","18":"taxable","19":"shipping-taxable","20":"purchasable","21":"product-type-simple"},"yoast_head":"<!-- This site is optimized with the Yoast SEO Premium plugin v27.4 (Yoast SEO v27.4) - https:\/\/yoast.com\/product\/yoast-seo-premium-wordpress\/ -->\n<title>Comptoir d&#039;accueil DYLAN 98\/50: Design Sobre et Fonctionnel - Groupe Coiff<\/title>\n<meta name=\"description\" content=\"Optimisez votre gestion quotidienne avec le comptoir d&#039;accueil DYLAN 98\/50. Il allie fonctionnalit\u00e9 et design pour un espace accueillant. \u2728\" \/>\n<meta name=\"robots\" content=\"index, follow, max-snippet:-1, max-image-preview:large, max-video-preview:-1\" \/>\n<link rel=\"canonical\" href=\"https:\/\/groupecoiff.com\/en\/product-2\/comptoir-daccueil-dylan-98-50\/\" \/>\n<meta property=\"og:locale\" content=\"en_US\" \/>\n<meta property=\"og:type\" content=\"article\" \/>\n<meta property=\"og:title\" content=\"Comptoir d&#039;accueil DYLAN 98\/50\" \/>\n<meta property=\"og:description\" content=\"Optimisez votre gestion quotidienne avec le comptoir d&#039;accueil DYLAN 98\/50. Il allie fonctionnalit\u00e9 et design pour un espace accueillant. \u2728\" \/>\n<meta property=\"og:url\" content=\"https:\/\/groupecoiff.com\/en\/product-2\/comptoir-daccueil-dylan-98-50\/\" \/>\n<meta property=\"og:site_name\" content=\"Groupe Coiff\" \/>\n<meta property=\"article:publisher\" content=\"https:\/\/www.facebook.com\/GroupeCoiff\" \/>\n<meta property=\"article:modified_time\" content=\"2025-11-17T19:15:23+00:00\" \/>\n<meta property=\"og:image\" content=\"https:\/\/groupecoiff.com\/wp-content\/uploads\/2025\/11\/DYLAN-9850-1.webp\" \/>\n\t<meta property=\"og:image:width\" content=\"600\" \/>\n\t<meta property=\"og:image:height\" content=\"600\" \/>\n\t<meta property=\"og:image:type\" content=\"image\/webp\" \/>\n<meta name=\"twitter:card\" content=\"summary_large_image\" \/>\n<meta name=\"twitter:site\" content=\"@groupecoiff\" \/>\n<meta name=\"twitter:label1\" content=\"Price\" \/>\n\t<meta name=\"twitter:data1\" content=\"395,00&nbsp;&euro;\" \/>\n\t<meta name=\"twitter:label2\" content=\"Availability\" \/>\n\t<meta name=\"twitter:data2\" content=\"In stock\" \/>\n<script type=\"application\/ld+json\" class=\"yoast-schema-graph\">{\"@context\":\"https:\\\/\\\/schema.org\",\"@graph\":[{\"@type\":\"WebPage\",\"@id\":\"https:\\\/\\\/groupecoiff.com\\\/produit\\\/comptoir-daccueil-dylan-98-50\\\/\",\"url\":\"https:\\\/\\\/groupecoiff.com\\\/produit\\\/comptoir-daccueil-dylan-98-50\\\/\",\"name\":\"Comptoir d'accueil DYLAN 98\\\/50: Design Sobre et Fonctionnel - Groupe Coiff\",\"isPartOf\":{\"@id\":\"https:\\\/\\\/groupecoiff.com\\\/#website\"},\"primaryImageOfPage\":{\"@id\":\"https:\\\/\\\/groupecoiff.com\\\/produit\\\/comptoir-daccueil-dylan-98-50\\\/#primaryimage\"},\"image\":{\"@id\":\"https:\\\/\\\/groupecoiff.com\\\/produit\\\/comptoir-daccueil-dylan-98-50\\\/#primaryimage\"},\"thumbnailUrl\":\"https:\\\/\\\/groupecoiff.com\\\/wp-content\\\/uploads\\\/2025\\\/11\\\/DYLAN-9850-1.webp\",\"datePublished\":\"2025-11-17T19:02:24+00:00\",\"dateModified\":\"2025-11-17T19:15:23+00:00\",\"description\":\"Optimisez votre gestion quotidienne avec le comptoir d'accueil DYLAN 98\\\/50. Il allie fonctionnalit\u00e9 et design pour un espace accueillant. \u2728\",\"breadcrumb\":{\"@id\":\"https:\\\/\\\/groupecoiff.com\\\/produit\\\/comptoir-daccueil-dylan-98-50\\\/#breadcrumb\"},\"inLanguage\":\"en-US\",\"potentialAction\":[{\"@type\":\"ReadAction\",\"target\":[\"https:\\\/\\\/groupecoiff.com\\\/produit\\\/comptoir-daccueil-dylan-98-50\\\/\"]}]},{\"@type\":\"ImageObject\",\"inLanguage\":\"en-US\",\"@id\":\"https:\\\/\\\/groupecoiff.com\\\/produit\\\/comptoir-daccueil-dylan-98-50\\\/#primaryimage\",\"url\":\"https:\\\/\\\/groupecoiff.com\\\/wp-content\\\/uploads\\\/2025\\\/11\\\/DYLAN-9850-1.webp\",\"contentUrl\":\"https:\\\/\\\/groupecoiff.com\\\/wp-content\\\/uploads\\\/2025\\\/11\\\/DYLAN-9850-1.webp\",\"width\":600,\"height\":600,\"caption\":\"Comptoir d'accueil DYLAN 98\\\/50 - comptoir caisse Dylan - Meuble de r\u00e9ception DYLAN 98\\\/50 - meuble de r\u00e9ception salon de coiffure - mobilier de coiffure professionnel - meuble d'accueil salon de coiffure\"},{\"@type\":\"BreadcrumbList\",\"@id\":\"https:\\\/\\\/groupecoiff.com\\\/produit\\\/comptoir-daccueil-dylan-98-50\\\/#breadcrumb\",\"itemListElement\":[{\"@type\":\"ListItem\",\"position\":1,\"name\":\"Accueil\",\"item\":\"https:\\\/\\\/groupecoiff.com\\\/\"},{\"@type\":\"ListItem\",\"position\":2,\"name\":\"Boutique\",\"item\":\"https:\\\/\\\/groupecoiff.com\\\/boutique\\\/\"},{\"@type\":\"ListItem\",\"position\":3,\"name\":\"Comptoir d&rsquo;accueil DYLAN 98\\\/50\"}]},{\"@type\":\"WebSite\",\"@id\":\"https:\\\/\\\/groupecoiff.com\\\/#website\",\"url\":\"https:\\\/\\\/groupecoiff.com\\\/\",\"name\":\"Groupe Coiff\",\"description\":\"Tout pour la coiffure\",\"publisher\":{\"@id\":\"https:\\\/\\\/groupecoiff.com\\\/#organization\"},\"potentialAction\":[{\"@type\":\"SearchAction\",\"target\":{\"@type\":\"EntryPoint\",\"urlTemplate\":\"https:\\\/\\\/groupecoiff.com\\\/?s={search_term_string}\"},\"query-input\":{\"@type\":\"PropertyValueSpecification\",\"valueRequired\":true,\"valueName\":\"search_term_string\"}}],\"inLanguage\":\"en-US\"},{\"@type\":\"Organization\",\"@id\":\"https:\\\/\\\/groupecoiff.com\\\/#organization\",\"name\":\"Groupe Coiff\",\"alternateName\":\"Groupe Coiff : Le Mobilier De Coiffure Haut de Gamme Pour Une \u00c9l\u00e9gance In\u00e9gal\u00e9e\",\"url\":\"https:\\\/\\\/groupecoiff.com\\\/\",\"logo\":{\"@type\":\"ImageObject\",\"inLanguage\":\"en-US\",\"@id\":\"https:\\\/\\\/groupecoiff.com\\\/#\\\/schema\\\/logo\\\/image\\\/\",\"url\":\"https:\\\/\\\/groupecoiff.com\\\/wp-content\\\/uploads\\\/2024\\\/01\\\/cropped-Groupe-Coiff-Logo.webp\",\"contentUrl\":\"https:\\\/\\\/groupecoiff.com\\\/wp-content\\\/uploads\\\/2024\\\/01\\\/cropped-Groupe-Coiff-Logo.webp\",\"width\":512,\"height\":512,\"caption\":\"Groupe Coiff\"},\"image\":{\"@id\":\"https:\\\/\\\/groupecoiff.com\\\/#\\\/schema\\\/logo\\\/image\\\/\"},\"sameAs\":[\"https:\\\/\\\/www.facebook.com\\\/GroupeCoiff\",\"https:\\\/\\\/x.com\\\/groupecoiff\",\"https:\\\/\\\/www.instagram.com\\\/groupecoiff\\\/\",\"https:\\\/\\\/www.tiktok.com\\\/@groupecoiff\",\"https:\\\/\\\/www.youtube.com\\\/@groupecoiff\",\"https:\\\/\\\/twitter.com\\\/groupecoiff\",\"https:\\\/\\\/www.leboncoin.fr\\\/boutique\\\/3961302\\\/groupe_coiff.htm\"],\"description\":\"D\u00e9couvrez le mobilier de coiffure haut de gamme de Groupe Coiff, alliant \u00e9l\u00e9gance et fonctionnalit\u00e9 pour sublimer votre salon et satisfaire vos clients.\",\"email\":\"contact@groupecoiff.com\",\"telephone\":\"0676951605\",\"legalName\":\"Groupe Coiff\",\"foundingDate\":\"2022-11-16\",\"vatID\":\"FR84921406419\",\"taxID\":\"92140641900025\"}]}<\/script>\n<meta property=\"product:price:amount\" content=\"395.00\" \/>\n<meta property=\"product:price:currency\" content=\"EUR\" \/>\n<meta property=\"og:availability\" content=\"instock\" \/>\n<meta property=\"product:availability\" content=\"instock\" \/>\n<meta property=\"product:condition\" content=\"new\" \/>\n<!-- \/ Yoast SEO Premium plugin. -->","yoast_head_json":{"title":"Comptoir d'accueil DYLAN 98\/50: Design Sobre et Fonctionnel - Groupe Coiff","description":"Optimisez votre gestion quotidienne avec le comptoir d'accueil DYLAN 98\/50. Il allie fonctionnalit\u00e9 et design pour un espace accueillant. \u2728","robots":{"index":"index","follow":"follow","max-snippet":"max-snippet:-1","max-image-preview":"max-image-preview:large","max-video-preview":"max-video-preview:-1"},"canonical":"https:\/\/groupecoiff.com\/en\/product-2\/comptoir-daccueil-dylan-98-50\/","og_locale":"en_US","og_type":"article","og_title":"Comptoir d'accueil DYLAN 98\/50","og_description":"Optimisez votre gestion quotidienne avec le comptoir d'accueil DYLAN 98\/50. Il allie fonctionnalit\u00e9 et design pour un espace accueillant. \u2728","og_url":"https:\/\/groupecoiff.com\/en\/product-2\/comptoir-daccueil-dylan-98-50\/","og_site_name":"Groupe Coiff","article_publisher":"https:\/\/www.facebook.com\/GroupeCoiff","article_modified_time":"2025-11-17T19:15:23+00:00","og_image":[{"width":600,"height":600,"url":"https:\/\/groupecoiff.com\/wp-content\/uploads\/2025\/11\/DYLAN-9850-1.webp","type":"image\/webp"}],"twitter_card":"summary_large_image","twitter_site":"@groupecoiff","twitter_misc":{"Price":"395,00&nbsp;&euro;","Availability":"In stock"},"schema":{"@context":"https:\/\/schema.org","@graph":[{"@type":"WebPage","@id":"https:\/\/groupecoiff.com\/produit\/comptoir-daccueil-dylan-98-50\/","url":"https:\/\/groupecoiff.com\/produit\/comptoir-daccueil-dylan-98-50\/","name":"Comptoir d'accueil DYLAN 98\/50: Design Sobre et Fonctionnel - Groupe Coiff","isPartOf":{"@id":"https:\/\/groupecoiff.com\/#website"},"primaryImageOfPage":{"@id":"https:\/\/groupecoiff.com\/produit\/comptoir-daccueil-dylan-98-50\/#primaryimage"},"image":{"@id":"https:\/\/groupecoiff.com\/produit\/comptoir-daccueil-dylan-98-50\/#primaryimage"},"thumbnailUrl":"https:\/\/groupecoiff.com\/wp-content\/uploads\/2025\/11\/DYLAN-9850-1.webp","datePublished":"2025-11-17T19:02:24+00:00","dateModified":"2025-11-17T19:15:23+00:00","description":"Optimisez votre gestion quotidienne avec le comptoir d'accueil DYLAN 98\/50. Il allie fonctionnalit\u00e9 et design pour un espace accueillant. \u2728","breadcrumb":{"@id":"https:\/\/groupecoiff.com\/produit\/comptoir-daccueil-dylan-98-50\/#breadcrumb"},"inLanguage":"en-US","potentialAction":[{"@type":"ReadAction","target":["https:\/\/groupecoiff.com\/produit\/comptoir-daccueil-dylan-98-50\/"]}]},{"@type":"ImageObject","inLanguage":"en-US","@id":"https:\/\/groupecoiff.com\/produit\/comptoir-daccueil-dylan-98-50\/#primaryimage","url":"https:\/\/groupecoiff.com\/wp-content\/uploads\/2025\/11\/DYLAN-9850-1.webp","contentUrl":"https:\/\/groupecoiff.com\/wp-content\/uploads\/2025\/11\/DYLAN-9850-1.webp","width":600,"height":600,"caption":"Comptoir d'accueil DYLAN 98\/50 - comptoir caisse Dylan - Meuble de r\u00e9ception DYLAN 98\/50 - meuble de r\u00e9ception salon de coiffure - mobilier de coiffure professionnel - meuble d'accueil salon de coiffure"},{"@type":"BreadcrumbList","@id":"https:\/\/groupecoiff.com\/produit\/comptoir-daccueil-dylan-98-50\/#breadcrumb","itemListElement":[{"@type":"ListItem","position":1,"name":"Accueil","item":"https:\/\/groupecoiff.com\/"},{"@type":"ListItem","position":2,"name":"Boutique","item":"https:\/\/groupecoiff.com\/boutique\/"},{"@type":"ListItem","position":3,"name":"Comptoir d&rsquo;accueil DYLAN 98\/50"}]},{"@type":"WebSite","@id":"https:\/\/groupecoiff.com\/#website","url":"https:\/\/groupecoiff.com\/","name":"Coiff Group","description":"Everything for the hairdresser","publisher":{"@id":"https:\/\/groupecoiff.com\/#organization"},"potentialAction":[{"@type":"SearchAction","target":{"@type":"EntryPoint","urlTemplate":"https:\/\/groupecoiff.com\/?s={search_term_string}"},"query-input":{"@type":"PropertyValueSpecification","valueRequired":true,"valueName":"search_term_string"}}],"inLanguage":"en-US"},{"@type":"Organization","@id":"https:\/\/groupecoiff.com\/#organization","name":"Coiff Group","alternateName":"Groupe Coiff : Le Mobilier De Coiffure Haut de Gamme Pour Une \u00c9l\u00e9gance In\u00e9gal\u00e9e","url":"https:\/\/groupecoiff.com\/","logo":{"@type":"ImageObject","inLanguage":"en-US","@id":"https:\/\/groupecoiff.com\/#\/schema\/logo\/image\/","url":"https:\/\/groupecoiff.com\/wp-content\/uploads\/2024\/01\/cropped-Groupe-Coiff-Logo.webp","contentUrl":"https:\/\/groupecoiff.com\/wp-content\/uploads\/2024\/01\/cropped-Groupe-Coiff-Logo.webp","width":512,"height":512,"caption":"Groupe Coiff"},"image":{"@id":"https:\/\/groupecoiff.com\/#\/schema\/logo\/image\/"},"sameAs":["https:\/\/www.facebook.com\/GroupeCoiff","https:\/\/x.com\/groupecoiff","https:\/\/www.instagram.com\/groupecoiff\/","https:\/\/www.tiktok.com\/@groupecoiff","https:\/\/www.youtube.com\/@groupecoiff","https:\/\/twitter.com\/groupecoiff","https:\/\/www.leboncoin.fr\/boutique\/3961302\/groupe_coiff.htm"],"description":"Discover Groupe Coiff's top-of-the-range hairdressing furniture, combining elegance and functionality to enhance your salon and satisfy your customers.","email":"contact@groupecoiff.com","telephone":"0676951605","legalName":"Groupe Coiff","foundingDate":"2022-11-16","vatID":"FR84921406419","taxID":"92140641900025"}]},"product_price_amount":"395.00","product_price_currency":"EUR","og_availability":"instock","product_availability":"instock","product_condition":"new"},"jetpack_publicize_connections":[],"jetpack_likes_enabled":true,"jetpack_sharing_enabled":true,"_links":{"self":[{"href":"https:\/\/groupecoiff.com\/en\/wp-json\/wp\/v2\/product\/48006","targetHints":{"allow":["GET"]}}],"collection":[{"href":"https:\/\/groupecoiff.com\/en\/wp-json\/wp\/v2\/product"}],"about":[{"href":"https:\/\/groupecoiff.com\/en\/wp-json\/wp\/v2\/types\/product"}],"replies":[{"embeddable":true,"href":"https:\/\/groupecoiff.com\/en\/wp-json\/wp\/v2\/comments?post=48006"}],"version-history":[{"count":0,"href":"https:\/\/groupecoiff.com\/en\/wp-json\/wp\/v2\/product\/48006\/revisions"}],"wp:featuredmedia":[{"embeddable":true,"href":"https:\/\/groupecoiff.com\/en\/wp-json\/wp\/v2\/media\/48007"}],"wp:attachment":[{"href":"https:\/\/groupecoiff.com\/en\/wp-json\/wp\/v2\/media?parent=48006"}],"wp:term":[{"taxonomy":"product_brand","embeddable":true,"href":"https:\/\/groupecoiff.com\/en\/wp-json\/wp\/v2\/product_brand?post=48006"},{"taxonomy":"product_cat","embeddable":true,"href":"https:\/\/groupecoiff.com\/en\/wp-json\/wp\/v2\/product_cat?post=48006"},{"taxonomy":"product_tag","embeddable":true,"href":"https:\/\/groupecoiff.com\/en\/wp-json\/wp\/v2\/product_tag?post=48006"}],"curies":[{"name":"wp","href":"https:\/\/api.w.org\/{rel}","templated":true}]}}