{"id":49150,"date":"2026-01-30T11:30:10","date_gmt":"2026-01-30T10:30:10","guid":{"rendered":"https:\/\/groupecoiff.com\/?post_type=product&#038;p=49150"},"modified":"2026-01-30T11:30:11","modified_gmt":"2026-01-30T10:30:11","slug":"fauteuil-de-barbier-wolf-vert-noir","status":"publish","type":"product","link":"https:\/\/groupecoiff.com\/en\/produit\/fauteuil-de-barbier-wolf-vert-noir\/","title":{"rendered":"Fauteuil de Barbier Wolf Vert noir"},"content":{"rendered":"<ul>\n<li>\n<h3>\u00c9l\u00e9gance Vintage: D\u00e9couvrez le Fauteuil de Barbier Wolf Vert noir<\/h3>\n<\/li>\n<\/ul>\n<p>Le fauteuil de barbier Wolf Vert noir est l&rsquo;\u00e9l\u00e9ment parfait pour tout salon de coiffure \u00e0 la recherche d&rsquo;une touche vintage et d&rsquo;un confort optimal.<\/p>\n<ul>\n<li><strong>Comfort and Elegance Combined<\/strong><\/li>\n<\/ul>\n<p>Dot\u00e9 d&rsquo;un \u00e9l\u00e9vateur hydraulique durable, d&rsquo;un repose-pieds et d&rsquo;un dossier r\u00e9glables, ce fauteuil offre une exp\u00e9rience de coiffure in\u00e9gal\u00e9e.<\/p>\n<ul>\n<li><strong>Fonctionnalit\u00e9s Avanc\u00e9es<\/strong><\/li>\n<\/ul>\n<ol>\n<li>Height Adjustment:<\/li>\n<li>Reclining Backrest and Adjustable Footrest:<\/li>\n<li>Adjustable Headrest:<br \/>\n20 cm long, it provides perfect support for the client's head.<\/li>\n<li>Full Rotation:<br \/>\nThe rotation mechanism allows for more efficient and comfortable work for the hairdresser.<\/li>\n<\/ol>\n<ul>\n<li><strong>Vintage Design and Modern Comfort<\/strong><\/li>\n<\/ul>\n<p>Wolf est dot\u00e9 d&rsquo;un rembourrage en mousse durable et d&rsquo;un rev\u00eatement en cuir synth\u00e9tique r\u00e9sistant \u00e0 l&rsquo;humidit\u00e9 et facile \u00e0 nettoyer. De plus son design inspir\u00e9 du style vintage, ajoute une touche unique \u00e0 tout salon de coiffure.<\/p>\n<ul>\n<li><strong>Technical specifications<\/strong><\/li>\n<\/ul>\n<ol>\n<li>Pump: Hydraulic<\/li>\n<li>Base: Round<\/li>\n<li>Upholstery: Synthetic Leather<\/li>\n<\/ol>","protected":false},"excerpt":{"rendered":"<div class=\"yst-label yst-radio__label yst-flex yst-flex-wrap yst-items-center\">D\u00e9couvrez le fauteuil de barbier Wolf Vert noir, un choix parfait pour allier confort et vintage dans votre salon de coiffure. Am\u00e9liorez votre espace d\u00e8s aujourd&rsquo;hui !<\/div>","protected":false},"featured_media":49174,"comment_status":"open","ping_status":"closed","template":"","meta":{"googlesitekit_rrm_CAow0YCiDA:productID":"","jetpack_post_was_ever_published":false,"jetpack_publicize_message":"","jetpack_publicize_feature_enabled":true,"jetpack_social_post_already_shared":true,"jetpack_social_options":{"image_generator_settings":{"template":"highway","default_image_id":0,"font":"","enabled":false},"version":2}},"product_brand":[579],"product_cat":[51,313],"product_tag":[644,121,553,125],"class_list":{"0":"post-49150","1":"product","2":"type-product","3":"status-publish","4":"has-post-thumbnail","6":"product_brand-gabbiano","7":"product_cat-fauteuil-de-barbier-professionnel","8":"product_cat-meuble-de-coiffure","9":"product_tag-barber","10":"product_tag-fauteuil-barbier","11":"product_tag-fauteuil-de-coiffure-pour-homme","12":"product_tag-salon-de-coiffure","14":"first","15":"instock","16":"sale","17":"featured","18":"taxable","19":"shipping-taxable","20":"purchasable","21":"product-type-simple"},"yoast_head":"<!-- This site is optimized with the Yoast SEO Premium plugin v27.4 (Yoast SEO v27.4) - https:\/\/yoast.com\/product\/yoast-seo-premium-wordpress\/ -->\n<title>Fauteuil de Barbier Wolf Vert noir: Confort Optimal Assur\u00e9 - Groupe Coiff<\/title>\n<meta name=\"description\" content=\"Offrez \u00e0 vos clients un moment de d\u00e9tente avec le fauteuil de barbier Wolf Vert noir. \u00c9l\u00e9gance et confort r\u00e9unis pour un salon r\u00e9ussi !\" \/>\n<meta name=\"robots\" content=\"index, follow, max-snippet:-1, max-image-preview:large, max-video-preview:-1\" \/>\n<link rel=\"canonical\" href=\"https:\/\/groupecoiff.com\/en\/product-2\/fauteuil-de-barbier-wolf-vert-noir\/\" \/>\n<meta property=\"og:locale\" content=\"en_US\" \/>\n<meta property=\"og:type\" content=\"article\" \/>\n<meta property=\"og:title\" content=\"Fauteuil de Barbier Wolf Vert noir\" \/>\n<meta property=\"og:description\" content=\"Offrez \u00e0 vos clients un moment de d\u00e9tente avec le fauteuil de barbier Wolf Vert noir. \u00c9l\u00e9gance et confort r\u00e9unis pour un salon r\u00e9ussi !\" \/>\n<meta property=\"og:url\" content=\"https:\/\/groupecoiff.com\/en\/product-2\/fauteuil-de-barbier-wolf-vert-noir\/\" \/>\n<meta property=\"og:site_name\" content=\"Groupe Coiff\" \/>\n<meta property=\"article:publisher\" content=\"https:\/\/www.facebook.com\/GroupeCoiff\" \/>\n<meta property=\"article:modified_time\" content=\"2026-01-30T10:30:11+00:00\" \/>\n<meta property=\"og:image\" content=\"https:\/\/groupecoiff.com\/wp-content\/uploads\/2026\/01\/Wolf-vert-noir-2.webp\" \/>\n\t<meta property=\"og:image:width\" content=\"600\" \/>\n\t<meta property=\"og:image:height\" content=\"600\" \/>\n\t<meta property=\"og:image:type\" content=\"image\/webp\" \/>\n<meta name=\"twitter:card\" content=\"summary_large_image\" \/>\n<meta name=\"twitter:site\" content=\"@groupecoiff\" \/>\n<meta name=\"twitter:label1\" content=\"Price\" \/>\n\t<meta name=\"twitter:data1\" content=\"749,00&nbsp;&euro;\" \/>\n\t<meta name=\"twitter:label2\" content=\"Availability\" \/>\n\t<meta name=\"twitter:data2\" content=\"In stock\" \/>\n<script type=\"application\/ld+json\" class=\"yoast-schema-graph\">{\"@context\":\"https:\\\/\\\/schema.org\",\"@graph\":[{\"@type\":\"WebPage\",\"@id\":\"https:\\\/\\\/groupecoiff.com\\\/produit\\\/fauteuil-de-barbier-wolf-vert-noir\\\/\",\"url\":\"https:\\\/\\\/groupecoiff.com\\\/produit\\\/fauteuil-de-barbier-wolf-vert-noir\\\/\",\"name\":\"Fauteuil de Barbier Wolf Vert noir: Confort Optimal Assur\u00e9 - Groupe Coiff\",\"isPartOf\":{\"@id\":\"https:\\\/\\\/groupecoiff.com\\\/#website\"},\"primaryImageOfPage\":{\"@id\":\"https:\\\/\\\/groupecoiff.com\\\/produit\\\/fauteuil-de-barbier-wolf-vert-noir\\\/#primaryimage\"},\"image\":{\"@id\":\"https:\\\/\\\/groupecoiff.com\\\/produit\\\/fauteuil-de-barbier-wolf-vert-noir\\\/#primaryimage\"},\"thumbnailUrl\":\"https:\\\/\\\/groupecoiff.com\\\/wp-content\\\/uploads\\\/2026\\\/01\\\/Wolf-vert-noir-2.webp\",\"datePublished\":\"2026-01-30T10:30:10+00:00\",\"dateModified\":\"2026-01-30T10:30:11+00:00\",\"description\":\"Offrez \u00e0 vos clients un moment de d\u00e9tente avec le fauteuil de barbier Wolf Vert noir. \u00c9l\u00e9gance et confort r\u00e9unis pour un salon r\u00e9ussi !\",\"breadcrumb\":{\"@id\":\"https:\\\/\\\/groupecoiff.com\\\/produit\\\/fauteuil-de-barbier-wolf-vert-noir\\\/#breadcrumb\"},\"inLanguage\":\"en-US\",\"potentialAction\":[{\"@type\":\"ReadAction\",\"target\":[\"https:\\\/\\\/groupecoiff.com\\\/produit\\\/fauteuil-de-barbier-wolf-vert-noir\\\/\"]}]},{\"@type\":\"ImageObject\",\"inLanguage\":\"en-US\",\"@id\":\"https:\\\/\\\/groupecoiff.com\\\/produit\\\/fauteuil-de-barbier-wolf-vert-noir\\\/#primaryimage\",\"url\":\"https:\\\/\\\/groupecoiff.com\\\/wp-content\\\/uploads\\\/2026\\\/01\\\/Wolf-vert-noir-2.webp\",\"contentUrl\":\"https:\\\/\\\/groupecoiff.com\\\/wp-content\\\/uploads\\\/2026\\\/01\\\/Wolf-vert-noir-2.webp\",\"width\":600,\"height\":600,\"caption\":\"Fauteuil de Barbier Wolf vert noir - Fauteuil Barbier Wolf vert noir - Chaise Barbier Wolf vert noir - Fauteuil de coiffure barbier Wolf vert noir - mobilier de coiffure haut de gamme - barbershop - barber\"},{\"@type\":\"BreadcrumbList\",\"@id\":\"https:\\\/\\\/groupecoiff.com\\\/produit\\\/fauteuil-de-barbier-wolf-vert-noir\\\/#breadcrumb\",\"itemListElement\":[{\"@type\":\"ListItem\",\"position\":1,\"name\":\"Accueil\",\"item\":\"https:\\\/\\\/groupecoiff.com\\\/\"},{\"@type\":\"ListItem\",\"position\":2,\"name\":\"Boutique\",\"item\":\"https:\\\/\\\/groupecoiff.com\\\/boutique\\\/\"},{\"@type\":\"ListItem\",\"position\":3,\"name\":\"Fauteuil de Barbier Wolf Vert noir\"}]},{\"@type\":\"WebSite\",\"@id\":\"https:\\\/\\\/groupecoiff.com\\\/#website\",\"url\":\"https:\\\/\\\/groupecoiff.com\\\/\",\"name\":\"Groupe Coiff\",\"description\":\"Tout pour la coiffure\",\"publisher\":{\"@id\":\"https:\\\/\\\/groupecoiff.com\\\/#organization\"},\"potentialAction\":[{\"@type\":\"SearchAction\",\"target\":{\"@type\":\"EntryPoint\",\"urlTemplate\":\"https:\\\/\\\/groupecoiff.com\\\/?s={search_term_string}\"},\"query-input\":{\"@type\":\"PropertyValueSpecification\",\"valueRequired\":true,\"valueName\":\"search_term_string\"}}],\"inLanguage\":\"en-US\"},{\"@type\":\"Organization\",\"@id\":\"https:\\\/\\\/groupecoiff.com\\\/#organization\",\"name\":\"Groupe Coiff\",\"alternateName\":\"Groupe Coiff : Le Mobilier De Coiffure Haut de Gamme Pour Une \u00c9l\u00e9gance In\u00e9gal\u00e9e\",\"url\":\"https:\\\/\\\/groupecoiff.com\\\/\",\"logo\":{\"@type\":\"ImageObject\",\"inLanguage\":\"en-US\",\"@id\":\"https:\\\/\\\/groupecoiff.com\\\/#\\\/schema\\\/logo\\\/image\\\/\",\"url\":\"https:\\\/\\\/groupecoiff.com\\\/wp-content\\\/uploads\\\/2024\\\/01\\\/cropped-Groupe-Coiff-Logo.webp\",\"contentUrl\":\"https:\\\/\\\/groupecoiff.com\\\/wp-content\\\/uploads\\\/2024\\\/01\\\/cropped-Groupe-Coiff-Logo.webp\",\"width\":512,\"height\":512,\"caption\":\"Groupe Coiff\"},\"image\":{\"@id\":\"https:\\\/\\\/groupecoiff.com\\\/#\\\/schema\\\/logo\\\/image\\\/\"},\"sameAs\":[\"https:\\\/\\\/www.facebook.com\\\/GroupeCoiff\",\"https:\\\/\\\/x.com\\\/groupecoiff\",\"https:\\\/\\\/www.instagram.com\\\/groupecoiff\\\/\",\"https:\\\/\\\/www.tiktok.com\\\/@groupecoiff\",\"https:\\\/\\\/www.youtube.com\\\/@groupecoiff\",\"https:\\\/\\\/twitter.com\\\/groupecoiff\",\"https:\\\/\\\/www.leboncoin.fr\\\/boutique\\\/3961302\\\/groupe_coiff.htm\"],\"description\":\"D\u00e9couvrez le mobilier de coiffure haut de gamme de Groupe Coiff, alliant \u00e9l\u00e9gance et fonctionnalit\u00e9 pour sublimer votre salon et satisfaire vos clients.\",\"email\":\"contact@groupecoiff.com\",\"telephone\":\"0676951605\",\"legalName\":\"Groupe Coiff\",\"foundingDate\":\"2022-11-16\",\"vatID\":\"FR84921406419\",\"taxID\":\"92140641900025\"}]}<\/script>\n<meta property=\"product:price:amount\" content=\"749.00\" \/>\n<meta property=\"product:price:currency\" content=\"EUR\" \/>\n<meta property=\"og:availability\" content=\"instock\" \/>\n<meta property=\"product:availability\" content=\"instock\" \/>\n<meta property=\"product:condition\" content=\"new\" \/>\n<!-- \/ Yoast SEO Premium plugin. -->","yoast_head_json":{"title":"Fauteuil de Barbier Wolf Vert noir: Confort Optimal Assur\u00e9 - Groupe Coiff","description":"Offrez \u00e0 vos clients un moment de d\u00e9tente avec le fauteuil de barbier Wolf Vert noir. \u00c9l\u00e9gance et confort r\u00e9unis pour un salon r\u00e9ussi !","robots":{"index":"index","follow":"follow","max-snippet":"max-snippet:-1","max-image-preview":"max-image-preview:large","max-video-preview":"max-video-preview:-1"},"canonical":"https:\/\/groupecoiff.com\/en\/product-2\/fauteuil-de-barbier-wolf-vert-noir\/","og_locale":"en_US","og_type":"article","og_title":"Fauteuil de Barbier Wolf Vert noir","og_description":"Offrez \u00e0 vos clients un moment de d\u00e9tente avec le fauteuil de barbier Wolf Vert noir. \u00c9l\u00e9gance et confort r\u00e9unis pour un salon r\u00e9ussi !","og_url":"https:\/\/groupecoiff.com\/en\/product-2\/fauteuil-de-barbier-wolf-vert-noir\/","og_site_name":"Groupe Coiff","article_publisher":"https:\/\/www.facebook.com\/GroupeCoiff","article_modified_time":"2026-01-30T10:30:11+00:00","og_image":[{"width":600,"height":600,"url":"https:\/\/groupecoiff.com\/wp-content\/uploads\/2026\/01\/Wolf-vert-noir-2.webp","type":"image\/webp"}],"twitter_card":"summary_large_image","twitter_site":"@groupecoiff","twitter_misc":{"Price":"749,00&nbsp;&euro;","Availability":"In stock"},"schema":{"@context":"https:\/\/schema.org","@graph":[{"@type":"WebPage","@id":"https:\/\/groupecoiff.com\/produit\/fauteuil-de-barbier-wolf-vert-noir\/","url":"https:\/\/groupecoiff.com\/produit\/fauteuil-de-barbier-wolf-vert-noir\/","name":"Fauteuil de Barbier Wolf Vert noir: Confort Optimal Assur\u00e9 - Groupe Coiff","isPartOf":{"@id":"https:\/\/groupecoiff.com\/#website"},"primaryImageOfPage":{"@id":"https:\/\/groupecoiff.com\/produit\/fauteuil-de-barbier-wolf-vert-noir\/#primaryimage"},"image":{"@id":"https:\/\/groupecoiff.com\/produit\/fauteuil-de-barbier-wolf-vert-noir\/#primaryimage"},"thumbnailUrl":"https:\/\/groupecoiff.com\/wp-content\/uploads\/2026\/01\/Wolf-vert-noir-2.webp","datePublished":"2026-01-30T10:30:10+00:00","dateModified":"2026-01-30T10:30:11+00:00","description":"Offrez \u00e0 vos clients un moment de d\u00e9tente avec le fauteuil de barbier Wolf Vert noir. \u00c9l\u00e9gance et confort r\u00e9unis pour un salon r\u00e9ussi !","breadcrumb":{"@id":"https:\/\/groupecoiff.com\/produit\/fauteuil-de-barbier-wolf-vert-noir\/#breadcrumb"},"inLanguage":"en-US","potentialAction":[{"@type":"ReadAction","target":["https:\/\/groupecoiff.com\/produit\/fauteuil-de-barbier-wolf-vert-noir\/"]}]},{"@type":"ImageObject","inLanguage":"en-US","@id":"https:\/\/groupecoiff.com\/produit\/fauteuil-de-barbier-wolf-vert-noir\/#primaryimage","url":"https:\/\/groupecoiff.com\/wp-content\/uploads\/2026\/01\/Wolf-vert-noir-2.webp","contentUrl":"https:\/\/groupecoiff.com\/wp-content\/uploads\/2026\/01\/Wolf-vert-noir-2.webp","width":600,"height":600,"caption":"Fauteuil de Barbier Wolf vert noir - Fauteuil Barbier Wolf vert noir - Chaise Barbier Wolf vert noir - Fauteuil de coiffure barbier Wolf vert noir - mobilier de coiffure haut de gamme - barbershop - barber"},{"@type":"BreadcrumbList","@id":"https:\/\/groupecoiff.com\/produit\/fauteuil-de-barbier-wolf-vert-noir\/#breadcrumb","itemListElement":[{"@type":"ListItem","position":1,"name":"Accueil","item":"https:\/\/groupecoiff.com\/"},{"@type":"ListItem","position":2,"name":"Boutique","item":"https:\/\/groupecoiff.com\/boutique\/"},{"@type":"ListItem","position":3,"name":"Fauteuil de Barbier Wolf Vert noir"}]},{"@type":"WebSite","@id":"https:\/\/groupecoiff.com\/#website","url":"https:\/\/groupecoiff.com\/","name":"Coiff Group","description":"Everything for the hairdresser","publisher":{"@id":"https:\/\/groupecoiff.com\/#organization"},"potentialAction":[{"@type":"SearchAction","target":{"@type":"EntryPoint","urlTemplate":"https:\/\/groupecoiff.com\/?s={search_term_string}"},"query-input":{"@type":"PropertyValueSpecification","valueRequired":true,"valueName":"search_term_string"}}],"inLanguage":"en-US"},{"@type":"Organization","@id":"https:\/\/groupecoiff.com\/#organization","name":"Coiff Group","alternateName":"Groupe Coiff : Le Mobilier De Coiffure Haut de Gamme Pour Une \u00c9l\u00e9gance In\u00e9gal\u00e9e","url":"https:\/\/groupecoiff.com\/","logo":{"@type":"ImageObject","inLanguage":"en-US","@id":"https:\/\/groupecoiff.com\/#\/schema\/logo\/image\/","url":"https:\/\/groupecoiff.com\/wp-content\/uploads\/2024\/01\/cropped-Groupe-Coiff-Logo.webp","contentUrl":"https:\/\/groupecoiff.com\/wp-content\/uploads\/2024\/01\/cropped-Groupe-Coiff-Logo.webp","width":512,"height":512,"caption":"Groupe Coiff"},"image":{"@id":"https:\/\/groupecoiff.com\/#\/schema\/logo\/image\/"},"sameAs":["https:\/\/www.facebook.com\/GroupeCoiff","https:\/\/x.com\/groupecoiff","https:\/\/www.instagram.com\/groupecoiff\/","https:\/\/www.tiktok.com\/@groupecoiff","https:\/\/www.youtube.com\/@groupecoiff","https:\/\/twitter.com\/groupecoiff","https:\/\/www.leboncoin.fr\/boutique\/3961302\/groupe_coiff.htm"],"description":"Discover Groupe Coiff's top-of-the-range hairdressing furniture, combining elegance and functionality to enhance your salon and satisfy your customers.","email":"contact@groupecoiff.com","telephone":"0676951605","legalName":"Groupe Coiff","foundingDate":"2022-11-16","vatID":"FR84921406419","taxID":"92140641900025"}]},"product_price_amount":"749.00","product_price_currency":"EUR","og_availability":"instock","product_availability":"instock","product_condition":"new"},"jetpack_publicize_connections":[],"jetpack_likes_enabled":true,"jetpack_sharing_enabled":true,"_links":{"self":[{"href":"https:\/\/groupecoiff.com\/en\/wp-json\/wp\/v2\/product\/49150","targetHints":{"allow":["GET"]}}],"collection":[{"href":"https:\/\/groupecoiff.com\/en\/wp-json\/wp\/v2\/product"}],"about":[{"href":"https:\/\/groupecoiff.com\/en\/wp-json\/wp\/v2\/types\/product"}],"replies":[{"embeddable":true,"href":"https:\/\/groupecoiff.com\/en\/wp-json\/wp\/v2\/comments?post=49150"}],"version-history":[{"count":2,"href":"https:\/\/groupecoiff.com\/en\/wp-json\/wp\/v2\/product\/49150\/revisions"}],"predecessor-version":[{"id":49193,"href":"https:\/\/groupecoiff.com\/en\/wp-json\/wp\/v2\/product\/49150\/revisions\/49193"}],"wp:featuredmedia":[{"embeddable":true,"href":"https:\/\/groupecoiff.com\/en\/wp-json\/wp\/v2\/media\/49174"}],"wp:attachment":[{"href":"https:\/\/groupecoiff.com\/en\/wp-json\/wp\/v2\/media?parent=49150"}],"wp:term":[{"taxonomy":"product_brand","embeddable":true,"href":"https:\/\/groupecoiff.com\/en\/wp-json\/wp\/v2\/product_brand?post=49150"},{"taxonomy":"product_cat","embeddable":true,"href":"https:\/\/groupecoiff.com\/en\/wp-json\/wp\/v2\/product_cat?post=49150"},{"taxonomy":"product_tag","embeddable":true,"href":"https:\/\/groupecoiff.com\/en\/wp-json\/wp\/v2\/product_tag?post=49150"}],"curies":[{"name":"wp","href":"https:\/\/api.w.org\/{rel}","templated":true}]}}