{"id":50885,"date":"2026-03-10T06:26:14","date_gmt":"2026-03-10T05:26:14","guid":{"rendered":"https:\/\/groupecoiff.com\/?post_type=product&#038;p=50885"},"modified":"2026-03-21T08:30:29","modified_gmt":"2026-03-21T07:30:29","slug":"dolce-podo-bs-pedicure-chair","status":"publish","type":"product","link":"https:\/\/groupecoiff.com\/en\/produit\/fauteuil-de-pedicure-dolce-podo-bs\/","title":{"rendered":"Dolce Podo BS Pedicure Chair"},"content":{"rendered":"<h3>Optimize your Institute with the Dolce Podo MN Pedicure Chair<\/h3>\n<p>Visit <strong>Sweet Foot MN<\/strong> Embody the excellence of Italian furniture for wellness centers. This multifunctional armchair blends modern elegance and precision engineering to enhance your treatment room. Thus, you offer a high-end care experience to your clientele.<\/p>\n<h4>A Tortora Gray Signature Design<\/h4>\n<p>Luxury is expressed through its standard finish in <strong>Dove grey<\/strong> (Taupe Gray). This sophisticated and soothing hue is perfectly suited for modern interiors. However, complete customization is possible via the optional RAL color chart.<\/p>\n<h4>Absolute Comfort and Advanced Ergonomics<\/h4>\n<p>A high-performance hydraulic pump ensures smooth height adjustment to protect your posture. Furthermore, the backrest reclines to accommodate facial treatments or makeup application. The adjustable leg rest guarantees total stability during each technical session.<\/p>\n<h4>Maximum Versatility for Combined Care<\/h4>\n<p>This complete vanity unit integrates a round ceramic basin with a <strong>chrome faucets<\/strong> high quality. Additionally, fold-down side supports facilitate simultaneous manicures. Consequently, your workspace is optimized for increased profitability.<\/p>\n<h4>Noble Materials and Customizable Finishes<\/h4>\n<p>The base features an elegant combination of <strong>Natural oak and high-gloss white wood<\/strong>. Nevertheless, it remains available in other variations to suit your decorative desires. The robust nautical faux leather ensures exceptional longevity against intensive daily use.<\/p>\n<h4>Technical Specifications and Logistics Details<\/h4>\n<ul>\n<li><strong>Dimensions:<\/strong> Manageable footprint of 140 x 70 x 118 cm.<\/li>\n<li><strong>Equipment<\/strong> Ceramic sink and chrome faucet included as standard.<\/li>\n<li><strong>Options<\/strong> PODO care tablet and custom basic finishes.<\/li>\n<li><strong>Manufacturing<\/strong> A 1 to 4-week turnaround for certified quality.<\/li>\n<\/ul>\n<h4>A Strategic Investment for Your Spa<\/h4>\n<p>Choosing Dolce Podo MN means opting for furniture that triggers the act of purchase with its prestigious appearance. The quality of the finishes and the perceived comfort will ensure long-term customer loyalty. Ultimately, this equipment becomes the central pillar of your operational success.<\/p>","protected":false},"excerpt":{"rendered":"<div class=\"yst-label yst-radio__label yst-flex yst-flex-wrap yst-items-center\">Discover the Dolce Podo BS pedicure chair, combining comfort and modern design for your salon. Offer your clients an unforgettable experience!<\/div>","protected":false},"featured_media":50887,"comment_status":"open","ping_status":"closed","template":"","meta":{"googlesitekit_rrm_CAow0YCiDA:productID":""},"product_brand":[661],"product_cat":[52,61],"product_tag":[663,662,664],"class_list":["post-50885","product","type-product","status-publish","has-post-thumbnail","product_brand-pieruccigroup","product_cat-fauteuil-pedicure-spa","product_cat-mobilier-esthetique","product_tag-fauteuil-de-pedicure-haut-de-gamme","product_tag-fauteuil-de-pedicure-professionnel","product_tag-mobilier-et-fauteuils-de-pedicure-professionnel","first","instock","sale","taxable","shipping-taxable","purchasable","product-type-simple"],"yoast_head":"<!-- This site is optimized with the Yoast SEO Premium plugin v28.3 (Yoast SEO v28.3) - https:\/\/yoast.com\/product\/yoast-seo-premium-wordpress\/ -->\n<title>Fauteuil de p\u00e9dicure Dolce Podo BS: \u00c9l\u00e9gance et Praticit\u00e9 - Groupe Coiff<\/title>\n<meta name=\"description\" content=\"\u00c9quipez votre institut avec le fauteuil de p\u00e9dicure Dolce Podo BS. Son design raffin\u00e9 et ses fonctions pratiques s\u00e9duiront clients et esth\u00e9ticiennes!\" \/>\n<meta name=\"robots\" content=\"index, follow, max-snippet:-1, max-image-preview:large, max-video-preview:-1\" \/>\n<link rel=\"canonical\" href=\"https:\/\/groupecoiff.com\/en\/product-2\/dolce-podo-bs-pedicure-chair\/\" \/>\n<meta property=\"og:locale\" content=\"en_US\" \/>\n<meta property=\"og:type\" content=\"article\" \/>\n<meta property=\"og:title\" content=\"Fauteuil de p\u00e9dicure Dolce Podo BS\" \/>\n<meta property=\"og:description\" content=\"\u00c9quipez votre institut avec le fauteuil de p\u00e9dicure Dolce Podo BS. Son design raffin\u00e9 et ses fonctions pratiques s\u00e9duiront clients et esth\u00e9ticiennes!\" \/>\n<meta property=\"og:url\" content=\"https:\/\/groupecoiff.com\/en\/product-2\/dolce-podo-bs-pedicure-chair\/\" \/>\n<meta property=\"og:site_name\" content=\"Groupe Coiff\" \/>\n<meta property=\"article:publisher\" content=\"https:\/\/www.facebook.com\/GroupeCoiff\" \/>\n<meta property=\"article:modified_time\" content=\"2026-03-21T07:30:29+00:00\" \/>\n<meta property=\"og:image\" content=\"https:\/\/groupecoiff.com\/wp-content\/uploads\/2026\/03\/Dolce-Podo-BS-02.webp\" \/>\n\t<meta property=\"og:image:width\" content=\"650\" \/>\n\t<meta property=\"og:image:height\" content=\"650\" \/>\n\t<meta property=\"og:image:type\" content=\"image\/webp\" \/>\n<meta name=\"twitter:card\" content=\"summary_large_image\" \/>\n<meta name=\"twitter:site\" content=\"@groupecoiff\" \/>\n<meta name=\"twitter:label1\" content=\"Price\" \/>\n\t<meta name=\"twitter:data1\" content=\"2790,00&nbsp;&euro;\" \/>\n\t<meta name=\"twitter:label2\" content=\"Availability\" \/>\n\t<meta name=\"twitter:data2\" content=\"In stock\" \/>\n<script type=\"application\/ld+json\" class=\"yoast-schema-graph\">{\"@context\":\"https:\\\/\\\/schema.org\",\"@graph\":[{\"@type\":\"WebPage\",\"@id\":\"https:\\\/\\\/groupecoiff.com\\\/produit\\\/fauteuil-de-pedicure-dolce-podo-bs\\\/\",\"url\":\"https:\\\/\\\/groupecoiff.com\\\/produit\\\/fauteuil-de-pedicure-dolce-podo-bs\\\/\",\"name\":\"Fauteuil de p\u00e9dicure Dolce Podo BS: \u00c9l\u00e9gance et Praticit\u00e9 - Groupe Coiff\",\"isPartOf\":{\"@id\":\"https:\\\/\\\/groupecoiff.com\\\/#website\"},\"primaryImageOfPage\":{\"@id\":\"https:\\\/\\\/groupecoiff.com\\\/produit\\\/fauteuil-de-pedicure-dolce-podo-bs\\\/#primaryimage\"},\"image\":{\"@id\":\"https:\\\/\\\/groupecoiff.com\\\/produit\\\/fauteuil-de-pedicure-dolce-podo-bs\\\/#primaryimage\"},\"thumbnailUrl\":\"https:\\\/\\\/groupecoiff.com\\\/wp-content\\\/uploads\\\/2026\\\/03\\\/Dolce-Podo-BS-02.webp\",\"datePublished\":\"2026-03-10T05:26:14+00:00\",\"dateModified\":\"2026-03-21T07:30:29+00:00\",\"description\":\"\u00c9quipez votre institut avec le fauteuil de p\u00e9dicure Dolce Podo BS. Son design raffin\u00e9 et ses fonctions pratiques s\u00e9duiront clients et esth\u00e9ticiennes!\",\"breadcrumb\":{\"@id\":\"https:\\\/\\\/groupecoiff.com\\\/produit\\\/fauteuil-de-pedicure-dolce-podo-bs\\\/#breadcrumb\"},\"inLanguage\":\"en-US\",\"potentialAction\":[{\"@type\":\"ReadAction\",\"target\":[\"https:\\\/\\\/groupecoiff.com\\\/produit\\\/fauteuil-de-pedicure-dolce-podo-bs\\\/\"]}]},{\"@type\":\"ImageObject\",\"inLanguage\":\"en-US\",\"@id\":\"https:\\\/\\\/groupecoiff.com\\\/produit\\\/fauteuil-de-pedicure-dolce-podo-bs\\\/#primaryimage\",\"url\":\"https:\\\/\\\/groupecoiff.com\\\/wp-content\\\/uploads\\\/2026\\\/03\\\/Dolce-Podo-BS-02.webp\",\"contentUrl\":\"https:\\\/\\\/groupecoiff.com\\\/wp-content\\\/uploads\\\/2026\\\/03\\\/Dolce-Podo-BS-02.webp\",\"width\":650,\"height\":650,\"caption\":\"Fauteuil de p\u00e9dicure Dolce Podo BS - Fauteuil p\u00e9dicure professionnel - Fauteuil Spa haut de gamme - Mobilier esth\u00e9tique haut de gamme - Mobilier esth\u00e9tique professionnel - fauteuil p\u00e9dicure spa -Fauteuil de p\u00e9dicure haut de gamme\"},{\"@type\":\"BreadcrumbList\",\"@id\":\"https:\\\/\\\/groupecoiff.com\\\/produit\\\/fauteuil-de-pedicure-dolce-podo-bs\\\/#breadcrumb\",\"itemListElement\":[{\"@type\":\"ListItem\",\"position\":1,\"name\":\"Accueil\",\"item\":\"https:\\\/\\\/groupecoiff.com\\\/\"},{\"@type\":\"ListItem\",\"position\":2,\"name\":\"Boutique\",\"item\":\"https:\\\/\\\/groupecoiff.com\\\/boutique\\\/\"},{\"@type\":\"ListItem\",\"position\":3,\"name\":\"Fauteuil de p\u00e9dicure Dolce Podo BS\"}]},{\"@type\":\"WebSite\",\"@id\":\"https:\\\/\\\/groupecoiff.com\\\/#website\",\"url\":\"https:\\\/\\\/groupecoiff.com\\\/\",\"name\":\"Groupe Coiff\",\"description\":\"Tout pour la coiffure\",\"publisher\":{\"@id\":\"https:\\\/\\\/groupecoiff.com\\\/#organization\"},\"potentialAction\":[{\"@type\":\"SearchAction\",\"target\":{\"@type\":\"EntryPoint\",\"urlTemplate\":\"https:\\\/\\\/groupecoiff.com\\\/?s={search_term_string}\"},\"query-input\":{\"@type\":\"PropertyValueSpecification\",\"valueRequired\":true,\"valueName\":\"search_term_string\"}}],\"inLanguage\":\"en-US\"},{\"@type\":\"Organization\",\"@id\":\"https:\\\/\\\/groupecoiff.com\\\/#organization\",\"name\":\"Groupe Coiff\",\"alternateName\":\"Groupe Coiff : Le Mobilier De Coiffure Haut de Gamme Pour Une \u00c9l\u00e9gance In\u00e9gal\u00e9e\",\"url\":\"https:\\\/\\\/groupecoiff.com\\\/\",\"logo\":{\"@type\":\"ImageObject\",\"inLanguage\":\"en-US\",\"@id\":\"https:\\\/\\\/groupecoiff.com\\\/#\\\/schema\\\/logo\\\/image\\\/\",\"url\":\"https:\\\/\\\/groupecoiff.com\\\/wp-content\\\/uploads\\\/2024\\\/01\\\/cropped-Groupe-Coiff-Logo.webp\",\"contentUrl\":\"https:\\\/\\\/groupecoiff.com\\\/wp-content\\\/uploads\\\/2024\\\/01\\\/cropped-Groupe-Coiff-Logo.webp\",\"width\":512,\"height\":512,\"caption\":\"Groupe Coiff\"},\"image\":{\"@id\":\"https:\\\/\\\/groupecoiff.com\\\/#\\\/schema\\\/logo\\\/image\\\/\"},\"sameAs\":[\"https:\\\/\\\/www.facebook.com\\\/GroupeCoiff\",\"https:\\\/\\\/x.com\\\/groupecoiff\",\"https:\\\/\\\/www.instagram.com\\\/groupecoiff\\\/\",\"https:\\\/\\\/www.tiktok.com\\\/@groupecoiff\",\"https:\\\/\\\/www.youtube.com\\\/@groupecoiff\",\"https:\\\/\\\/twitter.com\\\/groupecoiff\",\"https:\\\/\\\/www.leboncoin.fr\\\/boutique\\\/3961302\\\/groupe_coiff.htm\"],\"description\":\"D\u00e9couvrez le mobilier de coiffure haut de gamme de Groupe Coiff, alliant \u00e9l\u00e9gance et fonctionnalit\u00e9 pour sublimer votre salon et satisfaire vos clients.\",\"email\":\"contact@groupecoiff.com\",\"telephone\":\"0676951605\",\"legalName\":\"Groupe Coiff\",\"foundingDate\":\"2022-11-16\",\"vatID\":\"FR84921406419\",\"taxID\":\"92140641900025\"}]}<\/script>\n<meta property=\"product:price:amount\" content=\"2790.00\" \/>\n<meta property=\"product:price:currency\" content=\"EUR\" \/>\n<meta property=\"og:availability\" content=\"instock\" \/>\n<meta property=\"product:availability\" content=\"instock\" \/>\n<meta property=\"product:condition\" content=\"new\" \/>\n<!-- \/ Yoast SEO Premium plugin. -->","yoast_head_json":{"title":"Dolce Podo BS Pedicure Chair: Elegance and Practicality - Groupe Coiff","description":"Equip your salon with the Dolce Podo BS pedicure chair. Its refined design and practical functions will impress clients and estheticians alike!","robots":{"index":"index","follow":"follow","max-snippet":"max-snippet:-1","max-image-preview":"max-image-preview:large","max-video-preview":"max-video-preview:-1"},"canonical":"https:\/\/groupecoiff.com\/en\/product-2\/dolce-podo-bs-pedicure-chair\/","og_locale":"en_US","og_type":"article","og_title":"Fauteuil de p\u00e9dicure Dolce Podo BS","og_description":"\u00c9quipez votre institut avec le fauteuil de p\u00e9dicure Dolce Podo BS. Son design raffin\u00e9 et ses fonctions pratiques s\u00e9duiront clients et esth\u00e9ticiennes!","og_url":"https:\/\/groupecoiff.com\/en\/product-2\/dolce-podo-bs-pedicure-chair\/","og_site_name":"Groupe Coiff","article_publisher":"https:\/\/www.facebook.com\/GroupeCoiff","article_modified_time":"2026-03-21T07:30:29+00:00","og_image":[{"width":650,"height":650,"url":"https:\/\/groupecoiff.com\/wp-content\/uploads\/2026\/03\/Dolce-Podo-BS-02.webp","type":"image\/webp"}],"twitter_card":"summary_large_image","twitter_site":"@groupecoiff","twitter_misc":{"Price":"2790,00&nbsp;&euro;","Availability":"In stock"},"schema":{"@context":"https:\/\/schema.org","@graph":[{"@type":"WebPage","@id":"https:\/\/groupecoiff.com\/produit\/fauteuil-de-pedicure-dolce-podo-bs\/","url":"https:\/\/groupecoiff.com\/produit\/fauteuil-de-pedicure-dolce-podo-bs\/","name":"Dolce Podo BS Pedicure Chair: Elegance and Practicality - Groupe Coiff","isPartOf":{"@id":"https:\/\/groupecoiff.com\/#website"},"primaryImageOfPage":{"@id":"https:\/\/groupecoiff.com\/produit\/fauteuil-de-pedicure-dolce-podo-bs\/#primaryimage"},"image":{"@id":"https:\/\/groupecoiff.com\/produit\/fauteuil-de-pedicure-dolce-podo-bs\/#primaryimage"},"thumbnailUrl":"https:\/\/groupecoiff.com\/wp-content\/uploads\/2026\/03\/Dolce-Podo-BS-02.webp","datePublished":"2026-03-10T05:26:14+00:00","dateModified":"2026-03-21T07:30:29+00:00","description":"Equip your salon with the Dolce Podo BS pedicure chair. Its refined design and practical functions will impress clients and estheticians alike!","breadcrumb":{"@id":"https:\/\/groupecoiff.com\/produit\/fauteuil-de-pedicure-dolce-podo-bs\/#breadcrumb"},"inLanguage":"en-US","potentialAction":[{"@type":"ReadAction","target":["https:\/\/groupecoiff.com\/produit\/fauteuil-de-pedicure-dolce-podo-bs\/"]}]},{"@type":"ImageObject","inLanguage":"en-US","@id":"https:\/\/groupecoiff.com\/produit\/fauteuil-de-pedicure-dolce-podo-bs\/#primaryimage","url":"https:\/\/groupecoiff.com\/wp-content\/uploads\/2026\/03\/Dolce-Podo-BS-02.webp","contentUrl":"https:\/\/groupecoiff.com\/wp-content\/uploads\/2026\/03\/Dolce-Podo-BS-02.webp","width":650,"height":650,"caption":"Fauteuil de p\u00e9dicure Dolce Podo BS - Fauteuil p\u00e9dicure professionnel - Fauteuil Spa haut de gamme - Mobilier esth\u00e9tique haut de gamme - Mobilier esth\u00e9tique professionnel - fauteuil p\u00e9dicure spa -Fauteuil de p\u00e9dicure haut de gamme"},{"@type":"BreadcrumbList","@id":"https:\/\/groupecoiff.com\/produit\/fauteuil-de-pedicure-dolce-podo-bs\/#breadcrumb","itemListElement":[{"@type":"ListItem","position":1,"name":"Accueil","item":"https:\/\/groupecoiff.com\/"},{"@type":"ListItem","position":2,"name":"Boutique","item":"https:\/\/groupecoiff.com\/boutique\/"},{"@type":"ListItem","position":3,"name":"Fauteuil de p\u00e9dicure Dolce Podo BS"}]},{"@type":"WebSite","@id":"https:\/\/groupecoiff.com\/#website","url":"https:\/\/groupecoiff.com\/","name":"Coiff Group","description":"Everything for the hairdresser","publisher":{"@id":"https:\/\/groupecoiff.com\/#organization"},"potentialAction":[{"@type":"SearchAction","target":{"@type":"EntryPoint","urlTemplate":"https:\/\/groupecoiff.com\/?s={search_term_string}"},"query-input":{"@type":"PropertyValueSpecification","valueRequired":true,"valueName":"search_term_string"}}],"inLanguage":"en-US"},{"@type":"Organization","@id":"https:\/\/groupecoiff.com\/#organization","name":"Coiff Group","alternateName":"Groupe Coiff : Le Mobilier De Coiffure Haut de Gamme Pour Une \u00c9l\u00e9gance In\u00e9gal\u00e9e","url":"https:\/\/groupecoiff.com\/","logo":{"@type":"ImageObject","inLanguage":"en-US","@id":"https:\/\/groupecoiff.com\/#\/schema\/logo\/image\/","url":"https:\/\/groupecoiff.com\/wp-content\/uploads\/2024\/01\/cropped-Groupe-Coiff-Logo.webp","contentUrl":"https:\/\/groupecoiff.com\/wp-content\/uploads\/2024\/01\/cropped-Groupe-Coiff-Logo.webp","width":512,"height":512,"caption":"Groupe Coiff"},"image":{"@id":"https:\/\/groupecoiff.com\/#\/schema\/logo\/image\/"},"sameAs":["https:\/\/www.facebook.com\/GroupeCoiff","https:\/\/x.com\/groupecoiff","https:\/\/www.instagram.com\/groupecoiff\/","https:\/\/www.tiktok.com\/@groupecoiff","https:\/\/www.youtube.com\/@groupecoiff","https:\/\/twitter.com\/groupecoiff","https:\/\/www.leboncoin.fr\/boutique\/3961302\/groupe_coiff.htm"],"description":"Discover Groupe Coiff's top-of-the-range hairdressing furniture, combining elegance and functionality to enhance your salon and satisfy your customers.","email":"contact@groupecoiff.com","telephone":"0676951605","legalName":"Groupe Coiff","foundingDate":"2022-11-16","vatID":"FR84921406419","taxID":"92140641900025"}]},"product_price_amount":"2790.00","product_price_currency":"EUR","og_availability":"instock","product_availability":"instock","product_condition":"new"},"_links":{"self":[{"href":"https:\/\/groupecoiff.com\/en\/wp-json\/wp\/v2\/product\/50885","targetHints":{"allow":["GET"]}}],"collection":[{"href":"https:\/\/groupecoiff.com\/en\/wp-json\/wp\/v2\/product"}],"about":[{"href":"https:\/\/groupecoiff.com\/en\/wp-json\/wp\/v2\/types\/product"}],"replies":[{"embeddable":true,"href":"https:\/\/groupecoiff.com\/en\/wp-json\/wp\/v2\/comments?post=50885"}],"version-history":[{"count":3,"href":"https:\/\/groupecoiff.com\/en\/wp-json\/wp\/v2\/product\/50885\/revisions"}],"predecessor-version":[{"id":51419,"href":"https:\/\/groupecoiff.com\/en\/wp-json\/wp\/v2\/product\/50885\/revisions\/51419"}],"wp:featuredmedia":[{"embeddable":true,"href":"https:\/\/groupecoiff.com\/en\/wp-json\/wp\/v2\/media\/50887"}],"wp:attachment":[{"href":"https:\/\/groupecoiff.com\/en\/wp-json\/wp\/v2\/media?parent=50885"}],"wp:term":[{"taxonomy":"product_brand","embeddable":true,"href":"https:\/\/groupecoiff.com\/en\/wp-json\/wp\/v2\/product_brand?post=50885"},{"taxonomy":"product_cat","embeddable":true,"href":"https:\/\/groupecoiff.com\/en\/wp-json\/wp\/v2\/product_cat?post=50885"},{"taxonomy":"product_tag","embeddable":true,"href":"https:\/\/groupecoiff.com\/en\/wp-json\/wp\/v2\/product_tag?post=50885"}],"curies":[{"name":"wp","href":"https:\/\/api.w.org\/{rel}","templated":true}]}}