{"id":52115,"date":"2026-04-11T18:06:32","date_gmt":"2026-04-11T16:06:32","guid":{"rendered":"https:\/\/groupecoiff.com\/?post_type=product&#038;p=52115"},"modified":"2026-04-11T18:06:33","modified_gmt":"2026-04-11T16:06:33","slug":"fauteuil-de-barbier-maximus","status":"publish","type":"product","link":"https:\/\/groupecoiff.com\/en\/produit\/fauteuil-de-barbier-maximus\/","title":{"rendered":"Fauteuil de barbier Maximus"},"content":{"rendered":"<h3>Fauteuil barbier Maximus : design premium, confort et performance professionnelle<\/h3>\n<p>Le fauteuil de barbier Maximus valorise imm\u00e9diatement votre salon. Son cadre noir mat apporte un style moderne et \u00e9l\u00e9gant. Il est aussi disponible en 5 coloris de rev\u00eatement pour s\u2019adapter \u00e0 tous les univers professionnels.<\/p>\n<h4>Un style professionnel pens\u00e9 pour durer<\/h4>\n<p>Ce fauteuil de coiffure pour homme combine design et solidit\u00e9. Sa structure renforc\u00e9e garantit une excellente stabilit\u00e9. Ainsi, il est adapt\u00e9 \u00e0 un usage intensif en barbershop et salon de coiffure.<\/p>\n<h4>Confort sup\u00e9rieur pour chaque prestation<\/h4>\n<p>Le rembourrage haute densit\u00e9 assure un confort optimal. De plus, le dossier inclinable et le repose-pieds r\u00e9glable am\u00e9liorent chaque service. L\u2019appui-t\u00eate permet un maintien pr\u00e9cis pendant les prestations longues.<\/p>\n<h4>Performance hydraulique et robustesse<\/h4>\n<p>Ce fauteuil barbier professionnel dispose d\u2019un syst\u00e8me hydraulique fiable avec une amplitude d\u2019environ 14 cm. Il supporte jusqu\u2019\u00e0 200 kg. Le rev\u00eatement PVC est r\u00e9sistant et facile \u00e0 entretenir.<\/p>\n<h4>Technical specifications<\/h4>\n<ul>\n<li>Structure : acier noir mat<\/li>\n<li>Rev\u00eatement : cuir PVC r\u00e9sistant<\/li>\n<li>Rembourrage : mousse haute densit\u00e9<\/li>\n<li>R\u00e9glage hauteur : hydraulique (\u2248 14 cm)<\/li>\n<li>Charge max : 200 kg<\/li>\n<li>Dimensions : 131 (162) \u00d7 71 \u00d7 113 (127) cm<\/li>\n<li>Coloris : noir, vert, bleu, orange, violet<\/li>\n<\/ul>\n<h4>Les avantages du Maximus<\/h4>\n<p>Le fauteuil Maximus am\u00e9liore l\u2019image de votre salon. Il offre confort, stabilit\u00e9 et durabilit\u00e9. Ainsi, il optimise l\u2019exp\u00e9rience client et renforce votre positionnement professionnel.<\/p>","protected":false},"excerpt":{"rendered":"<p>D\u00e9couvrez le confort et la modernit\u00e9 avec le fauteuil de barbier Maximus. Personnalisez-le avec l&rsquo;une de ses cinq couleurs disponibles! \ud83c\udfa8<\/p>","protected":false},"featured_media":52118,"comment_status":"open","ping_status":"closed","template":"","meta":{"googlesitekit_rrm_CAow0YCiDA:productID":"","jetpack_post_was_ever_published":false,"jetpack_publicize_message":"","jetpack_publicize_feature_enabled":true,"jetpack_social_post_already_shared":true,"jetpack_social_options":{"image_generator_settings":{"template":"highway","default_image_id":0,"font":"","enabled":false},"version":2}},"product_brand":[671],"product_cat":[51,313],"product_tag":[452,123,324,125],"class_list":{"0":"post-52115","1":"product","2":"type-product","3":"status-publish","4":"has-post-thumbnail","6":"product_brand-ditapro","7":"product_cat-fauteuil-de-barbier-professionnel","8":"product_cat-meuble-de-coiffure","9":"product_tag-barbershop","10":"product_tag-fauteuil-de-barbier","11":"product_tag-meuble-de-coiffure-professionnel","12":"product_tag-salon-de-coiffure","14":"first","15":"instock","16":"sale","17":"featured","18":"taxable","19":"shipping-taxable","20":"purchasable","21":"product-type-simple"},"yoast_head":"<!-- This site is optimized with the Yoast SEO Premium plugin v27.4 (Yoast SEO v27.4) - https:\/\/yoast.com\/product\/yoast-seo-premium-wordpress\/ -->\n<title>Fauteuil de barbier Maximus: Design robuste et styl\u00e9 - Groupe Coiff<\/title>\n<meta name=\"description\" content=\"Le fauteuil de barbier Maximus allie design chic et solidit\u00e9. Offrez \u00e0 vos clients une exp\u00e9rience de coiffure inoubliable dans votre salon!\" \/>\n<meta name=\"robots\" content=\"index, follow, max-snippet:-1, max-image-preview:large, max-video-preview:-1\" \/>\n<link rel=\"canonical\" href=\"https:\/\/groupecoiff.com\/en\/product-2\/fauteuil-de-barbier-maximus\/\" \/>\n<meta property=\"og:locale\" content=\"en_US\" \/>\n<meta property=\"og:type\" content=\"article\" \/>\n<meta property=\"og:title\" content=\"Fauteuil de barbier Maximus\" \/>\n<meta property=\"og:description\" content=\"Le fauteuil de barbier Maximus allie design chic et solidit\u00e9. Offrez \u00e0 vos clients une exp\u00e9rience de coiffure inoubliable dans votre salon!\" \/>\n<meta property=\"og:url\" content=\"https:\/\/groupecoiff.com\/en\/product-2\/fauteuil-de-barbier-maximus\/\" \/>\n<meta property=\"og:site_name\" content=\"Groupe Coiff\" \/>\n<meta property=\"article:publisher\" content=\"https:\/\/www.facebook.com\/GroupeCoiff\" \/>\n<meta property=\"article:modified_time\" content=\"2026-04-11T16:06:33+00:00\" \/>\n<meta property=\"og:image\" content=\"https:\/\/groupecoiff.com\/wp-content\/uploads\/2026\/04\/Maximus-3.webp\" \/>\n\t<meta property=\"og:image:width\" content=\"650\" \/>\n\t<meta property=\"og:image:height\" content=\"650\" \/>\n\t<meta property=\"og:image:type\" content=\"image\/webp\" \/>\n<meta name=\"twitter:card\" content=\"summary_large_image\" \/>\n<meta name=\"twitter:site\" content=\"@groupecoiff\" \/>\n<meta name=\"twitter:label1\" content=\"Price\" \/>\n\t<meta name=\"twitter:data1\" content=\"849,00&nbsp;&euro;\" \/>\n\t<meta name=\"twitter:label2\" content=\"Availability\" \/>\n\t<meta name=\"twitter:data2\" content=\"In stock\" \/>\n<script type=\"application\/ld+json\" class=\"yoast-schema-graph\">{\"@context\":\"https:\\\/\\\/schema.org\",\"@graph\":[{\"@type\":\"WebPage\",\"@id\":\"https:\\\/\\\/groupecoiff.com\\\/produit\\\/fauteuil-de-barbier-maximus\\\/\",\"url\":\"https:\\\/\\\/groupecoiff.com\\\/produit\\\/fauteuil-de-barbier-maximus\\\/\",\"name\":\"Fauteuil de barbier Maximus: Design robuste et styl\u00e9 - Groupe Coiff\",\"isPartOf\":{\"@id\":\"https:\\\/\\\/groupecoiff.com\\\/#website\"},\"primaryImageOfPage\":{\"@id\":\"https:\\\/\\\/groupecoiff.com\\\/produit\\\/fauteuil-de-barbier-maximus\\\/#primaryimage\"},\"image\":{\"@id\":\"https:\\\/\\\/groupecoiff.com\\\/produit\\\/fauteuil-de-barbier-maximus\\\/#primaryimage\"},\"thumbnailUrl\":\"https:\\\/\\\/groupecoiff.com\\\/wp-content\\\/uploads\\\/2026\\\/04\\\/Maximus-3.webp\",\"datePublished\":\"2026-04-11T16:06:32+00:00\",\"dateModified\":\"2026-04-11T16:06:33+00:00\",\"description\":\"Le fauteuil de barbier Maximus allie design chic et solidit\u00e9. Offrez \u00e0 vos clients une exp\u00e9rience de coiffure inoubliable dans votre salon!\",\"breadcrumb\":{\"@id\":\"https:\\\/\\\/groupecoiff.com\\\/produit\\\/fauteuil-de-barbier-maximus\\\/#breadcrumb\"},\"inLanguage\":\"en-US\",\"potentialAction\":[{\"@type\":\"ReadAction\",\"target\":[\"https:\\\/\\\/groupecoiff.com\\\/produit\\\/fauteuil-de-barbier-maximus\\\/\"]}]},{\"@type\":\"ImageObject\",\"inLanguage\":\"en-US\",\"@id\":\"https:\\\/\\\/groupecoiff.com\\\/produit\\\/fauteuil-de-barbier-maximus\\\/#primaryimage\",\"url\":\"https:\\\/\\\/groupecoiff.com\\\/wp-content\\\/uploads\\\/2026\\\/04\\\/Maximus-3.webp\",\"contentUrl\":\"https:\\\/\\\/groupecoiff.com\\\/wp-content\\\/uploads\\\/2026\\\/04\\\/Maximus-3.webp\",\"width\":650,\"height\":650,\"caption\":\"Fauteuil de barbier Maximus - chaise de Barbier Maximus - Fauteuil de coiffure pour homme - chaise de coiffure vintage - mobilier de barbier professionnel - barbershop - si\u00e8ge barber\"},{\"@type\":\"BreadcrumbList\",\"@id\":\"https:\\\/\\\/groupecoiff.com\\\/produit\\\/fauteuil-de-barbier-maximus\\\/#breadcrumb\",\"itemListElement\":[{\"@type\":\"ListItem\",\"position\":1,\"name\":\"Accueil\",\"item\":\"https:\\\/\\\/groupecoiff.com\\\/\"},{\"@type\":\"ListItem\",\"position\":2,\"name\":\"Boutique\",\"item\":\"https:\\\/\\\/groupecoiff.com\\\/boutique\\\/\"},{\"@type\":\"ListItem\",\"position\":3,\"name\":\"Fauteuil de barbier Maximus\"}]},{\"@type\":\"WebSite\",\"@id\":\"https:\\\/\\\/groupecoiff.com\\\/#website\",\"url\":\"https:\\\/\\\/groupecoiff.com\\\/\",\"name\":\"Groupe Coiff\",\"description\":\"Tout pour la coiffure\",\"publisher\":{\"@id\":\"https:\\\/\\\/groupecoiff.com\\\/#organization\"},\"potentialAction\":[{\"@type\":\"SearchAction\",\"target\":{\"@type\":\"EntryPoint\",\"urlTemplate\":\"https:\\\/\\\/groupecoiff.com\\\/?s={search_term_string}\"},\"query-input\":{\"@type\":\"PropertyValueSpecification\",\"valueRequired\":true,\"valueName\":\"search_term_string\"}}],\"inLanguage\":\"en-US\"},{\"@type\":\"Organization\",\"@id\":\"https:\\\/\\\/groupecoiff.com\\\/#organization\",\"name\":\"Groupe Coiff\",\"alternateName\":\"Groupe Coiff : Le Mobilier De Coiffure Haut de Gamme Pour Une \u00c9l\u00e9gance In\u00e9gal\u00e9e\",\"url\":\"https:\\\/\\\/groupecoiff.com\\\/\",\"logo\":{\"@type\":\"ImageObject\",\"inLanguage\":\"en-US\",\"@id\":\"https:\\\/\\\/groupecoiff.com\\\/#\\\/schema\\\/logo\\\/image\\\/\",\"url\":\"https:\\\/\\\/groupecoiff.com\\\/wp-content\\\/uploads\\\/2024\\\/01\\\/cropped-Groupe-Coiff-Logo.webp\",\"contentUrl\":\"https:\\\/\\\/groupecoiff.com\\\/wp-content\\\/uploads\\\/2024\\\/01\\\/cropped-Groupe-Coiff-Logo.webp\",\"width\":512,\"height\":512,\"caption\":\"Groupe Coiff\"},\"image\":{\"@id\":\"https:\\\/\\\/groupecoiff.com\\\/#\\\/schema\\\/logo\\\/image\\\/\"},\"sameAs\":[\"https:\\\/\\\/www.facebook.com\\\/GroupeCoiff\",\"https:\\\/\\\/x.com\\\/groupecoiff\",\"https:\\\/\\\/www.instagram.com\\\/groupecoiff\\\/\",\"https:\\\/\\\/www.tiktok.com\\\/@groupecoiff\",\"https:\\\/\\\/www.youtube.com\\\/@groupecoiff\",\"https:\\\/\\\/twitter.com\\\/groupecoiff\",\"https:\\\/\\\/www.leboncoin.fr\\\/boutique\\\/3961302\\\/groupe_coiff.htm\"],\"description\":\"D\u00e9couvrez le mobilier de coiffure haut de gamme de Groupe Coiff, alliant \u00e9l\u00e9gance et fonctionnalit\u00e9 pour sublimer votre salon et satisfaire vos clients.\",\"email\":\"contact@groupecoiff.com\",\"telephone\":\"0676951605\",\"legalName\":\"Groupe Coiff\",\"foundingDate\":\"2022-11-16\",\"vatID\":\"FR84921406419\",\"taxID\":\"92140641900025\"}]}<\/script>\n<meta property=\"product:price:amount\" content=\"849.00\" \/>\n<meta property=\"product:price:currency\" content=\"EUR\" \/>\n<meta property=\"og:availability\" content=\"instock\" \/>\n<meta property=\"product:availability\" content=\"instock\" \/>\n<meta property=\"product:condition\" content=\"new\" \/>\n<!-- \/ Yoast SEO Premium plugin. -->","yoast_head_json":{"title":"Fauteuil de barbier Maximus: Design robuste et styl\u00e9 - Groupe Coiff","description":"Le fauteuil de barbier Maximus allie design chic et solidit\u00e9. Offrez \u00e0 vos clients une exp\u00e9rience de coiffure inoubliable dans votre salon!","robots":{"index":"index","follow":"follow","max-snippet":"max-snippet:-1","max-image-preview":"max-image-preview:large","max-video-preview":"max-video-preview:-1"},"canonical":"https:\/\/groupecoiff.com\/en\/product-2\/fauteuil-de-barbier-maximus\/","og_locale":"en_US","og_type":"article","og_title":"Fauteuil de barbier Maximus","og_description":"Le fauteuil de barbier Maximus allie design chic et solidit\u00e9. Offrez \u00e0 vos clients une exp\u00e9rience de coiffure inoubliable dans votre salon!","og_url":"https:\/\/groupecoiff.com\/en\/product-2\/fauteuil-de-barbier-maximus\/","og_site_name":"Groupe Coiff","article_publisher":"https:\/\/www.facebook.com\/GroupeCoiff","article_modified_time":"2026-04-11T16:06:33+00:00","og_image":[{"width":650,"height":650,"url":"https:\/\/groupecoiff.com\/wp-content\/uploads\/2026\/04\/Maximus-3.webp","type":"image\/webp"}],"twitter_card":"summary_large_image","twitter_site":"@groupecoiff","twitter_misc":{"Price":"849,00&nbsp;&euro;","Availability":"In stock"},"schema":{"@context":"https:\/\/schema.org","@graph":[{"@type":"WebPage","@id":"https:\/\/groupecoiff.com\/produit\/fauteuil-de-barbier-maximus\/","url":"https:\/\/groupecoiff.com\/produit\/fauteuil-de-barbier-maximus\/","name":"Fauteuil de barbier Maximus: Design robuste et styl\u00e9 - Groupe Coiff","isPartOf":{"@id":"https:\/\/groupecoiff.com\/#website"},"primaryImageOfPage":{"@id":"https:\/\/groupecoiff.com\/produit\/fauteuil-de-barbier-maximus\/#primaryimage"},"image":{"@id":"https:\/\/groupecoiff.com\/produit\/fauteuil-de-barbier-maximus\/#primaryimage"},"thumbnailUrl":"https:\/\/groupecoiff.com\/wp-content\/uploads\/2026\/04\/Maximus-3.webp","datePublished":"2026-04-11T16:06:32+00:00","dateModified":"2026-04-11T16:06:33+00:00","description":"Le fauteuil de barbier Maximus allie design chic et solidit\u00e9. Offrez \u00e0 vos clients une exp\u00e9rience de coiffure inoubliable dans votre salon!","breadcrumb":{"@id":"https:\/\/groupecoiff.com\/produit\/fauteuil-de-barbier-maximus\/#breadcrumb"},"inLanguage":"en-US","potentialAction":[{"@type":"ReadAction","target":["https:\/\/groupecoiff.com\/produit\/fauteuil-de-barbier-maximus\/"]}]},{"@type":"ImageObject","inLanguage":"en-US","@id":"https:\/\/groupecoiff.com\/produit\/fauteuil-de-barbier-maximus\/#primaryimage","url":"https:\/\/groupecoiff.com\/wp-content\/uploads\/2026\/04\/Maximus-3.webp","contentUrl":"https:\/\/groupecoiff.com\/wp-content\/uploads\/2026\/04\/Maximus-3.webp","width":650,"height":650,"caption":"Fauteuil de barbier Maximus - chaise de Barbier Maximus - Fauteuil de coiffure pour homme - chaise de coiffure vintage - mobilier de barbier professionnel - barbershop - si\u00e8ge barber"},{"@type":"BreadcrumbList","@id":"https:\/\/groupecoiff.com\/produit\/fauteuil-de-barbier-maximus\/#breadcrumb","itemListElement":[{"@type":"ListItem","position":1,"name":"Accueil","item":"https:\/\/groupecoiff.com\/"},{"@type":"ListItem","position":2,"name":"Boutique","item":"https:\/\/groupecoiff.com\/boutique\/"},{"@type":"ListItem","position":3,"name":"Fauteuil de barbier Maximus"}]},{"@type":"WebSite","@id":"https:\/\/groupecoiff.com\/#website","url":"https:\/\/groupecoiff.com\/","name":"Coiff Group","description":"Everything for the hairdresser","publisher":{"@id":"https:\/\/groupecoiff.com\/#organization"},"potentialAction":[{"@type":"SearchAction","target":{"@type":"EntryPoint","urlTemplate":"https:\/\/groupecoiff.com\/?s={search_term_string}"},"query-input":{"@type":"PropertyValueSpecification","valueRequired":true,"valueName":"search_term_string"}}],"inLanguage":"en-US"},{"@type":"Organization","@id":"https:\/\/groupecoiff.com\/#organization","name":"Coiff Group","alternateName":"Groupe Coiff : Le Mobilier De Coiffure Haut de Gamme Pour Une \u00c9l\u00e9gance In\u00e9gal\u00e9e","url":"https:\/\/groupecoiff.com\/","logo":{"@type":"ImageObject","inLanguage":"en-US","@id":"https:\/\/groupecoiff.com\/#\/schema\/logo\/image\/","url":"https:\/\/groupecoiff.com\/wp-content\/uploads\/2024\/01\/cropped-Groupe-Coiff-Logo.webp","contentUrl":"https:\/\/groupecoiff.com\/wp-content\/uploads\/2024\/01\/cropped-Groupe-Coiff-Logo.webp","width":512,"height":512,"caption":"Groupe Coiff"},"image":{"@id":"https:\/\/groupecoiff.com\/#\/schema\/logo\/image\/"},"sameAs":["https:\/\/www.facebook.com\/GroupeCoiff","https:\/\/x.com\/groupecoiff","https:\/\/www.instagram.com\/groupecoiff\/","https:\/\/www.tiktok.com\/@groupecoiff","https:\/\/www.youtube.com\/@groupecoiff","https:\/\/twitter.com\/groupecoiff","https:\/\/www.leboncoin.fr\/boutique\/3961302\/groupe_coiff.htm"],"description":"Discover Groupe Coiff's top-of-the-range hairdressing furniture, combining elegance and functionality to enhance your salon and satisfy your customers.","email":"contact@groupecoiff.com","telephone":"0676951605","legalName":"Groupe Coiff","foundingDate":"2022-11-16","vatID":"FR84921406419","taxID":"92140641900025"}]},"product_price_amount":"849.00","product_price_currency":"EUR","og_availability":"instock","product_availability":"instock","product_condition":"new"},"jetpack_publicize_connections":[],"jetpack_likes_enabled":true,"jetpack_sharing_enabled":true,"_links":{"self":[{"href":"https:\/\/groupecoiff.com\/en\/wp-json\/wp\/v2\/product\/52115","targetHints":{"allow":["GET"]}}],"collection":[{"href":"https:\/\/groupecoiff.com\/en\/wp-json\/wp\/v2\/product"}],"about":[{"href":"https:\/\/groupecoiff.com\/en\/wp-json\/wp\/v2\/types\/product"}],"replies":[{"embeddable":true,"href":"https:\/\/groupecoiff.com\/en\/wp-json\/wp\/v2\/comments?post=52115"}],"version-history":[{"count":1,"href":"https:\/\/groupecoiff.com\/en\/wp-json\/wp\/v2\/product\/52115\/revisions"}],"predecessor-version":[{"id":52136,"href":"https:\/\/groupecoiff.com\/en\/wp-json\/wp\/v2\/product\/52115\/revisions\/52136"}],"wp:featuredmedia":[{"embeddable":true,"href":"https:\/\/groupecoiff.com\/en\/wp-json\/wp\/v2\/media\/52118"}],"wp:attachment":[{"href":"https:\/\/groupecoiff.com\/en\/wp-json\/wp\/v2\/media?parent=52115"}],"wp:term":[{"taxonomy":"product_brand","embeddable":true,"href":"https:\/\/groupecoiff.com\/en\/wp-json\/wp\/v2\/product_brand?post=52115"},{"taxonomy":"product_cat","embeddable":true,"href":"https:\/\/groupecoiff.com\/en\/wp-json\/wp\/v2\/product_cat?post=52115"},{"taxonomy":"product_tag","embeddable":true,"href":"https:\/\/groupecoiff.com\/en\/wp-json\/wp\/v2\/product_tag?post=52115"}],"curies":[{"name":"wp","href":"https:\/\/api.w.org\/{rel}","templated":true}]}}