{"id":52264,"date":"2026-04-18T19:30:37","date_gmt":"2026-04-18T17:30:37","guid":{"rendered":"https:\/\/groupecoiff.com\/?post_type=product&#038;p=52264"},"modified":"2026-06-23T13:18:21","modified_gmt":"2026-06-23T11:18:21","slug":"pedicure-chair-oriana","status":"publish","type":"product","link":"https:\/\/groupecoiff.com\/en\/produit\/fauteuil-de-pedicure-oriana\/","title":{"rendered":"Oriana pedicure chair"},"content":{"rendered":"<h3>Oriana Pedicure Chair: Premium Comfort for Beauty and Wellness Salons<\/h3>\n<p>The Oriana pedicure chair is designed to optimize your treatments while enhancing your beauty and wellness salon. Its modern design immediately catches the eye. This will improve the client experience and strengthen your professional image.<\/p>\n<h4>Precise ergonomics for effective care<\/h4>\n<p>Thanks to its 360\u00b0 rotation, work becomes fluid and precise. Furthermore, the adjustable footrest adapts to each client. Therefore, you gain comfort and efficiency during pedicure and nail care.<\/p>\n<h4>Elegant design and wide choice of finishes<\/h4>\n<p>The Oriana armchair fits perfectly into a modern space. Indeed, the high-end upholstery offers a vast palette of colors. You have Dove Grey leather, navy blue, terracotta fabric, or a wide choice via the RAL color chart.<\/p>\n<h4>Practical features and optimal hygiene<\/h4>\n<p>This armchair is designed for intensive use in an institute. Indeed, its resistant materials ensure easy and durable hygiene. Thus, you work in optimal professional conditions every day.<\/p>\n<ul>\n<li>360\u00b0 rotation for full access<\/li>\n<li>Removable basin for foot care<\/li>\n<li>Professional-grade coating<\/li>\n<li>Optional Plexiglas tablet for accessories and nail polish<\/li>\n<\/ul>\n<h4>Technical specifications<\/h4>\n<p>High-end Italian fabrication ensuring robustness and durability. Stable structure suitable for intensive use. Dimensions: approximately 80 cm width and 140 cm depth. Available with complete plumbing or without plumbing according to your needs.<\/p>\n<ul>\n<li>Version with plumbing: ceramic basin, faucet, and integrated drainage system<\/li>\n<li>Version without plumbing: PVC tank to be filled manually<\/li>\n<\/ul>\n<h4>A strategic investment for your institute<\/h4>\n<p>This professional pedicure chair enhances your image and customer satisfaction. Indeed, perceived comfort plays a direct role in customer loyalty. Thus, you increase the value of your services and your profitability.<\/p>\n<p><strong>Manufacturing lead time<\/strong> 1 to 4 weeks. Order now and transform every treatment into a premium experience.<\/p>","protected":false},"excerpt":{"rendered":"<div class=\"yst-label yst-radio__label yst-flex yst-flex-wrap yst-items-center\">Enhance your professional image with the Oriana pedicure chair. Contemporary design and unmatched comfort for every client!<\/div>","protected":false},"featured_media":52287,"comment_status":"open","ping_status":"closed","template":"","meta":{"googlesitekit_rrm_CAow0YCiDA:productID":""},"product_brand":[661],"product_cat":[52,61],"product_tag":[663,662,664],"class_list":["post-52264","product","type-product","status-publish","has-post-thumbnail","product_brand-pieruccigroup","product_cat-fauteuil-pedicure-spa","product_cat-mobilier-esthetique","product_tag-fauteuil-de-pedicure-haut-de-gamme","product_tag-fauteuil-de-pedicure-professionnel","product_tag-mobilier-et-fauteuils-de-pedicure-professionnel","first","instock","sale","taxable","shipping-taxable","purchasable","product-type-simple"],"yoast_head":"<!-- This site is optimized with the Yoast SEO Premium plugin v28.3 (Yoast SEO v28.3) - https:\/\/yoast.com\/product\/yoast-seo-premium-wordpress\/ -->\n<title>Fauteuil de p\u00e9dicure Oriana : Design moderne et professionnel - Groupe Coiff<\/title>\n<meta name=\"description\" content=\"Am\u00e9liorez votre institut avec le fauteuil de p\u00e9dicure Oriana, alliant confort et esth\u00e9tique. Privil\u00e9giez le bien-\u00eatre de vos clients d\u00e8s aujourd&#039;hui ! \u2728\" \/>\n<meta name=\"robots\" content=\"index, follow, max-snippet:-1, max-image-preview:large, max-video-preview:-1\" \/>\n<link rel=\"canonical\" href=\"https:\/\/groupecoiff.com\/en\/product-2\/pedicure-chair-oriana\/\" \/>\n<meta property=\"og:locale\" content=\"en_US\" \/>\n<meta property=\"og:type\" content=\"article\" \/>\n<meta property=\"og:title\" content=\"Fauteuil de p\u00e9dicure Oriana\" \/>\n<meta property=\"og:description\" content=\"Am\u00e9liorez votre institut avec le fauteuil de p\u00e9dicure Oriana, alliant confort et esth\u00e9tique. Privil\u00e9giez le bien-\u00eatre de vos clients d\u00e8s aujourd&#039;hui ! \u2728\" \/>\n<meta property=\"og:url\" content=\"https:\/\/groupecoiff.com\/en\/product-2\/pedicure-chair-oriana\/\" \/>\n<meta property=\"og:site_name\" content=\"Groupe Coiff\" \/>\n<meta property=\"article:publisher\" content=\"https:\/\/www.facebook.com\/GroupeCoiff\" \/>\n<meta property=\"article:modified_time\" content=\"2026-06-23T11:18:21+00:00\" \/>\n<meta property=\"og:image\" content=\"https:\/\/groupecoiff.com\/wp-content\/uploads\/2026\/04\/Oriana-1.webp\" \/>\n\t<meta property=\"og:image:width\" content=\"650\" \/>\n\t<meta property=\"og:image:height\" content=\"650\" \/>\n\t<meta property=\"og:image:type\" content=\"image\/webp\" \/>\n<meta name=\"twitter:card\" content=\"summary_large_image\" \/>\n<meta name=\"twitter:site\" content=\"@groupecoiff\" \/>\n<meta name=\"twitter:label1\" content=\"Price\" \/>\n\t<meta name=\"twitter:data1\" content=\"2290,00&nbsp;&euro;\" \/>\n\t<meta name=\"twitter:label2\" content=\"Availability\" \/>\n\t<meta name=\"twitter:data2\" content=\"In stock\" \/>\n<script type=\"application\/ld+json\" class=\"yoast-schema-graph\">{\"@context\":\"https:\\\/\\\/schema.org\",\"@graph\":[{\"@type\":\"WebPage\",\"@id\":\"https:\\\/\\\/groupecoiff.com\\\/produit\\\/fauteuil-de-pedicure-oriana\\\/\",\"url\":\"https:\\\/\\\/groupecoiff.com\\\/produit\\\/fauteuil-de-pedicure-oriana\\\/\",\"name\":\"Fauteuil de p\u00e9dicure Oriana : Design moderne et professionnel - Groupe Coiff\",\"isPartOf\":{\"@id\":\"https:\\\/\\\/groupecoiff.com\\\/#website\"},\"primaryImageOfPage\":{\"@id\":\"https:\\\/\\\/groupecoiff.com\\\/produit\\\/fauteuil-de-pedicure-oriana\\\/#primaryimage\"},\"image\":{\"@id\":\"https:\\\/\\\/groupecoiff.com\\\/produit\\\/fauteuil-de-pedicure-oriana\\\/#primaryimage\"},\"thumbnailUrl\":\"https:\\\/\\\/groupecoiff.com\\\/wp-content\\\/uploads\\\/2026\\\/04\\\/Oriana-1.webp\",\"datePublished\":\"2026-04-18T17:30:37+00:00\",\"dateModified\":\"2026-06-23T11:18:21+00:00\",\"description\":\"Am\u00e9liorez votre institut avec le fauteuil de p\u00e9dicure Oriana, alliant confort et esth\u00e9tique. Privil\u00e9giez le bien-\u00eatre de vos clients d\u00e8s aujourd'hui ! \u2728\",\"breadcrumb\":{\"@id\":\"https:\\\/\\\/groupecoiff.com\\\/produit\\\/fauteuil-de-pedicure-oriana\\\/#breadcrumb\"},\"inLanguage\":\"en-US\",\"potentialAction\":[{\"@type\":\"ReadAction\",\"target\":[\"https:\\\/\\\/groupecoiff.com\\\/produit\\\/fauteuil-de-pedicure-oriana\\\/\"]}]},{\"@type\":\"ImageObject\",\"inLanguage\":\"en-US\",\"@id\":\"https:\\\/\\\/groupecoiff.com\\\/produit\\\/fauteuil-de-pedicure-oriana\\\/#primaryimage\",\"url\":\"https:\\\/\\\/groupecoiff.com\\\/wp-content\\\/uploads\\\/2026\\\/04\\\/Oriana-1.webp\",\"contentUrl\":\"https:\\\/\\\/groupecoiff.com\\\/wp-content\\\/uploads\\\/2026\\\/04\\\/Oriana-1.webp\",\"width\":650,\"height\":650,\"caption\":\"Fauteuil de p\u00e9dicure Oriana - Fauteuil p\u00e9dicure professionnel - Fauteuil Spa haut de gamme - Mobilier esth\u00e9tique haut de gamme - Mobilier esth\u00e9tique professionnel - fauteuil p\u00e9dicure spa -Fauteuil de p\u00e9dicure haut de gamme - groupe coiff\"},{\"@type\":\"BreadcrumbList\",\"@id\":\"https:\\\/\\\/groupecoiff.com\\\/produit\\\/fauteuil-de-pedicure-oriana\\\/#breadcrumb\",\"itemListElement\":[{\"@type\":\"ListItem\",\"position\":1,\"name\":\"Accueil\",\"item\":\"https:\\\/\\\/groupecoiff.com\\\/\"},{\"@type\":\"ListItem\",\"position\":2,\"name\":\"Boutique\",\"item\":\"https:\\\/\\\/groupecoiff.com\\\/boutique\\\/\"},{\"@type\":\"ListItem\",\"position\":3,\"name\":\"Fauteuil de p\u00e9dicure Oriana\"}]},{\"@type\":\"WebSite\",\"@id\":\"https:\\\/\\\/groupecoiff.com\\\/#website\",\"url\":\"https:\\\/\\\/groupecoiff.com\\\/\",\"name\":\"Groupe Coiff\",\"description\":\"Tout pour la coiffure\",\"publisher\":{\"@id\":\"https:\\\/\\\/groupecoiff.com\\\/#organization\"},\"potentialAction\":[{\"@type\":\"SearchAction\",\"target\":{\"@type\":\"EntryPoint\",\"urlTemplate\":\"https:\\\/\\\/groupecoiff.com\\\/?s={search_term_string}\"},\"query-input\":{\"@type\":\"PropertyValueSpecification\",\"valueRequired\":true,\"valueName\":\"search_term_string\"}}],\"inLanguage\":\"en-US\"},{\"@type\":\"Organization\",\"@id\":\"https:\\\/\\\/groupecoiff.com\\\/#organization\",\"name\":\"Groupe Coiff\",\"alternateName\":\"Groupe Coiff : Le Mobilier De Coiffure Haut de Gamme Pour Une \u00c9l\u00e9gance In\u00e9gal\u00e9e\",\"url\":\"https:\\\/\\\/groupecoiff.com\\\/\",\"logo\":{\"@type\":\"ImageObject\",\"inLanguage\":\"en-US\",\"@id\":\"https:\\\/\\\/groupecoiff.com\\\/#\\\/schema\\\/logo\\\/image\\\/\",\"url\":\"https:\\\/\\\/groupecoiff.com\\\/wp-content\\\/uploads\\\/2024\\\/01\\\/cropped-Groupe-Coiff-Logo.webp\",\"contentUrl\":\"https:\\\/\\\/groupecoiff.com\\\/wp-content\\\/uploads\\\/2024\\\/01\\\/cropped-Groupe-Coiff-Logo.webp\",\"width\":512,\"height\":512,\"caption\":\"Groupe Coiff\"},\"image\":{\"@id\":\"https:\\\/\\\/groupecoiff.com\\\/#\\\/schema\\\/logo\\\/image\\\/\"},\"sameAs\":[\"https:\\\/\\\/www.facebook.com\\\/GroupeCoiff\",\"https:\\\/\\\/x.com\\\/groupecoiff\",\"https:\\\/\\\/www.instagram.com\\\/groupecoiff\\\/\",\"https:\\\/\\\/www.tiktok.com\\\/@groupecoiff\",\"https:\\\/\\\/www.youtube.com\\\/@groupecoiff\",\"https:\\\/\\\/twitter.com\\\/groupecoiff\",\"https:\\\/\\\/www.leboncoin.fr\\\/boutique\\\/3961302\\\/groupe_coiff.htm\"],\"description\":\"D\u00e9couvrez le mobilier de coiffure haut de gamme de Groupe Coiff, alliant \u00e9l\u00e9gance et fonctionnalit\u00e9 pour sublimer votre salon et satisfaire vos clients.\",\"email\":\"contact@groupecoiff.com\",\"telephone\":\"0676951605\",\"legalName\":\"Groupe Coiff\",\"foundingDate\":\"2022-11-16\",\"vatID\":\"FR84921406419\",\"taxID\":\"92140641900025\"}]}<\/script>\n<meta property=\"product:price:amount\" content=\"2290.00\" \/>\n<meta property=\"product:price:currency\" content=\"EUR\" \/>\n<meta property=\"og:availability\" content=\"instock\" \/>\n<meta property=\"product:availability\" content=\"instock\" \/>\n<meta property=\"product:condition\" content=\"new\" \/>\n<!-- \/ Yoast SEO Premium plugin. -->","yoast_head_json":{"title":"Oriana Pedicure Chair: Modern and Professional Design - Coiff Group","description":"Enhance your salon with the Oriana pedicure chair, blending comfort and aesthetics. Prioritize your clients' well-being today! \u2728","robots":{"index":"index","follow":"follow","max-snippet":"max-snippet:-1","max-image-preview":"max-image-preview:large","max-video-preview":"max-video-preview:-1"},"canonical":"https:\/\/groupecoiff.com\/en\/product-2\/pedicure-chair-oriana\/","og_locale":"en_US","og_type":"article","og_title":"Fauteuil de p\u00e9dicure Oriana","og_description":"Am\u00e9liorez votre institut avec le fauteuil de p\u00e9dicure Oriana, alliant confort et esth\u00e9tique. Privil\u00e9giez le bien-\u00eatre de vos clients d\u00e8s aujourd'hui ! \u2728","og_url":"https:\/\/groupecoiff.com\/en\/product-2\/pedicure-chair-oriana\/","og_site_name":"Groupe Coiff","article_publisher":"https:\/\/www.facebook.com\/GroupeCoiff","article_modified_time":"2026-06-23T11:18:21+00:00","og_image":[{"width":650,"height":650,"url":"https:\/\/groupecoiff.com\/wp-content\/uploads\/2026\/04\/Oriana-1.webp","type":"image\/webp"}],"twitter_card":"summary_large_image","twitter_site":"@groupecoiff","twitter_misc":{"Price":"2290,00&nbsp;&euro;","Availability":"In stock"},"schema":{"@context":"https:\/\/schema.org","@graph":[{"@type":"WebPage","@id":"https:\/\/groupecoiff.com\/produit\/fauteuil-de-pedicure-oriana\/","url":"https:\/\/groupecoiff.com\/produit\/fauteuil-de-pedicure-oriana\/","name":"Oriana Pedicure Chair: Modern and Professional Design - Coiff Group","isPartOf":{"@id":"https:\/\/groupecoiff.com\/#website"},"primaryImageOfPage":{"@id":"https:\/\/groupecoiff.com\/produit\/fauteuil-de-pedicure-oriana\/#primaryimage"},"image":{"@id":"https:\/\/groupecoiff.com\/produit\/fauteuil-de-pedicure-oriana\/#primaryimage"},"thumbnailUrl":"https:\/\/groupecoiff.com\/wp-content\/uploads\/2026\/04\/Oriana-1.webp","datePublished":"2026-04-18T17:30:37+00:00","dateModified":"2026-06-23T11:18:21+00:00","description":"Enhance your salon with the Oriana pedicure chair, blending comfort and aesthetics. Prioritize your clients' well-being today! \u2728","breadcrumb":{"@id":"https:\/\/groupecoiff.com\/produit\/fauteuil-de-pedicure-oriana\/#breadcrumb"},"inLanguage":"en-US","potentialAction":[{"@type":"ReadAction","target":["https:\/\/groupecoiff.com\/produit\/fauteuil-de-pedicure-oriana\/"]}]},{"@type":"ImageObject","inLanguage":"en-US","@id":"https:\/\/groupecoiff.com\/produit\/fauteuil-de-pedicure-oriana\/#primaryimage","url":"https:\/\/groupecoiff.com\/wp-content\/uploads\/2026\/04\/Oriana-1.webp","contentUrl":"https:\/\/groupecoiff.com\/wp-content\/uploads\/2026\/04\/Oriana-1.webp","width":650,"height":650,"caption":"Fauteuil de p\u00e9dicure Oriana - Fauteuil p\u00e9dicure professionnel - Fauteuil Spa haut de gamme - Mobilier esth\u00e9tique haut de gamme - Mobilier esth\u00e9tique professionnel - fauteuil p\u00e9dicure spa -Fauteuil de p\u00e9dicure haut de gamme - groupe coiff"},{"@type":"BreadcrumbList","@id":"https:\/\/groupecoiff.com\/produit\/fauteuil-de-pedicure-oriana\/#breadcrumb","itemListElement":[{"@type":"ListItem","position":1,"name":"Accueil","item":"https:\/\/groupecoiff.com\/"},{"@type":"ListItem","position":2,"name":"Boutique","item":"https:\/\/groupecoiff.com\/boutique\/"},{"@type":"ListItem","position":3,"name":"Fauteuil de p\u00e9dicure Oriana"}]},{"@type":"WebSite","@id":"https:\/\/groupecoiff.com\/#website","url":"https:\/\/groupecoiff.com\/","name":"Coiff Group","description":"Everything for the hairdresser","publisher":{"@id":"https:\/\/groupecoiff.com\/#organization"},"potentialAction":[{"@type":"SearchAction","target":{"@type":"EntryPoint","urlTemplate":"https:\/\/groupecoiff.com\/?s={search_term_string}"},"query-input":{"@type":"PropertyValueSpecification","valueRequired":true,"valueName":"search_term_string"}}],"inLanguage":"en-US"},{"@type":"Organization","@id":"https:\/\/groupecoiff.com\/#organization","name":"Coiff Group","alternateName":"Groupe Coiff : Le Mobilier De Coiffure Haut de Gamme Pour Une \u00c9l\u00e9gance In\u00e9gal\u00e9e","url":"https:\/\/groupecoiff.com\/","logo":{"@type":"ImageObject","inLanguage":"en-US","@id":"https:\/\/groupecoiff.com\/#\/schema\/logo\/image\/","url":"https:\/\/groupecoiff.com\/wp-content\/uploads\/2024\/01\/cropped-Groupe-Coiff-Logo.webp","contentUrl":"https:\/\/groupecoiff.com\/wp-content\/uploads\/2024\/01\/cropped-Groupe-Coiff-Logo.webp","width":512,"height":512,"caption":"Groupe Coiff"},"image":{"@id":"https:\/\/groupecoiff.com\/#\/schema\/logo\/image\/"},"sameAs":["https:\/\/www.facebook.com\/GroupeCoiff","https:\/\/x.com\/groupecoiff","https:\/\/www.instagram.com\/groupecoiff\/","https:\/\/www.tiktok.com\/@groupecoiff","https:\/\/www.youtube.com\/@groupecoiff","https:\/\/twitter.com\/groupecoiff","https:\/\/www.leboncoin.fr\/boutique\/3961302\/groupe_coiff.htm"],"description":"Discover Groupe Coiff's top-of-the-range hairdressing furniture, combining elegance and functionality to enhance your salon and satisfy your customers.","email":"contact@groupecoiff.com","telephone":"0676951605","legalName":"Groupe Coiff","foundingDate":"2022-11-16","vatID":"FR84921406419","taxID":"92140641900025"}]},"product_price_amount":"2290.00","product_price_currency":"EUR","og_availability":"instock","product_availability":"instock","product_condition":"new"},"_links":{"self":[{"href":"https:\/\/groupecoiff.com\/en\/wp-json\/wp\/v2\/product\/52264","targetHints":{"allow":["GET"]}}],"collection":[{"href":"https:\/\/groupecoiff.com\/en\/wp-json\/wp\/v2\/product"}],"about":[{"href":"https:\/\/groupecoiff.com\/en\/wp-json\/wp\/v2\/types\/product"}],"replies":[{"embeddable":true,"href":"https:\/\/groupecoiff.com\/en\/wp-json\/wp\/v2\/comments?post=52264"}],"version-history":[{"count":4,"href":"https:\/\/groupecoiff.com\/en\/wp-json\/wp\/v2\/product\/52264\/revisions"}],"predecessor-version":[{"id":54499,"href":"https:\/\/groupecoiff.com\/en\/wp-json\/wp\/v2\/product\/52264\/revisions\/54499"}],"wp:featuredmedia":[{"embeddable":true,"href":"https:\/\/groupecoiff.com\/en\/wp-json\/wp\/v2\/media\/52287"}],"wp:attachment":[{"href":"https:\/\/groupecoiff.com\/en\/wp-json\/wp\/v2\/media?parent=52264"}],"wp:term":[{"taxonomy":"product_brand","embeddable":true,"href":"https:\/\/groupecoiff.com\/en\/wp-json\/wp\/v2\/product_brand?post=52264"},{"taxonomy":"product_cat","embeddable":true,"href":"https:\/\/groupecoiff.com\/en\/wp-json\/wp\/v2\/product_cat?post=52264"},{"taxonomy":"product_tag","embeddable":true,"href":"https:\/\/groupecoiff.com\/en\/wp-json\/wp\/v2\/product_tag?post=52264"}],"curies":[{"name":"wp","href":"https:\/\/api.w.org\/{rel}","templated":true}]}}