{"id":52298,"date":"2026-04-19T16:29:29","date_gmt":"2026-04-19T14:29:29","guid":{"rendered":"https:\/\/groupecoiff.com\/?post_type=product&#038;p=52298"},"modified":"2026-06-25T21:07:34","modified_gmt":"2026-06-25T19:07:34","slug":"worker-lux-manicure-table","status":"publish","type":"product","link":"https:\/\/groupecoiff.com\/en\/produit\/table-de-manucure-worker-lux\/","title":{"rendered":"Manicure Table Worker Lux"},"content":{"rendered":"<h3>The Worker Lux manicure table: professional precision and a high-end image for your nail bar<\/h3>\n<p>The <strong>Manicure table Worker Lux<\/strong> is designed to structure a modern and high-performing nail salon. Thanks to its elegant and functional design, it immediately enhances your beauty and wellness salon. This allows you to improve your organization while offering a premium customer experience.<\/p>\n<h4>Premium design and custom finishes<\/h4>\n<p>Every detail is designed to enhance your space. Indeed, the countertop is available in several finishes. This allows you to easily adapt your furniture to your visual identity and your positioning.<\/p>\n<ul>\n<li>Oak<\/li>\n<li>Natural wood<\/li>\n<li>Matte white or glossy<\/li>\n<li>Matte black or glossy<\/li>\n<li>Black or white marble<\/li>\n<li>Travertine<\/li>\n<\/ul>\n<h4>Optimized and connected workstation<\/h4>\n<p>This professional manicure table improves your efficiency. Indeed, it integrates practical storage solutions and complete connectivity. Therefore, your devices remain organized and always ready for use.<\/p>\n<ul>\n<li>Large storage drawer<\/li>\n<li>Open triple shelf<\/li>\n<li>3 integrated electrical outlets<\/li>\n<li>2 USB ports and 2 Type-C ports<\/li>\n<li>Integrated LED lighting in the columns<\/li>\n<\/ul>\n<h4>Vacuum cleaner options for a healthy environment<\/h4>\n<p>You have a choice depending on your level of requirement. Indeed, the table is available without a vacuum or with several options. This way, you adapt your equipment to your activity and your volume of services.<\/p>\n<ul>\n<li>Without a vacuum cleaner<\/li>\n<li>Turbo Vacuum 200<\/li>\n<li>Turbo Vacuum 400<\/li>\n<li>Turbo 1000 Vacuum Cleaner for an even more professional level<\/li>\n<\/ul>\n<h4>Technical description<\/h4>\n<p>Robust structure designed for intensive use in beauty salons. Dimensions designed for comfort and ergonomics. Each configuration allows for precise adaptation to your workspace.<\/p>\n<ul>\n<li>Individual post length: 104 or 124 cm (customizable)<\/li>\n<li>Legroom: 78 or 100 cm<\/li>\n<li>Double seat: 208 or 248 cm<\/li>\n<li>Depth: 57 cm<\/li>\n<li>Height: 77 cm<\/li>\n<\/ul>\n<h4>A profitable investment for your institute<\/h4>\n<p>Choosing the Worker Lux enhances your image and productivity. Indeed, a well-organized workstation improves the quality of services.<br \/>\nThus, you retain your customers while optimizing your profitability.<\/p>\n<p><strong>Manufacturing lead time<\/strong> : 1 to 4 weeks. Order now and develop a high-performing and elegant nail salon space.<\/p>","protected":false},"excerpt":{"rendered":"<p>Transform your nail salon with the Worker Lux manicure table. Its refined design boosts your organization and impresses! \u2728<\/p>","protected":false},"featured_media":54607,"comment_status":"open","ping_status":"closed","template":"","meta":{"googlesitekit_rrm_CAow0YCiDA:productID":"","jetpack_publicize_message":"","jetpack_publicize_feature_enabled":true,"jetpack_social_post_already_shared":true,"jetpack_social_options":{"image_generator_settings":{"template":"highway","default_image_id":0,"font":"","enabled":false},"version":2}},"product_brand":[661],"product_cat":[61,78,76],"product_tag":[368,513,548],"class_list":["post-52298","product","type-product","status-publish","has-post-thumbnail","product_brand-pieruccigroup","product_cat-mobilier-esthetique","product_cat-table-manicure","product_cat-table-de-maquillage","product_tag-mobilier-esthetique-professionnel","product_tag-table-de-manucure-avec-aspirateur","product_tag-table-de-manucure-professionnelle","first","instock","sale","taxable","shipping-taxable","purchasable","product-type-simple"],"yoast_head":"<!-- This site is optimized with the Yoast SEO Premium plugin v28.4 (Yoast SEO v28.4) - https:\/\/yoast.com\/product\/yoast-seo-premium-wordpress\/ -->\n<title>Table de Manucure Worker Lux: Cr\u00e9ez un Espace Unique - Groupe Coiff<\/title>\n<meta name=\"description\" content=\"Offrez \u00e0 vos clients une exp\u00e9rience haut de gamme avec la table de manucure Worker Lux. Son design \u00e9l\u00e9gant et fonctionnel am\u00e9liore votre institut !\" \/>\n<meta name=\"robots\" content=\"index, follow, max-snippet:-1, max-image-preview:large, max-video-preview:-1\" \/>\n<link rel=\"canonical\" href=\"https:\/\/groupecoiff.com\/en\/product-2\/worker-lux-manicure-table\/\" \/>\n<meta property=\"og:locale\" content=\"en_US\" \/>\n<meta property=\"og:type\" content=\"article\" \/>\n<meta property=\"og:title\" content=\"Table de Manucure Worker Lux\" \/>\n<meta property=\"og:description\" content=\"Offrez \u00e0 vos clients une exp\u00e9rience haut de gamme avec la table de manucure Worker Lux. Son design \u00e9l\u00e9gant et fonctionnel am\u00e9liore votre institut !\" \/>\n<meta property=\"og:url\" content=\"https:\/\/groupecoiff.com\/en\/product-2\/worker-lux-manicure-table\/\" \/>\n<meta property=\"og:site_name\" content=\"Groupe Coiff\" \/>\n<meta property=\"article:publisher\" content=\"https:\/\/www.facebook.com\/GroupeCoiff\" \/>\n<meta property=\"article:modified_time\" content=\"2026-06-25T19:07:34+00:00\" \/>\n<meta property=\"og:image\" content=\"https:\/\/groupecoiff.com\/wp-content\/uploads\/2026\/04\/Table-Worker-Lux.webp\" \/>\n\t<meta property=\"og:image:width\" content=\"650\" \/>\n\t<meta property=\"og:image:height\" content=\"650\" \/>\n\t<meta property=\"og:image:type\" content=\"image\/webp\" \/>\n<meta name=\"twitter:card\" content=\"summary_large_image\" \/>\n<meta name=\"twitter:site\" content=\"@groupecoiff\" \/>\n<meta name=\"twitter:label1\" content=\"Price\" \/>\n\t<meta name=\"twitter:data1\" content=\"1390,00&nbsp;&euro;\" \/>\n\t<meta name=\"twitter:label2\" content=\"Availability\" \/>\n\t<meta name=\"twitter:data2\" content=\"In stock\" \/>\n<script type=\"application\/ld+json\" class=\"yoast-schema-graph\">{\"@context\":\"https:\\\/\\\/schema.org\",\"@graph\":[{\"@type\":\"WebPage\",\"@id\":\"https:\\\/\\\/groupecoiff.com\\\/produit\\\/table-de-manucure-worker-lux\\\/\",\"url\":\"https:\\\/\\\/groupecoiff.com\\\/produit\\\/table-de-manucure-worker-lux\\\/\",\"name\":\"Table de Manucure Worker Lux: Cr\u00e9ez un Espace Unique - Groupe Coiff\",\"isPartOf\":{\"@id\":\"https:\\\/\\\/groupecoiff.com\\\/#website\"},\"primaryImageOfPage\":{\"@id\":\"https:\\\/\\\/groupecoiff.com\\\/produit\\\/table-de-manucure-worker-lux\\\/#primaryimage\"},\"image\":{\"@id\":\"https:\\\/\\\/groupecoiff.com\\\/produit\\\/table-de-manucure-worker-lux\\\/#primaryimage\"},\"thumbnailUrl\":\"https:\\\/\\\/groupecoiff.com\\\/wp-content\\\/uploads\\\/2026\\\/04\\\/Table-Worker-Lux.webp\",\"datePublished\":\"2026-04-19T14:29:29+00:00\",\"dateModified\":\"2026-06-25T19:07:34+00:00\",\"description\":\"Offrez \u00e0 vos clients une exp\u00e9rience haut de gamme avec la table de manucure Worker Lux. Son design \u00e9l\u00e9gant et fonctionnel am\u00e9liore votre institut !\",\"breadcrumb\":{\"@id\":\"https:\\\/\\\/groupecoiff.com\\\/produit\\\/table-de-manucure-worker-lux\\\/#breadcrumb\"},\"inLanguage\":\"en-US\",\"potentialAction\":[{\"@type\":\"ReadAction\",\"target\":[\"https:\\\/\\\/groupecoiff.com\\\/produit\\\/table-de-manucure-worker-lux\\\/\"]}]},{\"@type\":\"ImageObject\",\"inLanguage\":\"en-US\",\"@id\":\"https:\\\/\\\/groupecoiff.com\\\/produit\\\/table-de-manucure-worker-lux\\\/#primaryimage\",\"url\":\"https:\\\/\\\/groupecoiff.com\\\/wp-content\\\/uploads\\\/2026\\\/04\\\/Table-Worker-Lux.webp\",\"contentUrl\":\"https:\\\/\\\/groupecoiff.com\\\/wp-content\\\/uploads\\\/2026\\\/04\\\/Table-Worker-Lux.webp\",\"width\":650,\"height\":650,\"caption\":\"table de manucure professionnelle - table nails luxe - mobilier esth\u00e9tique haut de gamme - mobilier de p\u00e9dicure professionnel - table_manucure haut de gamme - \u00e9quipement onglerie premium - table manucure_avec aspirateur - comptoir ongles design - meuble manucure professionnel - agencement salon de coiffure\"},{\"@type\":\"BreadcrumbList\",\"@id\":\"https:\\\/\\\/groupecoiff.com\\\/produit\\\/table-de-manucure-worker-lux\\\/#breadcrumb\",\"itemListElement\":[{\"@type\":\"ListItem\",\"position\":1,\"name\":\"Accueil\",\"item\":\"https:\\\/\\\/groupecoiff.com\\\/\"},{\"@type\":\"ListItem\",\"position\":2,\"name\":\"Boutique\",\"item\":\"https:\\\/\\\/groupecoiff.com\\\/boutique\\\/\"},{\"@type\":\"ListItem\",\"position\":3,\"name\":\"Table de Manucure Worker Lux\"}]},{\"@type\":\"WebSite\",\"@id\":\"https:\\\/\\\/groupecoiff.com\\\/#website\",\"url\":\"https:\\\/\\\/groupecoiff.com\\\/\",\"name\":\"Groupe Coiff\",\"description\":\"Tout pour la coiffure\",\"publisher\":{\"@id\":\"https:\\\/\\\/groupecoiff.com\\\/#organization\"},\"potentialAction\":[{\"@type\":\"SearchAction\",\"target\":{\"@type\":\"EntryPoint\",\"urlTemplate\":\"https:\\\/\\\/groupecoiff.com\\\/?s={search_term_string}\"},\"query-input\":{\"@type\":\"PropertyValueSpecification\",\"valueRequired\":true,\"valueName\":\"search_term_string\"}}],\"inLanguage\":\"en-US\"},{\"@type\":\"Organization\",\"@id\":\"https:\\\/\\\/groupecoiff.com\\\/#organization\",\"name\":\"Groupe Coiff\",\"alternateName\":\"Groupe Coiff : Le Mobilier De Coiffure Haut de Gamme Pour Une \u00c9l\u00e9gance In\u00e9gal\u00e9e\",\"url\":\"https:\\\/\\\/groupecoiff.com\\\/\",\"logo\":{\"@type\":\"ImageObject\",\"inLanguage\":\"en-US\",\"@id\":\"https:\\\/\\\/groupecoiff.com\\\/#\\\/schema\\\/logo\\\/image\\\/\",\"url\":\"https:\\\/\\\/groupecoiff.com\\\/wp-content\\\/uploads\\\/2024\\\/01\\\/cropped-Groupe-Coiff-Logo.webp\",\"contentUrl\":\"https:\\\/\\\/groupecoiff.com\\\/wp-content\\\/uploads\\\/2024\\\/01\\\/cropped-Groupe-Coiff-Logo.webp\",\"width\":512,\"height\":512,\"caption\":\"Groupe Coiff\"},\"image\":{\"@id\":\"https:\\\/\\\/groupecoiff.com\\\/#\\\/schema\\\/logo\\\/image\\\/\"},\"sameAs\":[\"https:\\\/\\\/www.facebook.com\\\/GroupeCoiff\",\"https:\\\/\\\/x.com\\\/groupecoiff\",\"https:\\\/\\\/www.instagram.com\\\/groupecoiff\\\/\",\"https:\\\/\\\/www.tiktok.com\\\/@groupecoiff\",\"https:\\\/\\\/www.youtube.com\\\/@groupecoiff\",\"https:\\\/\\\/twitter.com\\\/groupecoiff\",\"https:\\\/\\\/www.leboncoin.fr\\\/boutique\\\/3961302\\\/groupe_coiff.htm\"],\"description\":\"D\u00e9couvrez le mobilier de coiffure haut de gamme de Groupe Coiff, alliant \u00e9l\u00e9gance et fonctionnalit\u00e9 pour sublimer votre salon et satisfaire vos clients.\",\"email\":\"contact@groupecoiff.com\",\"telephone\":\"0676951605\",\"legalName\":\"Groupe Coiff\",\"foundingDate\":\"2022-11-16\",\"vatID\":\"FR84921406419\",\"taxID\":\"92140641900025\"}]}<\/script>\n<meta property=\"product:price:amount\" content=\"1390.00\" \/>\n<meta property=\"product:price:currency\" content=\"EUR\" \/>\n<meta property=\"og:availability\" content=\"instock\" \/>\n<meta property=\"product:availability\" content=\"instock\" \/>\n<meta property=\"product:condition\" content=\"new\" \/>\n<!-- \/ Yoast SEO Premium plugin. -->","yoast_head_json":{"title":"Worker Lux Manicure Table: Create a Unique Space - Groupe Coiff","description":"Offer your clients a high-end experience with the Worker Lux manicure table. Its elegant and functional design will enhance your salon!","robots":{"index":"index","follow":"follow","max-snippet":"max-snippet:-1","max-image-preview":"max-image-preview:large","max-video-preview":"max-video-preview:-1"},"canonical":"https:\/\/groupecoiff.com\/en\/product-2\/worker-lux-manicure-table\/","og_locale":"en_US","og_type":"article","og_title":"Table de Manucure Worker Lux","og_description":"Offrez \u00e0 vos clients une exp\u00e9rience haut de gamme avec la table de manucure Worker Lux. Son design \u00e9l\u00e9gant et fonctionnel am\u00e9liore votre institut !","og_url":"https:\/\/groupecoiff.com\/en\/product-2\/worker-lux-manicure-table\/","og_site_name":"Groupe Coiff","article_publisher":"https:\/\/www.facebook.com\/GroupeCoiff","article_modified_time":"2026-06-25T19:07:34+00:00","og_image":[{"width":650,"height":650,"url":"https:\/\/groupecoiff.com\/wp-content\/uploads\/2026\/04\/Table-Worker-Lux.webp","type":"image\/webp"}],"twitter_card":"summary_large_image","twitter_site":"@groupecoiff","twitter_misc":{"Price":"1390,00&nbsp;&euro;","Availability":"In stock"},"schema":{"@context":"https:\/\/schema.org","@graph":[{"@type":"WebPage","@id":"https:\/\/groupecoiff.com\/produit\/table-de-manucure-worker-lux\/","url":"https:\/\/groupecoiff.com\/produit\/table-de-manucure-worker-lux\/","name":"Worker Lux Manicure Table: Create a Unique Space - Groupe Coiff","isPartOf":{"@id":"https:\/\/groupecoiff.com\/#website"},"primaryImageOfPage":{"@id":"https:\/\/groupecoiff.com\/produit\/table-de-manucure-worker-lux\/#primaryimage"},"image":{"@id":"https:\/\/groupecoiff.com\/produit\/table-de-manucure-worker-lux\/#primaryimage"},"thumbnailUrl":"https:\/\/groupecoiff.com\/wp-content\/uploads\/2026\/04\/Table-Worker-Lux.webp","datePublished":"2026-04-19T14:29:29+00:00","dateModified":"2026-06-25T19:07:34+00:00","description":"Offer your clients a high-end experience with the Worker Lux manicure table. Its elegant and functional design will enhance your salon!","breadcrumb":{"@id":"https:\/\/groupecoiff.com\/produit\/table-de-manucure-worker-lux\/#breadcrumb"},"inLanguage":"en-US","potentialAction":[{"@type":"ReadAction","target":["https:\/\/groupecoiff.com\/produit\/table-de-manucure-worker-lux\/"]}]},{"@type":"ImageObject","inLanguage":"en-US","@id":"https:\/\/groupecoiff.com\/produit\/table-de-manucure-worker-lux\/#primaryimage","url":"https:\/\/groupecoiff.com\/wp-content\/uploads\/2026\/04\/Table-Worker-Lux.webp","contentUrl":"https:\/\/groupecoiff.com\/wp-content\/uploads\/2026\/04\/Table-Worker-Lux.webp","width":650,"height":650,"caption":"table de manucure professionnelle - table nails luxe - mobilier esth\u00e9tique haut de gamme - mobilier de p\u00e9dicure professionnel - table_manucure haut de gamme - \u00e9quipement onglerie premium - table manucure_avec aspirateur - comptoir ongles design - meuble manucure professionnel - agencement salon de coiffure"},{"@type":"BreadcrumbList","@id":"https:\/\/groupecoiff.com\/produit\/table-de-manucure-worker-lux\/#breadcrumb","itemListElement":[{"@type":"ListItem","position":1,"name":"Accueil","item":"https:\/\/groupecoiff.com\/"},{"@type":"ListItem","position":2,"name":"Boutique","item":"https:\/\/groupecoiff.com\/boutique\/"},{"@type":"ListItem","position":3,"name":"Table de Manucure Worker Lux"}]},{"@type":"WebSite","@id":"https:\/\/groupecoiff.com\/#website","url":"https:\/\/groupecoiff.com\/","name":"Coiff Group","description":"Everything for the hairdresser","publisher":{"@id":"https:\/\/groupecoiff.com\/#organization"},"potentialAction":[{"@type":"SearchAction","target":{"@type":"EntryPoint","urlTemplate":"https:\/\/groupecoiff.com\/?s={search_term_string}"},"query-input":{"@type":"PropertyValueSpecification","valueRequired":true,"valueName":"search_term_string"}}],"inLanguage":"en-US"},{"@type":"Organization","@id":"https:\/\/groupecoiff.com\/#organization","name":"Coiff Group","alternateName":"Groupe Coiff : Le Mobilier De Coiffure Haut de Gamme Pour Une \u00c9l\u00e9gance In\u00e9gal\u00e9e","url":"https:\/\/groupecoiff.com\/","logo":{"@type":"ImageObject","inLanguage":"en-US","@id":"https:\/\/groupecoiff.com\/#\/schema\/logo\/image\/","url":"https:\/\/groupecoiff.com\/wp-content\/uploads\/2024\/01\/cropped-Groupe-Coiff-Logo.webp","contentUrl":"https:\/\/groupecoiff.com\/wp-content\/uploads\/2024\/01\/cropped-Groupe-Coiff-Logo.webp","width":512,"height":512,"caption":"Groupe Coiff"},"image":{"@id":"https:\/\/groupecoiff.com\/#\/schema\/logo\/image\/"},"sameAs":["https:\/\/www.facebook.com\/GroupeCoiff","https:\/\/x.com\/groupecoiff","https:\/\/www.instagram.com\/groupecoiff\/","https:\/\/www.tiktok.com\/@groupecoiff","https:\/\/www.youtube.com\/@groupecoiff","https:\/\/twitter.com\/groupecoiff","https:\/\/www.leboncoin.fr\/boutique\/3961302\/groupe_coiff.htm"],"description":"Discover Groupe Coiff's top-of-the-range hairdressing furniture, combining elegance and functionality to enhance your salon and satisfy your customers.","email":"contact@groupecoiff.com","telephone":"0676951605","legalName":"Groupe Coiff","foundingDate":"2022-11-16","vatID":"FR84921406419","taxID":"92140641900025"}]},"product_price_amount":"1390.00","product_price_currency":"EUR","og_availability":"instock","product_availability":"instock","product_condition":"new"},"jetpack_publicize_connections":[],"jetpack_likes_enabled":true,"jetpack_sharing_enabled":true,"_links":{"self":[{"href":"https:\/\/groupecoiff.com\/en\/wp-json\/wp\/v2\/product\/52298","targetHints":{"allow":["GET"]}}],"collection":[{"href":"https:\/\/groupecoiff.com\/en\/wp-json\/wp\/v2\/product"}],"about":[{"href":"https:\/\/groupecoiff.com\/en\/wp-json\/wp\/v2\/types\/product"}],"replies":[{"embeddable":true,"href":"https:\/\/groupecoiff.com\/en\/wp-json\/wp\/v2\/comments?post=52298"}],"version-history":[{"count":3,"href":"https:\/\/groupecoiff.com\/en\/wp-json\/wp\/v2\/product\/52298\/revisions"}],"predecessor-version":[{"id":54608,"href":"https:\/\/groupecoiff.com\/en\/wp-json\/wp\/v2\/product\/52298\/revisions\/54608"}],"wp:featuredmedia":[{"embeddable":true,"href":"https:\/\/groupecoiff.com\/en\/wp-json\/wp\/v2\/media\/54607"}],"wp:attachment":[{"href":"https:\/\/groupecoiff.com\/en\/wp-json\/wp\/v2\/media?parent=52298"}],"wp:term":[{"taxonomy":"product_brand","embeddable":true,"href":"https:\/\/groupecoiff.com\/en\/wp-json\/wp\/v2\/product_brand?post=52298"},{"taxonomy":"product_cat","embeddable":true,"href":"https:\/\/groupecoiff.com\/en\/wp-json\/wp\/v2\/product_cat?post=52298"},{"taxonomy":"product_tag","embeddable":true,"href":"https:\/\/groupecoiff.com\/en\/wp-json\/wp\/v2\/product_tag?post=52298"}],"curies":[{"name":"wp","href":"https:\/\/api.w.org\/{rel}","templated":true}]}}