{"id":54538,"date":"2026-06-24T13:51:17","date_gmt":"2026-06-24T11:51:17","guid":{"rendered":"https:\/\/groupecoiff.com\/?post_type=product&#038;p=54538"},"modified":"2026-06-24T13:51:18","modified_gmt":"2026-06-24T11:51:18","slug":"asta-premium-pedicure-chair","status":"publish","type":"product","link":"https:\/\/groupecoiff.com\/en\/produit\/fauteuil-de-pedicure-asta-premium\/","title":{"rendered":"ASTA Premium Pedicure Chair"},"content":{"rendered":"<section style=\"background-color: #ffffff; color: #333333; padding: 20px; font-family: Arial, sans-serif;\">\n<h3>ASTA Premium Pedicure Chair: The Pinnacle of Professional Aesthetic Furniture<\/h3>\n<p>The prestigious ASTA Premium pedicure chair with integrated basin revolutionizes the layout of your beauty salon. This exceptional piece of furniture combines majestic aesthetics with absolute comfort. Thus, an unparalleled treatment experience is offered to your clients.<\/p>\n<h4>Imperial Comfort for Unique Wellness Sessions<\/h4>\n<p>First, this technological model features a stylish white quilted headrest with very elegant decorative buttons. Additionally, a wide seat with firm padding ensures perfect body support. Consequently, every pedicure becomes a magical moment.<\/p>\n<h4>Optimized Ergonomics for Practitioner Work<\/h4>\n<p>Next, the elevated workstation effectively relieves the professional's back and hands during the application of nail polish. A padded black footrest also provides ideal support for the heel. This is why this high-end manicure equipment prevents fatigue.<\/p>\n<h4>A Premium Station with Built-in Tank That's Very Easy to Clean<\/h4>\n<p>On the other hand, this professional aesthetic furniture ensures impeccable hygiene thanks to its smooth surfaces. The round ceramic foot bath has a drain to quickly remove water. Thus, daily disinfection takes only a few minutes.<\/p>\n<h4>ASTA Assembly Technical Specifications and Precise Dimensions<\/h4>\n<p>This masterpiece fits perfectly into your spa cabins thanks to its optimal dimensions:<\/p>\n<ul>\n<li><strong>Generous portions:<\/strong> A total height of 154 cm combined with an armchair width of 94 cm.<\/li>\n<li><strong>Raised solid base:<\/strong> A base depth of 146 cm, a width of 80 cm, and a height of 12 cm.<\/li>\n<li><strong>Bin dimensions:<\/strong> An integrated tank with a diameter of 63 cm and a height of 42 cm.<\/li>\n<li><strong>Heavy-duty structure:<\/strong> A robust chassis that minimizes vibrations for precise movements.<\/li>\n<\/ul>\n<h4>A Strategic Choice to Enhance Your Beauty Salon<\/h4>\n<p>Finally, acquiring this modern care station immediately enhances your company's brand image. Your clients will appreciate the personalized welcome offered by this throne of prestige. In short, place your order today to transform your space.<\/p>\n<\/section>","protected":false},"excerpt":{"rendered":"<p>Transform your beauty salon with the ASTA Premium pedicure chair. Its majestic design and absolute comfort will seduce your clients. \ud83c\udf1f<\/p>","protected":false},"featured_media":54540,"comment_status":"open","ping_status":"closed","template":"","meta":{"googlesitekit_rrm_CAow0YCiDA:productID":""},"product_brand":[700],"product_cat":[52,61],"product_tag":[663,368,715],"class_list":["post-54538","product","type-product","status-publish","has-post-thumbnail","product_brand-italian-design","product_cat-fauteuil-pedicure-spa","product_cat-mobilier-esthetique","product_tag-fauteuil-de-pedicure-haut-de-gamme","product_tag-mobilier-esthetique-professionnel","product_tag-mobilier-onglerie-premium","first","instock","sale","featured","taxable","shipping-taxable","purchasable","product-type-simple"],"yoast_head":"<!-- This site is optimized with the Yoast SEO Premium plugin v28.3 (Yoast SEO v28.3) - https:\/\/yoast.com\/product\/yoast-seo-premium-wordpress\/ -->\n<title>Fauteuil de P\u00e9dicure ASTA Premium: Confort et \u00c9l\u00e9gance - Groupe Coiff<\/title>\n<meta name=\"description\" content=\"Transformez votre institut de beaut\u00e9 avec le fauteuil de p\u00e9dicure ASTA Premium. Alliez luxe et modernit\u00e9 pour une satisfaction client garantie ! \u2728\" \/>\n<meta name=\"robots\" content=\"index, follow, max-snippet:-1, max-image-preview:large, max-video-preview:-1\" \/>\n<link rel=\"canonical\" href=\"https:\/\/groupecoiff.com\/en\/product-2\/asta-premium-pedicure-chair\/\" \/>\n<meta property=\"og:locale\" content=\"en_US\" \/>\n<meta property=\"og:type\" content=\"article\" \/>\n<meta property=\"og:title\" content=\"Fauteuil de P\u00e9dicure ASTA Premium\" \/>\n<meta property=\"og:description\" content=\"Transformez votre institut de beaut\u00e9 avec le fauteuil de p\u00e9dicure ASTA Premium. Alliez luxe et modernit\u00e9 pour une satisfaction client garantie ! \u2728\" \/>\n<meta property=\"og:url\" content=\"https:\/\/groupecoiff.com\/en\/product-2\/asta-premium-pedicure-chair\/\" \/>\n<meta property=\"og:site_name\" content=\"Groupe Coiff\" \/>\n<meta property=\"article:publisher\" content=\"https:\/\/www.facebook.com\/GroupeCoiff\" \/>\n<meta property=\"article:modified_time\" content=\"2026-06-24T11:51:18+00:00\" \/>\n<meta property=\"og:image\" content=\"https:\/\/groupecoiff.com\/wp-content\/uploads\/2026\/06\/ASTA-Premium-2.webp\" \/>\n\t<meta property=\"og:image:width\" content=\"650\" \/>\n\t<meta property=\"og:image:height\" content=\"650\" \/>\n\t<meta property=\"og:image:type\" content=\"image\/webp\" \/>\n<meta name=\"twitter:card\" content=\"summary_large_image\" \/>\n<meta name=\"twitter:site\" content=\"@groupecoiff\" \/>\n<meta name=\"twitter:label1\" content=\"Price\" \/>\n\t<meta name=\"twitter:data1\" content=\"1590,00&nbsp;&euro;\" \/>\n\t<meta name=\"twitter:label2\" content=\"Availability\" \/>\n\t<meta name=\"twitter:data2\" content=\"In stock\" \/>\n<script type=\"application\/ld+json\" class=\"yoast-schema-graph\">{\"@context\":\"https:\\\/\\\/schema.org\",\"@graph\":[{\"@type\":\"WebPage\",\"@id\":\"https:\\\/\\\/groupecoiff.com\\\/produit\\\/fauteuil-de-pedicure-asta-premium\\\/\",\"url\":\"https:\\\/\\\/groupecoiff.com\\\/produit\\\/fauteuil-de-pedicure-asta-premium\\\/\",\"name\":\"Fauteuil de P\u00e9dicure ASTA Premium: Confort et \u00c9l\u00e9gance - Groupe Coiff\",\"isPartOf\":{\"@id\":\"https:\\\/\\\/groupecoiff.com\\\/#website\"},\"primaryImageOfPage\":{\"@id\":\"https:\\\/\\\/groupecoiff.com\\\/produit\\\/fauteuil-de-pedicure-asta-premium\\\/#primaryimage\"},\"image\":{\"@id\":\"https:\\\/\\\/groupecoiff.com\\\/produit\\\/fauteuil-de-pedicure-asta-premium\\\/#primaryimage\"},\"thumbnailUrl\":\"https:\\\/\\\/groupecoiff.com\\\/wp-content\\\/uploads\\\/2026\\\/06\\\/ASTA-Premium-2.webp\",\"datePublished\":\"2026-06-24T11:51:17+00:00\",\"dateModified\":\"2026-06-24T11:51:18+00:00\",\"description\":\"Transformez votre institut de beaut\u00e9 avec le fauteuil de p\u00e9dicure ASTA Premium. Alliez luxe et modernit\u00e9 pour une satisfaction client garantie ! \u2728\",\"breadcrumb\":{\"@id\":\"https:\\\/\\\/groupecoiff.com\\\/produit\\\/fauteuil-de-pedicure-asta-premium\\\/#breadcrumb\"},\"inLanguage\":\"en-US\",\"potentialAction\":[{\"@type\":\"ReadAction\",\"target\":[\"https:\\\/\\\/groupecoiff.com\\\/produit\\\/fauteuil-de-pedicure-asta-premium\\\/\"]}]},{\"@type\":\"ImageObject\",\"inLanguage\":\"en-US\",\"@id\":\"https:\\\/\\\/groupecoiff.com\\\/produit\\\/fauteuil-de-pedicure-asta-premium\\\/#primaryimage\",\"url\":\"https:\\\/\\\/groupecoiff.com\\\/wp-content\\\/uploads\\\/2026\\\/06\\\/ASTA-Premium-2.webp\",\"contentUrl\":\"https:\\\/\\\/groupecoiff.com\\\/wp-content\\\/uploads\\\/2026\\\/06\\\/ASTA-Premium-2.webp\",\"width\":650,\"height\":650,\"caption\":\"Voici les meilleurs mots-cl\u00e9s SEO, strat\u00e9giquement s\u00e9lectionn\u00e9s et optimis\u00e9s pour le r\u00e9f\u00e9rencement naturel d'un fauteuil de p\u00e9dicure haut de gamme comme le mod\u00e8le ASTA Premium. Ils sont class\u00e9s par intention de recherche et s\u00e9par\u00e9s par le caract\u00e8re demand\u00e9 : fauteuil_de_p\u00e9dicure_professionnel_\u2022*mobilier_esth\u00e9tique_haut_de_gamme*\u2022*poste_p\u00e9dicure_avec_lavabo*\u2022*station_p\u00e9dicure_spa*\u2022*fauteuil_p\u00e9dicure_capitonn\u00e9*\u2022*\u00e9quipement_salon_de_beaut\u00e9*\u2022*bac_lave_pieds_int\u00e9gr\u00e9*\u2022*fauteuil_p\u00e9dicure_luxe*\u2022*mobilier_onglerie_premium*\u2022_tr\u00f4ne_de_p\u00e9dicure_professionnel\"},{\"@type\":\"BreadcrumbList\",\"@id\":\"https:\\\/\\\/groupecoiff.com\\\/produit\\\/fauteuil-de-pedicure-asta-premium\\\/#breadcrumb\",\"itemListElement\":[{\"@type\":\"ListItem\",\"position\":1,\"name\":\"Accueil\",\"item\":\"https:\\\/\\\/groupecoiff.com\\\/\"},{\"@type\":\"ListItem\",\"position\":2,\"name\":\"Boutique\",\"item\":\"https:\\\/\\\/groupecoiff.com\\\/boutique\\\/\"},{\"@type\":\"ListItem\",\"position\":3,\"name\":\"Fauteuil de P\u00e9dicure ASTA Premium\"}]},{\"@type\":\"WebSite\",\"@id\":\"https:\\\/\\\/groupecoiff.com\\\/#website\",\"url\":\"https:\\\/\\\/groupecoiff.com\\\/\",\"name\":\"Groupe Coiff\",\"description\":\"Tout pour la coiffure\",\"publisher\":{\"@id\":\"https:\\\/\\\/groupecoiff.com\\\/#organization\"},\"potentialAction\":[{\"@type\":\"SearchAction\",\"target\":{\"@type\":\"EntryPoint\",\"urlTemplate\":\"https:\\\/\\\/groupecoiff.com\\\/?s={search_term_string}\"},\"query-input\":{\"@type\":\"PropertyValueSpecification\",\"valueRequired\":true,\"valueName\":\"search_term_string\"}}],\"inLanguage\":\"en-US\"},{\"@type\":\"Organization\",\"@id\":\"https:\\\/\\\/groupecoiff.com\\\/#organization\",\"name\":\"Groupe Coiff\",\"alternateName\":\"Groupe Coiff : Le Mobilier De Coiffure Haut de Gamme Pour Une \u00c9l\u00e9gance In\u00e9gal\u00e9e\",\"url\":\"https:\\\/\\\/groupecoiff.com\\\/\",\"logo\":{\"@type\":\"ImageObject\",\"inLanguage\":\"en-US\",\"@id\":\"https:\\\/\\\/groupecoiff.com\\\/#\\\/schema\\\/logo\\\/image\\\/\",\"url\":\"https:\\\/\\\/groupecoiff.com\\\/wp-content\\\/uploads\\\/2024\\\/01\\\/cropped-Groupe-Coiff-Logo.webp\",\"contentUrl\":\"https:\\\/\\\/groupecoiff.com\\\/wp-content\\\/uploads\\\/2024\\\/01\\\/cropped-Groupe-Coiff-Logo.webp\",\"width\":512,\"height\":512,\"caption\":\"Groupe Coiff\"},\"image\":{\"@id\":\"https:\\\/\\\/groupecoiff.com\\\/#\\\/schema\\\/logo\\\/image\\\/\"},\"sameAs\":[\"https:\\\/\\\/www.facebook.com\\\/GroupeCoiff\",\"https:\\\/\\\/x.com\\\/groupecoiff\",\"https:\\\/\\\/www.instagram.com\\\/groupecoiff\\\/\",\"https:\\\/\\\/www.tiktok.com\\\/@groupecoiff\",\"https:\\\/\\\/www.youtube.com\\\/@groupecoiff\",\"https:\\\/\\\/twitter.com\\\/groupecoiff\",\"https:\\\/\\\/www.leboncoin.fr\\\/boutique\\\/3961302\\\/groupe_coiff.htm\"],\"description\":\"D\u00e9couvrez le mobilier de coiffure haut de gamme de Groupe Coiff, alliant \u00e9l\u00e9gance et fonctionnalit\u00e9 pour sublimer votre salon et satisfaire vos clients.\",\"email\":\"contact@groupecoiff.com\",\"telephone\":\"0676951605\",\"legalName\":\"Groupe Coiff\",\"foundingDate\":\"2022-11-16\",\"vatID\":\"FR84921406419\",\"taxID\":\"92140641900025\"}]}<\/script>\n<meta property=\"product:price:amount\" content=\"1590.00\" \/>\n<meta property=\"product:price:currency\" content=\"EUR\" \/>\n<meta property=\"og:availability\" content=\"instock\" \/>\n<meta property=\"product:availability\" content=\"instock\" \/>\n<meta property=\"product:condition\" content=\"new\" \/>\n<!-- \/ Yoast SEO Premium plugin. -->","yoast_head_json":{"title":"ASTA Premium Pedicure Chair: Comfort and Elegance - Groupe Coiff","description":"Transform your beauty salon with the ASTA Premium pedicure chair. Combine luxury and modernity for guaranteed customer satisfaction! \u2728","robots":{"index":"index","follow":"follow","max-snippet":"max-snippet:-1","max-image-preview":"max-image-preview:large","max-video-preview":"max-video-preview:-1"},"canonical":"https:\/\/groupecoiff.com\/en\/product-2\/asta-premium-pedicure-chair\/","og_locale":"en_US","og_type":"article","og_title":"Fauteuil de P\u00e9dicure ASTA Premium","og_description":"Transformez votre institut de beaut\u00e9 avec le fauteuil de p\u00e9dicure ASTA Premium. Alliez luxe et modernit\u00e9 pour une satisfaction client garantie ! \u2728","og_url":"https:\/\/groupecoiff.com\/en\/product-2\/asta-premium-pedicure-chair\/","og_site_name":"Groupe Coiff","article_publisher":"https:\/\/www.facebook.com\/GroupeCoiff","article_modified_time":"2026-06-24T11:51:18+00:00","og_image":[{"width":650,"height":650,"url":"https:\/\/groupecoiff.com\/wp-content\/uploads\/2026\/06\/ASTA-Premium-2.webp","type":"image\/webp"}],"twitter_card":"summary_large_image","twitter_site":"@groupecoiff","twitter_misc":{"Price":"1590,00&nbsp;&euro;","Availability":"In stock"},"schema":{"@context":"https:\/\/schema.org","@graph":[{"@type":"WebPage","@id":"https:\/\/groupecoiff.com\/produit\/fauteuil-de-pedicure-asta-premium\/","url":"https:\/\/groupecoiff.com\/produit\/fauteuil-de-pedicure-asta-premium\/","name":"ASTA Premium Pedicure Chair: Comfort and Elegance - Groupe Coiff","isPartOf":{"@id":"https:\/\/groupecoiff.com\/#website"},"primaryImageOfPage":{"@id":"https:\/\/groupecoiff.com\/produit\/fauteuil-de-pedicure-asta-premium\/#primaryimage"},"image":{"@id":"https:\/\/groupecoiff.com\/produit\/fauteuil-de-pedicure-asta-premium\/#primaryimage"},"thumbnailUrl":"https:\/\/groupecoiff.com\/wp-content\/uploads\/2026\/06\/ASTA-Premium-2.webp","datePublished":"2026-06-24T11:51:17+00:00","dateModified":"2026-06-24T11:51:18+00:00","description":"Transform your beauty salon with the ASTA Premium pedicure chair. Combine luxury and modernity for guaranteed customer satisfaction! \u2728","breadcrumb":{"@id":"https:\/\/groupecoiff.com\/produit\/fauteuil-de-pedicure-asta-premium\/#breadcrumb"},"inLanguage":"en-US","potentialAction":[{"@type":"ReadAction","target":["https:\/\/groupecoiff.com\/produit\/fauteuil-de-pedicure-asta-premium\/"]}]},{"@type":"ImageObject","inLanguage":"en-US","@id":"https:\/\/groupecoiff.com\/produit\/fauteuil-de-pedicure-asta-premium\/#primaryimage","url":"https:\/\/groupecoiff.com\/wp-content\/uploads\/2026\/06\/ASTA-Premium-2.webp","contentUrl":"https:\/\/groupecoiff.com\/wp-content\/uploads\/2026\/06\/ASTA-Premium-2.webp","width":650,"height":650,"caption":"Voici les meilleurs mots-cl\u00e9s SEO, strat\u00e9giquement s\u00e9lectionn\u00e9s et optimis\u00e9s pour le r\u00e9f\u00e9rencement naturel d'un fauteuil de p\u00e9dicure haut de gamme comme le mod\u00e8le ASTA Premium. Ils sont class\u00e9s par intention de recherche et s\u00e9par\u00e9s par le caract\u00e8re demand\u00e9 : fauteuil_de_p\u00e9dicure_professionnel_\u2022*mobilier_esth\u00e9tique_haut_de_gamme*\u2022*poste_p\u00e9dicure_avec_lavabo*\u2022*station_p\u00e9dicure_spa*\u2022*fauteuil_p\u00e9dicure_capitonn\u00e9*\u2022*\u00e9quipement_salon_de_beaut\u00e9*\u2022*bac_lave_pieds_int\u00e9gr\u00e9*\u2022*fauteuil_p\u00e9dicure_luxe*\u2022*mobilier_onglerie_premium*\u2022_tr\u00f4ne_de_p\u00e9dicure_professionnel"},{"@type":"BreadcrumbList","@id":"https:\/\/groupecoiff.com\/produit\/fauteuil-de-pedicure-asta-premium\/#breadcrumb","itemListElement":[{"@type":"ListItem","position":1,"name":"Accueil","item":"https:\/\/groupecoiff.com\/"},{"@type":"ListItem","position":2,"name":"Boutique","item":"https:\/\/groupecoiff.com\/boutique\/"},{"@type":"ListItem","position":3,"name":"Fauteuil de P\u00e9dicure ASTA Premium"}]},{"@type":"WebSite","@id":"https:\/\/groupecoiff.com\/#website","url":"https:\/\/groupecoiff.com\/","name":"Coiff Group","description":"Everything for the hairdresser","publisher":{"@id":"https:\/\/groupecoiff.com\/#organization"},"potentialAction":[{"@type":"SearchAction","target":{"@type":"EntryPoint","urlTemplate":"https:\/\/groupecoiff.com\/?s={search_term_string}"},"query-input":{"@type":"PropertyValueSpecification","valueRequired":true,"valueName":"search_term_string"}}],"inLanguage":"en-US"},{"@type":"Organization","@id":"https:\/\/groupecoiff.com\/#organization","name":"Coiff Group","alternateName":"Groupe Coiff : Le Mobilier De Coiffure Haut de Gamme Pour Une \u00c9l\u00e9gance In\u00e9gal\u00e9e","url":"https:\/\/groupecoiff.com\/","logo":{"@type":"ImageObject","inLanguage":"en-US","@id":"https:\/\/groupecoiff.com\/#\/schema\/logo\/image\/","url":"https:\/\/groupecoiff.com\/wp-content\/uploads\/2024\/01\/cropped-Groupe-Coiff-Logo.webp","contentUrl":"https:\/\/groupecoiff.com\/wp-content\/uploads\/2024\/01\/cropped-Groupe-Coiff-Logo.webp","width":512,"height":512,"caption":"Groupe Coiff"},"image":{"@id":"https:\/\/groupecoiff.com\/#\/schema\/logo\/image\/"},"sameAs":["https:\/\/www.facebook.com\/GroupeCoiff","https:\/\/x.com\/groupecoiff","https:\/\/www.instagram.com\/groupecoiff\/","https:\/\/www.tiktok.com\/@groupecoiff","https:\/\/www.youtube.com\/@groupecoiff","https:\/\/twitter.com\/groupecoiff","https:\/\/www.leboncoin.fr\/boutique\/3961302\/groupe_coiff.htm"],"description":"Discover Groupe Coiff's top-of-the-range hairdressing furniture, combining elegance and functionality to enhance your salon and satisfy your customers.","email":"contact@groupecoiff.com","telephone":"0676951605","legalName":"Groupe Coiff","foundingDate":"2022-11-16","vatID":"FR84921406419","taxID":"92140641900025"}]},"product_price_amount":"1590.00","product_price_currency":"EUR","og_availability":"instock","product_availability":"instock","product_condition":"new"},"_links":{"self":[{"href":"https:\/\/groupecoiff.com\/en\/wp-json\/wp\/v2\/product\/54538","targetHints":{"allow":["GET"]}}],"collection":[{"href":"https:\/\/groupecoiff.com\/en\/wp-json\/wp\/v2\/product"}],"about":[{"href":"https:\/\/groupecoiff.com\/en\/wp-json\/wp\/v2\/types\/product"}],"replies":[{"embeddable":true,"href":"https:\/\/groupecoiff.com\/en\/wp-json\/wp\/v2\/comments?post=54538"}],"version-history":[{"count":1,"href":"https:\/\/groupecoiff.com\/en\/wp-json\/wp\/v2\/product\/54538\/revisions"}],"predecessor-version":[{"id":54548,"href":"https:\/\/groupecoiff.com\/en\/wp-json\/wp\/v2\/product\/54538\/revisions\/54548"}],"wp:featuredmedia":[{"embeddable":true,"href":"https:\/\/groupecoiff.com\/en\/wp-json\/wp\/v2\/media\/54540"}],"wp:attachment":[{"href":"https:\/\/groupecoiff.com\/en\/wp-json\/wp\/v2\/media?parent=54538"}],"wp:term":[{"taxonomy":"product_brand","embeddable":true,"href":"https:\/\/groupecoiff.com\/en\/wp-json\/wp\/v2\/product_brand?post=54538"},{"taxonomy":"product_cat","embeddable":true,"href":"https:\/\/groupecoiff.com\/en\/wp-json\/wp\/v2\/product_cat?post=54538"},{"taxonomy":"product_tag","embeddable":true,"href":"https:\/\/groupecoiff.com\/en\/wp-json\/wp\/v2\/product_tag?post=54538"}],"curies":[{"name":"wp","href":"https:\/\/api.w.org\/{rel}","templated":true}]}}