{"id":54574,"date":"2026-06-25T13:47:11","date_gmt":"2026-06-25T11:47:11","guid":{"rendered":"https:\/\/groupecoiff.com\/?post_type=product&#038;p=54574"},"modified":"2026-08-28T20:55:13","modified_gmt":"2026-08-28T18:55:13","slug":"astra-plus-manicure-table","status":"publish","type":"product","link":"https:\/\/groupecoiff.com\/en\/produit\/table-de-manucure-astra-plus\/","title":{"rendered":"ASTRA Plus Manicure Table"},"content":{"rendered":"<h3>ASTRA Plus Manicure Table: The Excellence of High-End Aesthetic Furniture<\/h3>\n<p>The ASTRA Plus professional manicure table reinvents the layout of prestigious beauty salons. This high-end model combines fluid lines with remarkable functionality. This creates a luxurious and perfectly organized work environment in your salon.<\/p>\n<h4>Innovative Modularity for a Custom Nails Space<\/h4>\n<p>Firstly, this manicure table can be used as an individual station or assembled into multiple modules. Furthermore, its matte white or glossy white and black structure allows for perfect integration into your decor.<\/p>\n<h4>Connected Ergonomics Dedicated to Absolute Comfort<\/h4>\n<p>The workspace features a clever cable manager to effectively conceal all the electrical cords of your devices. Secure outlets also make it easy to quickly plug in your nail technician equipment. Finally, reversible shelves (that can be positioned on the right or the left) adapt to your space to enhance the display of your nail polishes and personalize your layout.<\/p>\n<h4>Perfect Dimensions and High-Tech Options<\/h4>\n<p>This high-end aesthetic furniture offers ideal features to optimize your daily care:<\/p>\n<ul>\n<li>Cabinet proportions: A length of 140 cm, a width of 50 cm, and a total height of 120 cm.<\/li>\n<li>Integrated extraction of your choice: a motorless option, a quiet Turbo 200 version, or the ultra-powerful Turbo 400.<\/li>\n<li>Mobile storage <strong><a href=\"https:\/\/groupecoiff.com\/en\/product-2\/pia-storage-unit\/\">PIA<\/a> <\/strong>An optional three-drawer castered pedestal that fits discreetly under the desktop.<\/li>\n<li>Targeted lighting: Full compatibility with our professional bridge or half-moon LED lamps.<\/li>\n<\/ul>\n<h4>A Strategic Choice to Increase Your Revenue<\/h4>\n<p>Finally, purchasing this high-end furniture immediately enhances your nail bar's brand image. Each piece is carefully made to order within a 1\u20134 week timeframe. Order this model today to offer your clients an unforgettable experience.<\/p>","protected":false},"excerpt":{"rendered":"<p>Transform your treatment space with the ASTRA Manicure Table. Choose from multiple colors for a personalized design!<\/p>","protected":false},"featured_media":58019,"comment_status":"open","ping_status":"closed","template":"","meta":{"googlesitekit_rrm_CAow0YCiDA:productID":"","jetpack_publicize_message":"","jetpack_publicize_feature_enabled":true,"jetpack_social_post_already_shared":true,"jetpack_social_options":{"image_generator_settings":{"template":"highway","default_image_id":0,"font":"","enabled":false},"version":2}},"product_brand":[661],"product_cat":[78],"product_tag":[368,513,548],"class_list":["post-54574","product","type-product","status-publish","has-post-thumbnail","product_brand-pieruccigroup","product_cat-table-manicure","product_tag-mobilier-esthetique-professionnel","product_tag-table-de-manucure-avec-aspirateur","product_tag-table-de-manucure-professionnelle","first","instock","sale","taxable","shipping-taxable","purchasable","product-type-simple"],"yoast_head":"<!-- This site is optimized with the Yoast SEO Premium plugin v28.4 (Yoast SEO v28.4) - https:\/\/yoast.com\/product\/yoast-seo-premium-wordpress\/ -->\n<title>Table de Manucure ASTRA Plus: Luxe et Fonctionnalit\u00e9 - Groupe Coiff<\/title>\n<meta name=\"description\" content=\"D\u00e9couvrez la Table de Manucure ASTRA Plus, synonyme de luxe et d\u2019ordre dans votre salon. \u00c9quipez-vous et am\u00e9liorez votre espace de travail ! \u2728\" \/>\n<meta name=\"robots\" content=\"index, follow, max-snippet:-1, max-image-preview:large, max-video-preview:-1\" \/>\n<link rel=\"canonical\" href=\"https:\/\/groupecoiff.com\/en\/product-2\/astra-plus-manicure-table\/\" \/>\n<meta property=\"og:locale\" content=\"en_US\" \/>\n<meta property=\"og:type\" content=\"article\" \/>\n<meta property=\"og:title\" content=\"Table de Manucure ASTRA Plus\" \/>\n<meta property=\"og:description\" content=\"D\u00e9couvrez la Table de Manucure ASTRA Plus, synonyme de luxe et d\u2019ordre dans votre salon. \u00c9quipez-vous et am\u00e9liorez votre espace de travail ! \u2728\" \/>\n<meta property=\"og:url\" content=\"https:\/\/groupecoiff.com\/en\/product-2\/astra-plus-manicure-table\/\" \/>\n<meta property=\"og:site_name\" content=\"Groupe Coiff\" \/>\n<meta property=\"article:publisher\" content=\"https:\/\/www.facebook.com\/GroupeCoiff\" \/>\n<meta property=\"article:modified_time\" content=\"2026-08-28T18:55:13+00:00\" \/>\n<meta property=\"og:image\" content=\"https:\/\/groupecoiff.com\/wp-content\/uploads\/2026\/06\/Astra-plus-Table.webp\" \/>\n\t<meta property=\"og:image:width\" content=\"650\" \/>\n\t<meta property=\"og:image:height\" content=\"651\" \/>\n\t<meta property=\"og:image:type\" content=\"image\/webp\" \/>\n<meta name=\"twitter:card\" content=\"summary_large_image\" \/>\n<meta name=\"twitter:site\" content=\"@groupecoiff\" \/>\n<meta name=\"twitter:label1\" content=\"Price\" \/>\n\t<meta name=\"twitter:data1\" content=\"1090,00&nbsp;&euro;\" \/>\n\t<meta name=\"twitter:label2\" content=\"Availability\" \/>\n\t<meta name=\"twitter:data2\" content=\"In stock\" \/>\n<script type=\"application\/ld+json\" class=\"yoast-schema-graph\">{\"@context\":\"https:\\\/\\\/schema.org\",\"@graph\":[{\"@type\":\"WebPage\",\"@id\":\"https:\\\/\\\/groupecoiff.com\\\/produit\\\/table-de-manucure-astra-plus\\\/\",\"url\":\"https:\\\/\\\/groupecoiff.com\\\/produit\\\/table-de-manucure-astra-plus\\\/\",\"name\":\"Table de Manucure ASTRA Plus: Luxe et Fonctionnalit\u00e9 - Groupe Coiff\",\"isPartOf\":{\"@id\":\"https:\\\/\\\/groupecoiff.com\\\/#website\"},\"primaryImageOfPage\":{\"@id\":\"https:\\\/\\\/groupecoiff.com\\\/produit\\\/table-de-manucure-astra-plus\\\/#primaryimage\"},\"image\":{\"@id\":\"https:\\\/\\\/groupecoiff.com\\\/produit\\\/table-de-manucure-astra-plus\\\/#primaryimage\"},\"thumbnailUrl\":\"https:\\\/\\\/groupecoiff.com\\\/wp-content\\\/uploads\\\/2026\\\/06\\\/Astra-plus-Table.webp\",\"datePublished\":\"2026-06-25T11:47:11+00:00\",\"dateModified\":\"2026-08-28T18:55:13+00:00\",\"description\":\"D\u00e9couvrez la Table de Manucure ASTRA Plus, synonyme de luxe et d\u2019ordre dans votre salon. \u00c9quipez-vous et am\u00e9liorez votre espace de travail ! \u2728\",\"breadcrumb\":{\"@id\":\"https:\\\/\\\/groupecoiff.com\\\/produit\\\/table-de-manucure-astra-plus\\\/#breadcrumb\"},\"inLanguage\":\"en-US\",\"potentialAction\":[{\"@type\":\"ReadAction\",\"target\":[\"https:\\\/\\\/groupecoiff.com\\\/produit\\\/table-de-manucure-astra-plus\\\/\"]}]},{\"@type\":\"ImageObject\",\"inLanguage\":\"en-US\",\"@id\":\"https:\\\/\\\/groupecoiff.com\\\/produit\\\/table-de-manucure-astra-plus\\\/#primaryimage\",\"url\":\"https:\\\/\\\/groupecoiff.com\\\/wp-content\\\/uploads\\\/2026\\\/06\\\/Astra-plus-Table.webp\",\"contentUrl\":\"https:\\\/\\\/groupecoiff.com\\\/wp-content\\\/uploads\\\/2026\\\/06\\\/Astra-plus-Table.webp\",\"width\":650,\"height\":651,\"caption\":\"table de manucure professionnelle - table nails luxe - mobilier esth\u00e9tique haut de gamme - mobilier de p\u00e9dicure professionnel - table_manucure haut de gamme - \u00e9quipement onglerie premium - table manucure_avec aspirateur - comptoir ongles design - meuble manucure professionnel - agencement salon de coiffure\"},{\"@type\":\"BreadcrumbList\",\"@id\":\"https:\\\/\\\/groupecoiff.com\\\/produit\\\/table-de-manucure-astra-plus\\\/#breadcrumb\",\"itemListElement\":[{\"@type\":\"ListItem\",\"position\":1,\"name\":\"Accueil\",\"item\":\"https:\\\/\\\/groupecoiff.com\\\/\"},{\"@type\":\"ListItem\",\"position\":2,\"name\":\"Boutique\",\"item\":\"https:\\\/\\\/groupecoiff.com\\\/boutique\\\/\"},{\"@type\":\"ListItem\",\"position\":3,\"name\":\"Table de Manucure ASTRA Plus\"}]},{\"@type\":\"WebSite\",\"@id\":\"https:\\\/\\\/groupecoiff.com\\\/#website\",\"url\":\"https:\\\/\\\/groupecoiff.com\\\/\",\"name\":\"Groupe Coiff\",\"description\":\"Tout pour la coiffure\",\"publisher\":{\"@id\":\"https:\\\/\\\/groupecoiff.com\\\/#organization\"},\"potentialAction\":[{\"@type\":\"SearchAction\",\"target\":{\"@type\":\"EntryPoint\",\"urlTemplate\":\"https:\\\/\\\/groupecoiff.com\\\/?s={search_term_string}\"},\"query-input\":{\"@type\":\"PropertyValueSpecification\",\"valueRequired\":true,\"valueName\":\"search_term_string\"}}],\"inLanguage\":\"en-US\"},{\"@type\":\"Organization\",\"@id\":\"https:\\\/\\\/groupecoiff.com\\\/#organization\",\"name\":\"Groupe Coiff\",\"alternateName\":\"Groupe Coiff : Le Mobilier De Coiffure Haut de Gamme Pour Une \u00c9l\u00e9gance In\u00e9gal\u00e9e\",\"url\":\"https:\\\/\\\/groupecoiff.com\\\/\",\"logo\":{\"@type\":\"ImageObject\",\"inLanguage\":\"en-US\",\"@id\":\"https:\\\/\\\/groupecoiff.com\\\/#\\\/schema\\\/logo\\\/image\\\/\",\"url\":\"https:\\\/\\\/groupecoiff.com\\\/wp-content\\\/uploads\\\/2024\\\/01\\\/cropped-Groupe-Coiff-Logo.webp\",\"contentUrl\":\"https:\\\/\\\/groupecoiff.com\\\/wp-content\\\/uploads\\\/2024\\\/01\\\/cropped-Groupe-Coiff-Logo.webp\",\"width\":512,\"height\":512,\"caption\":\"Groupe Coiff\"},\"image\":{\"@id\":\"https:\\\/\\\/groupecoiff.com\\\/#\\\/schema\\\/logo\\\/image\\\/\"},\"sameAs\":[\"https:\\\/\\\/www.facebook.com\\\/GroupeCoiff\",\"https:\\\/\\\/x.com\\\/groupecoiff\",\"https:\\\/\\\/www.instagram.com\\\/groupecoiff\\\/\",\"https:\\\/\\\/www.tiktok.com\\\/@groupecoiff\",\"https:\\\/\\\/www.youtube.com\\\/@groupecoiff\",\"https:\\\/\\\/twitter.com\\\/groupecoiff\",\"https:\\\/\\\/www.leboncoin.fr\\\/boutique\\\/3961302\\\/groupe_coiff.htm\"],\"description\":\"D\u00e9couvrez le mobilier de coiffure haut de gamme de Groupe Coiff, alliant \u00e9l\u00e9gance et fonctionnalit\u00e9 pour sublimer votre salon et satisfaire vos clients.\",\"email\":\"contact@groupecoiff.com\",\"telephone\":\"0676951605\",\"legalName\":\"Groupe Coiff\",\"foundingDate\":\"2022-11-16\",\"vatID\":\"FR84921406419\",\"taxID\":\"92140641900025\"}]}<\/script>\n<meta property=\"product:price:amount\" content=\"1090.00\" \/>\n<meta property=\"product:price:currency\" content=\"EUR\" \/>\n<meta property=\"og:availability\" content=\"instock\" \/>\n<meta property=\"product:availability\" content=\"instock\" \/>\n<meta property=\"product:condition\" content=\"new\" \/>\n<!-- \/ Yoast SEO Premium plugin. -->","yoast_head_json":{"title":"ASTRA Plus Manicure Table: Luxury and Functionality - Groupe Coiff","description":"Discover the ASTRA Plus Manicure Table, the epitome of luxury and order for your salon. Equip yourself and enhance your workspace! \u2728","robots":{"index":"index","follow":"follow","max-snippet":"max-snippet:-1","max-image-preview":"max-image-preview:large","max-video-preview":"max-video-preview:-1"},"canonical":"https:\/\/groupecoiff.com\/en\/product-2\/astra-plus-manicure-table\/","og_locale":"en_US","og_type":"article","og_title":"Table de Manucure ASTRA Plus","og_description":"D\u00e9couvrez la Table de Manucure ASTRA Plus, synonyme de luxe et d\u2019ordre dans votre salon. \u00c9quipez-vous et am\u00e9liorez votre espace de travail ! \u2728","og_url":"https:\/\/groupecoiff.com\/en\/product-2\/astra-plus-manicure-table\/","og_site_name":"Groupe Coiff","article_publisher":"https:\/\/www.facebook.com\/GroupeCoiff","article_modified_time":"2026-08-28T18:55:13+00:00","og_image":[{"width":650,"height":651,"url":"https:\/\/groupecoiff.com\/wp-content\/uploads\/2026\/06\/Astra-plus-Table.webp","type":"image\/webp"}],"twitter_card":"summary_large_image","twitter_site":"@groupecoiff","twitter_misc":{"Price":"1090,00&nbsp;&euro;","Availability":"In stock"},"schema":{"@context":"https:\/\/schema.org","@graph":[{"@type":"WebPage","@id":"https:\/\/groupecoiff.com\/produit\/table-de-manucure-astra-plus\/","url":"https:\/\/groupecoiff.com\/produit\/table-de-manucure-astra-plus\/","name":"ASTRA Plus Manicure Table: Luxury and Functionality - Groupe Coiff","isPartOf":{"@id":"https:\/\/groupecoiff.com\/#website"},"primaryImageOfPage":{"@id":"https:\/\/groupecoiff.com\/produit\/table-de-manucure-astra-plus\/#primaryimage"},"image":{"@id":"https:\/\/groupecoiff.com\/produit\/table-de-manucure-astra-plus\/#primaryimage"},"thumbnailUrl":"https:\/\/groupecoiff.com\/wp-content\/uploads\/2026\/06\/Astra-plus-Table.webp","datePublished":"2026-06-25T11:47:11+00:00","dateModified":"2026-08-28T18:55:13+00:00","description":"Discover the ASTRA Plus Manicure Table, the epitome of luxury and order for your salon. Equip yourself and enhance your workspace! \u2728","breadcrumb":{"@id":"https:\/\/groupecoiff.com\/produit\/table-de-manucure-astra-plus\/#breadcrumb"},"inLanguage":"en-US","potentialAction":[{"@type":"ReadAction","target":["https:\/\/groupecoiff.com\/produit\/table-de-manucure-astra-plus\/"]}]},{"@type":"ImageObject","inLanguage":"en-US","@id":"https:\/\/groupecoiff.com\/produit\/table-de-manucure-astra-plus\/#primaryimage","url":"https:\/\/groupecoiff.com\/wp-content\/uploads\/2026\/06\/Astra-plus-Table.webp","contentUrl":"https:\/\/groupecoiff.com\/wp-content\/uploads\/2026\/06\/Astra-plus-Table.webp","width":650,"height":651,"caption":"table de manucure professionnelle - table nails luxe - mobilier esth\u00e9tique haut de gamme - mobilier de p\u00e9dicure professionnel - table_manucure haut de gamme - \u00e9quipement onglerie premium - table manucure_avec aspirateur - comptoir ongles design - meuble manucure professionnel - agencement salon de coiffure"},{"@type":"BreadcrumbList","@id":"https:\/\/groupecoiff.com\/produit\/table-de-manucure-astra-plus\/#breadcrumb","itemListElement":[{"@type":"ListItem","position":1,"name":"Accueil","item":"https:\/\/groupecoiff.com\/"},{"@type":"ListItem","position":2,"name":"Boutique","item":"https:\/\/groupecoiff.com\/boutique\/"},{"@type":"ListItem","position":3,"name":"Table de Manucure ASTRA Plus"}]},{"@type":"WebSite","@id":"https:\/\/groupecoiff.com\/#website","url":"https:\/\/groupecoiff.com\/","name":"Coiff Group","description":"Everything for the hairdresser","publisher":{"@id":"https:\/\/groupecoiff.com\/#organization"},"potentialAction":[{"@type":"SearchAction","target":{"@type":"EntryPoint","urlTemplate":"https:\/\/groupecoiff.com\/?s={search_term_string}"},"query-input":{"@type":"PropertyValueSpecification","valueRequired":true,"valueName":"search_term_string"}}],"inLanguage":"en-US"},{"@type":"Organization","@id":"https:\/\/groupecoiff.com\/#organization","name":"Coiff Group","alternateName":"Groupe Coiff : Le Mobilier De Coiffure Haut de Gamme Pour Une \u00c9l\u00e9gance In\u00e9gal\u00e9e","url":"https:\/\/groupecoiff.com\/","logo":{"@type":"ImageObject","inLanguage":"en-US","@id":"https:\/\/groupecoiff.com\/#\/schema\/logo\/image\/","url":"https:\/\/groupecoiff.com\/wp-content\/uploads\/2024\/01\/cropped-Groupe-Coiff-Logo.webp","contentUrl":"https:\/\/groupecoiff.com\/wp-content\/uploads\/2024\/01\/cropped-Groupe-Coiff-Logo.webp","width":512,"height":512,"caption":"Groupe Coiff"},"image":{"@id":"https:\/\/groupecoiff.com\/#\/schema\/logo\/image\/"},"sameAs":["https:\/\/www.facebook.com\/GroupeCoiff","https:\/\/x.com\/groupecoiff","https:\/\/www.instagram.com\/groupecoiff\/","https:\/\/www.tiktok.com\/@groupecoiff","https:\/\/www.youtube.com\/@groupecoiff","https:\/\/twitter.com\/groupecoiff","https:\/\/www.leboncoin.fr\/boutique\/3961302\/groupe_coiff.htm"],"description":"Discover Groupe Coiff's top-of-the-range hairdressing furniture, combining elegance and functionality to enhance your salon and satisfy your customers.","email":"contact@groupecoiff.com","telephone":"0676951605","legalName":"Groupe Coiff","foundingDate":"2022-11-16","vatID":"FR84921406419","taxID":"92140641900025"}]},"product_price_amount":"1090.00","product_price_currency":"EUR","og_availability":"instock","product_availability":"instock","product_condition":"new"},"jetpack_publicize_connections":[],"jetpack_likes_enabled":true,"jetpack_sharing_enabled":true,"_links":{"self":[{"href":"https:\/\/groupecoiff.com\/en\/wp-json\/wp\/v2\/product\/54574","targetHints":{"allow":["GET"]}}],"collection":[{"href":"https:\/\/groupecoiff.com\/en\/wp-json\/wp\/v2\/product"}],"about":[{"href":"https:\/\/groupecoiff.com\/en\/wp-json\/wp\/v2\/types\/product"}],"replies":[{"embeddable":true,"href":"https:\/\/groupecoiff.com\/en\/wp-json\/wp\/v2\/comments?post=54574"}],"version-history":[{"count":2,"href":"https:\/\/groupecoiff.com\/en\/wp-json\/wp\/v2\/product\/54574\/revisions"}],"predecessor-version":[{"id":58017,"href":"https:\/\/groupecoiff.com\/en\/wp-json\/wp\/v2\/product\/54574\/revisions\/58017"}],"wp:featuredmedia":[{"embeddable":true,"href":"https:\/\/groupecoiff.com\/en\/wp-json\/wp\/v2\/media\/58019"}],"wp:attachment":[{"href":"https:\/\/groupecoiff.com\/en\/wp-json\/wp\/v2\/media?parent=54574"}],"wp:term":[{"taxonomy":"product_brand","embeddable":true,"href":"https:\/\/groupecoiff.com\/en\/wp-json\/wp\/v2\/product_brand?post=54574"},{"taxonomy":"product_cat","embeddable":true,"href":"https:\/\/groupecoiff.com\/en\/wp-json\/wp\/v2\/product_cat?post=54574"},{"taxonomy":"product_tag","embeddable":true,"href":"https:\/\/groupecoiff.com\/en\/wp-json\/wp\/v2\/product_tag?post=54574"}],"curies":[{"name":"wp","href":"https:\/\/api.w.org\/{rel}","templated":true}]}}