{"id":58048,"date":"2026-08-30T15:59:58","date_gmt":"2026-08-30T13:59:58","guid":{"rendered":"https:\/\/groupecoiff.com\/?post_type=product&#038;p=58048"},"modified":"2026-08-30T18:36:31","modified_gmt":"2026-08-30T16:36:31","slug":"wall-mounted-vanity-show-i","status":"publish","type":"product","link":"https:\/\/groupecoiff.com\/en\/produit\/coiffeuse-murale-show-i\/","title":{"rendered":"SHOW I Wall-Mounted Styling Unit"},"content":{"rendered":"<div class=\"product-description\">\n<h3>Wall-Mounted Styling Unit Show I: The Excellence of Professional Design<\/h3>\n<p>First and foremost, the Show I wall-mounted styling unit radically transforms the atmosphere of your hair salon. In addition, it brilliantly combines a sleek, minimalist aesthetic with cutting-edge features. Consequently, your salon instantly gains in prestige and lasting appeal for your most demanding clients.<\/p>\n<h4>A Fully Custom High-End Furniture<\/h4>\n<p>On the one hand, each piece of furniture is crafted exclusively to order to ensure an impeccable finish. On the other hand, customization is expressed through a wide selection of over 20 panel finishes. Thus, this superb wall-mounted dressing table integrates harmoniously into your architectural environment. Furthermore, a manufacturing lead time of 2 to 5 weeks ensures exceptional durability.<\/p>\n<h4>Bright Finishes Designed for Daily Comfort<\/h4>\n<p>To begin with, the front of the unit features a white plexiglass panel with LED lighting or a black plexiglass option without lighting. In addition, to guarantee the absolute well-being of your clientele, a sturdy footrest is offered in a chrome, gold, or black finish. Finally, two built-in electrical outlets make it easy to power your hairdressing appliances.<\/p>\n<ul>\n<li>Reinforced and secure wall structure with solid steel mounting strips<\/li>\n<li>Choice of mirror: rectangular format 51 x 102 cm or round format 80 cm<\/li>\n<li>Optional LED mirror backlighting for optimal visual comfort<\/li>\n<li>Cleverly concealed power supply connected from underneath<\/li>\n<\/ul>\n<h4>Maintenance Tips and Precautions for Use<\/h4>\n<p>Certainly, the selected materials resist the intense activity of a modern hair salon perfectly. Nevertheless, the melamine surface requires some care to maintain its original shine. Therefore, avoid placing hot hair straighteners or unprotected coffee cups on it. By doing so, you will sustainably protect your investment.<\/p>\n<\/div>","protected":false},"excerpt":{"rendered":"<p>Bring prestige and refinement to your hair salon space with the Show I wall-mounted styling station. Each piece of furniture is made exclusively for you! \u2728<\/p>","protected":false},"featured_media":58049,"comment_status":"open","ping_status":"closed","template":"","meta":{"googlesitekit_rrm_CAow0YCiDA:productID":""},"product_brand":[594],"product_cat":[48],"product_tag":[367,535,547],"class_list":["post-58048","product","type-product","status-publish","has-post-thumbnail","product_brand-mila","product_cat-poste-de-coiffage-professionnel","product_tag-coiffeuse-pour-salon-de-coiffure","product_tag-mobilier-de-coiffure-professionnel","product_tag-poste-de-coiffage-salon-de-coiffure","first","instock","taxable","shipping-taxable","purchasable","product-type-simple"],"yoast_head":"<!-- This site is optimized with the Yoast SEO Premium plugin v28.3 (Yoast SEO v28.3) - https:\/\/yoast.com\/product\/yoast-seo-premium-wordpress\/ -->\n<title>Coiffeuse Murale Show I: Esth\u00e9tique et Prestige Instantan\u00e9s - Groupe Coiff<\/title>\n<meta name=\"description\" content=\"Transformez votre salon avec la coiffeuse murale Show I, alliant esth\u00e9tique minimaliste et fonctionnalit\u00e9s avanc\u00e9es. Commandez-la sur mesure aujourd&#039;hui !\" \/>\n<meta name=\"robots\" content=\"index, follow, max-snippet:-1, max-image-preview:large, max-video-preview:-1\" \/>\n<link rel=\"canonical\" href=\"https:\/\/groupecoiff.com\/en\/product-2\/wall-mounted-vanity-show-i\/\" \/>\n<meta property=\"og:locale\" content=\"en_US\" \/>\n<meta property=\"og:type\" content=\"article\" \/>\n<meta property=\"og:title\" content=\"Coiffeuse Murale SHOW I\" \/>\n<meta property=\"og:description\" content=\"Transformez votre salon avec la coiffeuse murale Show I, alliant esth\u00e9tique minimaliste et fonctionnalit\u00e9s avanc\u00e9es. Commandez-la sur mesure aujourd&#039;hui !\" \/>\n<meta property=\"og:url\" content=\"https:\/\/groupecoiff.com\/en\/product-2\/wall-mounted-vanity-show-i\/\" \/>\n<meta property=\"og:site_name\" content=\"Groupe Coiff\" \/>\n<meta property=\"article:publisher\" content=\"https:\/\/www.facebook.com\/GroupeCoiff\" \/>\n<meta property=\"article:modified_time\" content=\"2026-08-30T16:36:31+00:00\" \/>\n<meta property=\"og:image\" content=\"https:\/\/groupecoiff.com\/wp-content\/uploads\/2026\/08\/Show-I-1.webp\" \/>\n\t<meta property=\"og:image:width\" content=\"650\" \/>\n\t<meta property=\"og:image:height\" content=\"650\" \/>\n\t<meta property=\"og:image:type\" content=\"image\/webp\" \/>\n<meta name=\"twitter:card\" content=\"summary_large_image\" \/>\n<meta name=\"twitter:site\" content=\"@groupecoiff\" \/>\n<meta name=\"twitter:label1\" content=\"Price\" \/>\n\t<meta name=\"twitter:data1\" content=\"749,00&nbsp;&euro;\" \/>\n\t<meta name=\"twitter:label2\" content=\"Availability\" \/>\n\t<meta name=\"twitter:data2\" content=\"In stock\" \/>\n<script type=\"application\/ld+json\" class=\"yoast-schema-graph\">{\"@context\":\"https:\\\/\\\/schema.org\",\"@graph\":[{\"@type\":\"WebPage\",\"@id\":\"https:\\\/\\\/groupecoiff.com\\\/produit\\\/coiffeuse-murale-show-i\\\/\",\"url\":\"https:\\\/\\\/groupecoiff.com\\\/produit\\\/coiffeuse-murale-show-i\\\/\",\"name\":\"Coiffeuse Murale Show I: Esth\u00e9tique et Prestige Instantan\u00e9s - Groupe Coiff\",\"isPartOf\":{\"@id\":\"https:\\\/\\\/groupecoiff.com\\\/#website\"},\"primaryImageOfPage\":{\"@id\":\"https:\\\/\\\/groupecoiff.com\\\/produit\\\/coiffeuse-murale-show-i\\\/#primaryimage\"},\"image\":{\"@id\":\"https:\\\/\\\/groupecoiff.com\\\/produit\\\/coiffeuse-murale-show-i\\\/#primaryimage\"},\"thumbnailUrl\":\"https:\\\/\\\/groupecoiff.com\\\/wp-content\\\/uploads\\\/2026\\\/08\\\/Show-I-1.webp\",\"datePublished\":\"2026-08-30T13:59:58+00:00\",\"dateModified\":\"2026-08-30T16:36:31+00:00\",\"description\":\"Transformez votre salon avec la coiffeuse murale Show I, alliant esth\u00e9tique minimaliste et fonctionnalit\u00e9s avanc\u00e9es. Commandez-la sur mesure aujourd'hui !\",\"breadcrumb\":{\"@id\":\"https:\\\/\\\/groupecoiff.com\\\/produit\\\/coiffeuse-murale-show-i\\\/#breadcrumb\"},\"inLanguage\":\"en-US\",\"potentialAction\":[{\"@type\":\"ReadAction\",\"target\":[\"https:\\\/\\\/groupecoiff.com\\\/produit\\\/coiffeuse-murale-show-i\\\/\"]}]},{\"@type\":\"ImageObject\",\"inLanguage\":\"en-US\",\"@id\":\"https:\\\/\\\/groupecoiff.com\\\/produit\\\/coiffeuse-murale-show-i\\\/#primaryimage\",\"url\":\"https:\\\/\\\/groupecoiff.com\\\/wp-content\\\/uploads\\\/2026\\\/08\\\/Show-I-1.webp\",\"contentUrl\":\"https:\\\/\\\/groupecoiff.com\\\/wp-content\\\/uploads\\\/2026\\\/08\\\/Show-I-1.webp\",\"width\":650,\"height\":650,\"caption\":\"coiffeuse centrale -coiffeuse murale - mobilier salon de coiffure - coiffeuse professionnelle - miroir coiffeuse - meuble coiffure sur mesure - coiffeur design - station de coiffure - coiffeuse led - coiffeuse avec prises - repose-pieds coiffure - miroir rond coiffure - miroir rectangulaire - salon design - am\u00e9nagement salon - mobilier professionnel\"},{\"@type\":\"BreadcrumbList\",\"@id\":\"https:\\\/\\\/groupecoiff.com\\\/produit\\\/coiffeuse-murale-show-i\\\/#breadcrumb\",\"itemListElement\":[{\"@type\":\"ListItem\",\"position\":1,\"name\":\"Accueil\",\"item\":\"https:\\\/\\\/groupecoiff.com\\\/\"},{\"@type\":\"ListItem\",\"position\":2,\"name\":\"Boutique\",\"item\":\"https:\\\/\\\/groupecoiff.com\\\/boutique\\\/\"},{\"@type\":\"ListItem\",\"position\":3,\"name\":\"Coiffeuse Murale SHOW I\"}]},{\"@type\":\"WebSite\",\"@id\":\"https:\\\/\\\/groupecoiff.com\\\/#website\",\"url\":\"https:\\\/\\\/groupecoiff.com\\\/\",\"name\":\"Groupe Coiff\",\"description\":\"Tout pour la coiffure\",\"publisher\":{\"@id\":\"https:\\\/\\\/groupecoiff.com\\\/#organization\"},\"potentialAction\":[{\"@type\":\"SearchAction\",\"target\":{\"@type\":\"EntryPoint\",\"urlTemplate\":\"https:\\\/\\\/groupecoiff.com\\\/?s={search_term_string}\"},\"query-input\":{\"@type\":\"PropertyValueSpecification\",\"valueRequired\":true,\"valueName\":\"search_term_string\"}}],\"inLanguage\":\"en-US\"},{\"@type\":\"Organization\",\"@id\":\"https:\\\/\\\/groupecoiff.com\\\/#organization\",\"name\":\"Groupe Coiff\",\"alternateName\":\"Groupe Coiff : Le Mobilier De Coiffure Haut de Gamme Pour Une \u00c9l\u00e9gance In\u00e9gal\u00e9e\",\"url\":\"https:\\\/\\\/groupecoiff.com\\\/\",\"logo\":{\"@type\":\"ImageObject\",\"inLanguage\":\"en-US\",\"@id\":\"https:\\\/\\\/groupecoiff.com\\\/#\\\/schema\\\/logo\\\/image\\\/\",\"url\":\"https:\\\/\\\/groupecoiff.com\\\/wp-content\\\/uploads\\\/2024\\\/01\\\/cropped-Groupe-Coiff-Logo.webp\",\"contentUrl\":\"https:\\\/\\\/groupecoiff.com\\\/wp-content\\\/uploads\\\/2024\\\/01\\\/cropped-Groupe-Coiff-Logo.webp\",\"width\":512,\"height\":512,\"caption\":\"Groupe Coiff\"},\"image\":{\"@id\":\"https:\\\/\\\/groupecoiff.com\\\/#\\\/schema\\\/logo\\\/image\\\/\"},\"sameAs\":[\"https:\\\/\\\/www.facebook.com\\\/GroupeCoiff\",\"https:\\\/\\\/x.com\\\/groupecoiff\",\"https:\\\/\\\/www.instagram.com\\\/groupecoiff\\\/\",\"https:\\\/\\\/www.tiktok.com\\\/@groupecoiff\",\"https:\\\/\\\/www.youtube.com\\\/@groupecoiff\",\"https:\\\/\\\/twitter.com\\\/groupecoiff\",\"https:\\\/\\\/www.leboncoin.fr\\\/boutique\\\/3961302\\\/groupe_coiff.htm\"],\"description\":\"D\u00e9couvrez le mobilier de coiffure haut de gamme de Groupe Coiff, alliant \u00e9l\u00e9gance et fonctionnalit\u00e9 pour sublimer votre salon et satisfaire vos clients.\",\"email\":\"contact@groupecoiff.com\",\"telephone\":\"0676951605\",\"legalName\":\"Groupe Coiff\",\"foundingDate\":\"2022-11-16\",\"vatID\":\"FR84921406419\",\"taxID\":\"92140641900025\"}]}<\/script>\n<meta property=\"product:price:amount\" content=\"749.00\" \/>\n<meta property=\"product:price:currency\" content=\"EUR\" \/>\n<meta property=\"og:availability\" content=\"instock\" \/>\n<meta property=\"product:availability\" content=\"instock\" \/>\n<meta property=\"product:condition\" content=\"new\" \/>\n<!-- \/ Yoast SEO Premium plugin. -->","yoast_head_json":{"title":"Show I Wall-Mounted Styling Unit: Instant Aesthetics and Prestige - Groupe Coiff","description":"Transform your living room with the Show I wall-mounted vanity, combining minimalist aesthetics and advanced features. Order yours custom-made today!","robots":{"index":"index","follow":"follow","max-snippet":"max-snippet:-1","max-image-preview":"max-image-preview:large","max-video-preview":"max-video-preview:-1"},"canonical":"https:\/\/groupecoiff.com\/en\/product-2\/wall-mounted-vanity-show-i\/","og_locale":"en_US","og_type":"article","og_title":"Coiffeuse Murale SHOW I","og_description":"Transformez votre salon avec la coiffeuse murale Show I, alliant esth\u00e9tique minimaliste et fonctionnalit\u00e9s avanc\u00e9es. Commandez-la sur mesure aujourd'hui !","og_url":"https:\/\/groupecoiff.com\/en\/product-2\/wall-mounted-vanity-show-i\/","og_site_name":"Groupe Coiff","article_publisher":"https:\/\/www.facebook.com\/GroupeCoiff","article_modified_time":"2026-08-30T16:36:31+00:00","og_image":[{"width":650,"height":650,"url":"https:\/\/groupecoiff.com\/wp-content\/uploads\/2026\/08\/Show-I-1.webp","type":"image\/webp"}],"twitter_card":"summary_large_image","twitter_site":"@groupecoiff","twitter_misc":{"Price":"749,00&nbsp;&euro;","Availability":"In stock"},"schema":{"@context":"https:\/\/schema.org","@graph":[{"@type":"WebPage","@id":"https:\/\/groupecoiff.com\/produit\/coiffeuse-murale-show-i\/","url":"https:\/\/groupecoiff.com\/produit\/coiffeuse-murale-show-i\/","name":"Show I Wall-Mounted Styling Unit: Instant Aesthetics and Prestige - Groupe Coiff","isPartOf":{"@id":"https:\/\/groupecoiff.com\/#website"},"primaryImageOfPage":{"@id":"https:\/\/groupecoiff.com\/produit\/coiffeuse-murale-show-i\/#primaryimage"},"image":{"@id":"https:\/\/groupecoiff.com\/produit\/coiffeuse-murale-show-i\/#primaryimage"},"thumbnailUrl":"https:\/\/groupecoiff.com\/wp-content\/uploads\/2026\/08\/Show-I-1.webp","datePublished":"2026-08-30T13:59:58+00:00","dateModified":"2026-08-30T16:36:31+00:00","description":"Transform your living room with the Show I wall-mounted vanity, combining minimalist aesthetics and advanced features. Order yours custom-made today!","breadcrumb":{"@id":"https:\/\/groupecoiff.com\/produit\/coiffeuse-murale-show-i\/#breadcrumb"},"inLanguage":"en-US","potentialAction":[{"@type":"ReadAction","target":["https:\/\/groupecoiff.com\/produit\/coiffeuse-murale-show-i\/"]}]},{"@type":"ImageObject","inLanguage":"en-US","@id":"https:\/\/groupecoiff.com\/produit\/coiffeuse-murale-show-i\/#primaryimage","url":"https:\/\/groupecoiff.com\/wp-content\/uploads\/2026\/08\/Show-I-1.webp","contentUrl":"https:\/\/groupecoiff.com\/wp-content\/uploads\/2026\/08\/Show-I-1.webp","width":650,"height":650,"caption":"coiffeuse centrale -coiffeuse murale - mobilier salon de coiffure - coiffeuse professionnelle - miroir coiffeuse - meuble coiffure sur mesure - coiffeur design - station de coiffure - coiffeuse led - coiffeuse avec prises - repose-pieds coiffure - miroir rond coiffure - miroir rectangulaire - salon design - am\u00e9nagement salon - mobilier professionnel"},{"@type":"BreadcrumbList","@id":"https:\/\/groupecoiff.com\/produit\/coiffeuse-murale-show-i\/#breadcrumb","itemListElement":[{"@type":"ListItem","position":1,"name":"Accueil","item":"https:\/\/groupecoiff.com\/"},{"@type":"ListItem","position":2,"name":"Boutique","item":"https:\/\/groupecoiff.com\/boutique\/"},{"@type":"ListItem","position":3,"name":"Coiffeuse Murale SHOW I"}]},{"@type":"WebSite","@id":"https:\/\/groupecoiff.com\/#website","url":"https:\/\/groupecoiff.com\/","name":"Coiff Group","description":"Everything for the hairdresser","publisher":{"@id":"https:\/\/groupecoiff.com\/#organization"},"potentialAction":[{"@type":"SearchAction","target":{"@type":"EntryPoint","urlTemplate":"https:\/\/groupecoiff.com\/?s={search_term_string}"},"query-input":{"@type":"PropertyValueSpecification","valueRequired":true,"valueName":"search_term_string"}}],"inLanguage":"en-US"},{"@type":"Organization","@id":"https:\/\/groupecoiff.com\/#organization","name":"Coiff Group","alternateName":"Groupe Coiff : Le Mobilier De Coiffure Haut de Gamme Pour Une \u00c9l\u00e9gance In\u00e9gal\u00e9e","url":"https:\/\/groupecoiff.com\/","logo":{"@type":"ImageObject","inLanguage":"en-US","@id":"https:\/\/groupecoiff.com\/#\/schema\/logo\/image\/","url":"https:\/\/groupecoiff.com\/wp-content\/uploads\/2024\/01\/cropped-Groupe-Coiff-Logo.webp","contentUrl":"https:\/\/groupecoiff.com\/wp-content\/uploads\/2024\/01\/cropped-Groupe-Coiff-Logo.webp","width":512,"height":512,"caption":"Groupe Coiff"},"image":{"@id":"https:\/\/groupecoiff.com\/#\/schema\/logo\/image\/"},"sameAs":["https:\/\/www.facebook.com\/GroupeCoiff","https:\/\/x.com\/groupecoiff","https:\/\/www.instagram.com\/groupecoiff\/","https:\/\/www.tiktok.com\/@groupecoiff","https:\/\/www.youtube.com\/@groupecoiff","https:\/\/twitter.com\/groupecoiff","https:\/\/www.leboncoin.fr\/boutique\/3961302\/groupe_coiff.htm"],"description":"Discover Groupe Coiff's top-of-the-range hairdressing furniture, combining elegance and functionality to enhance your salon and satisfy your customers.","email":"contact@groupecoiff.com","telephone":"0676951605","legalName":"Groupe Coiff","foundingDate":"2022-11-16","vatID":"FR84921406419","taxID":"92140641900025"}]},"product_price_amount":"749.00","product_price_currency":"EUR","og_availability":"instock","product_availability":"instock","product_condition":"new"},"_links":{"self":[{"href":"https:\/\/groupecoiff.com\/en\/wp-json\/wp\/v2\/product\/58048","targetHints":{"allow":["GET"]}}],"collection":[{"href":"https:\/\/groupecoiff.com\/en\/wp-json\/wp\/v2\/product"}],"about":[{"href":"https:\/\/groupecoiff.com\/en\/wp-json\/wp\/v2\/types\/product"}],"replies":[{"embeddable":true,"href":"https:\/\/groupecoiff.com\/en\/wp-json\/wp\/v2\/comments?post=58048"}],"version-history":[{"count":1,"href":"https:\/\/groupecoiff.com\/en\/wp-json\/wp\/v2\/product\/58048\/revisions"}],"predecessor-version":[{"id":58064,"href":"https:\/\/groupecoiff.com\/en\/wp-json\/wp\/v2\/product\/58048\/revisions\/58064"}],"wp:featuredmedia":[{"embeddable":true,"href":"https:\/\/groupecoiff.com\/en\/wp-json\/wp\/v2\/media\/58049"}],"wp:attachment":[{"href":"https:\/\/groupecoiff.com\/en\/wp-json\/wp\/v2\/media?parent=58048"}],"wp:term":[{"taxonomy":"product_brand","embeddable":true,"href":"https:\/\/groupecoiff.com\/en\/wp-json\/wp\/v2\/product_brand?post=58048"},{"taxonomy":"product_cat","embeddable":true,"href":"https:\/\/groupecoiff.com\/en\/wp-json\/wp\/v2\/product_cat?post=58048"},{"taxonomy":"product_tag","embeddable":true,"href":"https:\/\/groupecoiff.com\/en\/wp-json\/wp\/v2\/product_tag?post=58048"}],"curies":[{"name":"wp","href":"https:\/\/api.w.org\/{rel}","templated":true}]}}