{"id":58065,"date":"2026-08-30T18:38:35","date_gmt":"2026-08-30T16:38:35","guid":{"rendered":"https:\/\/groupecoiff.com\/?post_type=product&#038;p=58065"},"modified":"2026-08-30T18:38:36","modified_gmt":"2026-08-30T16:38:36","slug":"double-wall-mounted-styling-unit-show-ii","status":"publish","type":"product","link":"https:\/\/groupecoiff.com\/en\/produit\/coiffeuse-murale-double-show-ii\/","title":{"rendered":"SHOW II Double Wall Styling Unit"},"content":{"rendered":"<div class=\"product-description\">\n<h3>Show II Double Wall Styling Station: The Ultimate Professional Space<\/h3>\n<p>First and foremost, the Show II double wall-mounted styling unit radically transforms the layout and atmosphere of your salon. In addition, it brilliantly combines a sleek, minimalist aesthetic with high-end dual-station functionality. Consequently, your hair salon space immediately gains in presence and optimizes working comfort.<\/p>\n<h4>A Fully Custom Double Workstation Furniture<\/h4>\n<p>On the one hand, each piece of furniture is custom-made exclusively to ensure an impeccable finish. On the other hand, personalization is expressed through a wide choice of over 20 panel finishes. Thus, this superb 2-seat wall-mounted vanity (length 220 cm, height 80 cm, depth 35 cm) integrates harmoniously into your interior. Furthermore, a manufacturing lead time of 2 to 5 weeks ensures exceptional durability.<\/p>\n<h4>Bright Finishes Designed for Daily Comfort<\/h4>\n<p>To begin, the front of the large tabletop features white plexiglass panels with LED lighting or a non-illuminated black plexiglass option. In addition, to guarantee the absolute well-being of your clientele, two sturdy footrests are available in a chrome, gold, or black finish. Finally, the built-in electrical outlets greatly facilitate the power supply for your devices.<\/p>\n<ul>\n<li>Double reinforced wall structure (W 220 x H 80 x D 35 cm) with steel fixing battens<\/li>\n<li>Double mirror of your choice: rectangular format (51 x 102 cm) or round format (80 cm diameter)<\/li>\n<li>Optional LED mirror backlighting for optimal visual comfort<\/li>\n<li>Cleverly concealed power supply connected from underneath the cabinet<\/li>\n<\/ul>\n<h4>Maintenance Tips and Precautions for Use<\/h4>\n<p>Certainly, the selected materials resist the intense activity of a modern hair salon perfectly. Nevertheless, the melamine surface requires some care to maintain its original shine. Therefore, avoid placing hot hair straighteners or unprotected coffee cups on it. By doing so, you will sustainably protect your investment.<\/p>\n<\/div>","protected":false},"excerpt":{"rendered":"<p>Optimize your salon with the Show II double wall-mounted styling unit. This unique piece of furniture brings elegance and functionality to hair styling professionals. \u2728<\/p>","protected":false},"featured_media":58043,"comment_status":"open","ping_status":"closed","template":"","meta":{"googlesitekit_rrm_CAow0YCiDA:productID":""},"product_brand":[594],"product_cat":[48],"product_tag":[367,535,547],"class_list":["post-58065","product","type-product","status-publish","has-post-thumbnail","product_brand-mila","product_cat-poste-de-coiffage-professionnel","product_tag-coiffeuse-pour-salon-de-coiffure","product_tag-mobilier-de-coiffure-professionnel","product_tag-poste-de-coiffage-salon-de-coiffure","first","instock","taxable","shipping-taxable","purchasable","product-type-simple"],"yoast_head":"<!-- This site is optimized with the Yoast SEO Premium plugin v28.3 (Yoast SEO v28.3) - https:\/\/yoast.com\/product\/yoast-seo-premium-wordpress\/ -->\n<title>Coiffeuse Murale Double Show II : Esth\u00e9tique et Confort - Groupe Coiff<\/title>\n<meta name=\"description\" content=\"Avec la coiffeuse murale double Show II, alliez style et praticit\u00e9 dans votre salon. Offrez-vous une finition impeccable et un confort in\u00e9gal\u00e9!\" \/>\n<meta name=\"robots\" content=\"index, follow, max-snippet:-1, max-image-preview:large, max-video-preview:-1\" \/>\n<link rel=\"canonical\" href=\"https:\/\/groupecoiff.com\/en\/product-2\/double-wall-mounted-styling-unit-show-ii\/\" \/>\n<meta property=\"og:locale\" content=\"en_US\" \/>\n<meta property=\"og:type\" content=\"article\" \/>\n<meta property=\"og:title\" content=\"Coiffeuse Murale Double SHOW II\" \/>\n<meta property=\"og:description\" content=\"Avec la coiffeuse murale double Show II, alliez style et praticit\u00e9 dans votre salon. Offrez-vous une finition impeccable et un confort in\u00e9gal\u00e9!\" \/>\n<meta property=\"og:url\" content=\"https:\/\/groupecoiff.com\/en\/product-2\/double-wall-mounted-styling-unit-show-ii\/\" \/>\n<meta property=\"og:site_name\" content=\"Groupe Coiff\" \/>\n<meta property=\"article:publisher\" content=\"https:\/\/www.facebook.com\/GroupeCoiff\" \/>\n<meta property=\"article:modified_time\" content=\"2026-08-30T16:38:36+00:00\" \/>\n<meta property=\"og:image\" content=\"https:\/\/groupecoiff.com\/wp-content\/uploads\/2026\/03\/Reflection_GC-7.webp\" \/>\n\t<meta property=\"og:image:width\" content=\"650\" \/>\n\t<meta property=\"og:image:height\" content=\"650\" \/>\n\t<meta property=\"og:image:type\" content=\"image\/webp\" \/>\n<meta name=\"twitter:card\" content=\"summary_large_image\" \/>\n<meta name=\"twitter:site\" content=\"@groupecoiff\" \/>\n<meta name=\"twitter:label1\" content=\"Price\" \/>\n\t<meta name=\"twitter:data1\" content=\"1190,00&nbsp;&euro;\" \/>\n\t<meta name=\"twitter:label2\" content=\"Availability\" \/>\n\t<meta name=\"twitter:data2\" content=\"In stock\" \/>\n<script type=\"application\/ld+json\" class=\"yoast-schema-graph\">{\"@context\":\"https:\\\/\\\/schema.org\",\"@graph\":[{\"@type\":\"WebPage\",\"@id\":\"https:\\\/\\\/groupecoiff.com\\\/produit\\\/coiffeuse-murale-double-show-ii\\\/\",\"url\":\"https:\\\/\\\/groupecoiff.com\\\/produit\\\/coiffeuse-murale-double-show-ii\\\/\",\"name\":\"Coiffeuse Murale Double Show II : Esth\u00e9tique et Confort - Groupe Coiff\",\"isPartOf\":{\"@id\":\"https:\\\/\\\/groupecoiff.com\\\/#website\"},\"primaryImageOfPage\":{\"@id\":\"https:\\\/\\\/groupecoiff.com\\\/produit\\\/coiffeuse-murale-double-show-ii\\\/#primaryimage\"},\"image\":{\"@id\":\"https:\\\/\\\/groupecoiff.com\\\/produit\\\/coiffeuse-murale-double-show-ii\\\/#primaryimage\"},\"thumbnailUrl\":\"https:\\\/\\\/groupecoiff.com\\\/wp-content\\\/uploads\\\/2026\\\/03\\\/Reflection_GC-7.webp\",\"datePublished\":\"2026-08-30T16:38:35+00:00\",\"dateModified\":\"2026-08-30T16:38:36+00:00\",\"description\":\"Avec la coiffeuse murale double Show II, alliez style et praticit\u00e9 dans votre salon. Offrez-vous une finition impeccable et un confort in\u00e9gal\u00e9!\",\"breadcrumb\":{\"@id\":\"https:\\\/\\\/groupecoiff.com\\\/produit\\\/coiffeuse-murale-double-show-ii\\\/#breadcrumb\"},\"inLanguage\":\"en-US\",\"potentialAction\":[{\"@type\":\"ReadAction\",\"target\":[\"https:\\\/\\\/groupecoiff.com\\\/produit\\\/coiffeuse-murale-double-show-ii\\\/\"]}]},{\"@type\":\"ImageObject\",\"inLanguage\":\"en-US\",\"@id\":\"https:\\\/\\\/groupecoiff.com\\\/produit\\\/coiffeuse-murale-double-show-ii\\\/#primaryimage\",\"url\":\"https:\\\/\\\/groupecoiff.com\\\/wp-content\\\/uploads\\\/2026\\\/03\\\/Reflection_GC-7.webp\",\"contentUrl\":\"https:\\\/\\\/groupecoiff.com\\\/wp-content\\\/uploads\\\/2026\\\/03\\\/Reflection_GC-7.webp\",\"width\":650,\"height\":650,\"caption\":\"coiffeuse murale - mobilier salon de coiffure - coiffeuse professionnelle - miroir coiffeuse - meuble coiffure sur mesure - coiffeur design - station de coiffure - coiffeuse led - coiffeuse avec prises - repose-pieds coiffure - miroir rond coiffure - miroir rectangulaire - salon design - am\u00e9nagement salon - mobilier professionnel\"},{\"@type\":\"BreadcrumbList\",\"@id\":\"https:\\\/\\\/groupecoiff.com\\\/produit\\\/coiffeuse-murale-double-show-ii\\\/#breadcrumb\",\"itemListElement\":[{\"@type\":\"ListItem\",\"position\":1,\"name\":\"Accueil\",\"item\":\"https:\\\/\\\/groupecoiff.com\\\/\"},{\"@type\":\"ListItem\",\"position\":2,\"name\":\"Boutique\",\"item\":\"https:\\\/\\\/groupecoiff.com\\\/boutique\\\/\"},{\"@type\":\"ListItem\",\"position\":3,\"name\":\"Coiffeuse Murale Double SHOW II\"}]},{\"@type\":\"WebSite\",\"@id\":\"https:\\\/\\\/groupecoiff.com\\\/#website\",\"url\":\"https:\\\/\\\/groupecoiff.com\\\/\",\"name\":\"Groupe Coiff\",\"description\":\"Tout pour la coiffure\",\"publisher\":{\"@id\":\"https:\\\/\\\/groupecoiff.com\\\/#organization\"},\"potentialAction\":[{\"@type\":\"SearchAction\",\"target\":{\"@type\":\"EntryPoint\",\"urlTemplate\":\"https:\\\/\\\/groupecoiff.com\\\/?s={search_term_string}\"},\"query-input\":{\"@type\":\"PropertyValueSpecification\",\"valueRequired\":true,\"valueName\":\"search_term_string\"}}],\"inLanguage\":\"en-US\"},{\"@type\":\"Organization\",\"@id\":\"https:\\\/\\\/groupecoiff.com\\\/#organization\",\"name\":\"Groupe Coiff\",\"alternateName\":\"Groupe Coiff : Le Mobilier De Coiffure Haut de Gamme Pour Une \u00c9l\u00e9gance In\u00e9gal\u00e9e\",\"url\":\"https:\\\/\\\/groupecoiff.com\\\/\",\"logo\":{\"@type\":\"ImageObject\",\"inLanguage\":\"en-US\",\"@id\":\"https:\\\/\\\/groupecoiff.com\\\/#\\\/schema\\\/logo\\\/image\\\/\",\"url\":\"https:\\\/\\\/groupecoiff.com\\\/wp-content\\\/uploads\\\/2024\\\/01\\\/cropped-Groupe-Coiff-Logo.webp\",\"contentUrl\":\"https:\\\/\\\/groupecoiff.com\\\/wp-content\\\/uploads\\\/2024\\\/01\\\/cropped-Groupe-Coiff-Logo.webp\",\"width\":512,\"height\":512,\"caption\":\"Groupe Coiff\"},\"image\":{\"@id\":\"https:\\\/\\\/groupecoiff.com\\\/#\\\/schema\\\/logo\\\/image\\\/\"},\"sameAs\":[\"https:\\\/\\\/www.facebook.com\\\/GroupeCoiff\",\"https:\\\/\\\/x.com\\\/groupecoiff\",\"https:\\\/\\\/www.instagram.com\\\/groupecoiff\\\/\",\"https:\\\/\\\/www.tiktok.com\\\/@groupecoiff\",\"https:\\\/\\\/www.youtube.com\\\/@groupecoiff\",\"https:\\\/\\\/twitter.com\\\/groupecoiff\",\"https:\\\/\\\/www.leboncoin.fr\\\/boutique\\\/3961302\\\/groupe_coiff.htm\"],\"description\":\"D\u00e9couvrez le mobilier de coiffure haut de gamme de Groupe Coiff, alliant \u00e9l\u00e9gance et fonctionnalit\u00e9 pour sublimer votre salon et satisfaire vos clients.\",\"email\":\"contact@groupecoiff.com\",\"telephone\":\"0676951605\",\"legalName\":\"Groupe Coiff\",\"foundingDate\":\"2022-11-16\",\"vatID\":\"FR84921406419\",\"taxID\":\"92140641900025\"}]}<\/script>\n<meta property=\"product:price:amount\" content=\"1190.00\" \/>\n<meta property=\"product:price:currency\" content=\"EUR\" \/>\n<meta property=\"og:availability\" content=\"instock\" \/>\n<meta property=\"product:availability\" content=\"instock\" \/>\n<meta property=\"product:condition\" content=\"new\" \/>\n<!-- \/ Yoast SEO Premium plugin. -->","yoast_head_json":{"title":"Show II Double Wall Styling Unit: Aesthetics and Comfort - Groupe Coiff","description":"With the Show II double wall-mounted styling unit, combine style and practicality in your salon. Treat yourself to an impeccable finish and unparalleled comfort!","robots":{"index":"index","follow":"follow","max-snippet":"max-snippet:-1","max-image-preview":"max-image-preview:large","max-video-preview":"max-video-preview:-1"},"canonical":"https:\/\/groupecoiff.com\/en\/product-2\/double-wall-mounted-styling-unit-show-ii\/","og_locale":"en_US","og_type":"article","og_title":"Coiffeuse Murale Double SHOW II","og_description":"Avec la coiffeuse murale double Show II, alliez style et praticit\u00e9 dans votre salon. Offrez-vous une finition impeccable et un confort in\u00e9gal\u00e9!","og_url":"https:\/\/groupecoiff.com\/en\/product-2\/double-wall-mounted-styling-unit-show-ii\/","og_site_name":"Groupe Coiff","article_publisher":"https:\/\/www.facebook.com\/GroupeCoiff","article_modified_time":"2026-08-30T16:38:36+00:00","og_image":[{"width":650,"height":650,"url":"https:\/\/groupecoiff.com\/wp-content\/uploads\/2026\/03\/Reflection_GC-7.webp","type":"image\/webp"}],"twitter_card":"summary_large_image","twitter_site":"@groupecoiff","twitter_misc":{"Price":"1190,00&nbsp;&euro;","Availability":"In stock"},"schema":{"@context":"https:\/\/schema.org","@graph":[{"@type":"WebPage","@id":"https:\/\/groupecoiff.com\/produit\/coiffeuse-murale-double-show-ii\/","url":"https:\/\/groupecoiff.com\/produit\/coiffeuse-murale-double-show-ii\/","name":"Show II Double Wall Styling Unit: Aesthetics and Comfort - Groupe Coiff","isPartOf":{"@id":"https:\/\/groupecoiff.com\/#website"},"primaryImageOfPage":{"@id":"https:\/\/groupecoiff.com\/produit\/coiffeuse-murale-double-show-ii\/#primaryimage"},"image":{"@id":"https:\/\/groupecoiff.com\/produit\/coiffeuse-murale-double-show-ii\/#primaryimage"},"thumbnailUrl":"https:\/\/groupecoiff.com\/wp-content\/uploads\/2026\/03\/Reflection_GC-7.webp","datePublished":"2026-08-30T16:38:35+00:00","dateModified":"2026-08-30T16:38:36+00:00","description":"With the Show II double wall-mounted styling unit, combine style and practicality in your salon. Treat yourself to an impeccable finish and unparalleled comfort!","breadcrumb":{"@id":"https:\/\/groupecoiff.com\/produit\/coiffeuse-murale-double-show-ii\/#breadcrumb"},"inLanguage":"en-US","potentialAction":[{"@type":"ReadAction","target":["https:\/\/groupecoiff.com\/produit\/coiffeuse-murale-double-show-ii\/"]}]},{"@type":"ImageObject","inLanguage":"en-US","@id":"https:\/\/groupecoiff.com\/produit\/coiffeuse-murale-double-show-ii\/#primaryimage","url":"https:\/\/groupecoiff.com\/wp-content\/uploads\/2026\/03\/Reflection_GC-7.webp","contentUrl":"https:\/\/groupecoiff.com\/wp-content\/uploads\/2026\/03\/Reflection_GC-7.webp","width":650,"height":650,"caption":"coiffeuse murale - mobilier salon de coiffure - coiffeuse professionnelle - miroir coiffeuse - meuble coiffure sur mesure - coiffeur design - station de coiffure - coiffeuse led - coiffeuse avec prises - repose-pieds coiffure - miroir rond coiffure - miroir rectangulaire - salon design - am\u00e9nagement salon - mobilier professionnel"},{"@type":"BreadcrumbList","@id":"https:\/\/groupecoiff.com\/produit\/coiffeuse-murale-double-show-ii\/#breadcrumb","itemListElement":[{"@type":"ListItem","position":1,"name":"Accueil","item":"https:\/\/groupecoiff.com\/"},{"@type":"ListItem","position":2,"name":"Boutique","item":"https:\/\/groupecoiff.com\/boutique\/"},{"@type":"ListItem","position":3,"name":"Coiffeuse Murale Double SHOW II"}]},{"@type":"WebSite","@id":"https:\/\/groupecoiff.com\/#website","url":"https:\/\/groupecoiff.com\/","name":"Coiff Group","description":"Everything for the hairdresser","publisher":{"@id":"https:\/\/groupecoiff.com\/#organization"},"potentialAction":[{"@type":"SearchAction","target":{"@type":"EntryPoint","urlTemplate":"https:\/\/groupecoiff.com\/?s={search_term_string}"},"query-input":{"@type":"PropertyValueSpecification","valueRequired":true,"valueName":"search_term_string"}}],"inLanguage":"en-US"},{"@type":"Organization","@id":"https:\/\/groupecoiff.com\/#organization","name":"Coiff Group","alternateName":"Groupe Coiff : Le Mobilier De Coiffure Haut de Gamme Pour Une \u00c9l\u00e9gance In\u00e9gal\u00e9e","url":"https:\/\/groupecoiff.com\/","logo":{"@type":"ImageObject","inLanguage":"en-US","@id":"https:\/\/groupecoiff.com\/#\/schema\/logo\/image\/","url":"https:\/\/groupecoiff.com\/wp-content\/uploads\/2024\/01\/cropped-Groupe-Coiff-Logo.webp","contentUrl":"https:\/\/groupecoiff.com\/wp-content\/uploads\/2024\/01\/cropped-Groupe-Coiff-Logo.webp","width":512,"height":512,"caption":"Groupe Coiff"},"image":{"@id":"https:\/\/groupecoiff.com\/#\/schema\/logo\/image\/"},"sameAs":["https:\/\/www.facebook.com\/GroupeCoiff","https:\/\/x.com\/groupecoiff","https:\/\/www.instagram.com\/groupecoiff\/","https:\/\/www.tiktok.com\/@groupecoiff","https:\/\/www.youtube.com\/@groupecoiff","https:\/\/twitter.com\/groupecoiff","https:\/\/www.leboncoin.fr\/boutique\/3961302\/groupe_coiff.htm"],"description":"Discover Groupe Coiff's top-of-the-range hairdressing furniture, combining elegance and functionality to enhance your salon and satisfy your customers.","email":"contact@groupecoiff.com","telephone":"0676951605","legalName":"Groupe Coiff","foundingDate":"2022-11-16","vatID":"FR84921406419","taxID":"92140641900025"}]},"product_price_amount":"1190.00","product_price_currency":"EUR","og_availability":"instock","product_availability":"instock","product_condition":"new"},"_links":{"self":[{"href":"https:\/\/groupecoiff.com\/en\/wp-json\/wp\/v2\/product\/58065","targetHints":{"allow":["GET"]}}],"collection":[{"href":"https:\/\/groupecoiff.com\/en\/wp-json\/wp\/v2\/product"}],"about":[{"href":"https:\/\/groupecoiff.com\/en\/wp-json\/wp\/v2\/types\/product"}],"replies":[{"embeddable":true,"href":"https:\/\/groupecoiff.com\/en\/wp-json\/wp\/v2\/comments?post=58065"}],"version-history":[{"count":2,"href":"https:\/\/groupecoiff.com\/en\/wp-json\/wp\/v2\/product\/58065\/revisions"}],"predecessor-version":[{"id":58069,"href":"https:\/\/groupecoiff.com\/en\/wp-json\/wp\/v2\/product\/58065\/revisions\/58069"}],"wp:featuredmedia":[{"embeddable":true,"href":"https:\/\/groupecoiff.com\/en\/wp-json\/wp\/v2\/media\/58043"}],"wp:attachment":[{"href":"https:\/\/groupecoiff.com\/en\/wp-json\/wp\/v2\/media?parent=58065"}],"wp:term":[{"taxonomy":"product_brand","embeddable":true,"href":"https:\/\/groupecoiff.com\/en\/wp-json\/wp\/v2\/product_brand?post=58065"},{"taxonomy":"product_cat","embeddable":true,"href":"https:\/\/groupecoiff.com\/en\/wp-json\/wp\/v2\/product_cat?post=58065"},{"taxonomy":"product_tag","embeddable":true,"href":"https:\/\/groupecoiff.com\/en\/wp-json\/wp\/v2\/product_tag?post=58065"}],"curies":[{"name":"wp","href":"https:\/\/api.w.org\/{rel}","templated":true}]}}