{"id":58071,"date":"2026-08-30T18:41:19","date_gmt":"2026-08-30T16:41:19","guid":{"rendered":"https:\/\/groupecoiff.com\/?post_type=product&#038;p=58071"},"modified":"2026-08-30T18:41:20","modified_gmt":"2026-08-30T16:41:20","slug":"4-position-central-styling-station-show-iv","status":"publish","type":"product","link":"https:\/\/groupecoiff.com\/en\/produit\/coiffeuse-centrale-4-places-show-iv\/","title":{"rendered":"4-Position Central Styling Unit Show IV"},"content":{"rendered":"<div class=\"product-description\">\n<h3>Central 4-Position Styling Unit Show IV: The Majestic Professional Island<\/h3>\n<p>First and foremost, the Show IV central styling unit magnificently structures large salons with a freestanding four-position island. Furthermore, it combines clean lines and high-end performance to optimize the workspace. Consequently, your salon immediately gains in prestige and offers absolute comfort to your team and your clients.<\/p>\n<h4>A Large Custom and Modular Central Furniture Unit<\/h4>\n<p>On the one hand, each quadruple island is manufactured exclusively to order to guarantee flawless finishes. On the other hand, you can choose from more than 20 wood panel decors. Thus, this superb 4-position central styling unit (frame dimensions: 220 x 74 x 80 cm) integrates perfectly into your layout. In addition, the manufacturing lead time varies from 2 to 5 weeks.<\/p>\n<h4>Bright and Practical Elements Designed for Living Rooms<\/h4>\n<p>To begin with, the unit features a white plexiglass front panel with LED lighting or a black plexiglass option without lighting. In addition, for optimal comfort, sturdy footrests are available in a chrome, gold, or black finish. Finally, eight built-in electrical outlets make it easy to use your professional devices simultaneously across the four workstations.<\/p>\n<ul>\n<li>Four-sided freestanding island version (W 220 x D 74 x H 80 cm, total height with rectangular mirror: 182 cm \/ round: 169 cm)<\/li>\n<li>Choice between rectangular mirrors (51 x 102 cm) or round mirrors (80 cm diameter) per station<\/li>\n<li>Optional LED mirror backlighting for enhanced visual comfort<\/li>\n<li>Cleverly connected power supply from underneath the structure<\/li>\n<\/ul>\n<h4>Maintenance Tips and Precautions for Use<\/h4>\n<p>Certainly, the selected materials resist the intense activity of a modern hair salon perfectly. Nevertheless, the melamine surface requires some care to maintain its original shine. Therefore, avoid placing hot hair straighteners or unprotected coffee cups on it. By doing so, you will sustainably protect your investment.<\/p>\n<\/div>","protected":false},"excerpt":{"rendered":"<p>Treat your team to exceptional comfort with the Show IV 4-Position Island Styling Station. The perfect choice for a prestigious salon! \u2728<\/p>","protected":false},"featured_media":58061,"comment_status":"open","ping_status":"closed","template":"","meta":{"googlesitekit_rrm_CAow0YCiDA:productID":""},"product_brand":[594],"product_cat":[48],"product_tag":[367,535,547],"class_list":["post-58071","product","type-product","status-publish","has-post-thumbnail","product_brand-mila","product_cat-poste-de-coiffage-professionnel","product_tag-coiffeuse-pour-salon-de-coiffure","product_tag-mobilier-de-coiffure-professionnel","product_tag-poste-de-coiffage-salon-de-coiffure","first","instock","taxable","shipping-taxable","purchasable","product-type-simple"],"yoast_head":"<!-- This site is optimized with the Yoast SEO Premium plugin v28.3 (Yoast SEO v28.3) - https:\/\/yoast.com\/product\/yoast-seo-premium-wordpress\/ -->\n<title>Coiffeuse Centrale 4 Places Show IV \u2013 \u00c9l\u00e9gance Professionnelle - Groupe Coiff<\/title>\n<meta name=\"description\" content=\"Ajoutez une touche de prestige \u00e0 votre salon avec la Coiffeuse Centrale 4 Places Show IV. Alliant design \u00e9pur\u00e9 et fonctionnalit\u00e9, elle est incontournable!\" \/>\n<meta name=\"robots\" content=\"index, follow, max-snippet:-1, max-image-preview:large, max-video-preview:-1\" \/>\n<link rel=\"canonical\" href=\"https:\/\/groupecoiff.com\/en\/product-2\/4-position-central-styling-station-show-iv\/\" \/>\n<meta property=\"og:locale\" content=\"en_US\" \/>\n<meta property=\"og:type\" content=\"article\" \/>\n<meta property=\"og:title\" content=\"Coiffeuse Centrale 4 Places Show IV\" \/>\n<meta property=\"og:description\" content=\"Ajoutez une touche de prestige \u00e0 votre salon avec la Coiffeuse Centrale 4 Places Show IV. Alliant design \u00e9pur\u00e9 et fonctionnalit\u00e9, elle est incontournable!\" \/>\n<meta property=\"og:url\" content=\"https:\/\/groupecoiff.com\/en\/product-2\/4-position-central-styling-station-show-iv\/\" \/>\n<meta property=\"og:site_name\" content=\"Groupe Coiff\" \/>\n<meta property=\"article:publisher\" content=\"https:\/\/www.facebook.com\/GroupeCoiff\" \/>\n<meta property=\"article:modified_time\" content=\"2026-08-30T16:41:20+00:00\" \/>\n<meta property=\"og:image\" content=\"https:\/\/groupecoiff.com\/wp-content\/uploads\/2026\/08\/Show-IV-Central-1.webp\" \/>\n\t<meta property=\"og:image:width\" content=\"650\" \/>\n\t<meta property=\"og:image:height\" content=\"650\" \/>\n\t<meta property=\"og:image:type\" content=\"image\/webp\" \/>\n<meta name=\"twitter:card\" content=\"summary_large_image\" \/>\n<meta name=\"twitter:site\" content=\"@groupecoiff\" \/>\n<meta name=\"twitter:label1\" content=\"Price\" \/>\n\t<meta name=\"twitter:data1\" content=\"1190,00&nbsp;&euro;\" \/>\n\t<meta name=\"twitter:label2\" content=\"Availability\" \/>\n\t<meta name=\"twitter:data2\" content=\"In stock\" \/>\n<script type=\"application\/ld+json\" class=\"yoast-schema-graph\">{\"@context\":\"https:\\\/\\\/schema.org\",\"@graph\":[{\"@type\":\"WebPage\",\"@id\":\"https:\\\/\\\/groupecoiff.com\\\/produit\\\/coiffeuse-centrale-4-places-show-iv\\\/\",\"url\":\"https:\\\/\\\/groupecoiff.com\\\/produit\\\/coiffeuse-centrale-4-places-show-iv\\\/\",\"name\":\"Coiffeuse Centrale 4 Places Show IV \u2013 \u00c9l\u00e9gance Professionnelle - Groupe Coiff\",\"isPartOf\":{\"@id\":\"https:\\\/\\\/groupecoiff.com\\\/#website\"},\"primaryImageOfPage\":{\"@id\":\"https:\\\/\\\/groupecoiff.com\\\/produit\\\/coiffeuse-centrale-4-places-show-iv\\\/#primaryimage\"},\"image\":{\"@id\":\"https:\\\/\\\/groupecoiff.com\\\/produit\\\/coiffeuse-centrale-4-places-show-iv\\\/#primaryimage\"},\"thumbnailUrl\":\"https:\\\/\\\/groupecoiff.com\\\/wp-content\\\/uploads\\\/2026\\\/08\\\/Show-IV-Central-1.webp\",\"datePublished\":\"2026-08-30T16:41:19+00:00\",\"dateModified\":\"2026-08-30T16:41:20+00:00\",\"description\":\"Ajoutez une touche de prestige \u00e0 votre salon avec la Coiffeuse Centrale 4 Places Show IV. Alliant design \u00e9pur\u00e9 et fonctionnalit\u00e9, elle est incontournable!\",\"breadcrumb\":{\"@id\":\"https:\\\/\\\/groupecoiff.com\\\/produit\\\/coiffeuse-centrale-4-places-show-iv\\\/#breadcrumb\"},\"inLanguage\":\"en-US\",\"potentialAction\":[{\"@type\":\"ReadAction\",\"target\":[\"https:\\\/\\\/groupecoiff.com\\\/produit\\\/coiffeuse-centrale-4-places-show-iv\\\/\"]}]},{\"@type\":\"ImageObject\",\"inLanguage\":\"en-US\",\"@id\":\"https:\\\/\\\/groupecoiff.com\\\/produit\\\/coiffeuse-centrale-4-places-show-iv\\\/#primaryimage\",\"url\":\"https:\\\/\\\/groupecoiff.com\\\/wp-content\\\/uploads\\\/2026\\\/08\\\/Show-IV-Central-1.webp\",\"contentUrl\":\"https:\\\/\\\/groupecoiff.com\\\/wp-content\\\/uploads\\\/2026\\\/08\\\/Show-IV-Central-1.webp\",\"width\":650,\"height\":650,\"caption\":\"coiffeuse centrale -coiffeuse murale - mobilier salon de coiffure - coiffeuse professionnelle - miroir coiffeuse - meuble coiffure sur mesure - coiffeur design - station de coiffure - coiffeuse led - coiffeuse avec prises - repose-pieds coiffure - miroir rond coiffure - miroir rectangulaire - salon design - am\u00e9nagement salon - mobilier professionnel\"},{\"@type\":\"BreadcrumbList\",\"@id\":\"https:\\\/\\\/groupecoiff.com\\\/produit\\\/coiffeuse-centrale-4-places-show-iv\\\/#breadcrumb\",\"itemListElement\":[{\"@type\":\"ListItem\",\"position\":1,\"name\":\"Accueil\",\"item\":\"https:\\\/\\\/groupecoiff.com\\\/\"},{\"@type\":\"ListItem\",\"position\":2,\"name\":\"Boutique\",\"item\":\"https:\\\/\\\/groupecoiff.com\\\/boutique\\\/\"},{\"@type\":\"ListItem\",\"position\":3,\"name\":\"Coiffeuse Centrale 4 Places Show IV\"}]},{\"@type\":\"WebSite\",\"@id\":\"https:\\\/\\\/groupecoiff.com\\\/#website\",\"url\":\"https:\\\/\\\/groupecoiff.com\\\/\",\"name\":\"Groupe Coiff\",\"description\":\"Tout pour la coiffure\",\"publisher\":{\"@id\":\"https:\\\/\\\/groupecoiff.com\\\/#organization\"},\"potentialAction\":[{\"@type\":\"SearchAction\",\"target\":{\"@type\":\"EntryPoint\",\"urlTemplate\":\"https:\\\/\\\/groupecoiff.com\\\/?s={search_term_string}\"},\"query-input\":{\"@type\":\"PropertyValueSpecification\",\"valueRequired\":true,\"valueName\":\"search_term_string\"}}],\"inLanguage\":\"en-US\"},{\"@type\":\"Organization\",\"@id\":\"https:\\\/\\\/groupecoiff.com\\\/#organization\",\"name\":\"Groupe Coiff\",\"alternateName\":\"Groupe Coiff : Le Mobilier De Coiffure Haut de Gamme Pour Une \u00c9l\u00e9gance In\u00e9gal\u00e9e\",\"url\":\"https:\\\/\\\/groupecoiff.com\\\/\",\"logo\":{\"@type\":\"ImageObject\",\"inLanguage\":\"en-US\",\"@id\":\"https:\\\/\\\/groupecoiff.com\\\/#\\\/schema\\\/logo\\\/image\\\/\",\"url\":\"https:\\\/\\\/groupecoiff.com\\\/wp-content\\\/uploads\\\/2024\\\/01\\\/cropped-Groupe-Coiff-Logo.webp\",\"contentUrl\":\"https:\\\/\\\/groupecoiff.com\\\/wp-content\\\/uploads\\\/2024\\\/01\\\/cropped-Groupe-Coiff-Logo.webp\",\"width\":512,\"height\":512,\"caption\":\"Groupe Coiff\"},\"image\":{\"@id\":\"https:\\\/\\\/groupecoiff.com\\\/#\\\/schema\\\/logo\\\/image\\\/\"},\"sameAs\":[\"https:\\\/\\\/www.facebook.com\\\/GroupeCoiff\",\"https:\\\/\\\/x.com\\\/groupecoiff\",\"https:\\\/\\\/www.instagram.com\\\/groupecoiff\\\/\",\"https:\\\/\\\/www.tiktok.com\\\/@groupecoiff\",\"https:\\\/\\\/www.youtube.com\\\/@groupecoiff\",\"https:\\\/\\\/twitter.com\\\/groupecoiff\",\"https:\\\/\\\/www.leboncoin.fr\\\/boutique\\\/3961302\\\/groupe_coiff.htm\"],\"description\":\"D\u00e9couvrez le mobilier de coiffure haut de gamme de Groupe Coiff, alliant \u00e9l\u00e9gance et fonctionnalit\u00e9 pour sublimer votre salon et satisfaire vos clients.\",\"email\":\"contact@groupecoiff.com\",\"telephone\":\"0676951605\",\"legalName\":\"Groupe Coiff\",\"foundingDate\":\"2022-11-16\",\"vatID\":\"FR84921406419\",\"taxID\":\"92140641900025\"}]}<\/script>\n<meta property=\"product:price:amount\" content=\"1190.00\" \/>\n<meta property=\"product:price:currency\" content=\"EUR\" \/>\n<meta property=\"og:availability\" content=\"instock\" \/>\n<meta property=\"product:availability\" content=\"instock\" \/>\n<meta property=\"product:condition\" content=\"new\" \/>\n<!-- \/ Yoast SEO Premium plugin. -->","yoast_head_json":{"title":"4-Position Central Styling Unit Show IV \u2013 Professional Elegance \u2013 Groupe Coiff","description":"Add a touch of prestige to your living room with the Show IV 4-Seat Central Styling Unit. Combining sleek design and functionality, it is a must-have!","robots":{"index":"index","follow":"follow","max-snippet":"max-snippet:-1","max-image-preview":"max-image-preview:large","max-video-preview":"max-video-preview:-1"},"canonical":"https:\/\/groupecoiff.com\/en\/product-2\/4-position-central-styling-station-show-iv\/","og_locale":"en_US","og_type":"article","og_title":"Coiffeuse Centrale 4 Places Show IV","og_description":"Ajoutez une touche de prestige \u00e0 votre salon avec la Coiffeuse Centrale 4 Places Show IV. Alliant design \u00e9pur\u00e9 et fonctionnalit\u00e9, elle est incontournable!","og_url":"https:\/\/groupecoiff.com\/en\/product-2\/4-position-central-styling-station-show-iv\/","og_site_name":"Groupe Coiff","article_publisher":"https:\/\/www.facebook.com\/GroupeCoiff","article_modified_time":"2026-08-30T16:41:20+00:00","og_image":[{"width":650,"height":650,"url":"https:\/\/groupecoiff.com\/wp-content\/uploads\/2026\/08\/Show-IV-Central-1.webp","type":"image\/webp"}],"twitter_card":"summary_large_image","twitter_site":"@groupecoiff","twitter_misc":{"Price":"1190,00&nbsp;&euro;","Availability":"In stock"},"schema":{"@context":"https:\/\/schema.org","@graph":[{"@type":"WebPage","@id":"https:\/\/groupecoiff.com\/produit\/coiffeuse-centrale-4-places-show-iv\/","url":"https:\/\/groupecoiff.com\/produit\/coiffeuse-centrale-4-places-show-iv\/","name":"4-Position Central Styling Unit Show IV \u2013 Professional Elegance \u2013 Groupe Coiff","isPartOf":{"@id":"https:\/\/groupecoiff.com\/#website"},"primaryImageOfPage":{"@id":"https:\/\/groupecoiff.com\/produit\/coiffeuse-centrale-4-places-show-iv\/#primaryimage"},"image":{"@id":"https:\/\/groupecoiff.com\/produit\/coiffeuse-centrale-4-places-show-iv\/#primaryimage"},"thumbnailUrl":"https:\/\/groupecoiff.com\/wp-content\/uploads\/2026\/08\/Show-IV-Central-1.webp","datePublished":"2026-08-30T16:41:19+00:00","dateModified":"2026-08-30T16:41:20+00:00","description":"Add a touch of prestige to your living room with the Show IV 4-Seat Central Styling Unit. Combining sleek design and functionality, it is a must-have!","breadcrumb":{"@id":"https:\/\/groupecoiff.com\/produit\/coiffeuse-centrale-4-places-show-iv\/#breadcrumb"},"inLanguage":"en-US","potentialAction":[{"@type":"ReadAction","target":["https:\/\/groupecoiff.com\/produit\/coiffeuse-centrale-4-places-show-iv\/"]}]},{"@type":"ImageObject","inLanguage":"en-US","@id":"https:\/\/groupecoiff.com\/produit\/coiffeuse-centrale-4-places-show-iv\/#primaryimage","url":"https:\/\/groupecoiff.com\/wp-content\/uploads\/2026\/08\/Show-IV-Central-1.webp","contentUrl":"https:\/\/groupecoiff.com\/wp-content\/uploads\/2026\/08\/Show-IV-Central-1.webp","width":650,"height":650,"caption":"coiffeuse centrale -coiffeuse murale - mobilier salon de coiffure - coiffeuse professionnelle - miroir coiffeuse - meuble coiffure sur mesure - coiffeur design - station de coiffure - coiffeuse led - coiffeuse avec prises - repose-pieds coiffure - miroir rond coiffure - miroir rectangulaire - salon design - am\u00e9nagement salon - mobilier professionnel"},{"@type":"BreadcrumbList","@id":"https:\/\/groupecoiff.com\/produit\/coiffeuse-centrale-4-places-show-iv\/#breadcrumb","itemListElement":[{"@type":"ListItem","position":1,"name":"Accueil","item":"https:\/\/groupecoiff.com\/"},{"@type":"ListItem","position":2,"name":"Boutique","item":"https:\/\/groupecoiff.com\/boutique\/"},{"@type":"ListItem","position":3,"name":"Coiffeuse Centrale 4 Places Show IV"}]},{"@type":"WebSite","@id":"https:\/\/groupecoiff.com\/#website","url":"https:\/\/groupecoiff.com\/","name":"Coiff Group","description":"Everything for the hairdresser","publisher":{"@id":"https:\/\/groupecoiff.com\/#organization"},"potentialAction":[{"@type":"SearchAction","target":{"@type":"EntryPoint","urlTemplate":"https:\/\/groupecoiff.com\/?s={search_term_string}"},"query-input":{"@type":"PropertyValueSpecification","valueRequired":true,"valueName":"search_term_string"}}],"inLanguage":"en-US"},{"@type":"Organization","@id":"https:\/\/groupecoiff.com\/#organization","name":"Coiff Group","alternateName":"Groupe Coiff : Le Mobilier De Coiffure Haut de Gamme Pour Une \u00c9l\u00e9gance In\u00e9gal\u00e9e","url":"https:\/\/groupecoiff.com\/","logo":{"@type":"ImageObject","inLanguage":"en-US","@id":"https:\/\/groupecoiff.com\/#\/schema\/logo\/image\/","url":"https:\/\/groupecoiff.com\/wp-content\/uploads\/2024\/01\/cropped-Groupe-Coiff-Logo.webp","contentUrl":"https:\/\/groupecoiff.com\/wp-content\/uploads\/2024\/01\/cropped-Groupe-Coiff-Logo.webp","width":512,"height":512,"caption":"Groupe Coiff"},"image":{"@id":"https:\/\/groupecoiff.com\/#\/schema\/logo\/image\/"},"sameAs":["https:\/\/www.facebook.com\/GroupeCoiff","https:\/\/x.com\/groupecoiff","https:\/\/www.instagram.com\/groupecoiff\/","https:\/\/www.tiktok.com\/@groupecoiff","https:\/\/www.youtube.com\/@groupecoiff","https:\/\/twitter.com\/groupecoiff","https:\/\/www.leboncoin.fr\/boutique\/3961302\/groupe_coiff.htm"],"description":"Discover Groupe Coiff's top-of-the-range hairdressing furniture, combining elegance and functionality to enhance your salon and satisfy your customers.","email":"contact@groupecoiff.com","telephone":"0676951605","legalName":"Groupe Coiff","foundingDate":"2022-11-16","vatID":"FR84921406419","taxID":"92140641900025"}]},"product_price_amount":"1190.00","product_price_currency":"EUR","og_availability":"instock","product_availability":"instock","product_condition":"new"},"_links":{"self":[{"href":"https:\/\/groupecoiff.com\/en\/wp-json\/wp\/v2\/product\/58071","targetHints":{"allow":["GET"]}}],"collection":[{"href":"https:\/\/groupecoiff.com\/en\/wp-json\/wp\/v2\/product"}],"about":[{"href":"https:\/\/groupecoiff.com\/en\/wp-json\/wp\/v2\/types\/product"}],"replies":[{"embeddable":true,"href":"https:\/\/groupecoiff.com\/en\/wp-json\/wp\/v2\/comments?post=58071"}],"version-history":[{"count":1,"href":"https:\/\/groupecoiff.com\/en\/wp-json\/wp\/v2\/product\/58071\/revisions"}],"predecessor-version":[{"id":58076,"href":"https:\/\/groupecoiff.com\/en\/wp-json\/wp\/v2\/product\/58071\/revisions\/58076"}],"wp:featuredmedia":[{"embeddable":true,"href":"https:\/\/groupecoiff.com\/en\/wp-json\/wp\/v2\/media\/58061"}],"wp:attachment":[{"href":"https:\/\/groupecoiff.com\/en\/wp-json\/wp\/v2\/media?parent=58071"}],"wp:term":[{"taxonomy":"product_brand","embeddable":true,"href":"https:\/\/groupecoiff.com\/en\/wp-json\/wp\/v2\/product_brand?post=58071"},{"taxonomy":"product_cat","embeddable":true,"href":"https:\/\/groupecoiff.com\/en\/wp-json\/wp\/v2\/product_cat?post=58071"},{"taxonomy":"product_tag","embeddable":true,"href":"https:\/\/groupecoiff.com\/en\/wp-json\/wp\/v2\/product_tag?post=58071"}],"curies":[{"name":"wp","href":"https:\/\/api.w.org\/{rel}","templated":true}]}}