{"id":58303,"date":"2026-09-04T11:05:25","date_gmt":"2026-09-04T09:05:25","guid":{"rendered":"https:\/\/groupecoiff.com\/?post_type=product&#038;p=58303"},"modified":"2026-09-04T11:05:26","modified_gmt":"2026-09-04T09:05:26","slug":"alissa-gg-makeup-chair","status":"publish","type":"product","link":"https:\/\/groupecoiff.com\/en\/produit\/fauteuil-de-maquillage-alissa-gg\/","title":{"rendered":"Alissa GG makeup chair"},"content":{"rendered":"<h3>Alissa GG Makeup Chair \u2013 Velvet Elegance and Premium Gold Base<\/h3>\n<h4>A chic armchair to elevate your beauty space<\/h4>\n<p>The Alissa GG makeup chair brings a sophisticated touch to any salon. Thanks to its quilted green velvet and rounded design, it easily blends into a modern or classic decor. Thus, it is suitable for beauty salons, nail bars, studios, and private spaces.<\/p>\n<h4>Immediate comfort and sleek ergonomics<\/h4>\n<p>The thick seat ensures immediate comfort. In addition, the contoured backrest supports the back during treatments. Thus, you work with greater peace of mind, whether for makeup, eyelashes, or facial treatments.<\/p>\n<h4>Simple settings and total maneuverability<\/h4>\n<p>The armchair swivels 360\u00b0, which makes every movement easier. In addition, the gas lift adjusts the height from 42 to 52 cm. Thus, you effortlessly adapt the workstation to your table and your technique.<\/p>\n<h4>Precise dimensions for a controlled installation<\/h4>\n<ul>\n<li>Backrest height: 37 cm<\/li>\n<li>Folder width: 65 cm<\/li>\n<li>Seat depth: 40 cm<\/li>\n<li>Seat width: 42 cm<\/li>\n<li>Seat thickness: 12 cm<\/li>\n<li>Armrest thickness: 5 cm<\/li>\n<li>Diameter of the gold base: 45 cm<\/li>\n<li>Adjustable height: 42 to 52 cm<\/li>\n<\/ul>\n<h4>High-end finishes and durable materials<\/h4>\n<p>Black velvet is pleasant to the touch and easy to maintain. In addition, the lacquered gold base adds a touch of luxury. Thus, the armchair maintains its shine, provided that you avoid impacts, which are not covered by the warranty.<\/p>\n<h4>A strategic choice for an elegant living room<\/h4>\n<p>Thanks to its timeless design, comfort, and maneuverability, the Alissa GG makeup chair enhances your workstation. Moreover, it adapts to a variety of aesthetics, making it an ideal investment for demanding professionals.<\/p>","protected":false},"excerpt":{"rendered":"<p>Transform your space with the Alissa GG makeup chair, combining sophistication and comfort. Ideal for beauty salons and studios!<\/p>","protected":false},"featured_media":58290,"comment_status":"open","ping_status":"closed","template":"","meta":{"googlesitekit_rrm_CAow0YCiDA:productID":"","jetpack_publicize_message":"Fauteuil de maquillage Alissa GG","jetpack_publicize_feature_enabled":true,"jetpack_social_post_already_shared":true,"jetpack_social_options":{"image_generator_settings":{"template":"highway","default_image_id":0,"font":"","enabled":false},"version":2}},"product_brand":[782],"product_cat":[781],"product_tag":[789,788,787],"class_list":["post-58303","product","type-product","status-publish","has-post-thumbnail","product_brand-4rico","product_cat-fauteuil-de-maquillage","product_tag-chaise-de-maquillage-pivotante","product_tag-fauteuil-de-maquillage-professionnel","product_tag-mobilier-salon-de-beaute-luxe","first","instock","featured","taxable","shipping-taxable","purchasable","product-type-simple"],"yoast_head":"<!-- This site is optimized with the Yoast SEO Premium plugin v28.4 (Yoast SEO v28.4) - https:\/\/yoast.com\/product\/yoast-seo-premium-wordpress\/ -->\n<title>Fauteuil de maquillage Alissa GG pour salons modernes - Groupe Coiff<\/title>\n<meta name=\"description\" content=\"Le fauteuil de maquillage Alissa GG combine design moderne et confort optimal. Offrez \u00e0 vos clients une exp\u00e9rience unique dans votre studio !\" \/>\n<meta name=\"robots\" content=\"index, follow, max-snippet:-1, max-image-preview:large, max-video-preview:-1\" \/>\n<link rel=\"canonical\" href=\"https:\/\/groupecoiff.com\/en\/product-2\/alissa-gg-makeup-chair\/\" \/>\n<meta property=\"og:locale\" content=\"en_US\" \/>\n<meta property=\"og:type\" content=\"article\" \/>\n<meta property=\"og:title\" content=\"Fauteuil de maquillage Alissa GG\" \/>\n<meta property=\"og:description\" content=\"Le fauteuil de maquillage Alissa GG combine design moderne et confort optimal. Offrez \u00e0 vos clients une exp\u00e9rience unique dans votre studio !\" \/>\n<meta property=\"og:url\" content=\"https:\/\/groupecoiff.com\/en\/product-2\/alissa-gg-makeup-chair\/\" \/>\n<meta property=\"og:site_name\" content=\"Groupe Coiff\" \/>\n<meta property=\"article:publisher\" content=\"https:\/\/www.facebook.com\/GroupeCoiff\" \/>\n<meta property=\"article:modified_time\" content=\"2026-09-04T09:05:26+00:00\" \/>\n<meta property=\"og:image\" content=\"https:\/\/groupecoiff.com\/wp-content\/uploads\/2024\/05\/Alissa-G-1.webp\" \/>\n\t<meta property=\"og:image:width\" content=\"650\" \/>\n\t<meta property=\"og:image:height\" content=\"650\" \/>\n\t<meta property=\"og:image:type\" content=\"image\/webp\" \/>\n<meta name=\"twitter:card\" content=\"summary_large_image\" \/>\n<meta name=\"twitter:site\" content=\"@groupecoiff\" \/>\n<meta name=\"twitter:label1\" content=\"Price\" \/>\n\t<meta name=\"twitter:data1\" content=\"159,00&nbsp;&euro;\" \/>\n\t<meta name=\"twitter:label2\" content=\"Availability\" \/>\n\t<meta name=\"twitter:data2\" content=\"In stock\" \/>\n<script type=\"application\/ld+json\" class=\"yoast-schema-graph\">{\"@context\":\"https:\\\/\\\/schema.org\",\"@graph\":[{\"@type\":\"WebPage\",\"@id\":\"https:\\\/\\\/groupecoiff.com\\\/produit\\\/fauteuil-de-maquillage-alissa-gg\\\/\",\"url\":\"https:\\\/\\\/groupecoiff.com\\\/produit\\\/fauteuil-de-maquillage-alissa-gg\\\/\",\"name\":\"Fauteuil de maquillage Alissa GG pour salons modernes - Groupe Coiff\",\"isPartOf\":{\"@id\":\"https:\\\/\\\/groupecoiff.com\\\/#website\"},\"primaryImageOfPage\":{\"@id\":\"https:\\\/\\\/groupecoiff.com\\\/produit\\\/fauteuil-de-maquillage-alissa-gg\\\/#primaryimage\"},\"image\":{\"@id\":\"https:\\\/\\\/groupecoiff.com\\\/produit\\\/fauteuil-de-maquillage-alissa-gg\\\/#primaryimage\"},\"thumbnailUrl\":\"https:\\\/\\\/groupecoiff.com\\\/wp-content\\\/uploads\\\/2024\\\/05\\\/Alissa-G-1.webp\",\"datePublished\":\"2026-09-04T09:05:25+00:00\",\"dateModified\":\"2026-09-04T09:05:26+00:00\",\"description\":\"Le fauteuil de maquillage Alissa GG combine design moderne et confort optimal. Offrez \u00e0 vos clients une exp\u00e9rience unique dans votre studio !\",\"breadcrumb\":{\"@id\":\"https:\\\/\\\/groupecoiff.com\\\/produit\\\/fauteuil-de-maquillage-alissa-gg\\\/#breadcrumb\"},\"inLanguage\":\"en-US\",\"potentialAction\":[{\"@type\":\"ReadAction\",\"target\":[\"https:\\\/\\\/groupecoiff.com\\\/produit\\\/fauteuil-de-maquillage-alissa-gg\\\/\"]}]},{\"@type\":\"ImageObject\",\"inLanguage\":\"en-US\",\"@id\":\"https:\\\/\\\/groupecoiff.com\\\/produit\\\/fauteuil-de-maquillage-alissa-gg\\\/#primaryimage\",\"url\":\"https:\\\/\\\/groupecoiff.com\\\/wp-content\\\/uploads\\\/2024\\\/05\\\/Alissa-G-1.webp\",\"contentUrl\":\"https:\\\/\\\/groupecoiff.com\\\/wp-content\\\/uploads\\\/2024\\\/05\\\/Alissa-G-1.webp\",\"width\":650,\"height\":650,\"caption\":\"fauteuil de maquillage professionnel \u2013 chaise esth\u00e9tique velours noir \u2013 fauteuil beaut\u00e9 base dor\u00e9e \u2013 chaise de maquillage r\u00e9glable \u2013 fauteuil esth\u00e9tique rotatif \u2013 chaise velours matelass\u00e9 \u2013 mobilier salon de beaut\u00e9 luxe \u2013 fauteuil maquillage ergonomique \u2013 chaise esth\u00e9tique design moderne \u2013 fauteuil maquillage noir dor\u00e9 \u2013 chaise studio beaut\u00e9 premium \u2013 fauteuil esth\u00e9tique confortable \u2013 chaise de maquillage pivotante \u2013 mobilier esth\u00e9tique haut de gamme \u2013 fauteuil velours noir \u00e9l\u00e9gant \u2013 chaise maquillage r\u00e9glable en hauteur \u2013 fauteuil beaut\u00e9 dossier matelass\u00e9 \u2013 chaise esth\u00e9tique pour salon professionnel \u2013 fauteuil maquillage d\u00e9coratif \u2013 chaise velours noir base or\"},{\"@type\":\"BreadcrumbList\",\"@id\":\"https:\\\/\\\/groupecoiff.com\\\/produit\\\/fauteuil-de-maquillage-alissa-gg\\\/#breadcrumb\",\"itemListElement\":[{\"@type\":\"ListItem\",\"position\":1,\"name\":\"Accueil\",\"item\":\"https:\\\/\\\/groupecoiff.com\\\/\"},{\"@type\":\"ListItem\",\"position\":2,\"name\":\"Boutique\",\"item\":\"https:\\\/\\\/groupecoiff.com\\\/boutique\\\/\"},{\"@type\":\"ListItem\",\"position\":3,\"name\":\"Fauteuil de maquillage Alissa GG\"}]},{\"@type\":\"WebSite\",\"@id\":\"https:\\\/\\\/groupecoiff.com\\\/#website\",\"url\":\"https:\\\/\\\/groupecoiff.com\\\/\",\"name\":\"Groupe Coiff\",\"description\":\"Tout pour la coiffure\",\"publisher\":{\"@id\":\"https:\\\/\\\/groupecoiff.com\\\/#organization\"},\"potentialAction\":[{\"@type\":\"SearchAction\",\"target\":{\"@type\":\"EntryPoint\",\"urlTemplate\":\"https:\\\/\\\/groupecoiff.com\\\/?s={search_term_string}\"},\"query-input\":{\"@type\":\"PropertyValueSpecification\",\"valueRequired\":true,\"valueName\":\"search_term_string\"}}],\"inLanguage\":\"en-US\"},{\"@type\":\"Organization\",\"@id\":\"https:\\\/\\\/groupecoiff.com\\\/#organization\",\"name\":\"Groupe Coiff\",\"alternateName\":\"Groupe Coiff : Le Mobilier De Coiffure Haut de Gamme Pour Une \u00c9l\u00e9gance In\u00e9gal\u00e9e\",\"url\":\"https:\\\/\\\/groupecoiff.com\\\/\",\"logo\":{\"@type\":\"ImageObject\",\"inLanguage\":\"en-US\",\"@id\":\"https:\\\/\\\/groupecoiff.com\\\/#\\\/schema\\\/logo\\\/image\\\/\",\"url\":\"https:\\\/\\\/groupecoiff.com\\\/wp-content\\\/uploads\\\/2024\\\/01\\\/cropped-Groupe-Coiff-Logo.webp\",\"contentUrl\":\"https:\\\/\\\/groupecoiff.com\\\/wp-content\\\/uploads\\\/2024\\\/01\\\/cropped-Groupe-Coiff-Logo.webp\",\"width\":512,\"height\":512,\"caption\":\"Groupe Coiff\"},\"image\":{\"@id\":\"https:\\\/\\\/groupecoiff.com\\\/#\\\/schema\\\/logo\\\/image\\\/\"},\"sameAs\":[\"https:\\\/\\\/www.facebook.com\\\/GroupeCoiff\",\"https:\\\/\\\/x.com\\\/groupecoiff\",\"https:\\\/\\\/www.instagram.com\\\/groupecoiff\\\/\",\"https:\\\/\\\/www.tiktok.com\\\/@groupecoiff\",\"https:\\\/\\\/www.youtube.com\\\/@groupecoiff\",\"https:\\\/\\\/twitter.com\\\/groupecoiff\",\"https:\\\/\\\/www.leboncoin.fr\\\/boutique\\\/3961302\\\/groupe_coiff.htm\"],\"description\":\"D\u00e9couvrez le mobilier de coiffure haut de gamme de Groupe Coiff, alliant \u00e9l\u00e9gance et fonctionnalit\u00e9 pour sublimer votre salon et satisfaire vos clients.\",\"email\":\"contact@groupecoiff.com\",\"telephone\":\"0676951605\",\"legalName\":\"Groupe Coiff\",\"foundingDate\":\"2022-11-16\",\"vatID\":\"FR84921406419\",\"taxID\":\"92140641900025\"}]}<\/script>\n<meta property=\"product:price:amount\" content=\"159.00\" \/>\n<meta property=\"product:price:currency\" content=\"EUR\" \/>\n<meta property=\"og:availability\" content=\"instock\" \/>\n<meta property=\"product:availability\" content=\"instock\" \/>\n<meta property=\"product:condition\" content=\"new\" \/>\n<!-- \/ Yoast SEO Premium plugin. -->","yoast_head_json":{"title":"Alissa GG Makeup Chair for Modern Salons - Groupe Coiff","description":"The Alissa GG makeup chair combines modern design and optimal comfort. Offer your clients a unique experience in your studio!","robots":{"index":"index","follow":"follow","max-snippet":"max-snippet:-1","max-image-preview":"max-image-preview:large","max-video-preview":"max-video-preview:-1"},"canonical":"https:\/\/groupecoiff.com\/en\/product-2\/alissa-gg-makeup-chair\/","og_locale":"en_US","og_type":"article","og_title":"Fauteuil de maquillage Alissa GG","og_description":"Le fauteuil de maquillage Alissa GG combine design moderne et confort optimal. Offrez \u00e0 vos clients une exp\u00e9rience unique dans votre studio !","og_url":"https:\/\/groupecoiff.com\/en\/product-2\/alissa-gg-makeup-chair\/","og_site_name":"Groupe Coiff","article_publisher":"https:\/\/www.facebook.com\/GroupeCoiff","article_modified_time":"2026-09-04T09:05:26+00:00","og_image":[{"width":650,"height":650,"url":"https:\/\/groupecoiff.com\/wp-content\/uploads\/2024\/05\/Alissa-G-1.webp","type":"image\/webp"}],"twitter_card":"summary_large_image","twitter_site":"@groupecoiff","twitter_misc":{"Price":"159,00&nbsp;&euro;","Availability":"In stock"},"schema":{"@context":"https:\/\/schema.org","@graph":[{"@type":"WebPage","@id":"https:\/\/groupecoiff.com\/produit\/fauteuil-de-maquillage-alissa-gg\/","url":"https:\/\/groupecoiff.com\/produit\/fauteuil-de-maquillage-alissa-gg\/","name":"Alissa GG Makeup Chair for Modern Salons - Groupe Coiff","isPartOf":{"@id":"https:\/\/groupecoiff.com\/#website"},"primaryImageOfPage":{"@id":"https:\/\/groupecoiff.com\/produit\/fauteuil-de-maquillage-alissa-gg\/#primaryimage"},"image":{"@id":"https:\/\/groupecoiff.com\/produit\/fauteuil-de-maquillage-alissa-gg\/#primaryimage"},"thumbnailUrl":"https:\/\/groupecoiff.com\/wp-content\/uploads\/2024\/05\/Alissa-G-1.webp","datePublished":"2026-09-04T09:05:25+00:00","dateModified":"2026-09-04T09:05:26+00:00","description":"The Alissa GG makeup chair combines modern design and optimal comfort. Offer your clients a unique experience in your studio!","breadcrumb":{"@id":"https:\/\/groupecoiff.com\/produit\/fauteuil-de-maquillage-alissa-gg\/#breadcrumb"},"inLanguage":"en-US","potentialAction":[{"@type":"ReadAction","target":["https:\/\/groupecoiff.com\/produit\/fauteuil-de-maquillage-alissa-gg\/"]}]},{"@type":"ImageObject","inLanguage":"en-US","@id":"https:\/\/groupecoiff.com\/produit\/fauteuil-de-maquillage-alissa-gg\/#primaryimage","url":"https:\/\/groupecoiff.com\/wp-content\/uploads\/2024\/05\/Alissa-G-1.webp","contentUrl":"https:\/\/groupecoiff.com\/wp-content\/uploads\/2024\/05\/Alissa-G-1.webp","width":650,"height":650,"caption":"fauteuil de maquillage professionnel \u2013 chaise esth\u00e9tique velours noir \u2013 fauteuil beaut\u00e9 base dor\u00e9e \u2013 chaise de maquillage r\u00e9glable \u2013 fauteuil esth\u00e9tique rotatif \u2013 chaise velours matelass\u00e9 \u2013 mobilier salon de beaut\u00e9 luxe \u2013 fauteuil maquillage ergonomique \u2013 chaise esth\u00e9tique design moderne \u2013 fauteuil maquillage noir dor\u00e9 \u2013 chaise studio beaut\u00e9 premium \u2013 fauteuil esth\u00e9tique confortable \u2013 chaise de maquillage pivotante \u2013 mobilier esth\u00e9tique haut de gamme \u2013 fauteuil velours noir \u00e9l\u00e9gant \u2013 chaise maquillage r\u00e9glable en hauteur \u2013 fauteuil beaut\u00e9 dossier matelass\u00e9 \u2013 chaise esth\u00e9tique pour salon professionnel \u2013 fauteuil maquillage d\u00e9coratif \u2013 chaise velours noir base or"},{"@type":"BreadcrumbList","@id":"https:\/\/groupecoiff.com\/produit\/fauteuil-de-maquillage-alissa-gg\/#breadcrumb","itemListElement":[{"@type":"ListItem","position":1,"name":"Accueil","item":"https:\/\/groupecoiff.com\/"},{"@type":"ListItem","position":2,"name":"Boutique","item":"https:\/\/groupecoiff.com\/boutique\/"},{"@type":"ListItem","position":3,"name":"Fauteuil de maquillage Alissa GG"}]},{"@type":"WebSite","@id":"https:\/\/groupecoiff.com\/#website","url":"https:\/\/groupecoiff.com\/","name":"Coiff Group","description":"Everything for the hairdresser","publisher":{"@id":"https:\/\/groupecoiff.com\/#organization"},"potentialAction":[{"@type":"SearchAction","target":{"@type":"EntryPoint","urlTemplate":"https:\/\/groupecoiff.com\/?s={search_term_string}"},"query-input":{"@type":"PropertyValueSpecification","valueRequired":true,"valueName":"search_term_string"}}],"inLanguage":"en-US"},{"@type":"Organization","@id":"https:\/\/groupecoiff.com\/#organization","name":"Coiff Group","alternateName":"Groupe Coiff : Le Mobilier De Coiffure Haut de Gamme Pour Une \u00c9l\u00e9gance In\u00e9gal\u00e9e","url":"https:\/\/groupecoiff.com\/","logo":{"@type":"ImageObject","inLanguage":"en-US","@id":"https:\/\/groupecoiff.com\/#\/schema\/logo\/image\/","url":"https:\/\/groupecoiff.com\/wp-content\/uploads\/2024\/01\/cropped-Groupe-Coiff-Logo.webp","contentUrl":"https:\/\/groupecoiff.com\/wp-content\/uploads\/2024\/01\/cropped-Groupe-Coiff-Logo.webp","width":512,"height":512,"caption":"Groupe Coiff"},"image":{"@id":"https:\/\/groupecoiff.com\/#\/schema\/logo\/image\/"},"sameAs":["https:\/\/www.facebook.com\/GroupeCoiff","https:\/\/x.com\/groupecoiff","https:\/\/www.instagram.com\/groupecoiff\/","https:\/\/www.tiktok.com\/@groupecoiff","https:\/\/www.youtube.com\/@groupecoiff","https:\/\/twitter.com\/groupecoiff","https:\/\/www.leboncoin.fr\/boutique\/3961302\/groupe_coiff.htm"],"description":"Discover Groupe Coiff's top-of-the-range hairdressing furniture, combining elegance and functionality to enhance your salon and satisfy your customers.","email":"contact@groupecoiff.com","telephone":"0676951605","legalName":"Groupe Coiff","foundingDate":"2022-11-16","vatID":"FR84921406419","taxID":"92140641900025"}]},"product_price_amount":"159.00","product_price_currency":"EUR","og_availability":"instock","product_availability":"instock","product_condition":"new"},"jetpack_publicize_connections":[],"jetpack_likes_enabled":true,"jetpack_sharing_enabled":true,"_links":{"self":[{"href":"https:\/\/groupecoiff.com\/en\/wp-json\/wp\/v2\/product\/58303","targetHints":{"allow":["GET"]}}],"collection":[{"href":"https:\/\/groupecoiff.com\/en\/wp-json\/wp\/v2\/product"}],"about":[{"href":"https:\/\/groupecoiff.com\/en\/wp-json\/wp\/v2\/types\/product"}],"replies":[{"embeddable":true,"href":"https:\/\/groupecoiff.com\/en\/wp-json\/wp\/v2\/comments?post=58303"}],"version-history":[{"count":1,"href":"https:\/\/groupecoiff.com\/en\/wp-json\/wp\/v2\/product\/58303\/revisions"}],"predecessor-version":[{"id":58305,"href":"https:\/\/groupecoiff.com\/en\/wp-json\/wp\/v2\/product\/58303\/revisions\/58305"}],"wp:featuredmedia":[{"embeddable":true,"href":"https:\/\/groupecoiff.com\/en\/wp-json\/wp\/v2\/media\/58290"}],"wp:attachment":[{"href":"https:\/\/groupecoiff.com\/en\/wp-json\/wp\/v2\/media?parent=58303"}],"wp:term":[{"taxonomy":"product_brand","embeddable":true,"href":"https:\/\/groupecoiff.com\/en\/wp-json\/wp\/v2\/product_brand?post=58303"},{"taxonomy":"product_cat","embeddable":true,"href":"https:\/\/groupecoiff.com\/en\/wp-json\/wp\/v2\/product_cat?post=58303"},{"taxonomy":"product_tag","embeddable":true,"href":"https:\/\/groupecoiff.com\/en\/wp-json\/wp\/v2\/product_tag?post=58303"}],"curies":[{"name":"wp","href":"https:\/\/api.w.org\/{rel}","templated":true}]}}